{"id":2359,"date":"2023-10-28T09:23:40","date_gmt":"2023-10-28T07:23:40","guid":{"rendered":"http:\/\/culturasconstructivas.org\/conteudos\/videos\/videos-seminarios-congressos-e-conferencias\/"},"modified":"2024-01-22T13:50:06","modified_gmt":"2024-01-22T12:50:06","slug":"videos-seminarios-congressos-e-conferencias","status":"publish","type":"page","link":"https:\/\/culturasconstructivas.org\/pt-pt\/conteudos\/videos\/videos-seminarios-congressos-e-conferencias\/","title":{"rendered":"V\u00eddeos das Confer\u00e9ncias"},"content":{"rendered":"\t\t<div data-elementor-type=\"wp-page\" data-elementor-id=\"2359\" class=\"elementor elementor-2359 elementor-2286\" data-elementor-post-type=\"page\">\n\t\t\t\t<div class=\"elementor-element elementor-element-068f86d e-flex e-con-boxed e-con e-parent\" data-id=\"068f86d\" data-element_type=\"container\" data-e-type=\"container\">\n\t\t\t\t\t<div class=\"e-con-inner\">\n\t\t\t\t<div class=\"elementor-element elementor-element-2205e41 elementor-widget elementor-widget-heading\" data-id=\"2205e41\" data-element_type=\"widget\" data-e-type=\"widget\" data-widget_type=\"heading.default\">\n\t\t\t\t<div class=\"elementor-widget-container\">\n\t\t\t\t\t<h1 class=\"elementor-heading-title elementor-size-default\">CONFER\u00caNCIAS<\/h1>\t\t\t\t<\/div>\n\t\t\t\t<\/div>\n\t\t\t\t\t<\/div>\n\t\t\t\t<\/div>\n\t\t<div class=\"elementor-element elementor-element-ade4650 e-flex e-con-boxed e-con e-parent\" data-id=\"ade4650\" data-element_type=\"container\" data-e-type=\"container\">\n\t\t\t\t\t<div class=\"e-con-inner\">\n\t\t\t\t<div class=\"elementor-element elementor-element-5cbca8f borde-inferior elementor-widget elementor-widget-heading\" data-id=\"5cbca8f\" data-element_type=\"widget\" data-e-type=\"widget\" data-widget_type=\"heading.default\">\n\t\t\t\t<div class=\"elementor-widget-container\">\n\t\t\t\t\t<h2 class=\"elementor-heading-title elementor-size-default\">Arquitetura dom\u00e9stica<\/h2>\t\t\t\t<\/div>\n\t\t\t\t<\/div>\n\t\t\t\t<div class=\"elementor-element elementor-element-ede38e3 elementor-widget elementor-widget-shortcode\" data-id=\"ede38e3\" data-element_type=\"widget\" data-e-type=\"widget\" data-widget_type=\"shortcode.default\">\n\t\t\t\t<div class=\"elementor-widget-container\">\n\t\t\t\t\t\t\t<div class=\"elementor-shortcode\"><div class=\"epyt-gallery\" data-currpage=\"1\" id=\"epyt_gallery_66403\"><figure class=\"wp-block-embed wp-block-embed-youtube is-type-video is-provider-youtube epyt-figure\"><div class=\"wp-block-embed__wrapper\"><div  id=\"_ytid_33229\"  width=\"800\" height=\"450\"  data-origwidth=\"800\" data-origheight=\"450\"  data-relstop=\"1\" data-facadesrc=\"https:\/\/www.youtube.com\/embed\/g6XHmzXpyaw?enablejsapi=1&autoplay=0&cc_load_policy=0&cc_lang_pref=&iv_load_policy=1&loop=0&rel=0&fs=1&playsinline=0&autohide=2&theme=dark&color=red&controls=1&disablekb=0&\" class=\"__youtube_prefs__ epyt-facade no-lazyload\" data-epytgalleryid=\"epyt_gallery_66403\"  data-epautoplay=\"1\" ><img decoding=\"async\" data-spai-excluded=\"true\" class=\"epyt-facade-poster skip-lazy\" loading=\"lazy\"  alt=\"YouTube player\"  src=\"https:\/\/i.ytimg.com\/vi\/g6XHmzXpyaw\/maxresdefault.jpg\"  \/><button class=\"epyt-facade-play\" aria-label=\"Play\"><svg data-no-lazy=\"1\" height=\"100%\" version=\"1.1\" viewBox=\"0 0 68 48\" width=\"100%\"><path class=\"ytp-large-play-button-bg\" d=\"M66.52,7.74c-0.78-2.93-2.49-5.41-5.42-6.19C55.79,.13,34,0,34,0S12.21,.13,6.9,1.55 C3.97,2.33,2.27,4.81,1.48,7.74C0.06,13.05,0,24,0,24s0.06,10.95,1.48,16.26c0.78,2.93,2.49,5.41,5.42,6.19 C12.21,47.87,34,48,34,48s21.79-0.13,27.1-1.55c2.93-0.78,4.64-3.26,5.42-6.19C67.94,34.95,68,24,68,24S67.94,13.05,66.52,7.74z\" fill=\"#f00\"><\/path><path d=\"M 45,24 27,14 27,34\" fill=\"#fff\"><\/path><\/svg><\/button><\/div><\/div><\/figure><div class=\"epyt-gallery-list\"><div class=\"epyt-pagination \"><div tabindex=\"0\" role=\"button\" class=\"epyt-pagebutton epyt-prev  hide \" data-playlistid=\"PLxAki7qTTYrSNRoJ6qGJk26dTPaGwLZfb\" data-pagesize=\"6\" data-pagetoken=\"\" data-epcolumns=\"3\" data-showtitle=\"1\" data-showpaging=\"1\" data-autonext=\"0\" data-thumbplay=\"1\"><div class=\"epyt-arrow\">&laquo;<\/div> <div>Prev<\/div><\/div><div class=\"epyt-pagenumbers \"><div class=\"epyt-current\">1<\/div><div class=\"epyt-pageseparator\"> \/ <\/div><div class=\"epyt-totalpages\">2<\/div><\/div><div tabindex=\"0\" role=\"button\" class=\"epyt-pagebutton epyt-next\" data-playlistid=\"PLxAki7qTTYrSNRoJ6qGJk26dTPaGwLZfb\" data-pagesize=\"6\" data-pagetoken=\"EAAaHlBUOkNBWWlFRVkyTTBORU5FUXdOREU1T0VJd05EWQ\" data-epcolumns=\"3\" data-showtitle=\"1\" data-showpaging=\"1\" data-autonext=\"0\" data-thumbplay=\"1\"><div>Next<\/div> <div class=\"epyt-arrow\">&raquo;<\/div><\/div><div class=\"epyt-loader\"><img decoding=\"async\" alt=\"loading\" width=\"16\" height=\"11\" src=\"https:\/\/culturasconstructivas.org\/wp-content\/plugins\/youtube-embed-plus\/images\/gallery-page-loader.gif\"><\/div><\/div><div class=\"epyt-gallery-allthumbs  epyt-cols-3 \"><div tabindex=\"0\" role=\"button\" data-videoid=\"g6XHmzXpyaw\" class=\"epyt-gallery-thumb\"><div class=\"epyt-gallery-img-box\"><div class=\"epyt-gallery-img\" style=\"background-image: url(https:\/\/i.ytimg.com\/vi\/g6XHmzXpyaw\/hqdefault.jpg)\"><div class=\"epyt-gallery-playhover\"><img decoding=\"async\" alt=\"play\" class=\"epyt-play-img\" width=\"30\" height=\"23\" src=\"https:\/\/culturasconstructivas.org\/wp-content\/plugins\/youtube-embed-plus\/images\/playhover.png\" data-no-lazy=\"1\" data-skipgform_ajax_framebjll=\"\" \/><div class=\"epyt-gallery-playcrutch\"><\/div><\/div><\/div><\/div><div class=\"epyt-gallery-title\">Rafael Manzano: Una casa en C\u00e1diz<\/div><\/div><div tabindex=\"0\" role=\"button\" data-videoid=\"P3HP9C2D0HI\" class=\"epyt-gallery-thumb\"><div class=\"epyt-gallery-img-box\"><div class=\"epyt-gallery-img\" style=\"background-image: url(https:\/\/i.ytimg.com\/vi\/P3HP9C2D0HI\/hqdefault.jpg)\"><div class=\"epyt-gallery-playhover\"><img decoding=\"async\" alt=\"play\" class=\"epyt-play-img\" width=\"30\" height=\"23\" src=\"https:\/\/culturasconstructivas.org\/wp-content\/plugins\/youtube-embed-plus\/images\/playhover.png\" data-no-lazy=\"1\" data-skipgform_ajax_framebjll=\"\" \/><div class=\"epyt-gallery-playcrutch\"><\/div><\/div><\/div><\/div><div class=\"epyt-gallery-title\">Premio Rafael Manzano 2020: Fernando Mart\u00edn Sanju\u00e1n<\/div><\/div><div tabindex=\"0\" role=\"button\" data-videoid=\"3KlNnuvp9zk\" class=\"epyt-gallery-thumb\"><div class=\"epyt-gallery-img-box\"><div class=\"epyt-gallery-img\" style=\"background-image: url(https:\/\/i.ytimg.com\/vi\/3KlNnuvp9zk\/hqdefault.jpg)\"><div class=\"epyt-gallery-playhover\"><img decoding=\"async\" alt=\"play\" class=\"epyt-play-img\" width=\"30\" height=\"23\" src=\"https:\/\/culturasconstructivas.org\/wp-content\/plugins\/youtube-embed-plus\/images\/playhover.png\" data-no-lazy=\"1\" data-skipgform_ajax_framebjll=\"\" \/><div class=\"epyt-gallery-playcrutch\"><\/div><\/div><\/div><\/div><div class=\"epyt-gallery-title\">Jose Baganha: Premio Rafael Manzano 2017 (ES)<\/div><\/div><div class=\"epyt-gallery-rowbreak\"><\/div><div tabindex=\"0\" role=\"button\" data-videoid=\"_0R5AwF-FLk\" class=\"epyt-gallery-thumb\"><div class=\"epyt-gallery-img-box\"><div class=\"epyt-gallery-img\" style=\"background-image: url(https:\/\/i.ytimg.com\/vi\/_0R5AwF-FLk\/hqdefault.jpg)\"><div class=\"epyt-gallery-playhover\"><img decoding=\"async\" alt=\"play\" class=\"epyt-play-img\" width=\"30\" height=\"23\" src=\"https:\/\/culturasconstructivas.org\/wp-content\/plugins\/youtube-embed-plus\/images\/playhover.png\" data-no-lazy=\"1\" data-skipgform_ajax_framebjll=\"\" \/><div class=\"epyt-gallery-playcrutch\"><\/div><\/div><\/div><\/div><div class=\"epyt-gallery-title\">Cooperaci\u00f3n Comunitaria: La reconstrucci\u00f3n de cocinas de bahareque cer\u00e9n en Oaxaca, M\u00e9xico<\/div><\/div><div tabindex=\"0\" role=\"button\" data-videoid=\"BntC8Msm1yE\" class=\"epyt-gallery-thumb\"><div class=\"epyt-gallery-img-box\"><div class=\"epyt-gallery-img\" style=\"background-image: url(https:\/\/i.ytimg.com\/vi\/BntC8Msm1yE\/hqdefault.jpg)\"><div class=\"epyt-gallery-playhover\"><img decoding=\"async\" alt=\"play\" class=\"epyt-play-img\" width=\"30\" height=\"23\" src=\"https:\/\/culturasconstructivas.org\/wp-content\/plugins\/youtube-embed-plus\/images\/playhover.png\" data-no-lazy=\"1\" data-skipgform_ajax_framebjll=\"\" \/><div class=\"epyt-gallery-playcrutch\"><\/div><\/div><\/div><\/div><div class=\"epyt-gallery-title\">Ana Alvarez and Frank Martinez: Greenway House, Coral Gables, Florida<\/div><\/div><div class=\"epyt-gallery-clear\"><\/div><\/div><div class=\"epyt-pagination \"><div tabindex=\"0\" role=\"button\" class=\"epyt-pagebutton epyt-prev  hide \" data-playlistid=\"PLxAki7qTTYrSNRoJ6qGJk26dTPaGwLZfb\" data-pagesize=\"6\" data-pagetoken=\"\" data-epcolumns=\"3\" data-showtitle=\"1\" data-showpaging=\"1\" data-autonext=\"0\" data-thumbplay=\"1\"><div class=\"epyt-arrow\">&laquo;<\/div> <div>Prev<\/div><\/div><div class=\"epyt-pagenumbers \"><div class=\"epyt-current\">1<\/div><div class=\"epyt-pageseparator\"> \/ <\/div><div class=\"epyt-totalpages\">2<\/div><\/div><div tabindex=\"0\" role=\"button\" class=\"epyt-pagebutton epyt-next\" data-playlistid=\"PLxAki7qTTYrSNRoJ6qGJk26dTPaGwLZfb\" data-pagesize=\"6\" data-pagetoken=\"EAAaHlBUOkNBWWlFRVkyTTBORU5FUXdOREU1T0VJd05EWQ\" data-epcolumns=\"3\" data-showtitle=\"1\" data-showpaging=\"1\" data-autonext=\"0\" data-thumbplay=\"1\"><div>Next<\/div> <div class=\"epyt-arrow\">&raquo;<\/div><\/div><div class=\"epyt-loader\"><img decoding=\"async\" alt=\"loading\" width=\"16\" height=\"11\" src=\"https:\/\/culturasconstructivas.org\/wp-content\/plugins\/youtube-embed-plus\/images\/gallery-page-loader.gif\"><\/div><\/div><\/div><\/div><\/div>\n\t\t\t\t\t\t<\/div>\n\t\t\t\t<\/div>\n\t\t\t\t\t<\/div>\n\t\t\t\t<\/div>\n\t\t<div class=\"elementor-element elementor-element-55d699b e-flex e-con-boxed e-con e-parent\" data-id=\"55d699b\" data-element_type=\"container\" data-e-type=\"container\">\n\t\t\t\t\t<div class=\"e-con-inner\">\n\t\t\t\t<div class=\"elementor-element elementor-element-81005ba borde-inferior elementor-widget elementor-widget-heading\" data-id=\"81005ba\" data-element_type=\"widget\" data-e-type=\"widget\" data-widget_type=\"heading.default\">\n\t\t\t\t<div class=\"elementor-widget-container\">\n\t\t\t\t\t<h2 class=\"elementor-heading-title elementor-size-default\">Documenta\u00e7\u00e3o e estudo de elementos arquitect\u00f3nicos<\/h2>\t\t\t\t<\/div>\n\t\t\t\t<\/div>\n\t\t\t\t<div class=\"elementor-element elementor-element-248081e elementor-widget elementor-widget-shortcode\" data-id=\"248081e\" data-element_type=\"widget\" data-e-type=\"widget\" data-widget_type=\"shortcode.default\">\n\t\t\t\t<div class=\"elementor-widget-container\">\n\t\t\t\t\t\t\t<div class=\"elementor-shortcode\"><div class=\"epyt-gallery\" data-currpage=\"1\" id=\"epyt_gallery_58385\"><figure class=\"wp-block-embed wp-block-embed-youtube is-type-video is-provider-youtube epyt-figure\"><div class=\"wp-block-embed__wrapper\"><div  id=\"_ytid_38210\"  width=\"800\" height=\"450\"  data-origwidth=\"800\" data-origheight=\"450\"  data-relstop=\"1\" data-facadesrc=\"https:\/\/www.youtube.com\/embed\/db4HRmxGvag?enablejsapi=1&autoplay=0&cc_load_policy=0&cc_lang_pref=&iv_load_policy=1&loop=0&rel=0&fs=1&playsinline=0&autohide=2&theme=dark&color=red&controls=1&disablekb=0&\" class=\"__youtube_prefs__ epyt-facade no-lazyload\" data-epytgalleryid=\"epyt_gallery_58385\"  data-epautoplay=\"1\" ><img decoding=\"async\" data-spai-excluded=\"true\" class=\"epyt-facade-poster skip-lazy\" loading=\"lazy\"  alt=\"YouTube player\"  src=\"https:\/\/i.ytimg.com\/vi\/db4HRmxGvag\/maxresdefault.jpg\"  \/><button class=\"epyt-facade-play\" aria-label=\"Play\"><svg data-no-lazy=\"1\" height=\"100%\" version=\"1.1\" viewBox=\"0 0 68 48\" width=\"100%\"><path class=\"ytp-large-play-button-bg\" d=\"M66.52,7.74c-0.78-2.93-2.49-5.41-5.42-6.19C55.79,.13,34,0,34,0S12.21,.13,6.9,1.55 C3.97,2.33,2.27,4.81,1.48,7.74C0.06,13.05,0,24,0,24s0.06,10.95,1.48,16.26c0.78,2.93,2.49,5.41,5.42,6.19 C12.21,47.87,34,48,34,48s21.79-0.13,27.1-1.55c2.93-0.78,4.64-3.26,5.42-6.19C67.94,34.95,68,24,68,24S67.94,13.05,66.52,7.74z\" fill=\"#f00\"><\/path><path d=\"M 45,24 27,14 27,34\" fill=\"#fff\"><\/path><\/svg><\/button><\/div><\/div><\/figure><div class=\"epyt-gallery-list\"><div class=\"epyt-pagination \"><div tabindex=\"0\" role=\"button\" class=\"epyt-pagebutton epyt-prev  hide \" data-playlistid=\"PLxAki7qTTYrQ0bzTRkQFNk-TP65s9Noo7\" data-pagesize=\"6\" data-pagetoken=\"\" data-epcolumns=\"3\" data-showtitle=\"1\" data-showpaging=\"1\" data-autonext=\"0\" data-thumbplay=\"1\"><div class=\"epyt-arrow\">&laquo;<\/div> <div>Prev<\/div><\/div><div class=\"epyt-pagenumbers \"><div class=\"epyt-current\">1<\/div><div class=\"epyt-pageseparator\"> \/ <\/div><div class=\"epyt-totalpages\">4<\/div><\/div><div tabindex=\"0\" role=\"button\" class=\"epyt-pagebutton epyt-next\" data-playlistid=\"PLxAki7qTTYrQ0bzTRkQFNk-TP65s9Noo7\" data-pagesize=\"6\" data-pagetoken=\"EAAaHlBUOkNBWWlFRFV6TWtKQ01FSTBNakpHUWtNM1JVTQ\" data-epcolumns=\"3\" data-showtitle=\"1\" data-showpaging=\"1\" data-autonext=\"0\" data-thumbplay=\"1\"><div>Next<\/div> <div class=\"epyt-arrow\">&raquo;<\/div><\/div><div class=\"epyt-loader\"><img decoding=\"async\" alt=\"loading\" width=\"16\" height=\"11\" src=\"https:\/\/culturasconstructivas.org\/wp-content\/plugins\/youtube-embed-plus\/images\/gallery-page-loader.gif\"><\/div><\/div><div class=\"epyt-gallery-allthumbs  epyt-cols-3 \"><div tabindex=\"0\" role=\"button\" data-videoid=\"db4HRmxGvag\" class=\"epyt-gallery-thumb\"><div class=\"epyt-gallery-img-box\"><div class=\"epyt-gallery-img\" style=\"background-image: url(https:\/\/i.ytimg.com\/vi\/db4HRmxGvag\/hqdefault.jpg)\"><div class=\"epyt-gallery-playhover\"><img decoding=\"async\" alt=\"play\" class=\"epyt-play-img\" width=\"30\" height=\"23\" src=\"https:\/\/culturasconstructivas.org\/wp-content\/plugins\/youtube-embed-plus\/images\/playhover.png\" data-no-lazy=\"1\" data-skipgform_ajax_framebjll=\"\" \/><div class=\"epyt-gallery-playcrutch\"><\/div><\/div><\/div><\/div><div class=\"epyt-gallery-title\">Boyuan Zhang: Henry Killam Murphy and His Interpretation of Traditional Chinese Architecture<\/div><\/div><div tabindex=\"0\" role=\"button\" data-videoid=\"F__TJUMvXNY\" class=\"epyt-gallery-thumb\"><div class=\"epyt-gallery-img-box\"><div class=\"epyt-gallery-img\" style=\"background-image: url(https:\/\/i.ytimg.com\/vi\/F__TJUMvXNY\/hqdefault.jpg)\"><div class=\"epyt-gallery-playhover\"><img decoding=\"async\" alt=\"play\" class=\"epyt-play-img\" width=\"30\" height=\"23\" src=\"https:\/\/culturasconstructivas.org\/wp-content\/plugins\/youtube-embed-plus\/images\/playhover.png\" data-no-lazy=\"1\" data-skipgform_ajax_framebjll=\"\" \/><div class=\"epyt-gallery-playcrutch\"><\/div><\/div><\/div><\/div><div class=\"epyt-gallery-title\">C\u00e9sar Prieto P\u00e9rochon: En busca de los estucos perdidos<\/div><\/div><div tabindex=\"0\" role=\"button\" data-videoid=\"doAMqRWhhVE\" class=\"epyt-gallery-thumb\"><div class=\"epyt-gallery-img-box\"><div class=\"epyt-gallery-img\" style=\"background-image: url(https:\/\/i.ytimg.com\/vi\/doAMqRWhhVE\/hqdefault.jpg)\"><div class=\"epyt-gallery-playhover\"><img decoding=\"async\" alt=\"play\" class=\"epyt-play-img\" width=\"30\" height=\"23\" src=\"https:\/\/culturasconstructivas.org\/wp-content\/plugins\/youtube-embed-plus\/images\/playhover.png\" data-no-lazy=\"1\" data-skipgform_ajax_framebjll=\"\" \/><div class=\"epyt-gallery-playcrutch\"><\/div><\/div><\/div><\/div><div class=\"epyt-gallery-title\">Francisco Garc\u00eda Moro: Talla en piedra para el Sol Naciente<\/div><\/div><div class=\"epyt-gallery-rowbreak\"><\/div><div tabindex=\"0\" role=\"button\" data-videoid=\"vW_5dMr246U\" class=\"epyt-gallery-thumb\"><div class=\"epyt-gallery-img-box\"><div class=\"epyt-gallery-img\" style=\"background-image: url(https:\/\/i.ytimg.com\/vi\/vW_5dMr246U\/hqdefault.jpg)\"><div class=\"epyt-gallery-playhover\"><img decoding=\"async\" alt=\"play\" class=\"epyt-play-img\" width=\"30\" height=\"23\" src=\"https:\/\/culturasconstructivas.org\/wp-content\/plugins\/youtube-embed-plus\/images\/playhover.png\" data-no-lazy=\"1\" data-skipgform_ajax_framebjll=\"\" \/><div class=\"epyt-gallery-playcrutch\"><\/div><\/div><\/div><\/div><div class=\"epyt-gallery-title\">Lisa Virgillito: Corralas y corrales de comedia en Madrid. Historia dram\u00e1tica y tipolog\u00eda<\/div><\/div><div tabindex=\"0\" role=\"button\" data-videoid=\"77eLLQ4Dpdc\" class=\"epyt-gallery-thumb\"><div class=\"epyt-gallery-img-box\"><div class=\"epyt-gallery-img\" style=\"background-image: url(https:\/\/i.ytimg.com\/vi\/77eLLQ4Dpdc\/hqdefault.jpg)\"><div class=\"epyt-gallery-playhover\"><img decoding=\"async\" alt=\"play\" class=\"epyt-play-img\" width=\"30\" height=\"23\" src=\"https:\/\/culturasconstructivas.org\/wp-content\/plugins\/youtube-embed-plus\/images\/playhover.png\" data-no-lazy=\"1\" data-skipgform_ajax_framebjll=\"\" \/><div class=\"epyt-gallery-playcrutch\"><\/div><\/div><\/div><\/div><div class=\"epyt-gallery-title\">Patr\u00edcia Marchante, Amanda Rivera: Revestimientos tradicionales en la tierra del Valle del Limar\u00ed<\/div><\/div><div tabindex=\"0\" role=\"button\" data-videoid=\"yGXDlk-MhiU\" class=\"epyt-gallery-thumb\"><div class=\"epyt-gallery-img-box\"><div class=\"epyt-gallery-img\" style=\"background-image: url(https:\/\/i.ytimg.com\/vi\/yGXDlk-MhiU\/hqdefault.jpg)\"><div class=\"epyt-gallery-playhover\"><img decoding=\"async\" alt=\"play\" class=\"epyt-play-img\" width=\"30\" height=\"23\" src=\"https:\/\/culturasconstructivas.org\/wp-content\/plugins\/youtube-embed-plus\/images\/playhover.png\" data-no-lazy=\"1\" data-skipgform_ajax_framebjll=\"\" \/><div class=\"epyt-gallery-playcrutch\"><\/div><\/div><\/div><\/div><div class=\"epyt-gallery-title\">Samir Belgacem: Similarities and Divergences in Attitudes Toward Georgian Irish Heritage<\/div><\/div><div class=\"epyt-gallery-rowbreak\"><\/div><div class=\"epyt-gallery-clear\"><\/div><\/div><div class=\"epyt-pagination \"><div tabindex=\"0\" role=\"button\" class=\"epyt-pagebutton epyt-prev  hide \" data-playlistid=\"PLxAki7qTTYrQ0bzTRkQFNk-TP65s9Noo7\" data-pagesize=\"6\" data-pagetoken=\"\" data-epcolumns=\"3\" data-showtitle=\"1\" data-showpaging=\"1\" data-autonext=\"0\" data-thumbplay=\"1\"><div class=\"epyt-arrow\">&laquo;<\/div> <div>Prev<\/div><\/div><div class=\"epyt-pagenumbers \"><div class=\"epyt-current\">1<\/div><div class=\"epyt-pageseparator\"> \/ <\/div><div class=\"epyt-totalpages\">4<\/div><\/div><div tabindex=\"0\" role=\"button\" class=\"epyt-pagebutton epyt-next\" data-playlistid=\"PLxAki7qTTYrQ0bzTRkQFNk-TP65s9Noo7\" data-pagesize=\"6\" data-pagetoken=\"EAAaHlBUOkNBWWlFRFV6TWtKQ01FSTBNakpHUWtNM1JVTQ\" data-epcolumns=\"3\" data-showtitle=\"1\" data-showpaging=\"1\" data-autonext=\"0\" data-thumbplay=\"1\"><div>Next<\/div> <div class=\"epyt-arrow\">&raquo;<\/div><\/div><div class=\"epyt-loader\"><img decoding=\"async\" alt=\"loading\" width=\"16\" height=\"11\" src=\"https:\/\/culturasconstructivas.org\/wp-content\/plugins\/youtube-embed-plus\/images\/gallery-page-loader.gif\"><\/div><\/div><\/div><\/div><\/div>\n\t\t\t\t\t\t<\/div>\n\t\t\t\t<\/div>\n\t\t\t\t\t<\/div>\n\t\t\t\t<\/div>\n\t\t<div class=\"elementor-element elementor-element-d147e1c e-flex e-con-boxed e-con e-parent\" data-id=\"d147e1c\" data-element_type=\"container\" data-e-type=\"container\">\n\t\t\t\t\t<div class=\"e-con-inner\">\n\t\t\t\t<div class=\"elementor-element elementor-element-dab6212 borde-inferior elementor-widget elementor-widget-heading\" data-id=\"dab6212\" data-element_type=\"widget\" data-e-type=\"widget\" data-widget_type=\"heading.default\">\n\t\t\t\t<div class=\"elementor-widget-container\">\n\t\t\t\t\t<h2 class=\"elementor-heading-title elementor-size-default\">Forma\u00e7\u00e3o e promo\u00e7\u00e3o da arquitetura tradicional<\/h2>\t\t\t\t<\/div>\n\t\t\t\t<\/div>\n\t\t\t\t<div class=\"elementor-element elementor-element-c1b0059 elementor-widget elementor-widget-shortcode\" data-id=\"c1b0059\" data-element_type=\"widget\" data-e-type=\"widget\" data-widget_type=\"shortcode.default\">\n\t\t\t\t<div class=\"elementor-widget-container\">\n\t\t\t\t\t\t\t<div class=\"elementor-shortcode\"><div class=\"epyt-gallery\" data-currpage=\"1\" id=\"epyt_gallery_13247\"><figure class=\"wp-block-embed wp-block-embed-youtube is-type-video is-provider-youtube epyt-figure\"><div class=\"wp-block-embed__wrapper\"><div  id=\"_ytid_20638\"  width=\"800\" height=\"450\"  data-origwidth=\"800\" data-origheight=\"450\"  data-relstop=\"1\" data-facadesrc=\"https:\/\/www.youtube.com\/embed\/7m-KNbMMU6Q?enablejsapi=1&autoplay=0&cc_load_policy=0&cc_lang_pref=&iv_load_policy=1&loop=0&rel=0&fs=1&playsinline=0&autohide=2&theme=dark&color=red&controls=1&disablekb=0&\" class=\"__youtube_prefs__ epyt-facade no-lazyload\" data-epytgalleryid=\"epyt_gallery_13247\"  data-epautoplay=\"1\" ><img decoding=\"async\" data-spai-excluded=\"true\" class=\"epyt-facade-poster skip-lazy\" loading=\"lazy\"  alt=\"YouTube player\"  src=\"https:\/\/i.ytimg.com\/vi\/7m-KNbMMU6Q\/maxresdefault.jpg\"  \/><button class=\"epyt-facade-play\" aria-label=\"Play\"><svg data-no-lazy=\"1\" height=\"100%\" version=\"1.1\" viewBox=\"0 0 68 48\" width=\"100%\"><path class=\"ytp-large-play-button-bg\" d=\"M66.52,7.74c-0.78-2.93-2.49-5.41-5.42-6.19C55.79,.13,34,0,34,0S12.21,.13,6.9,1.55 C3.97,2.33,2.27,4.81,1.48,7.74C0.06,13.05,0,24,0,24s0.06,10.95,1.48,16.26c0.78,2.93,2.49,5.41,5.42,6.19 C12.21,47.87,34,48,34,48s21.79-0.13,27.1-1.55c2.93-0.78,4.64-3.26,5.42-6.19C67.94,34.95,68,24,68,24S67.94,13.05,66.52,7.74z\" fill=\"#f00\"><\/path><path d=\"M 45,24 27,14 27,34\" fill=\"#fff\"><\/path><\/svg><\/button><\/div><\/div><\/figure><div class=\"epyt-gallery-list\"><div class=\"epyt-pagination \"><div tabindex=\"0\" role=\"button\" class=\"epyt-pagebutton epyt-prev  hide \" data-playlistid=\"PLxAki7qTTYrS-aiyleyRRjCpD5miL9Av4\" data-pagesize=\"6\" data-pagetoken=\"\" data-epcolumns=\"3\" data-showtitle=\"1\" data-showpaging=\"1\" data-autonext=\"0\" data-thumbplay=\"1\"><div class=\"epyt-arrow\">&laquo;<\/div> <div>Prev<\/div><\/div><div class=\"epyt-pagenumbers \"><div class=\"epyt-current\">1<\/div><div class=\"epyt-pageseparator\"> \/ <\/div><div class=\"epyt-totalpages\">8<\/div><\/div><div tabindex=\"0\" role=\"button\" class=\"epyt-pagebutton epyt-next\" data-playlistid=\"PLxAki7qTTYrS-aiyleyRRjCpD5miL9Av4\" data-pagesize=\"6\" data-pagetoken=\"EAAaHlBUOkNBWWlFRGswT1RWRVJrUTNPRVF6TlRrd05ETQ\" data-epcolumns=\"3\" data-showtitle=\"1\" data-showpaging=\"1\" data-autonext=\"0\" data-thumbplay=\"1\"><div>Next<\/div> <div class=\"epyt-arrow\">&raquo;<\/div><\/div><div class=\"epyt-loader\"><img decoding=\"async\" alt=\"loading\" width=\"16\" height=\"11\" src=\"https:\/\/culturasconstructivas.org\/wp-content\/plugins\/youtube-embed-plus\/images\/gallery-page-loader.gif\"><\/div><\/div><div class=\"epyt-gallery-allthumbs  epyt-cols-3 \"><div tabindex=\"0\" role=\"button\" data-videoid=\"7m-KNbMMU6Q\" class=\"epyt-gallery-thumb\"><div class=\"epyt-gallery-img-box\"><div class=\"epyt-gallery-img\" style=\"background-image: url(https:\/\/i.ytimg.com\/vi\/7m-KNbMMU6Q\/hqdefault.jpg)\"><div class=\"epyt-gallery-playhover\"><img decoding=\"async\" alt=\"play\" class=\"epyt-play-img\" width=\"30\" height=\"23\" src=\"https:\/\/culturasconstructivas.org\/wp-content\/plugins\/youtube-embed-plus\/images\/playhover.png\" data-no-lazy=\"1\" data-skipgform_ajax_framebjll=\"\" \/><div class=\"epyt-gallery-playcrutch\"><\/div><\/div><\/div><\/div><div class=\"epyt-gallery-title\">Alejandro Garc\u00eda Hermida: Iniciativas para promover la construcci\u00f3n y arquitectura tradicionales<\/div><\/div><div tabindex=\"0\" role=\"button\" data-videoid=\"ztWxTpJOYVk\" class=\"epyt-gallery-thumb\"><div class=\"epyt-gallery-img-box\"><div class=\"epyt-gallery-img\" style=\"background-image: url(https:\/\/i.ytimg.com\/vi\/ztWxTpJOYVk\/hqdefault.jpg)\"><div class=\"epyt-gallery-playhover\"><img decoding=\"async\" alt=\"play\" class=\"epyt-play-img\" width=\"30\" height=\"23\" src=\"https:\/\/culturasconstructivas.org\/wp-content\/plugins\/youtube-embed-plus\/images\/playhover.png\" data-no-lazy=\"1\" data-skipgform_ajax_framebjll=\"\" \/><div class=\"epyt-gallery-playcrutch\"><\/div><\/div><\/div><\/div><div class=\"epyt-gallery-title\">Jos\u00e9 Carlos Palacios: Aprender haciendo, el taller de construcci\u00f3n g\u00f3tica de Madrid<\/div><\/div><div tabindex=\"0\" role=\"button\" data-videoid=\"6T8Ls93fm34\" class=\"epyt-gallery-thumb\"><div class=\"epyt-gallery-img-box\"><div class=\"epyt-gallery-img\" style=\"background-image: url(https:\/\/i.ytimg.com\/vi\/6T8Ls93fm34\/hqdefault.jpg)\"><div class=\"epyt-gallery-playhover\"><img decoding=\"async\" alt=\"play\" class=\"epyt-play-img\" width=\"30\" height=\"23\" src=\"https:\/\/culturasconstructivas.org\/wp-content\/plugins\/youtube-embed-plus\/images\/playhover.png\" data-no-lazy=\"1\" data-skipgform_ajax_framebjll=\"\" \/><div class=\"epyt-gallery-playcrutch\"><\/div><\/div><\/div><\/div><div class=\"epyt-gallery-title\">De Chicago a Espa\u00f1a:  Presentaci\u00f3n de las Iniciativas de Richard H. Driehaus<\/div><\/div><div class=\"epyt-gallery-rowbreak\"><\/div><div tabindex=\"0\" role=\"button\" data-videoid=\"6jATCM0CIM8\" class=\"epyt-gallery-thumb\"><div class=\"epyt-gallery-img-box\"><div class=\"epyt-gallery-img\" style=\"background-image: url(https:\/\/i.ytimg.com\/vi\/6jATCM0CIM8\/hqdefault.jpg)\"><div class=\"epyt-gallery-playhover\"><img decoding=\"async\" alt=\"play\" class=\"epyt-play-img\" width=\"30\" height=\"23\" src=\"https:\/\/culturasconstructivas.org\/wp-content\/plugins\/youtube-embed-plus\/images\/playhover.png\" data-no-lazy=\"1\" data-skipgform_ajax_framebjll=\"\" \/><div class=\"epyt-gallery-playcrutch\"><\/div><\/div><\/div><\/div><div class=\"epyt-gallery-title\">2018 Iberian Traditional Architecture Summer School in Marvao<\/div><\/div><div tabindex=\"0\" role=\"button\" data-videoid=\"Re51JO4v2Bo\" class=\"epyt-gallery-thumb\"><div class=\"epyt-gallery-img-box\"><div class=\"epyt-gallery-img\" style=\"background-image: url(https:\/\/i.ytimg.com\/vi\/Re51JO4v2Bo\/hqdefault.jpg)\"><div class=\"epyt-gallery-playhover\"><img decoding=\"async\" alt=\"play\" class=\"epyt-play-img\" width=\"30\" height=\"23\" src=\"https:\/\/culturasconstructivas.org\/wp-content\/plugins\/youtube-embed-plus\/images\/playhover.png\" data-no-lazy=\"1\" data-skipgform_ajax_framebjll=\"\" \/><div class=\"epyt-gallery-playcrutch\"><\/div><\/div><\/div><\/div><div class=\"epyt-gallery-title\">Manuel Navarrete Moreno y Jorge Calvo Varona: Los oficios de la madera<\/div><\/div><div tabindex=\"0\" role=\"button\" data-videoid=\"Ue5r3vu3NZU\" class=\"epyt-gallery-thumb\"><div class=\"epyt-gallery-img-box\"><div class=\"epyt-gallery-img\" style=\"background-image: url(https:\/\/i.ytimg.com\/vi\/Ue5r3vu3NZU\/hqdefault.jpg)\"><div class=\"epyt-gallery-playhover\"><img decoding=\"async\" alt=\"play\" class=\"epyt-play-img\" width=\"30\" height=\"23\" src=\"https:\/\/culturasconstructivas.org\/wp-content\/plugins\/youtube-embed-plus\/images\/playhover.png\" data-no-lazy=\"1\" data-skipgform_ajax_framebjll=\"\" \/><div class=\"epyt-gallery-playcrutch\"><\/div><\/div><\/div><\/div><div class=\"epyt-gallery-title\">Ricardo Cambas y Agust\u00edn Castellanos: El Taller de Carpinter\u00eda del Centro de los Oficios de Le\u00f3n<\/div><\/div><div class=\"epyt-gallery-rowbreak\"><\/div><div class=\"epyt-gallery-clear\"><\/div><\/div><div class=\"epyt-pagination \"><div tabindex=\"0\" role=\"button\" class=\"epyt-pagebutton epyt-prev  hide \" data-playlistid=\"PLxAki7qTTYrS-aiyleyRRjCpD5miL9Av4\" data-pagesize=\"6\" data-pagetoken=\"\" data-epcolumns=\"3\" data-showtitle=\"1\" data-showpaging=\"1\" data-autonext=\"0\" data-thumbplay=\"1\"><div class=\"epyt-arrow\">&laquo;<\/div> <div>Prev<\/div><\/div><div class=\"epyt-pagenumbers \"><div class=\"epyt-current\">1<\/div><div class=\"epyt-pageseparator\"> \/ <\/div><div class=\"epyt-totalpages\">8<\/div><\/div><div tabindex=\"0\" role=\"button\" class=\"epyt-pagebutton epyt-next\" data-playlistid=\"PLxAki7qTTYrS-aiyleyRRjCpD5miL9Av4\" data-pagesize=\"6\" data-pagetoken=\"EAAaHlBUOkNBWWlFRGswT1RWRVJrUTNPRVF6TlRrd05ETQ\" data-epcolumns=\"3\" data-showtitle=\"1\" data-showpaging=\"1\" data-autonext=\"0\" data-thumbplay=\"1\"><div>Next<\/div> <div class=\"epyt-arrow\">&raquo;<\/div><\/div><div class=\"epyt-loader\"><img decoding=\"async\" alt=\"loading\" width=\"16\" height=\"11\" src=\"https:\/\/culturasconstructivas.org\/wp-content\/plugins\/youtube-embed-plus\/images\/gallery-page-loader.gif\"><\/div><\/div><\/div><\/div><\/div>\n\t\t\t\t\t\t<\/div>\n\t\t\t\t<\/div>\n\t\t\t\t\t<\/div>\n\t\t\t\t<\/div>\n\t\t<div class=\"elementor-element elementor-element-d134a15 e-flex e-con-boxed e-con e-parent\" data-id=\"d134a15\" data-element_type=\"container\" data-e-type=\"container\">\n\t\t\t\t\t<div class=\"e-con-inner\">\n\t\t\t\t<div class=\"elementor-element elementor-element-f3848f4 borde-inferior elementor-widget elementor-widget-heading\" data-id=\"f3848f4\" data-element_type=\"widget\" data-e-type=\"widget\" data-widget_type=\"heading.default\">\n\t\t\t\t<div class=\"elementor-widget-container\">\n\t\t\t\t\t<h2 class=\"elementor-heading-title elementor-size-default\">Novo Urbanismo Tradicional<\/h2>\t\t\t\t<\/div>\n\t\t\t\t<\/div>\n\t\t\t\t<div class=\"elementor-element elementor-element-db65f9f elementor-widget elementor-widget-shortcode\" data-id=\"db65f9f\" data-element_type=\"widget\" data-e-type=\"widget\" data-widget_type=\"shortcode.default\">\n\t\t\t\t<div class=\"elementor-widget-container\">\n\t\t\t\t\t\t\t<div class=\"elementor-shortcode\"><div class=\"epyt-gallery\" data-currpage=\"1\" id=\"epyt_gallery_46311\"><figure class=\"wp-block-embed wp-block-embed-youtube is-type-video is-provider-youtube epyt-figure\"><div class=\"wp-block-embed__wrapper\"><div  id=\"_ytid_66957\"  width=\"800\" height=\"450\"  data-origwidth=\"800\" data-origheight=\"450\"  data-relstop=\"1\" data-facadesrc=\"https:\/\/www.youtube.com\/embed\/FpkB7QvPCN0?enablejsapi=1&autoplay=0&cc_load_policy=0&cc_lang_pref=&iv_load_policy=1&loop=0&rel=0&fs=1&playsinline=0&autohide=2&theme=dark&color=red&controls=1&disablekb=0&\" class=\"__youtube_prefs__ epyt-facade no-lazyload\" data-epytgalleryid=\"epyt_gallery_46311\"  data-epautoplay=\"1\" ><img decoding=\"async\" data-spai-excluded=\"true\" class=\"epyt-facade-poster skip-lazy\" loading=\"lazy\"  alt=\"YouTube player\"  src=\"https:\/\/i.ytimg.com\/vi\/FpkB7QvPCN0\/maxresdefault.jpg\"  \/><button class=\"epyt-facade-play\" aria-label=\"Play\"><svg data-no-lazy=\"1\" height=\"100%\" version=\"1.1\" viewBox=\"0 0 68 48\" width=\"100%\"><path class=\"ytp-large-play-button-bg\" d=\"M66.52,7.74c-0.78-2.93-2.49-5.41-5.42-6.19C55.79,.13,34,0,34,0S12.21,.13,6.9,1.55 C3.97,2.33,2.27,4.81,1.48,7.74C0.06,13.05,0,24,0,24s0.06,10.95,1.48,16.26c0.78,2.93,2.49,5.41,5.42,6.19 C12.21,47.87,34,48,34,48s21.79-0.13,27.1-1.55c2.93-0.78,4.64-3.26,5.42-6.19C67.94,34.95,68,24,68,24S67.94,13.05,66.52,7.74z\" fill=\"#f00\"><\/path><path d=\"M 45,24 27,14 27,34\" fill=\"#fff\"><\/path><\/svg><\/button><\/div><\/div><\/figure><div class=\"epyt-gallery-list\"><div class=\"epyt-pagination \"><div tabindex=\"0\" role=\"button\" class=\"epyt-pagebutton epyt-prev  hide \" data-playlistid=\"PLxAki7qTTYrRxoXhmo0ysIMxhbOSZGZE2\" data-pagesize=\"6\" data-pagetoken=\"\" data-epcolumns=\"3\" data-showtitle=\"1\" data-showpaging=\"1\" data-autonext=\"0\" data-thumbplay=\"1\"><div class=\"epyt-arrow\">&laquo;<\/div> <div>Prev<\/div><\/div><div class=\"epyt-pagenumbers \"><div class=\"epyt-current\">1<\/div><div class=\"epyt-pageseparator\"> \/ <\/div><div class=\"epyt-totalpages\">7<\/div><\/div><div tabindex=\"0\" role=\"button\" class=\"epyt-pagebutton epyt-next\" data-playlistid=\"PLxAki7qTTYrRxoXhmo0ysIMxhbOSZGZE2\" data-pagesize=\"6\" data-pagetoken=\"EAAaHlBUOkNBWWlFRU5CUTBSRU5EWTJRak5GUkRFMU5qVQ\" data-epcolumns=\"3\" data-showtitle=\"1\" data-showpaging=\"1\" data-autonext=\"0\" data-thumbplay=\"1\"><div>Next<\/div> <div class=\"epyt-arrow\">&raquo;<\/div><\/div><div class=\"epyt-loader\"><img decoding=\"async\" alt=\"loading\" width=\"16\" height=\"11\" src=\"https:\/\/culturasconstructivas.org\/wp-content\/plugins\/youtube-embed-plus\/images\/gallery-page-loader.gif\"><\/div><\/div><div class=\"epyt-gallery-allthumbs  epyt-cols-3 \"><div tabindex=\"0\" role=\"button\" data-videoid=\"FpkB7QvPCN0\" class=\"epyt-gallery-thumb\"><div class=\"epyt-gallery-img-box\"><div class=\"epyt-gallery-img\" style=\"background-image: url(https:\/\/i.ytimg.com\/vi\/FpkB7QvPCN0\/hqdefault.jpg)\"><div class=\"epyt-gallery-playhover\"><img decoding=\"async\" alt=\"play\" class=\"epyt-play-img\" width=\"30\" height=\"23\" src=\"https:\/\/culturasconstructivas.org\/wp-content\/plugins\/youtube-embed-plus\/images\/playhover.png\" data-no-lazy=\"1\" data-skipgform_ajax_framebjll=\"\" \/><div class=\"epyt-gallery-playcrutch\"><\/div><\/div><\/div><\/div><div class=\"epyt-gallery-title\">Leon Krier: The fear of backwardness<\/div><\/div><div tabindex=\"0\" role=\"button\" data-videoid=\"V3hmkBV2XXA\" class=\"epyt-gallery-thumb\"><div class=\"epyt-gallery-img-box\"><div class=\"epyt-gallery-img\" style=\"background-image: url(https:\/\/i.ytimg.com\/vi\/V3hmkBV2XXA\/hqdefault.jpg)\"><div class=\"epyt-gallery-playhover\"><img decoding=\"async\" alt=\"play\" class=\"epyt-play-img\" width=\"30\" height=\"23\" src=\"https:\/\/culturasconstructivas.org\/wp-content\/plugins\/youtube-embed-plus\/images\/playhover.png\" data-no-lazy=\"1\" data-skipgform_ajax_framebjll=\"\" \/><div class=\"epyt-gallery-playcrutch\"><\/div><\/div><\/div><\/div><div class=\"epyt-gallery-title\">Samir Youn\u00e9s: Presentaci\u00f3n de The Imperfect City y Architects &amp; Mimetic Rivalry<\/div><\/div><div tabindex=\"0\" role=\"button\" data-videoid=\"iCRqcFvdn8o\" class=\"epyt-gallery-thumb\"><div class=\"epyt-gallery-img-box\"><div class=\"epyt-gallery-img\" style=\"background-image: url(https:\/\/i.ytimg.com\/vi\/iCRqcFvdn8o\/hqdefault.jpg)\"><div class=\"epyt-gallery-playhover\"><img decoding=\"async\" alt=\"play\" class=\"epyt-play-img\" width=\"30\" height=\"23\" src=\"https:\/\/culturasconstructivas.org\/wp-content\/plugins\/youtube-embed-plus\/images\/playhover.png\" data-no-lazy=\"1\" data-skipgform_ajax_framebjll=\"\" \/><div class=\"epyt-gallery-playcrutch\"><\/div><\/div><\/div><\/div><div class=\"epyt-gallery-title\">Leon Krier: The Architectural Tuning of Settlements<\/div><\/div><div class=\"epyt-gallery-rowbreak\"><\/div><div tabindex=\"0\" role=\"button\" data-videoid=\"5t3KPjlxq6A\" class=\"epyt-gallery-thumb\"><div class=\"epyt-gallery-img-box\"><div class=\"epyt-gallery-img\" style=\"background-image: url(https:\/\/i.ytimg.com\/vi\/5t3KPjlxq6A\/hqdefault.jpg)\"><div class=\"epyt-gallery-playhover\"><img decoding=\"async\" alt=\"play\" class=\"epyt-play-img\" width=\"30\" height=\"23\" src=\"https:\/\/culturasconstructivas.org\/wp-content\/plugins\/youtube-embed-plus\/images\/playhover.png\" data-no-lazy=\"1\" data-skipgform_ajax_framebjll=\"\" \/><div class=\"epyt-gallery-playcrutch\"><\/div><\/div><\/div><\/div><div class=\"epyt-gallery-title\">Leon Krier: Presentaci\u00f3n del Libro La Arquitectura de la Comunidad<\/div><\/div><div tabindex=\"0\" role=\"button\" data-videoid=\"LYZG5QEgFfM\" class=\"epyt-gallery-thumb\"><div class=\"epyt-gallery-img-box\"><div class=\"epyt-gallery-img\" style=\"background-image: url(https:\/\/i.ytimg.com\/vi\/LYZG5QEgFfM\/hqdefault.jpg)\"><div class=\"epyt-gallery-playhover\"><img decoding=\"async\" alt=\"play\" class=\"epyt-play-img\" width=\"30\" height=\"23\" src=\"https:\/\/culturasconstructivas.org\/wp-content\/plugins\/youtube-embed-plus\/images\/playhover.png\" data-no-lazy=\"1\" data-skipgform_ajax_framebjll=\"\" \/><div class=\"epyt-gallery-playcrutch\"><\/div><\/div><\/div><\/div><div class=\"epyt-gallery-title\">Ettore Mazzola: Urban Regeneration of the Slums: The Corviale in Rome and the Zen in Palermo<\/div><\/div><div tabindex=\"0\" role=\"button\" data-videoid=\"cvqKba7kiFw\" class=\"epyt-gallery-thumb\"><div class=\"epyt-gallery-img-box\"><div class=\"epyt-gallery-img\" style=\"background-image: url(https:\/\/i.ytimg.com\/vi\/cvqKba7kiFw\/hqdefault.jpg)\"><div class=\"epyt-gallery-playhover\"><img decoding=\"async\" alt=\"play\" class=\"epyt-play-img\" width=\"30\" height=\"23\" src=\"https:\/\/culturasconstructivas.org\/wp-content\/plugins\/youtube-embed-plus\/images\/playhover.png\" data-no-lazy=\"1\" data-skipgform_ajax_framebjll=\"\" \/><div class=\"epyt-gallery-playcrutch\"><\/div><\/div><\/div><\/div><div class=\"epyt-gallery-title\">Stefanos Polyzoides: Reclaiming Urbanism through the Street and the Block<\/div><\/div><div class=\"epyt-gallery-rowbreak\"><\/div><div class=\"epyt-gallery-clear\"><\/div><\/div><div class=\"epyt-pagination \"><div tabindex=\"0\" role=\"button\" class=\"epyt-pagebutton epyt-prev  hide \" data-playlistid=\"PLxAki7qTTYrRxoXhmo0ysIMxhbOSZGZE2\" data-pagesize=\"6\" data-pagetoken=\"\" data-epcolumns=\"3\" data-showtitle=\"1\" data-showpaging=\"1\" data-autonext=\"0\" data-thumbplay=\"1\"><div class=\"epyt-arrow\">&laquo;<\/div> <div>Prev<\/div><\/div><div class=\"epyt-pagenumbers \"><div class=\"epyt-current\">1<\/div><div class=\"epyt-pageseparator\"> \/ <\/div><div class=\"epyt-totalpages\">7<\/div><\/div><div tabindex=\"0\" role=\"button\" class=\"epyt-pagebutton epyt-next\" data-playlistid=\"PLxAki7qTTYrRxoXhmo0ysIMxhbOSZGZE2\" data-pagesize=\"6\" data-pagetoken=\"EAAaHlBUOkNBWWlFRU5CUTBSRU5EWTJRak5GUkRFMU5qVQ\" data-epcolumns=\"3\" data-showtitle=\"1\" data-showpaging=\"1\" data-autonext=\"0\" data-thumbplay=\"1\"><div>Next<\/div> <div class=\"epyt-arrow\">&raquo;<\/div><\/div><div class=\"epyt-loader\"><img decoding=\"async\" alt=\"loading\" width=\"16\" height=\"11\" src=\"https:\/\/culturasconstructivas.org\/wp-content\/plugins\/youtube-embed-plus\/images\/gallery-page-loader.gif\"><\/div><\/div><\/div><\/div><\/div>\n\t\t\t\t\t\t<\/div>\n\t\t\t\t<\/div>\n\t\t\t\t\t<\/div>\n\t\t\t\t<\/div>\n\t\t<div class=\"elementor-element elementor-element-1ff3e20 e-flex e-con-boxed e-con e-parent\" data-id=\"1ff3e20\" data-element_type=\"container\" data-e-type=\"container\">\n\t\t\t\t\t<div class=\"e-con-inner\">\n\t\t\t\t<div class=\"elementor-element elementor-element-b1bdceb borde-inferior elementor-widget elementor-widget-heading\" data-id=\"b1bdceb\" data-element_type=\"widget\" data-e-type=\"widget\" data-widget_type=\"heading.default\">\n\t\t\t\t<div class=\"elementor-widget-container\">\n\t\t\t\t\t<h2 class=\"elementor-heading-title elementor-size-default\">Hist\u00f3ria da Arquitetura<\/h2>\t\t\t\t<\/div>\n\t\t\t\t<\/div>\n\t\t\t\t<div class=\"elementor-element elementor-element-f6e8d4b elementor-widget elementor-widget-shortcode\" data-id=\"f6e8d4b\" data-element_type=\"widget\" data-e-type=\"widget\" data-widget_type=\"shortcode.default\">\n\t\t\t\t<div class=\"elementor-widget-container\">\n\t\t\t\t\t\t\t<div class=\"elementor-shortcode\"><div class=\"epyt-gallery\" data-currpage=\"1\" id=\"epyt_gallery_49363\"><figure class=\"wp-block-embed wp-block-embed-youtube is-type-video is-provider-youtube epyt-figure\"><div class=\"wp-block-embed__wrapper\"><div  id=\"_ytid_73999\"  width=\"800\" height=\"450\"  data-origwidth=\"800\" data-origheight=\"450\"  data-relstop=\"1\" data-facadesrc=\"https:\/\/www.youtube.com\/embed\/TNRVJS5I2L0?enablejsapi=1&autoplay=0&cc_load_policy=0&cc_lang_pref=&iv_load_policy=1&loop=0&rel=0&fs=1&playsinline=0&autohide=2&theme=dark&color=red&controls=1&disablekb=0&\" class=\"__youtube_prefs__ epyt-facade no-lazyload\" data-epytgalleryid=\"epyt_gallery_49363\"  data-epautoplay=\"1\" ><img decoding=\"async\" data-spai-excluded=\"true\" class=\"epyt-facade-poster skip-lazy\" loading=\"lazy\"  alt=\"YouTube player\"  src=\"https:\/\/i.ytimg.com\/vi\/TNRVJS5I2L0\/maxresdefault.jpg\"  \/><button class=\"epyt-facade-play\" aria-label=\"Play\"><svg data-no-lazy=\"1\" height=\"100%\" version=\"1.1\" viewBox=\"0 0 68 48\" width=\"100%\"><path class=\"ytp-large-play-button-bg\" d=\"M66.52,7.74c-0.78-2.93-2.49-5.41-5.42-6.19C55.79,.13,34,0,34,0S12.21,.13,6.9,1.55 C3.97,2.33,2.27,4.81,1.48,7.74C0.06,13.05,0,24,0,24s0.06,10.95,1.48,16.26c0.78,2.93,2.49,5.41,5.42,6.19 C12.21,47.87,34,48,34,48s21.79-0.13,27.1-1.55c2.93-0.78,4.64-3.26,5.42-6.19C67.94,34.95,68,24,68,24S67.94,13.05,66.52,7.74z\" fill=\"#f00\"><\/path><path d=\"M 45,24 27,14 27,34\" fill=\"#fff\"><\/path><\/svg><\/button><\/div><\/div><\/figure><div class=\"epyt-gallery-list\"><div class=\"epyt-pagination \"><div tabindex=\"0\" role=\"button\" class=\"epyt-pagebutton epyt-prev  hide \" data-playlistid=\"PLxAki7qTTYrT55A8Ly6H82vFtWVV5TbEv\" data-pagesize=\"6\" data-pagetoken=\"\" data-epcolumns=\"3\" data-showtitle=\"1\" data-showpaging=\"1\" data-autonext=\"0\" data-thumbplay=\"1\"><div class=\"epyt-arrow\">&laquo;<\/div> <div>Prev<\/div><\/div><div class=\"epyt-pagenumbers \"><div class=\"epyt-current\">1<\/div><div class=\"epyt-pageseparator\"> \/ <\/div><div class=\"epyt-totalpages\">2<\/div><\/div><div tabindex=\"0\" role=\"button\" class=\"epyt-pagebutton epyt-next\" data-playlistid=\"PLxAki7qTTYrT55A8Ly6H82vFtWVV5TbEv\" data-pagesize=\"6\" data-pagetoken=\"EAAaHlBUOkNBWWlFREV5UlVaQ00wSXhRelUzUkVVMFJURQ\" data-epcolumns=\"3\" data-showtitle=\"1\" data-showpaging=\"1\" data-autonext=\"0\" data-thumbplay=\"1\"><div>Next<\/div> <div class=\"epyt-arrow\">&raquo;<\/div><\/div><div class=\"epyt-loader\"><img decoding=\"async\" alt=\"loading\" width=\"16\" height=\"11\" src=\"https:\/\/culturasconstructivas.org\/wp-content\/plugins\/youtube-embed-plus\/images\/gallery-page-loader.gif\"><\/div><\/div><div class=\"epyt-gallery-allthumbs  epyt-cols-3 \"><div tabindex=\"0\" role=\"button\" data-videoid=\"TNRVJS5I2L0\" class=\"epyt-gallery-thumb\"><div class=\"epyt-gallery-img-box\"><div class=\"epyt-gallery-img\" style=\"background-image: url(https:\/\/i.ytimg.com\/vi\/TNRVJS5I2L0\/hqdefault.jpg)\"><div class=\"epyt-gallery-playhover\"><img decoding=\"async\" alt=\"play\" class=\"epyt-play-img\" width=\"30\" height=\"23\" src=\"https:\/\/culturasconstructivas.org\/wp-content\/plugins\/youtube-embed-plus\/images\/playhover.png\" data-no-lazy=\"1\" data-skipgform_ajax_framebjll=\"\" \/><div class=\"epyt-gallery-playcrutch\"><\/div><\/div><\/div><\/div><div class=\"epyt-gallery-title\">Rafael Manzano Martos: El \u00faltimo clasicismo tardoantiguo en Occidente: El Califato de C\u00f3rdoba<\/div><\/div><div tabindex=\"0\" role=\"button\" data-videoid=\"j5tXSUrOQE0\" class=\"epyt-gallery-thumb\"><div class=\"epyt-gallery-img-box\"><div class=\"epyt-gallery-img\" style=\"background-image: url(https:\/\/i.ytimg.com\/vi\/j5tXSUrOQE0\/hqdefault.jpg)\"><div class=\"epyt-gallery-playhover\"><img decoding=\"async\" alt=\"play\" class=\"epyt-play-img\" width=\"30\" height=\"23\" src=\"https:\/\/culturasconstructivas.org\/wp-content\/plugins\/youtube-embed-plus\/images\/playhover.png\" data-no-lazy=\"1\" data-skipgform_ajax_framebjll=\"\" \/><div class=\"epyt-gallery-playcrutch\"><\/div><\/div><\/div><\/div><div class=\"epyt-gallery-title\">Rafael Manzano Martos: Presentaci\u00f3n del International Seminar Architecture in the Age of Austerity<\/div><\/div><div tabindex=\"0\" role=\"button\" data-videoid=\"V3hmkBV2XXA\" class=\"epyt-gallery-thumb\"><div class=\"epyt-gallery-img-box\"><div class=\"epyt-gallery-img\" style=\"background-image: url(https:\/\/i.ytimg.com\/vi\/V3hmkBV2XXA\/hqdefault.jpg)\"><div class=\"epyt-gallery-playhover\"><img decoding=\"async\" alt=\"play\" class=\"epyt-play-img\" width=\"30\" height=\"23\" src=\"https:\/\/culturasconstructivas.org\/wp-content\/plugins\/youtube-embed-plus\/images\/playhover.png\" data-no-lazy=\"1\" data-skipgform_ajax_framebjll=\"\" \/><div class=\"epyt-gallery-playcrutch\"><\/div><\/div><\/div><\/div><div class=\"epyt-gallery-title\">Samir Youn\u00e9s: Presentaci\u00f3n de The Imperfect City y Architects &amp; Mimetic Rivalry<\/div><\/div><div class=\"epyt-gallery-rowbreak\"><\/div><div tabindex=\"0\" role=\"button\" data-videoid=\"GjUlqJgmMCY\" class=\"epyt-gallery-thumb\"><div class=\"epyt-gallery-img-box\"><div class=\"epyt-gallery-img\" style=\"background-image: url(https:\/\/i.ytimg.com\/vi\/GjUlqJgmMCY\/hqdefault.jpg)\"><div class=\"epyt-gallery-playhover\"><img decoding=\"async\" alt=\"play\" class=\"epyt-play-img\" width=\"30\" height=\"23\" src=\"https:\/\/culturasconstructivas.org\/wp-content\/plugins\/youtube-embed-plus\/images\/playhover.png\" data-no-lazy=\"1\" data-skipgform_ajax_framebjll=\"\" \/><div class=\"epyt-gallery-playcrutch\"><\/div><\/div><\/div><\/div><div class=\"epyt-gallery-title\">Enrique Nuere: El origen de la carpinter\u00eda de lazo<\/div><\/div><div tabindex=\"0\" role=\"button\" data-videoid=\"qi8A4YcLVRQ\" class=\"epyt-gallery-thumb\"><div class=\"epyt-gallery-img-box\"><div class=\"epyt-gallery-img\" style=\"background-image: url(https:\/\/i.ytimg.com\/vi\/qi8A4YcLVRQ\/hqdefault.jpg)\"><div class=\"epyt-gallery-playhover\"><img decoding=\"async\" alt=\"play\" class=\"epyt-play-img\" width=\"30\" height=\"23\" src=\"https:\/\/culturasconstructivas.org\/wp-content\/plugins\/youtube-embed-plus\/images\/playhover.png\" data-no-lazy=\"1\" data-skipgform_ajax_framebjll=\"\" \/><div class=\"epyt-gallery-playcrutch\"><\/div><\/div><\/div><\/div><div class=\"epyt-gallery-title\">Fernando Vela Coss\u00edo: La Reconstrucci\u00f3n en Espa\u00f1a despu\u00e9s de la Guerra Civil<\/div><\/div><div tabindex=\"0\" role=\"button\" data-videoid=\"o_XTZHBO5_M\" class=\"epyt-gallery-thumb\"><div class=\"epyt-gallery-img-box\"><div class=\"epyt-gallery-img\" style=\"background-image: url(https:\/\/i.ytimg.com\/vi\/o_XTZHBO5_M\/hqdefault.jpg)\"><div class=\"epyt-gallery-playhover\"><img decoding=\"async\" alt=\"play\" class=\"epyt-play-img\" width=\"30\" height=\"23\" src=\"https:\/\/culturasconstructivas.org\/wp-content\/plugins\/youtube-embed-plus\/images\/playhover.png\" data-no-lazy=\"1\" data-skipgform_ajax_framebjll=\"\" \/><div class=\"epyt-gallery-playcrutch\"><\/div><\/div><\/div><\/div><div class=\"epyt-gallery-title\">David Rivera: Arquitectura y expresi\u00f3n comunitaria en la primera mitad del siglo XX<\/div><\/div><div class=\"epyt-gallery-rowbreak\"><\/div><div class=\"epyt-gallery-clear\"><\/div><\/div><div class=\"epyt-pagination \"><div tabindex=\"0\" role=\"button\" class=\"epyt-pagebutton epyt-prev  hide \" data-playlistid=\"PLxAki7qTTYrT55A8Ly6H82vFtWVV5TbEv\" data-pagesize=\"6\" data-pagetoken=\"\" data-epcolumns=\"3\" data-showtitle=\"1\" data-showpaging=\"1\" data-autonext=\"0\" data-thumbplay=\"1\"><div class=\"epyt-arrow\">&laquo;<\/div> <div>Prev<\/div><\/div><div class=\"epyt-pagenumbers \"><div class=\"epyt-current\">1<\/div><div class=\"epyt-pageseparator\"> \/ <\/div><div class=\"epyt-totalpages\">2<\/div><\/div><div tabindex=\"0\" role=\"button\" class=\"epyt-pagebutton epyt-next\" data-playlistid=\"PLxAki7qTTYrT55A8Ly6H82vFtWVV5TbEv\" data-pagesize=\"6\" data-pagetoken=\"EAAaHlBUOkNBWWlFREV5UlVaQ00wSXhRelUzUkVVMFJURQ\" data-epcolumns=\"3\" data-showtitle=\"1\" data-showpaging=\"1\" data-autonext=\"0\" data-thumbplay=\"1\"><div>Next<\/div> <div class=\"epyt-arrow\">&raquo;<\/div><\/div><div class=\"epyt-loader\"><img decoding=\"async\" alt=\"loading\" width=\"16\" height=\"11\" src=\"https:\/\/culturasconstructivas.org\/wp-content\/plugins\/youtube-embed-plus\/images\/gallery-page-loader.gif\"><\/div><\/div><\/div><\/div><\/div>\n\t\t\t\t\t\t<\/div>\n\t\t\t\t<\/div>\n\t\t\t\t\t<\/div>\n\t\t\t\t<\/div>\n\t\t<div class=\"elementor-element elementor-element-037454d e-flex e-con-boxed e-con e-parent\" data-id=\"037454d\" data-element_type=\"container\" data-e-type=\"container\">\n\t\t\t\t\t<div class=\"e-con-inner\">\n\t\t\t\t<div class=\"elementor-element elementor-element-5316363 borde-inferior elementor-widget elementor-widget-heading\" data-id=\"5316363\" data-element_type=\"widget\" data-e-type=\"widget\" data-widget_type=\"heading.default\">\n\t\t\t\t<div class=\"elementor-widget-container\">\n\t\t\t\t\t<h2 class=\"elementor-heading-title elementor-size-default\">Arquitetura Cl\u00e1ssica<\/h2>\t\t\t\t<\/div>\n\t\t\t\t<\/div>\n\t\t\t\t<div class=\"elementor-element elementor-element-f66a1f4 elementor-widget elementor-widget-shortcode\" data-id=\"f66a1f4\" data-element_type=\"widget\" data-e-type=\"widget\" data-widget_type=\"shortcode.default\">\n\t\t\t\t<div class=\"elementor-widget-container\">\n\t\t\t\t\t\t\t<div class=\"elementor-shortcode\"><div class=\"epyt-gallery\" data-currpage=\"1\" id=\"epyt_gallery_48609\"><figure class=\"wp-block-embed wp-block-embed-youtube is-type-video is-provider-youtube epyt-figure\"><div class=\"wp-block-embed__wrapper\"><div  id=\"_ytid_83302\"  width=\"800\" height=\"450\"  data-origwidth=\"800\" data-origheight=\"450\"  data-relstop=\"1\" data-facadesrc=\"https:\/\/www.youtube.com\/embed\/TNRVJS5I2L0?enablejsapi=1&autoplay=0&cc_load_policy=0&cc_lang_pref=&iv_load_policy=1&loop=0&rel=0&fs=1&playsinline=0&autohide=2&theme=dark&color=red&controls=1&disablekb=0&\" class=\"__youtube_prefs__ epyt-facade no-lazyload\" data-epytgalleryid=\"epyt_gallery_48609\"  data-epautoplay=\"1\" ><img decoding=\"async\" data-spai-excluded=\"true\" class=\"epyt-facade-poster skip-lazy\" loading=\"lazy\"  alt=\"YouTube player\"  src=\"https:\/\/i.ytimg.com\/vi\/TNRVJS5I2L0\/maxresdefault.jpg\"  \/><button class=\"epyt-facade-play\" aria-label=\"Play\"><svg data-no-lazy=\"1\" height=\"100%\" version=\"1.1\" viewBox=\"0 0 68 48\" width=\"100%\"><path class=\"ytp-large-play-button-bg\" d=\"M66.52,7.74c-0.78-2.93-2.49-5.41-5.42-6.19C55.79,.13,34,0,34,0S12.21,.13,6.9,1.55 C3.97,2.33,2.27,4.81,1.48,7.74C0.06,13.05,0,24,0,24s0.06,10.95,1.48,16.26c0.78,2.93,2.49,5.41,5.42,6.19 C12.21,47.87,34,48,34,48s21.79-0.13,27.1-1.55c2.93-0.78,4.64-3.26,5.42-6.19C67.94,34.95,68,24,68,24S67.94,13.05,66.52,7.74z\" fill=\"#f00\"><\/path><path d=\"M 45,24 27,14 27,34\" fill=\"#fff\"><\/path><\/svg><\/button><\/div><\/div><\/figure><div class=\"epyt-gallery-list\"><div class=\"epyt-pagination \"><div tabindex=\"0\" role=\"button\" class=\"epyt-pagebutton epyt-prev  hide \" data-playlistid=\"PLxAki7qTTYrSdM8kpsn_LUPgaiEsDwejv\" data-pagesize=\"6\" data-pagetoken=\"\" data-epcolumns=\"3\" data-showtitle=\"1\" data-showpaging=\"1\" data-autonext=\"0\" data-thumbplay=\"1\"><div class=\"epyt-arrow\">&laquo;<\/div> <div>Prev<\/div><\/div><div class=\"epyt-pagenumbers \"><div class=\"epyt-current\">1<\/div><div class=\"epyt-pageseparator\"> \/ <\/div><div class=\"epyt-totalpages\">3<\/div><\/div><div tabindex=\"0\" role=\"button\" class=\"epyt-pagebutton epyt-next\" data-playlistid=\"PLxAki7qTTYrSdM8kpsn_LUPgaiEsDwejv\" data-pagesize=\"6\" data-pagetoken=\"EAAaHlBUOkNBWWlFRFV6TWtKQ01FSTBNakpHUWtNM1JVTQ\" data-epcolumns=\"3\" data-showtitle=\"1\" data-showpaging=\"1\" data-autonext=\"0\" data-thumbplay=\"1\"><div>Next<\/div> <div class=\"epyt-arrow\">&raquo;<\/div><\/div><div class=\"epyt-loader\"><img decoding=\"async\" alt=\"loading\" width=\"16\" height=\"11\" src=\"https:\/\/culturasconstructivas.org\/wp-content\/plugins\/youtube-embed-plus\/images\/gallery-page-loader.gif\"><\/div><\/div><div class=\"epyt-gallery-allthumbs  epyt-cols-3 \"><div tabindex=\"0\" role=\"button\" data-videoid=\"TNRVJS5I2L0\" class=\"epyt-gallery-thumb\"><div class=\"epyt-gallery-img-box\"><div class=\"epyt-gallery-img\" style=\"background-image: url(https:\/\/i.ytimg.com\/vi\/TNRVJS5I2L0\/hqdefault.jpg)\"><div class=\"epyt-gallery-playhover\"><img decoding=\"async\" alt=\"play\" class=\"epyt-play-img\" width=\"30\" height=\"23\" src=\"https:\/\/culturasconstructivas.org\/wp-content\/plugins\/youtube-embed-plus\/images\/playhover.png\" data-no-lazy=\"1\" data-skipgform_ajax_framebjll=\"\" \/><div class=\"epyt-gallery-playcrutch\"><\/div><\/div><\/div><\/div><div class=\"epyt-gallery-title\">Rafael Manzano Martos: El \u00faltimo clasicismo tardoantiguo en Occidente: El Califato de C\u00f3rdoba<\/div><\/div><div tabindex=\"0\" role=\"button\" data-videoid=\"FpkB7QvPCN0\" class=\"epyt-gallery-thumb\"><div class=\"epyt-gallery-img-box\"><div class=\"epyt-gallery-img\" style=\"background-image: url(https:\/\/i.ytimg.com\/vi\/FpkB7QvPCN0\/hqdefault.jpg)\"><div class=\"epyt-gallery-playhover\"><img decoding=\"async\" alt=\"play\" class=\"epyt-play-img\" width=\"30\" height=\"23\" src=\"https:\/\/culturasconstructivas.org\/wp-content\/plugins\/youtube-embed-plus\/images\/playhover.png\" data-no-lazy=\"1\" data-skipgform_ajax_framebjll=\"\" \/><div class=\"epyt-gallery-playcrutch\"><\/div><\/div><\/div><\/div><div class=\"epyt-gallery-title\">Leon Krier: The fear of backwardness<\/div><\/div><div tabindex=\"0\" role=\"button\" data-videoid=\"j5tXSUrOQE0\" class=\"epyt-gallery-thumb\"><div class=\"epyt-gallery-img-box\"><div class=\"epyt-gallery-img\" style=\"background-image: url(https:\/\/i.ytimg.com\/vi\/j5tXSUrOQE0\/hqdefault.jpg)\"><div class=\"epyt-gallery-playhover\"><img decoding=\"async\" alt=\"play\" class=\"epyt-play-img\" width=\"30\" height=\"23\" src=\"https:\/\/culturasconstructivas.org\/wp-content\/plugins\/youtube-embed-plus\/images\/playhover.png\" data-no-lazy=\"1\" data-skipgform_ajax_framebjll=\"\" \/><div class=\"epyt-gallery-playcrutch\"><\/div><\/div><\/div><\/div><div class=\"epyt-gallery-title\">Rafael Manzano Martos: Presentaci\u00f3n del International Seminar Architecture in the Age of Austerity<\/div><\/div><div class=\"epyt-gallery-rowbreak\"><\/div><div tabindex=\"0\" role=\"button\" data-videoid=\"VmMO4aRaDT4\" class=\"epyt-gallery-thumb\"><div class=\"epyt-gallery-img-box\"><div class=\"epyt-gallery-img\" style=\"background-image: url(https:\/\/i.ytimg.com\/vi\/VmMO4aRaDT4\/hqdefault.jpg)\"><div class=\"epyt-gallery-playhover\"><img decoding=\"async\" alt=\"play\" class=\"epyt-play-img\" width=\"30\" height=\"23\" src=\"https:\/\/culturasconstructivas.org\/wp-content\/plugins\/youtube-embed-plus\/images\/playhover.png\" data-no-lazy=\"1\" data-skipgform_ajax_framebjll=\"\" \/><div class=\"epyt-gallery-playcrutch\"><\/div><\/div><\/div><\/div><div class=\"epyt-gallery-title\">Michael Lykoudis: Teaching Traditional Architecture and Urbanism in Notre Dame University<\/div><\/div><div tabindex=\"0\" role=\"button\" data-videoid=\"5t3KPjlxq6A\" class=\"epyt-gallery-thumb\"><div class=\"epyt-gallery-img-box\"><div class=\"epyt-gallery-img\" style=\"background-image: url(https:\/\/i.ytimg.com\/vi\/5t3KPjlxq6A\/hqdefault.jpg)\"><div class=\"epyt-gallery-playhover\"><img decoding=\"async\" alt=\"play\" class=\"epyt-play-img\" width=\"30\" height=\"23\" src=\"https:\/\/culturasconstructivas.org\/wp-content\/plugins\/youtube-embed-plus\/images\/playhover.png\" data-no-lazy=\"1\" data-skipgform_ajax_framebjll=\"\" \/><div class=\"epyt-gallery-playcrutch\"><\/div><\/div><\/div><\/div><div class=\"epyt-gallery-title\">Leon Krier: Presentaci\u00f3n del Libro La Arquitectura de la Comunidad<\/div><\/div><div tabindex=\"0\" role=\"button\" data-videoid=\"4dRHNQK9_gQ\" class=\"epyt-gallery-thumb\"><div class=\"epyt-gallery-img-box\"><div class=\"epyt-gallery-img\" style=\"background-image: url(https:\/\/i.ytimg.com\/vi\/4dRHNQK9_gQ\/hqdefault.jpg)\"><div class=\"epyt-gallery-playhover\"><img decoding=\"async\" alt=\"play\" class=\"epyt-play-img\" width=\"30\" height=\"23\" src=\"https:\/\/culturasconstructivas.org\/wp-content\/plugins\/youtube-embed-plus\/images\/playhover.png\" data-no-lazy=\"1\" data-skipgform_ajax_framebjll=\"\" \/><div class=\"epyt-gallery-playcrutch\"><\/div><\/div><\/div><\/div><div class=\"epyt-gallery-title\">Lucien Steil: Presentaci\u00f3n del Libro Contemporary Classical Architects<\/div><\/div><div class=\"epyt-gallery-rowbreak\"><\/div><div class=\"epyt-gallery-clear\"><\/div><\/div><div class=\"epyt-pagination \"><div tabindex=\"0\" role=\"button\" class=\"epyt-pagebutton epyt-prev  hide \" data-playlistid=\"PLxAki7qTTYrSdM8kpsn_LUPgaiEsDwejv\" data-pagesize=\"6\" data-pagetoken=\"\" data-epcolumns=\"3\" data-showtitle=\"1\" data-showpaging=\"1\" data-autonext=\"0\" data-thumbplay=\"1\"><div class=\"epyt-arrow\">&laquo;<\/div> <div>Prev<\/div><\/div><div class=\"epyt-pagenumbers \"><div class=\"epyt-current\">1<\/div><div class=\"epyt-pageseparator\"> \/ <\/div><div class=\"epyt-totalpages\">3<\/div><\/div><div tabindex=\"0\" role=\"button\" class=\"epyt-pagebutton epyt-next\" data-playlistid=\"PLxAki7qTTYrSdM8kpsn_LUPgaiEsDwejv\" data-pagesize=\"6\" data-pagetoken=\"EAAaHlBUOkNBWWlFRFV6TWtKQ01FSTBNakpHUWtNM1JVTQ\" data-epcolumns=\"3\" data-showtitle=\"1\" data-showpaging=\"1\" data-autonext=\"0\" data-thumbplay=\"1\"><div>Next<\/div> <div class=\"epyt-arrow\">&raquo;<\/div><\/div><div class=\"epyt-loader\"><img decoding=\"async\" alt=\"loading\" width=\"16\" height=\"11\" src=\"https:\/\/culturasconstructivas.org\/wp-content\/plugins\/youtube-embed-plus\/images\/gallery-page-loader.gif\"><\/div><\/div><\/div><\/div><\/div>\n\t\t\t\t\t\t<\/div>\n\t\t\t\t<\/div>\n\t\t\t\t\t<\/div>\n\t\t\t\t<\/div>\n\t\t<div class=\"elementor-element elementor-element-83c1fee e-flex e-con-boxed e-con e-parent\" data-id=\"83c1fee\" data-element_type=\"container\" data-e-type=\"container\">\n\t\t\t\t\t<div class=\"e-con-inner\">\n\t\t\t\t<div class=\"elementor-element elementor-element-3d50b82 borde-inferior elementor-widget elementor-widget-heading\" data-id=\"3d50b82\" data-element_type=\"widget\" data-e-type=\"widget\" data-widget_type=\"heading.default\">\n\t\t\t\t<div class=\"elementor-widget-container\">\n\t\t\t\t\t<h2 class=\"elementor-heading-title elementor-size-default\">Teoria da Arquitetura<\/h2>\t\t\t\t<\/div>\n\t\t\t\t<\/div>\n\t\t\t\t<div class=\"elementor-element elementor-element-8264907 elementor-widget elementor-widget-shortcode\" data-id=\"8264907\" data-element_type=\"widget\" data-e-type=\"widget\" data-widget_type=\"shortcode.default\">\n\t\t\t\t<div class=\"elementor-widget-container\">\n\t\t\t\t\t\t\t<div class=\"elementor-shortcode\"><div class=\"epyt-gallery\" data-currpage=\"1\" id=\"epyt_gallery_76457\"><figure class=\"wp-block-embed wp-block-embed-youtube is-type-video is-provider-youtube epyt-figure\"><div class=\"wp-block-embed__wrapper\"><div  id=\"_ytid_18534\"  width=\"800\" height=\"450\"  data-origwidth=\"800\" data-origheight=\"450\"  data-relstop=\"1\" data-facadesrc=\"https:\/\/www.youtube.com\/embed\/TNRVJS5I2L0?enablejsapi=1&autoplay=0&cc_load_policy=0&cc_lang_pref=&iv_load_policy=1&loop=0&rel=0&fs=1&playsinline=0&autohide=2&theme=dark&color=red&controls=1&disablekb=0&\" class=\"__youtube_prefs__ epyt-facade no-lazyload\" data-epytgalleryid=\"epyt_gallery_76457\"  data-epautoplay=\"1\" ><img decoding=\"async\" data-spai-excluded=\"true\" class=\"epyt-facade-poster skip-lazy\" loading=\"lazy\"  alt=\"YouTube player\"  src=\"https:\/\/i.ytimg.com\/vi\/TNRVJS5I2L0\/maxresdefault.jpg\"  \/><button class=\"epyt-facade-play\" aria-label=\"Play\"><svg data-no-lazy=\"1\" height=\"100%\" version=\"1.1\" viewBox=\"0 0 68 48\" width=\"100%\"><path class=\"ytp-large-play-button-bg\" d=\"M66.52,7.74c-0.78-2.93-2.49-5.41-5.42-6.19C55.79,.13,34,0,34,0S12.21,.13,6.9,1.55 C3.97,2.33,2.27,4.81,1.48,7.74C0.06,13.05,0,24,0,24s0.06,10.95,1.48,16.26c0.78,2.93,2.49,5.41,5.42,6.19 C12.21,47.87,34,48,34,48s21.79-0.13,27.1-1.55c2.93-0.78,4.64-3.26,5.42-6.19C67.94,34.95,68,24,68,24S67.94,13.05,66.52,7.74z\" fill=\"#f00\"><\/path><path d=\"M 45,24 27,14 27,34\" fill=\"#fff\"><\/path><\/svg><\/button><\/div><\/div><\/figure><div class=\"epyt-gallery-list\"><div class=\"epyt-pagination \"><div tabindex=\"0\" role=\"button\" class=\"epyt-pagebutton epyt-prev  hide \" data-playlistid=\"PLxAki7qTTYrQwIZckQ-30Qt3iKLkBaYtk\" data-pagesize=\"6\" data-pagetoken=\"\" data-epcolumns=\"3\" data-showtitle=\"1\" data-showpaging=\"1\" data-autonext=\"0\" data-thumbplay=\"1\"><div class=\"epyt-arrow\">&laquo;<\/div> <div>Prev<\/div><\/div><div class=\"epyt-pagenumbers \"><div class=\"epyt-current\">1<\/div><div class=\"epyt-pageseparator\"> \/ <\/div><div class=\"epyt-totalpages\">5<\/div><\/div><div tabindex=\"0\" role=\"button\" class=\"epyt-pagebutton epyt-next\" data-playlistid=\"PLxAki7qTTYrQwIZckQ-30Qt3iKLkBaYtk\" data-pagesize=\"6\" data-pagetoken=\"EAAaHlBUOkNBWWlFRFV6TWtKQ01FSTBNakpHUWtNM1JVTQ\" data-epcolumns=\"3\" data-showtitle=\"1\" data-showpaging=\"1\" data-autonext=\"0\" data-thumbplay=\"1\"><div>Next<\/div> <div class=\"epyt-arrow\">&raquo;<\/div><\/div><div class=\"epyt-loader\"><img decoding=\"async\" alt=\"loading\" width=\"16\" height=\"11\" src=\"https:\/\/culturasconstructivas.org\/wp-content\/plugins\/youtube-embed-plus\/images\/gallery-page-loader.gif\"><\/div><\/div><div class=\"epyt-gallery-allthumbs  epyt-cols-3 \"><div tabindex=\"0\" role=\"button\" data-videoid=\"TNRVJS5I2L0\" class=\"epyt-gallery-thumb\"><div class=\"epyt-gallery-img-box\"><div class=\"epyt-gallery-img\" style=\"background-image: url(https:\/\/i.ytimg.com\/vi\/TNRVJS5I2L0\/hqdefault.jpg)\"><div class=\"epyt-gallery-playhover\"><img decoding=\"async\" alt=\"play\" class=\"epyt-play-img\" width=\"30\" height=\"23\" src=\"https:\/\/culturasconstructivas.org\/wp-content\/plugins\/youtube-embed-plus\/images\/playhover.png\" data-no-lazy=\"1\" data-skipgform_ajax_framebjll=\"\" \/><div class=\"epyt-gallery-playcrutch\"><\/div><\/div><\/div><\/div><div class=\"epyt-gallery-title\">Rafael Manzano Martos: El \u00faltimo clasicismo tardoantiguo en Occidente: El Califato de C\u00f3rdoba<\/div><\/div><div tabindex=\"0\" role=\"button\" data-videoid=\"FpkB7QvPCN0\" class=\"epyt-gallery-thumb\"><div class=\"epyt-gallery-img-box\"><div class=\"epyt-gallery-img\" style=\"background-image: url(https:\/\/i.ytimg.com\/vi\/FpkB7QvPCN0\/hqdefault.jpg)\"><div class=\"epyt-gallery-playhover\"><img decoding=\"async\" alt=\"play\" class=\"epyt-play-img\" width=\"30\" height=\"23\" src=\"https:\/\/culturasconstructivas.org\/wp-content\/plugins\/youtube-embed-plus\/images\/playhover.png\" data-no-lazy=\"1\" data-skipgform_ajax_framebjll=\"\" \/><div class=\"epyt-gallery-playcrutch\"><\/div><\/div><\/div><\/div><div class=\"epyt-gallery-title\">Leon Krier: The fear of backwardness<\/div><\/div><div tabindex=\"0\" role=\"button\" data-videoid=\"j5tXSUrOQE0\" class=\"epyt-gallery-thumb\"><div class=\"epyt-gallery-img-box\"><div class=\"epyt-gallery-img\" style=\"background-image: url(https:\/\/i.ytimg.com\/vi\/j5tXSUrOQE0\/hqdefault.jpg)\"><div class=\"epyt-gallery-playhover\"><img decoding=\"async\" alt=\"play\" class=\"epyt-play-img\" width=\"30\" height=\"23\" src=\"https:\/\/culturasconstructivas.org\/wp-content\/plugins\/youtube-embed-plus\/images\/playhover.png\" data-no-lazy=\"1\" data-skipgform_ajax_framebjll=\"\" \/><div class=\"epyt-gallery-playcrutch\"><\/div><\/div><\/div><\/div><div class=\"epyt-gallery-title\">Rafael Manzano Martos: Presentaci\u00f3n del International Seminar Architecture in the Age of Austerity<\/div><\/div><div class=\"epyt-gallery-rowbreak\"><\/div><div tabindex=\"0\" role=\"button\" data-videoid=\"V3hmkBV2XXA\" class=\"epyt-gallery-thumb\"><div class=\"epyt-gallery-img-box\"><div class=\"epyt-gallery-img\" style=\"background-image: url(https:\/\/i.ytimg.com\/vi\/V3hmkBV2XXA\/hqdefault.jpg)\"><div class=\"epyt-gallery-playhover\"><img decoding=\"async\" alt=\"play\" class=\"epyt-play-img\" width=\"30\" height=\"23\" src=\"https:\/\/culturasconstructivas.org\/wp-content\/plugins\/youtube-embed-plus\/images\/playhover.png\" data-no-lazy=\"1\" data-skipgform_ajax_framebjll=\"\" \/><div class=\"epyt-gallery-playcrutch\"><\/div><\/div><\/div><\/div><div class=\"epyt-gallery-title\">Samir Youn\u00e9s: Presentaci\u00f3n de The Imperfect City y Architects &amp; Mimetic Rivalry<\/div><\/div><div tabindex=\"0\" role=\"button\" data-videoid=\"iCRqcFvdn8o\" class=\"epyt-gallery-thumb\"><div class=\"epyt-gallery-img-box\"><div class=\"epyt-gallery-img\" style=\"background-image: url(https:\/\/i.ytimg.com\/vi\/iCRqcFvdn8o\/hqdefault.jpg)\"><div class=\"epyt-gallery-playhover\"><img decoding=\"async\" alt=\"play\" class=\"epyt-play-img\" width=\"30\" height=\"23\" src=\"https:\/\/culturasconstructivas.org\/wp-content\/plugins\/youtube-embed-plus\/images\/playhover.png\" data-no-lazy=\"1\" data-skipgform_ajax_framebjll=\"\" \/><div class=\"epyt-gallery-playcrutch\"><\/div><\/div><\/div><\/div><div class=\"epyt-gallery-title\">Leon Krier: The Architectural Tuning of Settlements<\/div><\/div><div tabindex=\"0\" role=\"button\" data-videoid=\"5t3KPjlxq6A\" class=\"epyt-gallery-thumb\"><div class=\"epyt-gallery-img-box\"><div class=\"epyt-gallery-img\" style=\"background-image: url(https:\/\/i.ytimg.com\/vi\/5t3KPjlxq6A\/hqdefault.jpg)\"><div class=\"epyt-gallery-playhover\"><img decoding=\"async\" alt=\"play\" class=\"epyt-play-img\" width=\"30\" height=\"23\" src=\"https:\/\/culturasconstructivas.org\/wp-content\/plugins\/youtube-embed-plus\/images\/playhover.png\" data-no-lazy=\"1\" data-skipgform_ajax_framebjll=\"\" \/><div class=\"epyt-gallery-playcrutch\"><\/div><\/div><\/div><\/div><div class=\"epyt-gallery-title\">Leon Krier: Presentaci\u00f3n del Libro La Arquitectura de la Comunidad<\/div><\/div><div class=\"epyt-gallery-rowbreak\"><\/div><div class=\"epyt-gallery-clear\"><\/div><\/div><div class=\"epyt-pagination \"><div tabindex=\"0\" role=\"button\" class=\"epyt-pagebutton epyt-prev  hide \" data-playlistid=\"PLxAki7qTTYrQwIZckQ-30Qt3iKLkBaYtk\" data-pagesize=\"6\" data-pagetoken=\"\" data-epcolumns=\"3\" data-showtitle=\"1\" data-showpaging=\"1\" data-autonext=\"0\" data-thumbplay=\"1\"><div class=\"epyt-arrow\">&laquo;<\/div> <div>Prev<\/div><\/div><div class=\"epyt-pagenumbers \"><div class=\"epyt-current\">1<\/div><div class=\"epyt-pageseparator\"> \/ <\/div><div class=\"epyt-totalpages\">5<\/div><\/div><div tabindex=\"0\" role=\"button\" class=\"epyt-pagebutton epyt-next\" data-playlistid=\"PLxAki7qTTYrQwIZckQ-30Qt3iKLkBaYtk\" data-pagesize=\"6\" data-pagetoken=\"EAAaHlBUOkNBWWlFRFV6TWtKQ01FSTBNakpHUWtNM1JVTQ\" data-epcolumns=\"3\" data-showtitle=\"1\" data-showpaging=\"1\" data-autonext=\"0\" data-thumbplay=\"1\"><div>Next<\/div> <div class=\"epyt-arrow\">&raquo;<\/div><\/div><div class=\"epyt-loader\"><img decoding=\"async\" alt=\"loading\" width=\"16\" height=\"11\" src=\"https:\/\/culturasconstructivas.org\/wp-content\/plugins\/youtube-embed-plus\/images\/gallery-page-loader.gif\"><\/div><\/div><\/div><\/div><\/div>\n\t\t\t\t\t\t<\/div>\n\t\t\t\t<\/div>\n\t\t\t\t\t<\/div>\n\t\t\t\t<\/div>\n\t\t<div class=\"elementor-element elementor-element-c42037a e-flex e-con-boxed e-con e-parent\" data-id=\"c42037a\" data-element_type=\"container\" data-e-type=\"container\">\n\t\t\t\t\t<div class=\"e-con-inner\">\n\t\t\t\t<div class=\"elementor-element elementor-element-589dea4 borde-inferior elementor-widget elementor-widget-heading\" data-id=\"589dea4\" data-element_type=\"widget\" data-e-type=\"widget\" data-widget_type=\"heading.default\">\n\t\t\t\t<div class=\"elementor-widget-container\">\n\t\t\t\t\t<h2 class=\"elementor-heading-title elementor-size-default\">Restaura\u00e7\u00e3o de edif\u00edcios hist\u00f3ricos<\/h2>\t\t\t\t<\/div>\n\t\t\t\t<\/div>\n\t\t\t\t<div class=\"elementor-element elementor-element-3bea9f4 elementor-widget elementor-widget-shortcode\" data-id=\"3bea9f4\" data-element_type=\"widget\" data-e-type=\"widget\" data-widget_type=\"shortcode.default\">\n\t\t\t\t<div class=\"elementor-widget-container\">\n\t\t\t\t\t\t\t<div class=\"elementor-shortcode\"><div class=\"epyt-gallery\" data-currpage=\"1\" id=\"epyt_gallery_60944\"><figure class=\"wp-block-embed wp-block-embed-youtube is-type-video is-provider-youtube epyt-figure\"><div class=\"wp-block-embed__wrapper\"><div  id=\"_ytid_71014\"  width=\"800\" height=\"450\"  data-origwidth=\"800\" data-origheight=\"450\"  data-relstop=\"1\" data-facadesrc=\"https:\/\/www.youtube.com\/embed\/P3HP9C2D0HI?enablejsapi=1&autoplay=0&cc_load_policy=0&cc_lang_pref=&iv_load_policy=1&loop=0&rel=0&fs=1&playsinline=0&autohide=2&theme=dark&color=red&controls=1&disablekb=0&\" class=\"__youtube_prefs__ epyt-facade no-lazyload\" data-epytgalleryid=\"epyt_gallery_60944\"  data-epautoplay=\"1\" ><img decoding=\"async\" data-spai-excluded=\"true\" class=\"epyt-facade-poster skip-lazy\" loading=\"lazy\"  alt=\"YouTube player\"  src=\"https:\/\/i.ytimg.com\/vi\/P3HP9C2D0HI\/maxresdefault.jpg\"  \/><button class=\"epyt-facade-play\" aria-label=\"Play\"><svg data-no-lazy=\"1\" height=\"100%\" version=\"1.1\" viewBox=\"0 0 68 48\" width=\"100%\"><path class=\"ytp-large-play-button-bg\" d=\"M66.52,7.74c-0.78-2.93-2.49-5.41-5.42-6.19C55.79,.13,34,0,34,0S12.21,.13,6.9,1.55 C3.97,2.33,2.27,4.81,1.48,7.74C0.06,13.05,0,24,0,24s0.06,10.95,1.48,16.26c0.78,2.93,2.49,5.41,5.42,6.19 C12.21,47.87,34,48,34,48s21.79-0.13,27.1-1.55c2.93-0.78,4.64-3.26,5.42-6.19C67.94,34.95,68,24,68,24S67.94,13.05,66.52,7.74z\" fill=\"#f00\"><\/path><path d=\"M 45,24 27,14 27,34\" fill=\"#fff\"><\/path><\/svg><\/button><\/div><\/div><\/figure><div class=\"epyt-gallery-list\"><div class=\"epyt-pagination \"><div tabindex=\"0\" role=\"button\" class=\"epyt-pagebutton epyt-prev  hide \" data-playlistid=\"PLxAki7qTTYrSOwPImahfCrNEJ5U99W_xv\" data-pagesize=\"6\" data-pagetoken=\"\" data-epcolumns=\"3\" data-showtitle=\"1\" data-showpaging=\"1\" data-autonext=\"0\" data-thumbplay=\"1\"><div class=\"epyt-arrow\">&laquo;<\/div> <div>Prev<\/div><\/div><div class=\"epyt-pagenumbers \"><div class=\"epyt-current\">1<\/div><div class=\"epyt-pageseparator\"> \/ <\/div><div class=\"epyt-totalpages\">9<\/div><\/div><div tabindex=\"0\" role=\"button\" class=\"epyt-pagebutton epyt-next\" data-playlistid=\"PLxAki7qTTYrSOwPImahfCrNEJ5U99W_xv\" data-pagesize=\"6\" data-pagetoken=\"EAAaHlBUOkNBWWlFRFV6TWtKQ01FSTBNakpHUWtNM1JVTQ\" data-epcolumns=\"3\" data-showtitle=\"1\" data-showpaging=\"1\" data-autonext=\"0\" data-thumbplay=\"1\"><div>Next<\/div> <div class=\"epyt-arrow\">&raquo;<\/div><\/div><div class=\"epyt-loader\"><img decoding=\"async\" alt=\"loading\" width=\"16\" height=\"11\" src=\"https:\/\/culturasconstructivas.org\/wp-content\/plugins\/youtube-embed-plus\/images\/gallery-page-loader.gif\"><\/div><\/div><div class=\"epyt-gallery-allthumbs  epyt-cols-3 \"><div tabindex=\"0\" role=\"button\" data-videoid=\"P3HP9C2D0HI\" class=\"epyt-gallery-thumb\"><div class=\"epyt-gallery-img-box\"><div class=\"epyt-gallery-img\" style=\"background-image: url(https:\/\/i.ytimg.com\/vi\/P3HP9C2D0HI\/hqdefault.jpg)\"><div class=\"epyt-gallery-playhover\"><img decoding=\"async\" alt=\"play\" class=\"epyt-play-img\" width=\"30\" height=\"23\" src=\"https:\/\/culturasconstructivas.org\/wp-content\/plugins\/youtube-embed-plus\/images\/playhover.png\" data-no-lazy=\"1\" data-skipgform_ajax_framebjll=\"\" \/><div class=\"epyt-gallery-playcrutch\"><\/div><\/div><\/div><\/div><div class=\"epyt-gallery-title\">Premio Rafael Manzano 2020: Fernando Mart\u00edn Sanju\u00e1n<\/div><\/div><div tabindex=\"0\" role=\"button\" data-videoid=\"MBSnsQQJVg4\" class=\"epyt-gallery-thumb\"><div class=\"epyt-gallery-img-box\"><div class=\"epyt-gallery-img\" style=\"background-image: url(https:\/\/i.ytimg.com\/vi\/MBSnsQQJVg4\/hqdefault.jpg)\"><div class=\"epyt-gallery-playhover\"><img decoding=\"async\" alt=\"play\" class=\"epyt-play-img\" width=\"30\" height=\"23\" src=\"https:\/\/culturasconstructivas.org\/wp-content\/plugins\/youtube-embed-plus\/images\/playhover.png\" data-no-lazy=\"1\" data-skipgform_ajax_framebjll=\"\" \/><div class=\"epyt-gallery-playcrutch\"><\/div><\/div><\/div><\/div><div class=\"epyt-gallery-title\">Ignacio Medina y Luis Fernando G\u00f3mez-Stern: Premio Rafael Manzano Martos 2013<\/div><\/div><div tabindex=\"0\" role=\"button\" data-videoid=\"m_uMpv9z8E0\" class=\"epyt-gallery-thumb\"><div class=\"epyt-gallery-img-box\"><div class=\"epyt-gallery-img\" style=\"background-image: url(https:\/\/i.ytimg.com\/vi\/m_uMpv9z8E0\/hqdefault.jpg)\"><div class=\"epyt-gallery-playhover\"><img decoding=\"async\" alt=\"play\" class=\"epyt-play-img\" width=\"30\" height=\"23\" src=\"https:\/\/culturasconstructivas.org\/wp-content\/plugins\/youtube-embed-plus\/images\/playhover.png\" data-no-lazy=\"1\" data-skipgform_ajax_framebjll=\"\" \/><div class=\"epyt-gallery-playcrutch\"><\/div><\/div><\/div><\/div><div class=\"epyt-gallery-title\">Leopoldo Gil Cornet: Roncesvalles, un hospital en el camino<\/div><\/div><div class=\"epyt-gallery-rowbreak\"><\/div><div tabindex=\"0\" role=\"button\" data-videoid=\"thKzpQYOCQU\" class=\"epyt-gallery-thumb\"><div class=\"epyt-gallery-img-box\"><div class=\"epyt-gallery-img\" style=\"background-image: url(https:\/\/i.ytimg.com\/vi\/thKzpQYOCQU\/hqdefault.jpg)\"><div class=\"epyt-gallery-playhover\"><img decoding=\"async\" alt=\"play\" class=\"epyt-play-img\" width=\"30\" height=\"23\" src=\"https:\/\/culturasconstructivas.org\/wp-content\/plugins\/youtube-embed-plus\/images\/playhover.png\" data-no-lazy=\"1\" data-skipgform_ajax_framebjll=\"\" \/><div class=\"epyt-gallery-playcrutch\"><\/div><\/div><\/div><\/div><div class=\"epyt-gallery-title\">Antonio Almagro: Luces y sombras en la pr\u00e1ctica de la restauraci\u00f3n en Espa\u00f1a<\/div><\/div><div tabindex=\"0\" role=\"button\" data-videoid=\"z_aMsJcC4Uw\" class=\"epyt-gallery-thumb\"><div class=\"epyt-gallery-img-box\"><div class=\"epyt-gallery-img\" style=\"background-image: url(https:\/\/i.ytimg.com\/vi\/z_aMsJcC4Uw\/hqdefault.jpg)\"><div class=\"epyt-gallery-playhover\"><img decoding=\"async\" alt=\"play\" class=\"epyt-play-img\" width=\"30\" height=\"23\" src=\"https:\/\/culturasconstructivas.org\/wp-content\/plugins\/youtube-embed-plus\/images\/playhover.png\" data-no-lazy=\"1\" data-skipgform_ajax_framebjll=\"\" \/><div class=\"epyt-gallery-playcrutch\"><\/div><\/div><\/div><\/div><div class=\"epyt-gallery-title\">Carlos S\u00e1nchez: La transformaci\u00f3n del Patio de los Leones de la Alhambra de Granada<\/div><\/div><div tabindex=\"0\" role=\"button\" data-videoid=\"aDeApVd4zq4\" class=\"epyt-gallery-thumb\"><div class=\"epyt-gallery-img-box\"><div class=\"epyt-gallery-img\" style=\"background-image: url(https:\/\/i.ytimg.com\/vi\/aDeApVd4zq4\/hqdefault.jpg)\"><div class=\"epyt-gallery-playhover\"><img decoding=\"async\" alt=\"play\" class=\"epyt-play-img\" width=\"30\" height=\"23\" src=\"https:\/\/culturasconstructivas.org\/wp-content\/plugins\/youtube-embed-plus\/images\/playhover.png\" data-no-lazy=\"1\" data-skipgform_ajax_framebjll=\"\" \/><div class=\"epyt-gallery-playcrutch\"><\/div><\/div><\/div><\/div><div class=\"epyt-gallery-title\">Leopoldo Gil Cornet: Trabajos de Restauraci\u00f3n en la Real Colegiata de Roncesvalles (Navarra)<\/div><\/div><div class=\"epyt-gallery-rowbreak\"><\/div><div class=\"epyt-gallery-clear\"><\/div><\/div><div class=\"epyt-pagination \"><div tabindex=\"0\" role=\"button\" class=\"epyt-pagebutton epyt-prev  hide \" data-playlistid=\"PLxAki7qTTYrSOwPImahfCrNEJ5U99W_xv\" data-pagesize=\"6\" data-pagetoken=\"\" data-epcolumns=\"3\" data-showtitle=\"1\" data-showpaging=\"1\" data-autonext=\"0\" data-thumbplay=\"1\"><div class=\"epyt-arrow\">&laquo;<\/div> <div>Prev<\/div><\/div><div class=\"epyt-pagenumbers \"><div class=\"epyt-current\">1<\/div><div class=\"epyt-pageseparator\"> \/ <\/div><div class=\"epyt-totalpages\">9<\/div><\/div><div tabindex=\"0\" role=\"button\" class=\"epyt-pagebutton epyt-next\" data-playlistid=\"PLxAki7qTTYrSOwPImahfCrNEJ5U99W_xv\" data-pagesize=\"6\" data-pagetoken=\"EAAaHlBUOkNBWWlFRFV6TWtKQ01FSTBNakpHUWtNM1JVTQ\" data-epcolumns=\"3\" data-showtitle=\"1\" data-showpaging=\"1\" data-autonext=\"0\" data-thumbplay=\"1\"><div>Next<\/div> <div class=\"epyt-arrow\">&raquo;<\/div><\/div><div class=\"epyt-loader\"><img decoding=\"async\" alt=\"loading\" width=\"16\" height=\"11\" src=\"https:\/\/culturasconstructivas.org\/wp-content\/plugins\/youtube-embed-plus\/images\/gallery-page-loader.gif\"><\/div><\/div><\/div><\/div><\/div>\n\t\t\t\t\t\t<\/div>\n\t\t\t\t<\/div>\n\t\t\t\t\t<\/div>\n\t\t\t\t<\/div>\n\t\t<div class=\"elementor-element elementor-element-7bed910 e-flex e-con-boxed e-con e-parent\" data-id=\"7bed910\" data-element_type=\"container\" data-e-type=\"container\">\n\t\t\t\t\t<div class=\"e-con-inner\">\n\t\t\t\t<div class=\"elementor-element elementor-element-f3c3b62 borde-inferior elementor-widget elementor-widget-heading\" data-id=\"f3c3b62\" data-element_type=\"widget\" data-e-type=\"widget\" data-widget_type=\"heading.default\">\n\t\t\t\t<div class=\"elementor-widget-container\">\n\t\t\t\t\t<h2 class=\"elementor-heading-title elementor-size-default\">Gest\u00e3o e conserva\u00e7\u00e3o do patrim\u00f3nio cultural<\/h2>\t\t\t\t<\/div>\n\t\t\t\t<\/div>\n\t\t\t\t<div class=\"elementor-element elementor-element-b4ae766 elementor-widget elementor-widget-shortcode\" data-id=\"b4ae766\" data-element_type=\"widget\" data-e-type=\"widget\" data-widget_type=\"shortcode.default\">\n\t\t\t\t<div class=\"elementor-widget-container\">\n\t\t\t\t\t\t\t<div class=\"elementor-shortcode\"><div class=\"epyt-gallery\" data-currpage=\"1\" id=\"epyt_gallery_76926\"><figure class=\"wp-block-embed wp-block-embed-youtube is-type-video is-provider-youtube epyt-figure\"><div class=\"wp-block-embed__wrapper\"><div  id=\"_ytid_55387\"  width=\"800\" height=\"450\"  data-origwidth=\"800\" data-origheight=\"450\"  data-relstop=\"1\" data-facadesrc=\"https:\/\/www.youtube.com\/embed\/z_ZJGGyV2io?enablejsapi=1&autoplay=0&cc_load_policy=0&cc_lang_pref=&iv_load_policy=1&loop=0&rel=0&fs=1&playsinline=0&autohide=2&theme=dark&color=red&controls=1&disablekb=0&\" class=\"__youtube_prefs__ epyt-facade no-lazyload\" data-epytgalleryid=\"epyt_gallery_76926\"  data-epautoplay=\"1\" ><img decoding=\"async\" data-spai-excluded=\"true\" class=\"epyt-facade-poster skip-lazy\" loading=\"lazy\"  alt=\"YouTube player\"  src=\"https:\/\/i.ytimg.com\/vi\/z_ZJGGyV2io\/maxresdefault.jpg\"  \/><button class=\"epyt-facade-play\" aria-label=\"Play\"><svg data-no-lazy=\"1\" height=\"100%\" version=\"1.1\" viewBox=\"0 0 68 48\" width=\"100%\"><path class=\"ytp-large-play-button-bg\" d=\"M66.52,7.74c-0.78-2.93-2.49-5.41-5.42-6.19C55.79,.13,34,0,34,0S12.21,.13,6.9,1.55 C3.97,2.33,2.27,4.81,1.48,7.74C0.06,13.05,0,24,0,24s0.06,10.95,1.48,16.26c0.78,2.93,2.49,5.41,5.42,6.19 C12.21,47.87,34,48,34,48s21.79-0.13,27.1-1.55c2.93-0.78,4.64-3.26,5.42-6.19C67.94,34.95,68,24,68,24S67.94,13.05,66.52,7.74z\" fill=\"#f00\"><\/path><path d=\"M 45,24 27,14 27,34\" fill=\"#fff\"><\/path><\/svg><\/button><\/div><\/div><\/figure><div class=\"epyt-gallery-list\"><div class=\"epyt-pagination \"><div tabindex=\"0\" role=\"button\" class=\"epyt-pagebutton epyt-prev  hide \" data-playlistid=\"PLxAki7qTTYrQjfLtKDSh23__Ep-LrEasd\" data-pagesize=\"6\" data-pagetoken=\"\" data-epcolumns=\"3\" data-showtitle=\"1\" data-showpaging=\"1\" data-autonext=\"0\" data-thumbplay=\"1\"><div class=\"epyt-arrow\">&laquo;<\/div> <div>Prev<\/div><\/div><div class=\"epyt-pagenumbers \"><div class=\"epyt-current\">1<\/div><div class=\"epyt-pageseparator\"> \/ <\/div><div class=\"epyt-totalpages\">3<\/div><\/div><div tabindex=\"0\" role=\"button\" class=\"epyt-pagebutton epyt-next\" data-playlistid=\"PLxAki7qTTYrQjfLtKDSh23__Ep-LrEasd\" data-pagesize=\"6\" data-pagetoken=\"EAAaHlBUOkNBWWlFRFV5TVRVeVFqUTVORFpETWtZM00wWQ\" data-epcolumns=\"3\" data-showtitle=\"1\" data-showpaging=\"1\" data-autonext=\"0\" data-thumbplay=\"1\"><div>Next<\/div> <div class=\"epyt-arrow\">&raquo;<\/div><\/div><div class=\"epyt-loader\"><img decoding=\"async\" alt=\"loading\" width=\"16\" height=\"11\" src=\"https:\/\/culturasconstructivas.org\/wp-content\/plugins\/youtube-embed-plus\/images\/gallery-page-loader.gif\"><\/div><\/div><div class=\"epyt-gallery-allthumbs  epyt-cols-3 \"><div tabindex=\"0\" role=\"button\" data-videoid=\"z_ZJGGyV2io\" class=\"epyt-gallery-thumb\"><div class=\"epyt-gallery-img-box\"><div class=\"epyt-gallery-img\" style=\"background-image: url(https:\/\/i.ytimg.com\/vi\/z_ZJGGyV2io\/hqdefault.jpg)\"><div class=\"epyt-gallery-playhover\"><img decoding=\"async\" alt=\"play\" class=\"epyt-play-img\" width=\"30\" height=\"23\" src=\"https:\/\/culturasconstructivas.org\/wp-content\/plugins\/youtube-embed-plus\/images\/playhover.png\" data-no-lazy=\"1\" data-skipgform_ajax_framebjll=\"\" \/><div class=\"epyt-gallery-playcrutch\"><\/div><\/div><\/div><\/div><div class=\"epyt-gallery-title\">Antonio Almagro y Antonio Jim\u00e9nez, Medalla Richard H Driehaus a la Conservaci\u00f3n del Patrimonio 2019<\/div><\/div><div tabindex=\"0\" role=\"button\" data-videoid=\"p_dA3lRmplU\" class=\"epyt-gallery-thumb\"><div class=\"epyt-gallery-img-box\"><div class=\"epyt-gallery-img\" style=\"background-image: url(https:\/\/i.ytimg.com\/vi\/p_dA3lRmplU\/hqdefault.jpg)\"><div class=\"epyt-gallery-playhover\"><img decoding=\"async\" alt=\"play\" class=\"epyt-play-img\" width=\"30\" height=\"23\" src=\"https:\/\/culturasconstructivas.org\/wp-content\/plugins\/youtube-embed-plus\/images\/playhover.png\" data-no-lazy=\"1\" data-skipgform_ajax_framebjll=\"\" \/><div class=\"epyt-gallery-playcrutch\"><\/div><\/div><\/div><\/div><div class=\"epyt-gallery-title\">Jos\u00e9 Mar\u00eda Ballester, Medalha Richard H. Driehaus  para a Preserva\u00e7\u00e3o do Patrim\u00f3nio 2021<\/div><\/div><div tabindex=\"0\" role=\"button\" data-videoid=\"thKzpQYOCQU\" class=\"epyt-gallery-thumb\"><div class=\"epyt-gallery-img-box\"><div class=\"epyt-gallery-img\" style=\"background-image: url(https:\/\/i.ytimg.com\/vi\/thKzpQYOCQU\/hqdefault.jpg)\"><div class=\"epyt-gallery-playhover\"><img decoding=\"async\" alt=\"play\" class=\"epyt-play-img\" width=\"30\" height=\"23\" src=\"https:\/\/culturasconstructivas.org\/wp-content\/plugins\/youtube-embed-plus\/images\/playhover.png\" data-no-lazy=\"1\" data-skipgform_ajax_framebjll=\"\" \/><div class=\"epyt-gallery-playcrutch\"><\/div><\/div><\/div><\/div><div class=\"epyt-gallery-title\">Antonio Almagro: Luces y sombras en la pr\u00e1ctica de la restauraci\u00f3n en Espa\u00f1a<\/div><\/div><div class=\"epyt-gallery-rowbreak\"><\/div><div tabindex=\"0\" role=\"button\" data-videoid=\"MBSnsQQJVg4\" class=\"epyt-gallery-thumb\"><div class=\"epyt-gallery-img-box\"><div class=\"epyt-gallery-img\" style=\"background-image: url(https:\/\/i.ytimg.com\/vi\/MBSnsQQJVg4\/hqdefault.jpg)\"><div class=\"epyt-gallery-playhover\"><img decoding=\"async\" alt=\"play\" class=\"epyt-play-img\" width=\"30\" height=\"23\" src=\"https:\/\/culturasconstructivas.org\/wp-content\/plugins\/youtube-embed-plus\/images\/playhover.png\" data-no-lazy=\"1\" data-skipgform_ajax_framebjll=\"\" \/><div class=\"epyt-gallery-playcrutch\"><\/div><\/div><\/div><\/div><div class=\"epyt-gallery-title\">Ignacio Medina y Luis Fernando G\u00f3mez-Stern: Premio Rafael Manzano Martos 2013<\/div><\/div><div tabindex=\"0\" role=\"button\" data-videoid=\"-edCJljq61I\" class=\"epyt-gallery-thumb\"><div class=\"epyt-gallery-img-box\"><div class=\"epyt-gallery-img\" style=\"background-image: url(https:\/\/i.ytimg.com\/vi\/-edCJljq61I\/hqdefault.jpg)\"><div class=\"epyt-gallery-playhover\"><img decoding=\"async\" alt=\"play\" class=\"epyt-play-img\" width=\"30\" height=\"23\" src=\"https:\/\/culturasconstructivas.org\/wp-content\/plugins\/youtube-embed-plus\/images\/playhover.png\" data-no-lazy=\"1\" data-skipgform_ajax_framebjll=\"\" \/><div class=\"epyt-gallery-playcrutch\"><\/div><\/div><\/div><\/div><div class=\"epyt-gallery-title\">Jos\u00e9 Luis Garcia Grinda: La Preservaci\u00f3n de la Arquitectura Tradicional en Espa\u00f1a<\/div><\/div><div tabindex=\"0\" role=\"button\" data-videoid=\"dvCinOMQQSY\" class=\"epyt-gallery-thumb\"><div class=\"epyt-gallery-img-box\"><div class=\"epyt-gallery-img\" style=\"background-image: url(https:\/\/i.ytimg.com\/vi\/dvCinOMQQSY\/hqdefault.jpg)\"><div class=\"epyt-gallery-playhover\"><img decoding=\"async\" alt=\"play\" class=\"epyt-play-img\" width=\"30\" height=\"23\" src=\"https:\/\/culturasconstructivas.org\/wp-content\/plugins\/youtube-embed-plus\/images\/playhover.png\" data-no-lazy=\"1\" data-skipgform_ajax_framebjll=\"\" \/><div class=\"epyt-gallery-playcrutch\"><\/div><\/div><\/div><\/div><div class=\"epyt-gallery-title\">Aina R. Serrano Espases: La experiencia mallorquina en la salvaguardia de los oficios tradicionales<\/div><\/div><div class=\"epyt-gallery-rowbreak\"><\/div><div class=\"epyt-gallery-clear\"><\/div><\/div><div class=\"epyt-pagination \"><div tabindex=\"0\" role=\"button\" class=\"epyt-pagebutton epyt-prev  hide \" data-playlistid=\"PLxAki7qTTYrQjfLtKDSh23__Ep-LrEasd\" data-pagesize=\"6\" data-pagetoken=\"\" data-epcolumns=\"3\" data-showtitle=\"1\" data-showpaging=\"1\" data-autonext=\"0\" data-thumbplay=\"1\"><div class=\"epyt-arrow\">&laquo;<\/div> <div>Prev<\/div><\/div><div class=\"epyt-pagenumbers \"><div class=\"epyt-current\">1<\/div><div class=\"epyt-pageseparator\"> \/ <\/div><div class=\"epyt-totalpages\">3<\/div><\/div><div tabindex=\"0\" role=\"button\" class=\"epyt-pagebutton epyt-next\" data-playlistid=\"PLxAki7qTTYrQjfLtKDSh23__Ep-LrEasd\" data-pagesize=\"6\" data-pagetoken=\"EAAaHlBUOkNBWWlFRFV5TVRVeVFqUTVORFpETWtZM00wWQ\" data-epcolumns=\"3\" data-showtitle=\"1\" data-showpaging=\"1\" data-autonext=\"0\" data-thumbplay=\"1\"><div>Next<\/div> <div class=\"epyt-arrow\">&raquo;<\/div><\/div><div class=\"epyt-loader\"><img decoding=\"async\" alt=\"loading\" width=\"16\" height=\"11\" src=\"https:\/\/culturasconstructivas.org\/wp-content\/plugins\/youtube-embed-plus\/images\/gallery-page-loader.gif\"><\/div><\/div><\/div><\/div><\/div>\n\t\t\t\t\t\t<\/div>\n\t\t\t\t<\/div>\n\t\t\t\t\t<\/div>\n\t\t\t\t<\/div>\n\t\t<div class=\"elementor-element elementor-element-88b1ca1 e-flex e-con-boxed e-con e-parent\" data-id=\"88b1ca1\" data-element_type=\"container\" data-e-type=\"container\">\n\t\t\t\t\t<div class=\"e-con-inner\">\n\t\t\t\t<div class=\"elementor-element elementor-element-1393312 borde-inferior elementor-widget elementor-widget-heading\" data-id=\"1393312\" data-element_type=\"widget\" data-e-type=\"widget\" data-widget_type=\"heading.default\">\n\t\t\t\t<div class=\"elementor-widget-container\">\n\t\t\t\t\t<h2 class=\"elementor-heading-title elementor-size-default\">Rafael Manzano Martos<\/h2>\t\t\t\t<\/div>\n\t\t\t\t<\/div>\n\t\t\t\t<div class=\"elementor-element elementor-element-11e79f1 elementor-widget elementor-widget-shortcode\" data-id=\"11e79f1\" data-element_type=\"widget\" data-e-type=\"widget\" data-widget_type=\"shortcode.default\">\n\t\t\t\t<div class=\"elementor-widget-container\">\n\t\t\t\t\t\t\t<div class=\"elementor-shortcode\"><div class=\"epyt-gallery\" data-currpage=\"1\" id=\"epyt_gallery_71164\"><figure class=\"wp-block-embed wp-block-embed-youtube is-type-video is-provider-youtube epyt-figure\"><div class=\"wp-block-embed__wrapper\"><div  id=\"_ytid_38599\"  width=\"800\" height=\"450\"  data-origwidth=\"800\" data-origheight=\"450\"  data-relstop=\"1\" data-facadesrc=\"https:\/\/www.youtube.com\/embed\/Nq5bhQ2GROM?enablejsapi=1&autoplay=0&cc_load_policy=0&cc_lang_pref=&iv_load_policy=1&loop=0&rel=0&fs=1&playsinline=0&autohide=2&theme=dark&color=red&controls=1&disablekb=0&\" class=\"__youtube_prefs__ epyt-facade no-lazyload\" data-epytgalleryid=\"epyt_gallery_71164\"  data-epautoplay=\"1\" ><img decoding=\"async\" data-spai-excluded=\"true\" class=\"epyt-facade-poster skip-lazy\" loading=\"lazy\"  alt=\"YouTube player\"  src=\"https:\/\/i.ytimg.com\/vi\/Nq5bhQ2GROM\/maxresdefault.jpg\"  \/><button class=\"epyt-facade-play\" aria-label=\"Play\"><svg data-no-lazy=\"1\" height=\"100%\" version=\"1.1\" viewBox=\"0 0 68 48\" width=\"100%\"><path class=\"ytp-large-play-button-bg\" d=\"M66.52,7.74c-0.78-2.93-2.49-5.41-5.42-6.19C55.79,.13,34,0,34,0S12.21,.13,6.9,1.55 C3.97,2.33,2.27,4.81,1.48,7.74C0.06,13.05,0,24,0,24s0.06,10.95,1.48,16.26c0.78,2.93,2.49,5.41,5.42,6.19 C12.21,47.87,34,48,34,48s21.79-0.13,27.1-1.55c2.93-0.78,4.64-3.26,5.42-6.19C67.94,34.95,68,24,68,24S67.94,13.05,66.52,7.74z\" fill=\"#f00\"><\/path><path d=\"M 45,24 27,14 27,34\" fill=\"#fff\"><\/path><\/svg><\/button><\/div><\/div><\/figure><div class=\"epyt-gallery-list\"><div class=\"epyt-pagination \"><div tabindex=\"0\" role=\"button\" class=\"epyt-pagebutton epyt-prev  hide \" data-playlistid=\"PLxAki7qTTYrRtxyKBUiBg-l0Bs8xcAH57\" data-pagesize=\"6\" data-pagetoken=\"\" data-epcolumns=\"3\" data-showtitle=\"1\" data-showpaging=\"1\" data-autonext=\"0\" data-thumbplay=\"1\"><div class=\"epyt-arrow\">&laquo;<\/div> <div>Prev<\/div><\/div><div class=\"epyt-pagenumbers hide\"><div class=\"epyt-current\">1<\/div><div class=\"epyt-pageseparator\"> \/ <\/div><div class=\"epyt-totalpages\">1<\/div><\/div><div tabindex=\"0\" role=\"button\" class=\"epyt-pagebutton epyt-next hide \" data-playlistid=\"PLxAki7qTTYrRtxyKBUiBg-l0Bs8xcAH57\" data-pagesize=\"6\" data-pagetoken=\"\" data-epcolumns=\"3\" data-showtitle=\"1\" data-showpaging=\"1\" data-autonext=\"0\" data-thumbplay=\"1\"><div>Next<\/div> <div class=\"epyt-arrow\">&raquo;<\/div><\/div><div class=\"epyt-loader\"><img decoding=\"async\" alt=\"loading\" width=\"16\" height=\"11\" src=\"https:\/\/culturasconstructivas.org\/wp-content\/plugins\/youtube-embed-plus\/images\/gallery-page-loader.gif\"><\/div><\/div><div class=\"epyt-gallery-allthumbs  epyt-cols-3 \"><div tabindex=\"0\" role=\"button\" data-videoid=\"Nq5bhQ2GROM\" class=\"epyt-gallery-thumb\"><div class=\"epyt-gallery-img-box\"><div class=\"epyt-gallery-img\" style=\"background-image: url(https:\/\/i.ytimg.com\/vi\/Nq5bhQ2GROM\/hqdefault.jpg)\"><div class=\"epyt-gallery-playhover\"><img decoding=\"async\" alt=\"play\" class=\"epyt-play-img\" width=\"30\" height=\"23\" src=\"https:\/\/culturasconstructivas.org\/wp-content\/plugins\/youtube-embed-plus\/images\/playhover.png\" data-no-lazy=\"1\" data-skipgform_ajax_framebjll=\"\" \/><div class=\"epyt-gallery-playcrutch\"><\/div><\/div><\/div><\/div><div class=\"epyt-gallery-title\">Roy John and Juan Carlos Cham: Letan\u00eda, Documentation of the retablos of San Agustin Church, Manila<\/div><\/div><div tabindex=\"0\" role=\"button\" data-videoid=\"RvLf3EnrXIg\" class=\"epyt-gallery-thumb\"><div class=\"epyt-gallery-img-box\"><div class=\"epyt-gallery-img\" style=\"background-image: url(https:\/\/i.ytimg.com\/vi\/RvLf3EnrXIg\/hqdefault.jpg)\"><div class=\"epyt-gallery-playhover\"><img decoding=\"async\" alt=\"play\" class=\"epyt-play-img\" width=\"30\" height=\"23\" src=\"https:\/\/culturasconstructivas.org\/wp-content\/plugins\/youtube-embed-plus\/images\/playhover.png\" data-no-lazy=\"1\" data-skipgform_ajax_framebjll=\"\" \/><div class=\"epyt-gallery-playcrutch\"><\/div><\/div><\/div><\/div><div class=\"epyt-gallery-title\">Francisco Javier Castilla: Los palomares como elemento caracter\u00edstico de la arquitectura tradicional<\/div><\/div><div tabindex=\"0\" role=\"button\" data-videoid=\"kRJt5SUcL8k\" class=\"epyt-gallery-thumb\"><div class=\"epyt-gallery-img-box\"><div class=\"epyt-gallery-img\" style=\"background-image: url(https:\/\/i.ytimg.com\/vi\/kRJt5SUcL8k\/hqdefault.jpg)\"><div class=\"epyt-gallery-playhover\"><img decoding=\"async\" alt=\"play\" class=\"epyt-play-img\" width=\"30\" height=\"23\" src=\"https:\/\/culturasconstructivas.org\/wp-content\/plugins\/youtube-embed-plus\/images\/playhover.png\" data-no-lazy=\"1\" data-skipgform_ajax_framebjll=\"\" \/><div class=\"epyt-gallery-playcrutch\"><\/div><\/div><\/div><\/div><div class=\"epyt-gallery-title\">Martin Hor\u00e1\u010dek: Protecting life, The common goals of nature reserves &amp; architectural heritage sites<\/div><\/div><div class=\"epyt-gallery-rowbreak\"><\/div><div tabindex=\"0\" role=\"button\" data-videoid=\"U8bsKrgxAOs\" class=\"epyt-gallery-thumb\"><div class=\"epyt-gallery-img-box\"><div class=\"epyt-gallery-img\" style=\"background-image: url(https:\/\/i.ytimg.com\/vi\/U8bsKrgxAOs\/hqdefault.jpg)\"><div class=\"epyt-gallery-playhover\"><img decoding=\"async\" alt=\"play\" class=\"epyt-play-img\" width=\"30\" height=\"23\" src=\"https:\/\/culturasconstructivas.org\/wp-content\/plugins\/youtube-embed-plus\/images\/playhover.png\" data-no-lazy=\"1\" data-skipgform_ajax_framebjll=\"\" \/><div class=\"epyt-gallery-playcrutch\"><\/div><\/div><\/div><\/div><div class=\"epyt-gallery-title\">Nadia Campadelli: Historical-Architectural Research of the Vittoria Square, Brescia<\/div><\/div><div tabindex=\"0\" role=\"button\" data-videoid=\"3lBy2VPZbiU\" class=\"epyt-gallery-thumb\"><div class=\"epyt-gallery-img-box\"><div class=\"epyt-gallery-img\" style=\"background-image: url(https:\/\/i.ytimg.com\/vi\/3lBy2VPZbiU\/hqdefault.jpg)\"><div class=\"epyt-gallery-playhover\"><img decoding=\"async\" alt=\"play\" class=\"epyt-play-img\" width=\"30\" height=\"23\" src=\"https:\/\/culturasconstructivas.org\/wp-content\/plugins\/youtube-embed-plus\/images\/playhover.png\" data-no-lazy=\"1\" data-skipgform_ajax_framebjll=\"\" \/><div class=\"epyt-gallery-playcrutch\"><\/div><\/div><\/div><\/div><div class=\"epyt-gallery-title\">Fernando Vela Coss\u00edo: El desarrollo del Regionalismo en la arquitectura espa\u00f1ola<\/div><\/div><div tabindex=\"0\" role=\"button\" data-videoid=\"zwXUTIZsDoY\" class=\"epyt-gallery-thumb\"><div class=\"epyt-gallery-img-box\"><div class=\"epyt-gallery-img\" style=\"background-image: url(https:\/\/i.ytimg.com\/vi\/zwXUTIZsDoY\/hqdefault.jpg)\"><div class=\"epyt-gallery-playhover\"><img decoding=\"async\" alt=\"play\" class=\"epyt-play-img\" width=\"30\" height=\"23\" src=\"https:\/\/culturasconstructivas.org\/wp-content\/plugins\/youtube-embed-plus\/images\/playhover.png\" data-no-lazy=\"1\" data-skipgform_ajax_framebjll=\"\" \/><div class=\"epyt-gallery-playcrutch\"><\/div><\/div><\/div><\/div><div class=\"epyt-gallery-title\">Jes\u00fas Garc\u00eda Calder\u00f3n: La Reconstrucci\u00f3n de la Ciudad Hist\u00f3rica Documentada<\/div><\/div><div class=\"epyt-gallery-rowbreak\"><\/div><div class=\"epyt-gallery-clear\"><\/div><\/div><div class=\"epyt-pagination \"><div tabindex=\"0\" role=\"button\" class=\"epyt-pagebutton epyt-prev  hide \" data-playlistid=\"PLxAki7qTTYrRtxyKBUiBg-l0Bs8xcAH57\" data-pagesize=\"6\" data-pagetoken=\"\" data-epcolumns=\"3\" data-showtitle=\"1\" data-showpaging=\"1\" data-autonext=\"0\" data-thumbplay=\"1\"><div class=\"epyt-arrow\">&laquo;<\/div> <div>Prev<\/div><\/div><div class=\"epyt-pagenumbers hide\"><div class=\"epyt-current\">1<\/div><div class=\"epyt-pageseparator\"> \/ <\/div><div class=\"epyt-totalpages\">1<\/div><\/div><div tabindex=\"0\" role=\"button\" class=\"epyt-pagebutton epyt-next hide \" data-playlistid=\"PLxAki7qTTYrRtxyKBUiBg-l0Bs8xcAH57\" data-pagesize=\"6\" data-pagetoken=\"\" data-epcolumns=\"3\" data-showtitle=\"1\" data-showpaging=\"1\" data-autonext=\"0\" data-thumbplay=\"1\"><div>Next<\/div> <div class=\"epyt-arrow\">&raquo;<\/div><\/div><div class=\"epyt-loader\"><img decoding=\"async\" alt=\"loading\" width=\"16\" height=\"11\" src=\"https:\/\/culturasconstructivas.org\/wp-content\/plugins\/youtube-embed-plus\/images\/gallery-page-loader.gif\"><\/div><\/div><\/div><\/div><\/div>\n\t\t\t\t\t\t<\/div>\n\t\t\t\t<\/div>\n\t\t\t\t\t<\/div>\n\t\t\t\t<\/div>\n\t\t<div class=\"elementor-element elementor-element-2541aa1 e-flex e-con-boxed e-con e-parent\" data-id=\"2541aa1\" data-element_type=\"container\" data-e-type=\"container\">\n\t\t\t\t\t<div class=\"e-con-inner\">\n\t\t\t\t<div class=\"elementor-element elementor-element-783ad69 borde-inferior elementor-widget elementor-widget-heading\" data-id=\"783ad69\" data-element_type=\"widget\" data-e-type=\"widget\" data-widget_type=\"heading.default\">\n\t\t\t\t<div class=\"elementor-widget-container\">\n\t\t\t\t\t<h2 class=\"elementor-heading-title elementor-size-default\">Arcos, ab\u00f3badas e outras obras de alvenaria e de cantaria<\/h2>\t\t\t\t<\/div>\n\t\t\t\t<\/div>\n\t\t\t\t<div class=\"elementor-element elementor-element-c75f553 elementor-widget elementor-widget-shortcode\" data-id=\"c75f553\" data-element_type=\"widget\" data-e-type=\"widget\" data-widget_type=\"shortcode.default\">\n\t\t\t\t<div class=\"elementor-widget-container\">\n\t\t\t\t\t\t\t<div class=\"elementor-shortcode\"><div class=\"epyt-gallery\" data-currpage=\"1\" id=\"epyt_gallery_81295\"><figure class=\"wp-block-embed wp-block-embed-youtube is-type-video is-provider-youtube epyt-figure\"><div class=\"wp-block-embed__wrapper\"><div  id=\"_ytid_10577\"  width=\"800\" height=\"450\"  data-origwidth=\"800\" data-origheight=\"450\"  data-relstop=\"1\" data-facadesrc=\"https:\/\/www.youtube.com\/embed\/9MR0I3tYL6o?enablejsapi=1&autoplay=0&cc_load_policy=0&cc_lang_pref=&iv_load_policy=1&loop=0&rel=0&fs=1&playsinline=0&autohide=2&theme=dark&color=red&controls=1&disablekb=0&\" class=\"__youtube_prefs__ epyt-facade no-lazyload\" data-epytgalleryid=\"epyt_gallery_81295\"  data-epautoplay=\"1\" ><img decoding=\"async\" data-spai-excluded=\"true\" class=\"epyt-facade-poster skip-lazy\" loading=\"lazy\"  alt=\"YouTube player\"  src=\"https:\/\/i.ytimg.com\/vi\/9MR0I3tYL6o\/maxresdefault.jpg\"  \/><button class=\"epyt-facade-play\" aria-label=\"Play\"><svg data-no-lazy=\"1\" height=\"100%\" version=\"1.1\" viewBox=\"0 0 68 48\" width=\"100%\"><path class=\"ytp-large-play-button-bg\" d=\"M66.52,7.74c-0.78-2.93-2.49-5.41-5.42-6.19C55.79,.13,34,0,34,0S12.21,.13,6.9,1.55 C3.97,2.33,2.27,4.81,1.48,7.74C0.06,13.05,0,24,0,24s0.06,10.95,1.48,16.26c0.78,2.93,2.49,5.41,5.42,6.19 C12.21,47.87,34,48,34,48s21.79-0.13,27.1-1.55c2.93-0.78,4.64-3.26,5.42-6.19C67.94,34.95,68,24,68,24S67.94,13.05,66.52,7.74z\" fill=\"#f00\"><\/path><path d=\"M 45,24 27,14 27,34\" fill=\"#fff\"><\/path><\/svg><\/button><\/div><\/div><\/figure><div class=\"epyt-gallery-list\"><div class=\"epyt-pagination \"><div tabindex=\"0\" role=\"button\" class=\"epyt-pagebutton epyt-prev  hide \" data-playlistid=\"PLxAki7qTTYrQUmjSguYjQnpi5HhzR7jSb\" data-pagesize=\"6\" data-pagetoken=\"\" data-epcolumns=\"3\" data-showtitle=\"1\" data-showpaging=\"1\" data-autonext=\"0\" data-thumbplay=\"1\"><div class=\"epyt-arrow\">&laquo;<\/div> <div>Prev<\/div><\/div><div class=\"epyt-pagenumbers \"><div class=\"epyt-current\">1<\/div><div class=\"epyt-pageseparator\"> \/ <\/div><div class=\"epyt-totalpages\">3<\/div><\/div><div tabindex=\"0\" role=\"button\" class=\"epyt-pagebutton epyt-next\" data-playlistid=\"PLxAki7qTTYrQUmjSguYjQnpi5HhzR7jSb\" data-pagesize=\"6\" data-pagetoken=\"EAAaHlBUOkNBWWlFRFUyUWpRMFJqWkVNVEExTlRkRFF6WQ\" data-epcolumns=\"3\" data-showtitle=\"1\" data-showpaging=\"1\" data-autonext=\"0\" data-thumbplay=\"1\"><div>Next<\/div> <div class=\"epyt-arrow\">&raquo;<\/div><\/div><div class=\"epyt-loader\"><img decoding=\"async\" alt=\"loading\" width=\"16\" height=\"11\" src=\"https:\/\/culturasconstructivas.org\/wp-content\/plugins\/youtube-embed-plus\/images\/gallery-page-loader.gif\"><\/div><\/div><div class=\"epyt-gallery-allthumbs  epyt-cols-3 \"><div tabindex=\"0\" role=\"button\" data-videoid=\"9MR0I3tYL6o\" class=\"epyt-gallery-thumb\"><div class=\"epyt-gallery-img-box\"><div class=\"epyt-gallery-img\" style=\"background-image: url(https:\/\/i.ytimg.com\/vi\/9MR0I3tYL6o\/hqdefault.jpg)\"><div class=\"epyt-gallery-playhover\"><img decoding=\"async\" alt=\"play\" class=\"epyt-play-img\" width=\"30\" height=\"23\" src=\"https:\/\/culturasconstructivas.org\/wp-content\/plugins\/youtube-embed-plus\/images\/playhover.png\" data-no-lazy=\"1\" data-skipgform_ajax_framebjll=\"\" \/><div class=\"epyt-gallery-playcrutch\"><\/div><\/div><\/div><\/div><div class=\"epyt-gallery-title\">Enrique Rabasa: Cortes de piedras: el hacer y el pensar<\/div><\/div><div tabindex=\"0\" role=\"button\" data-videoid=\"bIUw3MFmAnM\" class=\"epyt-gallery-thumb\"><div class=\"epyt-gallery-img-box\"><div class=\"epyt-gallery-img\" style=\"background-image: url(https:\/\/i.ytimg.com\/vi\/bIUw3MFmAnM\/hqdefault.jpg)\"><div class=\"epyt-gallery-playhover\"><img decoding=\"async\" alt=\"play\" class=\"epyt-play-img\" width=\"30\" height=\"23\" src=\"https:\/\/culturasconstructivas.org\/wp-content\/plugins\/youtube-embed-plus\/images\/playhover.png\" data-no-lazy=\"1\" data-skipgform_ajax_framebjll=\"\" \/><div class=\"epyt-gallery-playcrutch\"><\/div><\/div><\/div><\/div><div class=\"epyt-gallery-title\">Valeriano Jaurrieta: La Canter\u00eda en la Restauraci\u00f3n<\/div><\/div><div tabindex=\"0\" role=\"button\" data-videoid=\"Bnabge8YmNA\" class=\"epyt-gallery-thumb\"><div class=\"epyt-gallery-img-box\"><div class=\"epyt-gallery-img\" style=\"background-image: url(https:\/\/i.ytimg.com\/vi\/Bnabge8YmNA\/hqdefault.jpg)\"><div class=\"epyt-gallery-playhover\"><img decoding=\"async\" alt=\"play\" class=\"epyt-play-img\" width=\"30\" height=\"23\" src=\"https:\/\/culturasconstructivas.org\/wp-content\/plugins\/youtube-embed-plus\/images\/playhover.png\" data-no-lazy=\"1\" data-skipgform_ajax_framebjll=\"\" \/><div class=\"epyt-gallery-playcrutch\"><\/div><\/div><\/div><\/div><div class=\"epyt-gallery-title\">Salvador Gomis: La Construcci\u00f3n de B\u00f3vedas en el Mundo Actual<\/div><\/div><div class=\"epyt-gallery-rowbreak\"><\/div><div tabindex=\"0\" role=\"button\" data-videoid=\"9Kq4QHds2bU\" class=\"epyt-gallery-thumb\"><div class=\"epyt-gallery-img-box\"><div class=\"epyt-gallery-img\" style=\"background-image: url(https:\/\/i.ytimg.com\/vi\/9Kq4QHds2bU\/hqdefault.jpg)\"><div class=\"epyt-gallery-playhover\"><img decoding=\"async\" alt=\"play\" class=\"epyt-play-img\" width=\"30\" height=\"23\" src=\"https:\/\/culturasconstructivas.org\/wp-content\/plugins\/youtube-embed-plus\/images\/playhover.png\" data-no-lazy=\"1\" data-skipgform_ajax_framebjll=\"\" \/><div class=\"epyt-gallery-playcrutch\"><\/div><\/div><\/div><\/div><div class=\"epyt-gallery-title\">Carlos Mart\u00edn Jim\u00e9nez: Con ladrillo y yeso, se puede<\/div><\/div><div tabindex=\"0\" role=\"button\" data-videoid=\"MqJzZ8zPdig\" class=\"epyt-gallery-thumb\"><div class=\"epyt-gallery-img-box\"><div class=\"epyt-gallery-img\" style=\"background-image: url(https:\/\/i.ytimg.com\/vi\/MqJzZ8zPdig\/hqdefault.jpg)\"><div class=\"epyt-gallery-playhover\"><img decoding=\"async\" alt=\"play\" class=\"epyt-play-img\" width=\"30\" height=\"23\" src=\"https:\/\/culturasconstructivas.org\/wp-content\/plugins\/youtube-embed-plus\/images\/playhover.png\" data-no-lazy=\"1\" data-skipgform_ajax_framebjll=\"\" \/><div class=\"epyt-gallery-playcrutch\"><\/div><\/div><\/div><\/div><div class=\"epyt-gallery-title\">Miguel Sobrino: Labrar la Piedra<\/div><\/div><div tabindex=\"0\" role=\"button\" data-videoid=\"ztWxTpJOYVk\" class=\"epyt-gallery-thumb\"><div class=\"epyt-gallery-img-box\"><div class=\"epyt-gallery-img\" style=\"background-image: url(https:\/\/i.ytimg.com\/vi\/ztWxTpJOYVk\/hqdefault.jpg)\"><div class=\"epyt-gallery-playhover\"><img decoding=\"async\" alt=\"play\" class=\"epyt-play-img\" width=\"30\" height=\"23\" src=\"https:\/\/culturasconstructivas.org\/wp-content\/plugins\/youtube-embed-plus\/images\/playhover.png\" data-no-lazy=\"1\" data-skipgform_ajax_framebjll=\"\" \/><div class=\"epyt-gallery-playcrutch\"><\/div><\/div><\/div><\/div><div class=\"epyt-gallery-title\">Jos\u00e9 Carlos Palacios: Aprender haciendo, el taller de construcci\u00f3n g\u00f3tica de Madrid<\/div><\/div><div class=\"epyt-gallery-rowbreak\"><\/div><div class=\"epyt-gallery-clear\"><\/div><\/div><div class=\"epyt-pagination \"><div tabindex=\"0\" role=\"button\" class=\"epyt-pagebutton epyt-prev  hide \" data-playlistid=\"PLxAki7qTTYrQUmjSguYjQnpi5HhzR7jSb\" data-pagesize=\"6\" data-pagetoken=\"\" data-epcolumns=\"3\" data-showtitle=\"1\" data-showpaging=\"1\" data-autonext=\"0\" data-thumbplay=\"1\"><div class=\"epyt-arrow\">&laquo;<\/div> <div>Prev<\/div><\/div><div class=\"epyt-pagenumbers \"><div class=\"epyt-current\">1<\/div><div class=\"epyt-pageseparator\"> \/ <\/div><div class=\"epyt-totalpages\">3<\/div><\/div><div tabindex=\"0\" role=\"button\" class=\"epyt-pagebutton epyt-next\" data-playlistid=\"PLxAki7qTTYrQUmjSguYjQnpi5HhzR7jSb\" data-pagesize=\"6\" data-pagetoken=\"EAAaHlBUOkNBWWlFRFUyUWpRMFJqWkVNVEExTlRkRFF6WQ\" data-epcolumns=\"3\" data-showtitle=\"1\" data-showpaging=\"1\" data-autonext=\"0\" data-thumbplay=\"1\"><div>Next<\/div> <div class=\"epyt-arrow\">&raquo;<\/div><\/div><div class=\"epyt-loader\"><img decoding=\"async\" alt=\"loading\" width=\"16\" height=\"11\" src=\"https:\/\/culturasconstructivas.org\/wp-content\/plugins\/youtube-embed-plus\/images\/gallery-page-loader.gif\"><\/div><\/div><\/div><\/div><\/div>\n\t\t\t\t\t\t<\/div>\n\t\t\t\t<\/div>\n\t\t\t\t\t<\/div>\n\t\t\t\t<\/div>\n\t\t<div class=\"elementor-element elementor-element-2d16f18 e-flex e-con-boxed e-con e-parent\" data-id=\"2d16f18\" data-element_type=\"container\" data-e-type=\"container\">\n\t\t\t\t\t<div class=\"e-con-inner\">\n\t\t\t\t<div class=\"elementor-element elementor-element-8da2787 borde-inferior elementor-widget elementor-widget-heading\" data-id=\"8da2787\" data-element_type=\"widget\" data-e-type=\"widget\" data-widget_type=\"heading.default\">\n\t\t\t\t<div class=\"elementor-widget-container\">\n\t\t\t\t\t<h2 class=\"elementor-heading-title elementor-size-default\">Revestimentos tradicionais<\/h2>\t\t\t\t<\/div>\n\t\t\t\t<\/div>\n\t\t\t\t<div class=\"elementor-element elementor-element-abdf4e1 elementor-widget elementor-widget-shortcode\" data-id=\"abdf4e1\" data-element_type=\"widget\" data-e-type=\"widget\" data-widget_type=\"shortcode.default\">\n\t\t\t\t<div class=\"elementor-widget-container\">\n\t\t\t\t\t\t\t<div class=\"elementor-shortcode\"><div class=\"epyt-gallery\" data-currpage=\"1\" id=\"epyt_gallery_77656\"><figure class=\"wp-block-embed wp-block-embed-youtube is-type-video is-provider-youtube epyt-figure\"><div class=\"wp-block-embed__wrapper\"><div  id=\"_ytid_39170\"  width=\"800\" height=\"450\"  data-origwidth=\"800\" data-origheight=\"450\"  data-relstop=\"1\" data-facadesrc=\"https:\/\/www.youtube.com\/embed\/N_LdP6fMpmo?enablejsapi=1&autoplay=0&cc_load_policy=0&cc_lang_pref=&iv_load_policy=1&loop=0&rel=0&fs=1&playsinline=0&autohide=2&theme=dark&color=red&controls=1&disablekb=0&\" class=\"__youtube_prefs__ epyt-facade no-lazyload\" data-epytgalleryid=\"epyt_gallery_77656\"  data-epautoplay=\"1\" ><img decoding=\"async\" data-spai-excluded=\"true\" class=\"epyt-facade-poster skip-lazy\" loading=\"lazy\"  alt=\"YouTube player\"  src=\"https:\/\/i.ytimg.com\/vi\/N_LdP6fMpmo\/maxresdefault.jpg\"  \/><button class=\"epyt-facade-play\" aria-label=\"Play\"><svg data-no-lazy=\"1\" height=\"100%\" version=\"1.1\" viewBox=\"0 0 68 48\" width=\"100%\"><path class=\"ytp-large-play-button-bg\" d=\"M66.52,7.74c-0.78-2.93-2.49-5.41-5.42-6.19C55.79,.13,34,0,34,0S12.21,.13,6.9,1.55 C3.97,2.33,2.27,4.81,1.48,7.74C0.06,13.05,0,24,0,24s0.06,10.95,1.48,16.26c0.78,2.93,2.49,5.41,5.42,6.19 C12.21,47.87,34,48,34,48s21.79-0.13,27.1-1.55c2.93-0.78,4.64-3.26,5.42-6.19C67.94,34.95,68,24,68,24S67.94,13.05,66.52,7.74z\" fill=\"#f00\"><\/path><path d=\"M 45,24 27,14 27,34\" fill=\"#fff\"><\/path><\/svg><\/button><\/div><\/div><\/figure><div class=\"epyt-gallery-list\"><div class=\"epyt-pagination \"><div tabindex=\"0\" role=\"button\" class=\"epyt-pagebutton epyt-prev  hide \" data-playlistid=\"PLxAki7qTTYrRobDgcVuzJlPGOudKL0gSa\" data-pagesize=\"6\" data-pagetoken=\"\" data-epcolumns=\"3\" data-showtitle=\"1\" data-showpaging=\"1\" data-autonext=\"0\" data-thumbplay=\"1\"><div class=\"epyt-arrow\">&laquo;<\/div> <div>Prev<\/div><\/div><div class=\"epyt-pagenumbers \"><div class=\"epyt-current\">1<\/div><div class=\"epyt-pageseparator\"> \/ <\/div><div class=\"epyt-totalpages\">2<\/div><\/div><div tabindex=\"0\" role=\"button\" class=\"epyt-pagebutton epyt-next\" data-playlistid=\"PLxAki7qTTYrRobDgcVuzJlPGOudKL0gSa\" data-pagesize=\"6\" data-pagetoken=\"EAAaHlBUOkNBWWlFREk0T1VZMFFUUTJSRVl3UVRNd1JESQ\" data-epcolumns=\"3\" data-showtitle=\"1\" data-showpaging=\"1\" data-autonext=\"0\" data-thumbplay=\"1\"><div>Next<\/div> <div class=\"epyt-arrow\">&raquo;<\/div><\/div><div class=\"epyt-loader\"><img decoding=\"async\" alt=\"loading\" width=\"16\" height=\"11\" src=\"https:\/\/culturasconstructivas.org\/wp-content\/plugins\/youtube-embed-plus\/images\/gallery-page-loader.gif\"><\/div><\/div><div class=\"epyt-gallery-allthumbs  epyt-cols-3 \"><div tabindex=\"0\" role=\"button\" data-videoid=\"N_LdP6fMpmo\" class=\"epyt-gallery-thumb\"><div class=\"epyt-gallery-img-box\"><div class=\"epyt-gallery-img\" style=\"background-image: url(https:\/\/i.ytimg.com\/vi\/N_LdP6fMpmo\/hqdefault.jpg)\"><div class=\"epyt-gallery-playhover\"><img decoding=\"async\" alt=\"play\" class=\"epyt-play-img\" width=\"30\" height=\"23\" src=\"https:\/\/culturasconstructivas.org\/wp-content\/plugins\/youtube-embed-plus\/images\/playhover.png\" data-no-lazy=\"1\" data-skipgform_ajax_framebjll=\"\" \/><div class=\"epyt-gallery-playcrutch\"><\/div><\/div><\/div><\/div><div class=\"epyt-gallery-title\">Luis Prieto: Los ligantes tradicionales, cal, yeso, y la irrupci\u00f3n de \u201cnuevos\u201d materiales<\/div><\/div><div tabindex=\"0\" role=\"button\" data-videoid=\"kN3mTQxJq2k\" class=\"epyt-gallery-thumb\"><div class=\"epyt-gallery-img-box\"><div class=\"epyt-gallery-img\" style=\"background-image: url(https:\/\/i.ytimg.com\/vi\/kN3mTQxJq2k\/hqdefault.jpg)\"><div class=\"epyt-gallery-playhover\"><img decoding=\"async\" alt=\"play\" class=\"epyt-play-img\" width=\"30\" height=\"23\" src=\"https:\/\/culturasconstructivas.org\/wp-content\/plugins\/youtube-embed-plus\/images\/playhover.png\" data-no-lazy=\"1\" data-skipgform_ajax_framebjll=\"\" \/><div class=\"epyt-gallery-playcrutch\"><\/div><\/div><\/div><\/div><div class=\"epyt-gallery-title\">Fatima Quesada: Alizares, reinventando un oficio artesanal para el siglo XXI<\/div><\/div><div tabindex=\"0\" role=\"button\" data-videoid=\"Dye5pC_P6nw\" class=\"epyt-gallery-thumb\"><div class=\"epyt-gallery-img-box\"><div class=\"epyt-gallery-img\" style=\"background-image: url(https:\/\/i.ytimg.com\/vi\/Dye5pC_P6nw\/hqdefault.jpg)\"><div class=\"epyt-gallery-playhover\"><img decoding=\"async\" alt=\"play\" class=\"epyt-play-img\" width=\"30\" height=\"23\" src=\"https:\/\/culturasconstructivas.org\/wp-content\/plugins\/youtube-embed-plus\/images\/playhover.png\" data-no-lazy=\"1\" data-skipgform_ajax_framebjll=\"\" \/><div class=\"epyt-gallery-playcrutch\"><\/div><\/div><\/div><\/div><div class=\"epyt-gallery-title\">Isidoro Gordillo Mesa: El oficio de la cal<\/div><\/div><div class=\"epyt-gallery-rowbreak\"><\/div><div tabindex=\"0\" role=\"button\" data-videoid=\"DXX2EzCLckw\" class=\"epyt-gallery-thumb\"><div class=\"epyt-gallery-img-box\"><div class=\"epyt-gallery-img\" style=\"background-image: url(https:\/\/i.ytimg.com\/vi\/DXX2EzCLckw\/hqdefault.jpg)\"><div class=\"epyt-gallery-playhover\"><img decoding=\"async\" alt=\"play\" class=\"epyt-play-img\" width=\"30\" height=\"23\" src=\"https:\/\/culturasconstructivas.org\/wp-content\/plugins\/youtube-embed-plus\/images\/playhover.png\" data-no-lazy=\"1\" data-skipgform_ajax_framebjll=\"\" \/><div class=\"epyt-gallery-playcrutch\"><\/div><\/div><\/div><\/div><div class=\"epyt-gallery-title\">Vincenzina La Spina: Los oficios del yeso<\/div><\/div><div tabindex=\"0\" role=\"button\" data-videoid=\"sucSo5oVYAc\" class=\"epyt-gallery-thumb\"><div class=\"epyt-gallery-img-box\"><div class=\"epyt-gallery-img\" style=\"background-image: url(https:\/\/i.ytimg.com\/vi\/sucSo5oVYAc\/hqdefault.jpg)\"><div class=\"epyt-gallery-playhover\"><img decoding=\"async\" alt=\"play\" class=\"epyt-play-img\" width=\"30\" height=\"23\" src=\"https:\/\/culturasconstructivas.org\/wp-content\/plugins\/youtube-embed-plus\/images\/playhover.png\" data-no-lazy=\"1\" data-skipgform_ajax_framebjll=\"\" \/><div class=\"epyt-gallery-playcrutch\"><\/div><\/div><\/div><\/div><div class=\"epyt-gallery-title\">Leopoldo Gil Cornet: Restauraci\u00f3n de una torre medieval en el Valle de Bazt\u00e1n, Navarra<\/div><\/div><div tabindex=\"0\" role=\"button\" data-videoid=\"whmUtiaO-dM\" class=\"epyt-gallery-thumb\"><div class=\"epyt-gallery-img-box\"><div class=\"epyt-gallery-img\" style=\"background-image: url(https:\/\/i.ytimg.com\/vi\/whmUtiaO-dM\/hqdefault.jpg)\"><div class=\"epyt-gallery-playhover\"><img decoding=\"async\" alt=\"play\" class=\"epyt-play-img\" width=\"30\" height=\"23\" src=\"https:\/\/culturasconstructivas.org\/wp-content\/plugins\/youtube-embed-plus\/images\/playhover.png\" data-no-lazy=\"1\" data-skipgform_ajax_framebjll=\"\" \/><div class=\"epyt-gallery-playcrutch\"><\/div><\/div><\/div><\/div><div class=\"epyt-gallery-title\">Luis Prieto Prieto: El \u201ctrabadillo\u201d, el matrimonio de la cal y el yeso. Una receta olvidada<\/div><\/div><div class=\"epyt-gallery-rowbreak\"><\/div><div class=\"epyt-gallery-clear\"><\/div><\/div><div class=\"epyt-pagination \"><div tabindex=\"0\" role=\"button\" class=\"epyt-pagebutton epyt-prev  hide \" data-playlistid=\"PLxAki7qTTYrRobDgcVuzJlPGOudKL0gSa\" data-pagesize=\"6\" data-pagetoken=\"\" data-epcolumns=\"3\" data-showtitle=\"1\" data-showpaging=\"1\" data-autonext=\"0\" data-thumbplay=\"1\"><div class=\"epyt-arrow\">&laquo;<\/div> <div>Prev<\/div><\/div><div class=\"epyt-pagenumbers \"><div class=\"epyt-current\">1<\/div><div class=\"epyt-pageseparator\"> \/ <\/div><div class=\"epyt-totalpages\">2<\/div><\/div><div tabindex=\"0\" role=\"button\" class=\"epyt-pagebutton epyt-next\" data-playlistid=\"PLxAki7qTTYrRobDgcVuzJlPGOudKL0gSa\" data-pagesize=\"6\" data-pagetoken=\"EAAaHlBUOkNBWWlFREk0T1VZMFFUUTJSRVl3UVRNd1JESQ\" data-epcolumns=\"3\" data-showtitle=\"1\" data-showpaging=\"1\" data-autonext=\"0\" data-thumbplay=\"1\"><div>Next<\/div> <div class=\"epyt-arrow\">&raquo;<\/div><\/div><div class=\"epyt-loader\"><img decoding=\"async\" alt=\"loading\" width=\"16\" height=\"11\" src=\"https:\/\/culturasconstructivas.org\/wp-content\/plugins\/youtube-embed-plus\/images\/gallery-page-loader.gif\"><\/div><\/div><\/div><\/div><\/div>\n\t\t\t\t\t\t<\/div>\n\t\t\t\t<\/div>\n\t\t\t\t\t<\/div>\n\t\t\t\t<\/div>\n\t\t<div class=\"elementor-element elementor-element-c290fff e-flex e-con-boxed e-con e-parent\" data-id=\"c290fff\" data-element_type=\"container\" data-e-type=\"container\">\n\t\t\t\t\t<div class=\"e-con-inner\">\n\t\t\t\t<div class=\"elementor-element elementor-element-c4cb461 borde-inferior elementor-widget elementor-widget-heading\" data-id=\"c4cb461\" data-element_type=\"widget\" data-e-type=\"widget\" data-widget_type=\"heading.default\">\n\t\t\t\t<div class=\"elementor-widget-container\">\n\t\t\t\t\t<h2 class=\"elementor-heading-title elementor-size-default\">Carpintaria tradicional e arquitetura em madeira<\/h2>\t\t\t\t<\/div>\n\t\t\t\t<\/div>\n\t\t\t\t<div class=\"elementor-element elementor-element-a5bd054 elementor-widget elementor-widget-shortcode\" data-id=\"a5bd054\" data-element_type=\"widget\" data-e-type=\"widget\" data-widget_type=\"shortcode.default\">\n\t\t\t\t<div class=\"elementor-widget-container\">\n\t\t\t\t\t\t\t<div class=\"elementor-shortcode\"><div class=\"epyt-gallery\" data-currpage=\"1\" id=\"epyt_gallery_20295\"><figure class=\"wp-block-embed wp-block-embed-youtube is-type-video is-provider-youtube epyt-figure\"><div class=\"wp-block-embed__wrapper\"><div  id=\"_ytid_72196\"  width=\"800\" height=\"450\"  data-origwidth=\"800\" data-origheight=\"450\"  data-relstop=\"1\" data-facadesrc=\"https:\/\/www.youtube.com\/embed\/cGctigAe2U4?enablejsapi=1&autoplay=0&cc_load_policy=0&cc_lang_pref=&iv_load_policy=1&loop=0&rel=0&fs=1&playsinline=0&autohide=2&theme=dark&color=red&controls=1&disablekb=0&\" class=\"__youtube_prefs__ epyt-facade no-lazyload\" data-epytgalleryid=\"epyt_gallery_20295\"  data-epautoplay=\"1\" ><img decoding=\"async\" data-spai-excluded=\"true\" class=\"epyt-facade-poster skip-lazy\" loading=\"lazy\"  alt=\"YouTube player\"  src=\"https:\/\/i.ytimg.com\/vi\/cGctigAe2U4\/maxresdefault.jpg\"  \/><button class=\"epyt-facade-play\" aria-label=\"Play\"><svg data-no-lazy=\"1\" height=\"100%\" version=\"1.1\" viewBox=\"0 0 68 48\" width=\"100%\"><path class=\"ytp-large-play-button-bg\" d=\"M66.52,7.74c-0.78-2.93-2.49-5.41-5.42-6.19C55.79,.13,34,0,34,0S12.21,.13,6.9,1.55 C3.97,2.33,2.27,4.81,1.48,7.74C0.06,13.05,0,24,0,24s0.06,10.95,1.48,16.26c0.78,2.93,2.49,5.41,5.42,6.19 C12.21,47.87,34,48,34,48s21.79-0.13,27.1-1.55c2.93-0.78,4.64-3.26,5.42-6.19C67.94,34.95,68,24,68,24S67.94,13.05,66.52,7.74z\" fill=\"#f00\"><\/path><path d=\"M 45,24 27,14 27,34\" fill=\"#fff\"><\/path><\/svg><\/button><\/div><\/div><\/figure><div class=\"epyt-gallery-list\"><div class=\"epyt-pagination \"><div tabindex=\"0\" role=\"button\" class=\"epyt-pagebutton epyt-prev  hide \" data-playlistid=\"PLxAki7qTTYrTbxWNyeP4j7eDIM7Kwugxw\" data-pagesize=\"6\" data-pagetoken=\"\" data-epcolumns=\"3\" data-showtitle=\"1\" data-showpaging=\"1\" data-autonext=\"0\" data-thumbplay=\"1\"><div class=\"epyt-arrow\">&laquo;<\/div> <div>Prev<\/div><\/div><div class=\"epyt-pagenumbers \"><div class=\"epyt-current\">1<\/div><div class=\"epyt-pageseparator\"> \/ <\/div><div class=\"epyt-totalpages\">2<\/div><\/div><div tabindex=\"0\" role=\"button\" class=\"epyt-pagebutton epyt-next\" data-playlistid=\"PLxAki7qTTYrTbxWNyeP4j7eDIM7Kwugxw\" data-pagesize=\"6\" data-pagetoken=\"EAAaHlBUOkNBWWlFRFV6TWtKQ01FSTBNakpHUWtNM1JVTQ\" data-epcolumns=\"3\" data-showtitle=\"1\" data-showpaging=\"1\" data-autonext=\"0\" data-thumbplay=\"1\"><div>Next<\/div> <div class=\"epyt-arrow\">&raquo;<\/div><\/div><div class=\"epyt-loader\"><img decoding=\"async\" alt=\"loading\" width=\"16\" height=\"11\" src=\"https:\/\/culturasconstructivas.org\/wp-content\/plugins\/youtube-embed-plus\/images\/gallery-page-loader.gif\"><\/div><\/div><div class=\"epyt-gallery-allthumbs  epyt-cols-3 \"><div tabindex=\"0\" role=\"button\" data-videoid=\"cGctigAe2U4\" class=\"epyt-gallery-thumb\"><div class=\"epyt-gallery-img-box\"><div class=\"epyt-gallery-img\" style=\"background-image: url(https:\/\/i.ytimg.com\/vi\/cGctigAe2U4\/hqdefault.jpg)\"><div class=\"epyt-gallery-playhover\"><img decoding=\"async\" alt=\"play\" class=\"epyt-play-img\" width=\"30\" height=\"23\" src=\"https:\/\/culturasconstructivas.org\/wp-content\/plugins\/youtube-embed-plus\/images\/playhover.png\" data-no-lazy=\"1\" data-skipgform_ajax_framebjll=\"\" \/><div class=\"epyt-gallery-playcrutch\"><\/div><\/div><\/div><\/div><div class=\"epyt-gallery-title\">Enrique Nuere: Premio Rafael Manzano 2016<\/div><\/div><div tabindex=\"0\" role=\"button\" data-videoid=\"GjUlqJgmMCY\" class=\"epyt-gallery-thumb\"><div class=\"epyt-gallery-img-box\"><div class=\"epyt-gallery-img\" style=\"background-image: url(https:\/\/i.ytimg.com\/vi\/GjUlqJgmMCY\/hqdefault.jpg)\"><div class=\"epyt-gallery-playhover\"><img decoding=\"async\" alt=\"play\" class=\"epyt-play-img\" width=\"30\" height=\"23\" src=\"https:\/\/culturasconstructivas.org\/wp-content\/plugins\/youtube-embed-plus\/images\/playhover.png\" data-no-lazy=\"1\" data-skipgform_ajax_framebjll=\"\" \/><div class=\"epyt-gallery-playcrutch\"><\/div><\/div><\/div><\/div><div class=\"epyt-gallery-title\">Enrique Nuere: El origen de la carpinter\u00eda de lazo<\/div><\/div><div tabindex=\"0\" role=\"button\" data-videoid=\"TfJFDaH9iPw\" class=\"epyt-gallery-thumb\"><div class=\"epyt-gallery-img-box\"><div class=\"epyt-gallery-img\" style=\"background-image: url(https:\/\/i.ytimg.com\/vi\/TfJFDaH9iPw\/hqdefault.jpg)\"><div class=\"epyt-gallery-playhover\"><img decoding=\"async\" alt=\"play\" class=\"epyt-play-img\" width=\"30\" height=\"23\" src=\"https:\/\/culturasconstructivas.org\/wp-content\/plugins\/youtube-embed-plus\/images\/playhover.png\" data-no-lazy=\"1\" data-skipgform_ajax_framebjll=\"\" \/><div class=\"epyt-gallery-playcrutch\"><\/div><\/div><\/div><\/div><div class=\"epyt-gallery-title\">Javier de Mingo: El trazado geom\u00e9trico de las armaduras de lazo<\/div><\/div><div class=\"epyt-gallery-rowbreak\"><\/div><div tabindex=\"0\" role=\"button\" data-videoid=\"cyRUg5hFDuc\" class=\"epyt-gallery-thumb\"><div class=\"epyt-gallery-img-box\"><div class=\"epyt-gallery-img\" style=\"background-image: url(https:\/\/i.ytimg.com\/vi\/cyRUg5hFDuc\/hqdefault.jpg)\"><div class=\"epyt-gallery-playhover\"><img decoding=\"async\" alt=\"play\" class=\"epyt-play-img\" width=\"30\" height=\"23\" src=\"https:\/\/culturasconstructivas.org\/wp-content\/plugins\/youtube-embed-plus\/images\/playhover.png\" data-no-lazy=\"1\" data-skipgform_ajax_framebjll=\"\" \/><div class=\"epyt-gallery-playcrutch\"><\/div><\/div><\/div><\/div><div class=\"epyt-gallery-title\">Enrique Nuere: Un manuscrito cambi\u00f3 mi vida<\/div><\/div><div tabindex=\"0\" role=\"button\" data-videoid=\"sBWOUZ5KVPI\" class=\"epyt-gallery-thumb\"><div class=\"epyt-gallery-img-box\"><div class=\"epyt-gallery-img\" style=\"background-image: url(https:\/\/i.ytimg.com\/vi\/sBWOUZ5KVPI\/hqdefault.jpg)\"><div class=\"epyt-gallery-playhover\"><img decoding=\"async\" alt=\"play\" class=\"epyt-play-img\" width=\"30\" height=\"23\" src=\"https:\/\/culturasconstructivas.org\/wp-content\/plugins\/youtube-embed-plus\/images\/playhover.png\" data-no-lazy=\"1\" data-skipgform_ajax_framebjll=\"\" \/><div class=\"epyt-gallery-playcrutch\"><\/div><\/div><\/div><\/div><div class=\"epyt-gallery-title\">Miguel \u00c1ngel Balmaseda: Carpinter\u00eda Patrimonial: Las Puertas de Orejeras Ecijanas<\/div><\/div><div tabindex=\"0\" role=\"button\" data-videoid=\"Re51JO4v2Bo\" class=\"epyt-gallery-thumb\"><div class=\"epyt-gallery-img-box\"><div class=\"epyt-gallery-img\" style=\"background-image: url(https:\/\/i.ytimg.com\/vi\/Re51JO4v2Bo\/hqdefault.jpg)\"><div class=\"epyt-gallery-playhover\"><img decoding=\"async\" alt=\"play\" class=\"epyt-play-img\" width=\"30\" height=\"23\" src=\"https:\/\/culturasconstructivas.org\/wp-content\/plugins\/youtube-embed-plus\/images\/playhover.png\" data-no-lazy=\"1\" data-skipgform_ajax_framebjll=\"\" \/><div class=\"epyt-gallery-playcrutch\"><\/div><\/div><\/div><\/div><div class=\"epyt-gallery-title\">Manuel Navarrete Moreno y Jorge Calvo Varona: Los oficios de la madera<\/div><\/div><div class=\"epyt-gallery-rowbreak\"><\/div><div class=\"epyt-gallery-clear\"><\/div><\/div><div class=\"epyt-pagination \"><div tabindex=\"0\" role=\"button\" class=\"epyt-pagebutton epyt-prev  hide \" data-playlistid=\"PLxAki7qTTYrTbxWNyeP4j7eDIM7Kwugxw\" data-pagesize=\"6\" data-pagetoken=\"\" data-epcolumns=\"3\" data-showtitle=\"1\" data-showpaging=\"1\" data-autonext=\"0\" data-thumbplay=\"1\"><div class=\"epyt-arrow\">&laquo;<\/div> <div>Prev<\/div><\/div><div class=\"epyt-pagenumbers \"><div class=\"epyt-current\">1<\/div><div class=\"epyt-pageseparator\"> \/ <\/div><div class=\"epyt-totalpages\">2<\/div><\/div><div tabindex=\"0\" role=\"button\" class=\"epyt-pagebutton epyt-next\" data-playlistid=\"PLxAki7qTTYrTbxWNyeP4j7eDIM7Kwugxw\" data-pagesize=\"6\" data-pagetoken=\"EAAaHlBUOkNBWWlFRFV6TWtKQ01FSTBNakpHUWtNM1JVTQ\" data-epcolumns=\"3\" data-showtitle=\"1\" data-showpaging=\"1\" data-autonext=\"0\" data-thumbplay=\"1\"><div>Next<\/div> <div class=\"epyt-arrow\">&raquo;<\/div><\/div><div class=\"epyt-loader\"><img decoding=\"async\" alt=\"loading\" width=\"16\" height=\"11\" src=\"https:\/\/culturasconstructivas.org\/wp-content\/plugins\/youtube-embed-plus\/images\/gallery-page-loader.gif\"><\/div><\/div><\/div><\/div><\/div>\n\t\t\t\t\t\t<\/div>\n\t\t\t\t<\/div>\n\t\t\t\t\t<\/div>\n\t\t\t\t<\/div>\n\t\t<div class=\"elementor-element elementor-element-1a08333 e-flex e-con-boxed e-con e-parent\" data-id=\"1a08333\" data-element_type=\"container\" data-e-type=\"container\">\n\t\t\t\t\t<div class=\"e-con-inner\">\n\t\t\t\t<div class=\"elementor-element elementor-element-f00ba16 borde-inferior elementor-widget elementor-widget-heading\" data-id=\"f00ba16\" data-element_type=\"widget\" data-e-type=\"widget\" data-widget_type=\"heading.default\">\n\t\t\t\t<div class=\"elementor-widget-container\">\n\t\t\t\t\t<h2 class=\"elementor-heading-title elementor-size-default\">Constru\u00e7\u00e3o e restauro de arquitetura em terra<\/h2>\t\t\t\t<\/div>\n\t\t\t\t<\/div>\n\t\t\t\t<div class=\"elementor-element elementor-element-80315ad elementor-widget elementor-widget-shortcode\" data-id=\"80315ad\" data-element_type=\"widget\" data-e-type=\"widget\" data-widget_type=\"shortcode.default\">\n\t\t\t\t<div class=\"elementor-widget-container\">\n\t\t\t\t\t\t\t<div class=\"elementor-shortcode\"><div class=\"epyt-gallery\" data-currpage=\"1\" id=\"epyt_gallery_15778\"><figure class=\"wp-block-embed wp-block-embed-youtube is-type-video is-provider-youtube epyt-figure\"><div class=\"wp-block-embed__wrapper\"><div  id=\"_ytid_49165\"  width=\"800\" height=\"450\"  data-origwidth=\"800\" data-origheight=\"450\"  data-relstop=\"1\" data-facadesrc=\"https:\/\/www.youtube.com\/embed\/mNYDnQkHaUs?enablejsapi=1&autoplay=0&cc_load_policy=0&cc_lang_pref=&iv_load_policy=1&loop=0&rel=0&fs=1&playsinline=0&autohide=2&theme=dark&color=red&controls=1&disablekb=0&\" class=\"__youtube_prefs__ epyt-facade no-lazyload\" data-epytgalleryid=\"epyt_gallery_15778\"  data-epautoplay=\"1\" ><img decoding=\"async\" data-spai-excluded=\"true\" class=\"epyt-facade-poster skip-lazy\" loading=\"lazy\"  alt=\"YouTube player\"  src=\"https:\/\/i.ytimg.com\/vi\/mNYDnQkHaUs\/maxresdefault.jpg\"  \/><button class=\"epyt-facade-play\" aria-label=\"Play\"><svg data-no-lazy=\"1\" height=\"100%\" version=\"1.1\" viewBox=\"0 0 68 48\" width=\"100%\"><path class=\"ytp-large-play-button-bg\" d=\"M66.52,7.74c-0.78-2.93-2.49-5.41-5.42-6.19C55.79,.13,34,0,34,0S12.21,.13,6.9,1.55 C3.97,2.33,2.27,4.81,1.48,7.74C0.06,13.05,0,24,0,24s0.06,10.95,1.48,16.26c0.78,2.93,2.49,5.41,5.42,6.19 C12.21,47.87,34,48,34,48s21.79-0.13,27.1-1.55c2.93-0.78,4.64-3.26,5.42-6.19C67.94,34.95,68,24,68,24S67.94,13.05,66.52,7.74z\" fill=\"#f00\"><\/path><path d=\"M 45,24 27,14 27,34\" fill=\"#fff\"><\/path><\/svg><\/button><\/div><\/div><\/figure><div class=\"epyt-gallery-list\"><div class=\"epyt-pagination \"><div tabindex=\"0\" role=\"button\" class=\"epyt-pagebutton epyt-prev  hide \" data-playlistid=\"PLxAki7qTTYrRpdGTFlw36wH1qhQNVKc3f\" data-pagesize=\"6\" data-pagetoken=\"\" data-epcolumns=\"3\" data-showtitle=\"1\" data-showpaging=\"1\" data-autonext=\"0\" data-thumbplay=\"1\"><div class=\"epyt-arrow\">&laquo;<\/div> <div>Prev<\/div><\/div><div class=\"epyt-pagenumbers \"><div class=\"epyt-current\">1<\/div><div class=\"epyt-pageseparator\"> \/ <\/div><div class=\"epyt-totalpages\">2<\/div><\/div><div tabindex=\"0\" role=\"button\" class=\"epyt-pagebutton epyt-next\" data-playlistid=\"PLxAki7qTTYrRpdGTFlw36wH1qhQNVKc3f\" data-pagesize=\"6\" data-pagetoken=\"EAAaHlBUOkNBWWlFREV5UlVaQ00wSXhRelUzUkVVMFJURQ\" data-epcolumns=\"3\" data-showtitle=\"1\" data-showpaging=\"1\" data-autonext=\"0\" data-thumbplay=\"1\"><div>Next<\/div> <div class=\"epyt-arrow\">&raquo;<\/div><\/div><div class=\"epyt-loader\"><img decoding=\"async\" alt=\"loading\" width=\"16\" height=\"11\" src=\"https:\/\/culturasconstructivas.org\/wp-content\/plugins\/youtube-embed-plus\/images\/gallery-page-loader.gif\"><\/div><\/div><div class=\"epyt-gallery-allthumbs  epyt-cols-3 \"><div tabindex=\"0\" role=\"button\" data-videoid=\"mNYDnQkHaUs\" class=\"epyt-gallery-thumb\"><div class=\"epyt-gallery-img-box\"><div class=\"epyt-gallery-img\" style=\"background-image: url(https:\/\/i.ytimg.com\/vi\/mNYDnQkHaUs\/hqdefault.jpg)\"><div class=\"epyt-gallery-playhover\"><img decoding=\"async\" alt=\"play\" class=\"epyt-play-img\" width=\"30\" height=\"23\" src=\"https:\/\/culturasconstructivas.org\/wp-content\/plugins\/youtube-embed-plus\/images\/playhover.png\" data-no-lazy=\"1\" data-skipgform_ajax_framebjll=\"\" \/><div class=\"epyt-gallery-playcrutch\"><\/div><\/div><\/div><\/div><div class=\"epyt-gallery-title\">Terrachidia: Obras recientes en Marruecos. Arquitectura desde la cultura constructiva local<\/div><\/div><div tabindex=\"0\" role=\"button\" data-videoid=\"cDLGZBqhkUI\" class=\"epyt-gallery-thumb\"><div class=\"epyt-gallery-img-box\"><div class=\"epyt-gallery-img\" style=\"background-image: url(https:\/\/i.ytimg.com\/vi\/cDLGZBqhkUI\/hqdefault.jpg)\"><div class=\"epyt-gallery-playhover\"><img decoding=\"async\" alt=\"play\" class=\"epyt-play-img\" width=\"30\" height=\"23\" src=\"https:\/\/culturasconstructivas.org\/wp-content\/plugins\/youtube-embed-plus\/images\/playhover.png\" data-no-lazy=\"1\" data-skipgform_ajax_framebjll=\"\" \/><div class=\"epyt-gallery-playcrutch\"><\/div><\/div><\/div><\/div><div class=\"epyt-gallery-title\">BC Architects: The act of building: the Library of Muyinga and the Preschool of Aknaibich<\/div><\/div><div tabindex=\"0\" role=\"button\" data-videoid=\"O84KNf43h5Q\" class=\"epyt-gallery-thumb\"><div class=\"epyt-gallery-img-box\"><div class=\"epyt-gallery-img\" style=\"background-image: url(https:\/\/i.ytimg.com\/vi\/O84KNf43h5Q\/hqdefault.jpg)\"><div class=\"epyt-gallery-playhover\"><img decoding=\"async\" alt=\"play\" class=\"epyt-play-img\" width=\"30\" height=\"23\" src=\"https:\/\/culturasconstructivas.org\/wp-content\/plugins\/youtube-embed-plus\/images\/playhover.png\" data-no-lazy=\"1\" data-skipgform_ajax_framebjll=\"\" \/><div class=\"epyt-gallery-playcrutch\"><\/div><\/div><\/div><\/div><div class=\"epyt-gallery-title\">Salma Samar Damluji: Earth Architecture in Hadramut, South Yemen: Recent Projects 2014<\/div><\/div><div class=\"epyt-gallery-rowbreak\"><\/div><div tabindex=\"0\" role=\"button\" data-videoid=\"ogo9c46PoZA\" class=\"epyt-gallery-thumb\"><div class=\"epyt-gallery-img-box\"><div class=\"epyt-gallery-img\" style=\"background-image: url(https:\/\/i.ytimg.com\/vi\/ogo9c46PoZA\/hqdefault.jpg)\"><div class=\"epyt-gallery-playhover\"><img decoding=\"async\" alt=\"play\" class=\"epyt-play-img\" width=\"30\" height=\"23\" src=\"https:\/\/culturasconstructivas.org\/wp-content\/plugins\/youtube-embed-plus\/images\/playhover.png\" data-no-lazy=\"1\" data-skipgform_ajax_framebjll=\"\" \/><div class=\"epyt-gallery-playcrutch\"><\/div><\/div><\/div><\/div><div class=\"epyt-gallery-title\">Oriol Dom\u00ednguez y Alejandro Garc\u00eda Hermida: Talleres de Terrachidia en M&#039;Hamid (Marruecos)<\/div><\/div><div tabindex=\"0\" role=\"button\" data-videoid=\"M7coC5f45Zk\" class=\"epyt-gallery-thumb\"><div class=\"epyt-gallery-img-box\"><div class=\"epyt-gallery-img\" style=\"background-image: url(https:\/\/i.ytimg.com\/vi\/M7coC5f45Zk\/hqdefault.jpg)\"><div class=\"epyt-gallery-playhover\"><img decoding=\"async\" alt=\"play\" class=\"epyt-play-img\" width=\"30\" height=\"23\" src=\"https:\/\/culturasconstructivas.org\/wp-content\/plugins\/youtube-embed-plus\/images\/playhover.png\" data-no-lazy=\"1\" data-skipgform_ajax_framebjll=\"\" \/><div class=\"epyt-gallery-playcrutch\"><\/div><\/div><\/div><\/div><div class=\"epyt-gallery-title\">Jos\u00e9 Luis Garc\u00eda Grinda: Materiales y sistemas constructivos tradicionales<\/div><\/div><div tabindex=\"0\" role=\"button\" data-videoid=\"iSxuyszNPgQ\" class=\"epyt-gallery-thumb\"><div class=\"epyt-gallery-img-box\"><div class=\"epyt-gallery-img\" style=\"background-image: url(https:\/\/i.ytimg.com\/vi\/iSxuyszNPgQ\/hqdefault.jpg)\"><div class=\"epyt-gallery-playhover\"><img decoding=\"async\" alt=\"play\" class=\"epyt-play-img\" width=\"30\" height=\"23\" src=\"https:\/\/culturasconstructivas.org\/wp-content\/plugins\/youtube-embed-plus\/images\/playhover.png\" data-no-lazy=\"1\" data-skipgform_ajax_framebjll=\"\" \/><div class=\"epyt-gallery-playcrutch\"><\/div><\/div><\/div><\/div><div class=\"epyt-gallery-title\">Salima Naji: Networks of the Sacred in the Atlas: Igudar and zawya, Intercessory Repositories<\/div><\/div><div class=\"epyt-gallery-rowbreak\"><\/div><div class=\"epyt-gallery-clear\"><\/div><\/div><div class=\"epyt-pagination \"><div tabindex=\"0\" role=\"button\" class=\"epyt-pagebutton epyt-prev  hide \" data-playlistid=\"PLxAki7qTTYrRpdGTFlw36wH1qhQNVKc3f\" data-pagesize=\"6\" data-pagetoken=\"\" data-epcolumns=\"3\" data-showtitle=\"1\" data-showpaging=\"1\" data-autonext=\"0\" data-thumbplay=\"1\"><div class=\"epyt-arrow\">&laquo;<\/div> <div>Prev<\/div><\/div><div class=\"epyt-pagenumbers \"><div class=\"epyt-current\">1<\/div><div class=\"epyt-pageseparator\"> \/ <\/div><div class=\"epyt-totalpages\">2<\/div><\/div><div tabindex=\"0\" role=\"button\" class=\"epyt-pagebutton epyt-next\" data-playlistid=\"PLxAki7qTTYrRpdGTFlw36wH1qhQNVKc3f\" data-pagesize=\"6\" data-pagetoken=\"EAAaHlBUOkNBWWlFREV5UlVaQ00wSXhRelUzUkVVMFJURQ\" data-epcolumns=\"3\" data-showtitle=\"1\" data-showpaging=\"1\" data-autonext=\"0\" data-thumbplay=\"1\"><div>Next<\/div> <div class=\"epyt-arrow\">&raquo;<\/div><\/div><div class=\"epyt-loader\"><img decoding=\"async\" alt=\"loading\" width=\"16\" height=\"11\" src=\"https:\/\/culturasconstructivas.org\/wp-content\/plugins\/youtube-embed-plus\/images\/gallery-page-loader.gif\"><\/div><\/div><\/div><\/div><\/div>\n\t\t\t\t\t\t<\/div>\n\t\t\t\t<\/div>\n\t\t\t\t\t<\/div>\n\t\t\t\t<\/div>\n\t\t<div class=\"elementor-element elementor-element-55e4c4b e-flex e-con-boxed e-con e-parent\" data-id=\"55e4c4b\" data-element_type=\"container\" data-e-type=\"container\">\n\t\t\t\t\t<div class=\"e-con-inner\">\n\t\t\t\t<div class=\"elementor-element elementor-element-1b7ae79 borde-inferior elementor-widget elementor-widget-heading\" data-id=\"1b7ae79\" data-element_type=\"widget\" data-e-type=\"widget\" data-widget_type=\"heading.default\">\n\t\t\t\t<div class=\"elementor-widget-container\">\n\t\t\t\t\t<h2 class=\"elementor-heading-title elementor-size-default\">Of\u00edcios tradicionais de constru\u00e7\u00e3o<\/h2>\t\t\t\t<\/div>\n\t\t\t\t<\/div>\n\t\t\t\t<div class=\"elementor-element elementor-element-b80239e elementor-widget elementor-widget-shortcode\" data-id=\"b80239e\" data-element_type=\"widget\" data-e-type=\"widget\" data-widget_type=\"shortcode.default\">\n\t\t\t\t<div class=\"elementor-widget-container\">\n\t\t\t\t\t\t\t<div class=\"elementor-shortcode\"><div class=\"epyt-gallery\" data-currpage=\"1\" id=\"epyt_gallery_26643\"><figure class=\"wp-block-embed wp-block-embed-youtube is-type-video is-provider-youtube epyt-figure\"><div class=\"wp-block-embed__wrapper\"><div  id=\"_ytid_88991\"  width=\"800\" height=\"450\"  data-origwidth=\"800\" data-origheight=\"450\"  data-relstop=\"1\" data-facadesrc=\"https:\/\/www.youtube.com\/embed\/GjUlqJgmMCY?enablejsapi=1&autoplay=0&cc_load_policy=0&cc_lang_pref=&iv_load_policy=1&loop=0&rel=0&fs=1&playsinline=0&autohide=2&theme=dark&color=red&controls=1&disablekb=0&\" class=\"__youtube_prefs__ epyt-facade no-lazyload\" data-epytgalleryid=\"epyt_gallery_26643\"  data-epautoplay=\"1\" ><img decoding=\"async\" data-spai-excluded=\"true\" class=\"epyt-facade-poster skip-lazy\" loading=\"lazy\"  alt=\"YouTube player\"  src=\"https:\/\/i.ytimg.com\/vi\/GjUlqJgmMCY\/maxresdefault.jpg\"  \/><button class=\"epyt-facade-play\" aria-label=\"Play\"><svg data-no-lazy=\"1\" height=\"100%\" version=\"1.1\" viewBox=\"0 0 68 48\" width=\"100%\"><path class=\"ytp-large-play-button-bg\" d=\"M66.52,7.74c-0.78-2.93-2.49-5.41-5.42-6.19C55.79,.13,34,0,34,0S12.21,.13,6.9,1.55 C3.97,2.33,2.27,4.81,1.48,7.74C0.06,13.05,0,24,0,24s0.06,10.95,1.48,16.26c0.78,2.93,2.49,5.41,5.42,6.19 C12.21,47.87,34,48,34,48s21.79-0.13,27.1-1.55c2.93-0.78,4.64-3.26,5.42-6.19C67.94,34.95,68,24,68,24S67.94,13.05,66.52,7.74z\" fill=\"#f00\"><\/path><path d=\"M 45,24 27,14 27,34\" fill=\"#fff\"><\/path><\/svg><\/button><\/div><\/div><\/figure><div class=\"epyt-gallery-list\"><div class=\"epyt-pagination \"><div tabindex=\"0\" role=\"button\" class=\"epyt-pagebutton epyt-prev  hide \" data-playlistid=\"PLxAki7qTTYrRxa51gmEGXRPtp9PjqCWxt\" data-pagesize=\"6\" data-pagetoken=\"\" data-epcolumns=\"3\" data-showtitle=\"1\" data-showpaging=\"1\" data-autonext=\"0\" data-thumbplay=\"1\"><div class=\"epyt-arrow\">&laquo;<\/div> <div>Prev<\/div><\/div><div class=\"epyt-pagenumbers \"><div class=\"epyt-current\">1<\/div><div class=\"epyt-pageseparator\"> \/ <\/div><div class=\"epyt-totalpages\">10<\/div><\/div><div tabindex=\"0\" role=\"button\" class=\"epyt-pagebutton epyt-next\" data-playlistid=\"PLxAki7qTTYrRxa51gmEGXRPtp9PjqCWxt\" data-pagesize=\"6\" data-pagetoken=\"EAAaHlBUOkNBWWlFRFV6TWtKQ01FSTBNakpHUWtNM1JVTQ\" data-epcolumns=\"3\" data-showtitle=\"1\" data-showpaging=\"1\" data-autonext=\"0\" data-thumbplay=\"1\"><div>Next<\/div> <div class=\"epyt-arrow\">&raquo;<\/div><\/div><div class=\"epyt-loader\"><img decoding=\"async\" alt=\"loading\" width=\"16\" height=\"11\" src=\"https:\/\/culturasconstructivas.org\/wp-content\/plugins\/youtube-embed-plus\/images\/gallery-page-loader.gif\"><\/div><\/div><div class=\"epyt-gallery-allthumbs  epyt-cols-3 \"><div tabindex=\"0\" role=\"button\" data-videoid=\"GjUlqJgmMCY\" class=\"epyt-gallery-thumb\"><div class=\"epyt-gallery-img-box\"><div class=\"epyt-gallery-img\" style=\"background-image: url(https:\/\/i.ytimg.com\/vi\/GjUlqJgmMCY\/hqdefault.jpg)\"><div class=\"epyt-gallery-playhover\"><img decoding=\"async\" alt=\"play\" class=\"epyt-play-img\" width=\"30\" height=\"23\" src=\"https:\/\/culturasconstructivas.org\/wp-content\/plugins\/youtube-embed-plus\/images\/playhover.png\" data-no-lazy=\"1\" data-skipgform_ajax_framebjll=\"\" \/><div class=\"epyt-gallery-playcrutch\"><\/div><\/div><\/div><\/div><div class=\"epyt-gallery-title\">Enrique Nuere: El origen de la carpinter\u00eda de lazo<\/div><\/div><div tabindex=\"0\" role=\"button\" data-videoid=\"j0bnHlkVJK4\" class=\"epyt-gallery-thumb\"><div class=\"epyt-gallery-img-box\"><div class=\"epyt-gallery-img\" style=\"background-image: url(https:\/\/i.ytimg.com\/vi\/j0bnHlkVJK4\/hqdefault.jpg)\"><div class=\"epyt-gallery-playhover\"><img decoding=\"async\" alt=\"play\" class=\"epyt-play-img\" width=\"30\" height=\"23\" src=\"https:\/\/culturasconstructivas.org\/wp-content\/plugins\/youtube-embed-plus\/images\/playhover.png\" data-no-lazy=\"1\" data-skipgform_ajax_framebjll=\"\" \/><div class=\"epyt-gallery-playcrutch\"><\/div><\/div><\/div><\/div><div class=\"epyt-gallery-title\">Jaime de Hoz: La recuperaci\u00f3n del oficio tradicional y su adecuaci\u00f3n y actualizaci\u00f3n<\/div><\/div><div tabindex=\"0\" role=\"button\" data-videoid=\"ztWxTpJOYVk\" class=\"epyt-gallery-thumb\"><div class=\"epyt-gallery-img-box\"><div class=\"epyt-gallery-img\" style=\"background-image: url(https:\/\/i.ytimg.com\/vi\/ztWxTpJOYVk\/hqdefault.jpg)\"><div class=\"epyt-gallery-playhover\"><img decoding=\"async\" alt=\"play\" class=\"epyt-play-img\" width=\"30\" height=\"23\" src=\"https:\/\/culturasconstructivas.org\/wp-content\/plugins\/youtube-embed-plus\/images\/playhover.png\" data-no-lazy=\"1\" data-skipgform_ajax_framebjll=\"\" \/><div class=\"epyt-gallery-playcrutch\"><\/div><\/div><\/div><\/div><div class=\"epyt-gallery-title\">Jos\u00e9 Carlos Palacios: Aprender haciendo, el taller de construcci\u00f3n g\u00f3tica de Madrid<\/div><\/div><div class=\"epyt-gallery-rowbreak\"><\/div><div tabindex=\"0\" role=\"button\" data-videoid=\"bLlrecUqEMU\" class=\"epyt-gallery-thumb\"><div class=\"epyt-gallery-img-box\"><div class=\"epyt-gallery-img\" style=\"background-image: url(https:\/\/i.ytimg.com\/vi\/bLlrecUqEMU\/hqdefault.jpg)\"><div class=\"epyt-gallery-playhover\"><img decoding=\"async\" alt=\"play\" class=\"epyt-play-img\" width=\"30\" height=\"23\" src=\"https:\/\/culturasconstructivas.org\/wp-content\/plugins\/youtube-embed-plus\/images\/playhover.png\" data-no-lazy=\"1\" data-skipgform_ajax_framebjll=\"\" \/><div class=\"epyt-gallery-playcrutch\"><\/div><\/div><\/div><\/div><div class=\"epyt-gallery-title\">Alberto Diaz Nogal: Centro de Oficios de Le\u00f3n 1987-2016<\/div><\/div><div tabindex=\"0\" role=\"button\" data-videoid=\"5lYh6VfTT50\" class=\"epyt-gallery-thumb\"><div class=\"epyt-gallery-img-box\"><div class=\"epyt-gallery-img\" style=\"background-image: url(https:\/\/i.ytimg.com\/vi\/5lYh6VfTT50\/hqdefault.jpg)\"><div class=\"epyt-gallery-playhover\"><img decoding=\"async\" alt=\"play\" class=\"epyt-play-img\" width=\"30\" height=\"23\" src=\"https:\/\/culturasconstructivas.org\/wp-content\/plugins\/youtube-embed-plus\/images\/playhover.png\" data-no-lazy=\"1\" data-skipgform_ajax_framebjll=\"\" \/><div class=\"epyt-gallery-playcrutch\"><\/div><\/div><\/div><\/div><div class=\"epyt-gallery-title\">Simon Sandinsky: The Prince&#039;s Foundation. Building Skill in Craft<\/div><\/div><div tabindex=\"0\" role=\"button\" data-videoid=\"kN3mTQxJq2k\" class=\"epyt-gallery-thumb\"><div class=\"epyt-gallery-img-box\"><div class=\"epyt-gallery-img\" style=\"background-image: url(https:\/\/i.ytimg.com\/vi\/kN3mTQxJq2k\/hqdefault.jpg)\"><div class=\"epyt-gallery-playhover\"><img decoding=\"async\" alt=\"play\" class=\"epyt-play-img\" width=\"30\" height=\"23\" src=\"https:\/\/culturasconstructivas.org\/wp-content\/plugins\/youtube-embed-plus\/images\/playhover.png\" data-no-lazy=\"1\" data-skipgform_ajax_framebjll=\"\" \/><div class=\"epyt-gallery-playcrutch\"><\/div><\/div><\/div><\/div><div class=\"epyt-gallery-title\">Fatima Quesada: Alizares, reinventando un oficio artesanal para el siglo XXI<\/div><\/div><div class=\"epyt-gallery-rowbreak\"><\/div><div class=\"epyt-gallery-clear\"><\/div><\/div><div class=\"epyt-pagination \"><div tabindex=\"0\" role=\"button\" class=\"epyt-pagebutton epyt-prev  hide \" data-playlistid=\"PLxAki7qTTYrRxa51gmEGXRPtp9PjqCWxt\" data-pagesize=\"6\" data-pagetoken=\"\" data-epcolumns=\"3\" data-showtitle=\"1\" data-showpaging=\"1\" data-autonext=\"0\" data-thumbplay=\"1\"><div class=\"epyt-arrow\">&laquo;<\/div> <div>Prev<\/div><\/div><div class=\"epyt-pagenumbers \"><div class=\"epyt-current\">1<\/div><div class=\"epyt-pageseparator\"> \/ <\/div><div class=\"epyt-totalpages\">10<\/div><\/div><div tabindex=\"0\" role=\"button\" class=\"epyt-pagebutton epyt-next\" data-playlistid=\"PLxAki7qTTYrRxa51gmEGXRPtp9PjqCWxt\" data-pagesize=\"6\" data-pagetoken=\"EAAaHlBUOkNBWWlFRFV6TWtKQ01FSTBNakpHUWtNM1JVTQ\" data-epcolumns=\"3\" data-showtitle=\"1\" data-showpaging=\"1\" data-autonext=\"0\" data-thumbplay=\"1\"><div>Next<\/div> <div class=\"epyt-arrow\">&raquo;<\/div><\/div><div class=\"epyt-loader\"><img decoding=\"async\" alt=\"loading\" width=\"16\" height=\"11\" src=\"https:\/\/culturasconstructivas.org\/wp-content\/plugins\/youtube-embed-plus\/images\/gallery-page-loader.gif\"><\/div><\/div><\/div><\/div><\/div>\n\t\t\t\t\t\t<\/div>\n\t\t\t\t<\/div>\n\t\t\t\t\t<\/div>\n\t\t\t\t<\/div>\n\t\t<div class=\"elementor-element elementor-element-2cb9604 e-flex e-con-boxed e-con e-parent\" data-id=\"2cb9604\" data-element_type=\"container\" data-e-type=\"container\">\n\t\t\t\t\t<div class=\"e-con-inner\">\n\t\t\t\t<div class=\"elementor-element elementor-element-1502eb1 borde-inferior elementor-widget elementor-widget-heading\" data-id=\"1502eb1\" data-element_type=\"widget\" data-e-type=\"widget\" data-widget_type=\"heading.default\">\n\t\t\t\t<div class=\"elementor-widget-container\">\n\t\t\t\t\t<h2 class=\"elementor-heading-title elementor-size-default\">Nova arquitetura vern\u00e1cula e identidade local<\/h2>\t\t\t\t<\/div>\n\t\t\t\t<\/div>\n\t\t\t\t<div class=\"elementor-element elementor-element-16b2a85 elementor-widget elementor-widget-shortcode\" data-id=\"16b2a85\" data-element_type=\"widget\" data-e-type=\"widget\" data-widget_type=\"shortcode.default\">\n\t\t\t\t<div class=\"elementor-widget-container\">\n\t\t\t\t\t\t\t<div class=\"elementor-shortcode\"><div class=\"epyt-gallery\" data-currpage=\"1\" id=\"epyt_gallery_71087\"><figure class=\"wp-block-embed wp-block-embed-youtube is-type-video is-provider-youtube epyt-figure\"><div class=\"wp-block-embed__wrapper\"><div  id=\"_ytid_96590\"  width=\"800\" height=\"450\"  data-origwidth=\"800\" data-origheight=\"450\"  data-relstop=\"1\" data-facadesrc=\"https:\/\/www.youtube.com\/embed\/FpkB7QvPCN0?enablejsapi=1&autoplay=0&cc_load_policy=0&cc_lang_pref=&iv_load_policy=1&loop=0&rel=0&fs=1&playsinline=0&autohide=2&theme=dark&color=red&controls=1&disablekb=0&\" class=\"__youtube_prefs__ epyt-facade no-lazyload\" data-epytgalleryid=\"epyt_gallery_71087\"  data-epautoplay=\"1\" ><img decoding=\"async\" data-spai-excluded=\"true\" class=\"epyt-facade-poster skip-lazy\" loading=\"lazy\"  alt=\"YouTube player\"  src=\"https:\/\/i.ytimg.com\/vi\/FpkB7QvPCN0\/maxresdefault.jpg\"  \/><button class=\"epyt-facade-play\" aria-label=\"Play\"><svg data-no-lazy=\"1\" height=\"100%\" version=\"1.1\" viewBox=\"0 0 68 48\" width=\"100%\"><path class=\"ytp-large-play-button-bg\" d=\"M66.52,7.74c-0.78-2.93-2.49-5.41-5.42-6.19C55.79,.13,34,0,34,0S12.21,.13,6.9,1.55 C3.97,2.33,2.27,4.81,1.48,7.74C0.06,13.05,0,24,0,24s0.06,10.95,1.48,16.26c0.78,2.93,2.49,5.41,5.42,6.19 C12.21,47.87,34,48,34,48s21.79-0.13,27.1-1.55c2.93-0.78,4.64-3.26,5.42-6.19C67.94,34.95,68,24,68,24S67.94,13.05,66.52,7.74z\" fill=\"#f00\"><\/path><path d=\"M 45,24 27,14 27,34\" fill=\"#fff\"><\/path><\/svg><\/button><\/div><\/div><\/figure><div class=\"epyt-gallery-list\"><div class=\"epyt-pagination \"><div tabindex=\"0\" role=\"button\" class=\"epyt-pagebutton epyt-prev  hide \" data-playlistid=\"PLxAki7qTTYrQIBEBlZ_iAeY4kO_4ZSlg2\" data-pagesize=\"6\" data-pagetoken=\"\" data-epcolumns=\"3\" data-showtitle=\"1\" data-showpaging=\"1\" data-autonext=\"0\" data-thumbplay=\"1\"><div class=\"epyt-arrow\">&laquo;<\/div> <div>Prev<\/div><\/div><div class=\"epyt-pagenumbers \"><div class=\"epyt-current\">1<\/div><div class=\"epyt-pageseparator\"> \/ <\/div><div class=\"epyt-totalpages\">11<\/div><\/div><div tabindex=\"0\" role=\"button\" class=\"epyt-pagebutton epyt-next\" data-playlistid=\"PLxAki7qTTYrQIBEBlZ_iAeY4kO_4ZSlg2\" data-pagesize=\"6\" data-pagetoken=\"EAAaHlBUOkNBWWlFRFV6TWtKQ01FSTBNakpHUWtNM1JVTQ\" data-epcolumns=\"3\" data-showtitle=\"1\" data-showpaging=\"1\" data-autonext=\"0\" data-thumbplay=\"1\"><div>Next<\/div> <div class=\"epyt-arrow\">&raquo;<\/div><\/div><div class=\"epyt-loader\"><img decoding=\"async\" alt=\"loading\" width=\"16\" height=\"11\" src=\"https:\/\/culturasconstructivas.org\/wp-content\/plugins\/youtube-embed-plus\/images\/gallery-page-loader.gif\"><\/div><\/div><div class=\"epyt-gallery-allthumbs  epyt-cols-3 \"><div tabindex=\"0\" role=\"button\" data-videoid=\"FpkB7QvPCN0\" class=\"epyt-gallery-thumb\"><div class=\"epyt-gallery-img-box\"><div class=\"epyt-gallery-img\" style=\"background-image: url(https:\/\/i.ytimg.com\/vi\/FpkB7QvPCN0\/hqdefault.jpg)\"><div class=\"epyt-gallery-playhover\"><img decoding=\"async\" alt=\"play\" class=\"epyt-play-img\" width=\"30\" height=\"23\" src=\"https:\/\/culturasconstructivas.org\/wp-content\/plugins\/youtube-embed-plus\/images\/playhover.png\" data-no-lazy=\"1\" data-skipgform_ajax_framebjll=\"\" \/><div class=\"epyt-gallery-playcrutch\"><\/div><\/div><\/div><\/div><div class=\"epyt-gallery-title\">Leon Krier: The fear of backwardness<\/div><\/div><div tabindex=\"0\" role=\"button\" data-videoid=\"5t3KPjlxq6A\" class=\"epyt-gallery-thumb\"><div class=\"epyt-gallery-img-box\"><div class=\"epyt-gallery-img\" style=\"background-image: url(https:\/\/i.ytimg.com\/vi\/5t3KPjlxq6A\/hqdefault.jpg)\"><div class=\"epyt-gallery-playhover\"><img decoding=\"async\" alt=\"play\" class=\"epyt-play-img\" width=\"30\" height=\"23\" src=\"https:\/\/culturasconstructivas.org\/wp-content\/plugins\/youtube-embed-plus\/images\/playhover.png\" data-no-lazy=\"1\" data-skipgform_ajax_framebjll=\"\" \/><div class=\"epyt-gallery-playcrutch\"><\/div><\/div><\/div><\/div><div class=\"epyt-gallery-title\">Leon Krier: Presentaci\u00f3n del Libro La Arquitectura de la Comunidad<\/div><\/div><div tabindex=\"0\" role=\"button\" data-videoid=\"-edCJljq61I\" class=\"epyt-gallery-thumb\"><div class=\"epyt-gallery-img-box\"><div class=\"epyt-gallery-img\" style=\"background-image: url(https:\/\/i.ytimg.com\/vi\/-edCJljq61I\/hqdefault.jpg)\"><div class=\"epyt-gallery-playhover\"><img decoding=\"async\" alt=\"play\" class=\"epyt-play-img\" width=\"30\" height=\"23\" src=\"https:\/\/culturasconstructivas.org\/wp-content\/plugins\/youtube-embed-plus\/images\/playhover.png\" data-no-lazy=\"1\" data-skipgform_ajax_framebjll=\"\" \/><div class=\"epyt-gallery-playcrutch\"><\/div><\/div><\/div><\/div><div class=\"epyt-gallery-title\">Jos\u00e9 Luis Garcia Grinda: La Preservaci\u00f3n de la Arquitectura Tradicional en Espa\u00f1a<\/div><\/div><div class=\"epyt-gallery-rowbreak\"><\/div><div tabindex=\"0\" role=\"button\" data-videoid=\"OnXWAmShppM\" class=\"epyt-gallery-thumb\"><div class=\"epyt-gallery-img-box\"><div class=\"epyt-gallery-img\" style=\"background-image: url(https:\/\/i.ytimg.com\/vi\/OnXWAmShppM\/hqdefault.jpg)\"><div class=\"epyt-gallery-playhover\"><img decoding=\"async\" alt=\"play\" class=\"epyt-play-img\" width=\"30\" height=\"23\" src=\"https:\/\/culturasconstructivas.org\/wp-content\/plugins\/youtube-embed-plus\/images\/playhover.png\" data-no-lazy=\"1\" data-skipgform_ajax_framebjll=\"\" \/><div class=\"epyt-gallery-playcrutch\"><\/div><\/div><\/div><\/div><div class=\"epyt-gallery-title\">Fernando Vela Coss\u00edo: El Centro de Investigaci\u00f3n de Arquitectura Tradicional (CIAT) de Boceguillas<\/div><\/div><div tabindex=\"0\" role=\"button\" data-videoid=\"N6qrsphgLO8\" class=\"epyt-gallery-thumb\"><div class=\"epyt-gallery-img-box\"><div class=\"epyt-gallery-img\" style=\"background-image: url(https:\/\/i.ytimg.com\/vi\/N6qrsphgLO8\/hqdefault.jpg)\"><div class=\"epyt-gallery-playhover\"><img decoding=\"async\" alt=\"play\" class=\"epyt-play-img\" width=\"30\" height=\"23\" src=\"https:\/\/culturasconstructivas.org\/wp-content\/plugins\/youtube-embed-plus\/images\/playhover.png\" data-no-lazy=\"1\" data-skipgform_ajax_framebjll=\"\" \/><div class=\"epyt-gallery-playcrutch\"><\/div><\/div><\/div><\/div><div class=\"epyt-gallery-title\">Jose Cornelio da Silva: trabajando por la continuidad de la tradici\u00f3n arquitect\u00f3nica portuguesa<\/div><\/div><div tabindex=\"0\" role=\"button\" data-videoid=\"hFnzX-szyNI\" class=\"epyt-gallery-thumb\"><div class=\"epyt-gallery-img-box\"><div class=\"epyt-gallery-img\" style=\"background-image: url(https:\/\/i.ytimg.com\/vi\/hFnzX-szyNI\/hqdefault.jpg)\"><div class=\"epyt-gallery-playhover\"><img decoding=\"async\" alt=\"play\" class=\"epyt-play-img\" width=\"30\" height=\"23\" src=\"https:\/\/culturasconstructivas.org\/wp-content\/plugins\/youtube-embed-plus\/images\/playhover.png\" data-no-lazy=\"1\" data-skipgform_ajax_framebjll=\"\" \/><div class=\"epyt-gallery-playcrutch\"><\/div><\/div><\/div><\/div><div class=\"epyt-gallery-title\">Luis Fernando G\u00f3mez-Stern: La recuperaci\u00f3n de las casas de la juder\u00eda de Sevilla<\/div><\/div><div class=\"epyt-gallery-rowbreak\"><\/div><div class=\"epyt-gallery-clear\"><\/div><\/div><div class=\"epyt-pagination \"><div tabindex=\"0\" role=\"button\" class=\"epyt-pagebutton epyt-prev  hide \" data-playlistid=\"PLxAki7qTTYrQIBEBlZ_iAeY4kO_4ZSlg2\" data-pagesize=\"6\" data-pagetoken=\"\" data-epcolumns=\"3\" data-showtitle=\"1\" data-showpaging=\"1\" data-autonext=\"0\" data-thumbplay=\"1\"><div class=\"epyt-arrow\">&laquo;<\/div> <div>Prev<\/div><\/div><div class=\"epyt-pagenumbers \"><div class=\"epyt-current\">1<\/div><div class=\"epyt-pageseparator\"> \/ <\/div><div class=\"epyt-totalpages\">11<\/div><\/div><div tabindex=\"0\" role=\"button\" class=\"epyt-pagebutton epyt-next\" data-playlistid=\"PLxAki7qTTYrQIBEBlZ_iAeY4kO_4ZSlg2\" data-pagesize=\"6\" data-pagetoken=\"EAAaHlBUOkNBWWlFRFV6TWtKQ01FSTBNakpHUWtNM1JVTQ\" data-epcolumns=\"3\" data-showtitle=\"1\" data-showpaging=\"1\" data-autonext=\"0\" data-thumbplay=\"1\"><div>Next<\/div> <div class=\"epyt-arrow\">&raquo;<\/div><\/div><div class=\"epyt-loader\"><img decoding=\"async\" alt=\"loading\" width=\"16\" height=\"11\" src=\"https:\/\/culturasconstructivas.org\/wp-content\/plugins\/youtube-embed-plus\/images\/gallery-page-loader.gif\"><\/div><\/div><\/div><\/div><\/div>\n\t\t\t\t\t\t<\/div>\n\t\t\t\t<\/div>\n\t\t\t\t\t<\/div>\n\t\t\t\t<\/div>\n\t\t\t\t<\/div>\n\t\t","protected":false},"excerpt":{"rendered":"<p>CONFER\u00caNCIAS Arquitetura dom\u00e9stica Documenta\u00e7\u00e3o e estudo de elementos arquitect\u00f3nicos Forma\u00e7\u00e3o e promo\u00e7\u00e3o da arquitetura tradicional Novo Urbanismo Tradicional Hist\u00f3ria da Arquitetura Arquitetura Cl\u00e1ssica Teoria da Arquitetura Restaura\u00e7\u00e3o de edif\u00edcios hist\u00f3ricos Gest\u00e3o e conserva\u00e7\u00e3o do patrim\u00f3nio cultural Rafael Manzano Martos Arcos, ab\u00f3badas e outras obras de alvenaria e de cantaria Revestimentos tradicionais Carpintaria tradicional e arquitetura [&hellip;]<\/p>\n","protected":false},"author":1,"featured_media":0,"parent":1446,"menu_order":5,"comment_status":"closed","ping_status":"closed","template":"elementor_header_footer","meta":{"_acf_changed":false,"_piecal_is_event":false,"_piecal_start_date":"","_piecal_end_date":"","_piecal_is_allday":false,"footnotes":""},"class_list":["post-2359","page","type-page","status-publish","hentry"],"acf":[],"yoast_head":"<!-- This site is optimized with the Yoast SEO plugin v27.4 - https:\/\/yoast.com\/product\/yoast-seo-wordpress\/ -->\n<title>V\u00eddeos das Confer\u00e9ncias - Fundaci\u00f3n Culturas Constructivas Tradicionales<\/title>\n<meta name=\"robots\" content=\"index, follow, max-snippet:-1, max-image-preview:large, max-video-preview:-1\" \/>\n<link rel=\"canonical\" href=\"https:\/\/culturasconstructivas.org\/pt-pt\/conteudos\/videos\/videos-seminarios-congressos-e-conferencias\/\" \/>\n<meta property=\"og:locale\" content=\"pt_PT\" \/>\n<meta property=\"og:type\" content=\"article\" \/>\n<meta property=\"og:title\" content=\"V\u00eddeos das Confer\u00e9ncias - Fundaci\u00f3n Culturas Constructivas Tradicionales\" \/>\n<meta property=\"og:description\" content=\"CONFER\u00caNCIAS Arquitetura dom\u00e9stica Documenta\u00e7\u00e3o e estudo de elementos arquitect\u00f3nicos Forma\u00e7\u00e3o e promo\u00e7\u00e3o da arquitetura tradicional Novo Urbanismo Tradicional Hist\u00f3ria da Arquitetura Arquitetura Cl\u00e1ssica Teoria da Arquitetura Restaura\u00e7\u00e3o de edif\u00edcios hist\u00f3ricos Gest\u00e3o e conserva\u00e7\u00e3o do patrim\u00f3nio cultural Rafael Manzano Martos Arcos, ab\u00f3badas e outras obras de alvenaria e de cantaria Revestimentos tradicionais Carpintaria tradicional e arquitetura [&hellip;]\" \/>\n<meta property=\"og:url\" content=\"https:\/\/culturasconstructivas.org\/pt-pt\/conteudos\/videos\/videos-seminarios-congressos-e-conferencias\/\" \/>\n<meta property=\"og:site_name\" content=\"Fundaci\u00f3n Culturas Constructivas Tradicionales\" \/>\n<meta property=\"article:modified_time\" content=\"2024-01-22T12:50:06+00:00\" \/>\n<meta name=\"twitter:card\" content=\"summary_large_image\" \/>\n<meta name=\"twitter:label1\" content=\"Tempo estimado de leitura\" \/>\n\t<meta name=\"twitter:data1\" content=\"2 minutos\" \/>\n<script type=\"application\/ld+json\" class=\"yoast-schema-graph\">{\"@context\":\"https:\\\/\\\/schema.org\",\"@graph\":[{\"@type\":\"WebPage\",\"@id\":\"https:\\\/\\\/culturasconstructivas.org\\\/pt-pt\\\/conteudos\\\/videos\\\/videos-seminarios-congressos-e-conferencias\\\/\",\"url\":\"https:\\\/\\\/culturasconstructivas.org\\\/pt-pt\\\/conteudos\\\/videos\\\/videos-seminarios-congressos-e-conferencias\\\/\",\"name\":\"V\u00eddeos das Confer\u00e9ncias - Fundaci\u00f3n Culturas Constructivas Tradicionales\",\"isPartOf\":{\"@id\":\"https:\\\/\\\/culturasconstructivas.org\\\/pt-pt\\\/#website\"},\"datePublished\":\"2023-10-28T07:23:40+00:00\",\"dateModified\":\"2024-01-22T12:50:06+00:00\",\"breadcrumb\":{\"@id\":\"https:\\\/\\\/culturasconstructivas.org\\\/pt-pt\\\/conteudos\\\/videos\\\/videos-seminarios-congressos-e-conferencias\\\/#breadcrumb\"},\"inLanguage\":\"pt-PT\",\"potentialAction\":[{\"@type\":\"ReadAction\",\"target\":[\"https:\\\/\\\/culturasconstructivas.org\\\/pt-pt\\\/conteudos\\\/videos\\\/videos-seminarios-congressos-e-conferencias\\\/\"]}]},{\"@type\":\"BreadcrumbList\",\"@id\":\"https:\\\/\\\/culturasconstructivas.org\\\/pt-pt\\\/conteudos\\\/videos\\\/videos-seminarios-congressos-e-conferencias\\\/#breadcrumb\",\"itemListElement\":[{\"@type\":\"ListItem\",\"position\":1,\"name\":\"Portada\",\"item\":\"https:\\\/\\\/culturasconstructivas.org\\\/pt-pt\\\/fundacao-culturas-construtivas-tradicionais\\\/\"},{\"@type\":\"ListItem\",\"position\":2,\"name\":\"Conte\u00fados\",\"item\":\"https:\\\/\\\/culturasconstructivas.org\\\/pt-pt\\\/contenidos\\\/\"},{\"@type\":\"ListItem\",\"position\":3,\"name\":\"V\u00eddeos\",\"item\":\"https:\\\/\\\/culturasconstructivas.org\\\/pt-pt\\\/contenidos\\\/videos\\\/\"},{\"@type\":\"ListItem\",\"position\":4,\"name\":\"V\u00eddeos das Confer\u00e9ncias\"}]},{\"@type\":\"WebSite\",\"@id\":\"https:\\\/\\\/culturasconstructivas.org\\\/pt-pt\\\/#website\",\"url\":\"https:\\\/\\\/culturasconstructivas.org\\\/pt-pt\\\/\",\"name\":\"Fundaci\u00f3n Culturas Constructivas Tradicionales\",\"description\":\"\",\"publisher\":{\"@id\":\"https:\\\/\\\/culturasconstructivas.org\\\/pt-pt\\\/#organization\"},\"potentialAction\":[{\"@type\":\"SearchAction\",\"target\":{\"@type\":\"EntryPoint\",\"urlTemplate\":\"https:\\\/\\\/culturasconstructivas.org\\\/pt-pt\\\/?s={search_term_string}\"},\"query-input\":{\"@type\":\"PropertyValueSpecification\",\"valueRequired\":true,\"valueName\":\"search_term_string\"}}],\"inLanguage\":\"pt-PT\"},{\"@type\":\"Organization\",\"@id\":\"https:\\\/\\\/culturasconstructivas.org\\\/pt-pt\\\/#organization\",\"name\":\"Fundaci\u00f3n Culturas Constructivas Tradicionales\",\"url\":\"https:\\\/\\\/culturasconstructivas.org\\\/pt-pt\\\/\",\"logo\":{\"@type\":\"ImageObject\",\"inLanguage\":\"pt-PT\",\"@id\":\"https:\\\/\\\/culturasconstructivas.org\\\/pt-pt\\\/#\\\/schema\\\/logo\\\/image\\\/\",\"url\":\"https:\\\/\\\/culturasconstructivas.org\\\/wp-content\\\/uploads\\\/2023\\\/10\\\/FUNDACAO-CULTURAS-CONSTRUTIVAS-Logo.png\",\"contentUrl\":\"https:\\\/\\\/culturasconstructivas.org\\\/wp-content\\\/uploads\\\/2023\\\/10\\\/FUNDACAO-CULTURAS-CONSTRUTIVAS-Logo.png\",\"width\":537,\"height\":290,\"caption\":\"Fundaci\u00f3n Culturas Constructivas Tradicionales\"},\"image\":{\"@id\":\"https:\\\/\\\/culturasconstructivas.org\\\/pt-pt\\\/#\\\/schema\\\/logo\\\/image\\\/\"}}]}<\/script>\n<!-- \/ Yoast SEO plugin. -->","yoast_head_json":{"title":"V\u00eddeos das Confer\u00e9ncias - Fundaci\u00f3n Culturas Constructivas Tradicionales","robots":{"index":"index","follow":"follow","max-snippet":"max-snippet:-1","max-image-preview":"max-image-preview:large","max-video-preview":"max-video-preview:-1"},"canonical":"https:\/\/culturasconstructivas.org\/pt-pt\/conteudos\/videos\/videos-seminarios-congressos-e-conferencias\/","og_locale":"pt_PT","og_type":"article","og_title":"V\u00eddeos das Confer\u00e9ncias - Fundaci\u00f3n Culturas Constructivas Tradicionales","og_description":"CONFER\u00caNCIAS Arquitetura dom\u00e9stica Documenta\u00e7\u00e3o e estudo de elementos arquitect\u00f3nicos Forma\u00e7\u00e3o e promo\u00e7\u00e3o da arquitetura tradicional Novo Urbanismo Tradicional Hist\u00f3ria da Arquitetura Arquitetura Cl\u00e1ssica Teoria da Arquitetura Restaura\u00e7\u00e3o de edif\u00edcios hist\u00f3ricos Gest\u00e3o e conserva\u00e7\u00e3o do patrim\u00f3nio cultural Rafael Manzano Martos Arcos, ab\u00f3badas e outras obras de alvenaria e de cantaria Revestimentos tradicionais Carpintaria tradicional e arquitetura [&hellip;]","og_url":"https:\/\/culturasconstructivas.org\/pt-pt\/conteudos\/videos\/videos-seminarios-congressos-e-conferencias\/","og_site_name":"Fundaci\u00f3n Culturas Constructivas Tradicionales","article_modified_time":"2024-01-22T12:50:06+00:00","twitter_card":"summary_large_image","twitter_misc":{"Tempo estimado de leitura":"2 minutos"},"schema":{"@context":"https:\/\/schema.org","@graph":[{"@type":"WebPage","@id":"https:\/\/culturasconstructivas.org\/pt-pt\/conteudos\/videos\/videos-seminarios-congressos-e-conferencias\/","url":"https:\/\/culturasconstructivas.org\/pt-pt\/conteudos\/videos\/videos-seminarios-congressos-e-conferencias\/","name":"V\u00eddeos das Confer\u00e9ncias - Fundaci\u00f3n Culturas Constructivas Tradicionales","isPartOf":{"@id":"https:\/\/culturasconstructivas.org\/pt-pt\/#website"},"datePublished":"2023-10-28T07:23:40+00:00","dateModified":"2024-01-22T12:50:06+00:00","breadcrumb":{"@id":"https:\/\/culturasconstructivas.org\/pt-pt\/conteudos\/videos\/videos-seminarios-congressos-e-conferencias\/#breadcrumb"},"inLanguage":"pt-PT","potentialAction":[{"@type":"ReadAction","target":["https:\/\/culturasconstructivas.org\/pt-pt\/conteudos\/videos\/videos-seminarios-congressos-e-conferencias\/"]}]},{"@type":"BreadcrumbList","@id":"https:\/\/culturasconstructivas.org\/pt-pt\/conteudos\/videos\/videos-seminarios-congressos-e-conferencias\/#breadcrumb","itemListElement":[{"@type":"ListItem","position":1,"name":"Portada","item":"https:\/\/culturasconstructivas.org\/pt-pt\/fundacao-culturas-construtivas-tradicionais\/"},{"@type":"ListItem","position":2,"name":"Conte\u00fados","item":"https:\/\/culturasconstructivas.org\/pt-pt\/contenidos\/"},{"@type":"ListItem","position":3,"name":"V\u00eddeos","item":"https:\/\/culturasconstructivas.org\/pt-pt\/contenidos\/videos\/"},{"@type":"ListItem","position":4,"name":"V\u00eddeos das Confer\u00e9ncias"}]},{"@type":"WebSite","@id":"https:\/\/culturasconstructivas.org\/pt-pt\/#website","url":"https:\/\/culturasconstructivas.org\/pt-pt\/","name":"Fundaci\u00f3n Culturas Constructivas Tradicionales","description":"","publisher":{"@id":"https:\/\/culturasconstructivas.org\/pt-pt\/#organization"},"potentialAction":[{"@type":"SearchAction","target":{"@type":"EntryPoint","urlTemplate":"https:\/\/culturasconstructivas.org\/pt-pt\/?s={search_term_string}"},"query-input":{"@type":"PropertyValueSpecification","valueRequired":true,"valueName":"search_term_string"}}],"inLanguage":"pt-PT"},{"@type":"Organization","@id":"https:\/\/culturasconstructivas.org\/pt-pt\/#organization","name":"Fundaci\u00f3n Culturas Constructivas Tradicionales","url":"https:\/\/culturasconstructivas.org\/pt-pt\/","logo":{"@type":"ImageObject","inLanguage":"pt-PT","@id":"https:\/\/culturasconstructivas.org\/pt-pt\/#\/schema\/logo\/image\/","url":"https:\/\/culturasconstructivas.org\/wp-content\/uploads\/2023\/10\/FUNDACAO-CULTURAS-CONSTRUTIVAS-Logo.png","contentUrl":"https:\/\/culturasconstructivas.org\/wp-content\/uploads\/2023\/10\/FUNDACAO-CULTURAS-CONSTRUTIVAS-Logo.png","width":537,"height":290,"caption":"Fundaci\u00f3n Culturas Constructivas Tradicionales"},"image":{"@id":"https:\/\/culturasconstructivas.org\/pt-pt\/#\/schema\/logo\/image\/"}}]}},"_links":{"self":[{"href":"https:\/\/culturasconstructivas.org\/pt-pt\/wp-json\/wp\/v2\/pages\/2359","targetHints":{"allow":["GET"]}}],"collection":[{"href":"https:\/\/culturasconstructivas.org\/pt-pt\/wp-json\/wp\/v2\/pages"}],"about":[{"href":"https:\/\/culturasconstructivas.org\/pt-pt\/wp-json\/wp\/v2\/types\/page"}],"author":[{"embeddable":true,"href":"https:\/\/culturasconstructivas.org\/pt-pt\/wp-json\/wp\/v2\/users\/1"}],"replies":[{"embeddable":true,"href":"https:\/\/culturasconstructivas.org\/pt-pt\/wp-json\/wp\/v2\/comments?post=2359"}],"version-history":[{"count":5,"href":"https:\/\/culturasconstructivas.org\/pt-pt\/wp-json\/wp\/v2\/pages\/2359\/revisions"}],"predecessor-version":[{"id":3030,"href":"https:\/\/culturasconstructivas.org\/pt-pt\/wp-json\/wp\/v2\/pages\/2359\/revisions\/3030"}],"up":[{"embeddable":true,"href":"https:\/\/culturasconstructivas.org\/pt-pt\/wp-json\/wp\/v2\/pages\/1446"}],"wp:attachment":[{"href":"https:\/\/culturasconstructivas.org\/pt-pt\/wp-json\/wp\/v2\/media?parent=2359"}],"curies":[{"name":"wp","href":"https:\/\/api.w.org\/{rel}","templated":true}]}}