{"id":17596,"date":"2024-09-16T08:41:39","date_gmt":"2024-09-16T06:41:39","guid":{"rendered":"https:\/\/culturasconstructivas.org\/edicoes-anteriores-do-congresso\/"},"modified":"2025-09-16T12:56:50","modified_gmt":"2025-09-16T10:56:50","slug":"edicoes-anteriores-do-congresso","status":"publish","type":"page","link":"https:\/\/culturasconstructivas.org\/pt-pt\/iniciativas\/congressos\/congresso-internacional-sobre-construcao-arquitetura-e-urbanismo-tradicionais\/edicoes-anteriores-do-congresso\/","title":{"rendered":"Edi\u00e7\u00f5es anteriores do Congresso"},"content":{"rendered":"\t\t<div data-elementor-type=\"wp-page\" data-elementor-id=\"17596\" class=\"elementor elementor-17596 elementor-12936\" data-elementor-post-type=\"page\">\n\t\t\t\t<div class=\"elementor-element elementor-element-6c53937 e-flex e-con-boxed e-con e-parent\" data-id=\"6c53937\" data-element_type=\"container\" data-e-type=\"container\">\n\t\t\t\t\t<div class=\"e-con-inner\">\n\t\t<div class=\"elementor-element elementor-element-696b81d e-flex e-con-boxed e-con e-child\" data-id=\"696b81d\" data-element_type=\"container\" data-e-type=\"container\">\n\t\t\t\t\t<div class=\"e-con-inner\">\n\t\t\t\t<div class=\"elementor-element elementor-element-e24873c elementor-widget elementor-widget-heading\" data-id=\"e24873c\" data-element_type=\"widget\" data-e-type=\"widget\" data-widget_type=\"heading.default\">\n\t\t\t\t<div class=\"elementor-widget-container\">\n\t\t\t\t\t<h1 class=\"elementor-heading-title elementor-size-default\">Edi\u00e7\u00f5es anteriores dos Congressos e Semin\u00e1rios Internacionais sobre Constru\u00e7\u00e3o, Arquitetura e Urbanismo Tradicionais<\/h1>\t\t\t\t<\/div>\n\t\t\t\t<\/div>\n\t\t\t\t<div class=\"elementor-element elementor-element-81c78b3 elementor-widget elementor-widget-heading\" data-id=\"81c78b3\" data-element_type=\"widget\" data-e-type=\"widget\" data-widget_type=\"heading.default\">\n\t\t\t\t<div class=\"elementor-widget-container\">\n\t\t\t\t\t<h2 class=\"elementor-heading-title elementor-size-default\">Congressos<\/h2>\t\t\t\t<\/div>\n\t\t\t\t<\/div>\n\t\t\t\t<div class=\"elementor-element elementor-element-2156535 elementor-grid-4 elementor-grid-tablet-2 elementor-grid-mobile-1 elementor-widget elementor-widget-loop-grid\" data-id=\"2156535\" data-element_type=\"widget\" data-e-type=\"widget\" data-settings=\"{&quot;template_id&quot;:13292,&quot;columns&quot;:4,&quot;_skin&quot;:&quot;post&quot;,&quot;columns_tablet&quot;:&quot;2&quot;,&quot;columns_mobile&quot;:&quot;1&quot;,&quot;edit_handle_selector&quot;:&quot;[data-elementor-type=\\&quot;loop-item\\&quot;]&quot;,&quot;row_gap&quot;:{&quot;unit&quot;:&quot;px&quot;,&quot;size&quot;:&quot;&quot;,&quot;sizes&quot;:[]},&quot;row_gap_tablet&quot;:{&quot;unit&quot;:&quot;px&quot;,&quot;size&quot;:&quot;&quot;,&quot;sizes&quot;:[]},&quot;row_gap_mobile&quot;:{&quot;unit&quot;:&quot;px&quot;,&quot;size&quot;:&quot;&quot;,&quot;sizes&quot;:[]}}\" data-widget_type=\"loop-grid.post\">\n\t\t\t\t<div class=\"elementor-widget-container\">\n\t\t\t\t\t\t\t<div class=\"elementor-loop-container elementor-grid\" role=\"list\">\n\t\t<style id=\"loop-13292\">.elementor-13292 .elementor-element.elementor-element-18597b4{--display:flex;--gap:10px 0px;--row-gap:10px;--column-gap:0px;}.elementor-13292 .elementor-element.elementor-element-18597b4:hover{box-shadow:0px 0px 10px 0px #ABABAB;}.elementor-13292 .elementor-element.elementor-element-b7a7817 img{width:250px;height:250px;object-fit:cover;object-position:center center;}.elementor-13292 .elementor-element.elementor-element-b7a7817 > .elementor-widget-container{margin:0px 0px 0px 0px;}.elementor-13292 .elementor-element.elementor-element-b7a7817{z-index:-1;}.elementor-13292 .elementor-element.elementor-element-ce17184{text-align:center;z-index:2;}.elementor-13292 .elementor-element.elementor-element-ce17184 .elementor-heading-title{text-shadow:0px 0px 20px rgba(255, 255, 255, 0.89);}<\/style>\t\t<div data-elementor-type=\"loop-item\" data-elementor-id=\"13292\" class=\"elementor elementor-13292 e-loop-item e-loop-item-1393 post-1393 page type-page status-publish hentry\" data-elementor-post-type=\"elementor_library\" data-custom-edit-handle=\"1\">\n\t\t\t<a class=\"elementor-element elementor-element-18597b4 e-flex e-con-boxed e-con e-child\" data-id=\"18597b4\" data-element_type=\"container\" data-e-type=\"container\" href=\"https:\/\/culturasconstructivas.org\/pt-pt\/\">\n\t\t\t\t\t<div class=\"e-con-inner\">\n\t\t\t\t<div class=\"elementor-element elementor-element-b7a7817 elementor-widget elementor-widget-image\" data-id=\"b7a7817\" data-element_type=\"widget\" data-e-type=\"widget\" data-widget_type=\"image.default\">\n\t\t\t\t<div class=\"elementor-widget-container\">\n\t\t\t\t\t\t\t\t\t\t\t\t\t\t\t<img fetchpriority=\"high\" decoding=\"async\" width=\"768\" height=\"455\" src=\"https:\/\/culturasconstructivas.org\/wp-content\/uploads\/2024\/10\/2018-Marvao-768x455.webp\" class=\"attachment-medium_large size-medium_large wp-image-13265\" alt=\"\" srcset=\"https:\/\/culturasconstructivas.org\/wp-content\/uploads\/2024\/10\/2018-Marvao-768x455.webp 768w, https:\/\/culturasconstructivas.org\/wp-content\/uploads\/2024\/10\/2018-Marvao-300x178.webp 300w, https:\/\/culturasconstructivas.org\/wp-content\/uploads\/2024\/10\/2018-Marvao-1024x607.webp 1024w, https:\/\/culturasconstructivas.org\/wp-content\/uploads\/2024\/10\/2018-Marvao-1536x911.webp 1536w, https:\/\/culturasconstructivas.org\/wp-content\/uploads\/2024\/10\/elementor\/thumbs\/2018-Marvao-quwtafnabje1y4x4glqsmgxvq3by4ndmxo3y4n0i16.webp 1w, https:\/\/culturasconstructivas.org\/wp-content\/uploads\/2024\/10\/2018-Marvao.webp 2000w\" sizes=\"(max-width: 768px) 100vw, 768px\" \/>\t\t\t\t\t\t\t\t\t\t\t\t\t\t\t<\/div>\n\t\t\t\t<\/div>\n\t\t\t\t<div class=\"elementor-element elementor-element-ce17184 elementor-widget elementor-widget-heading\" data-id=\"ce17184\" data-element_type=\"widget\" data-e-type=\"widget\" data-widget_type=\"heading.default\">\n\t\t\t\t<div class=\"elementor-widget-container\">\n\t\t\t\t\t<h2 class=\"elementor-heading-title elementor-size-default\">20xx<\/h2>\t\t\t\t<\/div>\n\t\t\t\t<\/div>\n\t\t\t\t\t<\/div>\n\t\t\t\t<\/a>\n\t\t\t\t<\/div>\n\t\t\t\t<div data-elementor-type=\"loop-item\" data-elementor-id=\"13292\" class=\"elementor elementor-13292 e-loop-item e-loop-item-21369 post-21369 page type-page status-publish hentry\" data-elementor-post-type=\"elementor_library\" data-custom-edit-handle=\"1\">\n\t\t\t<a class=\"elementor-element elementor-element-18597b4 e-flex e-con-boxed e-con e-child\" data-id=\"18597b4\" data-element_type=\"container\" data-e-type=\"container\" href=\"https:\/\/culturasconstructivas.org\/pt-pt\/carrinho\/\">\n\t\t\t\t\t<div class=\"e-con-inner\">\n\t\t\t\t<div class=\"elementor-element elementor-element-b7a7817 elementor-widget elementor-widget-image\" data-id=\"b7a7817\" data-element_type=\"widget\" data-e-type=\"widget\" data-widget_type=\"image.default\">\n\t\t\t\t<div class=\"elementor-widget-container\">\n\t\t\t\t\t\t\t\t\t\t\t\t\t\t\t<img fetchpriority=\"high\" decoding=\"async\" width=\"768\" height=\"455\" src=\"https:\/\/culturasconstructivas.org\/wp-content\/uploads\/2024\/10\/2018-Marvao-768x455.webp\" class=\"attachment-medium_large size-medium_large wp-image-13265\" alt=\"\" srcset=\"https:\/\/culturasconstructivas.org\/wp-content\/uploads\/2024\/10\/2018-Marvao-768x455.webp 768w, https:\/\/culturasconstructivas.org\/wp-content\/uploads\/2024\/10\/2018-Marvao-300x178.webp 300w, https:\/\/culturasconstructivas.org\/wp-content\/uploads\/2024\/10\/2018-Marvao-1024x607.webp 1024w, https:\/\/culturasconstructivas.org\/wp-content\/uploads\/2024\/10\/2018-Marvao-1536x911.webp 1536w, https:\/\/culturasconstructivas.org\/wp-content\/uploads\/2024\/10\/elementor\/thumbs\/2018-Marvao-quwtafnabje1y4x4glqsmgxvq3by4ndmxo3y4n0i16.webp 1w, https:\/\/culturasconstructivas.org\/wp-content\/uploads\/2024\/10\/2018-Marvao.webp 2000w\" sizes=\"(max-width: 768px) 100vw, 768px\" \/>\t\t\t\t\t\t\t\t\t\t\t\t\t\t\t<\/div>\n\t\t\t\t<\/div>\n\t\t\t\t<div class=\"elementor-element elementor-element-ce17184 elementor-widget elementor-widget-heading\" data-id=\"ce17184\" data-element_type=\"widget\" data-e-type=\"widget\" data-widget_type=\"heading.default\">\n\t\t\t\t<div class=\"elementor-widget-container\">\n\t\t\t\t\t<h2 class=\"elementor-heading-title elementor-size-default\">20xx<\/h2>\t\t\t\t<\/div>\n\t\t\t\t<\/div>\n\t\t\t\t\t<\/div>\n\t\t\t\t<\/a>\n\t\t\t\t<\/div>\n\t\t\t\t<div data-elementor-type=\"loop-item\" data-elementor-id=\"13292\" class=\"elementor elementor-13292 e-loop-item e-loop-item-21371 post-21371 page type-page status-publish hentry\" data-elementor-post-type=\"elementor_library\" data-custom-edit-handle=\"1\">\n\t\t\t<a class=\"elementor-element elementor-element-18597b4 e-flex e-con-boxed e-con e-child\" data-id=\"18597b4\" data-element_type=\"container\" data-e-type=\"container\" href=\"https:\/\/culturasconstructivas.org\/pt-pt\/finalizar-reserva\/\">\n\t\t\t\t\t<div class=\"e-con-inner\">\n\t\t\t\t<div class=\"elementor-element elementor-element-b7a7817 elementor-widget elementor-widget-image\" data-id=\"b7a7817\" data-element_type=\"widget\" data-e-type=\"widget\" data-widget_type=\"image.default\">\n\t\t\t\t<div class=\"elementor-widget-container\">\n\t\t\t\t\t\t\t\t\t\t\t\t\t\t\t<img fetchpriority=\"high\" decoding=\"async\" width=\"768\" height=\"455\" src=\"https:\/\/culturasconstructivas.org\/wp-content\/uploads\/2024\/10\/2018-Marvao-768x455.webp\" class=\"attachment-medium_large size-medium_large wp-image-13265\" alt=\"\" srcset=\"https:\/\/culturasconstructivas.org\/wp-content\/uploads\/2024\/10\/2018-Marvao-768x455.webp 768w, https:\/\/culturasconstructivas.org\/wp-content\/uploads\/2024\/10\/2018-Marvao-300x178.webp 300w, https:\/\/culturasconstructivas.org\/wp-content\/uploads\/2024\/10\/2018-Marvao-1024x607.webp 1024w, https:\/\/culturasconstructivas.org\/wp-content\/uploads\/2024\/10\/2018-Marvao-1536x911.webp 1536w, https:\/\/culturasconstructivas.org\/wp-content\/uploads\/2024\/10\/elementor\/thumbs\/2018-Marvao-quwtafnabje1y4x4glqsmgxvq3by4ndmxo3y4n0i16.webp 1w, https:\/\/culturasconstructivas.org\/wp-content\/uploads\/2024\/10\/2018-Marvao.webp 2000w\" sizes=\"(max-width: 768px) 100vw, 768px\" \/>\t\t\t\t\t\t\t\t\t\t\t\t\t\t\t<\/div>\n\t\t\t\t<\/div>\n\t\t\t\t<div class=\"elementor-element elementor-element-ce17184 elementor-widget elementor-widget-heading\" data-id=\"ce17184\" data-element_type=\"widget\" data-e-type=\"widget\" data-widget_type=\"heading.default\">\n\t\t\t\t<div class=\"elementor-widget-container\">\n\t\t\t\t\t<h2 class=\"elementor-heading-title elementor-size-default\">20xx<\/h2>\t\t\t\t<\/div>\n\t\t\t\t<\/div>\n\t\t\t\t\t<\/div>\n\t\t\t\t<\/a>\n\t\t\t\t<\/div>\n\t\t\t\t<div data-elementor-type=\"loop-item\" data-elementor-id=\"13292\" class=\"elementor elementor-13292 e-loop-item e-loop-item-21374 post-21374 page type-page status-publish hentry\" data-elementor-post-type=\"elementor_library\" data-custom-edit-handle=\"1\">\n\t\t\t<a class=\"elementor-element elementor-element-18597b4 e-flex e-con-boxed e-con e-child\" data-id=\"18597b4\" data-element_type=\"container\" data-e-type=\"container\" href=\"https:\/\/culturasconstructivas.org\/pt-pt\/a-minha-conta\/\">\n\t\t\t\t\t<div class=\"e-con-inner\">\n\t\t\t\t<div class=\"elementor-element elementor-element-b7a7817 elementor-widget elementor-widget-image\" data-id=\"b7a7817\" data-element_type=\"widget\" data-e-type=\"widget\" data-widget_type=\"image.default\">\n\t\t\t\t<div class=\"elementor-widget-container\">\n\t\t\t\t\t\t\t\t\t\t\t\t\t\t\t<img fetchpriority=\"high\" decoding=\"async\" width=\"768\" height=\"455\" src=\"https:\/\/culturasconstructivas.org\/wp-content\/uploads\/2024\/10\/2018-Marvao-768x455.webp\" class=\"attachment-medium_large size-medium_large wp-image-13265\" alt=\"\" srcset=\"https:\/\/culturasconstructivas.org\/wp-content\/uploads\/2024\/10\/2018-Marvao-768x455.webp 768w, https:\/\/culturasconstructivas.org\/wp-content\/uploads\/2024\/10\/2018-Marvao-300x178.webp 300w, https:\/\/culturasconstructivas.org\/wp-content\/uploads\/2024\/10\/2018-Marvao-1024x607.webp 1024w, https:\/\/culturasconstructivas.org\/wp-content\/uploads\/2024\/10\/2018-Marvao-1536x911.webp 1536w, https:\/\/culturasconstructivas.org\/wp-content\/uploads\/2024\/10\/elementor\/thumbs\/2018-Marvao-quwtafnabje1y4x4glqsmgxvq3by4ndmxo3y4n0i16.webp 1w, https:\/\/culturasconstructivas.org\/wp-content\/uploads\/2024\/10\/2018-Marvao.webp 2000w\" sizes=\"(max-width: 768px) 100vw, 768px\" \/>\t\t\t\t\t\t\t\t\t\t\t\t\t\t\t<\/div>\n\t\t\t\t<\/div>\n\t\t\t\t<div class=\"elementor-element elementor-element-ce17184 elementor-widget elementor-widget-heading\" data-id=\"ce17184\" data-element_type=\"widget\" data-e-type=\"widget\" data-widget_type=\"heading.default\">\n\t\t\t\t<div class=\"elementor-widget-container\">\n\t\t\t\t\t<h2 class=\"elementor-heading-title elementor-size-default\">20xx<\/h2>\t\t\t\t<\/div>\n\t\t\t\t<\/div>\n\t\t\t\t\t<\/div>\n\t\t\t\t<\/a>\n\t\t\t\t<\/div>\n\t\t\t\t<div data-elementor-type=\"loop-item\" data-elementor-id=\"13292\" class=\"elementor elementor-13292 e-loop-item e-loop-item-1530 post-1530 page type-page status-publish hentry\" data-elementor-post-type=\"elementor_library\" data-custom-edit-handle=\"1\">\n\t\t\t<a class=\"elementor-element elementor-element-18597b4 e-flex e-con-boxed e-con e-child\" data-id=\"18597b4\" data-element_type=\"container\" data-e-type=\"container\" href=\"https:\/\/culturasconstructivas.org\/pt-pt\/sobre-a-fundacao\/\">\n\t\t\t\t\t<div class=\"e-con-inner\">\n\t\t\t\t<div class=\"elementor-element elementor-element-b7a7817 elementor-widget elementor-widget-image\" data-id=\"b7a7817\" data-element_type=\"widget\" data-e-type=\"widget\" data-widget_type=\"image.default\">\n\t\t\t\t<div class=\"elementor-widget-container\">\n\t\t\t\t\t\t\t\t\t\t\t\t\t\t\t<img fetchpriority=\"high\" decoding=\"async\" width=\"768\" height=\"455\" src=\"https:\/\/culturasconstructivas.org\/wp-content\/uploads\/2024\/10\/2018-Marvao-768x455.webp\" class=\"attachment-medium_large size-medium_large wp-image-13265\" alt=\"\" srcset=\"https:\/\/culturasconstructivas.org\/wp-content\/uploads\/2024\/10\/2018-Marvao-768x455.webp 768w, https:\/\/culturasconstructivas.org\/wp-content\/uploads\/2024\/10\/2018-Marvao-300x178.webp 300w, https:\/\/culturasconstructivas.org\/wp-content\/uploads\/2024\/10\/2018-Marvao-1024x607.webp 1024w, https:\/\/culturasconstructivas.org\/wp-content\/uploads\/2024\/10\/2018-Marvao-1536x911.webp 1536w, https:\/\/culturasconstructivas.org\/wp-content\/uploads\/2024\/10\/elementor\/thumbs\/2018-Marvao-quwtafnabje1y4x4glqsmgxvq3by4ndmxo3y4n0i16.webp 1w, https:\/\/culturasconstructivas.org\/wp-content\/uploads\/2024\/10\/2018-Marvao.webp 2000w\" sizes=\"(max-width: 768px) 100vw, 768px\" \/>\t\t\t\t\t\t\t\t\t\t\t\t\t\t\t<\/div>\n\t\t\t\t<\/div>\n\t\t\t\t<div class=\"elementor-element elementor-element-ce17184 elementor-widget elementor-widget-heading\" data-id=\"ce17184\" data-element_type=\"widget\" data-e-type=\"widget\" data-widget_type=\"heading.default\">\n\t\t\t\t<div class=\"elementor-widget-container\">\n\t\t\t\t\t<h2 class=\"elementor-heading-title elementor-size-default\">20xx<\/h2>\t\t\t\t<\/div>\n\t\t\t\t<\/div>\n\t\t\t\t\t<\/div>\n\t\t\t\t<\/a>\n\t\t\t\t<\/div>\n\t\t\t\t<\/div>\n\t\t\n\t\t\t\t\t\t<\/div>\n\t\t\t\t<\/div>\n\t\t\t\t\t<\/div>\n\t\t\t\t<\/div>\n\t\t<div class=\"elementor-element elementor-element-f1aeb7f e-con-full e-flex e-con e-child\" data-id=\"f1aeb7f\" data-element_type=\"container\" data-e-type=\"container\">\n\t\t\t\t<div class=\"elementor-element elementor-element-666556e elementor-widget elementor-widget-heading\" data-id=\"666556e\" data-element_type=\"widget\" data-e-type=\"widget\" data-widget_type=\"heading.default\">\n\t\t\t\t<div class=\"elementor-widget-container\">\n\t\t\t\t\t<h2 class=\"elementor-heading-title elementor-size-default\">Semin\u00e1rios<\/h2>\t\t\t\t<\/div>\n\t\t\t\t<\/div>\n\t\t\t\t<\/div>\n\t\t<div class=\"elementor-element elementor-element-0d13dd9 e-con-full e-grid e-con e-child\" data-id=\"0d13dd9\" data-element_type=\"container\" data-e-type=\"container\">\n\t\t<a class=\"elementor-element elementor-element-651e1bc e-con-full e-flex e-con e-child\" data-id=\"651e1bc\" data-element_type=\"container\" data-e-type=\"container\" href=\"https:\/\/culturasconstructivas.org\/iniciativas\/congresos\/congreso-internacional\/ediciones-previas-congreso\/seminario-premio-rafael-manzano-2019\/\">\n\t\t\t\t<div class=\"elementor-element elementor-element-5d34c14 elementor-widget elementor-widget-image\" data-id=\"5d34c14\" data-element_type=\"widget\" data-e-type=\"widget\" data-widget_type=\"image.default\">\n\t\t\t\t<div class=\"elementor-widget-container\">\n\t\t\t\t\t\t\t\t\t\t\t\t\t\t\t<img decoding=\"async\" src=\"https:\/\/culturasconstructivas.org\/wp-content\/uploads\/elementor\/thumbs\/Congreso-2019-r52gk08mf98y0x825vuprjw5w9s937hu3nferrb03o.webp\" title=\"Congreso-2019\" alt=\"Congreso-2019\" loading=\"lazy\" \/>\t\t\t\t\t\t\t\t\t\t\t\t\t\t\t<\/div>\n\t\t\t\t<\/div>\n\t\t\t\t<div class=\"elementor-element elementor-element-fbd7198 elementor-widget elementor-widget-heading\" data-id=\"fbd7198\" data-element_type=\"widget\" data-e-type=\"widget\" data-widget_type=\"heading.default\">\n\t\t\t\t<div class=\"elementor-widget-container\">\n\t\t\t\t\t<h2 class=\"elementor-heading-title elementor-size-default\">2019<\/h2>\t\t\t\t<\/div>\n\t\t\t\t<\/div>\n\t\t\t\t<\/a>\n\t\t<a class=\"elementor-element elementor-element-d5a96d2 e-con-full e-flex e-con e-child\" data-id=\"d5a96d2\" data-element_type=\"container\" data-e-type=\"container\" href=\"https:\/\/culturasconstructivas.org\/iniciativas\/congresos\/congreso-internacional\/ediciones-previas-congreso\/seminario-premio-rafael-manzano-2018\/\">\n\t\t\t\t<div class=\"elementor-element elementor-element-e6824d5 elementor-widget elementor-widget-image\" data-id=\"e6824d5\" data-element_type=\"widget\" data-e-type=\"widget\" data-widget_type=\"image.default\">\n\t\t\t\t<div class=\"elementor-widget-container\">\n\t\t\t\t\t\t\t\t\t\t\t\t\t\t\t<img decoding=\"async\" src=\"https:\/\/culturasconstructivas.org\/wp-content\/uploads\/elementor\/thumbs\/Congreso-2018-r52gkmsqza3trkbai5lrfe785ip27xze6r32aedjyc.webp\" title=\"Congreso-2018\" alt=\"Congreso-2018\" loading=\"lazy\" \/>\t\t\t\t\t\t\t\t\t\t\t\t\t\t\t<\/div>\n\t\t\t\t<\/div>\n\t\t\t\t<div class=\"elementor-element elementor-element-2ee2103 elementor-widget elementor-widget-heading\" data-id=\"2ee2103\" data-element_type=\"widget\" data-e-type=\"widget\" data-widget_type=\"heading.default\">\n\t\t\t\t<div class=\"elementor-widget-container\">\n\t\t\t\t\t<h2 class=\"elementor-heading-title elementor-size-default\">2018<\/h2>\t\t\t\t<\/div>\n\t\t\t\t<\/div>\n\t\t\t\t<\/a>\n\t\t<a class=\"elementor-element elementor-element-3a47df7 e-con-full e-flex e-con e-child\" data-id=\"3a47df7\" data-element_type=\"container\" data-e-type=\"container\" href=\"https:\/\/culturasconstructivas.org\/iniciativas\/congresos\/congreso-internacional\/ediciones-previas-congreso\/seminario-premio-rafael-manzano-2017\/\">\n\t\t\t\t<div class=\"elementor-element elementor-element-61c195e elementor-widget elementor-widget-image\" data-id=\"61c195e\" data-element_type=\"widget\" data-e-type=\"widget\" data-widget_type=\"image.default\">\n\t\t\t\t<div class=\"elementor-widget-container\">\n\t\t\t\t\t\t\t\t\t\t\t\t\t\t\t<img decoding=\"async\" src=\"https:\/\/culturasconstructivas.org\/wp-content\/uploads\/elementor\/thumbs\/Congreso-2017-r52gknql6454369xco0dzvyoqwkffn34ivqjroc5s4.webp\" title=\"Congreso-2017\" alt=\"Congreso-2017\" loading=\"lazy\" \/>\t\t\t\t\t\t\t\t\t\t\t\t\t\t\t<\/div>\n\t\t\t\t<\/div>\n\t\t\t\t<div class=\"elementor-element elementor-element-d24e0b1 elementor-widget elementor-widget-heading\" data-id=\"d24e0b1\" data-element_type=\"widget\" data-e-type=\"widget\" data-widget_type=\"heading.default\">\n\t\t\t\t<div class=\"elementor-widget-container\">\n\t\t\t\t\t<h2 class=\"elementor-heading-title elementor-size-default\">2017<\/h2>\t\t\t\t<\/div>\n\t\t\t\t<\/div>\n\t\t\t\t<\/a>\n\t\t<a class=\"elementor-element elementor-element-c288eff e-con-full e-flex e-con e-child\" data-id=\"c288eff\" data-element_type=\"container\" data-e-type=\"container\" href=\"https:\/\/culturasconstructivas.org\/iniciativas\/congresos\/congreso-internacional\/ediciones-previas-congreso\/seminario-premio-rafael-manzano-2016\/\">\n\t\t\t\t<div class=\"elementor-element elementor-element-0024405 elementor-widget elementor-widget-image\" data-id=\"0024405\" data-element_type=\"widget\" data-e-type=\"widget\" data-widget_type=\"image.default\">\n\t\t\t\t<div class=\"elementor-widget-container\">\n\t\t\t\t\t\t\t\t\t\t\t\t\t\t\t<img decoding=\"async\" src=\"https:\/\/culturasconstructivas.org\/wp-content\/uploads\/elementor\/thumbs\/Congreso-2016-r52gkoofcy6ees8k76f0kdq5cafsnc6uv0e18yarlw.webp\" title=\"Congreso-2016\" alt=\"Congreso-2016\" loading=\"lazy\" \/>\t\t\t\t\t\t\t\t\t\t\t\t\t\t\t<\/div>\n\t\t\t\t<\/div>\n\t\t\t\t<div class=\"elementor-element elementor-element-7808b97 elementor-widget elementor-widget-heading\" data-id=\"7808b97\" data-element_type=\"widget\" data-e-type=\"widget\" data-widget_type=\"heading.default\">\n\t\t\t\t<div class=\"elementor-widget-container\">\n\t\t\t\t\t<h2 class=\"elementor-heading-title elementor-size-default\">2016<\/h2>\t\t\t\t<\/div>\n\t\t\t\t<\/div>\n\t\t\t\t<\/a>\n\t\t<a class=\"elementor-element elementor-element-8d271ce e-con-full e-flex e-con e-child\" data-id=\"8d271ce\" data-element_type=\"container\" data-e-type=\"container\" href=\"https:\/\/culturasconstructivas.org\/iniciativas\/congresos\/congreso-internacional\/ediciones-previas-congreso\/seminario-premio-rafael-manzano-2015\/\">\n\t\t\t\t<div class=\"elementor-element elementor-element-719322f elementor-widget elementor-widget-image\" data-id=\"719322f\" data-element_type=\"widget\" data-e-type=\"widget\" data-widget_type=\"image.default\">\n\t\t\t\t<div class=\"elementor-widget-container\">\n\t\t\t\t\t\t\t\t\t\t\t\t\t\t\t<img decoding=\"async\" src=\"https:\/\/culturasconstructivas.org\/wp-content\/uploads\/elementor\/thumbs\/Congreso-2015-r52gkoofcy6ees8k76f0kdq5cafsnc6uv0e18yarlw.webp\" title=\"Congreso-2015\" alt=\"Congreso-2015\" loading=\"lazy\" \/>\t\t\t\t\t\t\t\t\t\t\t\t\t\t\t<\/div>\n\t\t\t\t<\/div>\n\t\t\t\t<div class=\"elementor-element elementor-element-deab104 elementor-widget elementor-widget-heading\" data-id=\"deab104\" data-element_type=\"widget\" data-e-type=\"widget\" data-widget_type=\"heading.default\">\n\t\t\t\t<div class=\"elementor-widget-container\">\n\t\t\t\t\t<h2 class=\"elementor-heading-title elementor-size-default\">2015<\/h2>\t\t\t\t<\/div>\n\t\t\t\t<\/div>\n\t\t\t\t<\/a>\n\t\t<a class=\"elementor-element elementor-element-26aa4f4 e-con-full e-flex e-con e-child\" data-id=\"26aa4f4\" data-element_type=\"container\" data-e-type=\"container\" href=\"https:\/\/culturasconstructivas.org\/iniciativas\/congresos\/congreso-internacional\/ediciones-previas-congreso\/seminario-premio-rafael-manzano-2014\/\">\n\t\t\t\t<div class=\"elementor-element elementor-element-40364e7 elementor-widget elementor-widget-image\" data-id=\"40364e7\" data-element_type=\"widget\" data-e-type=\"widget\" data-widget_type=\"image.default\">\n\t\t\t\t<div class=\"elementor-widget-container\">\n\t\t\t\t\t\t\t\t\t\t\t\t\t\t\t<img decoding=\"async\" src=\"https:\/\/culturasconstructivas.org\/wp-content\/uploads\/elementor\/thumbs\/Congreso-2014-r52gkpm9js7oqe771otn4vhlxob5v1al751iq89dfo.webp\" title=\"Congreso-2014\" alt=\"Congreso-2014\" loading=\"lazy\" \/>\t\t\t\t\t\t\t\t\t\t\t\t\t\t\t<\/div>\n\t\t\t\t<\/div>\n\t\t\t\t<div class=\"elementor-element elementor-element-c6a6c14 elementor-widget elementor-widget-heading\" data-id=\"c6a6c14\" data-element_type=\"widget\" data-e-type=\"widget\" data-widget_type=\"heading.default\">\n\t\t\t\t<div class=\"elementor-widget-container\">\n\t\t\t\t\t<h2 class=\"elementor-heading-title elementor-size-default\">2014<\/h2>\t\t\t\t<\/div>\n\t\t\t\t<\/div>\n\t\t\t\t<\/a>\n\t\t<a class=\"elementor-element elementor-element-cd1842f e-con-full e-flex e-con e-child\" data-id=\"cd1842f\" data-element_type=\"container\" data-e-type=\"container\" href=\"https:\/\/culturasconstructivas.org\/iniciativas\/congresos\/congreso-internacional\/ediciones-previas-congreso\/seminario-premio-rafael-manzano-2013\/\">\n\t\t\t\t<div class=\"elementor-element elementor-element-de515ec elementor-widget elementor-widget-image\" data-id=\"de515ec\" data-element_type=\"widget\" data-e-type=\"widget\" data-widget_type=\"image.default\">\n\t\t\t\t<div class=\"elementor-widget-container\">\n\t\t\t\t\t\t\t\t\t\t\t\t\t\t\t<img decoding=\"async\" src=\"https:\/\/culturasconstructivas.org\/wp-content\/uploads\/elementor\/thumbs\/Congreso-2013-r52gkpm9js7oqe771otn4vhlxob5v1al751iq89dfo.webp\" title=\"Congreso-2013\" alt=\"Congreso-2013\" loading=\"lazy\" \/>\t\t\t\t\t\t\t\t\t\t\t\t\t\t\t<\/div>\n\t\t\t\t<\/div>\n\t\t\t\t<div class=\"elementor-element elementor-element-4dc98cb elementor-widget elementor-widget-heading\" data-id=\"4dc98cb\" data-element_type=\"widget\" data-e-type=\"widget\" data-widget_type=\"heading.default\">\n\t\t\t\t<div class=\"elementor-widget-container\">\n\t\t\t\t\t<h2 class=\"elementor-heading-title elementor-size-default\">2013<\/h2>\t\t\t\t<\/div>\n\t\t\t\t<\/div>\n\t\t\t\t<\/a>\n\t\t<a class=\"elementor-element elementor-element-c25a375 e-con-full e-flex e-con e-child\" data-id=\"c25a375\" data-element_type=\"container\" data-e-type=\"container\" href=\"https:\/\/culturasconstructivas.org\/iniciativas\/congresos\/congreso-internacional\/ediciones-previas-congreso\/seminario-premio-rafael-manzano-2012\/\">\n\t\t\t\t<div class=\"elementor-element elementor-element-b9af1eb elementor-widget elementor-widget-image\" data-id=\"b9af1eb\" data-element_type=\"widget\" data-e-type=\"widget\" data-widget_type=\"image.default\">\n\t\t\t\t<div class=\"elementor-widget-container\">\n\t\t\t\t\t\t\t\t\t\t\t\t\t\t\t<img decoding=\"async\" src=\"https:\/\/culturasconstructivas.org\/wp-content\/uploads\/elementor\/thumbs\/Congreso-2012-r52gkqk3qm8z205tw789pd92j26j2qebj9p07i7z9g.webp\" title=\"Congreso-2012\" alt=\"Congreso-2012\" loading=\"lazy\" \/>\t\t\t\t\t\t\t\t\t\t\t\t\t\t\t<\/div>\n\t\t\t\t<\/div>\n\t\t\t\t<div class=\"elementor-element elementor-element-f777ed1 elementor-widget elementor-widget-heading\" data-id=\"f777ed1\" data-element_type=\"widget\" data-e-type=\"widget\" data-widget_type=\"heading.default\">\n\t\t\t\t<div class=\"elementor-widget-container\">\n\t\t\t\t\t<h2 class=\"elementor-heading-title elementor-size-default\">2012<\/h2>\t\t\t\t<\/div>\n\t\t\t\t<\/div>\n\t\t\t\t<\/a>\n\t\t\t\t<\/div>\n\t\t\t\t\t<\/div>\n\t\t\t\t<\/div>\n\t\t\t\t<\/div>\n\t\t","protected":false},"excerpt":{"rendered":"<p>Edi\u00e7\u00f5es anteriores dos Congressos e Semin\u00e1rios Internacionais sobre Constru\u00e7\u00e3o, Arquitetura e Urbanismo Tradicionais Congressos Semin\u00e1rios 2019 2018 2017 2016 2015 2014 2013 2012<\/p>\n","protected":false},"author":1,"featured_media":0,"parent":17597,"menu_order":1,"comment_status":"closed","ping_status":"closed","template":"elementor_header_footer","meta":{"_acf_changed":false,"_piecal_is_event":false,"_piecal_start_date":"","_piecal_end_date":"","_piecal_is_allday":false,"footnotes":""},"class_list":["post-17596","page","type-page","status-publish","hentry"],"acf":[],"yoast_head":"<!-- This site is optimized with the Yoast SEO plugin v27.4 - https:\/\/yoast.com\/product\/yoast-seo-wordpress\/ -->\n<title>Edi\u00e7\u00f5es anteriores do Congresso - Fundaci\u00f3n Culturas Constructivas Tradicionales<\/title>\n<meta name=\"robots\" content=\"index, follow, max-snippet:-1, max-image-preview:large, max-video-preview:-1\" \/>\n<link rel=\"canonical\" href=\"https:\/\/culturasconstructivas.org\/pt-pt\/iniciativas\/congressos\/congresso-internacional-sobre-construcao-arquitetura-e-urbanismo-tradicionais\/edicoes-anteriores-do-congresso\/\" \/>\n<meta property=\"og:locale\" content=\"pt_PT\" \/>\n<meta property=\"og:type\" content=\"article\" \/>\n<meta property=\"og:title\" content=\"Edi\u00e7\u00f5es anteriores do Congresso - Fundaci\u00f3n Culturas Constructivas Tradicionales\" \/>\n<meta property=\"og:description\" content=\"Edi\u00e7\u00f5es anteriores dos Congressos e Semin\u00e1rios Internacionais sobre Constru\u00e7\u00e3o, Arquitetura e Urbanismo Tradicionais Congressos Semin\u00e1rios 2019 2018 2017 2016 2015 2014 2013 2012\" \/>\n<meta property=\"og:url\" content=\"https:\/\/culturasconstructivas.org\/pt-pt\/iniciativas\/congressos\/congresso-internacional-sobre-construcao-arquitetura-e-urbanismo-tradicionais\/edicoes-anteriores-do-congresso\/\" \/>\n<meta property=\"og:site_name\" content=\"Fundaci\u00f3n Culturas Constructivas Tradicionales\" \/>\n<meta property=\"article:modified_time\" content=\"2025-09-16T10:56:50+00:00\" \/>\n<meta property=\"og:image\" content=\"https:\/\/culturasconstructivas.org\/wp-content\/uploads\/elementor\/thumbs\/Congreso-2019-r52gk08mf98y0x825vuprjw5w9s937hu3nferrb03o.webp\" \/>\n<meta name=\"twitter:card\" content=\"summary_large_image\" \/>\n<script type=\"application\/ld+json\" class=\"yoast-schema-graph\">{\"@context\":\"https:\\\/\\\/schema.org\",\"@graph\":[{\"@type\":\"WebPage\",\"@id\":\"https:\\\/\\\/culturasconstructivas.org\\\/pt-pt\\\/iniciativas\\\/congressos\\\/congresso-internacional-sobre-construcao-arquitetura-e-urbanismo-tradicionais\\\/edicoes-anteriores-do-congresso\\\/\",\"url\":\"https:\\\/\\\/culturasconstructivas.org\\\/pt-pt\\\/iniciativas\\\/congressos\\\/congresso-internacional-sobre-construcao-arquitetura-e-urbanismo-tradicionais\\\/edicoes-anteriores-do-congresso\\\/\",\"name\":\"Edi\u00e7\u00f5es anteriores do Congresso - Fundaci\u00f3n Culturas Constructivas Tradicionales\",\"isPartOf\":{\"@id\":\"https:\\\/\\\/culturasconstructivas.org\\\/pt-pt\\\/#website\"},\"primaryImageOfPage\":{\"@id\":\"https:\\\/\\\/culturasconstructivas.org\\\/pt-pt\\\/iniciativas\\\/congressos\\\/congresso-internacional-sobre-construcao-arquitetura-e-urbanismo-tradicionais\\\/edicoes-anteriores-do-congresso\\\/#primaryimage\"},\"image\":{\"@id\":\"https:\\\/\\\/culturasconstructivas.org\\\/pt-pt\\\/iniciativas\\\/congressos\\\/congresso-internacional-sobre-construcao-arquitetura-e-urbanismo-tradicionais\\\/edicoes-anteriores-do-congresso\\\/#primaryimage\"},\"thumbnailUrl\":\"https:\\\/\\\/culturasconstructivas.org\\\/wp-content\\\/uploads\\\/elementor\\\/thumbs\\\/Congreso-2019-r52gk08mf98y0x825vuprjw5w9s937hu3nferrb03o.webp\",\"datePublished\":\"2024-09-16T06:41:39+00:00\",\"dateModified\":\"2025-09-16T10:56:50+00:00\",\"breadcrumb\":{\"@id\":\"https:\\\/\\\/culturasconstructivas.org\\\/pt-pt\\\/iniciativas\\\/congressos\\\/congresso-internacional-sobre-construcao-arquitetura-e-urbanismo-tradicionais\\\/edicoes-anteriores-do-congresso\\\/#breadcrumb\"},\"inLanguage\":\"pt-PT\",\"potentialAction\":[{\"@type\":\"ReadAction\",\"target\":[\"https:\\\/\\\/culturasconstructivas.org\\\/pt-pt\\\/iniciativas\\\/congressos\\\/congresso-internacional-sobre-construcao-arquitetura-e-urbanismo-tradicionais\\\/edicoes-anteriores-do-congresso\\\/\"]}]},{\"@type\":\"ImageObject\",\"inLanguage\":\"pt-PT\",\"@id\":\"https:\\\/\\\/culturasconstructivas.org\\\/pt-pt\\\/iniciativas\\\/congressos\\\/congresso-internacional-sobre-construcao-arquitetura-e-urbanismo-tradicionais\\\/edicoes-anteriores-do-congresso\\\/#primaryimage\",\"url\":\"https:\\\/\\\/culturasconstructivas.org\\\/wp-content\\\/uploads\\\/elementor\\\/thumbs\\\/Congreso-2019-r52gk08mf98y0x825vuprjw5w9s937hu3nferrb03o.webp\",\"contentUrl\":\"https:\\\/\\\/culturasconstructivas.org\\\/wp-content\\\/uploads\\\/elementor\\\/thumbs\\\/Congreso-2019-r52gk08mf98y0x825vuprjw5w9s937hu3nferrb03o.webp\"},{\"@type\":\"BreadcrumbList\",\"@id\":\"https:\\\/\\\/culturasconstructivas.org\\\/pt-pt\\\/iniciativas\\\/congressos\\\/congresso-internacional-sobre-construcao-arquitetura-e-urbanismo-tradicionais\\\/edicoes-anteriores-do-congresso\\\/#breadcrumb\",\"itemListElement\":[{\"@type\":\"ListItem\",\"position\":1,\"name\":\"Portada\",\"item\":\"https:\\\/\\\/culturasconstructivas.org\\\/pt-pt\\\/fundacao-culturas-construtivas-tradicionais\\\/\"},{\"@type\":\"ListItem\",\"position\":2,\"name\":\"Iniciativas\",\"item\":\"https:\\\/\\\/culturasconstructivas.org\\\/pt-pt\\\/iniciativas\\\/\"},{\"@type\":\"ListItem\",\"position\":3,\"name\":\"Congressos\",\"item\":\"https:\\\/\\\/culturasconstructivas.org\\\/pt-pt\\\/iniciativas\\\/congressos\\\/\"},{\"@type\":\"ListItem\",\"position\":4,\"name\":\"Congresso Internacional sobre Constru\u00e7\u00e3o, Arquitetura e Urbanismo Tradicionais\",\"item\":\"https:\\\/\\\/culturasconstructivas.org\\\/pt-pt\\\/iniciativas\\\/congressos\\\/congresso-internacional-sobre-construcao-arquitetura-e-urbanismo-tradicionais\\\/\"},{\"@type\":\"ListItem\",\"position\":5,\"name\":\"Edi\u00e7\u00f5es anteriores do Congresso\"}]},{\"@type\":\"WebSite\",\"@id\":\"https:\\\/\\\/culturasconstructivas.org\\\/pt-pt\\\/#website\",\"url\":\"https:\\\/\\\/culturasconstructivas.org\\\/pt-pt\\\/\",\"name\":\"Fundaci\u00f3n Culturas Constructivas Tradicionales\",\"description\":\"\",\"publisher\":{\"@id\":\"https:\\\/\\\/culturasconstructivas.org\\\/pt-pt\\\/#organization\"},\"potentialAction\":[{\"@type\":\"SearchAction\",\"target\":{\"@type\":\"EntryPoint\",\"urlTemplate\":\"https:\\\/\\\/culturasconstructivas.org\\\/pt-pt\\\/?s={search_term_string}\"},\"query-input\":{\"@type\":\"PropertyValueSpecification\",\"valueRequired\":true,\"valueName\":\"search_term_string\"}}],\"inLanguage\":\"pt-PT\"},{\"@type\":\"Organization\",\"@id\":\"https:\\\/\\\/culturasconstructivas.org\\\/pt-pt\\\/#organization\",\"name\":\"Fundaci\u00f3n Culturas Constructivas Tradicionales\",\"url\":\"https:\\\/\\\/culturasconstructivas.org\\\/pt-pt\\\/\",\"logo\":{\"@type\":\"ImageObject\",\"inLanguage\":\"pt-PT\",\"@id\":\"https:\\\/\\\/culturasconstructivas.org\\\/pt-pt\\\/#\\\/schema\\\/logo\\\/image\\\/\",\"url\":\"https:\\\/\\\/culturasconstructivas.org\\\/wp-content\\\/uploads\\\/2023\\\/10\\\/FUNDACAO-CULTURAS-CONSTRUTIVAS-Logo.png\",\"contentUrl\":\"https:\\\/\\\/culturasconstructivas.org\\\/wp-content\\\/uploads\\\/2023\\\/10\\\/FUNDACAO-CULTURAS-CONSTRUTIVAS-Logo.png\",\"width\":537,\"height\":290,\"caption\":\"Fundaci\u00f3n Culturas Constructivas Tradicionales\"},\"image\":{\"@id\":\"https:\\\/\\\/culturasconstructivas.org\\\/pt-pt\\\/#\\\/schema\\\/logo\\\/image\\\/\"}}]}<\/script>\n<!-- \/ Yoast SEO plugin. -->","yoast_head_json":{"title":"Edi\u00e7\u00f5es anteriores do Congresso - Fundaci\u00f3n Culturas Constructivas Tradicionales","robots":{"index":"index","follow":"follow","max-snippet":"max-snippet:-1","max-image-preview":"max-image-preview:large","max-video-preview":"max-video-preview:-1"},"canonical":"https:\/\/culturasconstructivas.org\/pt-pt\/iniciativas\/congressos\/congresso-internacional-sobre-construcao-arquitetura-e-urbanismo-tradicionais\/edicoes-anteriores-do-congresso\/","og_locale":"pt_PT","og_type":"article","og_title":"Edi\u00e7\u00f5es anteriores do Congresso - Fundaci\u00f3n Culturas Constructivas Tradicionales","og_description":"Edi\u00e7\u00f5es anteriores dos Congressos e Semin\u00e1rios Internacionais sobre Constru\u00e7\u00e3o, Arquitetura e Urbanismo Tradicionais Congressos Semin\u00e1rios 2019 2018 2017 2016 2015 2014 2013 2012","og_url":"https:\/\/culturasconstructivas.org\/pt-pt\/iniciativas\/congressos\/congresso-internacional-sobre-construcao-arquitetura-e-urbanismo-tradicionais\/edicoes-anteriores-do-congresso\/","og_site_name":"Fundaci\u00f3n Culturas Constructivas Tradicionales","article_modified_time":"2025-09-16T10:56:50+00:00","og_image":[{"url":"https:\/\/culturasconstructivas.org\/wp-content\/uploads\/elementor\/thumbs\/Congreso-2019-r52gk08mf98y0x825vuprjw5w9s937hu3nferrb03o.webp","type":"","width":"","height":""}],"twitter_card":"summary_large_image","schema":{"@context":"https:\/\/schema.org","@graph":[{"@type":"WebPage","@id":"https:\/\/culturasconstructivas.org\/pt-pt\/iniciativas\/congressos\/congresso-internacional-sobre-construcao-arquitetura-e-urbanismo-tradicionais\/edicoes-anteriores-do-congresso\/","url":"https:\/\/culturasconstructivas.org\/pt-pt\/iniciativas\/congressos\/congresso-internacional-sobre-construcao-arquitetura-e-urbanismo-tradicionais\/edicoes-anteriores-do-congresso\/","name":"Edi\u00e7\u00f5es anteriores do Congresso - Fundaci\u00f3n Culturas Constructivas Tradicionales","isPartOf":{"@id":"https:\/\/culturasconstructivas.org\/pt-pt\/#website"},"primaryImageOfPage":{"@id":"https:\/\/culturasconstructivas.org\/pt-pt\/iniciativas\/congressos\/congresso-internacional-sobre-construcao-arquitetura-e-urbanismo-tradicionais\/edicoes-anteriores-do-congresso\/#primaryimage"},"image":{"@id":"https:\/\/culturasconstructivas.org\/pt-pt\/iniciativas\/congressos\/congresso-internacional-sobre-construcao-arquitetura-e-urbanismo-tradicionais\/edicoes-anteriores-do-congresso\/#primaryimage"},"thumbnailUrl":"https:\/\/culturasconstructivas.org\/wp-content\/uploads\/elementor\/thumbs\/Congreso-2019-r52gk08mf98y0x825vuprjw5w9s937hu3nferrb03o.webp","datePublished":"2024-09-16T06:41:39+00:00","dateModified":"2025-09-16T10:56:50+00:00","breadcrumb":{"@id":"https:\/\/culturasconstructivas.org\/pt-pt\/iniciativas\/congressos\/congresso-internacional-sobre-construcao-arquitetura-e-urbanismo-tradicionais\/edicoes-anteriores-do-congresso\/#breadcrumb"},"inLanguage":"pt-PT","potentialAction":[{"@type":"ReadAction","target":["https:\/\/culturasconstructivas.org\/pt-pt\/iniciativas\/congressos\/congresso-internacional-sobre-construcao-arquitetura-e-urbanismo-tradicionais\/edicoes-anteriores-do-congresso\/"]}]},{"@type":"ImageObject","inLanguage":"pt-PT","@id":"https:\/\/culturasconstructivas.org\/pt-pt\/iniciativas\/congressos\/congresso-internacional-sobre-construcao-arquitetura-e-urbanismo-tradicionais\/edicoes-anteriores-do-congresso\/#primaryimage","url":"https:\/\/culturasconstructivas.org\/wp-content\/uploads\/elementor\/thumbs\/Congreso-2019-r52gk08mf98y0x825vuprjw5w9s937hu3nferrb03o.webp","contentUrl":"https:\/\/culturasconstructivas.org\/wp-content\/uploads\/elementor\/thumbs\/Congreso-2019-r52gk08mf98y0x825vuprjw5w9s937hu3nferrb03o.webp"},{"@type":"BreadcrumbList","@id":"https:\/\/culturasconstructivas.org\/pt-pt\/iniciativas\/congressos\/congresso-internacional-sobre-construcao-arquitetura-e-urbanismo-tradicionais\/edicoes-anteriores-do-congresso\/#breadcrumb","itemListElement":[{"@type":"ListItem","position":1,"name":"Portada","item":"https:\/\/culturasconstructivas.org\/pt-pt\/fundacao-culturas-construtivas-tradicionais\/"},{"@type":"ListItem","position":2,"name":"Iniciativas","item":"https:\/\/culturasconstructivas.org\/pt-pt\/iniciativas\/"},{"@type":"ListItem","position":3,"name":"Congressos","item":"https:\/\/culturasconstructivas.org\/pt-pt\/iniciativas\/congressos\/"},{"@type":"ListItem","position":4,"name":"Congresso Internacional sobre Constru\u00e7\u00e3o, Arquitetura e Urbanismo Tradicionais","item":"https:\/\/culturasconstructivas.org\/pt-pt\/iniciativas\/congressos\/congresso-internacional-sobre-construcao-arquitetura-e-urbanismo-tradicionais\/"},{"@type":"ListItem","position":5,"name":"Edi\u00e7\u00f5es anteriores do Congresso"}]},{"@type":"WebSite","@id":"https:\/\/culturasconstructivas.org\/pt-pt\/#website","url":"https:\/\/culturasconstructivas.org\/pt-pt\/","name":"Fundaci\u00f3n Culturas Constructivas Tradicionales","description":"","publisher":{"@id":"https:\/\/culturasconstructivas.org\/pt-pt\/#organization"},"potentialAction":[{"@type":"SearchAction","target":{"@type":"EntryPoint","urlTemplate":"https:\/\/culturasconstructivas.org\/pt-pt\/?s={search_term_string}"},"query-input":{"@type":"PropertyValueSpecification","valueRequired":true,"valueName":"search_term_string"}}],"inLanguage":"pt-PT"},{"@type":"Organization","@id":"https:\/\/culturasconstructivas.org\/pt-pt\/#organization","name":"Fundaci\u00f3n Culturas Constructivas Tradicionales","url":"https:\/\/culturasconstructivas.org\/pt-pt\/","logo":{"@type":"ImageObject","inLanguage":"pt-PT","@id":"https:\/\/culturasconstructivas.org\/pt-pt\/#\/schema\/logo\/image\/","url":"https:\/\/culturasconstructivas.org\/wp-content\/uploads\/2023\/10\/FUNDACAO-CULTURAS-CONSTRUTIVAS-Logo.png","contentUrl":"https:\/\/culturasconstructivas.org\/wp-content\/uploads\/2023\/10\/FUNDACAO-CULTURAS-CONSTRUTIVAS-Logo.png","width":537,"height":290,"caption":"Fundaci\u00f3n Culturas Constructivas Tradicionales"},"image":{"@id":"https:\/\/culturasconstructivas.org\/pt-pt\/#\/schema\/logo\/image\/"}}]}},"_links":{"self":[{"href":"https:\/\/culturasconstructivas.org\/pt-pt\/wp-json\/wp\/v2\/pages\/17596","targetHints":{"allow":["GET"]}}],"collection":[{"href":"https:\/\/culturasconstructivas.org\/pt-pt\/wp-json\/wp\/v2\/pages"}],"about":[{"href":"https:\/\/culturasconstructivas.org\/pt-pt\/wp-json\/wp\/v2\/types\/page"}],"author":[{"embeddable":true,"href":"https:\/\/culturasconstructivas.org\/pt-pt\/wp-json\/wp\/v2\/users\/1"}],"replies":[{"embeddable":true,"href":"https:\/\/culturasconstructivas.org\/pt-pt\/wp-json\/wp\/v2\/comments?post=17596"}],"version-history":[{"count":1,"href":"https:\/\/culturasconstructivas.org\/pt-pt\/wp-json\/wp\/v2\/pages\/17596\/revisions"}],"predecessor-version":[{"id":17720,"href":"https:\/\/culturasconstructivas.org\/pt-pt\/wp-json\/wp\/v2\/pages\/17596\/revisions\/17720"}],"up":[{"embeddable":true,"href":"https:\/\/culturasconstructivas.org\/pt-pt\/wp-json\/wp\/v2\/pages\/17597"}],"wp:attachment":[{"href":"https:\/\/culturasconstructivas.org\/pt-pt\/wp-json\/wp\/v2\/media?parent=17596"}],"curies":[{"name":"wp","href":"https:\/\/api.w.org\/{rel}","templated":true}]}}