{"id":17586,"date":"2024-09-16T08:46:42","date_gmt":"2024-09-16T06:46:42","guid":{"rendered":"https:\/\/culturasconstructivas.org\/seminario-premio-rafael-manzano-2019\/"},"modified":"2025-02-25T14:16:36","modified_gmt":"2025-02-25T13:16:36","slug":"seminario-premio-rafael-manzano-2019","status":"publish","type":"page","link":"https:\/\/culturasconstructivas.org\/pt-pt\/iniciativas\/congressos\/congresso-internacional-sobre-construcao-arquitetura-e-urbanismo-tradicionais\/edicoes-anteriores-do-congresso\/seminario-premio-rafael-manzano-2019\/","title":{"rendered":"Semin\u00e1rio Pr\u00eamio Rafael Manzano 2019"},"content":{"rendered":"\t\t<div data-elementor-type=\"wp-page\" data-elementor-id=\"17586\" class=\"elementor elementor-17586 elementor-12948\" data-elementor-post-type=\"page\">\n\t\t\t\t<div class=\"elementor-element elementor-element-17b1d19 e-flex e-con-boxed e-con e-parent\" data-id=\"17b1d19\" data-element_type=\"container\" data-e-type=\"container\">\n\t\t\t\t\t<div class=\"e-con-inner\">\n\t\t<div class=\"elementor-element elementor-element-5ec0339 e-con-full e-flex e-con e-child\" data-id=\"5ec0339\" data-element_type=\"container\" data-e-type=\"container\">\n\t\t<div class=\"elementor-element elementor-element-a75b0dd e-flex e-con-boxed e-con e-child\" data-id=\"a75b0dd\" data-element_type=\"container\" data-e-type=\"container\">\n\t\t\t\t\t<div class=\"e-con-inner\">\n\t\t\t\t<div class=\"elementor-element elementor-element-d7979c5 elementor-widget elementor-widget-heading\" data-id=\"d7979c5\" data-element_type=\"widget\" data-e-type=\"widget\" data-widget_type=\"heading.default\">\n\t\t\t\t<div class=\"elementor-widget-container\">\n\t\t\t\t\t<h1 class=\"elementor-heading-title elementor-size-default\">Semin\u00e1rio Internacional Nova Arquitetura Vern\u00e1cula 2019\n<\/h1>\t\t\t\t<\/div>\n\t\t\t\t<\/div>\n\t\t\t\t<div class=\"elementor-element elementor-element-e5113b2 elementor-widget elementor-widget-heading\" data-id=\"e5113b2\" data-element_type=\"widget\" data-e-type=\"widget\" data-widget_type=\"heading.default\">\n\t\t\t\t<div class=\"elementor-widget-container\">\n\t\t\t\t\t<p class=\"elementor-heading-title elementor-size-default\">Resultados<\/p>\t\t\t\t<\/div>\n\t\t\t\t<\/div>\n\t\t\t\t\t<\/div>\n\t\t\t\t<\/div>\n\t\t\t\t<\/div>\n\t\t\t\t\t<\/div>\n\t\t\t\t<\/div>\n\t\t<div class=\"elementor-element elementor-element-408d9a3 e-flex e-con-boxed e-con e-parent\" data-id=\"408d9a3\" data-element_type=\"container\" data-e-type=\"container\" data-settings=\"{&quot;background_background&quot;:&quot;classic&quot;}\">\n\t\t\t\t\t<div class=\"e-con-inner\">\n\t\t<div class=\"elementor-element elementor-element-4c1e2eb e-con-full e-flex e-con e-child\" data-id=\"4c1e2eb\" data-element_type=\"container\" data-e-type=\"container\" data-settings=\"{&quot;background_background&quot;:&quot;classic&quot;}\">\n\t\t<div class=\"elementor-element elementor-element-bf40816 e-flex e-con-boxed e-con e-child\" data-id=\"bf40816\" data-element_type=\"container\" data-e-type=\"container\" data-settings=\"{&quot;background_background&quot;:&quot;classic&quot;}\">\n\t\t\t\t\t<div class=\"e-con-inner\">\n\t\t\t\t<div class=\"elementor-element elementor-element-e88c094 elementor-widget__width-initial elementor-widget elementor-widget-text-editor\" data-id=\"e88c094\" data-element_type=\"widget\" data-e-type=\"widget\" data-widget_type=\"text-editor.default\">\n\t\t\t\t<div class=\"elementor-widget-container\">\n\t\t\t\t\t\t\t\t\t<p>Coincidindo com a Cerim\u00f4nia de Entrega do Pr\u00eamio Rafael Manzano de Nova Arquitetura Tradicional 2019, assim como em edi\u00e7\u00f5es anteriores, foi realizado um Semin\u00e1rio Internacional, desta vez sob o t\u00edtulo &#8220;Nova Arquitetura Vern\u00e1cula&#8221;, nos dias 17 e 18 de outubro, na Escola T\u00e9cnica Superior de Arquitetura da Universidade Polit\u00e9cnica de Madri (Sala de Confer\u00eancias do Terceiro Andar).<\/p>\n\t\t\t\t\t\t\t\t<\/div>\n\t\t\t\t<\/div>\n\t\t\t\t\t<\/div>\n\t\t\t\t<\/div>\n\t\t\t\t<\/div>\n\t\t<div class=\"elementor-element elementor-element-0b942e2 e-con-full e-flex e-con e-child\" data-id=\"0b942e2\" data-element_type=\"container\" data-e-type=\"container\">\n\t\t\t\t<div class=\"elementor-element elementor-element-a545282 elementor-widget elementor-widget-heading\" data-id=\"a545282\" data-element_type=\"widget\" data-e-type=\"widget\" data-widget_type=\"heading.default\">\n\t\t\t\t<div class=\"elementor-widget-container\">\n\t\t\t\t\t<h2 class=\"elementor-heading-title elementor-size-default\">Apresenta\u00e7\u00e3o<\/h2>\t\t\t\t<\/div>\n\t\t\t\t<\/div>\n\t\t\t\t<div class=\"elementor-element elementor-element-d9069f8 elementor-widget-divider--view-line elementor-widget elementor-widget-divider\" data-id=\"d9069f8\" data-element_type=\"widget\" data-e-type=\"widget\" data-widget_type=\"divider.default\">\n\t\t\t\t<div class=\"elementor-widget-container\">\n\t\t\t\t\t\t\t<div class=\"elementor-divider\">\n\t\t\t<span class=\"elementor-divider-separator\">\n\t\t\t\t\t\t<\/span>\n\t\t<\/div>\n\t\t\t\t\t\t<\/div>\n\t\t\t\t<\/div>\n\t\t\t\t<\/div>\n\t\t<div class=\"elementor-element elementor-element-15a21ce e-con-full e-flex e-con e-child\" data-id=\"15a21ce\" data-element_type=\"container\" data-e-type=\"container\">\n\t\t\t\t<div class=\"elementor-element elementor-element-6e94d02 elementor-widget__width-initial elementor-widget elementor-widget-text-editor\" data-id=\"6e94d02\" data-element_type=\"widget\" data-e-type=\"widget\" data-widget_type=\"text-editor.default\">\n\t\t\t\t<div class=\"elementor-widget-container\">\n\t\t\t\t\t\t\t\t\t<p><span style=\"text-align: var(--text-align);\">Foi organizado pelo INTBAU, pelo Pr\u00eamio Rafael Manzano de Nova Arquitetura Tradicional e pela Escola T\u00e9cnica Superior de Arquitetura da Universidade Polit\u00e9cnica de Madri, gra\u00e7as ao apoio do Richard H. Driehaus Charitable Lead Trust, por meio de uma doa\u00e7\u00e3o \u00e0 Chicago Community Foundation para o Richard H. Driehaus Charitable Fund, com a colabora\u00e7\u00e3o da Funda\u00e7\u00e3o EKABA (Espa\u00e7o de Kalam para as Belas Artes), da Funda\u00e7\u00e3o Serra Henriques, da Universidade Alfonso X el Sabio, da Escola Superior Gallaecia e do Centro de Investiga\u00e7\u00e3o de Arquitetura Tradicional (CIAT)<\/span><\/p>\n\t\t\t\t\t\t\t\t<\/div>\n\t\t\t\t<\/div>\n\t\t\t\t<\/div>\n\t\t\t\t\t<\/div>\n\t\t\t\t<\/div>\n\t\t<div class=\"elementor-element elementor-element-2fc91a5 e-flex e-con-boxed e-con e-parent\" data-id=\"2fc91a5\" data-element_type=\"container\" data-e-type=\"container\">\n\t\t\t\t\t<div class=\"e-con-inner\">\n\t\t<div class=\"elementor-element elementor-element-cb0c515 e-flex e-con-boxed e-con e-child\" data-id=\"cb0c515\" data-element_type=\"container\" data-e-type=\"container\" data-settings=\"{&quot;background_background&quot;:&quot;classic&quot;}\">\n\t\t\t\t\t<div class=\"e-con-inner\">\n\t\t<div class=\"elementor-element elementor-element-665a590 e-con-full e-flex e-con e-child\" data-id=\"665a590\" data-element_type=\"container\" data-e-type=\"container\">\n\t\t\t\t<div class=\"elementor-element elementor-element-fcf1caa elementor-widget elementor-widget-heading\" data-id=\"fcf1caa\" data-element_type=\"widget\" data-e-type=\"widget\" data-widget_type=\"heading.default\">\n\t\t\t\t<div class=\"elementor-widget-container\">\n\t\t\t\t\t<h2 class=\"elementor-heading-title elementor-size-default\">Programa<\/h2>\t\t\t\t<\/div>\n\t\t\t\t<\/div>\n\t\t\t\t<div class=\"elementor-element elementor-element-ca1e60a elementor-widget-divider--view-line elementor-widget elementor-widget-divider\" data-id=\"ca1e60a\" data-element_type=\"widget\" data-e-type=\"widget\" data-widget_type=\"divider.default\">\n\t\t\t\t<div class=\"elementor-widget-container\">\n\t\t\t\t\t\t\t<div class=\"elementor-divider\">\n\t\t\t<span class=\"elementor-divider-separator\">\n\t\t\t\t\t\t<\/span>\n\t\t<\/div>\n\t\t\t\t\t\t<\/div>\n\t\t\t\t<\/div>\n\t\t\t\t<\/div>\n\t\t<div class=\"elementor-element elementor-element-662886a e-con-full e-flex e-con e-child\" data-id=\"662886a\" data-element_type=\"container\" data-e-type=\"container\">\n\t\t\t\t<div class=\"elementor-element elementor-element-444de9d gallery-spacing-custom elementor-widget elementor-widget-image-gallery\" data-id=\"444de9d\" data-element_type=\"widget\" data-e-type=\"widget\" data-widget_type=\"image-gallery.default\">\n\t\t\t\t<div class=\"elementor-widget-container\">\n\t\t\t\t\t\t\t<div class=\"elementor-image-gallery\">\n\t\t\t<div id='gallery-1' class='gallery galleryid-17586 gallery-columns-4 gallery-size-full'><figure class='gallery-item'>\n\t\t\t<div class='gallery-icon portrait'>\n\t\t\t\t<a data-elementor-open-lightbox=\"yes\" data-elementor-lightbox-slideshow=\"444de9d\" data-e-action-hash=\"#elementor-action%3Aaction%3Dlightbox%26settings%3DeyJpZCI6MTM3NzcsInVybCI6Imh0dHBzOlwvXC9jdWx0dXJhc2NvbnN0cnVjdGl2YXMub3JnXC93cC1jb250ZW50XC91cGxvYWRzXC8yMDI0XC8xMFwvUHJvZ3JhbWEtU2VtaW5hcmlvMTkxLndlYnAiLCJzbGlkZXNob3ciOiI0NDRkZTlkIn0%3D\" href='https:\/\/culturasconstructivas.org\/wp-content\/uploads\/2024\/10\/Programa-Seminario191.webp'><img fetchpriority=\"high\" decoding=\"async\" width=\"874\" height=\"1240\" src=\"https:\/\/culturasconstructivas.org\/wp-content\/uploads\/2024\/10\/Programa-Seminario191.webp\" class=\"attachment-full size-full\" alt=\"\" srcset=\"https:\/\/culturasconstructivas.org\/wp-content\/uploads\/2024\/10\/Programa-Seminario191.webp 874w, https:\/\/culturasconstructivas.org\/wp-content\/uploads\/2024\/10\/Programa-Seminario191-211x300.webp 211w, https:\/\/culturasconstructivas.org\/wp-content\/uploads\/2024\/10\/Programa-Seminario191-722x1024.webp 722w, https:\/\/culturasconstructivas.org\/wp-content\/uploads\/2024\/10\/Programa-Seminario191-768x1090.webp 768w\" sizes=\"(max-width: 874px) 100vw, 874px\" \/><\/a>\n\t\t\t<\/div><\/figure><figure class='gallery-item'>\n\t\t\t<div class='gallery-icon portrait'>\n\t\t\t\t<a data-elementor-open-lightbox=\"yes\" data-elementor-lightbox-slideshow=\"444de9d\" data-e-action-hash=\"#elementor-action%3Aaction%3Dlightbox%26settings%3DeyJpZCI6MTM3NzQsInVybCI6Imh0dHBzOlwvXC9jdWx0dXJhc2NvbnN0cnVjdGl2YXMub3JnXC93cC1jb250ZW50XC91cGxvYWRzXC8yMDI0XC8xMFwvUHJvZ3JhbWEtU2VtaW5hcmlvMTkyLndlYnAiLCJzbGlkZXNob3ciOiI0NDRkZTlkIn0%3D\" href='https:\/\/culturasconstructivas.org\/wp-content\/uploads\/2024\/10\/Programa-Seminario192.webp'><img decoding=\"async\" width=\"874\" height=\"1240\" src=\"https:\/\/culturasconstructivas.org\/wp-content\/uploads\/2024\/10\/Programa-Seminario192.webp\" class=\"attachment-full size-full\" alt=\"\" srcset=\"https:\/\/culturasconstructivas.org\/wp-content\/uploads\/2024\/10\/Programa-Seminario192.webp 874w, https:\/\/culturasconstructivas.org\/wp-content\/uploads\/2024\/10\/Programa-Seminario192-211x300.webp 211w, https:\/\/culturasconstructivas.org\/wp-content\/uploads\/2024\/10\/Programa-Seminario192-722x1024.webp 722w, https:\/\/culturasconstructivas.org\/wp-content\/uploads\/2024\/10\/Programa-Seminario192-768x1090.webp 768w\" sizes=\"(max-width: 874px) 100vw, 874px\" \/><\/a>\n\t\t\t<\/div><\/figure><figure class='gallery-item'>\n\t\t\t<div class='gallery-icon portrait'>\n\t\t\t\t<a data-elementor-open-lightbox=\"yes\" data-elementor-lightbox-slideshow=\"444de9d\" data-e-action-hash=\"#elementor-action%3Aaction%3Dlightbox%26settings%3DeyJpZCI6MTM3NzEsInVybCI6Imh0dHBzOlwvXC9jdWx0dXJhc2NvbnN0cnVjdGl2YXMub3JnXC93cC1jb250ZW50XC91cGxvYWRzXC8yMDI0XC8xMFwvUHJvZ3JhbWEtU2VtaW5hcmlvMTkzLndlYnAiLCJzbGlkZXNob3ciOiI0NDRkZTlkIn0%3D\" href='https:\/\/culturasconstructivas.org\/wp-content\/uploads\/2024\/10\/Programa-Seminario193.webp'><img decoding=\"async\" width=\"874\" height=\"1240\" src=\"https:\/\/culturasconstructivas.org\/wp-content\/uploads\/2024\/10\/Programa-Seminario193.webp\" class=\"attachment-full size-full\" alt=\"\" srcset=\"https:\/\/culturasconstructivas.org\/wp-content\/uploads\/2024\/10\/Programa-Seminario193.webp 874w, https:\/\/culturasconstructivas.org\/wp-content\/uploads\/2024\/10\/Programa-Seminario193-211x300.webp 211w, https:\/\/culturasconstructivas.org\/wp-content\/uploads\/2024\/10\/Programa-Seminario193-722x1024.webp 722w, https:\/\/culturasconstructivas.org\/wp-content\/uploads\/2024\/10\/Programa-Seminario193-768x1090.webp 768w\" sizes=\"(max-width: 874px) 100vw, 874px\" \/><\/a>\n\t\t\t<\/div><\/figure>\n\t\t<\/div>\n\t\t<\/div>\n\t\t\t\t\t\t<\/div>\n\t\t\t\t<\/div>\n\t\t\t\t<\/div>\n\t\t\t\t\t<\/div>\n\t\t\t\t<\/div>\n\t\t\t\t\t<\/div>\n\t\t\t\t<\/div>\n\t\t<div class=\"elementor-element elementor-element-b9f72e7 e-flex e-con-boxed e-con e-parent\" data-id=\"b9f72e7\" data-element_type=\"container\" data-e-type=\"container\">\n\t\t\t\t\t<div class=\"e-con-inner\">\n\t\t<div class=\"elementor-element elementor-element-37b1756 e-con-full e-flex e-con e-child\" data-id=\"37b1756\" data-element_type=\"container\" data-e-type=\"container\">\n\t\t\t\t<div class=\"elementor-element elementor-element-c8ad87c elementor-widget elementor-widget-heading\" data-id=\"c8ad87c\" data-element_type=\"widget\" data-e-type=\"widget\" data-widget_type=\"heading.default\">\n\t\t\t\t<div class=\"elementor-widget-container\">\n\t\t\t\t\t<h2 class=\"elementor-heading-title elementor-size-default\">Confer\u00eancias<\/h2>\t\t\t\t<\/div>\n\t\t\t\t<\/div>\n\t\t\t\t<div class=\"elementor-element elementor-element-5be6479 elementor-widget-divider--view-line elementor-widget elementor-widget-divider\" data-id=\"5be6479\" data-element_type=\"widget\" data-e-type=\"widget\" data-widget_type=\"divider.default\">\n\t\t\t\t<div class=\"elementor-widget-container\">\n\t\t\t\t\t\t\t<div class=\"elementor-divider\">\n\t\t\t<span class=\"elementor-divider-separator\">\n\t\t\t\t\t\t<\/span>\n\t\t<\/div>\n\t\t\t\t\t\t<\/div>\n\t\t\t\t<\/div>\n\t\t\t\t<\/div>\n\t\t<div class=\"elementor-element elementor-element-5c2cb46 e-con-full e-flex e-con e-child\" data-id=\"5c2cb46\" data-element_type=\"container\" data-e-type=\"container\">\n\t\t\t\t<div class=\"elementor-element elementor-element-1d91449 elementor-widget__width-initial elementor-widget elementor-widget-text-editor\" data-id=\"1d91449\" data-element_type=\"widget\" data-e-type=\"widget\" data-widget_type=\"text-editor.default\">\n\t\t\t\t<div class=\"elementor-widget-container\">\n\t\t\t\t\t\t\t\t\t<p>A grava\u00e7\u00e3o e edi\u00e7\u00e3o digital dessas confer\u00eancias, acess\u00edveis por meio dos links, foram realizadas pela equipe de servi\u00e7os audiovisuais da Escola T\u00e9cnica Superior de Arquitetura de Madri.<\/p>\n\t\t\t\t\t\t\t\t<\/div>\n\t\t\t\t<\/div>\n\t\t\t\t<\/div>\n\t\t<div class=\"elementor-element elementor-element-6f5e4fa e-con-full e-flex e-con e-child\" data-id=\"6f5e4fa\" data-element_type=\"container\" data-e-type=\"container\">\n\t\t\t\t<div class=\"elementor-element elementor-element-5bc4f22 elementor-widget elementor-widget-heading\" data-id=\"5bc4f22\" data-element_type=\"widget\" data-e-type=\"widget\" data-widget_type=\"heading.default\">\n\t\t\t\t<div class=\"elementor-widget-container\">\n\t\t\t\t\t<h3 class=\"elementor-heading-title elementor-size-default\">17 de outubro<\/h3>\t\t\t\t<\/div>\n\t\t\t\t<\/div>\n\t\t\t\t<\/div>\n\t\t<div class=\"elementor-element elementor-element-ee87471 e-con-full e-flex e-con e-child\" data-id=\"ee87471\" data-element_type=\"container\" data-e-type=\"container\">\n\t\t\t\t<div class=\"elementor-element elementor-element-9566c65 elementor-widget__width-initial elementor-widget elementor-widget-video\" data-id=\"9566c65\" data-element_type=\"widget\" data-e-type=\"widget\" data-settings=\"{&quot;youtube_url&quot;:&quot;https:\\\/\\\/youtu.be\\\/6xxSbMp07uc&quot;,&quot;video_type&quot;:&quot;youtube&quot;,&quot;controls&quot;:&quot;yes&quot;}\" data-widget_type=\"video.default\">\n\t\t\t\t<div class=\"elementor-widget-container\">\n\t\t\t\t\t\t\t<div class=\"elementor-wrapper elementor-open-inline\">\n\t\t\t<div class=\"elementor-video\"><\/div>\t\t<\/div>\n\t\t\t\t\t\t<\/div>\n\t\t\t\t<\/div>\n\t\t<div class=\"elementor-element elementor-element-969859d e-con-full e-flex e-con e-child\" data-id=\"969859d\" data-element_type=\"container\" data-e-type=\"container\">\n\t\t\t\t<div class=\"elementor-element elementor-element-1b43c83 elementor-widget elementor-widget-text-editor\" data-id=\"1b43c83\" data-element_type=\"widget\" data-e-type=\"widget\" data-widget_type=\"text-editor.default\">\n\t\t\t\t<div class=\"elementor-widget-container\">\n\t\t\t\t\t\t\t\t\t<p><b>Welcome session<\/b> Manuel Blanco Lage, Javier Cenicacelaya and Alejandro Garc\u00eda Hermida<\/p>\n\t\t\t\t\t\t\t\t<\/div>\n\t\t\t\t<\/div>\n\t\t\t\t<\/div>\n\t\t\t\t<\/div>\n\t\t<div class=\"elementor-element elementor-element-6f4dc5e e-con-full e-flex e-con e-child\" data-id=\"6f4dc5e\" data-element_type=\"container\" data-e-type=\"container\">\n\t\t\t\t<div class=\"elementor-element elementor-element-b133043 elementor-widget elementor-widget-heading\" data-id=\"b133043\" data-element_type=\"widget\" data-e-type=\"widget\" data-widget_type=\"heading.default\">\n\t\t\t\t<div class=\"elementor-widget-container\">\n\t\t\t\t\t<h4 class=\"elementor-heading-title elementor-size-default\">Primeira sess\u00e3o: Nova Arquitetura Vern\u00e1cula I<\/h4>\t\t\t\t<\/div>\n\t\t\t\t<\/div>\n\t\t\t\t<\/div>\n\t\t<div class=\"elementor-element elementor-element-58576f0 e-con-full e-flex e-con e-child\" data-id=\"58576f0\" data-element_type=\"container\" data-e-type=\"container\">\n\t\t\t\t<div class=\"elementor-element elementor-element-70223f3 elementor-widget__width-initial elementor-widget elementor-widget-video\" data-id=\"70223f3\" data-element_type=\"widget\" data-e-type=\"widget\" data-settings=\"{&quot;youtube_url&quot;:&quot;https:\\\/\\\/youtu.be\\\/6qthMEBujqE&quot;,&quot;video_type&quot;:&quot;youtube&quot;,&quot;controls&quot;:&quot;yes&quot;}\" data-widget_type=\"video.default\">\n\t\t\t\t<div class=\"elementor-widget-container\">\n\t\t\t\t\t\t\t<div class=\"elementor-wrapper elementor-open-inline\">\n\t\t\t<div class=\"elementor-video\"><\/div>\t\t<\/div>\n\t\t\t\t\t\t<\/div>\n\t\t\t\t<\/div>\n\t\t<div class=\"elementor-element elementor-element-4cac4ac e-con-full e-flex e-con e-child\" data-id=\"4cac4ac\" data-element_type=\"container\" data-e-type=\"container\">\n\t\t\t\t<div class=\"elementor-element elementor-element-7020749 elementor-widget elementor-widget-text-editor\" data-id=\"7020749\" data-element_type=\"widget\" data-e-type=\"widget\" data-widget_type=\"text-editor.default\">\n\t\t\t\t<div class=\"elementor-widget-container\">\n\t\t\t\t\t\t\t\t\t<div class=\"et_pb_row et_pb_row_14\">\n<div class=\"et_pb_column et_pb_column_3_5 et_pb_column_22 et_pb_css_mix_blend_mode_passthrough et-last-child\">\n<div class=\"et_pb_module et_pb_text et_pb_text_9 et_pb_text_align_left et_pb_bg_layout_light\">\n<div class=\"et_pb_text_inner\">\n<p><b><em>Apuntes sobre Arquitectura Vern\u00e1cula<\/em><\/b> Rafael Manzano Martos<\/p>\n<\/div>\n<\/div>\n<\/div>\n<\/div>\n\t\t\t\t\t\t\t\t<\/div>\n\t\t\t\t<\/div>\n\t\t\t\t<\/div>\n\t\t\t\t<\/div>\n\t\t<div class=\"elementor-element elementor-element-df6db67 e-con-full e-flex e-con e-child\" data-id=\"df6db67\" data-element_type=\"container\" data-e-type=\"container\">\n\t\t\t\t<div class=\"elementor-element elementor-element-3463e6b elementor-widget__width-initial elementor-widget elementor-widget-video\" data-id=\"3463e6b\" data-element_type=\"widget\" data-e-type=\"widget\" data-settings=\"{&quot;youtube_url&quot;:&quot;https:\\\/\\\/youtu.be\\\/9UkvVIQIHNw&quot;,&quot;video_type&quot;:&quot;youtube&quot;,&quot;controls&quot;:&quot;yes&quot;}\" data-widget_type=\"video.default\">\n\t\t\t\t<div class=\"elementor-widget-container\">\n\t\t\t\t\t\t\t<div class=\"elementor-wrapper elementor-open-inline\">\n\t\t\t<div class=\"elementor-video\"><\/div>\t\t<\/div>\n\t\t\t\t\t\t<\/div>\n\t\t\t\t<\/div>\n\t\t<div class=\"elementor-element elementor-element-0421f7d e-con-full e-flex e-con e-child\" data-id=\"0421f7d\" data-element_type=\"container\" data-e-type=\"container\">\n\t\t\t\t<div class=\"elementor-element elementor-element-18b8305 elementor-widget elementor-widget-text-editor\" data-id=\"18b8305\" data-element_type=\"widget\" data-e-type=\"widget\" data-widget_type=\"text-editor.default\">\n\t\t\t\t<div class=\"elementor-widget-container\">\n\t\t\t\t\t\t\t\t\t<div class=\"et_pb_row et_pb_row_15\">\n<div class=\"et_pb_column et_pb_column_3_5 et_pb_column_24 et_pb_css_mix_blend_mode_passthrough et-last-child\">\n<div class=\"et_pb_module et_pb_text et_pb_text_10 et_pb_text_align_left et_pb_bg_layout_light\">\n<div class=\"et_pb_text_inner\">\n<p><b><em>B\u00e9jar ante el espejo<\/em><\/b> Abelardo Linares del Castillo Valero and Elena Jim\u00e9nez S\u00e1nchez<\/p>\n<\/div>\n<\/div>\n<\/div>\n<\/div>\n\t\t\t\t\t\t\t\t<\/div>\n\t\t\t\t<\/div>\n\t\t\t\t<\/div>\n\t\t\t\t<\/div>\n\t\t<div class=\"elementor-element elementor-element-18bba27 e-con-full e-flex e-con e-child\" data-id=\"18bba27\" data-element_type=\"container\" data-e-type=\"container\">\n\t\t\t\t<div class=\"elementor-element elementor-element-f7a306a elementor-widget__width-initial elementor-widget elementor-widget-video\" data-id=\"f7a306a\" data-element_type=\"widget\" data-e-type=\"widget\" data-settings=\"{&quot;youtube_url&quot;:&quot;https:\\\/\\\/youtu.be\\\/O4YLm9rw7ww&quot;,&quot;video_type&quot;:&quot;youtube&quot;,&quot;controls&quot;:&quot;yes&quot;}\" data-widget_type=\"video.default\">\n\t\t\t\t<div class=\"elementor-widget-container\">\n\t\t\t\t\t\t\t<div class=\"elementor-wrapper elementor-open-inline\">\n\t\t\t<div class=\"elementor-video\"><\/div>\t\t<\/div>\n\t\t\t\t\t\t<\/div>\n\t\t\t\t<\/div>\n\t\t<div class=\"elementor-element elementor-element-ca7f764 e-con-full e-flex e-con e-child\" data-id=\"ca7f764\" data-element_type=\"container\" data-e-type=\"container\">\n\t\t\t\t<div class=\"elementor-element elementor-element-9263f55 elementor-widget elementor-widget-text-editor\" data-id=\"9263f55\" data-element_type=\"widget\" data-e-type=\"widget\" data-widget_type=\"text-editor.default\">\n\t\t\t\t<div class=\"elementor-widget-container\">\n\t\t\t\t\t\t\t\t\t<div class=\"et_pb_row et_pb_row_16\">\n<div class=\"et_pb_column et_pb_column_3_5 et_pb_column_26 et_pb_css_mix_blend_mode_passthrough et-last-child\">\n<div class=\"et_pb_module et_pb_text et_pb_text_11 et_pb_text_align_left et_pb_bg_layout_light\">\n<div class=\"et_pb_text_inner\">\n<p><b><em>La arquitectura tradicional navarra como referente para el proyecto Cerquo en Olite<\/em><\/b> Estefan\u00eda Fern\u00e1ndez-Cid Fern\u00e1ndez-Vi\u00f1a, Xavier Espin\u00f3s Bermejo, Luc\u00eda Espin\u00f3s Bermejo and Rodrigo Toro S\u00e1nchez<\/p>\n<\/div>\n<\/div>\n<\/div>\n<\/div>\n\t\t\t\t\t\t\t\t<\/div>\n\t\t\t\t<\/div>\n\t\t\t\t<\/div>\n\t\t\t\t<\/div>\n\t\t<div class=\"elementor-element elementor-element-2c1f440 e-con-full e-flex e-con e-child\" data-id=\"2c1f440\" data-element_type=\"container\" data-e-type=\"container\">\n\t\t\t\t<div class=\"elementor-element elementor-element-0c8be06 elementor-widget elementor-widget-heading\" data-id=\"0c8be06\" data-element_type=\"widget\" data-e-type=\"widget\" data-widget_type=\"heading.default\">\n\t\t\t\t<div class=\"elementor-widget-container\">\n\t\t\t\t\t<h4 class=\"elementor-heading-title elementor-size-default\">Segunda sess\u00e3o: Nova Arquitetura Vern\u00e1cula II\n<\/h4>\t\t\t\t<\/div>\n\t\t\t\t<\/div>\n\t\t\t\t<\/div>\n\t\t<div class=\"elementor-element elementor-element-4a31c4a e-con-full e-flex e-con e-child\" data-id=\"4a31c4a\" data-element_type=\"container\" data-e-type=\"container\">\n\t\t\t\t<div class=\"elementor-element elementor-element-b2e9f8b elementor-widget__width-initial elementor-widget elementor-widget-video\" data-id=\"b2e9f8b\" data-element_type=\"widget\" data-e-type=\"widget\" data-settings=\"{&quot;youtube_url&quot;:&quot;https:\\\/\\\/youtu.be\\\/fDuqoYYSJsU&quot;,&quot;video_type&quot;:&quot;youtube&quot;,&quot;controls&quot;:&quot;yes&quot;}\" data-widget_type=\"video.default\">\n\t\t\t\t<div class=\"elementor-widget-container\">\n\t\t\t\t\t\t\t<div class=\"elementor-wrapper elementor-open-inline\">\n\t\t\t<div class=\"elementor-video\"><\/div>\t\t<\/div>\n\t\t\t\t\t\t<\/div>\n\t\t\t\t<\/div>\n\t\t<div class=\"elementor-element elementor-element-96cc42d e-con-full e-flex e-con e-child\" data-id=\"96cc42d\" data-element_type=\"container\" data-e-type=\"container\">\n\t\t\t\t<div class=\"elementor-element elementor-element-6d226a9 elementor-widget elementor-widget-text-editor\" data-id=\"6d226a9\" data-element_type=\"widget\" data-e-type=\"widget\" data-widget_type=\"text-editor.default\">\n\t\t\t\t<div class=\"elementor-widget-container\">\n\t\t\t\t\t\t\t\t\t<div class=\"et_pb_row et_pb_row_16\">\n<div class=\"et_pb_column et_pb_column_3_5 et_pb_column_26 et_pb_css_mix_blend_mode_passthrough et-last-child\">\n<div class=\"et_pb_module et_pb_text et_pb_text_11 et_pb_text_align_left et_pb_bg_layout_light\">\n<div class=\"et_pb_text_inner\">\n<div class=\"et_pb_row et_pb_row_18\">\n<div class=\"et_pb_column et_pb_column_3_5 et_pb_column_29 et_pb_css_mix_blend_mode_passthrough et-last-child\">\n<div class=\"et_pb_module et_pb_text et_pb_text_13 et_pb_text_align_left et_pb_bg_layout_light\">\n<div class=\"et_pb_text_inner\">\n<p><b><em>For an architecture which is based on urbanism<\/em><\/b> Nada Breitman-Jakov and Marc Breitman<\/p>\n<\/div>\n<\/div>\n<\/div>\n<\/div>\n<\/div>\n<\/div>\n<\/div>\n<\/div>\n\t\t\t\t\t\t\t\t<\/div>\n\t\t\t\t<\/div>\n\t\t\t\t<\/div>\n\t\t\t\t<\/div>\n\t\t<div class=\"elementor-element elementor-element-3cde90e e-con-full e-flex e-con e-child\" data-id=\"3cde90e\" data-element_type=\"container\" data-e-type=\"container\">\n\t\t\t\t<div class=\"elementor-element elementor-element-cf99b63 elementor-widget__width-initial elementor-widget elementor-widget-video\" data-id=\"cf99b63\" data-element_type=\"widget\" data-e-type=\"widget\" data-settings=\"{&quot;youtube_url&quot;:&quot;https:\\\/\\\/youtu.be\\\/TFdkQEPBkNk&quot;,&quot;video_type&quot;:&quot;youtube&quot;,&quot;controls&quot;:&quot;yes&quot;}\" data-widget_type=\"video.default\">\n\t\t\t\t<div class=\"elementor-widget-container\">\n\t\t\t\t\t\t\t<div class=\"elementor-wrapper elementor-open-inline\">\n\t\t\t<div class=\"elementor-video\"><\/div>\t\t<\/div>\n\t\t\t\t\t\t<\/div>\n\t\t\t\t<\/div>\n\t\t<div class=\"elementor-element elementor-element-49f5557 e-con-full e-flex e-con e-child\" data-id=\"49f5557\" data-element_type=\"container\" data-e-type=\"container\">\n\t\t\t\t<div class=\"elementor-element elementor-element-a7b5324 elementor-widget elementor-widget-text-editor\" data-id=\"a7b5324\" data-element_type=\"widget\" data-e-type=\"widget\" data-widget_type=\"text-editor.default\">\n\t\t\t\t<div class=\"elementor-widget-container\">\n\t\t\t\t\t\t\t\t\t<div class=\"et_pb_row et_pb_row_16\">\n<div class=\"et_pb_column et_pb_column_3_5 et_pb_column_26 et_pb_css_mix_blend_mode_passthrough et-last-child\">\n<div class=\"et_pb_module et_pb_text et_pb_text_11 et_pb_text_align_left et_pb_bg_layout_light\">\n<div class=\"et_pb_text_inner\">\n<div class=\"et_pb_row et_pb_row_20\">\n<div class=\"et_pb_column et_pb_column_3_5 et_pb_column_31 et_pb_css_mix_blend_mode_passthrough et-last-child\">\n<div class=\"et_pb_module et_pb_text et_pb_text_14 et_pb_text_align_left et_pb_bg_layout_light\">\n<div class=\"et_pb_text_inner\">\n<p><b><em>New Urban Projects in Central America<\/em><\/b> Leon Krier<\/p>\n<\/div>\n<\/div>\n<\/div>\n<\/div>\n<\/div>\n<\/div>\n<\/div>\n<\/div>\n\t\t\t\t\t\t\t\t<\/div>\n\t\t\t\t<\/div>\n\t\t\t\t<\/div>\n\t\t\t\t<\/div>\n\t\t<div class=\"elementor-element elementor-element-6db475e e-con-full e-flex e-con e-child\" data-id=\"6db475e\" data-element_type=\"container\" data-e-type=\"container\">\n\t\t\t\t<div class=\"elementor-element elementor-element-1b139a9 elementor-widget__width-initial elementor-widget elementor-widget-video\" data-id=\"1b139a9\" data-element_type=\"widget\" data-e-type=\"widget\" data-settings=\"{&quot;youtube_url&quot;:&quot;https:\\\/\\\/youtu.be\\\/Ju28-l_pV7I&quot;,&quot;video_type&quot;:&quot;youtube&quot;,&quot;controls&quot;:&quot;yes&quot;}\" data-widget_type=\"video.default\">\n\t\t\t\t<div class=\"elementor-widget-container\">\n\t\t\t\t\t\t\t<div class=\"elementor-wrapper elementor-open-inline\">\n\t\t\t<div class=\"elementor-video\"><\/div>\t\t<\/div>\n\t\t\t\t\t\t<\/div>\n\t\t\t\t<\/div>\n\t\t<div class=\"elementor-element elementor-element-a22b21a e-con-full e-flex e-con e-child\" data-id=\"a22b21a\" data-element_type=\"container\" data-e-type=\"container\">\n\t\t\t\t<div class=\"elementor-element elementor-element-bee9720 elementor-widget elementor-widget-text-editor\" data-id=\"bee9720\" data-element_type=\"widget\" data-e-type=\"widget\" data-widget_type=\"text-editor.default\">\n\t\t\t\t<div class=\"elementor-widget-container\">\n\t\t\t\t\t\t\t\t\t<div class=\"et_pb_row et_pb_row_16\">\n<div class=\"et_pb_column et_pb_column_3_5 et_pb_column_26 et_pb_css_mix_blend_mode_passthrough et-last-child\">\n<div class=\"et_pb_module et_pb_text et_pb_text_11 et_pb_text_align_left et_pb_bg_layout_light\">\n<div class=\"et_pb_text_inner\">\n<div class=\"et_pb_row et_pb_row_21\">\n<div class=\"et_pb_column et_pb_column_3_5 et_pb_column_33 et_pb_css_mix_blend_mode_passthrough et-last-child\">\n<div class=\"et_pb_module et_pb_text et_pb_text_15 et_pb_text_align_left et_pb_bg_layout_light\">\n<div class=\"et_pb_text_inner\">\n<p><b>Discussion Panel: <em>Vernacular Architecture in Contemporary Practice<\/em><\/b> Manuel Blanco Lage, Javier Cenicacelaya, Melissa DelVecchio. Michael Lykoudis and Leon Krier. Moderator David Rivera  <\/p>\n<\/div>\n<\/div>\n<\/div>\n<\/div>\n<\/div>\n<\/div>\n<\/div>\n<\/div>\n\t\t\t\t\t\t\t\t<\/div>\n\t\t\t\t<\/div>\n\t\t\t\t<\/div>\n\t\t\t\t<\/div>\n\t\t<div class=\"elementor-element elementor-element-5e5cb30 e-con-full e-flex e-con e-child\" data-id=\"5e5cb30\" data-element_type=\"container\" data-e-type=\"container\">\n\t\t\t\t<div class=\"elementor-element elementor-element-43a5839 elementor-widget-mobile__width-initial elementor-widget__width-inherit elementor-widget elementor-widget-heading\" data-id=\"43a5839\" data-element_type=\"widget\" data-e-type=\"widget\" data-widget_type=\"heading.default\">\n\t\t\t\t<div class=\"elementor-widget-container\">\n\t\t\t\t\t<h3 class=\"elementor-heading-title elementor-size-default\">18 de outubro<\/h3>\t\t\t\t<\/div>\n\t\t\t\t<\/div>\n\t\t\t\t<\/div>\n\t\t<div class=\"elementor-element elementor-element-58663ee e-con-full e-flex e-con e-child\" data-id=\"58663ee\" data-element_type=\"container\" data-e-type=\"container\">\n\t\t\t\t<div class=\"elementor-element elementor-element-fc3be18 elementor-widget elementor-widget-heading\" data-id=\"fc3be18\" data-element_type=\"widget\" data-e-type=\"widget\" data-widget_type=\"heading.default\">\n\t\t\t\t<div class=\"elementor-widget-container\">\n\t\t\t\t\t<h4 class=\"elementor-heading-title elementor-size-default\">Terceira sess\u00e3o: Of\u00edcios Tradicionais da Constru\u00e7\u00e3o e a Continuidade da Arquitetura Vern\u00e1cula<\/h4>\t\t\t\t<\/div>\n\t\t\t\t<\/div>\n\t\t\t\t<\/div>\n\t\t<div class=\"elementor-element elementor-element-5b5a6a7 e-con-full e-flex e-con e-child\" data-id=\"5b5a6a7\" data-element_type=\"container\" data-e-type=\"container\">\n\t\t\t\t<div class=\"elementor-element elementor-element-092b018 elementor-widget__width-initial elementor-widget elementor-widget-video\" data-id=\"092b018\" data-element_type=\"widget\" data-e-type=\"widget\" data-settings=\"{&quot;youtube_url&quot;:&quot;https:\\\/\\\/youtu.be\\\/sBWOUZ5KVPI&quot;,&quot;video_type&quot;:&quot;youtube&quot;,&quot;controls&quot;:&quot;yes&quot;}\" data-widget_type=\"video.default\">\n\t\t\t\t<div class=\"elementor-widget-container\">\n\t\t\t\t\t\t\t<div class=\"elementor-wrapper elementor-open-inline\">\n\t\t\t<div class=\"elementor-video\"><\/div>\t\t<\/div>\n\t\t\t\t\t\t<\/div>\n\t\t\t\t<\/div>\n\t\t<div class=\"elementor-element elementor-element-eac7d37 e-con-full e-flex e-con e-child\" data-id=\"eac7d37\" data-element_type=\"container\" data-e-type=\"container\">\n\t\t\t\t<div class=\"elementor-element elementor-element-07edc7c elementor-widget elementor-widget-text-editor\" data-id=\"07edc7c\" data-element_type=\"widget\" data-e-type=\"widget\" data-widget_type=\"text-editor.default\">\n\t\t\t\t<div class=\"elementor-widget-container\">\n\t\t\t\t\t\t\t\t\t<div class=\"et_pb_row et_pb_row_16\">\n<div class=\"et_pb_column et_pb_column_3_5 et_pb_column_26 et_pb_css_mix_blend_mode_passthrough et-last-child\">\n<div class=\"et_pb_module et_pb_text et_pb_text_11 et_pb_text_align_left et_pb_bg_layout_light\">\n<div class=\"et_pb_text_inner\">\n<div class=\"et_pb_row et_pb_row_21\">\n<div class=\"et_pb_column et_pb_column_3_5 et_pb_column_33 et_pb_css_mix_blend_mode_passthrough et-last-child\">\n<div class=\"et_pb_module et_pb_text et_pb_text_15 et_pb_text_align_left et_pb_bg_layout_light\">\n<div class=\"et_pb_text_inner\">\n<div class=\"et_pb_row et_pb_row_24\">\n<div class=\"et_pb_column et_pb_column_3_5 et_pb_column_37 et_pb_css_mix_blend_mode_passthrough et-last-child\">\n<div class=\"et_pb_module et_pb_text et_pb_text_18 et_pb_text_align_left et_pb_bg_layout_light\">\n<div class=\"et_pb_text_inner\">\n<p><b><em>Carpinter\u00eda Patrimonial: Las Puertas de Orejeras Ecijanas<\/em><\/b> Miguel \u00c1ngel Balmaseda Rosa<\/p>\n<\/div>\n<\/div>\n<\/div>\n<\/div>\n<\/div>\n<\/div>\n<\/div>\n<\/div>\n<\/div>\n<\/div>\n<\/div>\n<\/div>\n\t\t\t\t\t\t\t\t<\/div>\n\t\t\t\t<\/div>\n\t\t\t\t<\/div>\n\t\t\t\t<\/div>\n\t\t<div class=\"elementor-element elementor-element-738db7d e-con-full e-flex e-con e-child\" data-id=\"738db7d\" data-element_type=\"container\" data-e-type=\"container\">\n\t\t\t\t<div class=\"elementor-element elementor-element-213a274 elementor-widget__width-initial elementor-widget elementor-widget-video\" data-id=\"213a274\" data-element_type=\"widget\" data-e-type=\"widget\" data-settings=\"{&quot;youtube_url&quot;:&quot;https:\\\/\\\/youtu.be\\\/0Oxb_V0tZ8c&quot;,&quot;video_type&quot;:&quot;youtube&quot;,&quot;controls&quot;:&quot;yes&quot;}\" data-widget_type=\"video.default\">\n\t\t\t\t<div class=\"elementor-widget-container\">\n\t\t\t\t\t\t\t<div class=\"elementor-wrapper elementor-open-inline\">\n\t\t\t<div class=\"elementor-video\"><\/div>\t\t<\/div>\n\t\t\t\t\t\t<\/div>\n\t\t\t\t<\/div>\n\t\t<div class=\"elementor-element elementor-element-94515d8 e-con-full e-flex e-con e-child\" data-id=\"94515d8\" data-element_type=\"container\" data-e-type=\"container\">\n\t\t\t\t<div class=\"elementor-element elementor-element-398f871 elementor-widget elementor-widget-text-editor\" data-id=\"398f871\" data-element_type=\"widget\" data-e-type=\"widget\" data-widget_type=\"text-editor.default\">\n\t\t\t\t<div class=\"elementor-widget-container\">\n\t\t\t\t\t\t\t\t\t<div class=\"et_pb_row et_pb_row_16\">\n<div class=\"et_pb_column et_pb_column_3_5 et_pb_column_26 et_pb_css_mix_blend_mode_passthrough et-last-child\">\n<div class=\"et_pb_module et_pb_text et_pb_text_11 et_pb_text_align_left et_pb_bg_layout_light\">\n<div class=\"et_pb_text_inner\">\n<div class=\"et_pb_row et_pb_row_21\">\n<div class=\"et_pb_column et_pb_column_3_5 et_pb_column_33 et_pb_css_mix_blend_mode_passthrough et-last-child\">\n<div class=\"et_pb_module et_pb_text et_pb_text_15 et_pb_text_align_left et_pb_bg_layout_light\">\n<div class=\"et_pb_text_inner\">\n<div class=\"et_pb_row et_pb_row_25\">\n<div class=\"et_pb_column et_pb_column_3_5 et_pb_column_39 et_pb_css_mix_blend_mode_passthrough et-last-child\">\n<div class=\"et_pb_module et_pb_text et_pb_text_19 et_pb_text_align_left et_pb_bg_layout_light\">\n<div class=\"et_pb_text_inner\">\n<p><em><strong>El artesano como aliado del arquitecto. Ejemplos en la ciudad de \u00c9cija <\/strong> <\/em>Fernando Mart\u00edn Sanju\u00e1n<\/p>\n<\/div>\n<\/div>\n<\/div>\n<\/div>\n<\/div>\n<\/div>\n<\/div>\n<\/div>\n<\/div>\n<\/div>\n<\/div>\n<\/div>\n\t\t\t\t\t\t\t\t<\/div>\n\t\t\t\t<\/div>\n\t\t\t\t<\/div>\n\t\t\t\t<\/div>\n\t\t<div class=\"elementor-element elementor-element-8cdb55a e-con-full e-flex e-con e-child\" data-id=\"8cdb55a\" data-element_type=\"container\" data-e-type=\"container\">\n\t\t\t\t<div class=\"elementor-element elementor-element-ed48f24 elementor-widget__width-initial elementor-widget elementor-widget-video\" data-id=\"ed48f24\" data-element_type=\"widget\" data-e-type=\"widget\" data-settings=\"{&quot;youtube_url&quot;:&quot;https:\\\/\\\/youtu.be\\\/uH5rvsdZi7c&quot;,&quot;video_type&quot;:&quot;youtube&quot;,&quot;controls&quot;:&quot;yes&quot;}\" data-widget_type=\"video.default\">\n\t\t\t\t<div class=\"elementor-widget-container\">\n\t\t\t\t\t\t\t<div class=\"elementor-wrapper elementor-open-inline\">\n\t\t\t<div class=\"elementor-video\"><\/div>\t\t<\/div>\n\t\t\t\t\t\t<\/div>\n\t\t\t\t<\/div>\n\t\t<div class=\"elementor-element elementor-element-51f1aa6 e-con-full e-flex e-con e-child\" data-id=\"51f1aa6\" data-element_type=\"container\" data-e-type=\"container\">\n\t\t\t\t<div class=\"elementor-element elementor-element-b187c21 elementor-widget elementor-widget-text-editor\" data-id=\"b187c21\" data-element_type=\"widget\" data-e-type=\"widget\" data-widget_type=\"text-editor.default\">\n\t\t\t\t<div class=\"elementor-widget-container\">\n\t\t\t\t\t\t\t\t\t<div class=\"et_pb_row et_pb_row_16\">\n<div class=\"et_pb_column et_pb_column_3_5 et_pb_column_26 et_pb_css_mix_blend_mode_passthrough et-last-child\">\n<div class=\"et_pb_module et_pb_text et_pb_text_11 et_pb_text_align_left et_pb_bg_layout_light\">\n<div class=\"et_pb_text_inner\">\n<div class=\"et_pb_row et_pb_row_21\">\n<div class=\"et_pb_column et_pb_column_3_5 et_pb_column_33 et_pb_css_mix_blend_mode_passthrough et-last-child\">\n<div class=\"et_pb_module et_pb_text et_pb_text_15 et_pb_text_align_left et_pb_bg_layout_light\">\n<div class=\"et_pb_text_inner\">\n<div class=\"et_pb_row et_pb_row_26\">\n<div class=\"et_pb_column et_pb_column_3_5 et_pb_column_41 et_pb_css_mix_blend_mode_passthrough et-last-child\">\n<div class=\"et_pb_module et_pb_text et_pb_text_20 et_pb_text_align_left et_pb_bg_layout_light\">\n<div class=\"et_pb_text_inner\">\n<p><strong>Debate ap\u00f3s a terceira sess\u00e3o do semin\u00e1rio<\/strong><\/p>\n<\/div>\n<\/div>\n<\/div>\n<\/div>\n<\/div>\n<\/div>\n<\/div>\n<\/div>\n<\/div>\n<\/div>\n<\/div>\n<\/div>\n\t\t\t\t\t\t\t\t<\/div>\n\t\t\t\t<\/div>\n\t\t\t\t<\/div>\n\t\t\t\t<\/div>\n\t\t<div class=\"elementor-element elementor-element-950dc27 e-con-full e-flex e-con e-child\" data-id=\"950dc27\" data-element_type=\"container\" data-e-type=\"container\">\n\t\t\t\t<div class=\"elementor-element elementor-element-95a0443 elementor-widget elementor-widget-heading\" data-id=\"95a0443\" data-element_type=\"widget\" data-e-type=\"widget\" data-widget_type=\"heading.default\">\n\t\t\t\t<div class=\"elementor-widget-container\">\n\t\t\t\t\t<h4 class=\"elementor-heading-title elementor-size-default\">Quarta sess\u00e3o: Arquitetura Vern\u00e1cula Moderna no Mundo Contempor\u00e2neo\n<\/h4>\t\t\t\t<\/div>\n\t\t\t\t<\/div>\n\t\t\t\t<\/div>\n\t\t<div class=\"elementor-element elementor-element-de98984 e-con-full e-flex e-con e-child\" data-id=\"de98984\" data-element_type=\"container\" data-e-type=\"container\">\n\t\t\t\t<div class=\"elementor-element elementor-element-fb28a07 elementor-widget__width-initial elementor-widget elementor-widget-video\" data-id=\"fb28a07\" data-element_type=\"widget\" data-e-type=\"widget\" data-settings=\"{&quot;youtube_url&quot;:&quot;https:\\\/\\\/youtu.be\\\/WeXZCODKbwM&quot;,&quot;video_type&quot;:&quot;youtube&quot;,&quot;controls&quot;:&quot;yes&quot;}\" data-widget_type=\"video.default\">\n\t\t\t\t<div class=\"elementor-widget-container\">\n\t\t\t\t\t\t\t<div class=\"elementor-wrapper elementor-open-inline\">\n\t\t\t<div class=\"elementor-video\"><\/div>\t\t<\/div>\n\t\t\t\t\t\t<\/div>\n\t\t\t\t<\/div>\n\t\t<div class=\"elementor-element elementor-element-a706f10 e-con-full e-flex e-con e-child\" data-id=\"a706f10\" data-element_type=\"container\" data-e-type=\"container\">\n\t\t\t\t<div class=\"elementor-element elementor-element-9ff11a4 elementor-widget elementor-widget-text-editor\" data-id=\"9ff11a4\" data-element_type=\"widget\" data-e-type=\"widget\" data-widget_type=\"text-editor.default\">\n\t\t\t\t<div class=\"elementor-widget-container\">\n\t\t\t\t\t\t\t\t\t<div class=\"et_pb_row et_pb_row_16\">\n<div class=\"et_pb_column et_pb_column_3_5 et_pb_column_26 et_pb_css_mix_blend_mode_passthrough et-last-child\">\n<div class=\"et_pb_module et_pb_text et_pb_text_11 et_pb_text_align_left et_pb_bg_layout_light\">\n<div class=\"et_pb_text_inner\">\n<div class=\"et_pb_row et_pb_row_21\">\n<div class=\"et_pb_column et_pb_column_3_5 et_pb_column_33 et_pb_css_mix_blend_mode_passthrough et-last-child\">\n<div class=\"et_pb_module et_pb_text et_pb_text_15 et_pb_text_align_left et_pb_bg_layout_light\">\n<div class=\"et_pb_text_inner\">\n<div class=\"et_pb_row et_pb_row_26\">\n<div class=\"et_pb_column et_pb_column_3_5 et_pb_column_41 et_pb_css_mix_blend_mode_passthrough et-last-child\">\n<div class=\"et_pb_module et_pb_text et_pb_text_20 et_pb_text_align_left et_pb_bg_layout_light\">\n<div class=\"et_pb_text_inner\">\n<div class=\"et_pb_row et_pb_row_28\">\n<div class=\"et_pb_column et_pb_column_3_5 et_pb_column_44 et_pb_css_mix_blend_mode_passthrough et-last-child\">\n<div class=\"et_pb_module et_pb_text et_pb_text_22 et_pb_text_align_left et_pb_bg_layout_light\">\n<div class=\"et_pb_text_inner\">\n<p><b><em>Vernacular as Style?<\/em><\/b> Robert Adam<\/p>\n<\/div>\n<\/div>\n<\/div>\n<\/div>\n<\/div>\n<\/div>\n<\/div>\n<\/div>\n<\/div>\n<\/div>\n<\/div>\n<\/div>\n<\/div>\n<\/div>\n<\/div>\n<\/div>\n\t\t\t\t\t\t\t\t<\/div>\n\t\t\t\t<\/div>\n\t\t\t\t<\/div>\n\t\t\t\t<\/div>\n\t\t<div class=\"elementor-element elementor-element-b71c3bc e-con-full e-flex e-con e-child\" data-id=\"b71c3bc\" data-element_type=\"container\" data-e-type=\"container\">\n\t\t\t\t<div class=\"elementor-element elementor-element-e41d638 elementor-widget__width-initial elementor-widget elementor-widget-video\" data-id=\"e41d638\" data-element_type=\"widget\" data-e-type=\"widget\" data-settings=\"{&quot;youtube_url&quot;:&quot;https:\\\/\\\/youtu.be\\\/zYZ-KQk_Xyg&quot;,&quot;video_type&quot;:&quot;youtube&quot;,&quot;controls&quot;:&quot;yes&quot;}\" data-widget_type=\"video.default\">\n\t\t\t\t<div class=\"elementor-widget-container\">\n\t\t\t\t\t\t\t<div class=\"elementor-wrapper elementor-open-inline\">\n\t\t\t<div class=\"elementor-video\"><\/div>\t\t<\/div>\n\t\t\t\t\t\t<\/div>\n\t\t\t\t<\/div>\n\t\t<div class=\"elementor-element elementor-element-9366a98 e-con-full e-flex e-con e-child\" data-id=\"9366a98\" data-element_type=\"container\" data-e-type=\"container\">\n\t\t\t\t<div class=\"elementor-element elementor-element-25c096a elementor-widget elementor-widget-text-editor\" data-id=\"25c096a\" data-element_type=\"widget\" data-e-type=\"widget\" data-widget_type=\"text-editor.default\">\n\t\t\t\t<div class=\"elementor-widget-container\">\n\t\t\t\t\t\t\t\t\t<div class=\"et_pb_row et_pb_row_16\">\n<div class=\"et_pb_column et_pb_column_3_5 et_pb_column_26 et_pb_css_mix_blend_mode_passthrough et-last-child\">\n<div class=\"et_pb_module et_pb_text et_pb_text_11 et_pb_text_align_left et_pb_bg_layout_light\">\n<div class=\"et_pb_text_inner\">\n<div class=\"et_pb_row et_pb_row_21\">\n<div class=\"et_pb_column et_pb_column_3_5 et_pb_column_33 et_pb_css_mix_blend_mode_passthrough et-last-child\">\n<div class=\"et_pb_module et_pb_text et_pb_text_15 et_pb_text_align_left et_pb_bg_layout_light\">\n<div class=\"et_pb_text_inner\">\n<div class=\"et_pb_row et_pb_row_26\">\n<div class=\"et_pb_column et_pb_column_3_5 et_pb_column_41 et_pb_css_mix_blend_mode_passthrough et-last-child\">\n<div class=\"et_pb_module et_pb_text et_pb_text_20 et_pb_text_align_left et_pb_bg_layout_light\">\n<div class=\"et_pb_text_inner\">\n<div class=\"et_pb_row et_pb_row_29\">\n<div class=\"et_pb_column et_pb_column_3_5 et_pb_column_46 et_pb_css_mix_blend_mode_passthrough et-last-child\">\n<div class=\"et_pb_module et_pb_text et_pb_text_23 et_pb_text_align_left et_pb_bg_layout_light\">\n<div class=\"et_pb_text_inner\">\n<p><b><em>The Southern California Vernacular<\/em><\/b> Stefanos Polyzoides<\/p>\n<\/div>\n<\/div>\n<\/div>\n<\/div>\n<div class=\"et_pb_row et_pb_row_30\">\n<div class=\"et_pb_column et_pb_column_2_5 et_pb_column_47 et_pb_css_mix_blend_mode_passthrough\">\n<div class=\"et_pb_module et_pb_video et_pb_video_12\">\n<div class=\"et_pb_video_box\"> <\/div>\n<\/div>\n<\/div>\n<\/div>\n<\/div>\n<\/div>\n<\/div>\n<\/div>\n<\/div>\n<\/div>\n<\/div>\n<\/div>\n<\/div>\n<\/div>\n<\/div>\n<\/div>\n\t\t\t\t\t\t\t\t<\/div>\n\t\t\t\t<\/div>\n\t\t\t\t<\/div>\n\t\t\t\t<\/div>\n\t\t<div class=\"elementor-element elementor-element-563cd87 e-con-full e-flex e-con e-child\" data-id=\"563cd87\" data-element_type=\"container\" data-e-type=\"container\">\n\t\t\t\t<div class=\"elementor-element elementor-element-213fd6f elementor-widget__width-initial elementor-widget elementor-widget-video\" data-id=\"213fd6f\" data-element_type=\"widget\" data-e-type=\"widget\" data-settings=\"{&quot;youtube_url&quot;:&quot;https:\\\/\\\/youtu.be\\\/X0ZwmIHjeQ0&quot;,&quot;video_type&quot;:&quot;youtube&quot;,&quot;controls&quot;:&quot;yes&quot;}\" data-widget_type=\"video.default\">\n\t\t\t\t<div class=\"elementor-widget-container\">\n\t\t\t\t\t\t\t<div class=\"elementor-wrapper elementor-open-inline\">\n\t\t\t<div class=\"elementor-video\"><\/div>\t\t<\/div>\n\t\t\t\t\t\t<\/div>\n\t\t\t\t<\/div>\n\t\t<div class=\"elementor-element elementor-element-c808777 e-con-full e-flex e-con e-child\" data-id=\"c808777\" data-element_type=\"container\" data-e-type=\"container\">\n\t\t\t\t<div class=\"elementor-element elementor-element-e68394b elementor-widget elementor-widget-text-editor\" data-id=\"e68394b\" data-element_type=\"widget\" data-e-type=\"widget\" data-widget_type=\"text-editor.default\">\n\t\t\t\t<div class=\"elementor-widget-container\">\n\t\t\t\t\t\t\t\t\t<div class=\"et_pb_row et_pb_row_16\">\n<div class=\"et_pb_column et_pb_column_3_5 et_pb_column_26 et_pb_css_mix_blend_mode_passthrough et-last-child\">\n<div class=\"et_pb_module et_pb_text et_pb_text_11 et_pb_text_align_left et_pb_bg_layout_light\">\n<div class=\"et_pb_text_inner\">\n<div class=\"et_pb_row et_pb_row_21\">\n<div class=\"et_pb_column et_pb_column_3_5 et_pb_column_33 et_pb_css_mix_blend_mode_passthrough et-last-child\">\n<div class=\"et_pb_module et_pb_text et_pb_text_15 et_pb_text_align_left et_pb_bg_layout_light\">\n<div class=\"et_pb_text_inner\">\n<div class=\"et_pb_row et_pb_row_26\">\n<div class=\"et_pb_column et_pb_column_3_5 et_pb_column_41 et_pb_css_mix_blend_mode_passthrough et-last-child\">\n<div class=\"et_pb_module et_pb_text et_pb_text_20 et_pb_text_align_left et_pb_bg_layout_light\">\n<div class=\"et_pb_text_inner\">\n<div class=\"et_pb_row et_pb_row_30\">\n<div class=\"et_pb_column et_pb_column_3_5 et_pb_column_48 et_pb_css_mix_blend_mode_passthrough et-last-child\">\n<div class=\"et_pb_module et_pb_text et_pb_text_24 et_pb_text_align_left et_pb_bg_layout_light\">\n<div class=\"et_pb_text_inner\">\n<p><b><em>La continuidad de lo vern\u00e1culo en la arquitectura portuguesa moderna<\/em><\/b> Jos\u00e9 Baganha<\/p>\n<\/div>\n<\/div>\n<\/div>\n<\/div>\n<\/div>\n<\/div>\n<\/div>\n<\/div>\n<\/div>\n<\/div>\n<\/div>\n<\/div>\n<\/div>\n<\/div>\n<\/div>\n<\/div>\n\t\t\t\t\t\t\t\t<\/div>\n\t\t\t\t<\/div>\n\t\t\t\t<\/div>\n\t\t\t\t<\/div>\n\t\t<div class=\"elementor-element elementor-element-1c37694 e-con-full e-flex e-con e-child\" data-id=\"1c37694\" data-element_type=\"container\" data-e-type=\"container\">\n\t\t\t\t<div class=\"elementor-element elementor-element-118fc78 elementor-widget__width-initial elementor-widget elementor-widget-video\" data-id=\"118fc78\" data-element_type=\"widget\" data-e-type=\"widget\" data-settings=\"{&quot;youtube_url&quot;:&quot;https:\\\/\\\/youtu.be\\\/3lBy2VPZbiU&quot;,&quot;video_type&quot;:&quot;youtube&quot;,&quot;controls&quot;:&quot;yes&quot;}\" data-widget_type=\"video.default\">\n\t\t\t\t<div class=\"elementor-widget-container\">\n\t\t\t\t\t\t\t<div class=\"elementor-wrapper elementor-open-inline\">\n\t\t\t<div class=\"elementor-video\"><\/div>\t\t<\/div>\n\t\t\t\t\t\t<\/div>\n\t\t\t\t<\/div>\n\t\t<div class=\"elementor-element elementor-element-a892274 e-con-full e-flex e-con e-child\" data-id=\"a892274\" data-element_type=\"container\" data-e-type=\"container\">\n\t\t\t\t<div class=\"elementor-element elementor-element-d8bd239 elementor-widget elementor-widget-text-editor\" data-id=\"d8bd239\" data-element_type=\"widget\" data-e-type=\"widget\" data-widget_type=\"text-editor.default\">\n\t\t\t\t<div class=\"elementor-widget-container\">\n\t\t\t\t\t\t\t\t\t<div class=\"et_pb_row et_pb_row_16\">\n<div class=\"et_pb_column et_pb_column_3_5 et_pb_column_26 et_pb_css_mix_blend_mode_passthrough et-last-child\">\n<div class=\"et_pb_module et_pb_text et_pb_text_11 et_pb_text_align_left et_pb_bg_layout_light\">\n<div class=\"et_pb_text_inner\">\n<div class=\"et_pb_row et_pb_row_21\">\n<div class=\"et_pb_column et_pb_column_3_5 et_pb_column_33 et_pb_css_mix_blend_mode_passthrough et-last-child\">\n<div class=\"et_pb_module et_pb_text et_pb_text_15 et_pb_text_align_left et_pb_bg_layout_light\">\n<div class=\"et_pb_text_inner\">\n<div class=\"et_pb_row et_pb_row_26\">\n<div class=\"et_pb_column et_pb_column_3_5 et_pb_column_41 et_pb_css_mix_blend_mode_passthrough et-last-child\">\n<div class=\"et_pb_module et_pb_text et_pb_text_20 et_pb_text_align_left et_pb_bg_layout_light\">\n<div class=\"et_pb_text_inner\">\n<div class=\"et_pb_row et_pb_row_31\">\n<div class=\"et_pb_column et_pb_column_3_5 et_pb_column_50 et_pb_css_mix_blend_mode_passthrough et-last-child\">\n<div class=\"et_pb_module et_pb_text et_pb_text_25 et_pb_text_align_left et_pb_bg_layout_light\">\n<div class=\"et_pb_text_inner\">\n<p><b><em>El desarrollo del Regionalismo en la arquitectura espa\u00f1ola<\/em> <\/b>Fernando Vela Coss\u00edo<\/p>\n<\/div>\n<\/div>\n<\/div>\n<\/div>\n<\/div>\n<\/div>\n<\/div>\n<\/div>\n<\/div>\n<\/div>\n<\/div>\n<\/div>\n<\/div>\n<\/div>\n<\/div>\n<\/div>\n\t\t\t\t\t\t\t\t<\/div>\n\t\t\t\t<\/div>\n\t\t\t\t<\/div>\n\t\t\t\t<\/div>\n\t\t<div class=\"elementor-element elementor-element-5690423 e-con-full e-flex e-con e-child\" data-id=\"5690423\" data-element_type=\"container\" data-e-type=\"container\">\n\t\t\t\t<div class=\"elementor-element elementor-element-5a64c26 elementor-widget__width-initial elementor-widget elementor-widget-video\" data-id=\"5a64c26\" data-element_type=\"widget\" data-e-type=\"widget\" data-settings=\"{&quot;youtube_url&quot;:&quot;https:\\\/\\\/youtu.be\\\/9XhUuuEyajg&quot;,&quot;video_type&quot;:&quot;youtube&quot;,&quot;controls&quot;:&quot;yes&quot;}\" data-widget_type=\"video.default\">\n\t\t\t\t<div class=\"elementor-widget-container\">\n\t\t\t\t\t\t\t<div class=\"elementor-wrapper elementor-open-inline\">\n\t\t\t<div class=\"elementor-video\"><\/div>\t\t<\/div>\n\t\t\t\t\t\t<\/div>\n\t\t\t\t<\/div>\n\t\t<div class=\"elementor-element elementor-element-6a8a5ac e-con-full e-flex e-con e-child\" data-id=\"6a8a5ac\" data-element_type=\"container\" data-e-type=\"container\">\n\t\t\t\t<div class=\"elementor-element elementor-element-45806ae elementor-widget elementor-widget-text-editor\" data-id=\"45806ae\" data-element_type=\"widget\" data-e-type=\"widget\" data-widget_type=\"text-editor.default\">\n\t\t\t\t<div class=\"elementor-widget-container\">\n\t\t\t\t\t\t\t\t\t<div class=\"et_pb_row et_pb_row_16\">\n<div class=\"et_pb_column et_pb_column_3_5 et_pb_column_26 et_pb_css_mix_blend_mode_passthrough et-last-child\">\n<div class=\"et_pb_module et_pb_text et_pb_text_11 et_pb_text_align_left et_pb_bg_layout_light\">\n<div class=\"et_pb_text_inner\">\n<div class=\"et_pb_row et_pb_row_21\">\n<div class=\"et_pb_column et_pb_column_3_5 et_pb_column_33 et_pb_css_mix_blend_mode_passthrough et-last-child\">\n<div class=\"et_pb_module et_pb_text et_pb_text_15 et_pb_text_align_left et_pb_bg_layout_light\">\n<div class=\"et_pb_text_inner\">\n<div class=\"et_pb_row et_pb_row_26\">\n<div class=\"et_pb_column et_pb_column_3_5 et_pb_column_41 et_pb_css_mix_blend_mode_passthrough et-last-child\">\n<div class=\"et_pb_module et_pb_text et_pb_text_20 et_pb_text_align_left et_pb_bg_layout_light\">\n<div class=\"et_pb_text_inner\">\n<div class=\"et_pb_row et_pb_row_32\">\n<div class=\"et_pb_column et_pb_column_3_5 et_pb_column_52 et_pb_css_mix_blend_mode_passthrough et-last-child\">\n<div class=\"et_pb_module et_pb_text et_pb_text_26 et_pb_text_align_left et_pb_bg_layout_light\">\n<div class=\"et_pb_text_inner\">\n<p><strong>Debate ap\u00f3s a quarta sess\u00e3o do semin\u00e1rio<\/strong><\/p>\n<\/div>\n<\/div>\n<\/div>\n<\/div>\n<\/div>\n<\/div>\n<\/div>\n<\/div>\n<\/div>\n<\/div>\n<\/div>\n<\/div>\n<\/div>\n<\/div>\n<\/div>\n<\/div>\n\t\t\t\t\t\t\t\t<\/div>\n\t\t\t\t<\/div>\n\t\t\t\t<\/div>\n\t\t\t\t<\/div>\n\t\t<div class=\"elementor-element elementor-element-478e9ef e-con-full e-flex e-con e-child\" data-id=\"478e9ef\" data-element_type=\"container\" data-e-type=\"container\">\n\t\t\t\t<div class=\"elementor-element elementor-element-2cb3e3f elementor-widget elementor-widget-heading\" data-id=\"2cb3e3f\" data-element_type=\"widget\" data-e-type=\"widget\" data-widget_type=\"heading.default\">\n\t\t\t\t<div class=\"elementor-widget-container\">\n\t\t\t\t\t<h4 class=\"elementor-heading-title elementor-size-default\">Sess\u00e3o final<\/h4>\t\t\t\t<\/div>\n\t\t\t\t<\/div>\n\t\t\t\t<\/div>\n\t\t<div class=\"elementor-element elementor-element-3bc88ca e-con-full e-flex e-con e-child\" data-id=\"3bc88ca\" data-element_type=\"container\" data-e-type=\"container\">\n\t\t\t\t<div class=\"elementor-element elementor-element-db192a5 elementor-widget__width-initial elementor-widget elementor-widget-video\" data-id=\"db192a5\" data-element_type=\"widget\" data-e-type=\"widget\" data-settings=\"{&quot;youtube_url&quot;:&quot;https:\\\/\\\/youtu.be\\\/DSZD5_FivYE&quot;,&quot;video_type&quot;:&quot;youtube&quot;,&quot;controls&quot;:&quot;yes&quot;}\" data-widget_type=\"video.default\">\n\t\t\t\t<div class=\"elementor-widget-container\">\n\t\t\t\t\t\t\t<div class=\"elementor-wrapper elementor-open-inline\">\n\t\t\t<div class=\"elementor-video\"><\/div>\t\t<\/div>\n\t\t\t\t\t\t<\/div>\n\t\t\t\t<\/div>\n\t\t<div class=\"elementor-element elementor-element-9b55e0f e-con-full e-flex e-con e-child\" data-id=\"9b55e0f\" data-element_type=\"container\" data-e-type=\"container\">\n\t\t\t\t<div class=\"elementor-element elementor-element-8e9c139 elementor-widget elementor-widget-text-editor\" data-id=\"8e9c139\" data-element_type=\"widget\" data-e-type=\"widget\" data-widget_type=\"text-editor.default\">\n\t\t\t\t<div class=\"elementor-widget-container\">\n\t\t\t\t\t\t\t\t\t<div class=\"et_pb_row et_pb_row_16\">\n<div class=\"et_pb_column et_pb_column_3_5 et_pb_column_26 et_pb_css_mix_blend_mode_passthrough et-last-child\">\n<div class=\"et_pb_module et_pb_text et_pb_text_11 et_pb_text_align_left et_pb_bg_layout_light\">\n<div class=\"et_pb_text_inner\">\n<div class=\"et_pb_row et_pb_row_21\">\n<div class=\"et_pb_column et_pb_column_3_5 et_pb_column_33 et_pb_css_mix_blend_mode_passthrough et-last-child\">\n<div class=\"et_pb_module et_pb_text et_pb_text_15 et_pb_text_align_left et_pb_bg_layout_light\">\n<div class=\"et_pb_text_inner\">\n<div class=\"et_pb_row et_pb_row_26\">\n<div class=\"et_pb_column et_pb_column_3_5 et_pb_column_41 et_pb_css_mix_blend_mode_passthrough et-last-child\">\n<div class=\"et_pb_module et_pb_text et_pb_text_20 et_pb_text_align_left et_pb_bg_layout_light\">\n<div class=\"et_pb_text_inner\">\n<div class=\"et_pb_row et_pb_row_28\">\n<div class=\"et_pb_column et_pb_column_3_5 et_pb_column_44 et_pb_css_mix_blend_mode_passthrough et-last-child\">\n<div class=\"et_pb_module et_pb_text et_pb_text_22 et_pb_text_align_left et_pb_bg_layout_light\">\n<div class=\"et_pb_text_inner\">\n<div class=\"et_pb_row et_pb_row_34\">\n<div class=\"et_pb_column et_pb_column_3_5 et_pb_column_55 et_pb_css_mix_blend_mode_passthrough et-last-child\">\n<div class=\"et_pb_module et_pb_text et_pb_text_28 et_pb_text_align_left et_pb_bg_layout_light\">\n<div class=\"et_pb_text_inner\">\n<p><b><em>Actuaciones en la arquitectura tradicional de Albarrac\u00edn<\/em><\/b> Antonio Almagro<\/p>\n<\/div>\n<\/div>\n<\/div>\n<\/div>\n<\/div>\n<\/div>\n<\/div>\n<\/div>\n<\/div>\n<\/div>\n<\/div>\n<\/div>\n<\/div>\n<\/div>\n<\/div>\n<\/div>\n<\/div>\n<\/div>\n<\/div>\n<\/div>\n\t\t\t\t\t\t\t\t<\/div>\n\t\t\t\t<\/div>\n\t\t\t\t<\/div>\n\t\t\t\t<\/div>\n\t\t<div class=\"elementor-element elementor-element-b9d81df e-con-full e-flex e-con e-child\" data-id=\"b9d81df\" data-element_type=\"container\" data-e-type=\"container\">\n\t\t\t\t<div class=\"elementor-element elementor-element-556b876 elementor-widget__width-initial elementor-widget elementor-widget-video\" data-id=\"556b876\" data-element_type=\"widget\" data-e-type=\"widget\" data-settings=\"{&quot;youtube_url&quot;:&quot;https:\\\/\\\/youtu.be\\\/wPbzk4dAzTI&quot;,&quot;video_type&quot;:&quot;youtube&quot;,&quot;controls&quot;:&quot;yes&quot;}\" data-widget_type=\"video.default\">\n\t\t\t\t<div class=\"elementor-widget-container\">\n\t\t\t\t\t\t\t<div class=\"elementor-wrapper elementor-open-inline\">\n\t\t\t<div class=\"elementor-video\"><\/div>\t\t<\/div>\n\t\t\t\t\t\t<\/div>\n\t\t\t\t<\/div>\n\t\t<div class=\"elementor-element elementor-element-d4cd707 e-con-full e-flex e-con e-child\" data-id=\"d4cd707\" data-element_type=\"container\" data-e-type=\"container\">\n\t\t\t\t<div class=\"elementor-element elementor-element-e2090cc elementor-widget elementor-widget-text-editor\" data-id=\"e2090cc\" data-element_type=\"widget\" data-e-type=\"widget\" data-widget_type=\"text-editor.default\">\n\t\t\t\t<div class=\"elementor-widget-container\">\n\t\t\t\t\t\t\t\t\t<div class=\"et_pb_row et_pb_row_16\">\n<div class=\"et_pb_column et_pb_column_3_5 et_pb_column_26 et_pb_css_mix_blend_mode_passthrough et-last-child\">\n<div class=\"et_pb_module et_pb_text et_pb_text_11 et_pb_text_align_left et_pb_bg_layout_light\">\n<div class=\"et_pb_text_inner\">\n<div class=\"et_pb_row et_pb_row_21\">\n<div class=\"et_pb_column et_pb_column_3_5 et_pb_column_33 et_pb_css_mix_blend_mode_passthrough et-last-child\">\n<div class=\"et_pb_module et_pb_text et_pb_text_15 et_pb_text_align_left et_pb_bg_layout_light\">\n<div class=\"et_pb_text_inner\">\n<div class=\"et_pb_row et_pb_row_26\">\n<div class=\"et_pb_column et_pb_column_3_5 et_pb_column_41 et_pb_css_mix_blend_mode_passthrough et-last-child\">\n<div class=\"et_pb_module et_pb_text et_pb_text_20 et_pb_text_align_left et_pb_bg_layout_light\">\n<div class=\"et_pb_text_inner\">\n<div class=\"et_pb_row et_pb_row_29\">\n<div class=\"et_pb_column et_pb_column_3_5 et_pb_column_46 et_pb_css_mix_blend_mode_passthrough et-last-child\">\n<div class=\"et_pb_module et_pb_text et_pb_text_23 et_pb_text_align_left et_pb_bg_layout_light\">\n<div class=\"et_pb_text_inner\">\n<div class=\"et_pb_row et_pb_row_35\">\n<div class=\"et_pb_column et_pb_column_3_5 et_pb_column_57 et_pb_css_mix_blend_mode_passthrough et-last-child\">\n<div class=\"et_pb_module et_pb_text et_pb_text_29 et_pb_text_align_left et_pb_bg_layout_light\">\n<div class=\"et_pb_text_inner\">\n<p><b><em>Form follows construction: Our journey through traditional architecture <\/em><\/b>Antonio Maria Braga y Alberto Castro Nunes<\/p>\n<\/div>\n<\/div>\n<\/div>\n<\/div>\n<\/div>\n<\/div>\n<\/div>\n<\/div>\n<div class=\"et_pb_row et_pb_row_30\">\n<div class=\"et_pb_column et_pb_column_2_5 et_pb_column_47 et_pb_css_mix_blend_mode_passthrough\">\n<div class=\"et_pb_module et_pb_video et_pb_video_12\">\n<div class=\"et_pb_video_box\"> <\/div>\n<\/div>\n<\/div>\n<\/div>\n<\/div>\n<\/div>\n<\/div>\n<\/div>\n<\/div>\n<\/div>\n<\/div>\n<\/div>\n<\/div>\n<\/div>\n<\/div>\n<\/div>\n\t\t\t\t\t\t\t\t<\/div>\n\t\t\t\t<\/div>\n\t\t\t\t<\/div>\n\t\t\t\t<\/div>\n\t\t<div class=\"elementor-element elementor-element-07ea6d1 e-con-full e-flex e-con e-child\" data-id=\"07ea6d1\" data-element_type=\"container\" data-e-type=\"container\">\n\t\t\t\t<div class=\"elementor-element elementor-element-be7608d elementor-widget__width-initial elementor-widget elementor-widget-video\" data-id=\"be7608d\" data-element_type=\"widget\" data-e-type=\"widget\" data-settings=\"{&quot;youtube_url&quot;:&quot;https:\\\/\\\/youtu.be\\\/7m-KNbMMU6Q&quot;,&quot;video_type&quot;:&quot;youtube&quot;,&quot;controls&quot;:&quot;yes&quot;}\" data-widget_type=\"video.default\">\n\t\t\t\t<div class=\"elementor-widget-container\">\n\t\t\t\t\t\t\t<div class=\"elementor-wrapper elementor-open-inline\">\n\t\t\t<div class=\"elementor-video\"><\/div>\t\t<\/div>\n\t\t\t\t\t\t<\/div>\n\t\t\t\t<\/div>\n\t\t<div class=\"elementor-element elementor-element-0b4c636 e-con-full e-flex e-con e-child\" data-id=\"0b4c636\" data-element_type=\"container\" data-e-type=\"container\">\n\t\t\t\t<div class=\"elementor-element elementor-element-76e0878 elementor-widget elementor-widget-text-editor\" data-id=\"76e0878\" data-element_type=\"widget\" data-e-type=\"widget\" data-widget_type=\"text-editor.default\">\n\t\t\t\t<div class=\"elementor-widget-container\">\n\t\t\t\t\t\t\t\t\t<div class=\"et_pb_row et_pb_row_16\">\n<div class=\"et_pb_column et_pb_column_3_5 et_pb_column_26 et_pb_css_mix_blend_mode_passthrough et-last-child\">\n<div class=\"et_pb_module et_pb_text et_pb_text_11 et_pb_text_align_left et_pb_bg_layout_light\">\n<div class=\"et_pb_text_inner\">\n<div class=\"et_pb_row et_pb_row_21\">\n<div class=\"et_pb_column et_pb_column_3_5 et_pb_column_33 et_pb_css_mix_blend_mode_passthrough et-last-child\">\n<div class=\"et_pb_module et_pb_text et_pb_text_15 et_pb_text_align_left et_pb_bg_layout_light\">\n<div class=\"et_pb_text_inner\">\n<div class=\"et_pb_row et_pb_row_26\">\n<div class=\"et_pb_column et_pb_column_3_5 et_pb_column_41 et_pb_css_mix_blend_mode_passthrough et-last-child\">\n<div class=\"et_pb_module et_pb_text et_pb_text_20 et_pb_text_align_left et_pb_bg_layout_light\">\n<div class=\"et_pb_text_inner\">\n<div class=\"et_pb_row et_pb_row_30\">\n<div class=\"et_pb_column et_pb_column_3_5 et_pb_column_48 et_pb_css_mix_blend_mode_passthrough et-last-child\">\n<div class=\"et_pb_module et_pb_text et_pb_text_24 et_pb_text_align_left et_pb_bg_layout_light\">\n<div class=\"et_pb_text_inner\">\n<div id=\"videos\" class=\"et_pb_section et_pb_section_3 et_section_regular\">\n<div class=\"et_pb_row et_pb_row_36\">\n<div class=\"et_pb_column et_pb_column_3_5 et_pb_column_59 et_pb_css_mix_blend_mode_passthrough et-last-child\">\n<div class=\"et_pb_module et_pb_text et_pb_text_30 et_pb_text_align_left et_pb_bg_layout_light\">\n<div class=\"et_pb_text_inner\">\n<p><b><em>Iniciativas para la promoci\u00f3n de la construcci\u00f3n y arquitectura tradicionales en Espa\u00f1a y Portugal<\/em><\/b> Alejandro Garc\u00eda Hermida <b>Conclusions<\/b> Carol Wyant<\/p>\n<\/div>\n<\/div>\n<\/div>\n<\/div>\n<\/div>\n<\/div>\n<\/div>\n<\/div>\n<\/div>\n<\/div>\n<\/div>\n<\/div>\n<\/div>\n<\/div>\n<\/div>\n<\/div>\n<\/div>\n<\/div>\n<\/div>\n<\/div>\n<\/div>\n\t\t\t\t\t\t\t\t<\/div>\n\t\t\t\t<\/div>\n\t\t\t\t<\/div>\n\t\t\t\t<\/div>\n\t\t\t\t\t<\/div>\n\t\t\t\t<\/div>\n\t\t<div class=\"elementor-element elementor-element-3f52903 e-flex e-con-boxed e-con e-parent\" data-id=\"3f52903\" data-element_type=\"container\" data-e-type=\"container\">\n\t\t\t\t\t<div class=\"e-con-inner\">\n\t\t<div class=\"elementor-element elementor-element-dac12eb e-flex e-con-boxed e-con e-child\" data-id=\"dac12eb\" data-element_type=\"container\" data-e-type=\"container\">\n\t\t\t\t\t<div class=\"e-con-inner\">\n\t\t\t\t<div class=\"elementor-element elementor-element-1e4279f elementor-widget elementor-widget-heading\" data-id=\"1e4279f\" data-element_type=\"widget\" data-e-type=\"widget\" data-widget_type=\"heading.default\">\n\t\t\t\t<div class=\"elementor-widget-container\">\n\t\t\t\t\t<h2 class=\"elementor-heading-title elementor-size-default\">Publica\u00e7\u00e3o<\/h2>\t\t\t\t<\/div>\n\t\t\t\t<\/div>\n\t\t\t\t<div class=\"elementor-element elementor-element-bc2694f elementor-widget-divider--view-line elementor-widget elementor-widget-divider\" data-id=\"bc2694f\" data-element_type=\"widget\" data-e-type=\"widget\" data-widget_type=\"divider.default\">\n\t\t\t\t<div class=\"elementor-widget-container\">\n\t\t\t\t\t\t\t<div class=\"elementor-divider\">\n\t\t\t<span class=\"elementor-divider-separator\">\n\t\t\t\t\t\t<\/span>\n\t\t<\/div>\n\t\t\t\t\t\t<\/div>\n\t\t\t\t<\/div>\n\t\t\t\t\t<\/div>\n\t\t\t\t<\/div>\n\t\t<div class=\"elementor-element elementor-element-ad9ebc1 e-con-full e-flex e-con e-child\" data-id=\"ad9ebc1\" data-element_type=\"container\" data-e-type=\"container\">\n\t\t<div class=\"elementor-element elementor-element-1a43d01 e-con-full e-flex e-con e-child\" data-id=\"1a43d01\" data-element_type=\"container\" data-e-type=\"container\">\n\t\t\t\t<div class=\"elementor-element elementor-element-4280c5e elementor-widget elementor-widget-image\" data-id=\"4280c5e\" data-element_type=\"widget\" data-e-type=\"widget\" data-widget_type=\"image.default\">\n\t\t\t\t<div class=\"elementor-widget-container\">\n\t\t\t\t\t\t\t\t\t\t\t\t\t\t\t<img loading=\"lazy\" decoding=\"async\" width=\"612\" height=\"442\" src=\"https:\/\/culturasconstructivas.org\/wp-content\/uploads\/2024\/10\/Nueva-Arquitectura-Vernacula_2019.webp\" class=\"attachment-large size-large wp-image-13783\" alt=\"\" srcset=\"https:\/\/culturasconstructivas.org\/wp-content\/uploads\/2024\/10\/Nueva-Arquitectura-Vernacula_2019.webp 612w, https:\/\/culturasconstructivas.org\/wp-content\/uploads\/2024\/10\/Nueva-Arquitectura-Vernacula_2019-300x217.webp 300w\" sizes=\"(max-width: 612px) 100vw, 612px\" \/>\t\t\t\t\t\t\t\t\t\t\t\t\t\t\t<\/div>\n\t\t\t\t<\/div>\n\t\t\t\t<\/div>\n\t\t<div class=\"elementor-element elementor-element-4c08802 e-con-full e-flex e-con e-child\" data-id=\"4c08802\" data-element_type=\"container\" data-e-type=\"container\">\n\t\t\t\t<div class=\"elementor-element elementor-element-10433c3 elementor-widget elementor-widget-text-editor\" data-id=\"10433c3\" data-element_type=\"widget\" data-e-type=\"widget\" data-widget_type=\"text-editor.default\">\n\t\t\t\t<div class=\"elementor-widget-container\">\n\t\t\t\t\t\t\t\t\t<div class=\"et_pb_module et_pb_text et_pb_text_4 et_pb_text_align_left et_pb_bg_layout_light\">\n<div class=\"et_pb_text_inner\">\n<p>Todos os resumos das confer\u00eancias, assim como informa\u00e7\u00f5es sobre as iniciativas desenvolvidas por Richard H. Driehaus na Espanha e em Portugal, foram reunidos, como em todos os anos, nesta publica\u00e7\u00e3o &#8220;Nova Arquitetura Vern\u00e1cula&#8221;, que pode ser baixada gratuitamente aqui.<\/p>\n<\/div>\n<\/div>\n\t\t\t\t\t\t\t\t<\/div>\n\t\t\t\t<\/div>\n\t\t\t\t<div class=\"elementor-element elementor-element-f8a02ca elementor-widget elementor-widget-button\" data-id=\"f8a02ca\" data-element_type=\"widget\" data-e-type=\"widget\" data-widget_type=\"button.default\">\n\t\t\t\t<div class=\"elementor-widget-container\">\n\t\t\t\t\t\t\t\t\t<div class=\"elementor-button-wrapper\">\n\t\t\t\t\t<a class=\"elementor-button elementor-button-link elementor-size-sm\" href=\"https:\/\/culturasconstructivas.org\/wp-content\/uploads\/2023\/08\/2019-Nueva-Arquitectura-Vernacula.pdf\">\n\t\t\t\t\t\t<span class=\"elementor-button-content-wrapper\">\n\t\t\t\t\t\t\t\t\t<span class=\"elementor-button-text\">Baixe a publica\u00e7\u00e3o <strong>aqui<\/strong><\/span>\n\t\t\t\t\t<\/span>\n\t\t\t\t\t<\/a>\n\t\t\t\t<\/div>\n\t\t\t\t\t\t\t\t<\/div>\n\t\t\t\t<\/div>\n\t\t\t\t<\/div>\n\t\t\t\t<\/div>\n\t\t\t\t\t<\/div>\n\t\t\t\t<\/div>\n\t\t\t\t<\/div>\n\t\t","protected":false},"excerpt":{"rendered":"<p>Semin\u00e1rio Internacional Nova Arquitetura Vern\u00e1cula 2019 Resultados Coincidindo com a Cerim\u00f4nia de Entrega do Pr\u00eamio Rafael Manzano de Nova Arquitetura Tradicional 2019, assim como em edi\u00e7\u00f5es anteriores, foi realizado um Semin\u00e1rio Internacional, desta vez sob o t\u00edtulo &#8220;Nova Arquitetura Vern\u00e1cula&#8221;, nos dias 17 e 18 de outubro, na Escola T\u00e9cnica Superior de Arquitetura da Universidade [&hellip;]<\/p>\n","protected":false},"author":1,"featured_media":18415,"parent":17596,"menu_order":6,"comment_status":"closed","ping_status":"closed","template":"elementor_canvas","meta":{"_acf_changed":false,"_piecal_is_event":false,"_piecal_start_date":"","_piecal_end_date":"","_piecal_is_allday":false,"footnotes":""},"class_list":["post-17586","page","type-page","status-publish","has-post-thumbnail","hentry"],"acf":[],"yoast_head":"<!-- This site is optimized with the Yoast SEO plugin v27.4 - https:\/\/yoast.com\/product\/yoast-seo-wordpress\/ -->\n<title>Semin\u00e1rio Pr\u00eamio Rafael Manzano 2019 - Fundaci\u00f3n Culturas Constructivas Tradicionales<\/title>\n<meta name=\"robots\" content=\"index, follow, max-snippet:-1, max-image-preview:large, max-video-preview:-1\" \/>\n<link rel=\"canonical\" href=\"https:\/\/culturasconstructivas.org\/pt-pt\/iniciativas\/congressos\/congresso-internacional-sobre-construcao-arquitetura-e-urbanismo-tradicionais\/edicoes-anteriores-do-congresso\/seminario-premio-rafael-manzano-2019\/\" \/>\n<meta property=\"og:locale\" content=\"pt_PT\" \/>\n<meta property=\"og:type\" content=\"article\" \/>\n<meta property=\"og:title\" content=\"Semin\u00e1rio Pr\u00eamio Rafael Manzano 2019 - Fundaci\u00f3n Culturas Constructivas Tradicionales\" \/>\n<meta property=\"og:description\" content=\"Semin\u00e1rio Internacional Nova Arquitetura Vern\u00e1cula 2019 Resultados Coincidindo com a Cerim\u00f4nia de Entrega do Pr\u00eamio Rafael Manzano de Nova Arquitetura Tradicional 2019, assim como em edi\u00e7\u00f5es anteriores, foi realizado um Semin\u00e1rio Internacional, desta vez sob o t\u00edtulo &#8220;Nova Arquitetura Vern\u00e1cula&#8221;, nos dias 17 e 18 de outubro, na Escola T\u00e9cnica Superior de Arquitetura da Universidade [&hellip;]\" \/>\n<meta property=\"og:url\" content=\"https:\/\/culturasconstructivas.org\/pt-pt\/iniciativas\/congressos\/congresso-internacional-sobre-construcao-arquitetura-e-urbanismo-tradicionais\/edicoes-anteriores-do-congresso\/seminario-premio-rafael-manzano-2019\/\" \/>\n<meta property=\"og:site_name\" content=\"Fundaci\u00f3n Culturas Constructivas Tradicionales\" \/>\n<meta property=\"article:modified_time\" content=\"2025-02-25T13:16:36+00:00\" \/>\n<meta property=\"og:image\" content=\"https:\/\/culturasconstructivas.org\/wp-content\/uploads\/2024\/10\/Programa-Seminario191.webp\" \/>\n<meta name=\"twitter:card\" content=\"summary_large_image\" \/>\n<meta name=\"twitter:label1\" content=\"Tempo estimado de leitura\" \/>\n\t<meta name=\"twitter:data1\" content=\"3 minutos\" \/>\n<script type=\"application\/ld+json\" class=\"yoast-schema-graph\">{\"@context\":\"https:\\\/\\\/schema.org\",\"@graph\":[{\"@type\":\"WebPage\",\"@id\":\"https:\\\/\\\/culturasconstructivas.org\\\/pt-pt\\\/iniciativas\\\/congressos\\\/congresso-internacional-sobre-construcao-arquitetura-e-urbanismo-tradicionais\\\/edicoes-anteriores-do-congresso\\\/seminario-premio-rafael-manzano-2019\\\/\",\"url\":\"https:\\\/\\\/culturasconstructivas.org\\\/pt-pt\\\/iniciativas\\\/congressos\\\/congresso-internacional-sobre-construcao-arquitetura-e-urbanismo-tradicionais\\\/edicoes-anteriores-do-congresso\\\/seminario-premio-rafael-manzano-2019\\\/\",\"name\":\"Semin\u00e1rio Pr\u00eamio Rafael Manzano 2019 - Fundaci\u00f3n Culturas Constructivas Tradicionales\",\"isPartOf\":{\"@id\":\"https:\\\/\\\/culturasconstructivas.org\\\/pt-pt\\\/#website\"},\"primaryImageOfPage\":{\"@id\":\"https:\\\/\\\/culturasconstructivas.org\\\/pt-pt\\\/iniciativas\\\/congressos\\\/congresso-internacional-sobre-construcao-arquitetura-e-urbanismo-tradicionais\\\/edicoes-anteriores-do-congresso\\\/seminario-premio-rafael-manzano-2019\\\/#primaryimage\"},\"image\":{\"@id\":\"https:\\\/\\\/culturasconstructivas.org\\\/pt-pt\\\/iniciativas\\\/congressos\\\/congresso-internacional-sobre-construcao-arquitetura-e-urbanismo-tradicionais\\\/edicoes-anteriores-do-congresso\\\/seminario-premio-rafael-manzano-2019\\\/#primaryimage\"},\"thumbnailUrl\":\"https:\\\/\\\/culturasconstructivas.org\\\/wp-content\\\/uploads\\\/2025\\\/03\\\/Maestro-Marzo2025-5.jpg\",\"datePublished\":\"2024-09-16T06:46:42+00:00\",\"dateModified\":\"2025-02-25T13:16:36+00:00\",\"breadcrumb\":{\"@id\":\"https:\\\/\\\/culturasconstructivas.org\\\/pt-pt\\\/iniciativas\\\/congressos\\\/congresso-internacional-sobre-construcao-arquitetura-e-urbanismo-tradicionais\\\/edicoes-anteriores-do-congresso\\\/seminario-premio-rafael-manzano-2019\\\/#breadcrumb\"},\"inLanguage\":\"pt-PT\",\"potentialAction\":[{\"@type\":\"ReadAction\",\"target\":[\"https:\\\/\\\/culturasconstructivas.org\\\/pt-pt\\\/iniciativas\\\/congressos\\\/congresso-internacional-sobre-construcao-arquitetura-e-urbanismo-tradicionais\\\/edicoes-anteriores-do-congresso\\\/seminario-premio-rafael-manzano-2019\\\/\"]}]},{\"@type\":\"ImageObject\",\"inLanguage\":\"pt-PT\",\"@id\":\"https:\\\/\\\/culturasconstructivas.org\\\/pt-pt\\\/iniciativas\\\/congressos\\\/congresso-internacional-sobre-construcao-arquitetura-e-urbanismo-tradicionais\\\/edicoes-anteriores-do-congresso\\\/seminario-premio-rafael-manzano-2019\\\/#primaryimage\",\"url\":\"https:\\\/\\\/culturasconstructivas.org\\\/wp-content\\\/uploads\\\/2025\\\/03\\\/Maestro-Marzo2025-5.jpg\",\"contentUrl\":\"https:\\\/\\\/culturasconstructivas.org\\\/wp-content\\\/uploads\\\/2025\\\/03\\\/Maestro-Marzo2025-5.jpg\",\"width\":724,\"height\":542},{\"@type\":\"BreadcrumbList\",\"@id\":\"https:\\\/\\\/culturasconstructivas.org\\\/pt-pt\\\/iniciativas\\\/congressos\\\/congresso-internacional-sobre-construcao-arquitetura-e-urbanismo-tradicionais\\\/edicoes-anteriores-do-congresso\\\/seminario-premio-rafael-manzano-2019\\\/#breadcrumb\",\"itemListElement\":[{\"@type\":\"ListItem\",\"position\":1,\"name\":\"Portada\",\"item\":\"https:\\\/\\\/culturasconstructivas.org\\\/pt-pt\\\/fundacao-culturas-construtivas-tradicionais\\\/\"},{\"@type\":\"ListItem\",\"position\":2,\"name\":\"Iniciativas\",\"item\":\"https:\\\/\\\/culturasconstructivas.org\\\/pt-pt\\\/iniciativas\\\/\"},{\"@type\":\"ListItem\",\"position\":3,\"name\":\"Congressos\",\"item\":\"https:\\\/\\\/culturasconstructivas.org\\\/pt-pt\\\/iniciativas\\\/congressos\\\/\"},{\"@type\":\"ListItem\",\"position\":4,\"name\":\"Congresso Internacional sobre Constru\u00e7\u00e3o, Arquitetura e Urbanismo Tradicionais\",\"item\":\"https:\\\/\\\/culturasconstructivas.org\\\/pt-pt\\\/iniciativas\\\/congressos\\\/congresso-internacional-sobre-construcao-arquitetura-e-urbanismo-tradicionais\\\/\"},{\"@type\":\"ListItem\",\"position\":5,\"name\":\"Edi\u00e7\u00f5es anteriores do Congresso\",\"item\":\"https:\\\/\\\/culturasconstructivas.org\\\/pt-pt\\\/iniciativas\\\/congressos\\\/congresso-internacional-sobre-construcao-arquitetura-e-urbanismo-tradicionais\\\/edicoes-anteriores-do-congresso\\\/\"},{\"@type\":\"ListItem\",\"position\":6,\"name\":\"Semin\u00e1rio Pr\u00eamio Rafael Manzano 2019\"}]},{\"@type\":\"WebSite\",\"@id\":\"https:\\\/\\\/culturasconstructivas.org\\\/pt-pt\\\/#website\",\"url\":\"https:\\\/\\\/culturasconstructivas.org\\\/pt-pt\\\/\",\"name\":\"Fundaci\u00f3n Culturas Constructivas Tradicionales\",\"description\":\"\",\"publisher\":{\"@id\":\"https:\\\/\\\/culturasconstructivas.org\\\/pt-pt\\\/#organization\"},\"potentialAction\":[{\"@type\":\"SearchAction\",\"target\":{\"@type\":\"EntryPoint\",\"urlTemplate\":\"https:\\\/\\\/culturasconstructivas.org\\\/pt-pt\\\/?s={search_term_string}\"},\"query-input\":{\"@type\":\"PropertyValueSpecification\",\"valueRequired\":true,\"valueName\":\"search_term_string\"}}],\"inLanguage\":\"pt-PT\"},{\"@type\":\"Organization\",\"@id\":\"https:\\\/\\\/culturasconstructivas.org\\\/pt-pt\\\/#organization\",\"name\":\"Fundaci\u00f3n Culturas Constructivas Tradicionales\",\"url\":\"https:\\\/\\\/culturasconstructivas.org\\\/pt-pt\\\/\",\"logo\":{\"@type\":\"ImageObject\",\"inLanguage\":\"pt-PT\",\"@id\":\"https:\\\/\\\/culturasconstructivas.org\\\/pt-pt\\\/#\\\/schema\\\/logo\\\/image\\\/\",\"url\":\"https:\\\/\\\/culturasconstructivas.org\\\/wp-content\\\/uploads\\\/2023\\\/10\\\/FUNDACAO-CULTURAS-CONSTRUTIVAS-Logo.png\",\"contentUrl\":\"https:\\\/\\\/culturasconstructivas.org\\\/wp-content\\\/uploads\\\/2023\\\/10\\\/FUNDACAO-CULTURAS-CONSTRUTIVAS-Logo.png\",\"width\":537,\"height\":290,\"caption\":\"Fundaci\u00f3n Culturas Constructivas Tradicionales\"},\"image\":{\"@id\":\"https:\\\/\\\/culturasconstructivas.org\\\/pt-pt\\\/#\\\/schema\\\/logo\\\/image\\\/\"}}]}<\/script>\n<!-- \/ Yoast SEO plugin. -->","yoast_head_json":{"title":"Semin\u00e1rio Pr\u00eamio Rafael Manzano 2019 - Fundaci\u00f3n Culturas Constructivas Tradicionales","robots":{"index":"index","follow":"follow","max-snippet":"max-snippet:-1","max-image-preview":"max-image-preview:large","max-video-preview":"max-video-preview:-1"},"canonical":"https:\/\/culturasconstructivas.org\/pt-pt\/iniciativas\/congressos\/congresso-internacional-sobre-construcao-arquitetura-e-urbanismo-tradicionais\/edicoes-anteriores-do-congresso\/seminario-premio-rafael-manzano-2019\/","og_locale":"pt_PT","og_type":"article","og_title":"Semin\u00e1rio Pr\u00eamio Rafael Manzano 2019 - Fundaci\u00f3n Culturas Constructivas Tradicionales","og_description":"Semin\u00e1rio Internacional Nova Arquitetura Vern\u00e1cula 2019 Resultados Coincidindo com a Cerim\u00f4nia de Entrega do Pr\u00eamio Rafael Manzano de Nova Arquitetura Tradicional 2019, assim como em edi\u00e7\u00f5es anteriores, foi realizado um Semin\u00e1rio Internacional, desta vez sob o t\u00edtulo &#8220;Nova Arquitetura Vern\u00e1cula&#8221;, nos dias 17 e 18 de outubro, na Escola T\u00e9cnica Superior de Arquitetura da Universidade [&hellip;]","og_url":"https:\/\/culturasconstructivas.org\/pt-pt\/iniciativas\/congressos\/congresso-internacional-sobre-construcao-arquitetura-e-urbanismo-tradicionais\/edicoes-anteriores-do-congresso\/seminario-premio-rafael-manzano-2019\/","og_site_name":"Fundaci\u00f3n Culturas Constructivas Tradicionales","article_modified_time":"2025-02-25T13:16:36+00:00","og_image":[{"url":"https:\/\/culturasconstructivas.org\/wp-content\/uploads\/2024\/10\/Programa-Seminario191.webp","type":"","width":"","height":""}],"twitter_card":"summary_large_image","twitter_misc":{"Tempo estimado de leitura":"3 minutos"},"schema":{"@context":"https:\/\/schema.org","@graph":[{"@type":"WebPage","@id":"https:\/\/culturasconstructivas.org\/pt-pt\/iniciativas\/congressos\/congresso-internacional-sobre-construcao-arquitetura-e-urbanismo-tradicionais\/edicoes-anteriores-do-congresso\/seminario-premio-rafael-manzano-2019\/","url":"https:\/\/culturasconstructivas.org\/pt-pt\/iniciativas\/congressos\/congresso-internacional-sobre-construcao-arquitetura-e-urbanismo-tradicionais\/edicoes-anteriores-do-congresso\/seminario-premio-rafael-manzano-2019\/","name":"Semin\u00e1rio Pr\u00eamio Rafael Manzano 2019 - Fundaci\u00f3n Culturas Constructivas Tradicionales","isPartOf":{"@id":"https:\/\/culturasconstructivas.org\/pt-pt\/#website"},"primaryImageOfPage":{"@id":"https:\/\/culturasconstructivas.org\/pt-pt\/iniciativas\/congressos\/congresso-internacional-sobre-construcao-arquitetura-e-urbanismo-tradicionais\/edicoes-anteriores-do-congresso\/seminario-premio-rafael-manzano-2019\/#primaryimage"},"image":{"@id":"https:\/\/culturasconstructivas.org\/pt-pt\/iniciativas\/congressos\/congresso-internacional-sobre-construcao-arquitetura-e-urbanismo-tradicionais\/edicoes-anteriores-do-congresso\/seminario-premio-rafael-manzano-2019\/#primaryimage"},"thumbnailUrl":"https:\/\/culturasconstructivas.org\/wp-content\/uploads\/2025\/03\/Maestro-Marzo2025-5.jpg","datePublished":"2024-09-16T06:46:42+00:00","dateModified":"2025-02-25T13:16:36+00:00","breadcrumb":{"@id":"https:\/\/culturasconstructivas.org\/pt-pt\/iniciativas\/congressos\/congresso-internacional-sobre-construcao-arquitetura-e-urbanismo-tradicionais\/edicoes-anteriores-do-congresso\/seminario-premio-rafael-manzano-2019\/#breadcrumb"},"inLanguage":"pt-PT","potentialAction":[{"@type":"ReadAction","target":["https:\/\/culturasconstructivas.org\/pt-pt\/iniciativas\/congressos\/congresso-internacional-sobre-construcao-arquitetura-e-urbanismo-tradicionais\/edicoes-anteriores-do-congresso\/seminario-premio-rafael-manzano-2019\/"]}]},{"@type":"ImageObject","inLanguage":"pt-PT","@id":"https:\/\/culturasconstructivas.org\/pt-pt\/iniciativas\/congressos\/congresso-internacional-sobre-construcao-arquitetura-e-urbanismo-tradicionais\/edicoes-anteriores-do-congresso\/seminario-premio-rafael-manzano-2019\/#primaryimage","url":"https:\/\/culturasconstructivas.org\/wp-content\/uploads\/2025\/03\/Maestro-Marzo2025-5.jpg","contentUrl":"https:\/\/culturasconstructivas.org\/wp-content\/uploads\/2025\/03\/Maestro-Marzo2025-5.jpg","width":724,"height":542},{"@type":"BreadcrumbList","@id":"https:\/\/culturasconstructivas.org\/pt-pt\/iniciativas\/congressos\/congresso-internacional-sobre-construcao-arquitetura-e-urbanismo-tradicionais\/edicoes-anteriores-do-congresso\/seminario-premio-rafael-manzano-2019\/#breadcrumb","itemListElement":[{"@type":"ListItem","position":1,"name":"Portada","item":"https:\/\/culturasconstructivas.org\/pt-pt\/fundacao-culturas-construtivas-tradicionais\/"},{"@type":"ListItem","position":2,"name":"Iniciativas","item":"https:\/\/culturasconstructivas.org\/pt-pt\/iniciativas\/"},{"@type":"ListItem","position":3,"name":"Congressos","item":"https:\/\/culturasconstructivas.org\/pt-pt\/iniciativas\/congressos\/"},{"@type":"ListItem","position":4,"name":"Congresso Internacional sobre Constru\u00e7\u00e3o, Arquitetura e Urbanismo Tradicionais","item":"https:\/\/culturasconstructivas.org\/pt-pt\/iniciativas\/congressos\/congresso-internacional-sobre-construcao-arquitetura-e-urbanismo-tradicionais\/"},{"@type":"ListItem","position":5,"name":"Edi\u00e7\u00f5es anteriores do Congresso","item":"https:\/\/culturasconstructivas.org\/pt-pt\/iniciativas\/congressos\/congresso-internacional-sobre-construcao-arquitetura-e-urbanismo-tradicionais\/edicoes-anteriores-do-congresso\/"},{"@type":"ListItem","position":6,"name":"Semin\u00e1rio Pr\u00eamio Rafael Manzano 2019"}]},{"@type":"WebSite","@id":"https:\/\/culturasconstructivas.org\/pt-pt\/#website","url":"https:\/\/culturasconstructivas.org\/pt-pt\/","name":"Fundaci\u00f3n Culturas Constructivas Tradicionales","description":"","publisher":{"@id":"https:\/\/culturasconstructivas.org\/pt-pt\/#organization"},"potentialAction":[{"@type":"SearchAction","target":{"@type":"EntryPoint","urlTemplate":"https:\/\/culturasconstructivas.org\/pt-pt\/?s={search_term_string}"},"query-input":{"@type":"PropertyValueSpecification","valueRequired":true,"valueName":"search_term_string"}}],"inLanguage":"pt-PT"},{"@type":"Organization","@id":"https:\/\/culturasconstructivas.org\/pt-pt\/#organization","name":"Fundaci\u00f3n Culturas Constructivas Tradicionales","url":"https:\/\/culturasconstructivas.org\/pt-pt\/","logo":{"@type":"ImageObject","inLanguage":"pt-PT","@id":"https:\/\/culturasconstructivas.org\/pt-pt\/#\/schema\/logo\/image\/","url":"https:\/\/culturasconstructivas.org\/wp-content\/uploads\/2023\/10\/FUNDACAO-CULTURAS-CONSTRUTIVAS-Logo.png","contentUrl":"https:\/\/culturasconstructivas.org\/wp-content\/uploads\/2023\/10\/FUNDACAO-CULTURAS-CONSTRUTIVAS-Logo.png","width":537,"height":290,"caption":"Fundaci\u00f3n Culturas Constructivas Tradicionales"},"image":{"@id":"https:\/\/culturasconstructivas.org\/pt-pt\/#\/schema\/logo\/image\/"}}]}},"_links":{"self":[{"href":"https:\/\/culturasconstructivas.org\/pt-pt\/wp-json\/wp\/v2\/pages\/17586","targetHints":{"allow":["GET"]}}],"collection":[{"href":"https:\/\/culturasconstructivas.org\/pt-pt\/wp-json\/wp\/v2\/pages"}],"about":[{"href":"https:\/\/culturasconstructivas.org\/pt-pt\/wp-json\/wp\/v2\/types\/page"}],"author":[{"embeddable":true,"href":"https:\/\/culturasconstructivas.org\/pt-pt\/wp-json\/wp\/v2\/users\/1"}],"replies":[{"embeddable":true,"href":"https:\/\/culturasconstructivas.org\/pt-pt\/wp-json\/wp\/v2\/comments?post=17586"}],"version-history":[{"count":1,"href":"https:\/\/culturasconstructivas.org\/pt-pt\/wp-json\/wp\/v2\/pages\/17586\/revisions"}],"predecessor-version":[{"id":18060,"href":"https:\/\/culturasconstructivas.org\/pt-pt\/wp-json\/wp\/v2\/pages\/17586\/revisions\/18060"}],"up":[{"embeddable":true,"href":"https:\/\/culturasconstructivas.org\/pt-pt\/wp-json\/wp\/v2\/pages\/17596"}],"wp:featuredmedia":[{"embeddable":true,"href":"https:\/\/culturasconstructivas.org\/pt-pt\/wp-json\/wp\/v2\/media\/18415"}],"wp:attachment":[{"href":"https:\/\/culturasconstructivas.org\/pt-pt\/wp-json\/wp\/v2\/media?parent=17586"}],"curies":[{"name":"wp","href":"https:\/\/api.w.org\/{rel}","templated":true}]}}