{"id":11442,"date":"2024-04-19T18:59:34","date_gmt":"2024-04-19T16:59:34","guid":{"rendered":"https:\/\/culturasconstructivas.org\/iniciativas\/formacao\/escola-de-verao\/edicao-2024\/"},"modified":"2025-01-23T17:32:52","modified_gmt":"2025-01-23T16:32:52","slug":"edicao-2024","status":"publish","type":"page","link":"https:\/\/culturasconstructivas.org\/pt-pt\/iniciativas\/formacao\/escola-de-verao\/edicao-2024\/","title":{"rendered":"Edi\u00e7\u00e3o 2024"},"content":{"rendered":"\t\t<div data-elementor-type=\"wp-page\" data-elementor-id=\"11442\" class=\"elementor elementor-11442 elementor-5654\" data-elementor-post-type=\"page\">\n\t\t\t\t<div class=\"elementor-element elementor-element-3f5ad1d e-flex e-con-boxed e-con e-parent\" data-id=\"3f5ad1d\" data-element_type=\"container\" data-e-type=\"container\">\n\t\t\t\t\t<div class=\"e-con-inner\">\n\t\t<div class=\"elementor-element elementor-element-51f00fb e-con-full e-flex e-con e-child\" data-id=\"51f00fb\" data-element_type=\"container\" data-e-type=\"container\">\n\t\t\t\t<div class=\"elementor-element elementor-element-50c1ef6 elementor-widget elementor-widget-heading\" data-id=\"50c1ef6\" data-element_type=\"widget\" data-e-type=\"widget\" data-widget_type=\"heading.default\">\n\t\t\t\t<div class=\"elementor-widget-container\">\n\t\t\t\t\t<h1 class=\"elementor-heading-title elementor-size-default\">Escola de Ver\u00e3o 2024<\/h1>\t\t\t\t<\/div>\n\t\t\t\t<\/div>\n\t\t\t\t<\/div>\n\t\t\t\t\t<\/div>\n\t\t\t\t<\/div>\n\t\t<div class=\"elementor-element elementor-element-3f0728c e-flex e-con-boxed e-con e-parent\" data-id=\"3f0728c\" data-element_type=\"container\" data-e-type=\"container\">\n\t\t\t\t\t<div class=\"e-con-inner\">\n\t\t<div class=\"elementor-element elementor-element-15350f0 e-con-full e-flex e-con e-child\" data-id=\"15350f0\" data-element_type=\"container\" data-e-type=\"container\">\n\t\t\t\t<div class=\"elementor-element elementor-element-5b06fdb elementor-widget elementor-widget-image\" data-id=\"5b06fdb\" data-element_type=\"widget\" data-e-type=\"widget\" data-widget_type=\"image.default\">\n\t\t\t\t<div class=\"elementor-widget-container\">\n\t\t\t\t\t\t\t\t\t\t\t\t\t\t\t<img fetchpriority=\"high\" decoding=\"async\" width=\"800\" height=\"514\" src=\"https:\/\/culturasconstructivas.org\/wp-content\/uploads\/2024\/04\/Soajo-carmen-bueno-1024x658.webp\" class=\"attachment-large size-large wp-image-5592\" alt=\"\" srcset=\"https:\/\/culturasconstructivas.org\/wp-content\/uploads\/2024\/04\/Soajo-carmen-bueno-1024x658.webp 1024w, https:\/\/culturasconstructivas.org\/wp-content\/uploads\/2024\/04\/Soajo-carmen-bueno-300x193.webp 300w, https:\/\/culturasconstructivas.org\/wp-content\/uploads\/2024\/04\/Soajo-carmen-bueno-768x493.webp 768w, https:\/\/culturasconstructivas.org\/wp-content\/uploads\/2024\/04\/Soajo-carmen-bueno.webp 1126w\" sizes=\"(max-width: 800px) 100vw, 800px\" \/>\t\t\t\t\t\t\t\t\t\t\t\t\t\t\t<\/div>\n\t\t\t\t<\/div>\n\t\t\t\t<\/div>\n\t\t<div class=\"elementor-element elementor-element-e60c0ee e-flex e-con-boxed e-con e-child\" data-id=\"e60c0ee\" data-element_type=\"container\" data-e-type=\"container\">\n\t\t\t\t\t<div class=\"e-con-inner\">\n\t\t<div class=\"elementor-element elementor-element-9282107 e-flex e-con-boxed e-con e-child\" data-id=\"9282107\" data-element_type=\"container\" data-e-type=\"container\">\n\t\t\t\t\t<div class=\"e-con-inner\">\n\t\t\t\t<div class=\"elementor-element elementor-element-b4e4a42 elementor-align-start elementor-icon-list--layout-traditional elementor-list-item-link-full_width elementor-widget elementor-widget-icon-list\" data-id=\"b4e4a42\" data-element_type=\"widget\" data-e-type=\"widget\" data-widget_type=\"icon-list.default\">\n\t\t\t\t<div class=\"elementor-widget-container\">\n\t\t\t\t\t\t\t<ul class=\"elementor-icon-list-items\">\n\t\t\t\t\t\t\t<li class=\"elementor-icon-list-item\">\n\t\t\t\t\t\t\t\t\t\t\t<span class=\"elementor-icon-list-icon\">\n\t\t\t\t\t\t\t<i aria-hidden=\"true\" class=\"far fa-calendar-alt\"><\/i>\t\t\t\t\t\t<\/span>\n\t\t\t\t\t\t\t\t\t\t<span class=\"elementor-icon-list-text\">8-21 julho, 2024 (Os estudantes devem estar no Porto no dia 7 \u00e0 tarde)<\/span>\n\t\t\t\t\t\t\t\t\t<\/li>\n\t\t\t\t\t\t\t\t<li class=\"elementor-icon-list-item\">\n\t\t\t\t\t\t\t\t\t\t\t<span class=\"elementor-icon-list-icon\">\n\t\t\t\t\t\t\t<i aria-hidden=\"true\" class=\"far fa-map\"><\/i>\t\t\t\t\t\t<\/span>\n\t\t\t\t\t\t\t\t\t\t<span class=\"elementor-icon-list-text\">Arcos de Valdevez, Portugal<\/span>\n\t\t\t\t\t\t\t\t\t<\/li>\n\t\t\t\t\t\t\t\t<li class=\"elementor-icon-list-item\">\n\t\t\t\t\t\t\t\t\t\t\t<span class=\"elementor-icon-list-icon\">\n\t\t\t\t\t\t\t<i aria-hidden=\"true\" class=\"far fa-money-bill-alt\"><\/i>\t\t\t\t\t\t<\/span>\n\t\t\t\t\t\t\t\t\t\t<span class=\"elementor-icon-list-text\">410\u20ac<\/span>\n\t\t\t\t\t\t\t\t\t<\/li>\n\t\t\t\t\t\t<\/ul>\n\t\t\t\t\t\t<\/div>\n\t\t\t\t<\/div>\n\t\t\t\t<div class=\"elementor-element elementor-element-6515fb0 elementor-widget elementor-widget-text-editor\" data-id=\"6515fb0\" data-element_type=\"widget\" data-e-type=\"widget\" data-widget_type=\"text-editor.default\">\n\t\t\t\t<div class=\"elementor-widget-container\">\n\t\t\t\t\t\t\t\t\t<ul>\n<li style=\"font-weight: 400;\" aria-level=\"1\"><span style=\"font-weight: 400;\">O programa ter\u00e1 lugar no munic\u00edpio de Arcos de Valdevez, Portugal.<\/span><\/li>\n<li style=\"font-weight: 400;\" aria-level=\"1\"><span style=\"font-weight: 400;\">Gira em torno do design baseado no conhecimento e compreens\u00e3o<\/span> <b>da tradi\u00e7\u00e3o local de constru\u00e7\u00e3o, arquitetura e design urbano.<\/b><\/li>\n<li style=\"font-weight: 400;\" aria-level=\"1\"><span style=\"font-weight: 400;\">Durante os \u00faltimos dias ser\u00e3o elaboradas <\/span><b>propostas de desenho para diferentes locais p\u00fablicos<\/b> <span style=\"font-weight: 400;\">do lugar. O trabalho desenvolvido anteriormente ser\u00e1 utilizado como guia. <\/span><\/li>\n<li style=\"font-weight: 400;\" aria-level=\"1\"><b>O desenho \u00e0 m\u00e3o e a medi\u00e7\u00e3o de edificios<\/b><span style=\"font-weight: 400;\"> ser\u00e1 a atividade principal a desenvolver diariamente.<\/span><\/li>\n<li style=\"font-weight: 400;\" aria-level=\"1\"><span style=\"font-weight: 400;\">Diferentes especialistas em arquitetura vern\u00e1cula local e t\u00e9cnicas de constru\u00e7\u00e3o tradicional<\/span> <b>realizar\u00e3o confer\u00eancias sobre diversos temas relacionados<\/b><span style=\"font-weight: 400;\">.<\/span>\n<\/li>\n<li style=\"font-weight: 400;\" aria-level=\"1\"><span style=\"font-weight: 400;\">Ser\u00e3o organizadas <\/span><b>excurs\u00f5es no lugar <\/b><span style=\"font-weight: 400;\">e ir\u00e3o tamb\u00e9m visitar-se algumas obras.<\/span><\/li>\n<\/ul>\n\t\t\t\t\t\t\t\t<\/div>\n\t\t\t\t<\/div>\n\t\t\t\t<div class=\"elementor-element elementor-element-0809ab8 elementor-widget elementor-widget-text-editor\" data-id=\"0809ab8\" data-element_type=\"widget\" data-e-type=\"widget\" data-widget_type=\"text-editor.default\">\n\t\t\t\t<div class=\"elementor-widget-container\">\n\t\t\t\t\t\t\t\t\t<p><span style=\"font-weight: 400;\">Estamos trabajando en los detalles del programa de 2024.<\/span><span style=\"font-weight: 400;\"><br \/><\/span><span style=\"font-weight: 400;\">O grupo j\u00e1 est\u00e1 fechado, mas se estiveres interessado na pr\u00f3xima edi\u00e7\u00e3o da escola de ver\u00e3o, podes manifestar o teu interesse atrav\u00e9s de:<\/span><\/p>\n\t\t\t\t\t\t\t\t<\/div>\n\t\t\t\t<\/div>\n\t\t\t\t<div class=\"elementor-element elementor-element-20a848f elementor-widget elementor-widget-button\" data-id=\"20a848f\" data-element_type=\"widget\" data-e-type=\"widget\" data-widget_type=\"button.default\">\n\t\t\t\t<div class=\"elementor-widget-container\">\n\t\t\t\t\t\t\t\t\t<div class=\"elementor-button-wrapper\">\n\t\t\t\t\t<a class=\"elementor-button elementor-button-link elementor-size-sm\" href=\"https:\/\/docs.google.com\/forms\/d\/e\/1FAIpQLSdiirF3zjRzM0irfjbwrkrqeMmWeEAAuvjzD75D5kGnVXk02g\/viewform\" target=\"_blank\">\n\t\t\t\t\t\t<span class=\"elementor-button-content-wrapper\">\n\t\t\t\t\t\t\t\t\t<span class=\"elementor-button-text\">Preenche o formul\u00e1rio de candidatura<\/span>\n\t\t\t\t\t<\/span>\n\t\t\t\t\t<\/a>\n\t\t\t\t<\/div>\n\t\t\t\t\t\t\t\t<\/div>\n\t\t\t\t<\/div>\n\t\t\t\t\t<\/div>\n\t\t\t\t<\/div>\n\t\t\t\t\t<\/div>\n\t\t\t\t<\/div>\n\t\t\t\t\t<\/div>\n\t\t\t\t<\/div>\n\t\t<div class=\"elementor-element elementor-element-90cf246 e-flex e-con-boxed e-con e-parent\" data-id=\"90cf246\" data-element_type=\"container\" data-e-type=\"container\">\n\t\t\t\t\t<div class=\"e-con-inner\">\n\t\t<div class=\"elementor-element elementor-element-c387a50 e-flex e-con-boxed e-con e-child\" data-id=\"c387a50\" data-element_type=\"container\" data-e-type=\"container\">\n\t\t\t\t\t<div class=\"e-con-inner\">\n\t\t\t\t<div class=\"elementor-element elementor-element-7a2f169 elementor-widget elementor-widget-heading\" data-id=\"7a2f169\" data-element_type=\"widget\" data-e-type=\"widget\" data-widget_type=\"heading.default\">\n\t\t\t\t<div class=\"elementor-widget-container\">\n\t\t\t\t\t<h3 class=\"elementor-heading-title elementor-size-default\">Arcos de Valdevez, Portugal<\/h3>\t\t\t\t<\/div>\n\t\t\t\t<\/div>\n\t\t\t\t<div class=\"elementor-element elementor-element-af199e8 elementor-pagination-position-outside elementor-widget elementor-widget-image-carousel\" data-id=\"af199e8\" data-element_type=\"widget\" data-e-type=\"widget\" data-settings=\"{&quot;slides_to_show&quot;:&quot;4&quot;,&quot;navigation&quot;:&quot;dots&quot;,&quot;lazyload&quot;:&quot;yes&quot;,&quot;speed&quot;:500,&quot;image_spacing_custom&quot;:{&quot;unit&quot;:&quot;px&quot;,&quot;size&quot;:20,&quot;sizes&quot;:[]},&quot;image_spacing_custom_tablet&quot;:{&quot;unit&quot;:&quot;px&quot;,&quot;size&quot;:&quot;&quot;,&quot;sizes&quot;:[]},&quot;image_spacing_custom_mobile&quot;:{&quot;unit&quot;:&quot;px&quot;,&quot;size&quot;:&quot;&quot;,&quot;sizes&quot;:[]}}\" data-widget_type=\"image-carousel.default\">\n\t\t\t\t<div class=\"elementor-widget-container\">\n\t\t\t\t\t            <div class=\"elementor-image-carousel-wrapper swiper\" role=\"region\" aria-roledescription=\"carousel\" aria-label=\"Carrusel de im\u00e1genes\" dir=\"ltr\">\n                <div class=\"elementor-image-carousel swiper-wrapper swiper-image-stretch\" aria-live=\"polite\">\n\t\t\t\t\t\t\t\t\t\t<div class=\"swiper-slide\"><a data-elementor-open-lightbox=\"yes\" data-elementor-lightbox-slideshow=\"af199e8\" data-e-action-hash=\"#elementor-action%3Aaction%3Dlightbox%26settings%3DeyJpZCI6NTYxNCwidXJsIjoiaHR0cHM6XC9cL2N1bHR1cmFzY29uc3RydWN0aXZhcy5vcmdcL3dwLWNvbnRlbnRcL3VwbG9hZHNcLzIwMjRcLzA0XC9BcmNvcy1kZS1WYWxkZXZlei53ZWJwIiwic2xpZGVzaG93IjoiYWYxOTllOCJ9\" href=\"https:\/\/culturasconstructivas.org\/wp-content\/uploads\/2024\/04\/Arcos-de-Valdevez.webp\"><figure class=\"swiper-slide-inner\"><img decoding=\"async\" class=\"swiper-slide-image\" src=\"https:\/\/culturasconstructivas.org\/wp-content\/uploads\/elementor\/thumbs\/Arcos-de-Valdevez-qmy5b3i3abxa1plgyaibmqmarnt79438nca73yb2i8.webp\" alt=\"Arcos de Valdevez\" \/><\/figure><\/a><\/div><div class=\"swiper-slide\"><a data-elementor-open-lightbox=\"yes\" data-elementor-lightbox-slideshow=\"af199e8\" data-e-action-hash=\"#elementor-action%3Aaction%3Dlightbox%26settings%3DeyJpZCI6NTU5OSwidXJsIjoiaHR0cHM6XC9cL2N1bHR1cmFzY29uc3RydWN0aXZhcy5vcmdcL3dwLWNvbnRlbnRcL3VwbG9hZHNcLzIwMjRcLzA0XC9BcmNvcy1kZS1WYWxkZXZlei0yLndlYnAiLCJzbGlkZXNob3ciOiJhZjE5OWU4In0%3D\" href=\"https:\/\/culturasconstructivas.org\/wp-content\/uploads\/2024\/04\/Arcos-de-Valdevez-2.webp\"><figure class=\"swiper-slide-inner\"><img decoding=\"async\" class=\"swiper-slide-image\" src=\"https:\/\/culturasconstructivas.org\/wp-content\/uploads\/elementor\/thumbs\/Arcos-de-Valdevez-2-qmy5aitn3z4yyafib1kj3vu5p6n4jrt58hxijv5qb4.webp\" alt=\"Arcos de Valdevez 2\" \/><\/figure><\/a><\/div><div class=\"swiper-slide\"><a data-elementor-open-lightbox=\"yes\" data-elementor-lightbox-slideshow=\"af199e8\" data-e-action-hash=\"#elementor-action%3Aaction%3Dlightbox%26settings%3DeyJpZCI6NTYwOCwidXJsIjoiaHR0cHM6XC9cL2N1bHR1cmFzY29uc3RydWN0aXZhcy5vcmdcL3dwLWNvbnRlbnRcL3VwbG9hZHNcLzIwMjRcLzA0XC9BcmNvcy1kZS1WYWxkZXZlei0zLndlYnAiLCJzbGlkZXNob3ciOiJhZjE5OWU4In0%3D\" href=\"https:\/\/culturasconstructivas.org\/wp-content\/uploads\/2024\/04\/Arcos-de-Valdevez-3.webp\"><figure class=\"swiper-slide-inner\"><img decoding=\"async\" class=\"swiper-slide-image\" src=\"https:\/\/culturasconstructivas.org\/wp-content\/uploads\/elementor\/thumbs\/Arcos-de-Valdevez-3-qmy5awx7yho9sfv10pnxnaa2lypmr8d4afpsr0ktps.webp\" alt=\"Arcos-de-Valdevez-3\" \/><\/figure><\/a><\/div><div class=\"swiper-slide\"><a data-elementor-open-lightbox=\"yes\" data-elementor-lightbox-slideshow=\"af199e8\" data-e-action-hash=\"#elementor-action%3Aaction%3Dlightbox%26settings%3DeyJpZCI6NTYwNSwidXJsIjoiaHR0cHM6XC9cL2N1bHR1cmFzY29uc3RydWN0aXZhcy5vcmdcL3dwLWNvbnRlbnRcL3VwbG9hZHNcLzIwMjRcLzA0XC9BcmNvcy1kZS1WYWxkZXZlei00LndlYnAiLCJzbGlkZXNob3ciOiJhZjE5OWU4In0%3D\" href=\"https:\/\/culturasconstructivas.org\/wp-content\/uploads\/2024\/04\/Arcos-de-Valdevez-4.webp\"><figure class=\"swiper-slide-inner\"><img decoding=\"async\" class=\"swiper-slide-image\" src=\"https:\/\/culturasconstructivas.org\/wp-content\/uploads\/elementor\/thumbs\/Arcos-de-Valdevez-4-qmy5as810bhu6e1us5msstgrn1csoquglsgdcmrskw.webp\" alt=\"Arcos-de-Valdevez 4\" \/><\/figure><\/a><\/div><div class=\"swiper-slide\"><a data-elementor-open-lightbox=\"yes\" data-elementor-lightbox-slideshow=\"af199e8\" data-e-action-hash=\"#elementor-action%3Aaction%3Dlightbox%26settings%3DeyJpZCI6NTYwMiwidXJsIjoiaHR0cHM6XC9cL2N1bHR1cmFzY29uc3RydWN0aXZhcy5vcmdcL3dwLWNvbnRlbnRcL3VwbG9hZHNcLzIwMjRcLzA0XC9BcmNvcy1kZS1WYWxkZXZlei01LndlYnAiLCJzbGlkZXNob3ciOiJhZjE5OWU4In0%3D\" href=\"https:\/\/culturasconstructivas.org\/wp-content\/uploads\/2024\/04\/Arcos-de-Valdevez-5.webp\"><figure class=\"swiper-slide-inner\"><img decoding=\"async\" class=\"swiper-slide-image\" src=\"https:\/\/culturasconstructivas.org\/wp-content\/uploads\/elementor\/thumbs\/Arcos-de-Valdevez-5-qmy5aniu25bekc8ojllnycngo3zym9bsx56xy8yrg0.webp\" alt=\"Arcos de Valdevez 5\" \/><\/figure><\/a><\/div><div class=\"swiper-slide\"><a data-elementor-open-lightbox=\"yes\" data-elementor-lightbox-slideshow=\"af199e8\" data-e-action-hash=\"#elementor-action%3Aaction%3Dlightbox%26settings%3DeyJpZCI6NTYxMSwidXJsIjoiaHR0cHM6XC9cL2N1bHR1cmFzY29uc3RydWN0aXZhcy5vcmdcL3dwLWNvbnRlbnRcL3VwbG9hZHNcLzIwMjRcLzA0XC9TYW50dWFyaW8tTnRyYS1TcmEtUGVuZWRhLndlYnAiLCJzbGlkZXNob3ciOiJhZjE5OWU4In0%3D\" href=\"https:\/\/culturasconstructivas.org\/wp-content\/uploads\/2024\/04\/Santuario-Ntra-Sra-Peneda.webp\"><figure class=\"swiper-slide-inner\"><img decoding=\"async\" class=\"swiper-slide-image\" src=\"https:\/\/culturasconstructivas.org\/wp-content\/uploads\/elementor\/thumbs\/Santuario-Ntra-Sra-Peneda-qmy5b0okpttf2vpkerafx9bwzi73m0s1mybqo4f90w.webp\" alt=\"Santuario-Ntra-Sra-Peneda\" \/><\/figure><\/a><\/div>                <\/div>\n\t\t\t\t\t\t\t\t\t                        <div class=\"swiper-pagination\"><\/div>\n\t\t\t\t\t\t\t\t\t\t\t\t\t\t            <\/div>\n\t\t\t\t\t\t\t<\/div>\n\t\t\t\t<\/div>\n\t\t\t\t\t<\/div>\n\t\t\t\t<\/div>\n\t\t<div class=\"elementor-element elementor-element-39f4f5a e-flex e-con-boxed e-con e-child\" data-id=\"39f4f5a\" data-element_type=\"container\" data-e-type=\"container\">\n\t\t\t\t\t<div class=\"e-con-inner\">\n\t\t\t\t<div class=\"elementor-element elementor-element-3b923ed elementor-widget elementor-widget-button\" data-id=\"3b923ed\" data-element_type=\"widget\" data-e-type=\"widget\" data-widget_type=\"button.default\">\n\t\t\t\t<div class=\"elementor-widget-container\">\n\t\t\t\t\t\t\t\t\t<div class=\"elementor-button-wrapper\">\n\t\t\t\t\t<a class=\"elementor-button elementor-button-link elementor-size-sm\" href=\"https:\/\/culturasconstructivas.org\/pt-pt\/iniciativas\/formacao\/escola-de-verao\/edicao-2024\/#inscripcion\">\n\t\t\t\t\t\t<span class=\"elementor-button-content-wrapper\">\n\t\t\t\t\t\t\t\t\t<span class=\"elementor-button-text\">Inscri\u00e7\u00f5es<\/span>\n\t\t\t\t\t<\/span>\n\t\t\t\t\t<\/a>\n\t\t\t\t<\/div>\n\t\t\t\t\t\t\t\t<\/div>\n\t\t\t\t<\/div>\n\t\t\t\t<div class=\"elementor-element elementor-element-8382db0 elementor-widget elementor-widget-button\" data-id=\"8382db0\" data-element_type=\"widget\" data-e-type=\"widget\" data-widget_type=\"button.default\">\n\t\t\t\t<div class=\"elementor-widget-container\">\n\t\t\t\t\t\t\t\t\t<div class=\"elementor-button-wrapper\">\n\t\t\t\t\t<a class=\"elementor-button elementor-button-link elementor-size-sm\" href=\"#faculty\">\n\t\t\t\t\t\t<span class=\"elementor-button-content-wrapper\">\n\t\t\t\t\t\t\t\t\t<span class=\"elementor-button-text\">Docente<\/span>\n\t\t\t\t\t<\/span>\n\t\t\t\t\t<\/a>\n\t\t\t\t<\/div>\n\t\t\t\t\t\t\t\t<\/div>\n\t\t\t\t<\/div>\n\t\t\t\t<div class=\"elementor-element elementor-element-84f18a7 elementor-widget elementor-widget-button\" data-id=\"84f18a7\" data-element_type=\"widget\" data-e-type=\"widget\" data-widget_type=\"button.default\">\n\t\t\t\t<div class=\"elementor-widget-container\">\n\t\t\t\t\t\t\t\t\t<div class=\"elementor-button-wrapper\">\n\t\t\t\t\t<a class=\"elementor-button elementor-button-link elementor-size-sm\" href=\"#programa\">\n\t\t\t\t\t\t<span class=\"elementor-button-content-wrapper\">\n\t\t\t\t\t\t\t\t\t<span class=\"elementor-button-text\">Programa<\/span>\n\t\t\t\t\t<\/span>\n\t\t\t\t\t<\/a>\n\t\t\t\t<\/div>\n\t\t\t\t\t\t\t\t<\/div>\n\t\t\t\t<\/div>\n\t\t\t\t<div class=\"elementor-element elementor-element-e578b9c elementor-widget elementor-widget-button\" data-id=\"e578b9c\" data-element_type=\"widget\" data-e-type=\"widget\" data-widget_type=\"button.default\">\n\t\t\t\t<div class=\"elementor-widget-container\">\n\t\t\t\t\t\t\t\t\t<div class=\"elementor-button-wrapper\">\n\t\t\t\t\t<a class=\"elementor-button elementor-button-link elementor-size-sm\" href=\"#entidades\">\n\t\t\t\t\t\t<span class=\"elementor-button-content-wrapper\">\n\t\t\t\t\t\t\t\t\t<span class=\"elementor-button-text\">Institui\u00e7\u00f5es<\/span>\n\t\t\t\t\t<\/span>\n\t\t\t\t\t<\/a>\n\t\t\t\t<\/div>\n\t\t\t\t\t\t\t\t<\/div>\n\t\t\t\t<\/div>\n\t\t\t\t\t<\/div>\n\t\t\t\t<\/div>\n\t\t\t\t\t<\/div>\n\t\t\t\t<\/div>\n\t\t<div class=\"elementor-element elementor-element-c1e16b5 e-flex e-con-boxed e-con e-parent\" data-id=\"c1e16b5\" data-element_type=\"container\" data-e-type=\"container\" data-settings=\"{&quot;background_background&quot;:&quot;classic&quot;}\">\n\t\t\t\t\t<div class=\"e-con-inner\">\n\t\t<div class=\"elementor-element elementor-element-11d610f e-flex e-con-boxed e-con e-child\" data-id=\"11d610f\" data-element_type=\"container\" data-e-type=\"container\">\n\t\t\t\t\t<div class=\"e-con-inner\">\n\t\t\t\t<div class=\"elementor-element elementor-element-e0cd581 elementor-widget elementor-widget-menu-anchor\" data-id=\"e0cd581\" data-element_type=\"widget\" data-e-type=\"widget\" data-widget_type=\"menu-anchor.default\">\n\t\t\t\t<div class=\"elementor-widget-container\">\n\t\t\t\t\t\t\t<div class=\"elementor-menu-anchor\" id=\"inscripcion\"><\/div>\n\t\t\t\t\t\t<\/div>\n\t\t\t\t<\/div>\n\t\t\t\t<div class=\"elementor-element elementor-element-296837f elementor-widget elementor-widget-heading\" data-id=\"296837f\" data-element_type=\"widget\" data-e-type=\"widget\" data-widget_type=\"heading.default\">\n\t\t\t\t<div class=\"elementor-widget-container\">\n\t\t\t\t\t<h2 class=\"elementor-heading-title elementor-size-default\">Inscri\u00e7\u00f5es<\/h2>\t\t\t\t<\/div>\n\t\t\t\t<\/div>\n\t\t\t\t<div class=\"elementor-element elementor-element-924833e elementor-widget-divider--view-line elementor-widget elementor-widget-divider\" data-id=\"924833e\" data-element_type=\"widget\" data-e-type=\"widget\" data-widget_type=\"divider.default\">\n\t\t\t\t<div class=\"elementor-widget-container\">\n\t\t\t\t\t\t\t<div class=\"elementor-divider\">\n\t\t\t<span class=\"elementor-divider-separator\">\n\t\t\t\t\t\t<\/span>\n\t\t<\/div>\n\t\t\t\t\t\t<\/div>\n\t\t\t\t<\/div>\n\t\t<div class=\"elementor-element elementor-element-a139d48 e-flex e-con-boxed e-con e-child\" data-id=\"a139d48\" data-element_type=\"container\" data-e-type=\"container\">\n\t\t\t\t\t<div class=\"e-con-inner\">\n\t\t<div class=\"elementor-element elementor-element-3271c1c e-con-full e-flex e-con e-child\" data-id=\"3271c1c\" data-element_type=\"container\" data-e-type=\"container\">\n\t\t\t\t<div class=\"elementor-element elementor-element-4d378f8 elementor-widget elementor-widget-heading\" data-id=\"4d378f8\" data-element_type=\"widget\" data-e-type=\"widget\" data-widget_type=\"heading.default\">\n\t\t\t\t<div class=\"elementor-widget-container\">\n\t\t\t\t\t<h3 class=\"elementor-heading-title elementor-size-default\">Compet\u00eancias<\/h3>\t\t\t\t<\/div>\n\t\t\t\t<\/div>\n\t\t\t\t<div class=\"elementor-element elementor-element-96095ad elementor-widget elementor-widget-text-editor\" data-id=\"96095ad\" data-element_type=\"widget\" data-e-type=\"widget\" data-widget_type=\"text-editor.default\">\n\t\t\t\t<div class=\"elementor-widget-container\">\n\t\t\t\t\t\t\t\t\t<p><span style=\"font-weight: 400;\">O idioma utilizado durante as atividades ser\u00e1 sobretudo o<\/span> <b>ingl\u00eas<\/b>,<span style=\"font-weight: 400;\"> pelo que se<\/span> <span style=\"font-weight: 400;\">recomenda ter, pelo menos, um conhecimento b\u00e1sico deste idioma.<br \/>\nO  <\/span><b>desenho \u00e0 m\u00e3o<\/b><span style=\"font-weight: 400;\"> ser\u00e1 <\/span><span style=\"font-weight: 400;\">a principal atividade a desenvolver em cada dia, pelo que tamb\u00e9m se recomenda ter um bom dom\u00ednio do mesmo.<\/span><\/p>\n\t\t\t\t\t\t\t\t<\/div>\n\t\t\t\t<\/div>\n\t\t\t\t<div class=\"elementor-element elementor-element-cf62308 elementor-widget elementor-widget-heading\" data-id=\"cf62308\" data-element_type=\"widget\" data-e-type=\"widget\" data-widget_type=\"heading.default\">\n\t\t\t\t<div class=\"elementor-widget-container\">\n\t\t\t\t\t<h3 class=\"elementor-heading-title elementor-size-default\">N\u00famero de participantes<\/h3>\t\t\t\t<\/div>\n\t\t\t\t<\/div>\n\t\t\t\t<div class=\"elementor-element elementor-element-4317178 elementor-widget elementor-widget-text-editor\" data-id=\"4317178\" data-element_type=\"widget\" data-e-type=\"widget\" data-widget_type=\"text-editor.default\">\n\t\t\t\t<div class=\"elementor-widget-container\">\n\t\t\t\t\t\t\t\t\t<div class=\"et_pb_row et_pb_row_4\">\n<div class=\"et_pb_column et_pb_column_2_3 et_pb_column_7 et_pb_css_mix_blend_mode_passthrough et-last-child\">\n<div class=\"et_pb_module et_pb_text et_pb_text_6 et_pb_text_align_left et_pb_bg_layout_light\">\n<div class=\"et_pb_text_inner\">\n<div class=\"et_pb_row et_pb_row_5\">\n<div class=\"et_pb_column et_pb_column_2_3 et_pb_column_9 et_pb_css_mix_blend_mode_passthrough et-last-child\">\n<div class=\"et_pb_module et_pb_text et_pb_text_8 et_pb_text_align_left et_pb_bg_layout_light\">\n<div class=\"et_pb_text_inner\">\n<p><strong><b>Existe um limite de 28 vagas.<\/b><span style=\"font-weight: 400;\"> Iremos por em pr\u00e1tica um processo de sele\u00e7\u00e3o entre todos os candidatos. Ser\u00e3o reservados v\u00e1rios lugares para os estudantes de cada universidade participante.<\/span> <\/strong><\/p>\n<\/div>\n<\/div>\n<\/div>\n<\/div>\n<\/div>\n<\/div>\n<\/div>\n<\/div>\n\t\t\t\t\t\t\t\t<\/div>\n\t\t\t\t<\/div>\n\t\t\t\t<div class=\"elementor-element elementor-element-02d4d29 elementor-widget elementor-widget-heading\" data-id=\"02d4d29\" data-element_type=\"widget\" data-e-type=\"widget\" data-widget_type=\"heading.default\">\n\t\t\t\t<div class=\"elementor-widget-container\">\n\t\t\t\t\t<h3 class=\"elementor-heading-title elementor-size-default\">Matr\u00edcula<\/h3>\t\t\t\t<\/div>\n\t\t\t\t<\/div>\n\t\t\t\t<div class=\"elementor-element elementor-element-958e039 elementor-widget elementor-widget-text-editor\" data-id=\"958e039\" data-element_type=\"widget\" data-e-type=\"widget\" data-widget_type=\"text-editor.default\">\n\t\t\t\t<div class=\"elementor-widget-container\">\n\t\t\t\t\t\t\t\t\t<p><span style=\"font-weight: 400;\">O pre\u00e7o da matr\u00edcula \u00e9 de<\/span> <b>410 euros<\/b><span style=\"font-weight: 400;\">. Este valor inclui a matr\u00edcula, o alojamento, as refei\u00e7\u00f5es e o transporte durante as duas semanas da Escola de Ver\u00e3o. Depois de os candidatos serem aceites, o procedimento de pagamento ser\u00e1 facilitado.<\/span><\/p>\n<p><i><span style=\"font-weight: 400;\">*O custo real do curso por participante ronda os 2.500 \u20ac mas, gra\u00e7as ao apoio de Richard H. Driehaus, da C\u00e2mara Municipal de Arcos de Valdevez e da Kalam, a taxa de participa\u00e7\u00e3o foi reduzida aos 410 \u20ac mencionados.<\/span><\/i><\/p>\n\t\t\t\t\t\t\t\t<\/div>\n\t\t\t\t<\/div>\n\t\t\t\t<div class=\"elementor-element elementor-element-1b0bf27 elementor-widget elementor-widget-heading\" data-id=\"1b0bf27\" data-element_type=\"widget\" data-e-type=\"widget\" data-widget_type=\"heading.default\">\n\t\t\t\t<div class=\"elementor-widget-container\">\n\t\t\t\t\t<h3 class=\"elementor-heading-title elementor-size-default\">Inscri\u00e7\u00e3o e prazo<\/h3>\t\t\t\t<\/div>\n\t\t\t\t<\/div>\n\t\t\t\t<div class=\"elementor-element elementor-element-7e70955 elementor-widget elementor-widget-text-editor\" data-id=\"7e70955\" data-element_type=\"widget\" data-e-type=\"widget\" data-widget_type=\"text-editor.default\">\n\t\t\t\t<div class=\"elementor-widget-container\">\n\t\t\t\t\t\t\t\t\t<div class=\"et_pb_row et_pb_row_4\">\n<div class=\"et_pb_column et_pb_column_2_3 et_pb_column_7 et_pb_css_mix_blend_mode_passthrough et-last-child\">\n<div class=\"et_pb_module et_pb_text et_pb_text_6 et_pb_text_align_left et_pb_bg_layout_light\">\n<div class=\"et_pb_text_inner\">\n<div class=\"et_pb_row et_pb_row_5\">\n<div class=\"et_pb_column et_pb_column_2_3 et_pb_column_9 et_pb_css_mix_blend_mode_passthrough et-last-child\">\n<div class=\"et_pb_module et_pb_text et_pb_text_8 et_pb_text_align_left et_pb_bg_layout_light\">\n<div class=\"et_pb_text_inner\">\n<p><span style=\"font-weight: 400;\">Os interessados em participar devem preencher o<\/span> <a href=\"https:\/\/docs.google.com\/forms\/d\/e\/1FAIpQLSeYS_ZHyKGvkQDLDuJmORpRZPy7LWWCuxI4Sm8BGDjfPdbRBg\/viewform\"><span style=\"font-weight: 400;\">Formul\u00e1rio de inscri\u00e7\u00e3o <\/span><\/a><span style=\"font-weight: 400;\">e enviar uma sele\u00e7\u00e3o de desenhos e projetos, de prefer\u00eancia feitos \u00e0 m\u00e3o, para info@culturasconstructivas.org.<\/span><\/p>\n<p><span style=\"font-weight: 400;\">A data l\u00edmite de inscri\u00e7\u00e3o \u00e9 <\/span><b>24 de mar\u00e7o de 2024<\/b><\/p>\n<\/div>\n<\/div>\n<\/div>\n<\/div>\n<\/div>\n<\/div>\n<\/div>\n<\/div>\n\t\t\t\t\t\t\t\t<\/div>\n\t\t\t\t<\/div>\n\t\t\t\t<div class=\"elementor-element elementor-element-008f27e elementor-widget elementor-widget-heading\" data-id=\"008f27e\" data-element_type=\"widget\" data-e-type=\"widget\" data-widget_type=\"heading.default\">\n\t\t\t\t<div class=\"elementor-widget-container\">\n\t\t\t\t\t<h3 class=\"elementor-heading-title elementor-size-default\">Contato<\/h3>\t\t\t\t<\/div>\n\t\t\t\t<\/div>\n\t\t\t\t<div class=\"elementor-element elementor-element-38232c8 elementor-widget elementor-widget-text-editor\" data-id=\"38232c8\" data-element_type=\"widget\" data-e-type=\"widget\" data-widget_type=\"text-editor.default\">\n\t\t\t\t<div class=\"elementor-widget-container\">\n\t\t\t\t\t\t\t\t\t<div class=\"et_pb_row et_pb_row_4\">\n<div class=\"et_pb_column et_pb_column_2_3 et_pb_column_7 et_pb_css_mix_blend_mode_passthrough et-last-child\">\n<div class=\"et_pb_module et_pb_text et_pb_text_6 et_pb_text_align_left et_pb_bg_layout_light\">\n<div class=\"et_pb_text_inner\">\n<div class=\"et_pb_row et_pb_row_5\">\n<div class=\"et_pb_column et_pb_column_2_3 et_pb_column_9 et_pb_css_mix_blend_mode_passthrough et-last-child\">\n<div class=\"et_pb_module et_pb_text et_pb_text_8 et_pb_text_align_left et_pb_bg_layout_light\">\n<div class=\"et_pb_text_inner\">\n<p><span style=\"font-weight: 400;\">Se tiveres alguma quest\u00e3o, n\u00e3o hesites em contactar-nos atrav\u00e9s de <\/span><a href=\"mailto:info@culturasconstructivas.org\"><span style=\"font-weight: 400;\">info@culturasconstructivas.org<\/span><\/a><\/p>\n<\/div>\n<\/div>\n<\/div>\n<\/div>\n<\/div>\n<\/div>\n<\/div>\n<\/div>\n\t\t\t\t\t\t\t\t<\/div>\n\t\t\t\t<\/div>\n\t\t\t\t<div class=\"elementor-element elementor-element-253e79c elementor-widget elementor-widget-heading\" data-id=\"253e79c\" data-element_type=\"widget\" data-e-type=\"widget\" data-widget_type=\"heading.default\">\n\t\t\t\t<div class=\"elementor-widget-container\">\n\t\t\t\t\t<h3 class=\"elementor-heading-title elementor-size-default\">Bolsas<\/h3>\t\t\t\t<\/div>\n\t\t\t\t<\/div>\n\t\t\t\t<div class=\"elementor-element elementor-element-f39958d elementor-widget elementor-widget-text-editor\" data-id=\"f39958d\" data-element_type=\"widget\" data-e-type=\"widget\" data-widget_type=\"text-editor.default\">\n\t\t\t\t<div class=\"elementor-widget-container\">\n\t\t\t\t\t\t\t\t\t<div class=\"et_pb_row et_pb_row_4\">\n<div class=\"et_pb_column et_pb_column_2_3 et_pb_column_7 et_pb_css_mix_blend_mode_passthrough et-last-child\">\n<div class=\"et_pb_module et_pb_text et_pb_text_6 et_pb_text_align_left et_pb_bg_layout_light\">\n<div class=\"et_pb_text_inner\">\n<div class=\"et_pb_row et_pb_row_5\">\n<div class=\"et_pb_column et_pb_column_2_3 et_pb_column_9 et_pb_css_mix_blend_mode_passthrough et-last-child\">\n<div class=\"et_pb_module et_pb_text et_pb_text_8 et_pb_text_align_left et_pb_bg_layout_light\">\n<div class=\"et_pb_text_inner\">\n<ul>\n<li style=\"font-weight: 400;\" aria-level=\"1\"><b>A Funda\u00e7ao Serra Henriques <\/b><span style=\"font-weight: 400;\">oferece at\u00e9 <\/span><span style=\"font-weight: 400;\">seis bolsas <\/span><span style=\"font-weight: 400;\">a estudantes das Universidades do Algarve, Aut\u00f3noma de Lisboa, da Beira Interior (UBI), Coimbra, \u00c9vora, Lisboa, Minho, Portucalense (UPT), Porto (FAUP) e ISCTE, que cobrem o custo da matr\u00edcula da Escola de Ver\u00e3o.<\/span><\/li>\n<li style=\"font-weight: 400;\" aria-level=\"1\"><span style=\"font-weight: 400;\">A <\/span><b>Fundaci\u00f3n Arquia <\/b><span style=\"font-weight: 400;\">oferece <\/span><span style=\"font-weight: 400;\">duas bolsas <\/span><span style=\"font-weight: 400;\">a estudantes espanh\u00f3is para cobrir o custo da matr\u00edcula da Escola de Ver\u00e3o.<\/span><\/li>\n<li style=\"font-weight: 400;\" aria-level=\"1\"><span style=\"font-weight: 400;\">O<\/span><b>King&#8217;s Trust Australia <\/b><span style=\"font-weight: 400;\">oferece <\/span><span style=\"font-weight: 400;\">uma bolsa <\/span><span style=\"font-weight: 400;\">a um estudante australiano para cobrir o custo da matr\u00edcula da Escola de Ver\u00e3o.<\/span><\/li>\n<li style=\"font-weight: 400;\" aria-level=\"1\"><b>Robert Adam <\/b><span style=\"font-weight: 400;\">oferece <\/span><span style=\"font-weight: 400;\">uma bolsa <\/span><span style=\"font-weight: 400;\">a um participante internacional para cobrir o custo da matr\u00edcula da Escola de Ver\u00e3o.<\/span><\/li>\n<\/ul>\n<\/div>\n<\/div>\n<\/div>\n<\/div>\n<\/div>\n<\/div>\n<\/div>\n<\/div>\n\t\t\t\t\t\t\t\t<\/div>\n\t\t\t\t<\/div>\n\t\t\t\t<div class=\"elementor-element elementor-element-e54748b elementor-widget elementor-widget-button\" data-id=\"e54748b\" data-element_type=\"widget\" data-e-type=\"widget\" data-widget_type=\"button.default\">\n\t\t\t\t<div class=\"elementor-widget-container\">\n\t\t\t\t\t\t\t\t\t<div class=\"elementor-button-wrapper\">\n\t\t\t\t\t<a class=\"elementor-button elementor-button-link elementor-size-sm\" href=\"https:\/\/docs.google.com\/forms\/d\/e\/1FAIpQLSdiirF3zjRzM0irfjbwrkrqeMmWeEAAuvjzD75D5kGnVXk02g\/viewform\" target=\"_blank\">\n\t\t\t\t\t\t<span class=\"elementor-button-content-wrapper\">\n\t\t\t\t\t\t\t\t\t<span class=\"elementor-button-text\">Preenche o formul\u00e1rio de candidatura<\/span>\n\t\t\t\t\t<\/span>\n\t\t\t\t\t<\/a>\n\t\t\t\t<\/div>\n\t\t\t\t\t\t\t\t<\/div>\n\t\t\t\t<\/div>\n\t\t\t\t<\/div>\n\t\t\t\t\t<\/div>\n\t\t\t\t<\/div>\n\t\t\t\t\t<\/div>\n\t\t\t\t<\/div>\n\t\t\t\t\t<\/div>\n\t\t\t\t<\/div>\n\t\t<div class=\"elementor-element elementor-element-6d3f11f e-flex e-con-boxed e-con e-parent\" data-id=\"6d3f11f\" data-element_type=\"container\" data-e-type=\"container\">\n\t\t\t\t\t<div class=\"e-con-inner\">\n\t\t<div class=\"elementor-element elementor-element-49ada5c e-con-full e-flex e-con e-child\" data-id=\"49ada5c\" data-element_type=\"container\" data-e-type=\"container\">\n\t\t<div class=\"elementor-element elementor-element-7f0a2ad e-con-full e-flex e-con e-child\" data-id=\"7f0a2ad\" data-element_type=\"container\" data-e-type=\"container\">\n\t\t\t\t<div class=\"elementor-element elementor-element-8a3227b elementor-widget elementor-widget-image\" data-id=\"8a3227b\" data-element_type=\"widget\" data-e-type=\"widget\" data-widget_type=\"image.default\">\n\t\t\t\t<div class=\"elementor-widget-container\">\n\t\t\t\t\t\t\t\t\t\t\t\t\t\t\t<img decoding=\"async\" width=\"300\" height=\"300\" src=\"https:\/\/culturasconstructivas.org\/wp-content\/uploads\/2024\/04\/Imanol_Iparraguirre.jpg\" class=\"attachment-medium size-medium wp-image-5741\" alt=\"\" srcset=\"https:\/\/culturasconstructivas.org\/wp-content\/uploads\/2024\/04\/Imanol_Iparraguirre.jpg 300w, https:\/\/culturasconstructivas.org\/wp-content\/uploads\/2024\/04\/Imanol_Iparraguirre-150x150.jpg 150w\" sizes=\"(max-width: 300px) 100vw, 300px\" \/>\t\t\t\t\t\t\t\t\t\t\t\t\t\t\t<\/div>\n\t\t\t\t<\/div>\n\t\t\t\t<div class=\"elementor-element elementor-element-9929475 elementor-widget elementor-widget-heading\" data-id=\"9929475\" data-element_type=\"widget\" data-e-type=\"widget\" data-widget_type=\"heading.default\">\n\t\t\t\t<div class=\"elementor-widget-container\">\n\t\t\t\t\t<h4 class=\"elementor-heading-title elementor-size-default\">Imanol Iparraguirre Barbero<\/h4>\t\t\t\t<\/div>\n\t\t\t\t<\/div>\n\t\t\t\t<div class=\"elementor-element elementor-element-ece7e5e elementor-widget elementor-widget-text-editor\" data-id=\"ece7e5e\" data-element_type=\"widget\" data-e-type=\"widget\" data-widget_type=\"text-editor.default\">\n\t\t\t\t<div class=\"elementor-widget-container\">\n\t\t\t\t\t\t\t\t\t<p><span style=\"font-weight: 400;\">Universidade do Pa\u00eds Basco<\/span><\/p>\n\t\t\t\t\t\t\t\t<\/div>\n\t\t\t\t<\/div>\n\t\t\t\t<div class=\"elementor-element elementor-element-8ca49d5 elementor-widget elementor-widget-toggle\" data-id=\"8ca49d5\" data-element_type=\"widget\" data-e-type=\"widget\" data-widget_type=\"toggle.default\">\n\t\t\t\t<div class=\"elementor-widget-container\">\n\t\t\t\t\t\t\t<div class=\"elementor-toggle\">\n\t\t\t\t\t\t\t<div class=\"elementor-toggle-item\">\n\t\t\t\t\t<h4 id=\"elementor-tab-title-1471\" class=\"elementor-tab-title\" data-tab=\"1\" role=\"button\" aria-controls=\"elementor-tab-content-1471\" aria-expanded=\"false\">\n\t\t\t\t\t\t\t\t\t\t\t\t<span class=\"elementor-toggle-icon elementor-toggle-icon-right\" aria-hidden=\"true\">\n\t\t\t\t\t\t\t\t\t\t\t\t\t\t\t<span class=\"elementor-toggle-icon-closed\"><i class=\"fas fa-caret-right\"><\/i><\/span>\n\t\t\t\t\t\t\t\t<span class=\"elementor-toggle-icon-opened\"><i class=\"elementor-toggle-icon-opened fas fa-caret-up\"><\/i><\/span>\n\t\t\t\t\t\t\t\t\t\t\t\t\t<\/span>\n\t\t\t\t\t\t\t\t\t\t\t\t<a class=\"elementor-toggle-title\" tabindex=\"0\">Docente<\/a>\n\t\t\t\t\t<\/h4>\n\n\t\t\t\t\t<div id=\"elementor-tab-content-1471\" class=\"elementor-tab-content elementor-clearfix\" data-tab=\"1\" role=\"region\" aria-labelledby=\"elementor-tab-title-1471\"><p><span style=\"font-weight: 400;\">Licenciado em arquitetura pela Escola Superior T\u00e9cnica de Arquitetura de Donostia-San Sebasti\u00e1n e Mestre em Conserva\u00e7\u00e3o e Restaura\u00e7\u00e3o do Patrim\u00f3nio Arquitet\u00f3nico pela mesma universidade. \u00c9 bolseiro de pr\u00e9-doutoramento na Universidade do Pa\u00eds Basco e professor convidado no Deutsches Arch\u00e4ologisches Institut de Madrid, onde desenvolve o seu doutorado sobre a evolu\u00e7\u00e3o da arquitetura circular desde a Antiguidade Cl\u00e1ssica at\u00e9 ao Renascimento. Presta especial aten\u00e7\u00e3o \u00e0s no\u00e7\u00f5es de modelo e tipo, tra\u00e7ado urbano, significado da forma arquitet\u00f3nica, mimese arquitet\u00f3nica e apropria\u00e7\u00e3o. Interessa-se tamb\u00e9m pelo Neoclassicismo, Classicismo N\u00f3rdico e a Tend\u00eancia italiana.   <\/span><\/p>\n<p><span style=\"font-weight: 400;\">Como arquiteto, Imanol colaborou com Alberto Campo Baeza e Manuel I\u00f1iguez  Alberto Ustarroz, com quem colaborou na restaura\u00e7\u00e3o das Muralhas de Fuenterrab\u00eda (Espanha) e numa proposta para o Forum Imperial de Roma &#8211; finalista do Prix Piranesi de Roma 2016. Juntamente com Aritz D\u00edez Oronoz ganhou o 1\u00ba Pr\u00e9mio do Concurso de Arquitetura Richard H. Driehaus em 2017 com a sua proposta para a restaura\u00e7\u00e3o do Pal\u00e1cio Renascentista de Grajal de Campos (Le\u00f3n), e novamente em 2018 com o seu projeto para as Muralhas Medievais e o espa\u00e7o circundante do Convento da Coria em Trujillo (C\u00e1ceres). Em 2019 receberam o Pr\u00e9mio de Excel\u00eancia Emergente na Tradi\u00e7\u00e3o Cl\u00e1ssica atribu\u00eddo pelo Institute of Classical Architecture  Art (ICAA), pela Prince\u2019s Foundation e pela International Network for Traditional Building, Architecture  Urbanism (INTBAU).  <\/span><\/p>\n<\/div>\n\t\t\t\t<\/div>\n\t\t\t\t\t\t\t\t<\/div>\n\t\t\t\t\t\t<\/div>\n\t\t\t\t<\/div>\n\t\t\t\t<\/div>\n\t\t<div class=\"elementor-element elementor-element-feb9d14 e-con-full e-flex e-con e-child\" data-id=\"feb9d14\" data-element_type=\"container\" data-e-type=\"container\">\n\t\t\t\t<div class=\"elementor-element elementor-element-ac6176c elementor-widget elementor-widget-image\" data-id=\"ac6176c\" data-element_type=\"widget\" data-e-type=\"widget\" data-widget_type=\"image.default\">\n\t\t\t\t<div class=\"elementor-widget-container\">\n\t\t\t\t\t\t\t\t\t\t\t\t\t\t\t<img decoding=\"async\" width=\"300\" height=\"299\" src=\"https:\/\/culturasconstructivas.org\/wp-content\/uploads\/2024\/04\/Frank-martinez_.jpg\" class=\"attachment-medium size-medium wp-image-5738\" alt=\"\" srcset=\"https:\/\/culturasconstructivas.org\/wp-content\/uploads\/2024\/04\/Frank-martinez_.jpg 300w, https:\/\/culturasconstructivas.org\/wp-content\/uploads\/2024\/04\/Frank-martinez_-150x150.jpg 150w\" sizes=\"(max-width: 300px) 100vw, 300px\" \/>\t\t\t\t\t\t\t\t\t\t\t\t\t\t\t<\/div>\n\t\t\t\t<\/div>\n\t\t\t\t<div class=\"elementor-element elementor-element-b49c737 elementor-widget elementor-widget-heading\" data-id=\"b49c737\" data-element_type=\"widget\" data-e-type=\"widget\" data-widget_type=\"heading.default\">\n\t\t\t\t<div class=\"elementor-widget-container\">\n\t\t\t\t\t<h4 class=\"elementor-heading-title elementor-size-default\">Frank Mart\u00ednez<\/h4>\t\t\t\t<\/div>\n\t\t\t\t<\/div>\n\t\t\t\t<div class=\"elementor-element elementor-element-0dbd421 elementor-widget elementor-widget-text-editor\" data-id=\"0dbd421\" data-element_type=\"widget\" data-e-type=\"widget\" data-widget_type=\"text-editor.default\">\n\t\t\t\t<div class=\"elementor-widget-container\">\n\t\t\t\t\t\t\t\t\t<div class=\"et_pb_toggle et_pb_module et_pb_accordion_item et_pb_accordion_item_0 et_pb_toggle_open\">\n<div class=\"et_pb_toggle_content clearfix\">\n<p><span style=\"font-weight: 400;\">Universidade de Miami<\/span><\/p>\n<\/div>\n<\/div>\n\t\t\t\t\t\t\t\t<\/div>\n\t\t\t\t<\/div>\n\t\t\t\t<div class=\"elementor-element elementor-element-1e27efa elementor-widget elementor-widget-toggle\" data-id=\"1e27efa\" data-element_type=\"widget\" data-e-type=\"widget\" data-widget_type=\"toggle.default\">\n\t\t\t\t<div class=\"elementor-widget-container\">\n\t\t\t\t\t\t\t<div class=\"elementor-toggle\">\n\t\t\t\t\t\t\t<div class=\"elementor-toggle-item\">\n\t\t\t\t\t<h4 id=\"elementor-tab-title-3161\" class=\"elementor-tab-title\" data-tab=\"1\" role=\"button\" aria-controls=\"elementor-tab-content-3161\" aria-expanded=\"false\">\n\t\t\t\t\t\t\t\t\t\t\t\t<span class=\"elementor-toggle-icon elementor-toggle-icon-right\" aria-hidden=\"true\">\n\t\t\t\t\t\t\t\t\t\t\t\t\t\t\t<span class=\"elementor-toggle-icon-closed\"><i class=\"fas fa-caret-right\"><\/i><\/span>\n\t\t\t\t\t\t\t\t<span class=\"elementor-toggle-icon-opened\"><i class=\"elementor-toggle-icon-opened fas fa-caret-up\"><\/i><\/span>\n\t\t\t\t\t\t\t\t\t\t\t\t\t<\/span>\n\t\t\t\t\t\t\t\t\t\t\t\t<a class=\"elementor-toggle-title\" tabindex=\"0\">Docente<\/a>\n\t\t\t\t\t<\/h4>\n\n\t\t\t\t\t<div id=\"elementor-tab-content-3161\" class=\"elementor-tab-content elementor-clearfix\" data-tab=\"1\" role=\"region\" aria-labelledby=\"elementor-tab-title-3161\"><p><span style=\"font-weight: 400;\">Frank Mart\u00ednez \u00e9 Professor Associado da Faculdade de Arquitetura da Universidade de Miami. Licenciou-se em Arquitetura pela Faculdade de Arquitetura da Universidade de Miami em 1987 e obteve um Mestrado em Arquitetura em 1991 pela Universidade de Princeton. O seu trabalho como docente centra-se en cursos de design, hist\u00f3ria\/teoria e desenho, e inclui o ensino em Roma, a dire\u00e7\u00e3o do Grand Tour of Europe da UM (um programa de estudos de ver\u00e3o no estrangeiro para toda a universidade), semin\u00e1rios sobre temas selecionados de arquitetura americana e a participa\u00e7\u00e3o em programas internacionais de ver\u00e3o sobre arquitetura tradicional e investiga\u00e7\u00e3o do design urbano.  <\/span><\/p>\n<p><span style=\"color: var( --e-global-color-text );\">\u00c9 membro do est\u00fadio Martinez Alvarez Urban Design, Architecture  Interior Design. Nos mais de 20 anos de exist\u00eancia do est\u00fadio, o seu trabalho variou em escala e complexidade, desde pequenas casas at\u00e9 ao design de campus e edif\u00edcios institucionais. O conjunto mais vasto de obras e a investiga\u00e7\u00e3o criativa em curso incluem projetos residenciais em Coral Gables, Coconut Grove, Pinecrest, Bay Point e Palm Beach, Florida; edif\u00edcios de campus na Carrollton School of the Sacred Heart em Coconut Grove e na Florida Memorial University em Miami Gardens; moradias unifamiliares e plurifamiliares nas novas cidades de Windsor, Alys Beach na Fl\u00f3rida, e Tannin no Alabama; e projetos de conserva\u00e7\u00e3o hist\u00f3rica na cidade de Miami, Coral Gables, Edgartown, Martha&#8217;s Vineyard e Boston, Massachusetts. O est\u00fadio foi selecionado recentemente, atrav\u00e9s de um processo de sele\u00e7\u00e3o nacional, como sendo um dos est\u00fadios de consultoria sobre conserva\u00e7\u00e3o arquitet\u00f3nica para a cidade de Coral Gables e como arquitetos consultores para a cidade de Medley, com o objetivo de prestar servi\u00e7os de conserva\u00e7\u00e3o, documenta\u00e7\u00e3o e avalia\u00e7\u00e3o de design arquitet\u00f3nico.   <\/span><\/p>\n<\/div>\n\t\t\t\t<\/div>\n\t\t\t\t\t\t\t\t<\/div>\n\t\t\t\t\t\t<\/div>\n\t\t\t\t<\/div>\n\t\t\t\t<\/div>\n\t\t<div class=\"elementor-element elementor-element-98a8656 e-con-full e-flex e-con e-child\" data-id=\"98a8656\" data-element_type=\"container\" data-e-type=\"container\">\n\t\t\t\t<div class=\"elementor-element elementor-element-fff6a82 elementor-widget elementor-widget-image\" data-id=\"fff6a82\" data-element_type=\"widget\" data-e-type=\"widget\" data-widget_type=\"image.default\">\n\t\t\t\t<div class=\"elementor-widget-container\">\n\t\t\t\t\t\t\t\t\t\t\t\t\t\t\t<img loading=\"lazy\" decoding=\"async\" width=\"300\" height=\"300\" src=\"https:\/\/culturasconstructivas.org\/wp-content\/uploads\/2024\/04\/Lucien-Steil-.jpg\" class=\"attachment-medium size-medium wp-image-5735\" alt=\"\" srcset=\"https:\/\/culturasconstructivas.org\/wp-content\/uploads\/2024\/04\/Lucien-Steil-.jpg 300w, https:\/\/culturasconstructivas.org\/wp-content\/uploads\/2024\/04\/Lucien-Steil--150x150.jpg 150w\" sizes=\"(max-width: 300px) 100vw, 300px\" \/>\t\t\t\t\t\t\t\t\t\t\t\t\t\t\t<\/div>\n\t\t\t\t<\/div>\n\t\t\t\t<div class=\"elementor-element elementor-element-8ae440f elementor-widget elementor-widget-heading\" data-id=\"8ae440f\" data-element_type=\"widget\" data-e-type=\"widget\" data-widget_type=\"heading.default\">\n\t\t\t\t<div class=\"elementor-widget-container\">\n\t\t\t\t\t<h4 class=\"elementor-heading-title elementor-size-default\">Lucien Steil<\/h4>\t\t\t\t<\/div>\n\t\t\t\t<\/div>\n\t\t\t\t<div class=\"elementor-element elementor-element-ff1e705 elementor-widget elementor-widget-text-editor\" data-id=\"ff1e705\" data-element_type=\"widget\" data-e-type=\"widget\" data-widget_type=\"text-editor.default\">\n\t\t\t\t<div class=\"elementor-widget-container\">\n\t\t\t\t\t\t\t\t\t<div class=\"et_pb_toggle et_pb_module et_pb_accordion_item et_pb_accordion_item_0 et_pb_toggle_open\">\n<div class=\"et_pb_toggle_content clearfix\">\n<p><span style=\"font-weight: 400;\">Universidade de Notre Dame<\/span><\/p>\n<\/div>\n<\/div>\n\t\t\t\t\t\t\t\t<\/div>\n\t\t\t\t<\/div>\n\t\t\t\t<div class=\"elementor-element elementor-element-9f58b71 elementor-widget elementor-widget-toggle\" data-id=\"9f58b71\" data-element_type=\"widget\" data-e-type=\"widget\" data-widget_type=\"toggle.default\">\n\t\t\t\t<div class=\"elementor-widget-container\">\n\t\t\t\t\t\t\t<div class=\"elementor-toggle\">\n\t\t\t\t\t\t\t<div class=\"elementor-toggle-item\">\n\t\t\t\t\t<div id=\"elementor-tab-title-1671\" class=\"elementor-tab-title\" data-tab=\"1\" role=\"button\" aria-controls=\"elementor-tab-content-1671\" aria-expanded=\"false\">\n\t\t\t\t\t\t\t\t\t\t\t\t<span class=\"elementor-toggle-icon elementor-toggle-icon-right\" aria-hidden=\"true\">\n\t\t\t\t\t\t\t\t\t\t\t\t\t\t\t<span class=\"elementor-toggle-icon-closed\"><i class=\"fas fa-caret-right\"><\/i><\/span>\n\t\t\t\t\t\t\t\t<span class=\"elementor-toggle-icon-opened\"><i class=\"elementor-toggle-icon-opened fas fa-caret-up\"><\/i><\/span>\n\t\t\t\t\t\t\t\t\t\t\t\t\t<\/span>\n\t\t\t\t\t\t\t\t\t\t\t\t<a class=\"elementor-toggle-title\" tabindex=\"0\">Docente<\/a>\n\t\t\t\t\t<\/div>\n\n\t\t\t\t\t<div id=\"elementor-tab-content-1671\" class=\"elementor-tab-content elementor-clearfix\" data-tab=\"1\" role=\"region\" aria-labelledby=\"elementor-tab-title-1671\"><p><span style=\"font-weight: 400;\">Lucien estudou arquitetura em Paris, onde se licenciou em 1980. \u00c9 diretor da Katarxis Urban Workshops, em Luxemburgo, e membro da Heure Bleue Architects, em Londres. Atualmente \u00e9 professor associado na Universidade de Notre Dame. Trabalhou no Luxemburgo, onde realizou uma vasta gama de designs tradicionais em colabora\u00e7\u00e3o com Colum Mulhern. Lecionou e deu confer\u00eancias na Europa, Am\u00e9rica e \u00c1sia, e colaborou com o Grupo de Trabalho de Design Urbano do Principe de Gales em Potsdam e Berlim, na Universidade de Miami, na Universidade Polit\u00e9cnica do Porto Rico, na Universidade de Bolonha, na Universidade Cat\u00f3lica Portuguesa de Viseu, e na Universidade de Notre Dame (Programa de Estudos em Roma e Campus dos EUA, South Bend, Indiana, Universidade de Buckingham e Universidade do Luxemburgo). \u00c9 autor, editor o coeditor de numerosas publica\u00e7\u00f5es, entre elas      <\/span><i><span style=\"font-weight: 400;\">New Palladians, Traditional Architecture: Timeless Building for the Twenty-First Century<\/span><\/i><span style=\"font-weight: 400;\">, <\/span><i><span style=\"font-weight: 400;\">The Architectural Capriccio<\/span><\/i><span style=\"font-weight: 400;\">, <\/span><i><span style=\"font-weight: 400;\">In the Mood for Architecture y Travel Sketches from Elsewhere  Nowhere<\/span><\/i><span style=\"font-weight: 400;\">.<\/span><\/p>\n<\/div>\n\t\t\t\t<\/div>\n\t\t\t\t\t\t\t\t<\/div>\n\t\t\t\t\t\t<\/div>\n\t\t\t\t<\/div>\n\t\t\t\t<\/div>\n\t\t\t\t<\/div>\n\t\t<div class=\"elementor-element elementor-element-e338206 e-con-full e-flex e-con e-child\" data-id=\"e338206\" data-element_type=\"container\" data-e-type=\"container\">\n\t\t<div class=\"elementor-element elementor-element-3c95ee8 e-con-full e-flex e-con e-child\" data-id=\"3c95ee8\" data-element_type=\"container\" data-e-type=\"container\">\n\t\t\t\t<div class=\"elementor-element elementor-element-94fd589 elementor-widget elementor-widget-image\" data-id=\"94fd589\" data-element_type=\"widget\" data-e-type=\"widget\" data-widget_type=\"image.default\">\n\t\t\t\t<div class=\"elementor-widget-container\">\n\t\t\t\t\t\t\t\t\t\t\t\t\t\t\t<img loading=\"lazy\" decoding=\"async\" width=\"300\" height=\"300\" src=\"https:\/\/culturasconstructivas.org\/wp-content\/uploads\/2024\/04\/Alejandro-Garcia-Hermida-300x300.jpeg\" class=\"attachment-medium size-medium wp-image-5750\" alt=\"\" srcset=\"https:\/\/culturasconstructivas.org\/wp-content\/uploads\/2024\/04\/Alejandro-Garcia-Hermida-300x300.jpeg 300w, https:\/\/culturasconstructivas.org\/wp-content\/uploads\/2024\/04\/Alejandro-Garcia-Hermida-1024x1024.jpeg 1024w, https:\/\/culturasconstructivas.org\/wp-content\/uploads\/2024\/04\/Alejandro-Garcia-Hermida-150x150.jpeg 150w, https:\/\/culturasconstructivas.org\/wp-content\/uploads\/2024\/04\/Alejandro-Garcia-Hermida-768x768.jpeg 768w, https:\/\/culturasconstructivas.org\/wp-content\/uploads\/2024\/04\/Alejandro-Garcia-Hermida.jpeg 1418w\" sizes=\"(max-width: 300px) 100vw, 300px\" \/>\t\t\t\t\t\t\t\t\t\t\t\t\t\t\t<\/div>\n\t\t\t\t<\/div>\n\t\t\t\t<div class=\"elementor-element elementor-element-f0b738b elementor-widget elementor-widget-heading\" data-id=\"f0b738b\" data-element_type=\"widget\" data-e-type=\"widget\" data-widget_type=\"heading.default\">\n\t\t\t\t<div class=\"elementor-widget-container\">\n\t\t\t\t\t<h4 class=\"elementor-heading-title elementor-size-default\">Alejandro Garc\u00eda Hermida <\/h4>\t\t\t\t<\/div>\n\t\t\t\t<\/div>\n\t\t\t\t<div class=\"elementor-element elementor-element-c8bbd7d elementor-widget elementor-widget-text-editor\" data-id=\"c8bbd7d\" data-element_type=\"widget\" data-e-type=\"widget\" data-widget_type=\"text-editor.default\">\n\t\t\t\t<div class=\"elementor-widget-container\">\n\t\t\t\t\t\t\t\t\t<p><span style=\"font-weight: 400;\">Universidade Polit\u00e9cnica de Madrid | <\/span><span style=\"font-weight: 400;\">Funda\u00e7\u00e3o Culturas Constructivas Tradicionais<\/span><span style=\"font-weight: 400;\"> | INTBAU Espanha<\/span><\/p>\n\t\t\t\t\t\t\t\t<\/div>\n\t\t\t\t<\/div>\n\t\t\t\t<div class=\"elementor-element elementor-element-622db61 elementor-widget elementor-widget-toggle\" data-id=\"622db61\" data-element_type=\"widget\" data-e-type=\"widget\" data-widget_type=\"toggle.default\">\n\t\t\t\t<div class=\"elementor-widget-container\">\n\t\t\t\t\t\t\t<div class=\"elementor-toggle\">\n\t\t\t\t\t\t\t<div class=\"elementor-toggle-item\">\n\t\t\t\t\t<div id=\"elementor-tab-title-1021\" class=\"elementor-tab-title\" data-tab=\"1\" role=\"button\" aria-controls=\"elementor-tab-content-1021\" aria-expanded=\"false\">\n\t\t\t\t\t\t\t\t\t\t\t\t<span class=\"elementor-toggle-icon elementor-toggle-icon-right\" aria-hidden=\"true\">\n\t\t\t\t\t\t\t\t\t\t\t\t\t\t\t<span class=\"elementor-toggle-icon-closed\"><i class=\"fas fa-caret-right\"><\/i><\/span>\n\t\t\t\t\t\t\t\t<span class=\"elementor-toggle-icon-opened\"><i class=\"elementor-toggle-icon-opened fas fa-caret-up\"><\/i><\/span>\n\t\t\t\t\t\t\t\t\t\t\t\t\t<\/span>\n\t\t\t\t\t\t\t\t\t\t\t\t<a class=\"elementor-toggle-title\" tabindex=\"0\">Docente e coordena\u00e7\u00e3o<\/a>\n\t\t\t\t\t<\/div>\n\n\t\t\t\t\t<div id=\"elementor-tab-content-1021\" class=\"elementor-tab-content elementor-clearfix\" data-tab=\"1\" role=\"region\" aria-labelledby=\"elementor-tab-title-1021\"><p><span style=\"font-weight: 400;\">Det\u00e9m um doutoramento em arquitetura e um mestrado em Conserva\u00e7\u00e3o e Restaura\u00e7\u00e3o do Patrim\u00f3nio Arquitet\u00f3nico pela Escola de Arquitetura da Universidade Polit\u00e9cnica de Madrid, onde \u00e9 professor auxiliar desde 2019.<\/span><\/p>\n<p><span style=\"font-weight: 400;\">Foi professor auxiliar da Universidade Alfonso X o S\u00e1bio (2009 a 2019), Acad\u00e9mico Visitante na Escola de Arquitetura da Universidade de Notre Dame (EUA, 2016) e professor convidado em universidades como Yale, Miami, Colorado, Liverpool ou o Polit\u00e9cnico de Mil\u00e3o, entre outras. Dedicou a sua atividade profissional \u00e0 arquitetura e constru\u00e7\u00e3o tradicionais, e \u00e0 restaura\u00e7\u00e3o e estudo de edif\u00edcios hist\u00f3ricos, sobretudo em Espanha e Marrocos, assim como \u00e0 cria\u00e7\u00e3o e gest\u00e3o, desde 2012 e com a ajuda de Richard H. Driehaus, das iniciativas que s\u00e3o atualmente desenvolvidas por esta Funda\u00e7\u00e3o. \u00c9 tamb\u00e9m CEO de Kalam Corporation nos EUA, membro do Conselho de Administra\u00e7\u00e3o da ONG Terrachidia, e Vice-presidente e co-fundador da INTBAU Espanha. Algumas das obras respetivas foram premiadas com o INTBAU Excellence Award 2015, o Pr\u00e9mio Hispania Nostra 2019, uma Men\u00e7\u00e3o Especial nos Pr\u00e9mios Uni\u00e3o Europeia-Europa Nostra 2019, o Prix europ\u00e9en d\u2019architecture Philippe Rotthier 2021 e o Pr\u00e9mio Nacional de Artesanato 2021.<\/span><\/p>\n<\/div>\n\t\t\t\t<\/div>\n\t\t\t\t\t\t\t\t<\/div>\n\t\t\t\t\t\t<\/div>\n\t\t\t\t<\/div>\n\t\t\t\t<\/div>\n\t\t<div class=\"elementor-element elementor-element-aa8dba2 e-con-full e-flex e-con e-child\" data-id=\"aa8dba2\" data-element_type=\"container\" data-e-type=\"container\">\n\t\t\t\t<div class=\"elementor-element elementor-element-5c2cf7e elementor-widget elementor-widget-image\" data-id=\"5c2cf7e\" data-element_type=\"widget\" data-e-type=\"widget\" data-widget_type=\"image.default\">\n\t\t\t\t<div class=\"elementor-widget-container\">\n\t\t\t\t\t\t\t\t\t\t\t\t\t\t\t<img loading=\"lazy\" decoding=\"async\" width=\"300\" height=\"300\" src=\"https:\/\/culturasconstructivas.org\/wp-content\/uploads\/2024\/04\/RetratoGuillermoWeb2-1.jpeg\" class=\"attachment-medium size-medium wp-image-5747\" alt=\"\" srcset=\"https:\/\/culturasconstructivas.org\/wp-content\/uploads\/2024\/04\/RetratoGuillermoWeb2-1.jpeg 300w, https:\/\/culturasconstructivas.org\/wp-content\/uploads\/2024\/04\/RetratoGuillermoWeb2-1-150x150.jpeg 150w\" sizes=\"(max-width: 300px) 100vw, 300px\" \/>\t\t\t\t\t\t\t\t\t\t\t\t\t\t\t<\/div>\n\t\t\t\t<\/div>\n\t\t\t\t<div class=\"elementor-element elementor-element-ed82a4b elementor-widget elementor-widget-heading\" data-id=\"ed82a4b\" data-element_type=\"widget\" data-e-type=\"widget\" data-widget_type=\"heading.default\">\n\t\t\t\t<div class=\"elementor-widget-container\">\n\t\t\t\t\t<h4 class=\"elementor-heading-title elementor-size-default\">Guillermo Gil Fern\u00e1ndez<\/h4>\t\t\t\t<\/div>\n\t\t\t\t<\/div>\n\t\t\t\t<div class=\"elementor-element elementor-element-bc4419b elementor-widget elementor-widget-text-editor\" data-id=\"bc4419b\" data-element_type=\"widget\" data-e-type=\"widget\" data-widget_type=\"text-editor.default\">\n\t\t\t\t<div class=\"elementor-widget-container\">\n\t\t\t\t\t\t\t\t\t<p><span style=\"font-weight: 400;\">Funda\u00e7\u00e3o Culturas Construtivas Tradicionais<\/span><span style=\"font-weight: 400;\"> | INTBAU Espanha<\/span><\/p>\n\t\t\t\t\t\t\t\t<\/div>\n\t\t\t\t<\/div>\n\t\t\t\t<div class=\"elementor-element elementor-element-0258ff9 elementor-widget elementor-widget-toggle\" data-id=\"0258ff9\" data-element_type=\"widget\" data-e-type=\"widget\" data-widget_type=\"toggle.default\">\n\t\t\t\t<div class=\"elementor-widget-container\">\n\t\t\t\t\t\t\t<div class=\"elementor-toggle\">\n\t\t\t\t\t\t\t<div class=\"elementor-toggle-item\">\n\t\t\t\t\t<div id=\"elementor-tab-title-2461\" class=\"elementor-tab-title\" data-tab=\"1\" role=\"button\" aria-controls=\"elementor-tab-content-2461\" aria-expanded=\"false\">\n\t\t\t\t\t\t\t\t\t\t\t\t<span class=\"elementor-toggle-icon elementor-toggle-icon-right\" aria-hidden=\"true\">\n\t\t\t\t\t\t\t\t\t\t\t\t\t\t\t<span class=\"elementor-toggle-icon-closed\"><i class=\"fas fa-caret-right\"><\/i><\/span>\n\t\t\t\t\t\t\t\t<span class=\"elementor-toggle-icon-opened\"><i class=\"elementor-toggle-icon-opened fas fa-caret-up\"><\/i><\/span>\n\t\t\t\t\t\t\t\t\t\t\t\t\t<\/span>\n\t\t\t\t\t\t\t\t\t\t\t\t<a class=\"elementor-toggle-title\" tabindex=\"0\">Coordena\u00e7\u00e3o<\/a>\n\t\t\t\t\t<\/div>\n\n\t\t\t\t\t<div id=\"elementor-tab-content-2461\" class=\"elementor-tab-content elementor-clearfix\" data-tab=\"1\" role=\"region\" aria-labelledby=\"elementor-tab-title-2461\"><p><span style=\"font-weight: 400;\">Licenciado em Arquitetura pela Universidade Polit\u00e9cnica de Madrid e em Psicologia pela UNED. H\u00e1 mais de cinco anos que \u00e9 coordenador geral da institui\u00e7\u00e3o cultural Francesa Domaine de Boisbuchet, onde organizou cursos, exposi\u00e7\u00f5es e est\u00e1gios relacionados com a arte, desenho e arquitetura. \u00c9 tamb\u00e9m respons\u00e1vel pela cole\u00e7\u00e3o, biblioteca e arquivo de Alexander von Vegesack, fundador do Vitra Design Museum e colecionador de renome. Desde 2019 que faz parte da equipa que criou e coordenou as iniciativas que s\u00e3o atualmente desenvolvidas por esta Funda\u00e7\u00e3o. Algumas destas obras ganharam o Pr\u00e9mio Hispania Nostra 2019, uma Men\u00e7\u00e3o Especial nos Pr\u00e9mios da Uni\u00e3o Europeia &#8211; Europa Nostra 2019, e o Pr\u00e9mio Nacional de Artesanato 2021.<\/span><\/p>\n<\/div>\n\t\t\t\t<\/div>\n\t\t\t\t\t\t\t\t<\/div>\n\t\t\t\t\t\t<\/div>\n\t\t\t\t<\/div>\n\t\t\t\t<\/div>\n\t\t<div class=\"elementor-element elementor-element-ac5ff0b e-con-full e-flex e-con e-child\" data-id=\"ac5ff0b\" data-element_type=\"container\" data-e-type=\"container\">\n\t\t\t\t<div class=\"elementor-element elementor-element-622f04c elementor-widget elementor-widget-image\" data-id=\"622f04c\" data-element_type=\"widget\" data-e-type=\"widget\" data-widget_type=\"image.default\">\n\t\t\t\t<div class=\"elementor-widget-container\">\n\t\t\t\t\t\t\t\t\t\t\t\t\t\t\t<img loading=\"lazy\" decoding=\"async\" width=\"300\" height=\"300\" src=\"https:\/\/culturasconstructivas.org\/wp-content\/uploads\/2024\/04\/MAQUETA-RETRATOS-WB-REBECA.jpg\" class=\"attachment-medium size-medium wp-image-5744\" alt=\"\" srcset=\"https:\/\/culturasconstructivas.org\/wp-content\/uploads\/2024\/04\/MAQUETA-RETRATOS-WB-REBECA.jpg 300w, https:\/\/culturasconstructivas.org\/wp-content\/uploads\/2024\/04\/MAQUETA-RETRATOS-WB-REBECA-150x150.jpg 150w\" sizes=\"(max-width: 300px) 100vw, 300px\" \/>\t\t\t\t\t\t\t\t\t\t\t\t\t\t\t<\/div>\n\t\t\t\t<\/div>\n\t\t\t\t<div class=\"elementor-element elementor-element-0e58c40 elementor-widget elementor-widget-heading\" data-id=\"0e58c40\" data-element_type=\"widget\" data-e-type=\"widget\" data-widget_type=\"heading.default\">\n\t\t\t\t<div class=\"elementor-widget-container\">\n\t\t\t\t\t<h4 class=\"elementor-heading-title elementor-size-default\">Rebeca G\u00f3mez-Gordo Villa<\/h4>\t\t\t\t<\/div>\n\t\t\t\t<\/div>\n\t\t\t\t<div class=\"elementor-element elementor-element-21a5a3c elementor-widget elementor-widget-text-editor\" data-id=\"21a5a3c\" data-element_type=\"widget\" data-e-type=\"widget\" data-widget_type=\"text-editor.default\">\n\t\t\t\t<div class=\"elementor-widget-container\">\n\t\t\t\t\t\t\t\t\t<p><span style=\"font-weight: 400;\">Funda\u00e7\u00e3o Culturas Construtivas Tradicionais<\/span><span style=\"font-weight: 400;\"> | INTBAU Espanha<\/span><\/p>\n\t\t\t\t\t\t\t\t<\/div>\n\t\t\t\t<\/div>\n\t\t\t\t<div class=\"elementor-element elementor-element-f22ee99 elementor-widget elementor-widget-toggle\" data-id=\"f22ee99\" data-element_type=\"widget\" data-e-type=\"widget\" data-widget_type=\"toggle.default\">\n\t\t\t\t<div class=\"elementor-widget-container\">\n\t\t\t\t\t\t\t<div class=\"elementor-toggle\">\n\t\t\t\t\t\t\t<div class=\"elementor-toggle-item\">\n\t\t\t\t\t<div id=\"elementor-tab-title-2531\" class=\"elementor-tab-title\" data-tab=\"1\" role=\"button\" aria-controls=\"elementor-tab-content-2531\" aria-expanded=\"false\">\n\t\t\t\t\t\t\t\t\t\t\t\t<span class=\"elementor-toggle-icon elementor-toggle-icon-right\" aria-hidden=\"true\">\n\t\t\t\t\t\t\t\t\t\t\t\t\t\t\t<span class=\"elementor-toggle-icon-closed\"><i class=\"fas fa-caret-right\"><\/i><\/span>\n\t\t\t\t\t\t\t\t<span class=\"elementor-toggle-icon-opened\"><i class=\"elementor-toggle-icon-opened fas fa-caret-up\"><\/i><\/span>\n\t\t\t\t\t\t\t\t\t\t\t\t\t<\/span>\n\t\t\t\t\t\t\t\t\t\t\t\t<a class=\"elementor-toggle-title\" tabindex=\"0\">Coordena\u00e7\u00e3o<\/a>\n\t\t\t\t\t<\/div>\n\n\t\t\t\t\t<div id=\"elementor-tab-content-2531\" class=\"elementor-tab-content elementor-clearfix\" data-tab=\"1\" role=\"region\" aria-labelledby=\"elementor-tab-title-2531\"><p><span style=\"font-weight: 400;\">Licenciada em Arquitetura e Especialista no Desenvolvimento de Comunidades Humanas Prec\u00e1rias pela Universidade Polit\u00e9cnica de Madrid. Participou em v\u00e1rios projetos de reabilita\u00e7\u00e3o em Casamance, Senegal, e colaborou na coordena\u00e7\u00e3o de v\u00e1rias oficinas de restaura\u00e7\u00e3o de edif\u00edcios hist\u00f3ricos e constru\u00e7\u00e3o com terra com a ONG Terrachidia em Marrocos. \u00c9 Secret\u00e1ria e Tesoureira da INTBAU Espanha desde 2016 e, gra\u00e7as a Richard H. Driehaus, faz parte da equipa que desde 2016 criou e coordenou as iniciativas que s\u00e3o atualmente desenvolvidas por esta Funda\u00e7\u00e3o. Algumas destas obras ganharam o Pr\u00e9mio Hispania Nostra 2019, uma Men\u00e7\u00e3o Especial nos Pr\u00e9mios da Uni\u00e3o Europeia &#8211; Europa Nostra 2019, e o Pr\u00e9mio Nacional de Artesanato 2021.<\/span><\/p>\n<\/div>\n\t\t\t\t<\/div>\n\t\t\t\t\t\t\t\t<\/div>\n\t\t\t\t\t\t<\/div>\n\t\t\t\t<\/div>\n\t\t\t\t<\/div>\n\t\t\t\t<\/div>\n\t\t<div class=\"elementor-element elementor-element-4a2d258 e-con-full e-flex e-con e-child\" data-id=\"4a2d258\" data-element_type=\"container\" data-e-type=\"container\">\n\t\t<div class=\"elementor-element elementor-element-8a4e4a5 e-con-full e-flex e-con e-child\" data-id=\"8a4e4a5\" data-element_type=\"container\" data-e-type=\"container\">\n\t\t\t\t<div class=\"elementor-element elementor-element-73d8456 elementor-widget elementor-widget-image\" data-id=\"73d8456\" data-element_type=\"widget\" data-e-type=\"widget\" data-widget_type=\"image.default\">\n\t\t\t\t<div class=\"elementor-widget-container\">\n\t\t\t\t\t\t\t\t\t\t\t\t\t\t\t<img decoding=\"async\" src=\"https:\/\/culturasconstructivas.org\/wp-content\/uploads\/elementor\/thumbs\/Jose-Baganha-qmqngynn3c37hdsz9vyuovvlg3dtnlj5iu9yeu7ooo.webp\" title=\"Jose Baganha\" alt=\"Jose Baganha\" loading=\"lazy\" \/>\t\t\t\t\t\t\t\t\t\t\t\t\t\t\t<\/div>\n\t\t\t\t<\/div>\n\t\t\t\t<div class=\"elementor-element elementor-element-01b5d1f elementor-widget elementor-widget-heading\" data-id=\"01b5d1f\" data-element_type=\"widget\" data-e-type=\"widget\" data-widget_type=\"heading.default\">\n\t\t\t\t<div class=\"elementor-widget-container\">\n\t\t\t\t\t<h4 class=\"elementor-heading-title elementor-size-default\">Jos\u00e9 Baganha<\/h4>\t\t\t\t<\/div>\n\t\t\t\t<\/div>\n\t\t\t\t<div class=\"elementor-element elementor-element-d0ea974 elementor-widget elementor-widget-text-editor\" data-id=\"d0ea974\" data-element_type=\"widget\" data-e-type=\"widget\" data-widget_type=\"text-editor.default\">\n\t\t\t\t<div class=\"elementor-widget-container\">\n\t\t\t\t\t\t\t\t\t<div class=\"et_pb_toggle et_pb_module et_pb_accordion_item et_pb_accordion_item_0 et_pb_toggle_open\">\n<div class=\"et_pb_toggle_content clearfix\">\n<p><span style=\"font-weight: 400;\">INTBAU Portugal | Funda\u00e7\u00e3o Culturas Construtivas Tradicionais<\/span><\/p>\n<\/div>\n<\/div>\n\t\t\t\t\t\t\t\t<\/div>\n\t\t\t\t<\/div>\n\t\t\t\t<div class=\"elementor-element elementor-element-1371af8 elementor-widget elementor-widget-toggle\" data-id=\"1371af8\" data-element_type=\"widget\" data-e-type=\"widget\" data-widget_type=\"toggle.default\">\n\t\t\t\t<div class=\"elementor-widget-container\">\n\t\t\t\t\t\t\t<div class=\"elementor-toggle\">\n\t\t\t\t\t\t\t<div class=\"elementor-toggle-item\">\n\t\t\t\t\t<div id=\"elementor-tab-title-2031\" class=\"elementor-tab-title\" data-tab=\"1\" role=\"button\" aria-controls=\"elementor-tab-content-2031\" aria-expanded=\"false\">\n\t\t\t\t\t\t\t\t\t\t\t\t<span class=\"elementor-toggle-icon elementor-toggle-icon-right\" aria-hidden=\"true\">\n\t\t\t\t\t\t\t\t\t\t\t\t\t\t\t<span class=\"elementor-toggle-icon-closed\"><i class=\"fas fa-caret-right\"><\/i><\/span>\n\t\t\t\t\t\t\t\t<span class=\"elementor-toggle-icon-opened\"><i class=\"elementor-toggle-icon-opened fas fa-caret-up\"><\/i><\/span>\n\t\t\t\t\t\t\t\t\t\t\t\t\t<\/span>\n\t\t\t\t\t\t\t\t\t\t\t\t<a class=\"elementor-toggle-title\" tabindex=\"0\">Docente e coordena\u00e7\u00e3o<\/a>\n\t\t\t\t\t<\/div>\n\n\t\t\t\t\t<div id=\"elementor-tab-content-2031\" class=\"elementor-tab-content elementor-clearfix\" data-tab=\"1\" role=\"region\" aria-labelledby=\"elementor-tab-title-2031\"><p><span style=\"font-weight: 400;\">\u00c9 licenciado em Arquitetura pela Escola Superior de Belas Artes do Porto e pela Universidade T\u00e9cnica de Lisboa, e doutorado pela Universidade do Pa\u00eds Basco. Em 1991, fundou o seu pr\u00f3prio est\u00fadio, a partir do qual trabalha em projetos residenciais, hoteleiros, comerciais e urban\u00edsticos que d\u00e3o continuidade \u00e0s tradi\u00e7\u00f5es carater\u00edsticas das regi\u00f5es em que trabalha. Lecionou na Faculdade de Arquitetura de Viseu e Sintra da Universidade Cat\u00f3lica Portuguesa e foi professor convidado em v\u00e1rias universidades Europeias. Fundou a INTBAU Portugal, foi co-fundador do Conselho de Urbanismo Europeu, e \u00e9 membro da dire\u00e7\u00e3o do Col\u00e9gio de Patrim\u00f3nio Arquitet\u00f3nico da Ordem dos Arquitetos. A qualidade do seu trabalho levou \u00e0 conquista de pr\u00e9mios internacionais, como o Prix Europ\u00e9en pour la Reconstruction de la Ville 2011, concedido pela Funda\u00e7\u00e3o Philippe Rotthier, e o Pr\u00e9mio Rafael Manzano em 2017.<\/span><\/p>\n<\/div>\n\t\t\t\t<\/div>\n\t\t\t\t\t\t\t\t<\/div>\n\t\t\t\t\t\t<\/div>\n\t\t\t\t<\/div>\n\t\t\t\t<\/div>\n\t\t<div class=\"elementor-element elementor-element-1ca295b e-con-full e-flex e-con e-child\" data-id=\"1ca295b\" data-element_type=\"container\" data-e-type=\"container\">\n\t\t\t\t<div class=\"elementor-element elementor-element-a316175 elementor-widget elementor-widget-image\" data-id=\"a316175\" data-element_type=\"widget\" data-e-type=\"widget\" data-widget_type=\"image.default\">\n\t\t\t\t<div class=\"elementor-widget-container\">\n\t\t\t\t\t\t\t\t\t\t\t\t\t\t\t<img loading=\"lazy\" decoding=\"async\" width=\"300\" height=\"300\" src=\"https:\/\/culturasconstructivas.org\/wp-content\/uploads\/2024\/04\/Fernando-Cerqueira-Barros-300x300.png\" class=\"attachment-medium size-medium wp-image-5729\" alt=\"\" srcset=\"https:\/\/culturasconstructivas.org\/wp-content\/uploads\/2024\/04\/Fernando-Cerqueira-Barros-300x300.png 300w, https:\/\/culturasconstructivas.org\/wp-content\/uploads\/2024\/04\/Fernando-Cerqueira-Barros-150x150.png 150w, https:\/\/culturasconstructivas.org\/wp-content\/uploads\/2024\/04\/Fernando-Cerqueira-Barros.png 405w\" sizes=\"(max-width: 300px) 100vw, 300px\" \/>\t\t\t\t\t\t\t\t\t\t\t\t\t\t\t<\/div>\n\t\t\t\t<\/div>\n\t\t\t\t<div class=\"elementor-element elementor-element-ca11cfa elementor-widget elementor-widget-heading\" data-id=\"ca11cfa\" data-element_type=\"widget\" data-e-type=\"widget\" data-widget_type=\"heading.default\">\n\t\t\t\t<div class=\"elementor-widget-container\">\n\t\t\t\t\t<h4 class=\"elementor-heading-title elementor-size-default\">Fernando Manuel Cerqueira Barros<\/h4>\t\t\t\t<\/div>\n\t\t\t\t<\/div>\n\t\t\t\t<div class=\"elementor-element elementor-element-2c102eb elementor-widget elementor-widget-text-editor\" data-id=\"2c102eb\" data-element_type=\"widget\" data-e-type=\"widget\" data-widget_type=\"text-editor.default\">\n\t\t\t\t<div class=\"elementor-widget-container\">\n\t\t\t\t\t\t\t\t\t<div class=\"et_pb_toggle et_pb_module et_pb_accordion_item et_pb_accordion_item_0 et_pb_toggle_open\">\n<div class=\"et_pb_toggle_content clearfix\">\n<p><span style=\"font-weight: 400;\">Centro de Estudos de Arquitetura e Urbanismo | Faculdade de Arquitetura da Universidade do Porto<\/span><\/p>\n<\/div>\n<\/div>\n\t\t\t\t\t\t\t\t<\/div>\n\t\t\t\t<\/div>\n\t\t\t\t<div class=\"elementor-element elementor-element-c5b08dc elementor-widget elementor-widget-toggle\" data-id=\"c5b08dc\" data-element_type=\"widget\" data-e-type=\"widget\" data-widget_type=\"toggle.default\">\n\t\t\t\t<div class=\"elementor-widget-container\">\n\t\t\t\t\t\t\t<div class=\"elementor-toggle\">\n\t\t\t\t\t\t\t<div class=\"elementor-toggle-item\">\n\t\t\t\t\t<div id=\"elementor-tab-title-2071\" class=\"elementor-tab-title\" data-tab=\"1\" role=\"button\" aria-controls=\"elementor-tab-content-2071\" aria-expanded=\"false\">\n\t\t\t\t\t\t\t\t\t\t\t\t<span class=\"elementor-toggle-icon elementor-toggle-icon-right\" aria-hidden=\"true\">\n\t\t\t\t\t\t\t\t\t\t\t\t\t\t\t<span class=\"elementor-toggle-icon-closed\"><i class=\"fas fa-caret-right\"><\/i><\/span>\n\t\t\t\t\t\t\t\t<span class=\"elementor-toggle-icon-opened\"><i class=\"elementor-toggle-icon-opened fas fa-caret-up\"><\/i><\/span>\n\t\t\t\t\t\t\t\t\t\t\t\t\t<\/span>\n\t\t\t\t\t\t\t\t\t\t\t\t<a class=\"elementor-toggle-title\" tabindex=\"0\">Docente e coordena\u00e7\u00e3o<\/a>\n\t\t\t\t\t<\/div>\n\n\t\t\t\t\t<div id=\"elementor-tab-content-2071\" class=\"elementor-tab-content elementor-clearfix\" data-tab=\"1\" role=\"region\" aria-labelledby=\"elementor-tab-title-2071\"><p><span style=\"font-weight: 400;\">Arquiteto (2011) e Licenciado em Estudos Avan\u00e7ados do Patrim\u00f3nio Arquitet\u00f3nico (2013) pela Faculdade de Arquitetura da Universidade do Porto (FAUP), onde \u00e9 atualmente investigador doutorando em Arquitetura, e investigador colaborador no CEAU (Centro de Estudos de Arquitetura e Urbanismo, FAUP) no Grupo PACT (Patrim\u00f3nio da Arquitetura, da Cidade e do Territ\u00f3rio).<\/span><\/p>\n<p><span style=\"font-weight: 400;\">Centra o seu estudo na arquitetura tradicional do Norte de Portugal e Galiza. \u00c9 orador ass\u00edduo em Semin\u00e1rios e Congressos internacionais como o III Congresso Internacional de Constru\u00e7\u00e3o, Arquitetura e Urbanismo Tradicionais (Madrid, 2022) ou o encontro  <\/span><i><span style=\"font-weight: 400;\">Savoir-faire traditionnels de la construction dans le sud de la M\u00e9diterran\u00e9e<\/span><\/i><span style=\"font-weight: 400;\"> (Tun\u00edsia, 2023). \u00c9 autor dos conte\u00fados cient\u00edficos do document\u00e1rio &#8220;Das Arquiteturas Tradicionais no Alto-Minho&#8221; (AO Norte), e dos conte\u00fados sobre Arquitetura Popular da Rota da Arquitetura Tradicional (Paredes de Coura) e do Centro Etnogr\u00e1fico de Soajo (Arcos de Valdevez). Recebeu uma Men\u00e7\u00e3o de Honra no I Pr\u00e9mio Ib\u00e9rico de Investiga\u00e7\u00e3o sobre Arquitetura Tradicional (2012) pela sua tese sobre o Territ\u00f3rio e a Arquitetura Popular na Serra da Peneda (Portugal). \u00c9 membro fundador da Rede HORREA, associa\u00e7\u00e3o internacional para o estudo e a conserva\u00e7\u00e3o dos fornos tradicionais.   <\/span><\/p>\n<p><span style=\"font-weight: 400;\">Como arquiteto desenvolve principalmente obras de reabilita\u00e7\u00e3o de edificios tradicionais e de patrim\u00f3nio hist\u00f3rico. Esteve envolvido no s\u00edtio arqueol\u00f3gico de Salto do Boi\/Cardina, integrado no Vale do C\u00f4a, e no Monasteiro de S\u00e3o Jo\u00e3o de Cabanas em Afife, Viana do Castelo. <\/span><\/p>\n<\/div>\n\t\t\t\t<\/div>\n\t\t\t\t\t\t\t\t<\/div>\n\t\t\t\t\t\t<\/div>\n\t\t\t\t<\/div>\n\t\t\t\t<\/div>\n\t\t<div class=\"elementor-element elementor-element-dcd7e77 e-con-full e-flex e-con e-child\" data-id=\"dcd7e77\" data-element_type=\"container\" data-e-type=\"container\">\n\t\t\t\t<div class=\"elementor-element elementor-element-649180f elementor-widget elementor-widget-image\" data-id=\"649180f\" data-element_type=\"widget\" data-e-type=\"widget\" data-widget_type=\"image.default\">\n\t\t\t\t<div class=\"elementor-widget-container\">\n\t\t\t\t\t\t\t\t\t\t\t\t\t\t\t<img loading=\"lazy\" decoding=\"async\" width=\"300\" height=\"300\" src=\"https:\/\/culturasconstructivas.org\/wp-content\/uploads\/2024\/04\/Aritz-Diez.jpg\" class=\"attachment-medium size-medium wp-image-5732\" alt=\"\" srcset=\"https:\/\/culturasconstructivas.org\/wp-content\/uploads\/2024\/04\/Aritz-Diez.jpg 300w, https:\/\/culturasconstructivas.org\/wp-content\/uploads\/2024\/04\/Aritz-Diez-150x150.jpg 150w\" sizes=\"(max-width: 300px) 100vw, 300px\" \/>\t\t\t\t\t\t\t\t\t\t\t\t\t\t\t<\/div>\n\t\t\t\t<\/div>\n\t\t\t\t<div class=\"elementor-element elementor-element-52e821e elementor-widget elementor-widget-heading\" data-id=\"52e821e\" data-element_type=\"widget\" data-e-type=\"widget\" data-widget_type=\"heading.default\">\n\t\t\t\t<div class=\"elementor-widget-container\">\n\t\t\t\t\t<h4 class=\"elementor-heading-title elementor-size-default\">Aritz D\u00edez Oronoz<\/h4>\t\t\t\t<\/div>\n\t\t\t\t<\/div>\n\t\t\t\t<div class=\"elementor-element elementor-element-9d90e55 elementor-widget elementor-widget-text-editor\" data-id=\"9d90e55\" data-element_type=\"widget\" data-e-type=\"widget\" data-widget_type=\"text-editor.default\">\n\t\t\t\t<div class=\"elementor-widget-container\">\n\t\t\t\t\t\t\t\t\t<div class=\"et_pb_toggle et_pb_module et_pb_accordion_item et_pb_accordion_item_0 et_pb_toggle_open\">\n<div class=\"et_pb_toggle_content clearfix\">\n<p><span style=\"font-weight: 400;\">Universidade do Pa\u00eds Basco<\/span><\/p>\n<\/div>\n<\/div>\n\t\t\t\t\t\t\t\t<\/div>\n\t\t\t\t<\/div>\n\t\t\t\t<div class=\"elementor-element elementor-element-efae98a elementor-widget elementor-widget-toggle\" data-id=\"efae98a\" data-element_type=\"widget\" data-e-type=\"widget\" data-widget_type=\"toggle.default\">\n\t\t\t\t<div class=\"elementor-widget-container\">\n\t\t\t\t\t\t\t<div class=\"elementor-toggle\">\n\t\t\t\t\t\t\t<div class=\"elementor-toggle-item\">\n\t\t\t\t\t<div id=\"elementor-tab-title-2511\" class=\"elementor-tab-title\" data-tab=\"1\" role=\"button\" aria-controls=\"elementor-tab-content-2511\" aria-expanded=\"false\">\n\t\t\t\t\t\t\t\t\t\t\t\t<span class=\"elementor-toggle-icon elementor-toggle-icon-right\" aria-hidden=\"true\">\n\t\t\t\t\t\t\t\t\t\t\t\t\t\t\t<span class=\"elementor-toggle-icon-closed\"><i class=\"fas fa-caret-right\"><\/i><\/span>\n\t\t\t\t\t\t\t\t<span class=\"elementor-toggle-icon-opened\"><i class=\"elementor-toggle-icon-opened fas fa-caret-up\"><\/i><\/span>\n\t\t\t\t\t\t\t\t\t\t\t\t\t<\/span>\n\t\t\t\t\t\t\t\t\t\t\t\t<a class=\"elementor-toggle-title\" tabindex=\"0\">Docente<\/a>\n\t\t\t\t\t<\/div>\n\n\t\t\t\t\t<div id=\"elementor-tab-content-2511\" class=\"elementor-tab-content elementor-clearfix\" data-tab=\"1\" role=\"region\" aria-labelledby=\"elementor-tab-title-2511\"><p><span style=\"font-weight: 400;\">Arquiteto pela Escola T\u00e9cnica Superior de Arquitetura de Donostia-San Sebasti\u00e1n, onde se licenciou com distin\u00e7\u00e3o. \u00c9 tamb\u00e9m Mestre em Conserva\u00e7\u00e3o pela Universidade do Pa\u00eds Basco e Doutorado pela mesma universidade, com uma tese intitulada &#8220;Una bella sfida formale tra Quattrocento e Cinquecento&#8221; sobre os contributos dos grandes arquitetos do Primeiro Renascimento italiano no desenvolvimento das fortifica\u00e7\u00f5es abaluartadas. \u00c9 desde 2012 professor auxiliar da C\u00e1tedra de Projetos Arquitet\u00f3nicos da Escola de Arquitetura de San Sebasti\u00e1n, tendo lecionado Urbanismo. Atualmente \u00e9 professor de Projetos Arquitet\u00f3nicos na mesma universidade.   <\/span><\/p>\n<p><span style=\"font-weight: 400;\">Trabalha desde 2010 com os arquitetos Manuel I\u00f1iguez Alberto Ustarroz, com I\u00f1igo Pe\u00f1alba entre 2012 e 2016, e desde 2015 com Imanol Iparraguirre Barbero. Entre os seus projetos mais not\u00f3rios destacam-se a colabora\u00e7\u00e3o com I\u00f1iguez Ustarroz na Restaura\u00e7\u00e3o das Muralhas de Hondarribia e o projeto para os f\u00f3rums Imperiais de Roma. Juntamente com Imanol Iparraguirre ganhou o 1\u00ba Pr\u00e9mio do Concurso de Arquitetura Richard H. Driehaus em 2017 com a proposta para a restaura\u00e7\u00e3o do Pal\u00e1cio Renascentista de Grajal de Campos (Le\u00f3n) e, novamente em 2018, com o seu projeto para as Muralhas Medievais e os espa\u00e7os envolventes do Convento da Coria em Trujillo (C\u00e1ceres). Em 2019 receberam o Pr\u00e9mio de Excel\u00eancia Emergente na Tradi\u00e7\u00e3o Cl\u00e1ssica, atribu\u00eddo pelo Institute of Classical Architecture Art (ICAA), pela Prince\u2019s Foundation e pela International Network for Traditional Building, Architecture Urbanism (INTBAU).   <\/span><\/p>\n<\/div>\n\t\t\t\t<\/div>\n\t\t\t\t\t\t\t\t<\/div>\n\t\t\t\t\t\t<\/div>\n\t\t\t\t<\/div>\n\t\t\t\t<\/div>\n\t\t\t\t<\/div>\n\t\t<div class=\"elementor-element elementor-element-5f72441 e-con-full e-flex e-con e-child\" data-id=\"5f72441\" data-element_type=\"container\" data-e-type=\"container\">\n\t\t\t\t<div class=\"elementor-element elementor-element-a3c9f66 elementor-widget elementor-widget-menu-anchor\" data-id=\"a3c9f66\" data-element_type=\"widget\" data-e-type=\"widget\" data-widget_type=\"menu-anchor.default\">\n\t\t\t\t<div class=\"elementor-widget-container\">\n\t\t\t\t\t\t\t<div class=\"elementor-menu-anchor\" id=\"faculty\"><\/div>\n\t\t\t\t\t\t<\/div>\n\t\t\t\t<\/div>\n\t\t\t\t<div class=\"elementor-element elementor-element-2297c7b elementor-widget elementor-widget-heading\" data-id=\"2297c7b\" data-element_type=\"widget\" data-e-type=\"widget\" data-widget_type=\"heading.default\">\n\t\t\t\t<div class=\"elementor-widget-container\">\n\t\t\t\t\t<h2 class=\"elementor-heading-title elementor-size-default\">Corpo Docente e Coordena\u00e7\u00e3o<\/h2>\t\t\t\t<\/div>\n\t\t\t\t<\/div>\n\t\t\t\t<div class=\"elementor-element elementor-element-01da930 elementor-widget-divider--view-line elementor-widget elementor-widget-divider\" data-id=\"01da930\" data-element_type=\"widget\" data-e-type=\"widget\" data-widget_type=\"divider.default\">\n\t\t\t\t<div class=\"elementor-widget-container\">\n\t\t\t\t\t\t\t<div class=\"elementor-divider\">\n\t\t\t<span class=\"elementor-divider-separator\">\n\t\t\t\t\t\t<\/span>\n\t\t<\/div>\n\t\t\t\t\t\t<\/div>\n\t\t\t\t<\/div>\n\t\t\t\t<\/div>\n\t\t\t\t\t<\/div>\n\t\t\t\t<\/div>\n\t\t<div class=\"elementor-element elementor-element-e615a72 e-flex e-con-boxed e-con e-parent\" data-id=\"e615a72\" data-element_type=\"container\" data-e-type=\"container\">\n\t\t\t\t\t<div class=\"e-con-inner\">\n\t\t<div class=\"elementor-element elementor-element-17231a5 e-flex e-con-boxed e-con e-child\" data-id=\"17231a5\" data-element_type=\"container\" data-e-type=\"container\">\n\t\t\t\t\t<div class=\"e-con-inner\">\n\t\t\t\t<div class=\"elementor-element elementor-element-ca7a44c elementor-widget elementor-widget-heading\" data-id=\"ca7a44c\" data-element_type=\"widget\" data-e-type=\"widget\" data-widget_type=\"heading.default\">\n\t\t\t\t<div class=\"elementor-widget-container\">\n\t\t\t\t\t<h2 class=\"elementor-heading-title elementor-size-default\">Palestrantes convidados<\/h2>\t\t\t\t<\/div>\n\t\t\t\t<\/div>\n\t\t\t\t\t<\/div>\n\t\t\t\t<\/div>\n\t\t<div class=\"elementor-element elementor-element-624f9d4 e-flex e-con-boxed e-con e-child\" data-id=\"624f9d4\" data-element_type=\"container\" data-e-type=\"container\">\n\t\t\t\t\t<div class=\"e-con-inner\">\n\t\t<div class=\"elementor-element elementor-element-a829405 e-con-full e-flex e-con e-child\" data-id=\"a829405\" data-element_type=\"container\" data-e-type=\"container\">\n\t\t\t\t<div class=\"elementor-element elementor-element-a21c26d elementor-widget elementor-widget-image\" data-id=\"a21c26d\" data-element_type=\"widget\" data-e-type=\"widget\" data-widget_type=\"image.default\">\n\t\t\t\t<div class=\"elementor-widget-container\">\n\t\t\t\t\t\t\t\t\t\t\t\t\t\t\t<img loading=\"lazy\" decoding=\"async\" width=\"456\" height=\"456\" src=\"https:\/\/culturasconstructivas.org\/wp-content\/uploads\/2024\/04\/JOANA-ARAUJO-fcct.jpg\" class=\"attachment-medium_large size-medium_large wp-image-5761\" alt=\"\" srcset=\"https:\/\/culturasconstructivas.org\/wp-content\/uploads\/2024\/04\/JOANA-ARAUJO-fcct.jpg 456w, https:\/\/culturasconstructivas.org\/wp-content\/uploads\/2024\/04\/JOANA-ARAUJO-fcct-300x300.jpg 300w, https:\/\/culturasconstructivas.org\/wp-content\/uploads\/2024\/04\/JOANA-ARAUJO-fcct-150x150.jpg 150w\" sizes=\"(max-width: 456px) 100vw, 456px\" \/>\t\t\t\t\t\t\t\t\t\t\t\t\t\t\t<\/div>\n\t\t\t\t<\/div>\n\t\t\t\t<div class=\"elementor-element elementor-element-098718e elementor-widget elementor-widget-heading\" data-id=\"098718e\" data-element_type=\"widget\" data-e-type=\"widget\" data-widget_type=\"heading.default\">\n\t\t\t\t<div class=\"elementor-widget-container\">\n\t\t\t\t\t<h4 class=\"elementor-heading-title elementor-size-default\">Joana Ara\u00fajo<\/h4>\t\t\t\t<\/div>\n\t\t\t\t<\/div>\n\t\t\t\t<div class=\"elementor-element elementor-element-dd49a80 elementor-widget elementor-widget-text-editor\" data-id=\"dd49a80\" data-element_type=\"widget\" data-e-type=\"widget\" data-widget_type=\"text-editor.default\">\n\t\t\t\t<div class=\"elementor-widget-container\">\n\t\t\t\t\t\t\t\t\t<p>Lantana<\/p>\n\t\t\t\t\t\t\t\t<\/div>\n\t\t\t\t<\/div>\n\t\t\t\t<div class=\"elementor-element elementor-element-f11bc86 elementor-widget elementor-widget-toggle\" data-id=\"f11bc86\" data-element_type=\"widget\" data-e-type=\"widget\" data-widget_type=\"toggle.default\">\n\t\t\t\t<div class=\"elementor-widget-container\">\n\t\t\t\t\t\t\t<div class=\"elementor-toggle\">\n\t\t\t\t\t\t\t<div class=\"elementor-toggle-item\">\n\t\t\t\t\t<h4 id=\"elementor-tab-title-2521\" class=\"elementor-tab-title\" data-tab=\"1\" role=\"button\" aria-controls=\"elementor-tab-content-2521\" aria-expanded=\"false\">\n\t\t\t\t\t\t\t\t\t\t\t\t<span class=\"elementor-toggle-icon elementor-toggle-icon-right\" aria-hidden=\"true\">\n\t\t\t\t\t\t\t\t\t\t\t\t\t\t\t<span class=\"elementor-toggle-icon-closed\"><i class=\"fas fa-caret-right\"><\/i><\/span>\n\t\t\t\t\t\t\t\t<span class=\"elementor-toggle-icon-opened\"><i class=\"elementor-toggle-icon-opened fas fa-caret-up\"><\/i><\/span>\n\t\t\t\t\t\t\t\t\t\t\t\t\t<\/span>\n\t\t\t\t\t\t\t\t\t\t\t\t<a class=\"elementor-toggle-title\" tabindex=\"0\">Palestrante<\/a>\n\t\t\t\t\t<\/h4>\n\n\t\t\t\t\t<div id=\"elementor-tab-content-2521\" class=\"elementor-tab-content elementor-clearfix\" data-tab=\"1\" role=\"region\" aria-labelledby=\"elementor-tab-title-2521\"><p><span style=\"font-weight: 400;\">Arquitecta por la ESAP-Escola Superior Art\u00edstica do Porto. Trabaja en proyectos de rehabilitaci\u00f3n, conservaci\u00f3n y restauraci\u00f3n del patrimonio cultural desde 2009. Desde 2012 es socia directora de Lantana Lda, empresa dedicada a la gesti\u00f3n del patrimonio cultural. Coordina y es autora de varios proyectos de rehabilitaci\u00f3n, valorizaci\u00f3n y restauraci\u00f3n del patrimonio cultural, monumentos nacionales y edificios de inter\u00e9s p\u00fablico, tales como: Iglesia del Monasterio de Ermelo, Arcos de Valdevez (Monumento Nacional); Iglesia Parroquial de Castro Laboreiro, Melga\u00e7o (Bien de Inter\u00e9s P\u00fablico); Museo y Espacio Bibliotecario del Centro de Memoria Bom Jesus do Monte (Monumento Nacional \/ Patrimonio de la Humanidad); Iglesia de Terceiros, Braga (Bien de Inter\u00e9s P\u00fablico); Mobiliario Lit\u00fargico para la Catedral de Lamego (Monumento Nacional); Iglesia y Claustro del Convento de S. Gon\u00e7alo, Amarante (Monumento Nacional); Iglesia Parroquial de Paderne, Melga\u00e7o (Monumento Nacional); Plan de Valorizaci\u00f3n del Santuario de Nossa Senhora da Peneda, Arcos de Valdevez (Monumento Nacional), entre otros.   <\/span><\/p>\n<\/div>\n\t\t\t\t<\/div>\n\t\t\t\t\t\t\t\t<\/div>\n\t\t\t\t\t\t<\/div>\n\t\t\t\t<\/div>\n\t\t\t\t<\/div>\n\t\t<div class=\"elementor-element elementor-element-81a0d91 e-con-full e-flex e-con e-child\" data-id=\"81a0d91\" data-element_type=\"container\" data-e-type=\"container\">\n\t\t\t\t<div class=\"elementor-element elementor-element-2ed4c71 elementor-widget elementor-widget-image\" data-id=\"2ed4c71\" data-element_type=\"widget\" data-e-type=\"widget\" data-widget_type=\"image.default\">\n\t\t\t\t<div class=\"elementor-widget-container\">\n\t\t\t\t\t\t\t\t\t\t\t\t\t\t\t<img loading=\"lazy\" decoding=\"async\" width=\"300\" height=\"300\" src=\"https:\/\/culturasconstructivas.org\/wp-content\/uploads\/2024\/06\/AlvaroCampeloFCCT-300x300.png\" class=\"attachment-medium size-medium wp-image-9268\" alt=\"\" srcset=\"https:\/\/culturasconstructivas.org\/wp-content\/uploads\/2024\/06\/AlvaroCampeloFCCT-300x300.png 300w, https:\/\/culturasconstructivas.org\/wp-content\/uploads\/2024\/06\/AlvaroCampeloFCCT-150x150.png 150w, https:\/\/culturasconstructivas.org\/wp-content\/uploads\/2024\/06\/AlvaroCampeloFCCT-768x768.png 768w, https:\/\/culturasconstructivas.org\/wp-content\/uploads\/2024\/06\/AlvaroCampeloFCCT.png 780w\" sizes=\"(max-width: 300px) 100vw, 300px\" \/>\t\t\t\t\t\t\t\t\t\t\t\t\t\t\t<\/div>\n\t\t\t\t<\/div>\n\t\t\t\t<div class=\"elementor-element elementor-element-6469d85 elementor-widget elementor-widget-heading\" data-id=\"6469d85\" data-element_type=\"widget\" data-e-type=\"widget\" data-widget_type=\"heading.default\">\n\t\t\t\t<div class=\"elementor-widget-container\">\n\t\t\t\t\t<h4 class=\"elementor-heading-title elementor-size-default\">\u00c1lvaro Campelo<\/h4>\t\t\t\t<\/div>\n\t\t\t\t<\/div>\n\t\t\t\t<div class=\"elementor-element elementor-element-f9c9029 elementor-widget elementor-widget-text-editor\" data-id=\"f9c9029\" data-element_type=\"widget\" data-e-type=\"widget\" data-widget_type=\"text-editor.default\">\n\t\t\t\t<div class=\"elementor-widget-container\">\n\t\t\t\t\t\t\t\t\t<p><span style=\"font-weight: 400;\">Universidade Fernando Pessoa (UFP)<\/span><\/p>\n\t\t\t\t\t\t\t\t<\/div>\n\t\t\t\t<\/div>\n\t\t\t\t<div class=\"elementor-element elementor-element-ff86a25 elementor-widget elementor-widget-toggle\" data-id=\"ff86a25\" data-element_type=\"widget\" data-e-type=\"widget\" data-widget_type=\"toggle.default\">\n\t\t\t\t<div class=\"elementor-widget-container\">\n\t\t\t\t\t\t\t<div class=\"elementor-toggle\">\n\t\t\t\t\t\t\t<div class=\"elementor-toggle-item\">\n\t\t\t\t\t<h4 id=\"elementor-tab-title-2671\" class=\"elementor-tab-title\" data-tab=\"1\" role=\"button\" aria-controls=\"elementor-tab-content-2671\" aria-expanded=\"false\">\n\t\t\t\t\t\t\t\t\t\t\t\t<span class=\"elementor-toggle-icon elementor-toggle-icon-right\" aria-hidden=\"true\">\n\t\t\t\t\t\t\t\t\t\t\t\t\t\t\t<span class=\"elementor-toggle-icon-closed\"><i class=\"fas fa-caret-right\"><\/i><\/span>\n\t\t\t\t\t\t\t\t<span class=\"elementor-toggle-icon-opened\"><i class=\"elementor-toggle-icon-opened fas fa-caret-up\"><\/i><\/span>\n\t\t\t\t\t\t\t\t\t\t\t\t\t<\/span>\n\t\t\t\t\t\t\t\t\t\t\t\t<a class=\"elementor-toggle-title\" tabindex=\"0\">Palestrante<\/a>\n\t\t\t\t\t<\/h4>\n\n\t\t\t\t\t<div id=\"elementor-tab-content-2671\" class=\"elementor-tab-content elementor-clearfix\" data-tab=\"1\" role=\"region\" aria-labelledby=\"elementor-tab-title-2671\"><p><span style=\"font-weight: 400;\">\u00c1lvaro es Antrop\u00f3logo y Profesor Asociado de la UFP. Es Miembro del Centro de Investigaci\u00f3n en Red de Antropolog\u00eda (CRIA) y Vicepresidente de la Sociedad Portuguesa de Antropolog\u00eda y Etnolog\u00eda. Es director de la Revista   <\/span><i><span style=\"font-weight: 400;\">Mealibra<\/span><\/i><span style=\"font-weight: 400;\">; miembro del Consejo Cient\u00edfico y de Coordinaci\u00f3n de las revistas <\/span><i><span style=\"font-weight: 400;\">Antropol\u00f3gicas<\/span><\/i><span style=\"font-weight: 400;\"> y <\/span><i><span style=\"font-weight: 400;\">Trabalhos de antropologia e Etnologia<\/span><\/i><span style=\"font-weight: 400;\">.<br \/>\nTrabaj\u00f3 como coordinador y director cient\u00edfico del Centro FCT: Centro de Estudios de Antropolog\u00eda Aplicada (1999-2010).<br \/>\nHa sido Coordinador de Proyectos e Investigador en las \u00e1reas de Desarrollo Local, Patrimonio Cultural Inmaterial y teor\u00eda antropol\u00f3gica.<br \/>\nHa publicado libros y art\u00edculos sobre antropolog\u00eda de la religi\u00f3n, teor\u00eda antropol\u00f3gica, antropolog\u00eda pol\u00edtica y cultural y antropolog\u00eda de la salud.   <\/span><\/p>\n<\/div>\n\t\t\t\t<\/div>\n\t\t\t\t\t\t\t\t<\/div>\n\t\t\t\t\t\t<\/div>\n\t\t\t\t<\/div>\n\t\t\t\t<\/div>\n\t\t<div class=\"elementor-element elementor-element-f38801c e-con-full e-flex e-con e-child\" data-id=\"f38801c\" data-element_type=\"container\" data-e-type=\"container\">\n\t\t\t\t<div class=\"elementor-element elementor-element-1930e44 elementor-widget elementor-widget-image\" data-id=\"1930e44\" data-element_type=\"widget\" data-e-type=\"widget\" data-widget_type=\"image.default\">\n\t\t\t\t<div class=\"elementor-widget-container\">\n\t\t\t\t\t\t\t\t\t\t\t\t\t\t\t<img loading=\"lazy\" decoding=\"async\" width=\"300\" height=\"300\" src=\"https:\/\/culturasconstructivas.org\/wp-content\/uploads\/2024\/04\/Alvaro-Domingues-escola-verao-300x300.jpg\" class=\"attachment-medium size-medium wp-image-5770\" alt=\"\" srcset=\"https:\/\/culturasconstructivas.org\/wp-content\/uploads\/2024\/04\/Alvaro-Domingues-escola-verao-300x300.jpg 300w, https:\/\/culturasconstructivas.org\/wp-content\/uploads\/2024\/04\/Alvaro-Domingues-escola-verao-150x150.jpg 150w, https:\/\/culturasconstructivas.org\/wp-content\/uploads\/2024\/04\/Alvaro-Domingues-escola-verao.jpg 500w\" sizes=\"(max-width: 300px) 100vw, 300px\" \/>\t\t\t\t\t\t\t\t\t\t\t\t\t\t\t<\/div>\n\t\t\t\t<\/div>\n\t\t\t\t<div class=\"elementor-element elementor-element-3efa066 elementor-widget elementor-widget-heading\" data-id=\"3efa066\" data-element_type=\"widget\" data-e-type=\"widget\" data-widget_type=\"heading.default\">\n\t\t\t\t<div class=\"elementor-widget-container\">\n\t\t\t\t\t<h4 class=\"elementor-heading-title elementor-size-default\">\u00c1lvaro Domingues <\/h4>\t\t\t\t<\/div>\n\t\t\t\t<\/div>\n\t\t\t\t<div class=\"elementor-element elementor-element-bb9be32 elementor-widget elementor-widget-text-editor\" data-id=\"bb9be32\" data-element_type=\"widget\" data-e-type=\"widget\" data-widget_type=\"text-editor.default\">\n\t\t\t\t<div class=\"elementor-widget-container\">\n\t\t\t\t\t\t\t\t\t<p><span style=\"font-weight: 400;\">Universidade do Porto (FAUP-CEAU)<\/span><\/p>\n\t\t\t\t\t\t\t\t<\/div>\n\t\t\t\t<\/div>\n\t\t\t\t<div class=\"elementor-element elementor-element-44e6b35 elementor-widget elementor-widget-toggle\" data-id=\"44e6b35\" data-element_type=\"widget\" data-e-type=\"widget\" data-widget_type=\"toggle.default\">\n\t\t\t\t<div class=\"elementor-widget-container\">\n\t\t\t\t\t\t\t<div class=\"elementor-toggle\">\n\t\t\t\t\t\t\t<div class=\"elementor-toggle-item\">\n\t\t\t\t\t<h4 id=\"elementor-tab-title-7221\" class=\"elementor-tab-title\" data-tab=\"1\" role=\"button\" aria-controls=\"elementor-tab-content-7221\" aria-expanded=\"false\">\n\t\t\t\t\t\t\t\t\t\t\t\t<span class=\"elementor-toggle-icon elementor-toggle-icon-right\" aria-hidden=\"true\">\n\t\t\t\t\t\t\t\t\t\t\t\t\t\t\t<span class=\"elementor-toggle-icon-closed\"><i class=\"fas fa-caret-right\"><\/i><\/span>\n\t\t\t\t\t\t\t\t<span class=\"elementor-toggle-icon-opened\"><i class=\"elementor-toggle-icon-opened fas fa-caret-up\"><\/i><\/span>\n\t\t\t\t\t\t\t\t\t\t\t\t\t<\/span>\n\t\t\t\t\t\t\t\t\t\t\t\t<a class=\"elementor-toggle-title\" tabindex=\"0\">Palestrante<\/a>\n\t\t\t\t\t<\/h4>\n\n\t\t\t\t\t<div id=\"elementor-tab-content-7221\" class=\"elementor-tab-content elementor-clearfix\" data-tab=\"1\" role=\"region\" aria-labelledby=\"elementor-tab-title-7221\"><p><span style=\"font-weight: 400;\">\u00c1lvaro es Ge\u00f3grafo, Doctor en Geograf\u00eda Humana y Profesor Asociado en la Facultad de Arquitectura de la Universidade do Porto (FAUP) e investigador en el Centro de Estudios de Arquitectura y Urbanismo (CEAU-FAUP). Entre otras obras, es autor de:  <\/span><i><span style=\"font-weight: 400;\">Paisagem Portuguesa <\/span><\/i><span style=\"font-weight: 400;\">(FFMS, Lisboa, 2022, con Duarte Belo), <\/span><i><span style=\"font-weight: 400;\">Portugal Poss\u00edvel <\/span><\/i><span style=\"font-weight: 400;\">(Museu da Paisagem, Lisboa, 2023, con Duarte Belo y Rui Lage), <\/span><i><span style=\"font-weight: 400;\">Paisagens Transg\u00e9nicas <\/span><\/i><span style=\"font-weight: 400;\">(Museu da Paisagem 2021), <\/span><i><span style=\"font-weight: 400;\">Volta a Portugal <\/span><\/i><span style=\"font-weight: 400;\">(Contraponto, Lisboa, 2017), <\/span><i><span style=\"font-weight: 400;\">Territ\u00f3rio Casa Comum <\/span><\/i><span style=\"font-weight: 400;\">(con N. Travasso, FAUP, Oporto, 2015), <\/span><i><span style=\"font-weight: 400;\">A Rua da Estrada (Dafne<\/span><\/i><span style=\"font-weight: 400;\">, Oporto, 2010), <\/span><i><span style=\"font-weight: 400;\">Vida no Campo <\/span><\/i><span style=\"font-weight: 400;\">(Dafne, Oporto, 2012) y <\/span><i><span style=\"font-weight: 400;\">Pol\u00edticas Urbanas I e II (<\/span><\/i><span style=\"font-weight: 400;\">con N. Portas y J. Cabral, Funda\u00e7\u00e3o Calouste Gulbenkian, Lisboa, 2003 y 2011), <\/span><i><span style=\"font-weight: 400;\">Cidade e Democracia <\/span><\/i><span style=\"font-weight: 400;\">(Argumentum, Lisboa, 2006). Es miembro de la Academia de Ciencias de Lisboa. Escribe en el diario   <\/span><i><span style=\"font-weight: 400;\">P\u00fablico<\/span><\/i><span style=\"font-weight: 400;\">.<\/span><\/p>\n<\/div>\n\t\t\t\t<\/div>\n\t\t\t\t\t\t\t\t<\/div>\n\t\t\t\t\t\t<\/div>\n\t\t\t\t<\/div>\n\t\t\t\t<\/div>\n\t\t<div class=\"elementor-element elementor-element-f2a3edb e-con-full e-flex e-con e-child\" data-id=\"f2a3edb\" data-element_type=\"container\" data-e-type=\"container\">\n\t\t\t\t<div class=\"elementor-element elementor-element-cc7b039 elementor-widget elementor-widget-image\" data-id=\"cc7b039\" data-element_type=\"widget\" data-e-type=\"widget\" data-widget_type=\"image.default\">\n\t\t\t\t<div class=\"elementor-widget-container\">\n\t\t\t\t\t\t\t\t\t\t\t\t\t\t\t<img loading=\"lazy\" decoding=\"async\" width=\"300\" height=\"300\" src=\"https:\/\/culturasconstructivas.org\/wp-content\/uploads\/2024\/04\/CarlosHFCoto-300x300.jpg\" class=\"attachment-medium size-medium wp-image-5767\" alt=\"\" srcset=\"https:\/\/culturasconstructivas.org\/wp-content\/uploads\/2024\/04\/CarlosHFCoto-300x300.jpg 300w, https:\/\/culturasconstructivas.org\/wp-content\/uploads\/2024\/04\/CarlosHFCoto-150x150.jpg 150w, https:\/\/culturasconstructivas.org\/wp-content\/uploads\/2024\/04\/CarlosHFCoto.jpg 540w\" sizes=\"(max-width: 300px) 100vw, 300px\" \/>\t\t\t\t\t\t\t\t\t\t\t\t\t\t\t<\/div>\n\t\t\t\t<\/div>\n\t\t\t\t<div class=\"elementor-element elementor-element-85ef235 elementor-widget elementor-widget-heading\" data-id=\"85ef235\" data-element_type=\"widget\" data-e-type=\"widget\" data-widget_type=\"heading.default\">\n\t\t\t\t<div class=\"elementor-widget-container\">\n\t\t\t\t\t<h4 class=\"elementor-heading-title elementor-size-default\">Carlos Henrique Fern\u00e1ndez Coto <\/h4>\t\t\t\t<\/div>\n\t\t\t\t<\/div>\n\t\t\t\t<div class=\"elementor-element elementor-element-4cf157c elementor-widget elementor-widget-text-editor\" data-id=\"4cf157c\" data-element_type=\"widget\" data-e-type=\"widget\" data-widget_type=\"text-editor.default\">\n\t\t\t\t<div class=\"elementor-widget-container\">\n\t\t\t\t\t\t\t\t\t<p><span style=\"font-weight: 400;\">Apatrigal, Horrea<\/span><\/p>\n\t\t\t\t\t\t\t\t<\/div>\n\t\t\t\t<\/div>\n\t\t\t\t<div class=\"elementor-element elementor-element-d830a30 elementor-widget elementor-widget-toggle\" data-id=\"d830a30\" data-element_type=\"widget\" data-e-type=\"widget\" data-widget_type=\"toggle.default\">\n\t\t\t\t<div class=\"elementor-widget-container\">\n\t\t\t\t\t\t\t<div class=\"elementor-toggle\">\n\t\t\t\t\t\t\t<div class=\"elementor-toggle-item\">\n\t\t\t\t\t<h4 id=\"elementor-tab-title-2261\" class=\"elementor-tab-title\" data-tab=\"1\" role=\"button\" aria-controls=\"elementor-tab-content-2261\" aria-expanded=\"false\">\n\t\t\t\t\t\t\t\t\t\t\t\t<span class=\"elementor-toggle-icon elementor-toggle-icon-right\" aria-hidden=\"true\">\n\t\t\t\t\t\t\t\t\t\t\t\t\t\t\t<span class=\"elementor-toggle-icon-closed\"><i class=\"fas fa-caret-right\"><\/i><\/span>\n\t\t\t\t\t\t\t\t<span class=\"elementor-toggle-icon-opened\"><i class=\"elementor-toggle-icon-opened fas fa-caret-up\"><\/i><\/span>\n\t\t\t\t\t\t\t\t\t\t\t\t\t<\/span>\n\t\t\t\t\t\t\t\t\t\t\t\t<a class=\"elementor-toggle-title\" tabindex=\"0\">Palestrante<\/a>\n\t\t\t\t\t<\/h4>\n\n\t\t\t\t\t<div id=\"elementor-tab-content-2261\" class=\"elementor-tab-content elementor-clearfix\" data-tab=\"1\" role=\"region\" aria-labelledby=\"elementor-tab-title-2261\"><p><span style=\"font-weight: 400;\">Arquitecto por la Universidad de Santiago de Compostela, es M\u00e1ster en Conservaci\u00f3n por la Universidad de La Coru\u00f1a y Doctor por la misma universidad.<\/span><\/p>\n<p><span style=\"font-weight: 400;\">Desde 1988 trabaja como arquitecto en su estudio profesional y en ALFORO, estudio del que es socio cofundador y director ejecutivo. Ha proyectado y realizado obras en Espa\u00f1a y Portugal. Adem\u00e1s, ha desempe\u00f1ado cargos en el sector p\u00fablico como arquitecto de algunos ayuntamientos y en el Colegio Oficial de Arquitectos de Galicia.  <\/span><\/p>\n<p><span style=\"font-weight: 400;\">Fern\u00e1ndez Coto promueve la difusi\u00f3n y protecci\u00f3n del patrimonio cultural, arquitect\u00f3nico, urban\u00edstico e inmaterial de Galicia a trav\u00e9s de diferentes foros y actividades. As\u00ed, es presidente de la Asociaci\u00f3n para la Defensa del Patrimonio Cultural Gallego (apatrigal), presidente de la Red Internacional de Graneros Tradicionales Elevados (HORREA) y miembro de la asociaci\u00f3n para la defensa del turismo responsable. Adem\u00e1s, es columnista especializado en el peri\u00f3dico   <\/span><i><span style=\"font-weight: 400;\">La Voz de Galicia<\/span><\/i><span style=\"font-weight: 400;\">.<\/span><\/p>\n<\/div>\n\t\t\t\t<\/div>\n\t\t\t\t\t\t\t\t<\/div>\n\t\t\t\t\t\t<\/div>\n\t\t\t\t<\/div>\n\t\t\t\t<\/div>\n\t\t\t\t\t<\/div>\n\t\t\t\t<\/div>\n\t\t<div class=\"elementor-element elementor-element-4c736ae e-con-full e-flex e-con e-child\" data-id=\"4c736ae\" data-element_type=\"container\" data-e-type=\"container\">\n\t\t<div class=\"elementor-element elementor-element-9ecaa02 e-con-full e-flex e-con e-child\" data-id=\"9ecaa02\" data-element_type=\"container\" data-e-type=\"container\">\n\t\t\t\t<div class=\"elementor-element elementor-element-24cd2e2 elementor-widget elementor-widget-image\" data-id=\"24cd2e2\" data-element_type=\"widget\" data-e-type=\"widget\" data-widget_type=\"image.default\">\n\t\t\t\t<div class=\"elementor-widget-container\">\n\t\t\t\t\t\t\t\t\t\t\t\t\t\t\t<img loading=\"lazy\" decoding=\"async\" width=\"300\" height=\"300\" src=\"https:\/\/culturasconstructivas.org\/wp-content\/uploads\/2024\/04\/Rui-Florentino-INTBAU-Portugal-300x300.jpg\" class=\"attachment-medium size-medium wp-image-5764\" alt=\"\" srcset=\"https:\/\/culturasconstructivas.org\/wp-content\/uploads\/2024\/04\/Rui-Florentino-INTBAU-Portugal-300x300.jpg 300w, https:\/\/culturasconstructivas.org\/wp-content\/uploads\/2024\/04\/Rui-Florentino-INTBAU-Portugal-150x150.jpg 150w, https:\/\/culturasconstructivas.org\/wp-content\/uploads\/2024\/04\/Rui-Florentino-INTBAU-Portugal.jpg 346w\" sizes=\"(max-width: 300px) 100vw, 300px\" \/>\t\t\t\t\t\t\t\t\t\t\t\t\t\t\t<\/div>\n\t\t\t\t<\/div>\n\t\t\t\t<div class=\"elementor-element elementor-element-2ec4d2d elementor-widget elementor-widget-heading\" data-id=\"2ec4d2d\" data-element_type=\"widget\" data-e-type=\"widget\" data-widget_type=\"heading.default\">\n\t\t\t\t<div class=\"elementor-widget-container\">\n\t\t\t\t\t<h4 class=\"elementor-heading-title elementor-size-default\">Rui Florentino <\/h4>\t\t\t\t<\/div>\n\t\t\t\t<\/div>\n\t\t\t\t<div class=\"elementor-element elementor-element-843dd0a elementor-widget elementor-widget-text-editor\" data-id=\"843dd0a\" data-element_type=\"widget\" data-e-type=\"widget\" data-widget_type=\"text-editor.default\">\n\t\t\t\t<div class=\"elementor-widget-container\">\n\t\t\t\t\t\t\t\t\t<p><span style=\"font-weight: 400;\">Universidade Portucalense (UPT) | INTBAU Portugal<\/span><\/p>\n\t\t\t\t\t\t\t\t<\/div>\n\t\t\t\t<\/div>\n\t\t\t\t<div class=\"elementor-element elementor-element-2290f94 elementor-widget elementor-widget-toggle\" data-id=\"2290f94\" data-element_type=\"widget\" data-e-type=\"widget\" data-widget_type=\"toggle.default\">\n\t\t\t\t<div class=\"elementor-widget-container\">\n\t\t\t\t\t\t\t<div class=\"elementor-toggle\">\n\t\t\t\t\t\t\t<div class=\"elementor-toggle-item\">\n\t\t\t\t\t<h4 id=\"elementor-tab-title-3621\" class=\"elementor-tab-title\" data-tab=\"1\" role=\"button\" aria-controls=\"elementor-tab-content-3621\" aria-expanded=\"false\">\n\t\t\t\t\t\t\t\t\t\t\t\t<span class=\"elementor-toggle-icon elementor-toggle-icon-right\" aria-hidden=\"true\">\n\t\t\t\t\t\t\t\t\t\t\t\t\t\t\t<span class=\"elementor-toggle-icon-closed\"><i class=\"fas fa-caret-right\"><\/i><\/span>\n\t\t\t\t\t\t\t\t<span class=\"elementor-toggle-icon-opened\"><i class=\"elementor-toggle-icon-opened fas fa-caret-up\"><\/i><\/span>\n\t\t\t\t\t\t\t\t\t\t\t\t\t<\/span>\n\t\t\t\t\t\t\t\t\t\t\t\t<a class=\"elementor-toggle-title\" tabindex=\"0\">Palestrante<\/a>\n\t\t\t\t\t<\/h4>\n\n\t\t\t\t\t<div id=\"elementor-tab-content-3621\" class=\"elementor-tab-content elementor-clearfix\" data-tab=\"1\" role=\"region\" aria-labelledby=\"elementor-tab-title-3621\"><p><span style=\"font-weight: 400;\">Doctor en el programa de Periferias, Sostenibilidad y Vitalidad Urbana por la Universidad Polit\u00e9cnica de Madrid &#8211; UPM (2011), M\u00e1ster en Cultura Arquitect\u00f3nica Contempor\u00e1nea y Construcci\u00f3n de la Sociedad Moderna por la Universidad T\u00e9cnica de Lisboa (2002) y Licenciado en Arquitectura por la Facultad de Arquitectura de la Universidad de Oporto &#8211; FAUP (1996). Es profesor adjunto en la Universidade Portucalense (UPT), Departamento de Arquitectura y Multimedia Gallaecia (DAMG), e investigador en Urbanismo y Planificaci\u00f3n en el CIAUD\/UL &#8211; filial de la UPT. Fue elegido para la Junta en la Orden de Arquitectos (OA, 2023), donde es responsable de varios proyectos e iniciativas. Es autor y editor de libros y publicaciones en revistas cient\u00edficas internacionales sobre arquitectura y urbanismo. Es coordinador de Planes Urban\u00edsticos Municipales y fue premiado por el proyecto Urban Logic, del concurso de ideas Smart Cities de Cologistics, programa europeo Interreg Portugal &#8211; Espa\u00f1a (2022).    <\/span><\/p>\n<\/div>\n\t\t\t\t<\/div>\n\t\t\t\t\t\t\t\t<\/div>\n\t\t\t\t\t\t<\/div>\n\t\t\t\t<\/div>\n\t\t\t\t<\/div>\n\t\t<div class=\"elementor-element elementor-element-fb11926 e-con-full e-flex e-con e-child\" data-id=\"fb11926\" data-element_type=\"container\" data-e-type=\"container\">\n\t\t\t\t<div class=\"elementor-element elementor-element-48e4d6f elementor-widget elementor-widget-image\" data-id=\"48e4d6f\" data-element_type=\"widget\" data-e-type=\"widget\" data-widget_type=\"image.default\">\n\t\t\t\t<div class=\"elementor-widget-container\">\n\t\t\t\t\t\t\t\t\t\t\t\t\t\t\t<img loading=\"lazy\" decoding=\"async\" width=\"300\" height=\"300\" src=\"https:\/\/culturasconstructivas.org\/wp-content\/uploads\/2024\/04\/Leopoldo-Gil.webp\" class=\"attachment-medium size-medium wp-image-3649\" alt=\"\" srcset=\"https:\/\/culturasconstructivas.org\/wp-content\/uploads\/2024\/04\/Leopoldo-Gil.webp 300w, https:\/\/culturasconstructivas.org\/wp-content\/uploads\/2024\/04\/Leopoldo-Gil-150x150.webp 150w\" sizes=\"(max-width: 300px) 100vw, 300px\" \/>\t\t\t\t\t\t\t\t\t\t\t\t\t\t\t<\/div>\n\t\t\t\t<\/div>\n\t\t\t\t<div class=\"elementor-element elementor-element-b65b3f5 elementor-widget elementor-widget-heading\" data-id=\"b65b3f5\" data-element_type=\"widget\" data-e-type=\"widget\" data-widget_type=\"heading.default\">\n\t\t\t\t<div class=\"elementor-widget-container\">\n\t\t\t\t\t<h4 class=\"elementor-heading-title elementor-size-default\">Leopoldo Gil Cornet <\/h4>\t\t\t\t<\/div>\n\t\t\t\t<\/div>\n\t\t\t\t<div class=\"elementor-element elementor-element-87424ef elementor-widget elementor-widget-text-editor\" data-id=\"87424ef\" data-element_type=\"widget\" data-e-type=\"widget\" data-widget_type=\"text-editor.default\">\n\t\t\t\t<div class=\"elementor-widget-container\">\n\t\t\t\t\t\t\t\t\t<p><span style=\"font-weight: 400;\">Funda\u00e7\u00e3o Culturas Construtivas Tradicionais | INTBAU Espanha<\/span><\/p>\n\t\t\t\t\t\t\t\t<\/div>\n\t\t\t\t<\/div>\n\t\t\t\t<div class=\"elementor-element elementor-element-34397cf elementor-widget elementor-widget-toggle\" data-id=\"34397cf\" data-element_type=\"widget\" data-e-type=\"widget\" data-widget_type=\"toggle.default\">\n\t\t\t\t<div class=\"elementor-widget-container\">\n\t\t\t\t\t\t\t<div class=\"elementor-toggle\">\n\t\t\t\t\t\t\t<div class=\"elementor-toggle-item\">\n\t\t\t\t\t<h4 id=\"elementor-tab-title-5471\" class=\"elementor-tab-title\" data-tab=\"1\" role=\"button\" aria-controls=\"elementor-tab-content-5471\" aria-expanded=\"false\">\n\t\t\t\t\t\t\t\t\t\t\t\t<span class=\"elementor-toggle-icon elementor-toggle-icon-right\" aria-hidden=\"true\">\n\t\t\t\t\t\t\t\t\t\t\t\t\t\t\t<span class=\"elementor-toggle-icon-closed\"><i class=\"fas fa-caret-right\"><\/i><\/span>\n\t\t\t\t\t\t\t\t<span class=\"elementor-toggle-icon-opened\"><i class=\"elementor-toggle-icon-opened fas fa-caret-up\"><\/i><\/span>\n\t\t\t\t\t\t\t\t\t\t\t\t\t<\/span>\n\t\t\t\t\t\t\t\t\t\t\t\t<a class=\"elementor-toggle-title\" tabindex=\"0\">Palestrante<\/a>\n\t\t\t\t\t<\/h4>\n\n\t\t\t\t\t<div id=\"elementor-tab-content-5471\" class=\"elementor-tab-content elementor-clearfix\" data-tab=\"1\" role=\"region\" aria-labelledby=\"elementor-tab-title-5471\"><p><span style=\"font-weight: 400;\">Licenciado em Arquitetura pela Escola de Arquitetura da Universidade de Navarra, onde foi mais tarde professor e Coordenador da Especializa\u00e7\u00e3o em Reabilita\u00e7\u00e3o e Restaura\u00e7\u00e3o na Arquitetura. Foi arquiteto do Servi\u00e7o de Patrim\u00f3nio Hist\u00f3rico da Dire\u00e7\u00e3o Geral de Cultura-Institui\u00e7\u00e3o Pr\u00edncipe de Viana do Governo de Navarra, desde 1986. Durante a sua percurso nesta institui\u00e7\u00e3o, as suas obras de restaura\u00e7\u00e3o de diversos monumentos e conjuntos Navarros foram galardoadas com o Pr\u00e9mio Nacional de Restaura\u00e7\u00e3o e Conserva\u00e7\u00e3o de Bens Culturais em 1998, a Medalha de Prata da Associa\u00e7\u00e3o Espanhola de Amigos dos Castelos em 2000, o Pr\u00e9mio Internacional Uni\u00e3o Europeia de Patrim\u00f3nio Cultural-Europa Nostra 2012, e o Pr\u00e9mio Rafael Manzano de Nova Arquitetura Tradicional 2012, entre outras men\u00e7\u00f5es. \u00c9 membro da Academia del Partal e da Reial Acad\u00e8mia Catalana de Belles Arts de Sant Jordi.<\/span><\/p>\n<\/div>\n\t\t\t\t<\/div>\n\t\t\t\t\t\t\t\t<\/div>\n\t\t\t\t\t\t<\/div>\n\t\t\t\t<\/div>\n\t\t\t\t<\/div>\n\t\t<div class=\"elementor-element elementor-element-f22c3ce e-con-full e-flex e-con e-child\" data-id=\"f22c3ce\" data-element_type=\"container\" data-e-type=\"container\">\n\t\t\t\t<div class=\"elementor-element elementor-element-016a28f elementor-widget elementor-widget-image\" data-id=\"016a28f\" data-element_type=\"widget\" data-e-type=\"widget\" data-widget_type=\"image.default\">\n\t\t\t\t<div class=\"elementor-widget-container\">\n\t\t\t\t\t\t\t\t\t\t\t\t\t\t\t<img loading=\"lazy\" decoding=\"async\" width=\"300\" height=\"300\" src=\"https:\/\/culturasconstructivas.org\/wp-content\/uploads\/2024\/04\/Padre-Cesar-Maciel-300x300.jpg\" class=\"attachment-medium size-medium wp-image-5776\" alt=\"\" srcset=\"https:\/\/culturasconstructivas.org\/wp-content\/uploads\/2024\/04\/Padre-Cesar-Maciel-300x300.jpg 300w, https:\/\/culturasconstructivas.org\/wp-content\/uploads\/2024\/04\/Padre-Cesar-Maciel-150x150.jpg 150w, https:\/\/culturasconstructivas.org\/wp-content\/uploads\/2024\/04\/Padre-Cesar-Maciel.jpg 400w\" sizes=\"(max-width: 300px) 100vw, 300px\" \/>\t\t\t\t\t\t\t\t\t\t\t\t\t\t\t<\/div>\n\t\t\t\t<\/div>\n\t\t\t\t<div class=\"elementor-element elementor-element-7a58f5b elementor-widget elementor-widget-heading\" data-id=\"7a58f5b\" data-element_type=\"widget\" data-e-type=\"widget\" data-widget_type=\"heading.default\">\n\t\t\t\t<div class=\"elementor-widget-container\">\n\t\t\t\t\t<h4 class=\"elementor-heading-title elementor-size-default\">C\u00e9sar Maciel <\/h4>\t\t\t\t<\/div>\n\t\t\t\t<\/div>\n\t\t\t\t<div class=\"elementor-element elementor-element-fe46a90 elementor-widget elementor-widget-text-editor\" data-id=\"fe46a90\" data-element_type=\"widget\" data-e-type=\"widget\" data-widget_type=\"text-editor.default\">\n\t\t\t\t<div class=\"elementor-widget-container\">\n\t\t\t\t\t\t\t\t\t<p><span style=\"font-weight: 400;\">Santuario de Nossa Senhora da Peneda<\/span><\/p>\n\t\t\t\t\t\t\t\t<\/div>\n\t\t\t\t<\/div>\n\t\t\t\t<div class=\"elementor-element elementor-element-541c3cc elementor-widget elementor-widget-toggle\" data-id=\"541c3cc\" data-element_type=\"widget\" data-e-type=\"widget\" data-widget_type=\"toggle.default\">\n\t\t\t\t<div class=\"elementor-widget-container\">\n\t\t\t\t\t\t\t<div class=\"elementor-toggle\">\n\t\t\t\t\t\t\t<div class=\"elementor-toggle-item\">\n\t\t\t\t\t<h4 id=\"elementor-tab-title-8811\" class=\"elementor-tab-title\" data-tab=\"1\" role=\"button\" aria-controls=\"elementor-tab-content-8811\" aria-expanded=\"false\">\n\t\t\t\t\t\t\t\t\t\t\t\t<span class=\"elementor-toggle-icon elementor-toggle-icon-right\" aria-hidden=\"true\">\n\t\t\t\t\t\t\t\t\t\t\t\t\t\t\t<span class=\"elementor-toggle-icon-closed\"><i class=\"fas fa-caret-right\"><\/i><\/span>\n\t\t\t\t\t\t\t\t<span class=\"elementor-toggle-icon-opened\"><i class=\"elementor-toggle-icon-opened fas fa-caret-up\"><\/i><\/span>\n\t\t\t\t\t\t\t\t\t\t\t\t\t<\/span>\n\t\t\t\t\t\t\t\t\t\t\t\t<a class=\"elementor-toggle-title\" tabindex=\"0\">Palestrante<\/a>\n\t\t\t\t\t<\/h4>\n\n\t\t\t\t\t<div id=\"elementor-tab-content-8811\" class=\"elementor-tab-content elementor-clearfix\" data-tab=\"1\" role=\"region\" aria-labelledby=\"elementor-tab-title-8811\"><p><span style=\"font-weight: 400;\">Licenciado en Teolog\u00eda, es sacerdote en la Di\u00f3cesis de Viana do Castelo desde 2008. Ha sido p\u00e1rroco en varias parroquias del Municipio de Melga\u00e7o y Gavieira en Arcos de Valdevez. Es Rector del Santuario Diocesano de Nossa Senhora da Peneda y como tal acompa\u00f1\u00f3 el desarrollo del proceso de clasificaci\u00f3n del Santuario como Monumento Nacional.  <\/span><\/p>\n<\/div>\n\t\t\t\t<\/div>\n\t\t\t\t\t\t\t\t<\/div>\n\t\t\t\t\t\t<\/div>\n\t\t\t\t<\/div>\n\t\t\t\t<\/div>\n\t\t<div class=\"elementor-element elementor-element-7287aa0 e-con-full e-flex e-con e-child\" data-id=\"7287aa0\" data-element_type=\"container\" data-e-type=\"container\">\n\t\t<div class=\"elementor-element elementor-element-5ead3fa e-flex e-con-boxed e-con e-child\" data-id=\"5ead3fa\" data-element_type=\"container\" data-e-type=\"container\">\n\t\t\t\t\t<div class=\"e-con-inner\">\n\t\t\t\t<div class=\"elementor-element elementor-element-8a79f9f elementor-widget elementor-widget-image\" data-id=\"8a79f9f\" data-element_type=\"widget\" data-e-type=\"widget\" data-widget_type=\"image.default\">\n\t\t\t\t<div class=\"elementor-widget-container\">\n\t\t\t\t\t\t\t\t\t\t\t\t\t\t\t<img loading=\"lazy\" decoding=\"async\" width=\"300\" height=\"300\" src=\"https:\/\/culturasconstructivas.org\/wp-content\/uploads\/2024\/04\/Rafael-Manzano.webp\" class=\"attachment-medium size-medium wp-image-3661\" alt=\"\" srcset=\"https:\/\/culturasconstructivas.org\/wp-content\/uploads\/2024\/04\/Rafael-Manzano.webp 300w, https:\/\/culturasconstructivas.org\/wp-content\/uploads\/2024\/04\/Rafael-Manzano-150x150.webp 150w\" sizes=\"(max-width: 300px) 100vw, 300px\" \/>\t\t\t\t\t\t\t\t\t\t\t\t\t\t\t<\/div>\n\t\t\t\t<\/div>\n\t\t\t\t<div class=\"elementor-element elementor-element-bc0d07d elementor-widget elementor-widget-heading\" data-id=\"bc0d07d\" data-element_type=\"widget\" data-e-type=\"widget\" data-widget_type=\"heading.default\">\n\t\t\t\t<div class=\"elementor-widget-container\">\n\t\t\t\t\t<h4 class=\"elementor-heading-title elementor-size-default\">Rafael Manzano<\/h4>\t\t\t\t<\/div>\n\t\t\t\t<\/div>\n\t\t\t\t<div class=\"elementor-element elementor-element-859ef96 elementor-widget elementor-widget-text-editor\" data-id=\"859ef96\" data-element_type=\"widget\" data-e-type=\"widget\" data-widget_type=\"text-editor.default\">\n\t\t\t\t<div class=\"elementor-widget-container\">\n\t\t\t\t\t\t\t\t\t<p><span style=\"font-weight: 400;\">INTBAU Espanha<\/span><\/p>\n\t\t\t\t\t\t\t\t<\/div>\n\t\t\t\t<\/div>\n\t\t\t\t<div class=\"elementor-element elementor-element-ddb8615 elementor-widget elementor-widget-toggle\" data-id=\"ddb8615\" data-element_type=\"widget\" data-e-type=\"widget\" data-widget_type=\"toggle.default\">\n\t\t\t\t<div class=\"elementor-widget-container\">\n\t\t\t\t\t\t\t<div class=\"elementor-toggle\">\n\t\t\t\t\t\t\t<div class=\"elementor-toggle-item\">\n\t\t\t\t\t<h4 id=\"elementor-tab-title-2321\" class=\"elementor-tab-title\" data-tab=\"1\" role=\"button\" aria-controls=\"elementor-tab-content-2321\" aria-expanded=\"false\">\n\t\t\t\t\t\t\t\t\t\t\t\t<span class=\"elementor-toggle-icon elementor-toggle-icon-right\" aria-hidden=\"true\">\n\t\t\t\t\t\t\t\t\t\t\t\t\t\t\t<span class=\"elementor-toggle-icon-closed\"><i class=\"fas fa-caret-right\"><\/i><\/span>\n\t\t\t\t\t\t\t\t<span class=\"elementor-toggle-icon-opened\"><i class=\"elementor-toggle-icon-opened fas fa-caret-up\"><\/i><\/span>\n\t\t\t\t\t\t\t\t\t\t\t\t\t<\/span>\n\t\t\t\t\t\t\t\t\t\t\t\t<a class=\"elementor-toggle-title\" tabindex=\"0\">Palestrante<\/a>\n\t\t\t\t\t<\/h4>\n\n\t\t\t\t\t<div id=\"elementor-tab-content-2321\" class=\"elementor-tab-content elementor-clearfix\" data-tab=\"1\" role=\"region\" aria-labelledby=\"elementor-tab-title-2321\"><p><span style=\"font-weight: 400;\">Licenciado em Arquitetura pela Universidade Polit\u00e9cnica de Madrid e, desde 1966, professor catedr\u00e1tico de Hist\u00f3ria Geral da Arte na Escola Superior T\u00e9cnica de Arquitetura de Sevilha, onde foi tamb\u00e9m Diretor-Decano. Dedicou a sua vida ao estudo do Classicismo, em especial no mundo Isl\u00e2mico, criou novos edif\u00edcios tradicionais e restaurou diversos monumentos em Espanha, Estados Unidos da Am\u00e9rica e M\u00e9dio Oriente. Foi Diretor-Conservador dos Alc\u00e1ceres Reais de Sevilha e da cidade califal de Medina Azahara em C\u00f3rdoba, e presidiu a comiss\u00e3o de obras do Real Patronato da Alhambra e Generalife. \u00c9 membro de numerosas institui\u00e7\u00f5es acad\u00e9micas Espanholas, entre as quais a Real Academia de Belas Artes de San Fernando. A sua obra foi premiada com a Medalha de Ouro das Belas Artes, entre outros galard\u00f5es, e \u00e9 tamb\u00e9m Comendador com Ins\u00edgnia da Ordem Civil de Afonso X, o S\u00e1bio. Foi tamb\u00e9m vencedor do Pr\u00e9mio Richard H. Driehaus de Arquitetura Cl\u00e1ssica em 2010, feito que levou a que Richard Driehaus criasse em sua homenagem um pr\u00e9mio em Espanha com o seu nome, o Pr\u00e9mio Rafael Manzano, que deu origem \u00e0s iniciativas desenvolvidas atualmente por esta Funda\u00e7\u00e3o e, portanto, embri\u00e3o da mesma.<\/span><\/p>\n<\/div>\n\t\t\t\t<\/div>\n\t\t\t\t\t\t\t\t<\/div>\n\t\t\t\t\t\t<\/div>\n\t\t\t\t<\/div>\n\t\t\t\t\t<\/div>\n\t\t\t\t<\/div>\n\t\t\t\t<\/div>\n\t\t\t\t<\/div>\n\t\t<div class=\"elementor-element elementor-element-852e5f5 e-con-full e-flex e-con e-child\" data-id=\"852e5f5\" data-element_type=\"container\" data-e-type=\"container\">\n\t\t<div class=\"elementor-element elementor-element-f19927b e-con-full e-flex e-con e-child\" data-id=\"f19927b\" data-element_type=\"container\" data-e-type=\"container\">\n\t\t<div class=\"elementor-element elementor-element-3266574 e-flex e-con-boxed e-con e-child\" data-id=\"3266574\" data-element_type=\"container\" data-e-type=\"container\">\n\t\t\t\t\t<div class=\"e-con-inner\">\n\t\t\t\t<div class=\"elementor-element elementor-element-68d3348 elementor-widget elementor-widget-image\" data-id=\"68d3348\" data-element_type=\"widget\" data-e-type=\"widget\" data-widget_type=\"image.default\">\n\t\t\t\t<div class=\"elementor-widget-container\">\n\t\t\t\t\t\t\t\t\t\t\t\t\t\t\t<img loading=\"lazy\" decoding=\"async\" width=\"300\" height=\"300\" src=\"https:\/\/culturasconstructivas.org\/wp-content\/uploads\/2024\/04\/Antonio-MEdeiros-FCCT-300x300.jpg\" class=\"attachment-medium size-medium wp-image-5788\" alt=\"\" srcset=\"https:\/\/culturasconstructivas.org\/wp-content\/uploads\/2024\/04\/Antonio-MEdeiros-FCCT-300x300.jpg 300w, https:\/\/culturasconstructivas.org\/wp-content\/uploads\/2024\/04\/Antonio-MEdeiros-FCCT-150x150.jpg 150w, https:\/\/culturasconstructivas.org\/wp-content\/uploads\/2024\/04\/Antonio-MEdeiros-FCCT.jpg 406w\" sizes=\"(max-width: 300px) 100vw, 300px\" \/>\t\t\t\t\t\t\t\t\t\t\t\t\t\t\t<\/div>\n\t\t\t\t<\/div>\n\t\t\t\t<div class=\"elementor-element elementor-element-e030cdd elementor-widget elementor-widget-heading\" data-id=\"e030cdd\" data-element_type=\"widget\" data-e-type=\"widget\" data-widget_type=\"heading.default\">\n\t\t\t\t<div class=\"elementor-widget-container\">\n\t\t\t\t\t<h4 class=\"elementor-heading-title elementor-size-default\">Ant\u00f3nio Fernando Medeiros<\/h4>\t\t\t\t<\/div>\n\t\t\t\t<\/div>\n\t\t\t\t<div class=\"elementor-element elementor-element-c7fa5ea elementor-widget elementor-widget-text-editor\" data-id=\"c7fa5ea\" data-element_type=\"widget\" data-e-type=\"widget\" data-widget_type=\"text-editor.default\">\n\t\t\t\t<div class=\"elementor-widget-container\">\n\t\t\t\t\t\t\t\t\t<p><span style=\"font-weight: 400;\">ISCTE-IUL<\/span><\/p>\n\t\t\t\t\t\t\t\t<\/div>\n\t\t\t\t<\/div>\n\t\t\t\t<div class=\"elementor-element elementor-element-284d99d elementor-widget elementor-widget-toggle\" data-id=\"284d99d\" data-element_type=\"widget\" data-e-type=\"widget\" data-widget_type=\"toggle.default\">\n\t\t\t\t<div class=\"elementor-widget-container\">\n\t\t\t\t\t\t\t<div class=\"elementor-toggle\">\n\t\t\t\t\t\t\t<div class=\"elementor-toggle-item\">\n\t\t\t\t\t<h4 id=\"elementor-tab-title-4221\" class=\"elementor-tab-title\" data-tab=\"1\" role=\"button\" aria-controls=\"elementor-tab-content-4221\" aria-expanded=\"false\">\n\t\t\t\t\t\t\t\t\t\t\t\t<span class=\"elementor-toggle-icon elementor-toggle-icon-right\" aria-hidden=\"true\">\n\t\t\t\t\t\t\t\t\t\t\t\t\t\t\t<span class=\"elementor-toggle-icon-closed\"><i class=\"fas fa-caret-right\"><\/i><\/span>\n\t\t\t\t\t\t\t\t<span class=\"elementor-toggle-icon-opened\"><i class=\"elementor-toggle-icon-opened fas fa-caret-up\"><\/i><\/span>\n\t\t\t\t\t\t\t\t\t\t\t\t\t<\/span>\n\t\t\t\t\t\t\t\t\t\t\t\t<a class=\"elementor-toggle-title\" tabindex=\"0\">Palestrante<\/a>\n\t\t\t\t\t<\/h4>\n\n\t\t\t\t\t<div id=\"elementor-tab-content-4221\" class=\"elementor-tab-content elementor-clearfix\" data-tab=\"1\" role=\"region\" aria-labelledby=\"elementor-tab-title-4221\"><p><span style=\"font-weight: 400;\">Ant\u00f3nio es antrop\u00f3logo, profesor del Departamento de Antropolog\u00eda del ISCTE-IUL e investigador del Centro de Estudios Internacionales &#8211; IUL (Lisboa). Anteriormente fue profesor de FL en la Universidad de Oporto y en \u00c1rvore II (actual Escola Superior Art\u00edstica &#8211; Oporto). Ha realizado desde principios de los a\u00f1os noventa un gran n\u00famero de investigaciones en el Norte de Portugal y Galicia. Es autor y editor de varios libros y art\u00edculos, publicados tanto en Portugal como en el extranjero.   <\/span><\/p>\n<\/div>\n\t\t\t\t<\/div>\n\t\t\t\t\t\t\t\t<\/div>\n\t\t\t\t\t\t<\/div>\n\t\t\t\t<\/div>\n\t\t\t\t\t<\/div>\n\t\t\t\t<\/div>\n\t\t\t\t<\/div>\n\t\t<div class=\"elementor-element elementor-element-fcbb233 e-con-full e-flex e-con e-child\" data-id=\"fcbb233\" data-element_type=\"container\" data-e-type=\"container\">\n\t\t\t\t<div class=\"elementor-element elementor-element-a415fec elementor-widget elementor-widget-image\" data-id=\"a415fec\" data-element_type=\"widget\" data-e-type=\"widget\" data-widget_type=\"image.default\">\n\t\t\t\t<div class=\"elementor-widget-container\">\n\t\t\t\t\t\t\t\t\t\t\t\t\t\t\t<img loading=\"lazy\" decoding=\"async\" width=\"300\" height=\"300\" src=\"https:\/\/culturasconstructivas.org\/wp-content\/uploads\/2024\/04\/Antonio-Meneres-peneda-300x300.jpg\" class=\"attachment-medium size-medium wp-image-5773\" alt=\"\" srcset=\"https:\/\/culturasconstructivas.org\/wp-content\/uploads\/2024\/04\/Antonio-Meneres-peneda-300x300.jpg 300w, https:\/\/culturasconstructivas.org\/wp-content\/uploads\/2024\/04\/Antonio-Meneres-peneda-150x150.jpg 150w, https:\/\/culturasconstructivas.org\/wp-content\/uploads\/2024\/04\/Antonio-Meneres-peneda.jpg 423w\" sizes=\"(max-width: 300px) 100vw, 300px\" \/>\t\t\t\t\t\t\t\t\t\t\t\t\t\t\t<\/div>\n\t\t\t\t<\/div>\n\t\t\t\t<div class=\"elementor-element elementor-element-3063024 elementor-widget elementor-widget-heading\" data-id=\"3063024\" data-element_type=\"widget\" data-e-type=\"widget\" data-widget_type=\"heading.default\">\n\t\t\t\t<div class=\"elementor-widget-container\">\n\t\t\t\t\t<h4 class=\"elementor-heading-title elementor-size-default\">Ant\u00f3nio Men\u00e9res<\/h4>\t\t\t\t<\/div>\n\t\t\t\t<\/div>\n\t\t\t\t<div class=\"elementor-element elementor-element-f306b62 elementor-widget elementor-widget-text-editor\" data-id=\"f306b62\" data-element_type=\"widget\" data-e-type=\"widget\" data-widget_type=\"text-editor.default\">\n\t\t\t\t<div class=\"elementor-widget-container\">\n\t\t\t\t\t\t\t\t\t<p><span style=\"font-weight: 400;\">Faculdade de Arquitetura da Universidade do Porto<\/span><\/p>\n\t\t\t\t\t\t\t\t<\/div>\n\t\t\t\t<\/div>\n\t\t\t\t<div class=\"elementor-element elementor-element-b952dd4 elementor-widget elementor-widget-toggle\" data-id=\"b952dd4\" data-element_type=\"widget\" data-e-type=\"widget\" data-widget_type=\"toggle.default\">\n\t\t\t\t<div class=\"elementor-widget-container\">\n\t\t\t\t\t\t\t<div class=\"elementor-toggle\">\n\t\t\t\t\t\t\t<div class=\"elementor-toggle-item\">\n\t\t\t\t\t<h4 id=\"elementor-tab-title-1941\" class=\"elementor-tab-title\" data-tab=\"1\" role=\"button\" aria-controls=\"elementor-tab-content-1941\" aria-expanded=\"false\">\n\t\t\t\t\t\t\t\t\t\t\t\t<span class=\"elementor-toggle-icon elementor-toggle-icon-right\" aria-hidden=\"true\">\n\t\t\t\t\t\t\t\t\t\t\t\t\t\t\t<span class=\"elementor-toggle-icon-closed\"><i class=\"fas fa-caret-right\"><\/i><\/span>\n\t\t\t\t\t\t\t\t<span class=\"elementor-toggle-icon-opened\"><i class=\"elementor-toggle-icon-opened fas fa-caret-up\"><\/i><\/span>\n\t\t\t\t\t\t\t\t\t\t\t\t\t<\/span>\n\t\t\t\t\t\t\t\t\t\t\t\t<a class=\"elementor-toggle-title\" tabindex=\"0\">Palestrante<\/a>\n\t\t\t\t\t<\/h4>\n\n\t\t\t\t\t<div id=\"elementor-tab-content-1941\" class=\"elementor-tab-content elementor-clearfix\" data-tab=\"1\" role=\"region\" aria-labelledby=\"elementor-tab-title-1941\"><p><span style=\"font-weight: 400;\">Ant\u00f3nio naci\u00f3 en Matosinhos en 1930. Se licenci\u00f3 en Arquitectura por la Escola Superior de Belas-Artes do Porto y posteriormente realiz\u00f3 pr\u00e1cticas con los arquitectos Fernando T\u00e1vora y Jo\u00e3o Andresen. Imparti\u00f3 clases en la Escuela de Arquitectura de la Universidad de Oporto hasta su jubilaci\u00f3n, trabaj\u00f3 tambi\u00e9n en su propio despacho y realiz\u00f3 regularmente trabajos de investigaci\u00f3n sobre el patrimonio arquitect\u00f3nico. Ant\u00f3nio Meneres particip\u00f3 en el Estudio de Arquitectura Regional Portuguesa en 1955-60.   <\/span><\/p>\n<p><span style=\"font-weight: 400;\">Tambi\u00e9n ha participado en coloquios y congresos en el \u00e1rea del estudio y la <\/span><span style=\"font-weight: 400;\">revitalizaci\u00f3n del patrimonio arquitect\u00f3nico en Portugal y las Azores, as\u00ed como en Brasil (las Escuelas de Arquitectura de S\u00e3o Paulo, R\u00edo de Janeiro, Belo Horizonte, Brasilia, Campinas, Fortaleza, Florian\u00f3polis, Goi\u00e2nia, Salvador, S\u00e3o Lu\u00eds do Maranh\u00e3o y Vit\u00f3ria). En 2008 fue distinguido con la Gran Cruz de la Orden Internacional al M\u00e9rito del Descubridor de Brasil Pedro \u00c1lvares Cabral. Es Miembro Honorario n\u00ba. 333 de la Ordem dos Arquitectos (Portugal).   <\/span><\/p>\n<\/div>\n\t\t\t\t<\/div>\n\t\t\t\t\t\t\t\t<\/div>\n\t\t\t\t\t\t<\/div>\n\t\t\t\t<\/div>\n\t\t\t\t<\/div>\n\t\t<div class=\"elementor-element elementor-element-2966d98 e-con-full e-flex e-con e-child\" data-id=\"2966d98\" data-element_type=\"container\" data-e-type=\"container\">\n\t\t\t\t<div class=\"elementor-element elementor-element-1ba24a4 elementor-widget elementor-widget-image\" data-id=\"1ba24a4\" data-element_type=\"widget\" data-e-type=\"widget\" data-widget_type=\"image.default\">\n\t\t\t\t<div class=\"elementor-widget-container\">\n\t\t\t\t\t\t\t\t\t\t\t\t\t\t\t<img loading=\"lazy\" decoding=\"async\" width=\"300\" height=\"300\" src=\"https:\/\/culturasconstructivas.org\/wp-content\/uploads\/2024\/04\/Telma-foto-Premio-Rafael-Manzano.jpg\" class=\"attachment-medium size-medium wp-image-5785\" alt=\"\" srcset=\"https:\/\/culturasconstructivas.org\/wp-content\/uploads\/2024\/04\/Telma-foto-Premio-Rafael-Manzano.jpg 300w, https:\/\/culturasconstructivas.org\/wp-content\/uploads\/2024\/04\/Telma-foto-Premio-Rafael-Manzano-150x150.jpg 150w\" sizes=\"(max-width: 300px) 100vw, 300px\" \/>\t\t\t\t\t\t\t\t\t\t\t\t\t\t\t<\/div>\n\t\t\t\t<\/div>\n\t\t\t\t<div class=\"elementor-element elementor-element-bb79f0b elementor-widget elementor-widget-heading\" data-id=\"bb79f0b\" data-element_type=\"widget\" data-e-type=\"widget\" data-widget_type=\"heading.default\">\n\t\t\t\t<div class=\"elementor-widget-container\">\n\t\t\t\t\t<h4 class=\"elementor-heading-title elementor-size-default\">Telma Ribeiro<\/h4>\t\t\t\t<\/div>\n\t\t\t\t<\/div>\n\t\t\t\t<div class=\"elementor-element elementor-element-130a034 elementor-widget elementor-widget-text-editor\" data-id=\"130a034\" data-element_type=\"widget\" data-e-type=\"widget\" data-widget_type=\"text-editor.default\">\n\t\t\t\t<div class=\"elementor-widget-container\">\n\t\t\t\t\t\t\t\t\t<p><span style=\"font-weight: 400;\">Universidade Portucalense (UPT) | INTBAU Portugal<\/span><\/p>\n\t\t\t\t\t\t\t\t<\/div>\n\t\t\t\t<\/div>\n\t\t\t\t<div class=\"elementor-element elementor-element-e8a9a19 elementor-widget elementor-widget-toggle\" data-id=\"e8a9a19\" data-element_type=\"widget\" data-e-type=\"widget\" data-widget_type=\"toggle.default\">\n\t\t\t\t<div class=\"elementor-widget-container\">\n\t\t\t\t\t\t\t<div class=\"elementor-toggle\">\n\t\t\t\t\t\t\t<div class=\"elementor-toggle-item\">\n\t\t\t\t\t<h4 id=\"elementor-tab-title-2431\" class=\"elementor-tab-title\" data-tab=\"1\" role=\"button\" aria-controls=\"elementor-tab-content-2431\" aria-expanded=\"false\">\n\t\t\t\t\t\t\t\t\t\t\t\t<span class=\"elementor-toggle-icon elementor-toggle-icon-right\" aria-hidden=\"true\">\n\t\t\t\t\t\t\t\t\t\t\t\t\t\t\t<span class=\"elementor-toggle-icon-closed\"><i class=\"fas fa-caret-right\"><\/i><\/span>\n\t\t\t\t\t\t\t\t<span class=\"elementor-toggle-icon-opened\"><i class=\"elementor-toggle-icon-opened fas fa-caret-up\"><\/i><\/span>\n\t\t\t\t\t\t\t\t\t\t\t\t\t<\/span>\n\t\t\t\t\t\t\t\t\t\t\t\t<a class=\"elementor-toggle-title\" tabindex=\"0\">Palestrante<\/a>\n\t\t\t\t\t<\/h4>\n\n\t\t\t\t\t<div id=\"elementor-tab-content-2431\" class=\"elementor-tab-content elementor-clearfix\" data-tab=\"1\" role=\"region\" aria-labelledby=\"elementor-tab-title-2431\"><p><span style=\"font-weight: 400;\">Doctora y M\u00e1ster en Ciencias de la Conservaci\u00f3n por la Universidad Nova de Lisboa, con especializaci\u00f3n en conservaci\u00f3n y restauraci\u00f3n de materiales p\u00e9treos y terrosos. Adem\u00e1s de su actividad acad\u00e9mica tambi\u00e9n ha desarrollado su carrera profesional como conservadora-restauradora del patrimonio construido, habiendo realizado varios trabajos en diferentes monumentos nacionales. Ha publicado varios art\u00edculos en revistas especializadas y cap\u00edtulos de libros, participado en conferencias y seminarios como ponente y organizado talleres. Adem\u00e1s, es socia fundadora del cap\u00edtulo portugu\u00e9s de la asociaci\u00f3n internacional INTBAU (International Network for Traditional Building, Architecture, and Urbanism), que protege y promueve la arquitectura tradicional en Portugal.   <\/span><\/p>\n<\/div>\n\t\t\t\t<\/div>\n\t\t\t\t\t\t\t\t<\/div>\n\t\t\t\t\t\t<\/div>\n\t\t\t\t<\/div>\n\t\t\t\t<\/div>\n\t\t<div class=\"elementor-element elementor-element-3941936 e-con-full e-flex e-con e-child\" data-id=\"3941936\" data-element_type=\"container\" data-e-type=\"container\">\n\t\t\t\t<div class=\"elementor-element elementor-element-9a2f808 elementor-widget elementor-widget-image\" data-id=\"9a2f808\" data-element_type=\"widget\" data-e-type=\"widget\" data-widget_type=\"image.default\">\n\t\t\t\t<div class=\"elementor-widget-container\">\n\t\t\t\t\t\t\t\t\t\t\t\t\t\t\t<img loading=\"lazy\" decoding=\"async\" width=\"300\" height=\"300\" src=\"https:\/\/culturasconstructivas.org\/wp-content\/uploads\/2024\/04\/Goreti-Sousa_Portucalense-300x300.png\" class=\"attachment-medium size-medium wp-image-5782\" alt=\"\" srcset=\"https:\/\/culturasconstructivas.org\/wp-content\/uploads\/2024\/04\/Goreti-Sousa_Portucalense-300x300.png 300w, https:\/\/culturasconstructivas.org\/wp-content\/uploads\/2024\/04\/Goreti-Sousa_Portucalense-150x150.png 150w, https:\/\/culturasconstructivas.org\/wp-content\/uploads\/2024\/04\/Goreti-Sousa_Portucalense.png 407w\" sizes=\"(max-width: 300px) 100vw, 300px\" \/>\t\t\t\t\t\t\t\t\t\t\t\t\t\t\t<\/div>\n\t\t\t\t<\/div>\n\t\t\t\t<div class=\"elementor-element elementor-element-742e9a6 elementor-widget elementor-widget-heading\" data-id=\"742e9a6\" data-element_type=\"widget\" data-e-type=\"widget\" data-widget_type=\"heading.default\">\n\t\t\t\t<div class=\"elementor-widget-container\">\n\t\t\t\t\t<h4 class=\"elementor-heading-title elementor-size-default\">Goreti Sousa <\/h4>\t\t\t\t<\/div>\n\t\t\t\t<\/div>\n\t\t\t\t<div class=\"elementor-element elementor-element-1e767c7 elementor-widget elementor-widget-text-editor\" data-id=\"1e767c7\" data-element_type=\"widget\" data-e-type=\"widget\" data-widget_type=\"text-editor.default\">\n\t\t\t\t<div class=\"elementor-widget-container\">\n\t\t\t\t\t\t\t\t\t<p><span style=\"font-weight: 400;\">Universidade Portucalense (UPT)<\/span><\/p>\n\t\t\t\t\t\t\t\t<\/div>\n\t\t\t\t<\/div>\n\t\t\t\t<div class=\"elementor-element elementor-element-d40b647 elementor-widget elementor-widget-toggle\" data-id=\"d40b647\" data-element_type=\"widget\" data-e-type=\"widget\" data-widget_type=\"toggle.default\">\n\t\t\t\t<div class=\"elementor-widget-container\">\n\t\t\t\t\t\t\t<div class=\"elementor-toggle\">\n\t\t\t\t\t\t\t<div class=\"elementor-toggle-item\">\n\t\t\t\t\t<h4 id=\"elementor-tab-title-2221\" class=\"elementor-tab-title\" data-tab=\"1\" role=\"button\" aria-controls=\"elementor-tab-content-2221\" aria-expanded=\"false\">\n\t\t\t\t\t\t\t\t\t\t\t\t<span class=\"elementor-toggle-icon elementor-toggle-icon-right\" aria-hidden=\"true\">\n\t\t\t\t\t\t\t\t\t\t\t\t\t\t\t<span class=\"elementor-toggle-icon-closed\"><i class=\"fas fa-caret-right\"><\/i><\/span>\n\t\t\t\t\t\t\t\t<span class=\"elementor-toggle-icon-opened\"><i class=\"elementor-toggle-icon-opened fas fa-caret-up\"><\/i><\/span>\n\t\t\t\t\t\t\t\t\t\t\t\t\t<\/span>\n\t\t\t\t\t\t\t\t\t\t\t\t<a class=\"elementor-toggle-title\" tabindex=\"0\">Palestrante<\/a>\n\t\t\t\t\t<\/h4>\n\n\t\t\t\t\t<div id=\"elementor-tab-content-2221\" class=\"elementor-tab-content elementor-clearfix\" data-tab=\"1\" role=\"region\" aria-labelledby=\"elementor-tab-title-2221\"><p><span style=\"font-weight: 400;\">Doctora por la Universidad de Santiago de Compostela en Prehistoria (2013). Anteriormente realiz\u00f3 el DEA en Arqueolog\u00eda, Historia Antigua y Ciencias y T\u00e9cnicas Historiogr\u00e1ficas, y en 1998, el Grado en Historia &#8211; Rama Educativa, en la Universidad de Oporto. Actualmente es Directora de Admisiones y Servicios de Apoyo al Estudiante de la Universidad Portucalense (UPT), Profesora Adjunta del Departamento de Arquitectura y Multimedia Gallaecia (DAMG-UPT), e Investigadora del CIAUD\/UL &#8211; Rama UPT. Entre 2005 y 2018 form\u00f3 parte activa del equipo de investigaci\u00f3n de 5 proyectos de I+D, cuatro de ellos europeos y uno nacional (FCT). Desde 2003 es investigadora externa en el grupo del Departamento de Historia de la Universidad de Santiago de Compostela. Ha escrito y publicado sobre patrimonio arqueol\u00f3gico, arquitectura de tierra y arquitectura vern\u00e1cula. Como segunda l\u00ednea de investigaci\u00f3n tambi\u00e9n ha escrito y publicado sobre g\u00e9nero y arquitectura.      <\/span><\/p>\n<\/div>\n\t\t\t\t<\/div>\n\t\t\t\t\t\t\t\t<\/div>\n\t\t\t\t\t\t<\/div>\n\t\t\t\t<\/div>\n\t\t\t\t<\/div>\n\t\t\t\t<\/div>\n\t\t<div class=\"elementor-element elementor-element-d9ba457 e-con-full e-flex e-con e-child\" data-id=\"d9ba457\" data-element_type=\"container\" data-e-type=\"container\">\n\t\t<div class=\"elementor-element elementor-element-8df9db0 e-con-full e-flex e-con e-child\" data-id=\"8df9db0\" data-element_type=\"container\" data-e-type=\"container\">\n\t\t<div class=\"elementor-element elementor-element-46a3802 e-flex e-con-boxed e-con e-child\" data-id=\"46a3802\" data-element_type=\"container\" data-e-type=\"container\">\n\t\t\t\t\t<div class=\"e-con-inner\">\n\t\t\t\t<div class=\"elementor-element elementor-element-0ddf26c elementor-widget elementor-widget-image\" data-id=\"0ddf26c\" data-element_type=\"widget\" data-e-type=\"widget\" data-widget_type=\"image.default\">\n\t\t\t\t<div class=\"elementor-widget-container\">\n\t\t\t\t\t\t\t\t\t\t\t\t\t\t\t<img loading=\"lazy\" decoding=\"async\" width=\"300\" height=\"300\" src=\"https:\/\/culturasconstructivas.org\/wp-content\/uploads\/2024\/04\/ALDA-RODRIGUES-fcct-300x300.jpg\" class=\"attachment-medium size-medium wp-image-5779\" alt=\"\" srcset=\"https:\/\/culturasconstructivas.org\/wp-content\/uploads\/2024\/04\/ALDA-RODRIGUES-fcct-300x300.jpg 300w, https:\/\/culturasconstructivas.org\/wp-content\/uploads\/2024\/04\/ALDA-RODRIGUES-fcct-150x150.jpg 150w, https:\/\/culturasconstructivas.org\/wp-content\/uploads\/2024\/04\/ALDA-RODRIGUES-fcct.jpg 400w\" sizes=\"(max-width: 300px) 100vw, 300px\" \/>\t\t\t\t\t\t\t\t\t\t\t\t\t\t\t<\/div>\n\t\t\t\t<\/div>\n\t\t\t\t<div class=\"elementor-element elementor-element-a940ba7 elementor-widget elementor-widget-heading\" data-id=\"a940ba7\" data-element_type=\"widget\" data-e-type=\"widget\" data-widget_type=\"heading.default\">\n\t\t\t\t<div class=\"elementor-widget-container\">\n\t\t\t\t\t<h4 class=\"elementor-heading-title elementor-size-default\">Alda Rodrigues<\/h4>\t\t\t\t<\/div>\n\t\t\t\t<\/div>\n\t\t\t\t<div class=\"elementor-element elementor-element-872b126 elementor-widget elementor-widget-text-editor\" data-id=\"872b126\" data-element_type=\"widget\" data-e-type=\"widget\" data-widget_type=\"text-editor.default\">\n\t\t\t\t<div class=\"elementor-widget-container\">\n\t\t\t\t\t\t\t\t\t<p><span style=\"font-weight: 400;\">Lantana<\/span><\/p>\n\t\t\t\t\t\t\t\t<\/div>\n\t\t\t\t<\/div>\n\t\t\t\t<div class=\"elementor-element elementor-element-360bb0a elementor-widget elementor-widget-toggle\" data-id=\"360bb0a\" data-element_type=\"widget\" data-e-type=\"widget\" data-widget_type=\"toggle.default\">\n\t\t\t\t<div class=\"elementor-widget-container\">\n\t\t\t\t\t\t\t<div class=\"elementor-toggle\">\n\t\t\t\t\t\t\t<div class=\"elementor-toggle-item\">\n\t\t\t\t\t<h4 id=\"elementor-tab-title-5661\" class=\"elementor-tab-title\" data-tab=\"1\" role=\"button\" aria-controls=\"elementor-tab-content-5661\" aria-expanded=\"false\">\n\t\t\t\t\t\t\t\t\t\t\t\t<span class=\"elementor-toggle-icon elementor-toggle-icon-right\" aria-hidden=\"true\">\n\t\t\t\t\t\t\t\t\t\t\t\t\t\t\t<span class=\"elementor-toggle-icon-closed\"><i class=\"fas fa-caret-right\"><\/i><\/span>\n\t\t\t\t\t\t\t\t<span class=\"elementor-toggle-icon-opened\"><i class=\"elementor-toggle-icon-opened fas fa-caret-up\"><\/i><\/span>\n\t\t\t\t\t\t\t\t\t\t\t\t\t<\/span>\n\t\t\t\t\t\t\t\t\t\t\t\t<a class=\"elementor-toggle-title\" tabindex=\"0\">Palestrante<\/a>\n\t\t\t\t\t<\/h4>\n\n\t\t\t\t\t<div id=\"elementor-tab-content-5661\" class=\"elementor-tab-content elementor-clearfix\" data-tab=\"1\" role=\"region\" aria-labelledby=\"elementor-tab-title-5661\"><p><span style=\"font-weight: 400;\">Licenciada en Historia y Arqueolog\u00eda por la Universidad de Minho y M\u00e1ster en Gesti\u00f3n del Patrimonio Cultural por la Facultad de Letras de la Universidad Cat\u00f3lica. Desde 2002 ha desarrollado proyectos en el \u00e1mbito de la arqueolog\u00eda y la gesti\u00f3n del patrimonio cultural, colaborando con entidades como el Parque Nacional de Peneda-Ger\u00eas, varios ayuntamientos y algunos proyectos de investigaci\u00f3n financiados por la Fundaci\u00f3n para la Ciencia y la Tecnolog\u00eda. Desde 2012 es socia directora de Lantana Lda, donde coordina diversos estudios y levantamientos de patrimonio arquitect\u00f3nico, art\u00edstico y arqueol\u00f3gico para su clasificaci\u00f3n como patrimonio cultural, como el Santuario de Nossa Senhora da Peneda, Arcos de Valdevez, (Monumento Nacional), el Paisaje Cultural de Sistelo, la pr\u00e1ctica cultural &#8220;Vezeira de Vilar da Veiga&#8221;, Terras de Bouro (inscrita en el Inventario Nacional de Patrimonio Cultural).   <\/span><span style=\"font-weight: 400;\">Tambi\u00e9n es coordinadora de varios proyectos de inversi\u00f3n en patrimonio cultural y otros recursos end\u00f3genos, cofinanciados por programas de apoyo nacionales y\/o de la UE.<\/span><\/p>\n<\/div>\n\t\t\t\t<\/div>\n\t\t\t\t\t\t\t\t<\/div>\n\t\t\t\t\t\t<\/div>\n\t\t\t\t<\/div>\n\t\t\t\t\t<\/div>\n\t\t\t\t<\/div>\n\t\t\t\t<\/div>\n\t\t<div class=\"elementor-element elementor-element-5dc1d65 e-con-full e-flex e-con e-child\" data-id=\"5dc1d65\" data-element_type=\"container\" data-e-type=\"container\">\n\t\t\t\t<div class=\"elementor-element elementor-element-ace0981 elementor-widget elementor-widget-image\" data-id=\"ace0981\" data-element_type=\"widget\" data-e-type=\"widget\" data-widget_type=\"image.default\">\n\t\t\t\t<div class=\"elementor-widget-container\">\n\t\t\t\t\t\t\t\t\t\t\t\t\t\t\t<img loading=\"lazy\" decoding=\"async\" width=\"300\" height=\"300\" src=\"https:\/\/culturasconstructivas.org\/wp-content\/uploads\/2024\/06\/AlcindaTavares-480x480-1-300x300.jpg\" class=\"attachment-medium size-medium wp-image-9274\" alt=\"\" srcset=\"https:\/\/culturasconstructivas.org\/wp-content\/uploads\/2024\/06\/AlcindaTavares-480x480-1-300x300.jpg 300w, https:\/\/culturasconstructivas.org\/wp-content\/uploads\/2024\/06\/AlcindaTavares-480x480-1-150x150.jpg 150w, https:\/\/culturasconstructivas.org\/wp-content\/uploads\/2024\/06\/AlcindaTavares-480x480-1.jpg 480w\" sizes=\"(max-width: 300px) 100vw, 300px\" \/>\t\t\t\t\t\t\t\t\t\t\t\t\t\t\t<\/div>\n\t\t\t\t<\/div>\n\t\t\t\t<div class=\"elementor-element elementor-element-e3cced5 elementor-widget elementor-widget-heading\" data-id=\"e3cced5\" data-element_type=\"widget\" data-e-type=\"widget\" data-widget_type=\"heading.default\">\n\t\t\t\t<div class=\"elementor-widget-container\">\n\t\t\t\t\t<h4 class=\"elementor-heading-title elementor-size-default\">Alcinda Tavares<\/h4>\t\t\t\t<\/div>\n\t\t\t\t<\/div>\n\t\t\t\t<div class=\"elementor-element elementor-element-6c05e7d elementor-widget elementor-widget-text-editor\" data-id=\"6c05e7d\" data-element_type=\"widget\" data-e-type=\"widget\" data-widget_type=\"text-editor.default\">\n\t\t\t\t<div class=\"elementor-widget-container\">\n\t\t\t\t\t\t\t\t\t<p><span style=\"font-weight: 400;\">Parque Nacional de Peneda-Ger\u00eas<\/span><\/p>\n\t\t\t\t\t\t\t\t<\/div>\n\t\t\t\t<\/div>\n\t\t\t\t<div class=\"elementor-element elementor-element-2390a28 elementor-widget elementor-widget-toggle\" data-id=\"2390a28\" data-element_type=\"widget\" data-e-type=\"widget\" data-widget_type=\"toggle.default\">\n\t\t\t\t<div class=\"elementor-widget-container\">\n\t\t\t\t\t\t\t<div class=\"elementor-toggle\">\n\t\t\t\t\t\t\t<div class=\"elementor-toggle-item\">\n\t\t\t\t\t<h4 id=\"elementor-tab-title-3721\" class=\"elementor-tab-title\" data-tab=\"1\" role=\"button\" aria-controls=\"elementor-tab-content-3721\" aria-expanded=\"false\">\n\t\t\t\t\t\t\t\t\t\t\t\t<span class=\"elementor-toggle-icon elementor-toggle-icon-right\" aria-hidden=\"true\">\n\t\t\t\t\t\t\t\t\t\t\t\t\t\t\t<span class=\"elementor-toggle-icon-closed\"><i class=\"fas fa-caret-right\"><\/i><\/span>\n\t\t\t\t\t\t\t\t<span class=\"elementor-toggle-icon-opened\"><i class=\"elementor-toggle-icon-opened fas fa-caret-up\"><\/i><\/span>\n\t\t\t\t\t\t\t\t\t\t\t\t\t<\/span>\n\t\t\t\t\t\t\t\t\t\t\t\t<a class=\"elementor-toggle-title\" tabindex=\"0\">Palestrante<\/a>\n\t\t\t\t\t<\/h4>\n\n\t\t\t\t\t<div id=\"elementor-tab-content-3721\" class=\"elementor-tab-content elementor-clearfix\" data-tab=\"1\" role=\"region\" aria-labelledby=\"elementor-tab-title-3721\"><p><span style=\"font-weight: 400;\">Licenciada en Arquitectura del Paisaje por la Universidade do \u00c9vora. Durante casi cuatro d\u00e9cadas de pr\u00e1ctica profesional se ha dedicado a la planificaci\u00f3n y gesti\u00f3n de \u00c1reas Protegidas, donde ha trabajado en la implementaci\u00f3n de planeamiento urban\u00edstico, dise\u00f1o de espacios p\u00fablicos, integraci\u00f3n paisaj\u00edstica de grandes infraestructuras y recuperaci\u00f3n biof\u00edsica. Entre otros, ha dirigido la elaboraci\u00f3n de Estudios de An\u00e1lisis\/Diagn\u00f3stico del Paisaje y de Apoyo a la Gesti\u00f3n mediante la emisi\u00f3n de dict\u00e1menes t\u00e9cnicos en el \u00e1mbito de la concesi\u00f3n de licencias, con EIA (evaluaci\u00f3n de impacto ambiental), de canteras y minas, de grandes infraestructuras (centrales hidroel\u00e9ctricas, parques e\u00f3licos, red viaria, red el\u00e9ctrica, etc.), ha elaborado y coordinado estudios tem\u00e1ticos, as\u00ed como realizado el seguimiento de Planes Especiales y Municipales de Ordenaci\u00f3n del Territorio.  <\/span><\/p>\n<\/div>\n\t\t\t\t<\/div>\n\t\t\t\t\t\t\t\t<\/div>\n\t\t\t\t\t\t<\/div>\n\t\t\t\t<\/div>\n\t\t\t\t<\/div>\n\t\t<div class=\"elementor-element elementor-element-cc250af e-con-full e-flex e-con e-child\" data-id=\"cc250af\" data-element_type=\"container\" data-e-type=\"container\">\n\t\t\t\t<div class=\"elementor-element elementor-element-cb829b9 elementor-widget elementor-widget-image\" data-id=\"cb829b9\" data-element_type=\"widget\" data-e-type=\"widget\" data-widget_type=\"image.default\">\n\t\t\t\t<div class=\"elementor-widget-container\">\n\t\t\t\t\t\t\t\t\t\t\t\t\t\t\t<img loading=\"lazy\" decoding=\"async\" width=\"300\" height=\"300\" src=\"https:\/\/culturasconstructivas.org\/wp-content\/uploads\/2024\/06\/CARLOS-Viana-480x480-1-300x300.jpg\" class=\"attachment-medium size-medium wp-image-9271\" alt=\"\" srcset=\"https:\/\/culturasconstructivas.org\/wp-content\/uploads\/2024\/06\/CARLOS-Viana-480x480-1-300x300.jpg 300w, https:\/\/culturasconstructivas.org\/wp-content\/uploads\/2024\/06\/CARLOS-Viana-480x480-1-150x150.jpg 150w, https:\/\/culturasconstructivas.org\/wp-content\/uploads\/2024\/06\/CARLOS-Viana-480x480-1.jpg 480w\" sizes=\"(max-width: 300px) 100vw, 300px\" \/>\t\t\t\t\t\t\t\t\t\t\t\t\t\t\t<\/div>\n\t\t\t\t<\/div>\n\t\t\t\t<div class=\"elementor-element elementor-element-2232808 elementor-widget elementor-widget-heading\" data-id=\"2232808\" data-element_type=\"widget\" data-e-type=\"widget\" data-widget_type=\"heading.default\">\n\t\t\t\t<div class=\"elementor-widget-container\">\n\t\t\t\t\t<h4 class=\"elementor-heading-title elementor-size-default\">Carlos Eduardo Viana<\/h4>\t\t\t\t<\/div>\n\t\t\t\t<\/div>\n\t\t\t\t<div class=\"elementor-element elementor-element-a72dbb8 elementor-widget elementor-widget-text-editor\" data-id=\"a72dbb8\" data-element_type=\"widget\" data-e-type=\"widget\" data-widget_type=\"text-editor.default\">\n\t\t\t\t<div class=\"elementor-widget-container\">\n\t\t\t\t\t\t\t\t\t<p><span style=\"font-weight: 400;\">Associa\u00e7\u00e3o de Produ\u00e7\u00e3o e Anima\u00e7\u00e3o Audiovisual<\/span><\/p>\n\t\t\t\t\t\t\t\t<\/div>\n\t\t\t\t<\/div>\n\t\t\t\t<div class=\"elementor-element elementor-element-f1d814a elementor-widget elementor-widget-toggle\" data-id=\"f1d814a\" data-element_type=\"widget\" data-e-type=\"widget\" data-widget_type=\"toggle.default\">\n\t\t\t\t<div class=\"elementor-widget-container\">\n\t\t\t\t\t\t\t<div class=\"elementor-toggle\">\n\t\t\t\t\t\t\t<div class=\"elementor-toggle-item\">\n\t\t\t\t\t<h4 id=\"elementor-tab-title-2531\" class=\"elementor-tab-title\" data-tab=\"1\" role=\"button\" aria-controls=\"elementor-tab-content-2531\" aria-expanded=\"false\">\n\t\t\t\t\t\t\t\t\t\t\t\t<span class=\"elementor-toggle-icon elementor-toggle-icon-right\" aria-hidden=\"true\">\n\t\t\t\t\t\t\t\t\t\t\t\t\t\t\t<span class=\"elementor-toggle-icon-closed\"><i class=\"fas fa-caret-right\"><\/i><\/span>\n\t\t\t\t\t\t\t\t<span class=\"elementor-toggle-icon-opened\"><i class=\"elementor-toggle-icon-opened fas fa-caret-up\"><\/i><\/span>\n\t\t\t\t\t\t\t\t\t\t\t\t\t<\/span>\n\t\t\t\t\t\t\t\t\t\t\t\t<a class=\"elementor-toggle-title\" tabindex=\"0\">Palestrante<\/a>\n\t\t\t\t\t<\/h4>\n\n\t\t\t\t\t<div id=\"elementor-tab-content-2531\" class=\"elementor-tab-content elementor-clearfix\" data-tab=\"1\" role=\"region\" aria-labelledby=\"elementor-tab-title-2531\"><p><span style=\"font-weight: 400;\">Licenciado en Cine y V\u00eddeo por la ESAP, Escola Superior Art\u00edstica do Porto. Tambi\u00e9n es diplomado en Magisterio (Lengua Portuguesa e Historia y Geograf\u00eda de Portugal) y trabaj\u00f3 como profesor hasta 2020. Gracias a una beca del gobierno franc\u00e9s realiz\u00f3 dos pr\u00e1cticas sobre cine en los Ateliers VARAN de Par\u00eds (iniciaci\u00f3n en 1982 y perfeccionamiento en 1986). Fue miembro fundador, en 1994, de AO NORTE &#8211; Associa\u00e7\u00e3o de Produ\u00e7\u00e3o e Anima\u00e7\u00e3o Audiovisual, organizaci\u00f3n de la que es director. Coordina desde 2001 los Encuentros de Cine de Viana y, desde 2014, el Festival Internacional de Documentales MDOC-Melga\u00e7o.    <\/span><\/p>\n<\/div>\n\t\t\t\t<\/div>\n\t\t\t\t\t\t\t\t<\/div>\n\t\t\t\t\t\t<\/div>\n\t\t\t\t<\/div>\n\t\t\t\t<\/div>\n\t\t<div class=\"elementor-element elementor-element-a3517b5 e-con-full e-flex e-con e-child\" data-id=\"a3517b5\" data-element_type=\"container\" data-e-type=\"container\">\n\t\t\t\t<\/div>\n\t\t\t\t<\/div>\n\t\t\t\t\t<\/div>\n\t\t\t\t<\/div>\n\t\t<div class=\"elementor-element elementor-element-008a028 e-flex e-con-boxed e-con e-parent\" data-id=\"008a028\" data-element_type=\"container\" data-e-type=\"container\" data-settings=\"{&quot;background_background&quot;:&quot;classic&quot;}\">\n\t\t\t\t\t<div class=\"e-con-inner\">\n\t\t\t\t<div class=\"elementor-element elementor-element-6f8049d elementor-widget elementor-widget-menu-anchor\" data-id=\"6f8049d\" data-element_type=\"widget\" data-e-type=\"widget\" data-widget_type=\"menu-anchor.default\">\n\t\t\t\t<div class=\"elementor-widget-container\">\n\t\t\t\t\t\t\t<div class=\"elementor-menu-anchor\" id=\"programa\"><\/div>\n\t\t\t\t\t\t<\/div>\n\t\t\t\t<\/div>\n\t\t<div class=\"elementor-element elementor-element-f2ab57b e-con-full e-flex e-con e-child\" data-id=\"f2ab57b\" data-element_type=\"container\" data-e-type=\"container\">\n\t\t\t\t<div class=\"elementor-element elementor-element-9b0ca5e elementor-widget elementor-widget-heading\" data-id=\"9b0ca5e\" data-element_type=\"widget\" data-e-type=\"widget\" data-widget_type=\"heading.default\">\n\t\t\t\t<div class=\"elementor-widget-container\">\n\t\t\t\t\t<h2 class=\"elementor-heading-title elementor-size-default\">Programa<\/h2>\t\t\t\t<\/div>\n\t\t\t\t<\/div>\n\t\t\t\t<div class=\"elementor-element elementor-element-7f51184 elementor-widget-divider--view-line elementor-widget elementor-widget-divider\" data-id=\"7f51184\" data-element_type=\"widget\" data-e-type=\"widget\" data-widget_type=\"divider.default\">\n\t\t\t\t<div class=\"elementor-widget-container\">\n\t\t\t\t\t\t\t<div class=\"elementor-divider\">\n\t\t\t<span class=\"elementor-divider-separator\">\n\t\t\t\t\t\t<\/span>\n\t\t<\/div>\n\t\t\t\t\t\t<\/div>\n\t\t\t\t<\/div>\n\t\t\t\t<\/div>\n\t\t<div class=\"elementor-element elementor-element-79c5aa2 e-flex e-con-boxed e-con e-child\" data-id=\"79c5aa2\" data-element_type=\"container\" data-e-type=\"container\">\n\t\t\t\t\t<div class=\"e-con-inner\">\n\t\t<div class=\"elementor-element elementor-element-860cfac e-con-full e-flex e-con e-child\" data-id=\"860cfac\" data-element_type=\"container\" data-e-type=\"container\">\n\t\t\t\t<div class=\"elementor-element elementor-element-bc28467 elementor-widget elementor-widget-text-editor\" data-id=\"bc28467\" data-element_type=\"widget\" data-e-type=\"widget\" data-widget_type=\"text-editor.default\">\n\t\t\t\t<div class=\"elementor-widget-container\">\n\t\t\t\t\t\t\t\t\t<h3>Segunda-feira, 8<\/h3>\n<p><span style=\"font-weight: 400;\">A primera hora de la ma\u00f1ana el grupo partir\u00e1 de Oporto hacia Arcos de Valdevez, donde tendr\u00e1 lugar la bienvenida por parte del Ayuntamiento de Arcos de Valdevez y la presentaci\u00f3n de todos los profesores, participantes y anfitriones. Despu\u00e9s del almuerzo el grupo ser\u00e1 conducido al Santuario de Nossa Senhora da Peneda, el lugar que acoger\u00e1 la Escuela de Verano. Durante el d\u00eda los participantes tendr\u00e1n tiempo para instalarse y se organizar\u00e1n una serie de charlas introductorias.  <\/span><\/p>\n<h3>Ter\u00e7a-feira, 9<\/h3>\n<p><span style=\"font-weight: 400;\">Un autob\u00fas llevar\u00e1 al grupo durante todo el d\u00eda a visitar y analizar diversos pueblos y lugares de Arcos de Valdevez, entre ellos Brandas de S\u00e3o Bento do Cando e Busgalinhas (Gavieira) y Soajo. Cada parada ser\u00e1 lo suficientemente larga como para estudiar, fotografiar y dibujar la arquitectura local y los detalles de los edificios, as\u00ed como para analizar el tejido urbano. Por la tarde habr\u00e1 breves conferencias sobre la historia y el paisaje locales.   <\/span><\/p>\n<h3>Quarta-feira, 10<\/h3>\n<p><span style=\"font-weight: 400;\">Un autob\u00fas llevar\u00e1 al grupo durante todo el d\u00eda a visitar y analizar diversos pueblos y lugares de Arcos de Valdevez, entre ellos el propio pueblo de Arcos de Valdevez, Vilarinho do Souto y Ermelo. Cada parada ser\u00e1 lo suficientemente larga como para estudiar, fotografiar y dibujar la arquitectura local y los detalles de los edificios, as\u00ed como para analizar el tejido urbano. Por la tarde habr\u00e1 conferencias sobre la arquitectura vern\u00e1cula de la zona.  <\/span><\/p>\n<h3>Quinta-feira, 11<\/h3>\n<p><span style=\"font-weight: 400;\">Un autob\u00fas llevar\u00e1 al grupo durante todo el d\u00eda a visitar y analizar diversos pueblos y lugares de Arcos de Valdevez, entre ellos Sistelo, Padr\u00e3o y Branda do Alhal. Cada parada ser\u00e1 lo suficientemente larga como para estudiar, fotografiar y dibujar la arquitectura local y los detalles de los edificios, as\u00ed como para analizar el tejido urbano. Por la tarde habr\u00e1 breves conferencias sobre la cultura y la situaci\u00f3n actual de la zona.  <\/span><\/p>\n<h3>Sexta-feira, 12<\/h3>\n<p><span style=\"font-weight: 400;\">La jornada completa se dedicar\u00e1 a medir, dibujar y estudiar Peneda, con el fin de producir la base necesaria para el trabajo de dise\u00f1o que se desarrollar\u00e1 la semana siguiente. Por la tarde tendr\u00e1 lugar una mesa redonda sobre Peneda y un debate. <\/span><\/p>\n\t\t\t\t\t\t\t\t<\/div>\n\t\t\t\t<\/div>\n\t\t\t\t<\/div>\n\t\t<div class=\"elementor-element elementor-element-b5e7b06 e-con-full e-flex e-con e-child\" data-id=\"b5e7b06\" data-element_type=\"container\" data-e-type=\"container\">\n\t\t\t\t<div class=\"elementor-element elementor-element-3a3670e elementor-widget elementor-widget-text-editor\" data-id=\"3a3670e\" data-element_type=\"widget\" data-e-type=\"widget\" data-widget_type=\"text-editor.default\">\n\t\t\t\t<div class=\"elementor-widget-container\">\n\t\t\t\t\t\t\t\t\t<h3>S\u00e1bado, 13<\/h3>\n<p><span style=\"font-weight: 400;\">Por la ma\u00f1ana tendr\u00e1n lugar demostraciones de t\u00e9cnicas de construcci\u00f3n tradicionales (canter\u00eda, acabados con mortero de cal, entramado de madera y carpinter\u00eda). Por la tarde el grupo reunir\u00e1, revisar\u00e1 y completar\u00e1 el trabajo ya desarrollado. Tambi\u00e9n se terminar\u00e1 el manual de patrones de construcci\u00f3n y arquitectura tradicionales.  <\/span><\/p>\n<h3>Domingo, 14<\/h3>\n<p><span style=\"font-weight: 400;\">D\u00eda libre. Por la tarde se celebrar\u00e1 un taller de acuarela y una conferencia introductoria sobre temas que ser\u00e1n relevantes para el trabajo de la segunda semana. <\/span><\/p>\n<h3>Segunda-feira, 15<\/h3>\n<p><span style=\"font-weight: 400;\">Se identificar\u00e1n diversos casos de estudio de dise\u00f1o y se asignar\u00e1n a diferentes grupos para que desarrollen varias propuestas de mejora para las zonas urbanas de la zona de Peneda. Por la tarde se organizar\u00e1n breves conferencias sobre nueva arquitectura tradicional y dise\u00f1o urbano. <\/span><\/p>\n<h3>Ter\u00e7a-feira, 16 &#8211; sexta-feira, 19<\/h3>\n<p><span style=\"font-weight: 400;\">Durante todo el d\u00eda los participantes, divididos en varios grupos, har\u00e1n uso del trabajo llevado a cabo para dise\u00f1ar diferentes propuestas de mejora para las zonas estudiadas. Por la tarde se organizar\u00e1n una serie de conferencias breves. <\/span><\/p>\n<h3>S\u00e1bado 20<\/h3>\n<p><span style=\"font-weight: 400;\">Por la ma\u00f1ana se llevar\u00e1n a cabo las ediciones finales de las propuestas de dise\u00f1o y del manual de patrones. Por la tarde se programar\u00e1 una presentaci\u00f3n p\u00fablica de las propuestas de dise\u00f1o. Por la noche se organizar\u00e1 una cena final de grupo.  <\/span><\/p>\n<h3>Domingo 21<\/h3>\n<p><span style=\"font-weight: 400;\">Un autob\u00fas llevar\u00e1 al grupo a Oporto.<\/span><\/p>\n\t\t\t\t\t\t\t\t<\/div>\n\t\t\t\t<\/div>\n\t\t\t\t<\/div>\n\t\t\t\t\t<\/div>\n\t\t\t\t<\/div>\n\t\t\t\t\t<\/div>\n\t\t\t\t<\/div>\n\t\t<div class=\"elementor-element elementor-element-9b424b9 e-flex e-con-boxed e-con e-parent\" data-id=\"9b424b9\" data-element_type=\"container\" data-e-type=\"container\">\n\t\t\t\t\t<div class=\"e-con-inner\">\n\t\t\t\t<div class=\"elementor-element elementor-element-c421331 elementor-widget elementor-widget-menu-anchor\" data-id=\"c421331\" data-element_type=\"widget\" data-e-type=\"widget\" data-widget_type=\"menu-anchor.default\">\n\t\t\t\t<div class=\"elementor-widget-container\">\n\t\t\t\t\t\t\t<div class=\"elementor-menu-anchor\" id=\"entidades\"><\/div>\n\t\t\t\t\t\t<\/div>\n\t\t\t\t<\/div>\n\t\t<div class=\"elementor-element elementor-element-a34cd6c e-con-full e-flex e-con e-child\" data-id=\"a34cd6c\" data-element_type=\"container\" data-e-type=\"container\">\n\t\t\t\t<div class=\"elementor-element elementor-element-40a7fed elementor-widget elementor-widget-heading\" data-id=\"40a7fed\" data-element_type=\"widget\" data-e-type=\"widget\" data-widget_type=\"heading.default\">\n\t\t\t\t<div class=\"elementor-widget-container\">\n\t\t\t\t\t<h2 class=\"elementor-heading-title elementor-size-default\">Institui\u00e7\u00f5es<\/h2>\t\t\t\t<\/div>\n\t\t\t\t<\/div>\n\t\t\t\t<div class=\"elementor-element elementor-element-c4f6671 elementor-widget-divider--view-line elementor-widget elementor-widget-divider\" data-id=\"c4f6671\" data-element_type=\"widget\" data-e-type=\"widget\" data-widget_type=\"divider.default\">\n\t\t\t\t<div class=\"elementor-widget-container\">\n\t\t\t\t\t\t\t<div class=\"elementor-divider\">\n\t\t\t<span class=\"elementor-divider-separator\">\n\t\t\t\t\t\t<\/span>\n\t\t<\/div>\n\t\t\t\t\t\t<\/div>\n\t\t\t\t<\/div>\n\t\t\t\t<\/div>\n\t\t\t\t<div class=\"elementor-element elementor-element-27cccff elementor-widget elementor-widget-heading\" data-id=\"27cccff\" data-element_type=\"widget\" data-e-type=\"widget\" data-widget_type=\"heading.default\">\n\t\t\t\t<div class=\"elementor-widget-container\">\n\t\t\t\t\t<h3 class=\"elementor-heading-title elementor-size-default\">A Escola de Ver\u00e3o \u00e9 organizada por:<\/h3>\t\t\t\t<\/div>\n\t\t\t\t<\/div>\n\t\t<div class=\"elementor-element elementor-element-b779dda e-flex e-con-boxed e-con e-child\" data-id=\"b779dda\" data-element_type=\"container\" data-e-type=\"container\">\n\t\t\t\t\t<div class=\"e-con-inner\">\n\t\t<div class=\"elementor-element elementor-element-8d6d223 e-con-full e-flex e-con e-child\" data-id=\"8d6d223\" data-element_type=\"container\" data-e-type=\"container\">\n\t\t\t\t<div class=\"elementor-element elementor-element-84068d7 elementor-widget elementor-widget-image\" data-id=\"84068d7\" data-element_type=\"widget\" data-e-type=\"widget\" data-widget_type=\"image.default\">\n\t\t\t\t<div class=\"elementor-widget-container\">\n\t\t\t\t\t\t\t\t\t\t\t\t\t\t\t\t<a href=\"https:\/\/culturasconstructivas.org\/en\/\" target=\"_blank\">\n\t\t\t\t\t\t\t<img loading=\"lazy\" decoding=\"async\" width=\"538\" height=\"290\" src=\"https:\/\/culturasconstructivas.org\/wp-content\/uploads\/2024\/04\/FUNDACION-CULTURAS-CONSTRUCTIVAS-logo.webp\" class=\"attachment-large size-large wp-image-3422\" alt=\"\" srcset=\"https:\/\/culturasconstructivas.org\/wp-content\/uploads\/2024\/04\/FUNDACION-CULTURAS-CONSTRUCTIVAS-logo.webp 538w, https:\/\/culturasconstructivas.org\/wp-content\/uploads\/2024\/04\/FUNDACION-CULTURAS-CONSTRUCTIVAS-logo-300x162.webp 300w\" sizes=\"(max-width: 538px) 100vw, 538px\" \/>\t\t\t\t\t\t\t\t<\/a>\n\t\t\t\t\t\t\t\t\t\t\t\t\t\t\t<\/div>\n\t\t\t\t<\/div>\n\t\t\t\t<\/div>\n\t\t<div class=\"elementor-element elementor-element-b212997 e-con-full e-flex e-con e-child\" data-id=\"b212997\" data-element_type=\"container\" data-e-type=\"container\">\n\t\t\t\t<div class=\"elementor-element elementor-element-08744a7 elementor-widget elementor-widget-text-editor\" data-id=\"08744a7\" data-element_type=\"widget\" data-e-type=\"widget\" data-widget_type=\"text-editor.default\">\n\t\t\t\t<div class=\"elementor-widget-container\">\n\t\t\t\t\t\t\t\t\t<p>A <a style=\"color: #B0643E;\" href=\"https:\/\/culturasconstructivas.org\/en\/\" target=\"_blank\" rel=\"noopener\"><span style=\"color: #B0643E;\">Funda\u00e7\u00e3o Culturas Construtivas Tradicionais<\/span><\/a> tem como objetivo fomentar e incentivar o estudo, a prote\u00e7\u00e3o, o ensino, a divulga\u00e7\u00e3o e a conserva\u00e7\u00e3o da Constru\u00e7\u00e3o, Arquitetura e Urbanismo tradicionais carater\u00edsticos das diferentes regi\u00f5es do mundo<\/p>\n\t\t\t\t\t\t\t\t<\/div>\n\t\t\t\t<\/div>\n\t\t\t\t<\/div>\n\t\t\t\t\t<\/div>\n\t\t\t\t<\/div>\n\t\t\t\t<div class=\"elementor-element elementor-element-9c7db1e elementor-widget elementor-widget-heading\" data-id=\"9c7db1e\" data-element_type=\"widget\" data-e-type=\"widget\" data-widget_type=\"heading.default\">\n\t\t\t\t<div class=\"elementor-widget-container\">\n\t\t\t\t\t<h3 class=\"elementor-heading-title elementor-size-default\">Gra\u00e7as ao apoio de:<\/h3>\t\t\t\t<\/div>\n\t\t\t\t<\/div>\n\t\t<div class=\"elementor-element elementor-element-352e13e e-flex e-con-boxed e-con e-child\" data-id=\"352e13e\" data-element_type=\"container\" data-e-type=\"container\">\n\t\t\t\t\t<div class=\"e-con-inner\">\n\t\t<div class=\"elementor-element elementor-element-0b1b234 e-con-full e-flex e-con e-child\" data-id=\"0b1b234\" data-element_type=\"container\" data-e-type=\"container\">\n\t\t\t\t<div class=\"elementor-element elementor-element-aafc352 elementor-widget elementor-widget-image\" data-id=\"aafc352\" data-element_type=\"widget\" data-e-type=\"widget\" data-widget_type=\"image.default\">\n\t\t\t\t<div class=\"elementor-widget-container\">\n\t\t\t\t\t\t\t\t\t\t\t\t\t\t\t\t<a href=\"https:\/\/www.cmav.pt\/\" target=\"_blank\">\n\t\t\t\t\t\t\t<img loading=\"lazy\" decoding=\"async\" width=\"520\" height=\"212\" src=\"https:\/\/culturasconstructivas.org\/wp-content\/uploads\/2024\/04\/logo-vector-municipio-de-arcos-de-valdevez.png\" class=\"attachment-large size-large wp-image-5617\" alt=\"\" srcset=\"https:\/\/culturasconstructivas.org\/wp-content\/uploads\/2024\/04\/logo-vector-municipio-de-arcos-de-valdevez.png 520w, https:\/\/culturasconstructivas.org\/wp-content\/uploads\/2024\/04\/logo-vector-municipio-de-arcos-de-valdevez-300x122.png 300w\" sizes=\"(max-width: 520px) 100vw, 520px\" \/>\t\t\t\t\t\t\t\t<\/a>\n\t\t\t\t\t\t\t\t\t\t\t\t\t\t\t<\/div>\n\t\t\t\t<\/div>\n\t\t\t\t<\/div>\n\t\t<div class=\"elementor-element elementor-element-9699e26 e-flex e-con-boxed e-con e-child\" data-id=\"9699e26\" data-element_type=\"container\" data-e-type=\"container\">\n\t\t\t\t\t<div class=\"e-con-inner\">\n\t\t\t\t<div class=\"elementor-element elementor-element-9664df5 elementor-widget elementor-widget-text-editor\" data-id=\"9664df5\" data-element_type=\"widget\" data-e-type=\"widget\" data-widget_type=\"text-editor.default\">\n\t\t\t\t<div class=\"elementor-widget-container\">\n\t\t\t\t\t\t\t\t\t<div class=\"et_pb_row et_pb_row_17 et_pb_row_1-4_3-4\">\n<div class=\"et_pb_column et_pb_column_3_4 et_pb_column_29 et_pb_css_mix_blend_mode_passthrough et-last-child\">\n<div class=\"et_pb_module et_pb_text et_pb_text_24 et_pb_text_align_left et_pb_bg_layout_light\">\n<div class=\"et_pb_text_inner\">\n<p><span style=\"font-weight: 400;\">O <\/span><a href=\"https:\/\/www.cmav.pt\/\"><span style=\"font-weight: 400;\">Munic\u00edpio do Arcos de Valdevez<\/span><\/a><span style=\"font-weight: 400;\"> tem como objectivo divulgar o rico patrim\u00f3nio arquitect\u00f3nico e cultural das in\u00fameras localidades que comp\u00f5em o concelho. Para isso, apoie e participe ativamente no curso. <\/span><\/p>\n<\/div>\n<\/div>\n<\/div>\n<\/div>\n\t\t\t\t\t\t\t\t<\/div>\n\t\t\t\t<\/div>\n\t\t\t\t\t<\/div>\n\t\t\t\t<\/div>\n\t\t\t\t\t<\/div>\n\t\t\t\t<\/div>\n\t\t<div class=\"elementor-element elementor-element-97917e5 e-flex e-con-boxed e-con e-child\" data-id=\"97917e5\" data-element_type=\"container\" data-e-type=\"container\">\n\t\t\t\t\t<div class=\"e-con-inner\">\n\t\t<div class=\"elementor-element elementor-element-14b05d1 e-con-full e-flex e-con e-child\" data-id=\"14b05d1\" data-element_type=\"container\" data-e-type=\"container\">\n\t\t\t\t<div class=\"elementor-element elementor-element-661089c elementor-widget elementor-widget-image\" data-id=\"661089c\" data-element_type=\"widget\" data-e-type=\"widget\" data-widget_type=\"image.default\">\n\t\t\t\t<div class=\"elementor-widget-container\">\n\t\t\t\t\t\t\t\t\t\t\t\t\t\t\t\t<a href=\"https:\/\/intbauspain.com\/en\/\" target=\"_blank\">\n\t\t\t\t\t\t\t<img loading=\"lazy\" decoding=\"async\" width=\"800\" height=\"513\" src=\"https:\/\/culturasconstructivas.org\/wp-content\/uploads\/2024\/04\/INTBAU-Chapters-RGB-Spa-1024x657.webp\" class=\"attachment-large size-large wp-image-3410\" alt=\"\" srcset=\"https:\/\/culturasconstructivas.org\/wp-content\/uploads\/2024\/04\/INTBAU-Chapters-RGB-Spa-1024x657.webp 1024w, https:\/\/culturasconstructivas.org\/wp-content\/uploads\/2024\/04\/INTBAU-Chapters-RGB-Spa-300x192.webp 300w, https:\/\/culturasconstructivas.org\/wp-content\/uploads\/2024\/04\/INTBAU-Chapters-RGB-Spa-768x493.webp 768w, https:\/\/culturasconstructivas.org\/wp-content\/uploads\/2024\/04\/INTBAU-Chapters-RGB-Spa.webp 1417w\" sizes=\"(max-width: 800px) 100vw, 800px\" \/>\t\t\t\t\t\t\t\t<\/a>\n\t\t\t\t\t\t\t\t\t\t\t\t\t\t\t<\/div>\n\t\t\t\t<\/div>\n\t\t\t\t<\/div>\n\t\t<div class=\"elementor-element elementor-element-79c6d41 e-flex e-con-boxed e-con e-child\" data-id=\"79c6d41\" data-element_type=\"container\" data-e-type=\"container\">\n\t\t\t\t\t<div class=\"e-con-inner\">\n\t\t\t\t<div class=\"elementor-element elementor-element-3c07904 elementor-widget elementor-widget-text-editor\" data-id=\"3c07904\" data-element_type=\"widget\" data-e-type=\"widget\" data-widget_type=\"text-editor.default\">\n\t\t\t\t<div class=\"elementor-widget-container\">\n\t\t\t\t\t\t\t\t\t<p><a href=\"https:\/\/intbauspain.com\/en\/\">INTBAU Espanha<\/a><span style=\"font-weight: 400;\"> O seu objectivo \u00e9 promover a constru\u00e7\u00e3o, a arquitectura e o urbanismo tradicionais. Serve como plataforma de colabora\u00e7\u00e3o e troca de informa\u00e7\u00e3o, ao mesmo tempo que contribui para a promo\u00e7\u00e3o de outras iniciativas relacionadas organizadas pelos seus membros e outras institui\u00e7\u00f5es ligadas \u00e0 pr\u00f3pria rede. <\/span><\/p>\n\t\t\t\t\t\t\t\t<\/div>\n\t\t\t\t<\/div>\n\t\t\t\t\t<\/div>\n\t\t\t\t<\/div>\n\t\t\t\t\t<\/div>\n\t\t\t\t<\/div>\n\t\t<div class=\"elementor-element elementor-element-33ad80e e-flex e-con-boxed e-con e-child\" data-id=\"33ad80e\" data-element_type=\"container\" data-e-type=\"container\">\n\t\t\t\t\t<div class=\"e-con-inner\">\n\t\t<div class=\"elementor-element elementor-element-f550dff e-con-full e-flex e-con e-child\" data-id=\"f550dff\" data-element_type=\"container\" data-e-type=\"container\">\n\t\t\t\t<div class=\"elementor-element elementor-element-22ac5fc elementor-widget elementor-widget-image\" data-id=\"22ac5fc\" data-element_type=\"widget\" data-e-type=\"widget\" data-widget_type=\"image.default\">\n\t\t\t\t<div class=\"elementor-widget-container\">\n\t\t\t\t\t\t\t\t\t\t\t\t\t\t\t\t<a href=\"http:\/\/www.intbau.org\/\" target=\"_blank\">\n\t\t\t\t\t\t\t<img loading=\"lazy\" decoding=\"async\" width=\"800\" height=\"513\" src=\"https:\/\/culturasconstructivas.org\/wp-content\/uploads\/2024\/04\/INTBAU-Chapters-RGB-Por-1024x657.webp\" class=\"attachment-large size-large wp-image-3413\" alt=\"\" srcset=\"https:\/\/culturasconstructivas.org\/wp-content\/uploads\/2024\/04\/INTBAU-Chapters-RGB-Por-1024x657.webp 1024w, https:\/\/culturasconstructivas.org\/wp-content\/uploads\/2024\/04\/INTBAU-Chapters-RGB-Por-300x192.webp 300w, https:\/\/culturasconstructivas.org\/wp-content\/uploads\/2024\/04\/INTBAU-Chapters-RGB-Por-768x493.webp 768w, https:\/\/culturasconstructivas.org\/wp-content\/uploads\/2024\/04\/INTBAU-Chapters-RGB-Por.webp 1417w\" sizes=\"(max-width: 800px) 100vw, 800px\" \/>\t\t\t\t\t\t\t\t<\/a>\n\t\t\t\t\t\t\t\t\t\t\t\t\t\t\t<\/div>\n\t\t\t\t<\/div>\n\t\t\t\t<\/div>\n\t\t<div class=\"elementor-element elementor-element-351379c e-flex e-con-boxed e-con e-child\" data-id=\"351379c\" data-element_type=\"container\" data-e-type=\"container\">\n\t\t\t\t\t<div class=\"e-con-inner\">\n\t\t\t\t<div class=\"elementor-element elementor-element-5fc6449 elementor-widget elementor-widget-text-editor\" data-id=\"5fc6449\" data-element_type=\"widget\" data-e-type=\"widget\" data-widget_type=\"text-editor.default\">\n\t\t\t\t<div class=\"elementor-widget-container\">\n\t\t\t\t\t\t\t\t\t<div class=\"et_pb_row et_pb_row_15 et_pb_row_1-4_3-4\">\n<div class=\"et_pb_column et_pb_column_3_4 et_pb_column_26 et_pb_css_mix_blend_mode_passthrough et-last-child\">\n<div class=\"et_pb_module et_pb_text et_pb_text_22 et_pb_text_align_left et_pb_bg_layout_light\">\n<div class=\"et_pb_text_inner\">\n<p>A se\u00e7\u00e3o portuguesa da <a href=\"http:\/\/www.intbau.org\/\">Rede Internacional de Constru\u00e7\u00e3o, Arquitetura e Urbanismo Tradicionais (INTBAU)<\/a> \u00e9 uma rede ativa de pessoas e institui\u00e7\u00f5es dedicadas \u00e0 cria\u00e7\u00e3o de edif\u00edcios e lugares humanos e harmoniosos que respeitem as tradi\u00e7\u00f5es locais. Re\u00fane aqueles que projetam, constroem, mant\u00eam, estudam ou apreciam a constru\u00e7\u00e3o, a arquitetura e os lugares tradicionais. <\/p>\n<\/div>\n<\/div>\n<\/div>\n<\/div>\n\t\t\t\t\t\t\t\t<\/div>\n\t\t\t\t<\/div>\n\t\t\t\t\t<\/div>\n\t\t\t\t<\/div>\n\t\t\t\t\t<\/div>\n\t\t\t\t<\/div>\n\t\t<div class=\"elementor-element elementor-element-4a47ccb e-flex e-con-boxed e-con e-child\" data-id=\"4a47ccb\" data-element_type=\"container\" data-e-type=\"container\">\n\t\t\t\t\t<div class=\"e-con-inner\">\n\t\t<div class=\"elementor-element elementor-element-a043a90 e-con-full e-flex e-con e-child\" data-id=\"a043a90\" data-element_type=\"container\" data-e-type=\"container\">\n\t\t\t\t<div class=\"elementor-element elementor-element-cefc424 elementor-widget elementor-widget-image\" data-id=\"cefc424\" data-element_type=\"widget\" data-e-type=\"widget\" data-widget_type=\"image.default\">\n\t\t\t\t<div class=\"elementor-widget-container\">\n\t\t\t\t\t\t\t\t\t\t\t\t\t\t\t\t<a href=\"https:\/\/www.fundacaoserrahenriques.org\/en\/\" target=\"_blank\">\n\t\t\t\t\t\t\t<img loading=\"lazy\" decoding=\"async\" width=\"180\" height=\"182\" src=\"https:\/\/culturasconstructivas.org\/wp-content\/uploads\/2024\/04\/Fundacao-Serra-Henriques.webp\" class=\"attachment-large size-large wp-image-3425\" alt=\"\" \/>\t\t\t\t\t\t\t\t<\/a>\n\t\t\t\t\t\t\t\t\t\t\t\t\t\t\t<\/div>\n\t\t\t\t<\/div>\n\t\t\t\t<\/div>\n\t\t<div class=\"elementor-element elementor-element-b0c937b e-flex e-con-boxed e-con e-child\" data-id=\"b0c937b\" data-element_type=\"container\" data-e-type=\"container\">\n\t\t\t\t\t<div class=\"e-con-inner\">\n\t\t\t\t<div class=\"elementor-element elementor-element-b4ff659 elementor-widget elementor-widget-text-editor\" data-id=\"b4ff659\" data-element_type=\"widget\" data-e-type=\"widget\" data-widget_type=\"text-editor.default\">\n\t\t\t\t<div class=\"elementor-widget-container\">\n\t\t\t\t\t\t\t\t\t<div class=\"et_pb_row et_pb_row_19 et_pb_row_1-4_3-4\">\n<div class=\"et_pb_column et_pb_column_3_4 et_pb_column_33 et_pb_css_mix_blend_mode_passthrough et-last-child\">\n<div class=\"et_pb_module et_pb_text et_pb_text_26 et_pb_text_align_left et_pb_bg_layout_light\">\n<div class=\"et_pb_text_inner\">\n<p><span style=\"font-weight: 400;\">A <\/span><a href=\"https:\/\/www.fundacaoserrahenriques.org\/en\/\"><span style=\"font-weight: 400;\">Funda\u00e7\u00e3o Serra Henriques<\/span><\/a><span style=\"font-weight: 400;\"> estabeleceu-se em Portugal em 1997 para a promo\u00e7\u00e3o da educa\u00e7\u00e3o, da cultura e da ci\u00eancia, prestando especial aten\u00e7\u00e3o ao estudo do territ\u00f3rio nacional para o desenvolvimento local e a melhoria do patrim\u00f3nio cultural. <\/span><\/p>\n<\/div>\n<\/div>\n<\/div>\n<\/div>\n\t\t\t\t\t\t\t\t<\/div>\n\t\t\t\t<\/div>\n\t\t\t\t\t<\/div>\n\t\t\t\t<\/div>\n\t\t\t\t\t<\/div>\n\t\t\t\t<\/div>\n\t\t<div class=\"elementor-element elementor-element-153b8c2 e-flex e-con-boxed e-con e-child\" data-id=\"153b8c2\" data-element_type=\"container\" data-e-type=\"container\">\n\t\t\t\t\t<div class=\"e-con-inner\">\n\t\t<div class=\"elementor-element elementor-element-2576714 e-con-full e-flex e-con e-child\" data-id=\"2576714\" data-element_type=\"container\" data-e-type=\"container\">\n\t\t\t\t<div class=\"elementor-element elementor-element-e714eba elementor-widget elementor-widget-image\" data-id=\"e714eba\" data-element_type=\"widget\" data-e-type=\"widget\" data-widget_type=\"image.default\">\n\t\t\t\t<div class=\"elementor-widget-container\">\n\t\t\t\t\t\t\t\t\t\t\t\t\t\t\t\t<a href=\"https:\/\/kalam.es\/en\/\" target=\"_blank\">\n\t\t\t\t\t\t\t<img loading=\"lazy\" decoding=\"async\" width=\"800\" height=\"710\" src=\"https:\/\/culturasconstructivas.org\/wp-content\/uploads\/2024\/04\/Kalam.webp\" class=\"attachment-large size-large wp-image-3416\" alt=\"\" srcset=\"https:\/\/culturasconstructivas.org\/wp-content\/uploads\/2024\/04\/Kalam.webp 893w, https:\/\/culturasconstructivas.org\/wp-content\/uploads\/2024\/04\/Kalam-300x266.webp 300w, https:\/\/culturasconstructivas.org\/wp-content\/uploads\/2024\/04\/Kalam-768x682.webp 768w\" sizes=\"(max-width: 800px) 100vw, 800px\" \/>\t\t\t\t\t\t\t\t<\/a>\n\t\t\t\t\t\t\t\t\t\t\t\t\t\t\t<\/div>\n\t\t\t\t<\/div>\n\t\t\t\t<\/div>\n\t\t<div class=\"elementor-element elementor-element-794b317 e-flex e-con-boxed e-con e-child\" data-id=\"794b317\" data-element_type=\"container\" data-e-type=\"container\">\n\t\t\t\t\t<div class=\"e-con-inner\">\n\t\t\t\t<div class=\"elementor-element elementor-element-6fd4cde elementor-widget elementor-widget-text-editor\" data-id=\"6fd4cde\" data-element_type=\"widget\" data-e-type=\"widget\" data-widget_type=\"text-editor.default\">\n\t\t\t\t<div class=\"elementor-widget-container\">\n\t\t\t\t\t\t\t\t\t<div class=\"et_pb_row et_pb_row_18 et_pb_row_1-4_3-4\">\n<div class=\"et_pb_column et_pb_column_3_4 et_pb_column_31 et_pb_css_mix_blend_mode_passthrough et-last-child\">\n<div class=\"et_pb_module et_pb_text et_pb_text_25 et_pb_text_align_left et_pb_bg_layout_light\">\n<div class=\"et_pb_text_inner\">\n<p><a href=\"https:\/\/kalam.es\/en\/\"><span style=\"font-weight: 400;\">Kalam<\/span><\/a><span style=\"font-weight: 400;\"> \u00e9 uma empresa internacional l\u00edder especializada no dom\u00ednio da restaura\u00e7\u00e3o do patrim\u00f3nio e da reabilita\u00e7\u00e3o de edif\u00edcios hist\u00f3ricos. No seu compromisso com a qualidade e o rigor necess\u00e1rio no seu trabalho, preserva os of\u00edcios tradicionais atrav\u00e9s de um quadro de pessoal pr\u00f3prio consolidado e forma\u00e7\u00e3o cont\u00ednua. <\/span><\/p>\n<\/div>\n<\/div>\n<\/div>\n<\/div>\n<div class=\"et_pb_row et_pb_row_19 et_pb_row_1-4_3-4\">\n<div class=\"et_pb_column et_pb_column_1_4 et_pb_column_32 et_pb_css_mix_blend_mode_passthrough\"> <\/div>\n<\/div>\n\t\t\t\t\t\t\t\t<\/div>\n\t\t\t\t<\/div>\n\t\t\t\t\t<\/div>\n\t\t\t\t<\/div>\n\t\t\t\t\t<\/div>\n\t\t\t\t<\/div>\n\t\t<div class=\"elementor-element elementor-element-dd6a7fb e-flex e-con-boxed e-con e-child\" data-id=\"dd6a7fb\" data-element_type=\"container\" data-e-type=\"container\">\n\t\t\t\t\t<div class=\"e-con-inner\">\n\t\t<div class=\"elementor-element elementor-element-de14176 e-con-full e-flex e-con e-child\" data-id=\"de14176\" data-element_type=\"container\" data-e-type=\"container\">\n\t\t\t\t<div class=\"elementor-element elementor-element-726128e elementor-widget elementor-widget-image\" data-id=\"726128e\" data-element_type=\"widget\" data-e-type=\"widget\" data-widget_type=\"image.default\">\n\t\t\t\t<div class=\"elementor-widget-container\">\n\t\t\t\t\t\t\t\t\t\t\t\t\t\t\t\t<a href=\"https:\/\/www.robertadamarchitect.com\/\" target=\"_blank\">\n\t\t\t\t\t\t\t<img loading=\"lazy\" decoding=\"async\" width=\"800\" height=\"800\" src=\"https:\/\/culturasconstructivas.org\/wp-content\/uploads\/2024\/04\/Robert-Adam-1024x1024.png\" class=\"attachment-large size-large wp-image-5620\" alt=\"\" srcset=\"https:\/\/culturasconstructivas.org\/wp-content\/uploads\/2024\/04\/Robert-Adam-1024x1024.png 1024w, https:\/\/culturasconstructivas.org\/wp-content\/uploads\/2024\/04\/Robert-Adam-300x300.png 300w, https:\/\/culturasconstructivas.org\/wp-content\/uploads\/2024\/04\/Robert-Adam-150x150.png 150w, https:\/\/culturasconstructivas.org\/wp-content\/uploads\/2024\/04\/Robert-Adam-768x768.png 768w, https:\/\/culturasconstructivas.org\/wp-content\/uploads\/2024\/04\/Robert-Adam.png 1182w\" sizes=\"(max-width: 800px) 100vw, 800px\" \/>\t\t\t\t\t\t\t\t<\/a>\n\t\t\t\t\t\t\t\t\t\t\t\t\t\t\t<\/div>\n\t\t\t\t<\/div>\n\t\t\t\t<\/div>\n\t\t<div class=\"elementor-element elementor-element-94b81e7 e-flex e-con-boxed e-con e-child\" data-id=\"94b81e7\" data-element_type=\"container\" data-e-type=\"container\">\n\t\t\t\t\t<div class=\"e-con-inner\">\n\t\t\t\t<div class=\"elementor-element elementor-element-9f1b86f elementor-widget elementor-widget-text-editor\" data-id=\"9f1b86f\" data-element_type=\"widget\" data-e-type=\"widget\" data-widget_type=\"text-editor.default\">\n\t\t\t\t<div class=\"elementor-widget-container\">\n\t\t\t\t\t\t\t\t\t<div class=\"et_pb_row et_pb_row_20 et_pb_row_1-4_3-4\">\n<div class=\"et_pb_column et_pb_column_3_4 et_pb_column_35 et_pb_css_mix_blend_mode_passthrough et-last-child\">\n<div class=\"et_pb_module et_pb_text et_pb_text_27 et_pb_text_align_left et_pb_bg_layout_light\">\n<div class=\"et_pb_text_inner\">\n<p><span style=\"font-weight: 400;\">Robert Adam, director de <\/span><a href=\"https:\/\/www.robertadamarchitect.com\/\"><span style=\"font-weight: 400;\">Robert Adam Architectural Consultancy<\/span><\/a><span style=\"font-weight: 400;\">, tem sido uma figura importante no avan\u00e7o da arquitetura tradicional e do planeamento urbano no Reino Unido e em todo o mundo. Foi um dos fundadores da INTBAU e do UK Traditional Architecture Group. Para al\u00e9m de continuar a exercer e a escrever, dedica-se a apoiar e a formar jovens arquitetos especializados em arquitetura tradicional.  <\/span><\/p>\n<\/div>\n<\/div>\n<\/div>\n<\/div>\n<div class=\"et_pb_row et_pb_row_21 et_pb_row_1-4_3-4\">\n<div class=\"et_pb_column et_pb_column_1_4 et_pb_column_36 et_pb_css_mix_blend_mode_passthrough\"> <\/div>\n<\/div>\n\t\t\t\t\t\t\t\t<\/div>\n\t\t\t\t<\/div>\n\t\t\t\t\t<\/div>\n\t\t\t\t<\/div>\n\t\t\t\t\t<\/div>\n\t\t\t\t<\/div>\n\t\t<div class=\"elementor-element elementor-element-25e5c45 e-flex e-con-boxed e-con e-child\" data-id=\"25e5c45\" data-element_type=\"container\" data-e-type=\"container\">\n\t\t\t\t\t<div class=\"e-con-inner\">\n\t\t<div class=\"elementor-element elementor-element-3ce74b0 e-con-full e-flex e-con e-child\" data-id=\"3ce74b0\" data-element_type=\"container\" data-e-type=\"container\">\n\t\t\t\t<div class=\"elementor-element elementor-element-608d10f elementor-widget elementor-widget-image\" data-id=\"608d10f\" data-element_type=\"widget\" data-e-type=\"widget\" data-widget_type=\"image.default\">\n\t\t\t\t<div class=\"elementor-widget-container\">\n\t\t\t\t\t\t\t\t\t\t\t\t\t\t\t\t<a href=\"https:\/\/fundacion.arquia.com\/convocatorias\/becas\/\" target=\"_blank\">\n\t\t\t\t\t\t\t<img loading=\"lazy\" decoding=\"async\" width=\"151\" height=\"46\" src=\"https:\/\/culturasconstructivas.org\/wp-content\/uploads\/2024\/04\/FArquia-beca.jpg\" class=\"attachment-large size-large wp-image-5623\" alt=\"\" \/>\t\t\t\t\t\t\t\t<\/a>\n\t\t\t\t\t\t\t\t\t\t\t\t\t\t\t<\/div>\n\t\t\t\t<\/div>\n\t\t\t\t<\/div>\n\t\t<div class=\"elementor-element elementor-element-008fe4b e-flex e-con-boxed e-con e-child\" data-id=\"008fe4b\" data-element_type=\"container\" data-e-type=\"container\">\n\t\t\t\t\t<div class=\"e-con-inner\">\n\t\t\t\t<div class=\"elementor-element elementor-element-5ffca87 elementor-widget elementor-widget-text-editor\" data-id=\"5ffca87\" data-element_type=\"widget\" data-e-type=\"widget\" data-widget_type=\"text-editor.default\">\n\t\t\t\t<div class=\"elementor-widget-container\">\n\t\t\t\t\t\t\t\t\t<div class=\"et_pb_row et_pb_row_21 et_pb_row_1-4_3-4\">\n<div class=\"et_pb_column et_pb_column_3_4 et_pb_column_37 et_pb_css_mix_blend_mode_passthrough et-last-child\">\n<div class=\"et_pb_module et_pb_text et_pb_text_28 et_pb_text_align_left et_pb_bg_layout_light\">\n<div class=\"et_pb_text_inner\">\n<p><span style=\"font-weight: 400;\">A <\/span><a href=\"https:\/\/fundacion.arquia.com\/convocatorias\/becas\/\"><span style=\"font-weight: 400;\">Fundaci\u00f3n Arquia<\/span><\/a><span style=\"font-weight: 400;\">, criada em 1990, desde a sua cria\u00e7\u00e3o tem como objectivo a promo\u00e7\u00e3o e divulga\u00e7\u00e3o de projectos de car\u00e1cter cultural, social, profissional e educativo na \u00e1rea da arquitectura, constru\u00e7\u00e3o, design e urbanismo.<\/span><\/p>\n<\/div>\n<\/div>\n<\/div>\n<\/div>\n\t\t\t\t\t\t\t\t<\/div>\n\t\t\t\t<\/div>\n\t\t\t\t\t<\/div>\n\t\t\t\t<\/div>\n\t\t\t\t\t<\/div>\n\t\t\t\t<\/div>\n\t\t<div class=\"elementor-element elementor-element-cc57912 e-flex e-con-boxed e-con e-child\" data-id=\"cc57912\" data-element_type=\"container\" data-e-type=\"container\">\n\t\t\t\t\t<div class=\"e-con-inner\">\n\t\t<div class=\"elementor-element elementor-element-007fb32 e-con-full e-flex e-con e-child\" data-id=\"007fb32\" data-element_type=\"container\" data-e-type=\"container\">\n\t\t\t\t<div class=\"elementor-element elementor-element-a44c46d elementor-widget elementor-widget-image\" data-id=\"a44c46d\" data-element_type=\"widget\" data-e-type=\"widget\" data-widget_type=\"image.default\">\n\t\t\t\t<div class=\"elementor-widget-container\">\n\t\t\t\t\t\t\t\t\t\t\t\t\t\t\t\t<a href=\"https:\/\/www.princes-trust.org.au\/\" target=\"_blank\">\n\t\t\t\t\t\t\t<img loading=\"lazy\" decoding=\"async\" width=\"560\" height=\"310\" src=\"https:\/\/culturasconstructivas.org\/wp-content\/uploads\/2024\/04\/Prince-Trust.jpg\" class=\"attachment-large size-large wp-image-5626\" alt=\"\" srcset=\"https:\/\/culturasconstructivas.org\/wp-content\/uploads\/2024\/04\/Prince-Trust.jpg 560w, https:\/\/culturasconstructivas.org\/wp-content\/uploads\/2024\/04\/Prince-Trust-300x166.jpg 300w\" sizes=\"(max-width: 560px) 100vw, 560px\" \/>\t\t\t\t\t\t\t\t<\/a>\n\t\t\t\t\t\t\t\t\t\t\t\t\t\t\t<\/div>\n\t\t\t\t<\/div>\n\t\t\t\t<\/div>\n\t\t<div class=\"elementor-element elementor-element-7013dfa e-flex e-con-boxed e-con e-child\" data-id=\"7013dfa\" data-element_type=\"container\" data-e-type=\"container\">\n\t\t\t\t\t<div class=\"e-con-inner\">\n\t\t\t\t<div class=\"elementor-element elementor-element-b0afe0c elementor-widget elementor-widget-text-editor\" data-id=\"b0afe0c\" data-element_type=\"widget\" data-e-type=\"widget\" data-widget_type=\"text-editor.default\">\n\t\t\t\t<div class=\"elementor-widget-container\">\n\t\t\t\t\t\t\t\t\t<div class=\"et_pb_row et_pb_row_22 et_pb_row_1-4_3-4\">\n<div class=\"et_pb_column et_pb_column_3_4 et_pb_column_39 et_pb_css_mix_blend_mode_passthrough et-last-child\">\n<div class=\"et_pb_module et_pb_text et_pb_text_29 et_pb_text_align_left et_pb_bg_layout_light\">\n<div class=\"et_pb_text_inner\">\n<p><span style=\"font-weight: 400;\">O King&#8217;s Trust <\/span><a href=\"https:\/\/www.princes-trust.org.au\/\"><span style=\"font-weight: 400;\">Australia<\/span><\/a><span style=\"font-weight: 400;\"> faz parte do The Prince&#8217;s Trust Group, uma rede global de organiza\u00e7\u00f5es de caridade que transformam vidas e constroem comunidades sustent\u00e1veis em toda a Commonwealth. Esta organiza\u00e7\u00e3o de caridade ajuda os jovens a se prepararem para o mercado de trabalho em constante mudan\u00e7a, inspira veteranos e suas fam\u00edlias a empreender e trabalhar por conta pr\u00f3pria, e defende comunidades sustent\u00e1veis e resilientes. <\/span><\/p>\n<\/div>\n<\/div>\n<\/div>\n<\/div>\n\t\t\t\t\t\t\t\t<\/div>\n\t\t\t\t<\/div>\n\t\t\t\t\t<\/div>\n\t\t\t\t<\/div>\n\t\t\t\t\t<\/div>\n\t\t\t\t<\/div>\n\t\t\t\t<div class=\"elementor-element elementor-element-c7decc0 elementor-widget elementor-widget-heading\" data-id=\"c7decc0\" data-element_type=\"widget\" data-e-type=\"widget\" data-widget_type=\"heading.default\">\n\t\t\t\t<div class=\"elementor-widget-container\">\n\t\t\t\t\t<h3 class=\"elementor-heading-title elementor-size-default\">Com o apoio de:<\/h3>\t\t\t\t<\/div>\n\t\t\t\t<\/div>\n\t\t<div class=\"elementor-element elementor-element-94695dc e-grid e-con-boxed e-con e-child\" data-id=\"94695dc\" data-element_type=\"container\" data-e-type=\"container\">\n\t\t\t\t\t<div class=\"e-con-inner\">\n\t\t\t\t<div class=\"elementor-element elementor-element-9836879 elementor-widget elementor-widget-image\" data-id=\"9836879\" data-element_type=\"widget\" data-e-type=\"widget\" data-widget_type=\"image.default\">\n\t\t\t\t<div class=\"elementor-widget-container\">\n\t\t\t\t\t\t\t\t\t\t\t\t\t\t\t\t<a href=\"https:\/\/www.nd.edu\/\" target=\"_blank\">\n\t\t\t\t\t\t\t<img loading=\"lazy\" decoding=\"async\" width=\"447\" height=\"125\" src=\"https:\/\/culturasconstructivas.org\/wp-content\/uploads\/2024\/04\/ND-Architecture-1.jpg\" class=\"attachment-large size-large wp-image-5629\" alt=\"\" srcset=\"https:\/\/culturasconstructivas.org\/wp-content\/uploads\/2024\/04\/ND-Architecture-1.jpg 447w, https:\/\/culturasconstructivas.org\/wp-content\/uploads\/2024\/04\/ND-Architecture-1-300x84.jpg 300w\" sizes=\"(max-width: 447px) 100vw, 447px\" \/>\t\t\t\t\t\t\t\t<\/a>\n\t\t\t\t\t\t\t\t\t\t\t\t\t\t\t<\/div>\n\t\t\t\t<\/div>\n\t\t\t\t<div class=\"elementor-element elementor-element-d7c7afb elementor-widget elementor-widget-image\" data-id=\"d7c7afb\" data-element_type=\"widget\" data-e-type=\"widget\" data-widget_type=\"image.default\">\n\t\t\t\t<div class=\"elementor-widget-container\">\n\t\t\t\t\t\t\t\t\t\t\t\t\t\t\t\t<a href=\"http:\/\/welcome.miami.edu\/\" target=\"_blank\">\n\t\t\t\t\t\t\t<img loading=\"lazy\" decoding=\"async\" width=\"247\" height=\"125\" src=\"https:\/\/culturasconstructivas.org\/wp-content\/uploads\/2024\/04\/University-miami-school-of-architecture.png\" class=\"attachment-large size-large wp-image-5632\" alt=\"\" \/>\t\t\t\t\t\t\t\t<\/a>\n\t\t\t\t\t\t\t\t\t\t\t\t\t\t\t<\/div>\n\t\t\t\t<\/div>\n\t\t\t\t<div class=\"elementor-element elementor-element-cdd8cd0 elementor-widget elementor-widget-image\" data-id=\"cdd8cd0\" data-element_type=\"widget\" data-e-type=\"widget\" data-widget_type=\"image.default\">\n\t\t\t\t<div class=\"elementor-widget-container\">\n\t\t\t\t\t\t\t\t\t\t\t\t\t\t\t\t<a href=\"http:\/\/www.upm.es\/\" target=\"_blank\">\n\t\t\t\t\t\t\t<img loading=\"lazy\" decoding=\"async\" width=\"143\" height=\"120\" src=\"https:\/\/culturasconstructivas.org\/wp-content\/uploads\/2024\/04\/logoUPMcompleto-e1520011955169.jpg\" class=\"attachment-large size-large wp-image-5638\" alt=\"\" \/>\t\t\t\t\t\t\t\t<\/a>\n\t\t\t\t\t\t\t\t\t\t\t\t\t\t\t<\/div>\n\t\t\t\t<\/div>\n\t\t\t\t<div class=\"elementor-element elementor-element-7aa2a4c elementor-widget elementor-widget-image\" data-id=\"7aa2a4c\" data-element_type=\"widget\" data-e-type=\"widget\" data-widget_type=\"image.default\">\n\t\t\t\t<div class=\"elementor-widget-container\">\n\t\t\t\t\t\t\t\t\t\t\t\t\t\t\t\t<a href=\"http:\/\/ciat.aq.upm.es\/\" target=\"_blank\">\n\t\t\t\t\t\t\t<img loading=\"lazy\" decoding=\"async\" width=\"342\" height=\"153\" src=\"https:\/\/culturasconstructivas.org\/wp-content\/uploads\/2024\/04\/LOGO-CIAT.jpg\" class=\"attachment-large size-large wp-image-5641\" alt=\"\" srcset=\"https:\/\/culturasconstructivas.org\/wp-content\/uploads\/2024\/04\/LOGO-CIAT.jpg 342w, https:\/\/culturasconstructivas.org\/wp-content\/uploads\/2024\/04\/LOGO-CIAT-300x134.jpg 300w\" sizes=\"(max-width: 342px) 100vw, 342px\" \/>\t\t\t\t\t\t\t\t<\/a>\n\t\t\t\t\t\t\t\t\t\t\t\t\t\t\t<\/div>\n\t\t\t\t<\/div>\n\t\t\t\t<div class=\"elementor-element elementor-element-c8f776f elementor-widget elementor-widget-image\" data-id=\"c8f776f\" data-element_type=\"widget\" data-e-type=\"widget\" data-widget_type=\"image.default\">\n\t\t\t\t<div class=\"elementor-widget-container\">\n\t\t\t\t\t\t\t\t\t\t\t\t\t\t\t\t<a href=\"https:\/\/www.upt.pt\/\" target=\"_blank\">\n\t\t\t\t\t\t\t<img loading=\"lazy\" decoding=\"async\" width=\"300\" height=\"284\" src=\"https:\/\/culturasconstructivas.org\/wp-content\/uploads\/2024\/04\/UPT-Escola-de-verao.jpg\" class=\"attachment-large size-large wp-image-5644\" alt=\"\" \/>\t\t\t\t\t\t\t\t<\/a>\n\t\t\t\t\t\t\t\t\t\t\t\t\t\t\t<\/div>\n\t\t\t\t<\/div>\n\t\t\t\t<div class=\"elementor-element elementor-element-766fa38 elementor-widget elementor-widget-image\" data-id=\"766fa38\" data-element_type=\"widget\" data-e-type=\"widget\" data-widget_type=\"image.default\">\n\t\t\t\t<div class=\"elementor-widget-container\">\n\t\t\t\t\t\t\t\t\t\t\t\t\t\t\t<img loading=\"lazy\" decoding=\"async\" width=\"281\" height=\"247\" src=\"https:\/\/culturasconstructivas.org\/wp-content\/uploads\/2024\/04\/308064874_155450300454982_1991190792245732357_n.png\" class=\"attachment-large size-large wp-image-5647\" alt=\"\" \/>\t\t\t\t\t\t\t\t\t\t\t\t\t\t\t<\/div>\n\t\t\t\t<\/div>\n\t\t\t\t<div class=\"elementor-element elementor-element-58f49bc elementor-widget elementor-widget-image\" data-id=\"58f49bc\" data-element_type=\"widget\" data-e-type=\"widget\" data-widget_type=\"image.default\">\n\t\t\t\t<div class=\"elementor-widget-container\">\n\t\t\t\t\t\t\t\t\t\t\t\t\t\t\t<img loading=\"lazy\" decoding=\"async\" width=\"380\" height=\"380\" src=\"https:\/\/culturasconstructivas.org\/wp-content\/uploads\/2024\/04\/HORREA-LOGOTIPO-PNG-web-380x380-1.png\" class=\"attachment-large size-large wp-image-5650\" alt=\"\" srcset=\"https:\/\/culturasconstructivas.org\/wp-content\/uploads\/2024\/04\/HORREA-LOGOTIPO-PNG-web-380x380-1.png 380w, https:\/\/culturasconstructivas.org\/wp-content\/uploads\/2024\/04\/HORREA-LOGOTIPO-PNG-web-380x380-1-300x300.png 300w, https:\/\/culturasconstructivas.org\/wp-content\/uploads\/2024\/04\/HORREA-LOGOTIPO-PNG-web-380x380-1-150x150.png 150w\" sizes=\"(max-width: 380px) 100vw, 380px\" \/>\t\t\t\t\t\t\t\t\t\t\t\t\t\t\t<\/div>\n\t\t\t\t<\/div>\n\t\t\t\t\t<\/div>\n\t\t\t\t<\/div>\n\t\t\t\t\t<\/div>\n\t\t\t\t<\/div>\n\t\t\t\t<\/div>\n\t\t","protected":false},"excerpt":{"rendered":"<p>Escola de Ver\u00e3o 2024 8-21 julho, 2024 (Os estudantes devem estar no Porto no dia 7 \u00e0 tarde) Arcos de Valdevez, Portugal 410\u20ac O programa ter\u00e1 lugar no munic\u00edpio de Arcos de Valdevez, Portugal. Gira em torno do design baseado no conhecimento e compreens\u00e3o da tradi\u00e7\u00e3o local de constru\u00e7\u00e3o, arquitetura e design urbano. Durante os [&hellip;]<\/p>\n","protected":false},"author":4,"featured_media":0,"parent":11176,"menu_order":0,"comment_status":"closed","ping_status":"closed","template":"elementor_header_footer","meta":{"_acf_changed":false,"_piecal_is_event":false,"_piecal_start_date":"","_piecal_end_date":"","_piecal_is_allday":false,"footnotes":""},"class_list":["post-11442","page","type-page","status-publish","hentry"],"acf":[],"yoast_head":"<!-- This site is optimized with the Yoast SEO plugin v27.4 - https:\/\/yoast.com\/product\/yoast-seo-wordpress\/ -->\n<title>Edi\u00e7\u00e3o 2024 - Fundaci\u00f3n Culturas Constructivas Tradicionales<\/title>\n<meta name=\"robots\" content=\"index, follow, max-snippet:-1, max-image-preview:large, max-video-preview:-1\" \/>\n<link rel=\"canonical\" href=\"https:\/\/culturasconstructivas.org\/pt-pt\/iniciativas\/formacao\/escola-de-verao\/edicao-2024\/\" \/>\n<meta property=\"og:locale\" content=\"pt_PT\" \/>\n<meta property=\"og:type\" content=\"article\" \/>\n<meta property=\"og:title\" content=\"Edi\u00e7\u00e3o 2024 - Fundaci\u00f3n Culturas Constructivas Tradicionales\" \/>\n<meta property=\"og:description\" content=\"Escola de Ver\u00e3o 2024 8-21 julho, 2024 (Os estudantes devem estar no Porto no dia 7 \u00e0 tarde) Arcos de Valdevez, Portugal 410\u20ac O programa ter\u00e1 lugar no munic\u00edpio de Arcos de Valdevez, Portugal. Gira em torno do design baseado no conhecimento e compreens\u00e3o da tradi\u00e7\u00e3o local de constru\u00e7\u00e3o, arquitetura e design urbano. Durante os [&hellip;]\" \/>\n<meta property=\"og:url\" content=\"https:\/\/culturasconstructivas.org\/pt-pt\/iniciativas\/formacao\/escola-de-verao\/edicao-2024\/\" \/>\n<meta property=\"og:site_name\" content=\"Fundaci\u00f3n Culturas Constructivas Tradicionales\" \/>\n<meta property=\"article:modified_time\" content=\"2025-01-23T16:32:52+00:00\" \/>\n<meta property=\"og:image\" content=\"https:\/\/culturasconstructivas.org\/wp-content\/uploads\/2024\/04\/Soajo-carmen-bueno.webp\" \/>\n\t<meta property=\"og:image:width\" content=\"1126\" \/>\n\t<meta property=\"og:image:height\" content=\"723\" \/>\n\t<meta property=\"og:image:type\" content=\"image\/webp\" \/>\n<meta name=\"twitter:card\" content=\"summary_large_image\" \/>\n<meta name=\"twitter:label1\" content=\"Tempo estimado de leitura\" \/>\n\t<meta name=\"twitter:data1\" content=\"29 minutos\" \/>\n<script type=\"application\/ld+json\" class=\"yoast-schema-graph\">{\"@context\":\"https:\\\/\\\/schema.org\",\"@graph\":[{\"@type\":\"WebPage\",\"@id\":\"https:\\\/\\\/culturasconstructivas.org\\\/pt-pt\\\/iniciativas\\\/formacao\\\/escola-de-verao\\\/edicao-2024\\\/\",\"url\":\"https:\\\/\\\/culturasconstructivas.org\\\/pt-pt\\\/iniciativas\\\/formacao\\\/escola-de-verao\\\/edicao-2024\\\/\",\"name\":\"Edi\u00e7\u00e3o 2024 - Fundaci\u00f3n Culturas Constructivas Tradicionales\",\"isPartOf\":{\"@id\":\"https:\\\/\\\/culturasconstructivas.org\\\/pt-pt\\\/#website\"},\"primaryImageOfPage\":{\"@id\":\"https:\\\/\\\/culturasconstructivas.org\\\/pt-pt\\\/iniciativas\\\/formacao\\\/escola-de-verao\\\/edicao-2024\\\/#primaryimage\"},\"image\":{\"@id\":\"https:\\\/\\\/culturasconstructivas.org\\\/pt-pt\\\/iniciativas\\\/formacao\\\/escola-de-verao\\\/edicao-2024\\\/#primaryimage\"},\"thumbnailUrl\":\"https:\\\/\\\/culturasconstructivas.org\\\/wp-content\\\/uploads\\\/2024\\\/04\\\/Soajo-carmen-bueno-1024x658.webp\",\"datePublished\":\"2024-04-19T16:59:34+00:00\",\"dateModified\":\"2025-01-23T16:32:52+00:00\",\"breadcrumb\":{\"@id\":\"https:\\\/\\\/culturasconstructivas.org\\\/pt-pt\\\/iniciativas\\\/formacao\\\/escola-de-verao\\\/edicao-2024\\\/#breadcrumb\"},\"inLanguage\":\"pt-PT\",\"potentialAction\":[{\"@type\":\"ReadAction\",\"target\":[\"https:\\\/\\\/culturasconstructivas.org\\\/pt-pt\\\/iniciativas\\\/formacao\\\/escola-de-verao\\\/edicao-2024\\\/\"]}]},{\"@type\":\"ImageObject\",\"inLanguage\":\"pt-PT\",\"@id\":\"https:\\\/\\\/culturasconstructivas.org\\\/pt-pt\\\/iniciativas\\\/formacao\\\/escola-de-verao\\\/edicao-2024\\\/#primaryimage\",\"url\":\"https:\\\/\\\/culturasconstructivas.org\\\/wp-content\\\/uploads\\\/2024\\\/04\\\/Soajo-carmen-bueno-1024x658.webp\",\"contentUrl\":\"https:\\\/\\\/culturasconstructivas.org\\\/wp-content\\\/uploads\\\/2024\\\/04\\\/Soajo-carmen-bueno-1024x658.webp\"},{\"@type\":\"BreadcrumbList\",\"@id\":\"https:\\\/\\\/culturasconstructivas.org\\\/pt-pt\\\/iniciativas\\\/formacao\\\/escola-de-verao\\\/edicao-2024\\\/#breadcrumb\",\"itemListElement\":[{\"@type\":\"ListItem\",\"position\":1,\"name\":\"Portada\",\"item\":\"https:\\\/\\\/culturasconstructivas.org\\\/pt-pt\\\/fundacao-culturas-construtivas-tradicionais\\\/\"},{\"@type\":\"ListItem\",\"position\":2,\"name\":\"Iniciativas\",\"item\":\"https:\\\/\\\/culturasconstructivas.org\\\/pt-pt\\\/iniciativas\\\/\"},{\"@type\":\"ListItem\",\"position\":3,\"name\":\"Forma\u00e7\u00e3o\",\"item\":\"https:\\\/\\\/culturasconstructivas.org\\\/pt-pt\\\/iniciativas\\\/formacao\\\/\"},{\"@type\":\"ListItem\",\"position\":4,\"name\":\"Escola de ver\u00e3o\",\"item\":\"https:\\\/\\\/culturasconstructivas.org\\\/pt-pt\\\/iniciativas\\\/formacao\\\/escola-de-verao\\\/\"},{\"@type\":\"ListItem\",\"position\":5,\"name\":\"Edi\u00e7\u00e3o 2024\"}]},{\"@type\":\"WebSite\",\"@id\":\"https:\\\/\\\/culturasconstructivas.org\\\/pt-pt\\\/#website\",\"url\":\"https:\\\/\\\/culturasconstructivas.org\\\/pt-pt\\\/\",\"name\":\"Fundaci\u00f3n Culturas Constructivas Tradicionales\",\"description\":\"\",\"publisher\":{\"@id\":\"https:\\\/\\\/culturasconstructivas.org\\\/pt-pt\\\/#organization\"},\"potentialAction\":[{\"@type\":\"SearchAction\",\"target\":{\"@type\":\"EntryPoint\",\"urlTemplate\":\"https:\\\/\\\/culturasconstructivas.org\\\/pt-pt\\\/?s={search_term_string}\"},\"query-input\":{\"@type\":\"PropertyValueSpecification\",\"valueRequired\":true,\"valueName\":\"search_term_string\"}}],\"inLanguage\":\"pt-PT\"},{\"@type\":\"Organization\",\"@id\":\"https:\\\/\\\/culturasconstructivas.org\\\/pt-pt\\\/#organization\",\"name\":\"Fundaci\u00f3n Culturas Constructivas Tradicionales\",\"url\":\"https:\\\/\\\/culturasconstructivas.org\\\/pt-pt\\\/\",\"logo\":{\"@type\":\"ImageObject\",\"inLanguage\":\"pt-PT\",\"@id\":\"https:\\\/\\\/culturasconstructivas.org\\\/pt-pt\\\/#\\\/schema\\\/logo\\\/image\\\/\",\"url\":\"https:\\\/\\\/culturasconstructivas.org\\\/wp-content\\\/uploads\\\/2023\\\/10\\\/FUNDACAO-CULTURAS-CONSTRUTIVAS-Logo.png\",\"contentUrl\":\"https:\\\/\\\/culturasconstructivas.org\\\/wp-content\\\/uploads\\\/2023\\\/10\\\/FUNDACAO-CULTURAS-CONSTRUTIVAS-Logo.png\",\"width\":537,\"height\":290,\"caption\":\"Fundaci\u00f3n Culturas Constructivas Tradicionales\"},\"image\":{\"@id\":\"https:\\\/\\\/culturasconstructivas.org\\\/pt-pt\\\/#\\\/schema\\\/logo\\\/image\\\/\"}}]}<\/script>\n<!-- \/ Yoast SEO plugin. -->","yoast_head_json":{"title":"Edi\u00e7\u00e3o 2024 - Fundaci\u00f3n Culturas Constructivas Tradicionales","robots":{"index":"index","follow":"follow","max-snippet":"max-snippet:-1","max-image-preview":"max-image-preview:large","max-video-preview":"max-video-preview:-1"},"canonical":"https:\/\/culturasconstructivas.org\/pt-pt\/iniciativas\/formacao\/escola-de-verao\/edicao-2024\/","og_locale":"pt_PT","og_type":"article","og_title":"Edi\u00e7\u00e3o 2024 - Fundaci\u00f3n Culturas Constructivas Tradicionales","og_description":"Escola de Ver\u00e3o 2024 8-21 julho, 2024 (Os estudantes devem estar no Porto no dia 7 \u00e0 tarde) Arcos de Valdevez, Portugal 410\u20ac O programa ter\u00e1 lugar no munic\u00edpio de Arcos de Valdevez, Portugal. Gira em torno do design baseado no conhecimento e compreens\u00e3o da tradi\u00e7\u00e3o local de constru\u00e7\u00e3o, arquitetura e design urbano. Durante os [&hellip;]","og_url":"https:\/\/culturasconstructivas.org\/pt-pt\/iniciativas\/formacao\/escola-de-verao\/edicao-2024\/","og_site_name":"Fundaci\u00f3n Culturas Constructivas Tradicionales","article_modified_time":"2025-01-23T16:32:52+00:00","og_image":[{"width":1126,"height":723,"url":"https:\/\/culturasconstructivas.org\/wp-content\/uploads\/2024\/04\/Soajo-carmen-bueno.webp","type":"image\/webp"}],"twitter_card":"summary_large_image","twitter_misc":{"Tempo estimado de leitura":"29 minutos"},"schema":{"@context":"https:\/\/schema.org","@graph":[{"@type":"WebPage","@id":"https:\/\/culturasconstructivas.org\/pt-pt\/iniciativas\/formacao\/escola-de-verao\/edicao-2024\/","url":"https:\/\/culturasconstructivas.org\/pt-pt\/iniciativas\/formacao\/escola-de-verao\/edicao-2024\/","name":"Edi\u00e7\u00e3o 2024 - Fundaci\u00f3n Culturas Constructivas Tradicionales","isPartOf":{"@id":"https:\/\/culturasconstructivas.org\/pt-pt\/#website"},"primaryImageOfPage":{"@id":"https:\/\/culturasconstructivas.org\/pt-pt\/iniciativas\/formacao\/escola-de-verao\/edicao-2024\/#primaryimage"},"image":{"@id":"https:\/\/culturasconstructivas.org\/pt-pt\/iniciativas\/formacao\/escola-de-verao\/edicao-2024\/#primaryimage"},"thumbnailUrl":"https:\/\/culturasconstructivas.org\/wp-content\/uploads\/2024\/04\/Soajo-carmen-bueno-1024x658.webp","datePublished":"2024-04-19T16:59:34+00:00","dateModified":"2025-01-23T16:32:52+00:00","breadcrumb":{"@id":"https:\/\/culturasconstructivas.org\/pt-pt\/iniciativas\/formacao\/escola-de-verao\/edicao-2024\/#breadcrumb"},"inLanguage":"pt-PT","potentialAction":[{"@type":"ReadAction","target":["https:\/\/culturasconstructivas.org\/pt-pt\/iniciativas\/formacao\/escola-de-verao\/edicao-2024\/"]}]},{"@type":"ImageObject","inLanguage":"pt-PT","@id":"https:\/\/culturasconstructivas.org\/pt-pt\/iniciativas\/formacao\/escola-de-verao\/edicao-2024\/#primaryimage","url":"https:\/\/culturasconstructivas.org\/wp-content\/uploads\/2024\/04\/Soajo-carmen-bueno-1024x658.webp","contentUrl":"https:\/\/culturasconstructivas.org\/wp-content\/uploads\/2024\/04\/Soajo-carmen-bueno-1024x658.webp"},{"@type":"BreadcrumbList","@id":"https:\/\/culturasconstructivas.org\/pt-pt\/iniciativas\/formacao\/escola-de-verao\/edicao-2024\/#breadcrumb","itemListElement":[{"@type":"ListItem","position":1,"name":"Portada","item":"https:\/\/culturasconstructivas.org\/pt-pt\/fundacao-culturas-construtivas-tradicionais\/"},{"@type":"ListItem","position":2,"name":"Iniciativas","item":"https:\/\/culturasconstructivas.org\/pt-pt\/iniciativas\/"},{"@type":"ListItem","position":3,"name":"Forma\u00e7\u00e3o","item":"https:\/\/culturasconstructivas.org\/pt-pt\/iniciativas\/formacao\/"},{"@type":"ListItem","position":4,"name":"Escola de ver\u00e3o","item":"https:\/\/culturasconstructivas.org\/pt-pt\/iniciativas\/formacao\/escola-de-verao\/"},{"@type":"ListItem","position":5,"name":"Edi\u00e7\u00e3o 2024"}]},{"@type":"WebSite","@id":"https:\/\/culturasconstructivas.org\/pt-pt\/#website","url":"https:\/\/culturasconstructivas.org\/pt-pt\/","name":"Fundaci\u00f3n Culturas Constructivas Tradicionales","description":"","publisher":{"@id":"https:\/\/culturasconstructivas.org\/pt-pt\/#organization"},"potentialAction":[{"@type":"SearchAction","target":{"@type":"EntryPoint","urlTemplate":"https:\/\/culturasconstructivas.org\/pt-pt\/?s={search_term_string}"},"query-input":{"@type":"PropertyValueSpecification","valueRequired":true,"valueName":"search_term_string"}}],"inLanguage":"pt-PT"},{"@type":"Organization","@id":"https:\/\/culturasconstructivas.org\/pt-pt\/#organization","name":"Fundaci\u00f3n Culturas Constructivas Tradicionales","url":"https:\/\/culturasconstructivas.org\/pt-pt\/","logo":{"@type":"ImageObject","inLanguage":"pt-PT","@id":"https:\/\/culturasconstructivas.org\/pt-pt\/#\/schema\/logo\/image\/","url":"https:\/\/culturasconstructivas.org\/wp-content\/uploads\/2023\/10\/FUNDACAO-CULTURAS-CONSTRUTIVAS-Logo.png","contentUrl":"https:\/\/culturasconstructivas.org\/wp-content\/uploads\/2023\/10\/FUNDACAO-CULTURAS-CONSTRUTIVAS-Logo.png","width":537,"height":290,"caption":"Fundaci\u00f3n Culturas Constructivas Tradicionales"},"image":{"@id":"https:\/\/culturasconstructivas.org\/pt-pt\/#\/schema\/logo\/image\/"}}]}},"_links":{"self":[{"href":"https:\/\/culturasconstructivas.org\/pt-pt\/wp-json\/wp\/v2\/pages\/11442","targetHints":{"allow":["GET"]}}],"collection":[{"href":"https:\/\/culturasconstructivas.org\/pt-pt\/wp-json\/wp\/v2\/pages"}],"about":[{"href":"https:\/\/culturasconstructivas.org\/pt-pt\/wp-json\/wp\/v2\/types\/page"}],"author":[{"embeddable":true,"href":"https:\/\/culturasconstructivas.org\/pt-pt\/wp-json\/wp\/v2\/users\/4"}],"replies":[{"embeddable":true,"href":"https:\/\/culturasconstructivas.org\/pt-pt\/wp-json\/wp\/v2\/comments?post=11442"}],"version-history":[{"count":0,"href":"https:\/\/culturasconstructivas.org\/pt-pt\/wp-json\/wp\/v2\/pages\/11442\/revisions"}],"up":[{"embeddable":true,"href":"https:\/\/culturasconstructivas.org\/pt-pt\/wp-json\/wp\/v2\/pages\/11176"}],"wp:attachment":[{"href":"https:\/\/culturasconstructivas.org\/pt-pt\/wp-json\/wp\/v2\/media?parent=11442"}],"curies":[{"name":"wp","href":"https:\/\/api.w.org\/{rel}","templated":true}]}}