{"id":11260,"date":"2024-04-19T18:59:34","date_gmt":"2024-04-19T16:59:34","guid":{"rendered":"https:\/\/culturasconstructivas.org\/initiatives\/training\/summer-school\/2024-edition\/"},"modified":"2025-01-23T17:30:50","modified_gmt":"2025-01-23T16:30:50","slug":"2024-edition","status":"publish","type":"page","link":"https:\/\/culturasconstructivas.org\/en\/initiatives\/training\/summer-school\/2024-edition\/","title":{"rendered":"2024 Edition"},"content":{"rendered":"\t\t<div data-elementor-type=\"wp-page\" data-elementor-id=\"11260\" class=\"elementor elementor-11260 elementor-5654\" data-elementor-post-type=\"page\">\n\t\t\t\t<div class=\"elementor-element elementor-element-3f5ad1d e-flex e-con-boxed e-con e-parent\" data-id=\"3f5ad1d\" data-element_type=\"container\" data-e-type=\"container\">\n\t\t\t\t\t<div class=\"e-con-inner\">\n\t\t<div class=\"elementor-element elementor-element-51f00fb e-con-full e-flex e-con e-child\" data-id=\"51f00fb\" data-element_type=\"container\" data-e-type=\"container\">\n\t\t\t\t<div class=\"elementor-element elementor-element-50c1ef6 elementor-widget elementor-widget-heading\" data-id=\"50c1ef6\" data-element_type=\"widget\" data-e-type=\"widget\" data-widget_type=\"heading.default\">\n\t\t\t\t<div class=\"elementor-widget-container\">\n\t\t\t\t\t<h1 class=\"elementor-heading-title elementor-size-default\">2024 Summer School<\/h1>\t\t\t\t<\/div>\n\t\t\t\t<\/div>\n\t\t\t\t<\/div>\n\t\t\t\t\t<\/div>\n\t\t\t\t<\/div>\n\t\t<div class=\"elementor-element elementor-element-3f0728c e-flex e-con-boxed e-con e-parent\" data-id=\"3f0728c\" data-element_type=\"container\" data-e-type=\"container\">\n\t\t\t\t\t<div class=\"e-con-inner\">\n\t\t<div class=\"elementor-element elementor-element-15350f0 e-con-full e-flex e-con e-child\" data-id=\"15350f0\" data-element_type=\"container\" data-e-type=\"container\">\n\t\t\t\t<div class=\"elementor-element elementor-element-5b06fdb elementor-widget elementor-widget-image\" data-id=\"5b06fdb\" data-element_type=\"widget\" data-e-type=\"widget\" data-widget_type=\"image.default\">\n\t\t\t\t<div class=\"elementor-widget-container\">\n\t\t\t\t\t\t\t\t\t\t\t\t\t\t\t<img fetchpriority=\"high\" decoding=\"async\" width=\"800\" height=\"514\" src=\"https:\/\/culturasconstructivas.org\/wp-content\/uploads\/2024\/04\/Soajo-carmen-bueno-1024x658.webp\" class=\"attachment-large size-large wp-image-5591\" alt=\"\" srcset=\"https:\/\/culturasconstructivas.org\/wp-content\/uploads\/2024\/04\/Soajo-carmen-bueno-1024x658.webp 1024w, https:\/\/culturasconstructivas.org\/wp-content\/uploads\/2024\/04\/Soajo-carmen-bueno-300x193.webp 300w, https:\/\/culturasconstructivas.org\/wp-content\/uploads\/2024\/04\/Soajo-carmen-bueno-768x493.webp 768w, https:\/\/culturasconstructivas.org\/wp-content\/uploads\/2024\/04\/Soajo-carmen-bueno.webp 1126w\" sizes=\"(max-width: 800px) 100vw, 800px\" \/>\t\t\t\t\t\t\t\t\t\t\t\t\t\t\t<\/div>\n\t\t\t\t<\/div>\n\t\t\t\t<\/div>\n\t\t<div class=\"elementor-element elementor-element-e60c0ee e-flex e-con-boxed e-con e-child\" data-id=\"e60c0ee\" data-element_type=\"container\" data-e-type=\"container\">\n\t\t\t\t\t<div class=\"e-con-inner\">\n\t\t<div class=\"elementor-element elementor-element-9282107 e-flex e-con-boxed e-con e-child\" data-id=\"9282107\" data-element_type=\"container\" data-e-type=\"container\">\n\t\t\t\t\t<div class=\"e-con-inner\">\n\t\t\t\t<div class=\"elementor-element elementor-element-b4e4a42 elementor-align-start elementor-icon-list--layout-traditional elementor-list-item-link-full_width elementor-widget elementor-widget-icon-list\" data-id=\"b4e4a42\" data-element_type=\"widget\" data-e-type=\"widget\" data-widget_type=\"icon-list.default\">\n\t\t\t\t<div class=\"elementor-widget-container\">\n\t\t\t\t\t\t\t<ul class=\"elementor-icon-list-items\">\n\t\t\t\t\t\t\t<li class=\"elementor-icon-list-item\">\n\t\t\t\t\t\t\t\t\t\t\t<span class=\"elementor-icon-list-icon\">\n\t\t\t\t\t\t\t<i aria-hidden=\"true\" class=\"far fa-calendar-alt\"><\/i>\t\t\t\t\t\t<\/span>\n\t\t\t\t\t\t\t\t\t\t<span class=\"elementor-icon-list-text\">8-21 July, 2024 (Students must be in Porto on the 7th evening)<\/span>\n\t\t\t\t\t\t\t\t\t<\/li>\n\t\t\t\t\t\t\t\t<li class=\"elementor-icon-list-item\">\n\t\t\t\t\t\t\t\t\t\t\t<span class=\"elementor-icon-list-icon\">\n\t\t\t\t\t\t\t<i aria-hidden=\"true\" class=\"far fa-map\"><\/i>\t\t\t\t\t\t<\/span>\n\t\t\t\t\t\t\t\t\t\t<span class=\"elementor-icon-list-text\">Arcos de Valdevez, Portugal<\/span>\n\t\t\t\t\t\t\t\t\t<\/li>\n\t\t\t\t\t\t\t\t<li class=\"elementor-icon-list-item\">\n\t\t\t\t\t\t\t\t\t\t\t<span class=\"elementor-icon-list-icon\">\n\t\t\t\t\t\t\t<i aria-hidden=\"true\" class=\"far fa-money-bill-alt\"><\/i>\t\t\t\t\t\t<\/span>\n\t\t\t\t\t\t\t\t\t\t<span class=\"elementor-icon-list-text\">410\u20ac<\/span>\n\t\t\t\t\t\t\t\t\t<\/li>\n\t\t\t\t\t\t<\/ul>\n\t\t\t\t\t\t<\/div>\n\t\t\t\t<\/div>\n\t\t\t\t<div class=\"elementor-element elementor-element-6515fb0 elementor-widget elementor-widget-text-editor\" data-id=\"6515fb0\" data-element_type=\"widget\" data-e-type=\"widget\" data-widget_type=\"text-editor.default\">\n\t\t\t\t<div class=\"elementor-widget-container\">\n\t\t\t\t\t\t\t\t\t<ul>\n<li style=\"font-weight: 400;\" aria-level=\"1\"><span style=\"font-weight: 400;\">This program will take place in the Municipality of Arcos de Valdevez, Portugal.\n<p><\/span><\/li>\n<li style=\"font-weight: 400;\" aria-level=\"1\"><span style=\"font-weight: 400;\">It revolves around design based on a knowledge and understanding of the <\/span><b>local building, architectural and urban design tradition.<\/b><\/li>\n<li style=\"font-weight: 400;\" aria-level=\"1\"><span style=\"font-weight: 400;\">During the last days upgrade<\/span> <b>proposals for different public places<\/b> <span style=\"font-weight: 400;\">of the town will be designed, using the work previously developed as a guideline for them. <\/span><\/li>\n<li style=\"font-weight: 400;\" aria-level=\"1\"><b>Hand drawing and measuring buildings<\/b> <span style=\"font-weight: 400;\">will be the main activity to be developed each day.<\/span><\/li>\n<li style=\"font-weight: 400;\" aria-level=\"1\"><span style=\"font-weight: 400;\">Experts in local vernacular architecture and building techniques will be<\/span> <b>lecturing on diverse related topics<\/b><span style=\"font-weight: 400;\">.<\/span><\/li>\n<li style=\"font-weight: 400;\" aria-level=\"1\"><span style=\"font-weight: 400;\">There will be<\/span> <b>trips around the area <\/b><span style=\"font-weight: 400;\">and some building sites will be visited too.<\/span><\/li>\n<\/ul>\n\t\t\t\t\t\t\t\t<\/div>\n\t\t\t\t<\/div>\n\t\t\t\t<div class=\"elementor-element elementor-element-0809ab8 elementor-widget elementor-widget-text-editor\" data-id=\"0809ab8\" data-element_type=\"widget\" data-e-type=\"widget\" data-widget_type=\"text-editor.default\">\n\t\t\t\t<div class=\"elementor-widget-container\">\n\t\t\t\t\t\t\t\t\t<p><span style=\"font-weight: 400;\">We are working on the details of the 2024 programme.<\/span><span style=\"font-weight: 400;\"><br \/><\/span><span style=\"font-weight: 400;\">The group is already closed, but if you are interested in next year\u2019s summer school,<br \/>please register your interest through:<\/span><\/p>\n\t\t\t\t\t\t\t\t<\/div>\n\t\t\t\t<\/div>\n\t\t\t\t<div class=\"elementor-element elementor-element-20a848f elementor-widget elementor-widget-button\" data-id=\"20a848f\" data-element_type=\"widget\" data-e-type=\"widget\" data-widget_type=\"button.default\">\n\t\t\t\t<div class=\"elementor-widget-container\">\n\t\t\t\t\t\t\t\t\t<div class=\"elementor-button-wrapper\">\n\t\t\t\t\t<a class=\"elementor-button elementor-button-link elementor-size-sm\" href=\"https:\/\/docs.google.com\/forms\/d\/e\/1FAIpQLSdiirF3zjRzM0irfjbwrkrqeMmWeEAAuvjzD75D5kGnVXk02g\/viewform\" target=\"_blank\">\n\t\t\t\t\t\t<span class=\"elementor-button-content-wrapper\">\n\t\t\t\t\t\t\t\t\t<span class=\"elementor-button-text\">Fill in the Application Form<\/span>\n\t\t\t\t\t<\/span>\n\t\t\t\t\t<\/a>\n\t\t\t\t<\/div>\n\t\t\t\t\t\t\t\t<\/div>\n\t\t\t\t<\/div>\n\t\t\t\t\t<\/div>\n\t\t\t\t<\/div>\n\t\t\t\t\t<\/div>\n\t\t\t\t<\/div>\n\t\t\t\t\t<\/div>\n\t\t\t\t<\/div>\n\t\t<div class=\"elementor-element elementor-element-90cf246 e-flex e-con-boxed e-con e-parent\" data-id=\"90cf246\" data-element_type=\"container\" data-e-type=\"container\">\n\t\t\t\t\t<div class=\"e-con-inner\">\n\t\t<div class=\"elementor-element elementor-element-c387a50 e-flex e-con-boxed e-con e-child\" data-id=\"c387a50\" data-element_type=\"container\" data-e-type=\"container\">\n\t\t\t\t\t<div class=\"e-con-inner\">\n\t\t\t\t<div class=\"elementor-element elementor-element-7a2f169 elementor-widget elementor-widget-heading\" data-id=\"7a2f169\" data-element_type=\"widget\" data-e-type=\"widget\" data-widget_type=\"heading.default\">\n\t\t\t\t<div class=\"elementor-widget-container\">\n\t\t\t\t\t<h3 class=\"elementor-heading-title elementor-size-default\">Arcos de Valdevez, Portugal<\/h3>\t\t\t\t<\/div>\n\t\t\t\t<\/div>\n\t\t\t\t<div class=\"elementor-element elementor-element-af199e8 elementor-pagination-position-outside elementor-widget elementor-widget-image-carousel\" data-id=\"af199e8\" data-element_type=\"widget\" data-e-type=\"widget\" data-settings=\"{&quot;slides_to_show&quot;:&quot;4&quot;,&quot;navigation&quot;:&quot;dots&quot;,&quot;lazyload&quot;:&quot;yes&quot;,&quot;speed&quot;:500,&quot;image_spacing_custom&quot;:{&quot;unit&quot;:&quot;px&quot;,&quot;size&quot;:20,&quot;sizes&quot;:[]},&quot;image_spacing_custom_tablet&quot;:{&quot;unit&quot;:&quot;px&quot;,&quot;size&quot;:&quot;&quot;,&quot;sizes&quot;:[]},&quot;image_spacing_custom_mobile&quot;:{&quot;unit&quot;:&quot;px&quot;,&quot;size&quot;:&quot;&quot;,&quot;sizes&quot;:[]}}\" data-widget_type=\"image-carousel.default\">\n\t\t\t\t<div class=\"elementor-widget-container\">\n\t\t\t\t\t            <div class=\"elementor-image-carousel-wrapper swiper\" role=\"region\" aria-roledescription=\"carousel\" aria-label=\"Carrusel de im\u00e1genes\" dir=\"ltr\">\n                <div class=\"elementor-image-carousel swiper-wrapper swiper-image-stretch\" aria-live=\"polite\">\n\t\t\t\t\t\t\t\t\t\t<div class=\"swiper-slide\"><a data-elementor-open-lightbox=\"yes\" data-elementor-lightbox-slideshow=\"af199e8\" data-e-action-hash=\"#elementor-action%3Aaction%3Dlightbox%26settings%3DeyJpZCI6NTYxMywidXJsIjoiaHR0cHM6XC9cL2N1bHR1cmFzY29uc3RydWN0aXZhcy5vcmdcL3dwLWNvbnRlbnRcL3VwbG9hZHNcLzIwMjRcLzA0XC9BcmNvcy1kZS1WYWxkZXZlei53ZWJwIiwic2xpZGVzaG93IjoiYWYxOTllOCJ9\" href=\"https:\/\/culturasconstructivas.org\/wp-content\/uploads\/2024\/04\/Arcos-de-Valdevez.webp\"><figure class=\"swiper-slide-inner\"><img decoding=\"async\" class=\"swiper-slide-image\" src=\"https:\/\/culturasconstructivas.org\/wp-content\/uploads\/elementor\/thumbs\/Arcos-de-Valdevez-qmy5b3i3abxa1plgyaibmqmarnt79438nca73yb2i8.webp\" alt=\"Arcos de Valdevez\" \/><\/figure><\/a><\/div><div class=\"swiper-slide\"><a data-elementor-open-lightbox=\"yes\" data-elementor-lightbox-slideshow=\"af199e8\" data-e-action-hash=\"#elementor-action%3Aaction%3Dlightbox%26settings%3DeyJpZCI6NTU5OCwidXJsIjoiaHR0cHM6XC9cL2N1bHR1cmFzY29uc3RydWN0aXZhcy5vcmdcL3dwLWNvbnRlbnRcL3VwbG9hZHNcLzIwMjRcLzA0XC9BcmNvcy1kZS1WYWxkZXZlei0yLndlYnAiLCJzbGlkZXNob3ciOiJhZjE5OWU4In0%3D\" href=\"https:\/\/culturasconstructivas.org\/wp-content\/uploads\/2024\/04\/Arcos-de-Valdevez-2.webp\"><figure class=\"swiper-slide-inner\"><img decoding=\"async\" class=\"swiper-slide-image\" src=\"https:\/\/culturasconstructivas.org\/wp-content\/uploads\/elementor\/thumbs\/Arcos-de-Valdevez-2-qmy5aitn3z4yyafib1kj3vu5p6n4jrt58hxijv5qb4.webp\" alt=\"Arcos de Valdevez 2\" \/><\/figure><\/a><\/div><div class=\"swiper-slide\"><a data-elementor-open-lightbox=\"yes\" data-elementor-lightbox-slideshow=\"af199e8\" data-e-action-hash=\"#elementor-action%3Aaction%3Dlightbox%26settings%3DeyJpZCI6NTYwNywidXJsIjoiaHR0cHM6XC9cL2N1bHR1cmFzY29uc3RydWN0aXZhcy5vcmdcL3dwLWNvbnRlbnRcL3VwbG9hZHNcLzIwMjRcLzA0XC9BcmNvcy1kZS1WYWxkZXZlei0zLndlYnAiLCJzbGlkZXNob3ciOiJhZjE5OWU4In0%3D\" href=\"https:\/\/culturasconstructivas.org\/wp-content\/uploads\/2024\/04\/Arcos-de-Valdevez-3.webp\"><figure class=\"swiper-slide-inner\"><img decoding=\"async\" class=\"swiper-slide-image\" src=\"https:\/\/culturasconstructivas.org\/wp-content\/uploads\/elementor\/thumbs\/Arcos-de-Valdevez-3-qmy5awx7yho9sfv10pnxnaa2lypmr8d4afpsr0ktps.webp\" alt=\"Arcos-de-Valdevez-3\" \/><\/figure><\/a><\/div><div class=\"swiper-slide\"><a data-elementor-open-lightbox=\"yes\" data-elementor-lightbox-slideshow=\"af199e8\" data-e-action-hash=\"#elementor-action%3Aaction%3Dlightbox%26settings%3DeyJpZCI6NTYwNCwidXJsIjoiaHR0cHM6XC9cL2N1bHR1cmFzY29uc3RydWN0aXZhcy5vcmdcL3dwLWNvbnRlbnRcL3VwbG9hZHNcLzIwMjRcLzA0XC9BcmNvcy1kZS1WYWxkZXZlei00LndlYnAiLCJzbGlkZXNob3ciOiJhZjE5OWU4In0%3D\" href=\"https:\/\/culturasconstructivas.org\/wp-content\/uploads\/2024\/04\/Arcos-de-Valdevez-4.webp\"><figure class=\"swiper-slide-inner\"><img decoding=\"async\" class=\"swiper-slide-image\" src=\"https:\/\/culturasconstructivas.org\/wp-content\/uploads\/elementor\/thumbs\/Arcos-de-Valdevez-4-qmy5as810bhu6e1us5msstgrn1csoquglsgdcmrskw.webp\" alt=\"Arcos-de-Valdevez 4\" \/><\/figure><\/a><\/div><div class=\"swiper-slide\"><a data-elementor-open-lightbox=\"yes\" data-elementor-lightbox-slideshow=\"af199e8\" data-e-action-hash=\"#elementor-action%3Aaction%3Dlightbox%26settings%3DeyJpZCI6NTYwMSwidXJsIjoiaHR0cHM6XC9cL2N1bHR1cmFzY29uc3RydWN0aXZhcy5vcmdcL3dwLWNvbnRlbnRcL3VwbG9hZHNcLzIwMjRcLzA0XC9BcmNvcy1kZS1WYWxkZXZlei01LndlYnAiLCJzbGlkZXNob3ciOiJhZjE5OWU4In0%3D\" href=\"https:\/\/culturasconstructivas.org\/wp-content\/uploads\/2024\/04\/Arcos-de-Valdevez-5.webp\"><figure class=\"swiper-slide-inner\"><img decoding=\"async\" class=\"swiper-slide-image\" src=\"https:\/\/culturasconstructivas.org\/wp-content\/uploads\/elementor\/thumbs\/Arcos-de-Valdevez-5-qmy5aniu25bekc8ojllnycngo3zym9bsx56xy8yrg0.webp\" alt=\"Arcos de Valdevez 5\" \/><\/figure><\/a><\/div><div class=\"swiper-slide\"><a data-elementor-open-lightbox=\"yes\" data-elementor-lightbox-slideshow=\"af199e8\" data-e-action-hash=\"#elementor-action%3Aaction%3Dlightbox%26settings%3DeyJpZCI6NTYxMCwidXJsIjoiaHR0cHM6XC9cL2N1bHR1cmFzY29uc3RydWN0aXZhcy5vcmdcL3dwLWNvbnRlbnRcL3VwbG9hZHNcLzIwMjRcLzA0XC9TYW50dWFyaW8tTnRyYS1TcmEtUGVuZWRhLndlYnAiLCJzbGlkZXNob3ciOiJhZjE5OWU4In0%3D\" href=\"https:\/\/culturasconstructivas.org\/wp-content\/uploads\/2024\/04\/Santuario-Ntra-Sra-Peneda.webp\"><figure class=\"swiper-slide-inner\"><img decoding=\"async\" class=\"swiper-slide-image\" src=\"https:\/\/culturasconstructivas.org\/wp-content\/uploads\/elementor\/thumbs\/Santuario-Ntra-Sra-Peneda-qmy5b0okpttf2vpkerafx9bwzi73m0s1mybqo4f90w.webp\" alt=\"Santuario-Ntra-Sra-Peneda\" \/><\/figure><\/a><\/div>                <\/div>\n\t\t\t\t\t\t\t\t\t                        <div class=\"swiper-pagination\"><\/div>\n\t\t\t\t\t\t\t\t\t\t\t\t\t\t            <\/div>\n\t\t\t\t\t\t\t<\/div>\n\t\t\t\t<\/div>\n\t\t\t\t\t<\/div>\n\t\t\t\t<\/div>\n\t\t<div class=\"elementor-element elementor-element-39f4f5a e-flex e-con-boxed e-con e-child\" data-id=\"39f4f5a\" data-element_type=\"container\" data-e-type=\"container\">\n\t\t\t\t\t<div class=\"e-con-inner\">\n\t\t\t\t<div class=\"elementor-element elementor-element-3b923ed elementor-widget elementor-widget-button\" data-id=\"3b923ed\" data-element_type=\"widget\" data-e-type=\"widget\" data-widget_type=\"button.default\">\n\t\t\t\t<div class=\"elementor-widget-container\">\n\t\t\t\t\t\t\t\t\t<div class=\"elementor-button-wrapper\">\n\t\t\t\t\t<a class=\"elementor-button elementor-button-link elementor-size-sm\" href=\"#inscripcion\">\n\t\t\t\t\t\t<span class=\"elementor-button-content-wrapper\">\n\t\t\t\t\t\t\t\t\t<span class=\"elementor-button-text\">Applications<\/span>\n\t\t\t\t\t<\/span>\n\t\t\t\t\t<\/a>\n\t\t\t\t<\/div>\n\t\t\t\t\t\t\t\t<\/div>\n\t\t\t\t<\/div>\n\t\t\t\t<div class=\"elementor-element elementor-element-8382db0 elementor-widget elementor-widget-button\" data-id=\"8382db0\" data-element_type=\"widget\" data-e-type=\"widget\" data-widget_type=\"button.default\">\n\t\t\t\t<div class=\"elementor-widget-container\">\n\t\t\t\t\t\t\t\t\t<div class=\"elementor-button-wrapper\">\n\t\t\t\t\t<a class=\"elementor-button elementor-button-link elementor-size-sm\" href=\"https:\/\/culturasconstructivas.org\/en\/initiatives\/training\/summer-school\/2024-edition\/#faculty\">\n\t\t\t\t\t\t<span class=\"elementor-button-content-wrapper\">\n\t\t\t\t\t\t\t\t\t<span class=\"elementor-button-text\">Faculty<\/span>\n\t\t\t\t\t<\/span>\n\t\t\t\t\t<\/a>\n\t\t\t\t<\/div>\n\t\t\t\t\t\t\t\t<\/div>\n\t\t\t\t<\/div>\n\t\t\t\t<div class=\"elementor-element elementor-element-84f18a7 elementor-widget elementor-widget-button\" data-id=\"84f18a7\" data-element_type=\"widget\" data-e-type=\"widget\" data-widget_type=\"button.default\">\n\t\t\t\t<div class=\"elementor-widget-container\">\n\t\t\t\t\t\t\t\t\t<div class=\"elementor-button-wrapper\">\n\t\t\t\t\t<a class=\"elementor-button elementor-button-link elementor-size-sm\" href=\"#programa\">\n\t\t\t\t\t\t<span class=\"elementor-button-content-wrapper\">\n\t\t\t\t\t\t\t\t\t<span class=\"elementor-button-text\">Program<\/span>\n\t\t\t\t\t<\/span>\n\t\t\t\t\t<\/a>\n\t\t\t\t<\/div>\n\t\t\t\t\t\t\t\t<\/div>\n\t\t\t\t<\/div>\n\t\t\t\t<div class=\"elementor-element elementor-element-e578b9c elementor-widget elementor-widget-button\" data-id=\"e578b9c\" data-element_type=\"widget\" data-e-type=\"widget\" data-widget_type=\"button.default\">\n\t\t\t\t<div class=\"elementor-widget-container\">\n\t\t\t\t\t\t\t\t\t<div class=\"elementor-button-wrapper\">\n\t\t\t\t\t<a class=\"elementor-button elementor-button-link elementor-size-sm\" href=\"#entidades\">\n\t\t\t\t\t\t<span class=\"elementor-button-content-wrapper\">\n\t\t\t\t\t\t\t\t\t<span class=\"elementor-button-text\">Institutions<\/span>\n\t\t\t\t\t<\/span>\n\t\t\t\t\t<\/a>\n\t\t\t\t<\/div>\n\t\t\t\t\t\t\t\t<\/div>\n\t\t\t\t<\/div>\n\t\t\t\t\t<\/div>\n\t\t\t\t<\/div>\n\t\t\t\t\t<\/div>\n\t\t\t\t<\/div>\n\t\t<div class=\"elementor-element elementor-element-c1e16b5 e-flex e-con-boxed e-con e-parent\" data-id=\"c1e16b5\" data-element_type=\"container\" data-e-type=\"container\" data-settings=\"{&quot;background_background&quot;:&quot;classic&quot;}\">\n\t\t\t\t\t<div class=\"e-con-inner\">\n\t\t<div class=\"elementor-element elementor-element-11d610f e-flex e-con-boxed e-con e-child\" data-id=\"11d610f\" data-element_type=\"container\" data-e-type=\"container\">\n\t\t\t\t\t<div class=\"e-con-inner\">\n\t\t\t\t<div class=\"elementor-element elementor-element-e0cd581 elementor-widget elementor-widget-menu-anchor\" data-id=\"e0cd581\" data-element_type=\"widget\" data-e-type=\"widget\" data-widget_type=\"menu-anchor.default\">\n\t\t\t\t<div class=\"elementor-widget-container\">\n\t\t\t\t\t\t\t<div class=\"elementor-menu-anchor\" id=\"inscripcion\"><\/div>\n\t\t\t\t\t\t<\/div>\n\t\t\t\t<\/div>\n\t\t\t\t<div class=\"elementor-element elementor-element-296837f elementor-widget elementor-widget-heading\" data-id=\"296837f\" data-element_type=\"widget\" data-e-type=\"widget\" data-widget_type=\"heading.default\">\n\t\t\t\t<div class=\"elementor-widget-container\">\n\t\t\t\t\t<h2 class=\"elementor-heading-title elementor-size-default\">Applications<\/h2>\t\t\t\t<\/div>\n\t\t\t\t<\/div>\n\t\t\t\t<div class=\"elementor-element elementor-element-924833e elementor-widget-divider--view-line elementor-widget elementor-widget-divider\" data-id=\"924833e\" data-element_type=\"widget\" data-e-type=\"widget\" data-widget_type=\"divider.default\">\n\t\t\t\t<div class=\"elementor-widget-container\">\n\t\t\t\t\t\t\t<div class=\"elementor-divider\">\n\t\t\t<span class=\"elementor-divider-separator\">\n\t\t\t\t\t\t<\/span>\n\t\t<\/div>\n\t\t\t\t\t\t<\/div>\n\t\t\t\t<\/div>\n\t\t<div class=\"elementor-element elementor-element-a139d48 e-flex e-con-boxed e-con e-child\" data-id=\"a139d48\" data-element_type=\"container\" data-e-type=\"container\">\n\t\t\t\t\t<div class=\"e-con-inner\">\n\t\t<div class=\"elementor-element elementor-element-3271c1c e-con-full e-flex e-con e-child\" data-id=\"3271c1c\" data-element_type=\"container\" data-e-type=\"container\">\n\t\t\t\t<div class=\"elementor-element elementor-element-4d378f8 elementor-widget elementor-widget-heading\" data-id=\"4d378f8\" data-element_type=\"widget\" data-e-type=\"widget\" data-widget_type=\"heading.default\">\n\t\t\t\t<div class=\"elementor-widget-container\">\n\t\t\t\t\t<h3 class=\"elementor-heading-title elementor-size-default\">Skills<\/h3>\t\t\t\t<\/div>\n\t\t\t\t<\/div>\n\t\t\t\t<div class=\"elementor-element elementor-element-96095ad elementor-widget elementor-widget-text-editor\" data-id=\"96095ad\" data-element_type=\"widget\" data-e-type=\"widget\" data-widget_type=\"text-editor.default\">\n\t\t\t\t<div class=\"elementor-widget-container\">\n\t\t\t\t\t\t\t\t\t<p><span style=\"font-weight: 400;\">The language to be used during the activities will be mainly <\/span><b>English<\/b><span style=\"font-weight: 400;\">, so<\/span> <span style=\"font-weight: 400;\">at least basic skills using this language are recommended. . <\/span><b>Hand drawing and measuring buildings<\/b> <span style=\"font-weight: 400;\">will be <\/span><span style=\"font-weight: 400;\">the main activity to be developed each day, so a good command of it is also recommended.<\/span><\/p>\n\t\t\t\t\t\t\t\t<\/div>\n\t\t\t\t<\/div>\n\t\t\t\t<div class=\"elementor-element elementor-element-cf62308 elementor-widget elementor-widget-heading\" data-id=\"cf62308\" data-element_type=\"widget\" data-e-type=\"widget\" data-widget_type=\"heading.default\">\n\t\t\t\t<div class=\"elementor-widget-container\">\n\t\t\t\t\t<h3 class=\"elementor-heading-title elementor-size-default\">Number of participants<\/h3>\t\t\t\t<\/div>\n\t\t\t\t<\/div>\n\t\t\t\t<div class=\"elementor-element elementor-element-4317178 elementor-widget elementor-widget-text-editor\" data-id=\"4317178\" data-element_type=\"widget\" data-e-type=\"widget\" data-widget_type=\"text-editor.default\">\n\t\t\t\t<div class=\"elementor-widget-container\">\n\t\t\t\t\t\t\t\t\t<div class=\"et_pb_row et_pb_row_4\">\n<div class=\"et_pb_column et_pb_column_2_3 et_pb_column_7 et_pb_css_mix_blend_mode_passthrough et-last-child\">\n<div class=\"et_pb_module et_pb_text et_pb_text_6 et_pb_text_align_left et_pb_bg_layout_light\">\n<div class=\"et_pb_text_inner\">\n<div class=\"et_pb_row et_pb_row_5\">\n<div class=\"et_pb_column et_pb_column_2_3 et_pb_column_9 et_pb_css_mix_blend_mode_passthrough et-last-child\">\n<div class=\"et_pb_module et_pb_text et_pb_text_8 et_pb_text_align_left et_pb_bg_layout_light\">\n<div class=\"et_pb_text_inner\">\n<p><strong><b>Places are limited to 28.<\/b><span style=\"font-weight: 400;\"> We will be developing a selection process among all candidates. Several places will be reserved for students from each participating university.<\/span> <\/strong><\/p>\n<\/div>\n<\/div>\n<\/div>\n<\/div>\n<\/div>\n<\/div>\n<\/div>\n<\/div>\n\t\t\t\t\t\t\t\t<\/div>\n\t\t\t\t<\/div>\n\t\t\t\t<div class=\"elementor-element elementor-element-02d4d29 elementor-widget elementor-widget-heading\" data-id=\"02d4d29\" data-element_type=\"widget\" data-e-type=\"widget\" data-widget_type=\"heading.default\">\n\t\t\t\t<div class=\"elementor-widget-container\">\n\t\t\t\t\t<h3 class=\"elementor-heading-title elementor-size-default\">Fee<\/h3>\t\t\t\t<\/div>\n\t\t\t\t<\/div>\n\t\t\t\t<div class=\"elementor-element elementor-element-958e039 elementor-widget elementor-widget-text-editor\" data-id=\"958e039\" data-element_type=\"widget\" data-e-type=\"widget\" data-widget_type=\"text-editor.default\">\n\t\t\t\t<div class=\"elementor-widget-container\">\n\t\t\t\t\t\t\t\t\t<p><span style=\"font-weight: 400;\">The registration is<\/span><b> 410\u20ac. <\/b><span style=\"font-weight: 400;\">. This fee includes tuition, lodging, meals and transportation during the two weeks of the Summer School. Once applicants are accepted, the payment procedure will be provided.<\/span><\/p>\n<p><i><span style=\"font-weight: 400;\">* The real cost per participant of this course is around 2500\u20ac, but, thanks to the support of Richard H. Driehaus, the Arcos de Valdevez Municipality and Kalam, the participation fee has been reduced to 410\u20ac.<\/span><\/i><\/p>\n\t\t\t\t\t\t\t\t<\/div>\n\t\t\t\t<\/div>\n\t\t\t\t<div class=\"elementor-element elementor-element-1b0bf27 elementor-widget elementor-widget-heading\" data-id=\"1b0bf27\" data-element_type=\"widget\" data-e-type=\"widget\" data-widget_type=\"heading.default\">\n\t\t\t\t<div class=\"elementor-widget-container\">\n\t\t\t\t\t<h3 class=\"elementor-heading-title elementor-size-default\">Registration and deadline<\/h3>\t\t\t\t<\/div>\n\t\t\t\t<\/div>\n\t\t\t\t<div class=\"elementor-element elementor-element-7e70955 elementor-widget elementor-widget-text-editor\" data-id=\"7e70955\" data-element_type=\"widget\" data-e-type=\"widget\" data-widget_type=\"text-editor.default\">\n\t\t\t\t<div class=\"elementor-widget-container\">\n\t\t\t\t\t\t\t\t\t<div class=\"et_pb_row et_pb_row_4\">\n<div class=\"et_pb_column et_pb_column_2_3 et_pb_column_7 et_pb_css_mix_blend_mode_passthrough et-last-child\">\n<div class=\"et_pb_module et_pb_text et_pb_text_6 et_pb_text_align_left et_pb_bg_layout_light\">\n<div class=\"et_pb_text_inner\">\n<div class=\"et_pb_row et_pb_row_5\">\n<div class=\"et_pb_column et_pb_column_2_3 et_pb_column_9 et_pb_css_mix_blend_mode_passthrough et-last-child\">\n<div class=\"et_pb_module et_pb_text et_pb_text_8 et_pb_text_align_left et_pb_bg_layout_light\">\n<div class=\"et_pb_text_inner\">\n<p><span style=\"font-weight: 400;\">Those interested in participating must fill in the <\/span><span style=\"font-weight: 400;\"><a href=\"https:\/\/docs.google.com\/forms\/d\/e\/1FAIpQLSeYS_ZHyKGvkQDLDuJmORpRZPy7LWWCuxI4Sm8BGDjfPdbRBg\/viewform\">Application Form<\/a><\/span> <span style=\"font-weight: 400;\">and send a selection of drawings and projects, preferably handmade to info@culturasconstructivas.org.<\/span><\/p>\n<p><span style=\"font-weight: 400;\">The registration deadline is <\/span><b>March 24th, 2024<\/b><\/p>\n<\/div>\n<\/div>\n<\/div>\n<\/div>\n<\/div>\n<\/div>\n<\/div>\n<\/div>\n\t\t\t\t\t\t\t\t<\/div>\n\t\t\t\t<\/div>\n\t\t\t\t<div class=\"elementor-element elementor-element-008f27e elementor-widget elementor-widget-heading\" data-id=\"008f27e\" data-element_type=\"widget\" data-e-type=\"widget\" data-widget_type=\"heading.default\">\n\t\t\t\t<div class=\"elementor-widget-container\">\n\t\t\t\t\t<h3 class=\"elementor-heading-title elementor-size-default\">Contact us<\/h3>\t\t\t\t<\/div>\n\t\t\t\t<\/div>\n\t\t\t\t<div class=\"elementor-element elementor-element-38232c8 elementor-widget elementor-widget-text-editor\" data-id=\"38232c8\" data-element_type=\"widget\" data-e-type=\"widget\" data-widget_type=\"text-editor.default\">\n\t\t\t\t<div class=\"elementor-widget-container\">\n\t\t\t\t\t\t\t\t\t<div class=\"et_pb_row et_pb_row_4\">\n<div class=\"et_pb_column et_pb_column_2_3 et_pb_column_7 et_pb_css_mix_blend_mode_passthrough et-last-child\">\n<div class=\"et_pb_module et_pb_text et_pb_text_6 et_pb_text_align_left et_pb_bg_layout_light\">\n<div class=\"et_pb_text_inner\">\n<div class=\"et_pb_row et_pb_row_5\">\n<div class=\"et_pb_column et_pb_column_2_3 et_pb_column_9 et_pb_css_mix_blend_mode_passthrough et-last-child\">\n<div class=\"et_pb_module et_pb_text et_pb_text_8 et_pb_text_align_left et_pb_bg_layout_light\">\n<div class=\"et_pb_text_inner\">\n<p><span style=\"font-weight: 400;\">If you have any question, please, do not hesitate to contact us<\/span> <span style=\"font-weight: 400;\"><a href=\"mailto:info@culturasconstructivas.org\">info@culturasconstructivas.org<\/a><\/span><\/p>\n<\/div>\n<\/div>\n<\/div>\n<\/div>\n<\/div>\n<\/div>\n<\/div>\n<\/div>\n\t\t\t\t\t\t\t\t<\/div>\n\t\t\t\t<\/div>\n\t\t\t\t<div class=\"elementor-element elementor-element-253e79c elementor-widget elementor-widget-heading\" data-id=\"253e79c\" data-element_type=\"widget\" data-e-type=\"widget\" data-widget_type=\"heading.default\">\n\t\t\t\t<div class=\"elementor-widget-container\">\n\t\t\t\t\t<h3 class=\"elementor-heading-title elementor-size-default\">Grants<\/h3>\t\t\t\t<\/div>\n\t\t\t\t<\/div>\n\t\t\t\t<div class=\"elementor-element elementor-element-f39958d elementor-widget elementor-widget-text-editor\" data-id=\"f39958d\" data-element_type=\"widget\" data-e-type=\"widget\" data-widget_type=\"text-editor.default\">\n\t\t\t\t<div class=\"elementor-widget-container\">\n\t\t\t\t\t\t\t\t\t<div class=\"et_pb_row et_pb_row_4\">\n<div class=\"et_pb_column et_pb_column_2_3 et_pb_column_7 et_pb_css_mix_blend_mode_passthrough et-last-child\">\n<div class=\"et_pb_module et_pb_text et_pb_text_6 et_pb_text_align_left et_pb_bg_layout_light\">\n<div class=\"et_pb_text_inner\">\n<div class=\"et_pb_row et_pb_row_5\">\n<div class=\"et_pb_column et_pb_column_2_3 et_pb_column_9 et_pb_css_mix_blend_mode_passthrough et-last-child\">\n<div class=\"et_pb_module et_pb_text et_pb_text_8 et_pb_text_align_left et_pb_bg_layout_light\">\n<div class=\"et_pb_text_inner\">\n<ul>\n<li style=\"font-weight: 400;\" aria-level=\"1\"><b>The Funda\u00e7ao Serra Henriques <\/b><span style=\"font-weight: 400;\">offers up to <\/span><span style=\"font-weight: 400;\">six grants<\/span> t<span style=\"font-weight: 400;\">o students from the Universities of Algarve, Aut\u00f3noma de Lisboa, Beira Interior (UBI), Coimbra, \u00c9vora, Lisboa, Minho, Portucalense (UPT), Porto (FAUP) e ISCTE covering the fee of the Summer School.<\/span><\/li>\n<li style=\"font-weight: 400;\" aria-level=\"1\"><span style=\"font-weight: 400;\">The <\/span><b>Fundaci\u00f3n Arquia<\/b> <span style=\"font-weight: 400;\">offers<\/span> <span style=\"font-weight: 400;\">two grants <\/span><span style=\"font-weight: 400;\">to Spanish students covering the fee of the Summer School.<\/span><\/li>\n<li style=\"font-weight: 400;\" aria-level=\"1\"><span style=\"font-weight: 400;\">The <\/span><b>Prince\u2019s Trust Australia <\/b><span style=\"font-weight: 400;\">offers<\/span> <span style=\"font-weight: 400;\">one grant <\/span><span style=\"font-weight: 400;\">to Australian students covering the fee of the Summer School.<\/span><\/li>\n<li style=\"font-weight: 400;\" aria-level=\"1\"><b>Robert Adam <\/b><span style=\"font-weight: 400;\">offers<\/span> <span style=\"font-weight: 400;\">one grant <\/span><span style=\"font-weight: 400;\">to an international participant.<\/span><\/li>\n<\/ul>\n<\/div>\n<\/div>\n<\/div>\n<\/div>\n<\/div>\n<\/div>\n<\/div>\n<\/div>\n\t\t\t\t\t\t\t\t<\/div>\n\t\t\t\t<\/div>\n\t\t\t\t<div class=\"elementor-element elementor-element-e54748b elementor-widget elementor-widget-button\" data-id=\"e54748b\" data-element_type=\"widget\" data-e-type=\"widget\" data-widget_type=\"button.default\">\n\t\t\t\t<div class=\"elementor-widget-container\">\n\t\t\t\t\t\t\t\t\t<div class=\"elementor-button-wrapper\">\n\t\t\t\t\t<a class=\"elementor-button elementor-button-link elementor-size-sm\" href=\"https:\/\/docs.google.com\/forms\/d\/e\/1FAIpQLSdiirF3zjRzM0irfjbwrkrqeMmWeEAAuvjzD75D5kGnVXk02g\/viewform\" target=\"_blank\">\n\t\t\t\t\t\t<span class=\"elementor-button-content-wrapper\">\n\t\t\t\t\t\t\t\t\t<span class=\"elementor-button-text\">Fill in the Application Form<\/span>\n\t\t\t\t\t<\/span>\n\t\t\t\t\t<\/a>\n\t\t\t\t<\/div>\n\t\t\t\t\t\t\t\t<\/div>\n\t\t\t\t<\/div>\n\t\t\t\t<\/div>\n\t\t\t\t\t<\/div>\n\t\t\t\t<\/div>\n\t\t\t\t\t<\/div>\n\t\t\t\t<\/div>\n\t\t\t\t\t<\/div>\n\t\t\t\t<\/div>\n\t\t<div class=\"elementor-element elementor-element-6d3f11f e-flex e-con-boxed e-con e-parent\" data-id=\"6d3f11f\" data-element_type=\"container\" data-e-type=\"container\">\n\t\t\t\t\t<div class=\"e-con-inner\">\n\t\t<div class=\"elementor-element elementor-element-49ada5c e-con-full e-flex e-con e-child\" data-id=\"49ada5c\" data-element_type=\"container\" data-e-type=\"container\">\n\t\t<div class=\"elementor-element elementor-element-7f0a2ad e-con-full e-flex e-con e-child\" data-id=\"7f0a2ad\" data-element_type=\"container\" data-e-type=\"container\">\n\t\t\t\t<div class=\"elementor-element elementor-element-8a3227b elementor-widget elementor-widget-image\" data-id=\"8a3227b\" data-element_type=\"widget\" data-e-type=\"widget\" data-widget_type=\"image.default\">\n\t\t\t\t<div class=\"elementor-widget-container\">\n\t\t\t\t\t\t\t\t\t\t\t\t\t\t\t<img decoding=\"async\" width=\"300\" height=\"300\" src=\"https:\/\/culturasconstructivas.org\/wp-content\/uploads\/2024\/04\/Imanol_Iparraguirre.jpg\" class=\"attachment-medium size-medium wp-image-5740\" alt=\"\" srcset=\"https:\/\/culturasconstructivas.org\/wp-content\/uploads\/2024\/04\/Imanol_Iparraguirre.jpg 300w, https:\/\/culturasconstructivas.org\/wp-content\/uploads\/2024\/04\/Imanol_Iparraguirre-150x150.jpg 150w\" sizes=\"(max-width: 300px) 100vw, 300px\" \/>\t\t\t\t\t\t\t\t\t\t\t\t\t\t\t<\/div>\n\t\t\t\t<\/div>\n\t\t\t\t<div class=\"elementor-element elementor-element-9929475 elementor-widget elementor-widget-heading\" data-id=\"9929475\" data-element_type=\"widget\" data-e-type=\"widget\" data-widget_type=\"heading.default\">\n\t\t\t\t<div class=\"elementor-widget-container\">\n\t\t\t\t\t<h4 class=\"elementor-heading-title elementor-size-default\">Imanol Iparraguirre Barbero<\/h4>\t\t\t\t<\/div>\n\t\t\t\t<\/div>\n\t\t\t\t<div class=\"elementor-element elementor-element-ece7e5e elementor-widget elementor-widget-text-editor\" data-id=\"ece7e5e\" data-element_type=\"widget\" data-e-type=\"widget\" data-widget_type=\"text-editor.default\">\n\t\t\t\t<div class=\"elementor-widget-container\">\n\t\t\t\t\t\t\t\t\t<p><span style=\"font-weight: 400;\">University of the Basque Country<\/span><\/p>\n\t\t\t\t\t\t\t\t<\/div>\n\t\t\t\t<\/div>\n\t\t\t\t<div class=\"elementor-element elementor-element-8ca49d5 elementor-widget elementor-widget-toggle\" data-id=\"8ca49d5\" data-element_type=\"widget\" data-e-type=\"widget\" data-widget_type=\"toggle.default\">\n\t\t\t\t<div class=\"elementor-widget-container\">\n\t\t\t\t\t\t\t<div class=\"elementor-toggle\">\n\t\t\t\t\t\t\t<div class=\"elementor-toggle-item\">\n\t\t\t\t\t<h4 id=\"elementor-tab-title-1471\" class=\"elementor-tab-title\" data-tab=\"1\" role=\"button\" aria-controls=\"elementor-tab-content-1471\" aria-expanded=\"false\">\n\t\t\t\t\t\t\t\t\t\t\t\t<span class=\"elementor-toggle-icon elementor-toggle-icon-right\" aria-hidden=\"true\">\n\t\t\t\t\t\t\t\t\t\t\t\t\t\t\t<span class=\"elementor-toggle-icon-closed\"><i class=\"fas fa-caret-right\"><\/i><\/span>\n\t\t\t\t\t\t\t\t<span class=\"elementor-toggle-icon-opened\"><i class=\"elementor-toggle-icon-opened fas fa-caret-up\"><\/i><\/span>\n\t\t\t\t\t\t\t\t\t\t\t\t\t<\/span>\n\t\t\t\t\t\t\t\t\t\t\t\t<a class=\"elementor-toggle-title\" tabindex=\"0\">Faculty<\/a>\n\t\t\t\t\t<\/h4>\n\n\t\t\t\t\t<div id=\"elementor-tab-content-1471\" class=\"elementor-tab-content elementor-clearfix\" data-tab=\"1\" role=\"region\" aria-labelledby=\"elementor-tab-title-1471\"><p><span style=\"font-weight: 400;\">Graduated in Architecture from the School of Architecture of Donostia-San Sebasti\u00e1n and holds a MSc in Conservation and Restoration of Architectural Heritage from the same university. He is Predoctoral Fellow at the University of the Basque Country and Visiting Fellow at the Deutsches Arch\u00e4ologisches Institut in Madrid where he is developing his PhD on the evolution of circular architecture since Classical Antiquity to Renaissance; paying special attention to the notions of model and type, urban layout, the meaning of architectural form; architectural mimesis and appropriation. He is similarly interested in Neoclassicism, Nordic Classicism and Italian Tendenza.   <\/span><\/p>\n<p><span style=\"font-weight: 400;\">As an architect, Imanol has collaborated with Alberto Campo Baeza, and also with Manuel I\u00f1iguez Alberto Ustarroz, taking part in the restoration of the City Walls of Fuenterrabia (Spain) and making a proposal for the Imperial Fora of Rome \u2013 finalist of the Piranesi Prix de Rome 2016. Together with Aritz D\u00edez Oronoz, he won the 1st Prize of the Richard H. Driehaus Architecture Competition in 2017 for the restoration of the Renaissance Palace of Grajal de Campos (Le\u00f3n) and again in 2018 with his project for the Medieval Walls and surroundings of the Convent of La Coria in Trujillo (C\u00e1ceres). In 2019 they received the Award for Emerging Excellence in the Classical Tradition given by the Institute of Classical Architecture Art (ICAA), the Prince\u2019s Foundation (PF), and the International Network for Traditional Building, Architecture Urbanism (INTBAU).  <\/span><\/p>\n<\/div>\n\t\t\t\t<\/div>\n\t\t\t\t\t\t\t\t<\/div>\n\t\t\t\t\t\t<\/div>\n\t\t\t\t<\/div>\n\t\t\t\t<\/div>\n\t\t<div class=\"elementor-element elementor-element-feb9d14 e-con-full e-flex e-con e-child\" data-id=\"feb9d14\" data-element_type=\"container\" data-e-type=\"container\">\n\t\t\t\t<div class=\"elementor-element elementor-element-ac6176c elementor-widget elementor-widget-image\" data-id=\"ac6176c\" data-element_type=\"widget\" data-e-type=\"widget\" data-widget_type=\"image.default\">\n\t\t\t\t<div class=\"elementor-widget-container\">\n\t\t\t\t\t\t\t\t\t\t\t\t\t\t\t<img decoding=\"async\" width=\"300\" height=\"299\" src=\"https:\/\/culturasconstructivas.org\/wp-content\/uploads\/2024\/04\/Frank-martinez_.jpg\" class=\"attachment-medium size-medium wp-image-5737\" alt=\"\" srcset=\"https:\/\/culturasconstructivas.org\/wp-content\/uploads\/2024\/04\/Frank-martinez_.jpg 300w, https:\/\/culturasconstructivas.org\/wp-content\/uploads\/2024\/04\/Frank-martinez_-150x150.jpg 150w\" sizes=\"(max-width: 300px) 100vw, 300px\" \/>\t\t\t\t\t\t\t\t\t\t\t\t\t\t\t<\/div>\n\t\t\t\t<\/div>\n\t\t\t\t<div class=\"elementor-element elementor-element-b49c737 elementor-widget elementor-widget-heading\" data-id=\"b49c737\" data-element_type=\"widget\" data-e-type=\"widget\" data-widget_type=\"heading.default\">\n\t\t\t\t<div class=\"elementor-widget-container\">\n\t\t\t\t\t<h4 class=\"elementor-heading-title elementor-size-default\">Frank Mart\u00ednez<\/h4>\t\t\t\t<\/div>\n\t\t\t\t<\/div>\n\t\t\t\t<div class=\"elementor-element elementor-element-0dbd421 elementor-widget elementor-widget-text-editor\" data-id=\"0dbd421\" data-element_type=\"widget\" data-e-type=\"widget\" data-widget_type=\"text-editor.default\">\n\t\t\t\t<div class=\"elementor-widget-container\">\n\t\t\t\t\t\t\t\t\t<div class=\"et_pb_toggle et_pb_module et_pb_accordion_item et_pb_accordion_item_0 et_pb_toggle_open\">\n<div class=\"et_pb_toggle_content clearfix\">\n<p><span style=\"font-weight: 400;\">University of Miami<\/span><\/p>\n<\/div>\n<\/div>\n\t\t\t\t\t\t\t\t<\/div>\n\t\t\t\t<\/div>\n\t\t\t\t<div class=\"elementor-element elementor-element-1e27efa elementor-widget elementor-widget-toggle\" data-id=\"1e27efa\" data-element_type=\"widget\" data-e-type=\"widget\" data-widget_type=\"toggle.default\">\n\t\t\t\t<div class=\"elementor-widget-container\">\n\t\t\t\t\t\t\t<div class=\"elementor-toggle\">\n\t\t\t\t\t\t\t<div class=\"elementor-toggle-item\">\n\t\t\t\t\t<h4 id=\"elementor-tab-title-3161\" class=\"elementor-tab-title\" data-tab=\"1\" role=\"button\" aria-controls=\"elementor-tab-content-3161\" aria-expanded=\"false\">\n\t\t\t\t\t\t\t\t\t\t\t\t<span class=\"elementor-toggle-icon elementor-toggle-icon-right\" aria-hidden=\"true\">\n\t\t\t\t\t\t\t\t\t\t\t\t\t\t\t<span class=\"elementor-toggle-icon-closed\"><i class=\"fas fa-caret-right\"><\/i><\/span>\n\t\t\t\t\t\t\t\t<span class=\"elementor-toggle-icon-opened\"><i class=\"elementor-toggle-icon-opened fas fa-caret-up\"><\/i><\/span>\n\t\t\t\t\t\t\t\t\t\t\t\t\t<\/span>\n\t\t\t\t\t\t\t\t\t\t\t\t<a class=\"elementor-toggle-title\" tabindex=\"0\">Faculty<\/a>\n\t\t\t\t\t<\/h4>\n\n\t\t\t\t\t<div id=\"elementor-tab-content-3161\" class=\"elementor-tab-content elementor-clearfix\" data-tab=\"1\" role=\"region\" aria-labelledby=\"elementor-tab-title-3161\"><p><span style=\"font-weight: 400;\">Frank Martinez is an Associate Professor at the University of Miami, School of Architecture. He received a Bachelor\u2019s Degree in Architecture from the University of Miami, School of Architecture in 1987 and the degree of Master in Architecture in 1991 from Princeton University. His teaching focuses on courses in Design, History\/Theory and Drawing; including teaching in Rome, heading the UM Grand Tour of Europe (a university wide summer study abroad program), seminars on selected topics on Early American Architecture along with participating in international summer programs on traditional architecture and urban design research.  <\/span><\/p>\n<p><span style=\"color: var( --e-global-color-text );\">He is a partner at the firm of Martinez Alvarez Urban Design, Architecture Interior Design. In the 20 plus years of the firm, the work has ranged in scale and complexity from small, hand crafted houses to campus design and institutional buildings. The larger body of work and on-going creative research includes residential projects in Coral Gables, Coconut Grove, Pinecrest, Bay Point and Palm Beach, Florida; campus buildings at the Carrollton School of the Sacred Heart in Coconut Grove and Florida Memorial University in Miami Gardens; single and multi-family dwellings in the New Urban Towns of Windsor, Alys Beach in Florida, and Tannin in Alabama; and historic preservation projects in the City of Miami, Coral Gables, Edgartown, Martha\u2019s Vineyard and Boston, Massachusetts. Through a national RFQ selection process, the firm was recently selected as one of the Preservation Consulting Architectural Firms for the City of Coral Gables and as the Consulting Architects for the Town of Medley providing services in preservation architectural design including historic preservation documentation and assessment.   <\/span><\/p>\n<\/div>\n\t\t\t\t<\/div>\n\t\t\t\t\t\t\t\t<\/div>\n\t\t\t\t\t\t<\/div>\n\t\t\t\t<\/div>\n\t\t\t\t<\/div>\n\t\t<div class=\"elementor-element elementor-element-98a8656 e-con-full e-flex e-con e-child\" data-id=\"98a8656\" data-element_type=\"container\" data-e-type=\"container\">\n\t\t\t\t<div class=\"elementor-element elementor-element-fff6a82 elementor-widget elementor-widget-image\" data-id=\"fff6a82\" data-element_type=\"widget\" data-e-type=\"widget\" data-widget_type=\"image.default\">\n\t\t\t\t<div class=\"elementor-widget-container\">\n\t\t\t\t\t\t\t\t\t\t\t\t\t\t\t<img loading=\"lazy\" decoding=\"async\" width=\"300\" height=\"300\" src=\"https:\/\/culturasconstructivas.org\/wp-content\/uploads\/2024\/04\/Lucien-Steil-.jpg\" class=\"attachment-medium size-medium wp-image-5734\" alt=\"\" srcset=\"https:\/\/culturasconstructivas.org\/wp-content\/uploads\/2024\/04\/Lucien-Steil-.jpg 300w, https:\/\/culturasconstructivas.org\/wp-content\/uploads\/2024\/04\/Lucien-Steil--150x150.jpg 150w\" sizes=\"(max-width: 300px) 100vw, 300px\" \/>\t\t\t\t\t\t\t\t\t\t\t\t\t\t\t<\/div>\n\t\t\t\t<\/div>\n\t\t\t\t<div class=\"elementor-element elementor-element-8ae440f elementor-widget elementor-widget-heading\" data-id=\"8ae440f\" data-element_type=\"widget\" data-e-type=\"widget\" data-widget_type=\"heading.default\">\n\t\t\t\t<div class=\"elementor-widget-container\">\n\t\t\t\t\t<h4 class=\"elementor-heading-title elementor-size-default\">Lucien Steil<\/h4>\t\t\t\t<\/div>\n\t\t\t\t<\/div>\n\t\t\t\t<div class=\"elementor-element elementor-element-ff1e705 elementor-widget elementor-widget-text-editor\" data-id=\"ff1e705\" data-element_type=\"widget\" data-e-type=\"widget\" data-widget_type=\"text-editor.default\">\n\t\t\t\t<div class=\"elementor-widget-container\">\n\t\t\t\t\t\t\t\t\t<div class=\"et_pb_toggle et_pb_module et_pb_accordion_item et_pb_accordion_item_0 et_pb_toggle_open\">\n<div class=\"et_pb_toggle_content clearfix\">\n<p><span style=\"font-weight: 400;\">University of Notre Dame<\/span><\/p>\n<\/div>\n<\/div>\n\t\t\t\t\t\t\t\t<\/div>\n\t\t\t\t<\/div>\n\t\t\t\t<div class=\"elementor-element elementor-element-9f58b71 elementor-widget elementor-widget-toggle\" data-id=\"9f58b71\" data-element_type=\"widget\" data-e-type=\"widget\" data-widget_type=\"toggle.default\">\n\t\t\t\t<div class=\"elementor-widget-container\">\n\t\t\t\t\t\t\t<div class=\"elementor-toggle\">\n\t\t\t\t\t\t\t<div class=\"elementor-toggle-item\">\n\t\t\t\t\t<div id=\"elementor-tab-title-1671\" class=\"elementor-tab-title\" data-tab=\"1\" role=\"button\" aria-controls=\"elementor-tab-content-1671\" aria-expanded=\"false\">\n\t\t\t\t\t\t\t\t\t\t\t\t<span class=\"elementor-toggle-icon elementor-toggle-icon-right\" aria-hidden=\"true\">\n\t\t\t\t\t\t\t\t\t\t\t\t\t\t\t<span class=\"elementor-toggle-icon-closed\"><i class=\"fas fa-caret-right\"><\/i><\/span>\n\t\t\t\t\t\t\t\t<span class=\"elementor-toggle-icon-opened\"><i class=\"elementor-toggle-icon-opened fas fa-caret-up\"><\/i><\/span>\n\t\t\t\t\t\t\t\t\t\t\t\t\t<\/span>\n\t\t\t\t\t\t\t\t\t\t\t\t<a class=\"elementor-toggle-title\" tabindex=\"0\">Faculty<\/a>\n\t\t\t\t\t<\/div>\n\n\t\t\t\t\t<div id=\"elementor-tab-content-1671\" class=\"elementor-tab-content elementor-clearfix\" data-tab=\"1\" role=\"region\" aria-labelledby=\"elementor-tab-title-1671\"><p><span style=\"font-weight: 400;\">Lucien studied architecture in Paris, graduating in 1980. He is the principal of Katarxis Urban Workshops asbl., in Luxembourg and a partner at Heure Bleue Architects, London. He is currently Associate Teaching Professor at the University of Notre Dame. He has practiced in Luxembourg, producing a wide range of traditional designs in collaboration with Colum Mulhern. He has taught and lectured in Europe, the Americas, and Asia, and collaborated with the Prince of Wales\u2019s Urban Design Task Force in Potsdam and Berlin, the University of Miami, the Polytechnic University of Puerto Rico, the University of Bologna, and the Portuguese Catholic University in Viseu, and the University of Notre Dame (Rome Studies Program and US Campus, South Bend, Indiana, University of Buckingham, and University of Luxembourg). He is the author, editor, or co-editor of many publications, including      <\/span><span style=\"font-weight: 400;\"><i>New Palladians, Traditional Architecture: Timeless Building for the Twenty-First Century<\/i><\/span><span style=\"font-weight: 400;\">, <\/span><span style=\"font-weight: 400;\"><i>The Architectural Capriccio<\/i><\/span><span style=\"font-weight: 400;\">, <\/span><span style=\"font-weight: 400;\"><i>In the Mood for Architecture and Travel Sketches from Elsewhere Nowhere<\/i><\/span><span style=\"font-weight: 400;\">.<\/span><\/p>\n<\/div>\n\t\t\t\t<\/div>\n\t\t\t\t\t\t\t\t<\/div>\n\t\t\t\t\t\t<\/div>\n\t\t\t\t<\/div>\n\t\t\t\t<\/div>\n\t\t\t\t<\/div>\n\t\t<div class=\"elementor-element elementor-element-e338206 e-con-full e-flex e-con e-child\" data-id=\"e338206\" data-element_type=\"container\" data-e-type=\"container\">\n\t\t<div class=\"elementor-element elementor-element-3c95ee8 e-con-full e-flex e-con e-child\" data-id=\"3c95ee8\" data-element_type=\"container\" data-e-type=\"container\">\n\t\t\t\t<div class=\"elementor-element elementor-element-94fd589 elementor-widget elementor-widget-image\" data-id=\"94fd589\" data-element_type=\"widget\" data-e-type=\"widget\" data-widget_type=\"image.default\">\n\t\t\t\t<div class=\"elementor-widget-container\">\n\t\t\t\t\t\t\t\t\t\t\t\t\t\t\t<img loading=\"lazy\" decoding=\"async\" width=\"300\" height=\"300\" src=\"https:\/\/culturasconstructivas.org\/wp-content\/uploads\/2024\/04\/Alejandro-Garcia-Hermida-300x300.jpeg\" class=\"attachment-medium size-medium wp-image-5749\" alt=\"\" srcset=\"https:\/\/culturasconstructivas.org\/wp-content\/uploads\/2024\/04\/Alejandro-Garcia-Hermida-300x300.jpeg 300w, https:\/\/culturasconstructivas.org\/wp-content\/uploads\/2024\/04\/Alejandro-Garcia-Hermida-1024x1024.jpeg 1024w, https:\/\/culturasconstructivas.org\/wp-content\/uploads\/2024\/04\/Alejandro-Garcia-Hermida-150x150.jpeg 150w, https:\/\/culturasconstructivas.org\/wp-content\/uploads\/2024\/04\/Alejandro-Garcia-Hermida-768x768.jpeg 768w, https:\/\/culturasconstructivas.org\/wp-content\/uploads\/2024\/04\/Alejandro-Garcia-Hermida.jpeg 1418w\" sizes=\"(max-width: 300px) 100vw, 300px\" \/>\t\t\t\t\t\t\t\t\t\t\t\t\t\t\t<\/div>\n\t\t\t\t<\/div>\n\t\t\t\t<div class=\"elementor-element elementor-element-f0b738b elementor-widget elementor-widget-heading\" data-id=\"f0b738b\" data-element_type=\"widget\" data-e-type=\"widget\" data-widget_type=\"heading.default\">\n\t\t\t\t<div class=\"elementor-widget-container\">\n\t\t\t\t\t<h4 class=\"elementor-heading-title elementor-size-default\">Alejandro Garc\u00eda Hermida <\/h4>\t\t\t\t<\/div>\n\t\t\t\t<\/div>\n\t\t\t\t<div class=\"elementor-element elementor-element-c8bbd7d elementor-widget elementor-widget-text-editor\" data-id=\"c8bbd7d\" data-element_type=\"widget\" data-e-type=\"widget\" data-widget_type=\"text-editor.default\">\n\t\t\t\t<div class=\"elementor-widget-container\">\n\t\t\t\t\t\t\t\t\t<p><span style=\"font-weight: 400;\">Universidad Polit\u00e9cnica de Madrid | <\/span><span style=\"font-weight: 400;\">Traditional Building Cultures Foundation <\/span><span style=\"font-weight: 400;\">| INTBAU Spain<\/span><\/p>\n\t\t\t\t\t\t\t\t<\/div>\n\t\t\t\t<\/div>\n\t\t\t\t<div class=\"elementor-element elementor-element-622db61 elementor-widget elementor-widget-toggle\" data-id=\"622db61\" data-element_type=\"widget\" data-e-type=\"widget\" data-widget_type=\"toggle.default\">\n\t\t\t\t<div class=\"elementor-widget-container\">\n\t\t\t\t\t\t\t<div class=\"elementor-toggle\">\n\t\t\t\t\t\t\t<div class=\"elementor-toggle-item\">\n\t\t\t\t\t<div id=\"elementor-tab-title-1021\" class=\"elementor-tab-title\" data-tab=\"1\" role=\"button\" aria-controls=\"elementor-tab-content-1021\" aria-expanded=\"false\">\n\t\t\t\t\t\t\t\t\t\t\t\t<span class=\"elementor-toggle-icon elementor-toggle-icon-right\" aria-hidden=\"true\">\n\t\t\t\t\t\t\t\t\t\t\t\t\t\t\t<span class=\"elementor-toggle-icon-closed\"><i class=\"fas fa-caret-right\"><\/i><\/span>\n\t\t\t\t\t\t\t\t<span class=\"elementor-toggle-icon-opened\"><i class=\"elementor-toggle-icon-opened fas fa-caret-up\"><\/i><\/span>\n\t\t\t\t\t\t\t\t\t\t\t\t\t<\/span>\n\t\t\t\t\t\t\t\t\t\t\t\t<a class=\"elementor-toggle-title\" tabindex=\"0\">Faculty and coordination<\/a>\n\t\t\t\t\t<\/div>\n\n\t\t\t\t\t<div id=\"elementor-tab-content-1021\" class=\"elementor-tab-content elementor-clearfix\" data-tab=\"1\" role=\"region\" aria-labelledby=\"elementor-tab-title-1021\"><p><span style=\"font-weight: 400;\">PhD in Architecture and MA in Conservation and Restoration of Architectural Heritage from the Madrid Polytechnic University School of Architecture, where he has been Associate Professor since 2019.<\/span><\/p>\n<p><span style=\"font-weight: 400;\">He has been Associate Professor at the Alfonso X el Sabio University (2009-19), Visiting Scholar at the University of Notre Dame School of Architecture (US, 2016) and guest lecturer at universities such as Yale, Miami, Colorado, Liverpool or Politecnico di Milano, among others. His professional practice has been devoted to traditional architecture and building and the restoration and study of historic buildings, largely in Spain and Morocco, along with the creation and management since 2012, thanks to Richard H. Driehaus, of the initiatives run today by this Foundation. He is also the CEO of Kalam Corporation in the USA, a board member of the NGO Terrachidia and cofounding Vice-Chair of INTBAU Spain. Recognitions of this work include the 2015 INTBAU Excellence Award, the 2019 Hispania Nostra Award, a Special Mention in the 2019 EU-Europa Nostra Awards, the 2021 Philippe Rotthier European Architecture Prize, and the 2021 National Craft Award.<\/span><\/p>\n<\/div>\n\t\t\t\t<\/div>\n\t\t\t\t\t\t\t\t<\/div>\n\t\t\t\t\t\t<\/div>\n\t\t\t\t<\/div>\n\t\t\t\t<\/div>\n\t\t<div class=\"elementor-element elementor-element-aa8dba2 e-con-full e-flex e-con e-child\" data-id=\"aa8dba2\" data-element_type=\"container\" data-e-type=\"container\">\n\t\t\t\t<div class=\"elementor-element elementor-element-5c2cf7e elementor-widget elementor-widget-image\" data-id=\"5c2cf7e\" data-element_type=\"widget\" data-e-type=\"widget\" data-widget_type=\"image.default\">\n\t\t\t\t<div class=\"elementor-widget-container\">\n\t\t\t\t\t\t\t\t\t\t\t\t\t\t\t<img loading=\"lazy\" decoding=\"async\" width=\"300\" height=\"300\" src=\"https:\/\/culturasconstructivas.org\/wp-content\/uploads\/2024\/04\/RetratoGuillermoWeb2-1.jpeg\" class=\"attachment-medium size-medium wp-image-5746\" alt=\"\" srcset=\"https:\/\/culturasconstructivas.org\/wp-content\/uploads\/2024\/04\/RetratoGuillermoWeb2-1.jpeg 300w, https:\/\/culturasconstructivas.org\/wp-content\/uploads\/2024\/04\/RetratoGuillermoWeb2-1-150x150.jpeg 150w\" sizes=\"(max-width: 300px) 100vw, 300px\" \/>\t\t\t\t\t\t\t\t\t\t\t\t\t\t\t<\/div>\n\t\t\t\t<\/div>\n\t\t\t\t<div class=\"elementor-element elementor-element-ed82a4b elementor-widget elementor-widget-heading\" data-id=\"ed82a4b\" data-element_type=\"widget\" data-e-type=\"widget\" data-widget_type=\"heading.default\">\n\t\t\t\t<div class=\"elementor-widget-container\">\n\t\t\t\t\t<h4 class=\"elementor-heading-title elementor-size-default\">Guillermo Gil Fern\u00e1ndez<\/h4>\t\t\t\t<\/div>\n\t\t\t\t<\/div>\n\t\t\t\t<div class=\"elementor-element elementor-element-bc4419b elementor-widget elementor-widget-text-editor\" data-id=\"bc4419b\" data-element_type=\"widget\" data-e-type=\"widget\" data-widget_type=\"text-editor.default\">\n\t\t\t\t<div class=\"elementor-widget-container\">\n\t\t\t\t\t\t\t\t\t<p><span style=\"font-weight: 400;\">Traditional Building Cultures Foundation <\/span><span style=\"font-weight: 400;\">| INTBAU Spain<\/span><\/p>\n\t\t\t\t\t\t\t\t<\/div>\n\t\t\t\t<\/div>\n\t\t\t\t<div class=\"elementor-element elementor-element-0258ff9 elementor-widget elementor-widget-toggle\" data-id=\"0258ff9\" data-element_type=\"widget\" data-e-type=\"widget\" data-widget_type=\"toggle.default\">\n\t\t\t\t<div class=\"elementor-widget-container\">\n\t\t\t\t\t\t\t<div class=\"elementor-toggle\">\n\t\t\t\t\t\t\t<div class=\"elementor-toggle-item\">\n\t\t\t\t\t<div id=\"elementor-tab-title-2461\" class=\"elementor-tab-title\" data-tab=\"1\" role=\"button\" aria-controls=\"elementor-tab-content-2461\" aria-expanded=\"false\">\n\t\t\t\t\t\t\t\t\t\t\t\t<span class=\"elementor-toggle-icon elementor-toggle-icon-right\" aria-hidden=\"true\">\n\t\t\t\t\t\t\t\t\t\t\t\t\t\t\t<span class=\"elementor-toggle-icon-closed\"><i class=\"fas fa-caret-right\"><\/i><\/span>\n\t\t\t\t\t\t\t\t<span class=\"elementor-toggle-icon-opened\"><i class=\"elementor-toggle-icon-opened fas fa-caret-up\"><\/i><\/span>\n\t\t\t\t\t\t\t\t\t\t\t\t\t<\/span>\n\t\t\t\t\t\t\t\t\t\t\t\t<a class=\"elementor-toggle-title\" tabindex=\"0\">Coordination<\/a>\n\t\t\t\t\t<\/div>\n\n\t\t\t\t\t<div id=\"elementor-tab-content-2461\" class=\"elementor-tab-content elementor-clearfix\" data-tab=\"1\" role=\"region\" aria-labelledby=\"elementor-tab-title-2461\"><p><span style=\"font-weight: 400;\">A graduate in Architecture of the Madrid Polytechnic University, with a degree in Psychology from the UNED University. For over five years he has been General Coordinator of the French cultural centre Domaine de Boisbuchet, where he has organised courses, exhibitions and residential workshops linked to art, design and architecture. He is also responsible for the collection, library and archive of Alexander von Vegesack, founder of the Vitra Design Museum and a renowned collector. Since 2019 he has been part of the team which has created and coordinated the initiatives run by this Foundation. Recognitions of this work include the 2019 Hispania Nostra Award, a Special Mention in the 2019 EU-Europa Nostra Awards, and the 2021 National Craft Award.<\/span><\/p>\n<\/div>\n\t\t\t\t<\/div>\n\t\t\t\t\t\t\t\t<\/div>\n\t\t\t\t\t\t<\/div>\n\t\t\t\t<\/div>\n\t\t\t\t<\/div>\n\t\t<div class=\"elementor-element elementor-element-ac5ff0b e-con-full e-flex e-con e-child\" data-id=\"ac5ff0b\" data-element_type=\"container\" data-e-type=\"container\">\n\t\t\t\t<div class=\"elementor-element elementor-element-622f04c elementor-widget elementor-widget-image\" data-id=\"622f04c\" data-element_type=\"widget\" data-e-type=\"widget\" data-widget_type=\"image.default\">\n\t\t\t\t<div class=\"elementor-widget-container\">\n\t\t\t\t\t\t\t\t\t\t\t\t\t\t\t<img loading=\"lazy\" decoding=\"async\" width=\"300\" height=\"300\" src=\"https:\/\/culturasconstructivas.org\/wp-content\/uploads\/2024\/04\/MAQUETA-RETRATOS-WB-REBECA.jpg\" class=\"attachment-medium size-medium wp-image-5743\" alt=\"\" srcset=\"https:\/\/culturasconstructivas.org\/wp-content\/uploads\/2024\/04\/MAQUETA-RETRATOS-WB-REBECA.jpg 300w, https:\/\/culturasconstructivas.org\/wp-content\/uploads\/2024\/04\/MAQUETA-RETRATOS-WB-REBECA-150x150.jpg 150w\" sizes=\"(max-width: 300px) 100vw, 300px\" \/>\t\t\t\t\t\t\t\t\t\t\t\t\t\t\t<\/div>\n\t\t\t\t<\/div>\n\t\t\t\t<div class=\"elementor-element elementor-element-0e58c40 elementor-widget elementor-widget-heading\" data-id=\"0e58c40\" data-element_type=\"widget\" data-e-type=\"widget\" data-widget_type=\"heading.default\">\n\t\t\t\t<div class=\"elementor-widget-container\">\n\t\t\t\t\t<h4 class=\"elementor-heading-title elementor-size-default\">Rebeca G\u00f3mez-Gordo Villa<\/h4>\t\t\t\t<\/div>\n\t\t\t\t<\/div>\n\t\t\t\t<div class=\"elementor-element elementor-element-21a5a3c elementor-widget elementor-widget-text-editor\" data-id=\"21a5a3c\" data-element_type=\"widget\" data-e-type=\"widget\" data-widget_type=\"text-editor.default\">\n\t\t\t\t<div class=\"elementor-widget-container\">\n\t\t\t\t\t\t\t\t\t<p><span style=\"font-weight: 400;\">Traditional Building Cultures Foundation <\/span><span style=\"font-weight: 400;\">| INTBAU Spain<\/span><\/p>\n\t\t\t\t\t\t\t\t<\/div>\n\t\t\t\t<\/div>\n\t\t\t\t<div class=\"elementor-element elementor-element-f22ee99 elementor-widget elementor-widget-toggle\" data-id=\"f22ee99\" data-element_type=\"widget\" data-e-type=\"widget\" data-widget_type=\"toggle.default\">\n\t\t\t\t<div class=\"elementor-widget-container\">\n\t\t\t\t\t\t\t<div class=\"elementor-toggle\">\n\t\t\t\t\t\t\t<div class=\"elementor-toggle-item\">\n\t\t\t\t\t<div id=\"elementor-tab-title-2531\" class=\"elementor-tab-title\" data-tab=\"1\" role=\"button\" aria-controls=\"elementor-tab-content-2531\" aria-expanded=\"false\">\n\t\t\t\t\t\t\t\t\t\t\t\t<span class=\"elementor-toggle-icon elementor-toggle-icon-right\" aria-hidden=\"true\">\n\t\t\t\t\t\t\t\t\t\t\t\t\t\t\t<span class=\"elementor-toggle-icon-closed\"><i class=\"fas fa-caret-right\"><\/i><\/span>\n\t\t\t\t\t\t\t\t<span class=\"elementor-toggle-icon-opened\"><i class=\"elementor-toggle-icon-opened fas fa-caret-up\"><\/i><\/span>\n\t\t\t\t\t\t\t\t\t\t\t\t\t<\/span>\n\t\t\t\t\t\t\t\t\t\t\t\t<a class=\"elementor-toggle-title\" tabindex=\"0\">Coordination<\/a>\n\t\t\t\t\t<\/div>\n\n\t\t\t\t\t<div id=\"elementor-tab-content-2531\" class=\"elementor-tab-content elementor-clearfix\" data-tab=\"1\" role=\"region\" aria-labelledby=\"elementor-tab-title-2531\"><p><span style=\"font-weight: 400;\">A graduate in Architecture, specialising in Precarious Human Settlements, of the Madrid Polytechnic University. She has taken part in various restoration projects in Casamance (Senegal) and collaborated in the coordination of various workshops for the restoration of historic buildings and earthen constructions with the NGO Terrachidia in Morocco. She has been Secretary and Treasurer of INTBAU Espa\u00f1a since 2016 and, thanks to Richard H. Driehaus, is part of the team which since 2016 has created and coordinated the initiatives run by this Foundation. Recognitions of this work include the 2019 Hispania Nostra Award, a Special Mention in the 2019 EU-Europa Nostra Awards, and the 2021 National Craft Award.<\/span><\/p>\n<\/div>\n\t\t\t\t<\/div>\n\t\t\t\t\t\t\t\t<\/div>\n\t\t\t\t\t\t<\/div>\n\t\t\t\t<\/div>\n\t\t\t\t<\/div>\n\t\t\t\t<\/div>\n\t\t<div class=\"elementor-element elementor-element-4a2d258 e-con-full e-flex e-con e-child\" data-id=\"4a2d258\" data-element_type=\"container\" data-e-type=\"container\">\n\t\t<div class=\"elementor-element elementor-element-8a4e4a5 e-con-full e-flex e-con e-child\" data-id=\"8a4e4a5\" data-element_type=\"container\" data-e-type=\"container\">\n\t\t\t\t<div class=\"elementor-element elementor-element-73d8456 elementor-widget elementor-widget-image\" data-id=\"73d8456\" data-element_type=\"widget\" data-e-type=\"widget\" data-widget_type=\"image.default\">\n\t\t\t\t<div class=\"elementor-widget-container\">\n\t\t\t\t\t\t\t\t\t\t\t\t\t\t\t<img decoding=\"async\" src=\"https:\/\/culturasconstructivas.org\/wp-content\/uploads\/elementor\/thumbs\/Jose-Baganha-qmqngynn3c37hdsz9vyuovvlg3dtnlj5iu9yeu7ooo.webp\" title=\"Jose Baganha\" alt=\"Jose Baganha\" loading=\"lazy\" \/>\t\t\t\t\t\t\t\t\t\t\t\t\t\t\t<\/div>\n\t\t\t\t<\/div>\n\t\t\t\t<div class=\"elementor-element elementor-element-01b5d1f elementor-widget elementor-widget-heading\" data-id=\"01b5d1f\" data-element_type=\"widget\" data-e-type=\"widget\" data-widget_type=\"heading.default\">\n\t\t\t\t<div class=\"elementor-widget-container\">\n\t\t\t\t\t<h4 class=\"elementor-heading-title elementor-size-default\">Jos\u00e9 Baganha<\/h4>\t\t\t\t<\/div>\n\t\t\t\t<\/div>\n\t\t\t\t<div class=\"elementor-element elementor-element-d0ea974 elementor-widget elementor-widget-text-editor\" data-id=\"d0ea974\" data-element_type=\"widget\" data-e-type=\"widget\" data-widget_type=\"text-editor.default\">\n\t\t\t\t<div class=\"elementor-widget-container\">\n\t\t\t\t\t\t\t\t\t<div class=\"et_pb_toggle et_pb_module et_pb_accordion_item et_pb_accordion_item_0 et_pb_toggle_open\">\n<div class=\"et_pb_toggle_content clearfix\">\n<p><span style=\"font-weight: 400;\">INTBAU Portugal | Traditional Building Cultures Foundation<\/span><\/p>\n<\/div>\n<\/div>\n\t\t\t\t\t\t\t\t<\/div>\n\t\t\t\t<\/div>\n\t\t\t\t<div class=\"elementor-element elementor-element-1371af8 elementor-widget elementor-widget-toggle\" data-id=\"1371af8\" data-element_type=\"widget\" data-e-type=\"widget\" data-widget_type=\"toggle.default\">\n\t\t\t\t<div class=\"elementor-widget-container\">\n\t\t\t\t\t\t\t<div class=\"elementor-toggle\">\n\t\t\t\t\t\t\t<div class=\"elementor-toggle-item\">\n\t\t\t\t\t<div id=\"elementor-tab-title-2031\" class=\"elementor-tab-title\" data-tab=\"1\" role=\"button\" aria-controls=\"elementor-tab-content-2031\" aria-expanded=\"false\">\n\t\t\t\t\t\t\t\t\t\t\t\t<span class=\"elementor-toggle-icon elementor-toggle-icon-right\" aria-hidden=\"true\">\n\t\t\t\t\t\t\t\t\t\t\t\t\t\t\t<span class=\"elementor-toggle-icon-closed\"><i class=\"fas fa-caret-right\"><\/i><\/span>\n\t\t\t\t\t\t\t\t<span class=\"elementor-toggle-icon-opened\"><i class=\"elementor-toggle-icon-opened fas fa-caret-up\"><\/i><\/span>\n\t\t\t\t\t\t\t\t\t\t\t\t\t<\/span>\n\t\t\t\t\t\t\t\t\t\t\t\t<a class=\"elementor-toggle-title\" tabindex=\"0\">Faculty and coordination<\/a>\n\t\t\t\t\t<\/div>\n\n\t\t\t\t\t<div id=\"elementor-tab-content-2031\" class=\"elementor-tab-content elementor-clearfix\" data-tab=\"1\" role=\"region\" aria-labelledby=\"elementor-tab-title-2031\"><p><span style=\"font-weight: 400;\">A graduate in Architecture of the Oporto School of Fine Arts and Lisbon Technical University (UTL), with a PhD from the Basque Country University (UPV). In 1991 he founded his own practice, from which he designed residential, hotel, retail and urbanism projects that continue the traditions of the regions in which he works. He has lectured at the Architecture Faculties of the Portuguese Catholic University in Viseu and Sintra and been a visiting lecturer at several European universities. He founded INTBAU Portugal, cofounded the European Council of Spatial Planners and is a member of the board of the Architectural Heritage Chapter of the Portuguese Institute of Architects. The quality of his work has earned him international awards such as the 2011 European Prize for the Reconstruction of the City given by the Philippe Rotthier Foundation, or the Rafael Manzano Prize in 2017.<\/span><\/p>\n<\/div>\n\t\t\t\t<\/div>\n\t\t\t\t\t\t\t\t<\/div>\n\t\t\t\t\t\t<\/div>\n\t\t\t\t<\/div>\n\t\t\t\t<\/div>\n\t\t<div class=\"elementor-element elementor-element-1ca295b e-con-full e-flex e-con e-child\" data-id=\"1ca295b\" data-element_type=\"container\" data-e-type=\"container\">\n\t\t\t\t<div class=\"elementor-element elementor-element-a316175 elementor-widget elementor-widget-image\" data-id=\"a316175\" data-element_type=\"widget\" data-e-type=\"widget\" data-widget_type=\"image.default\">\n\t\t\t\t<div class=\"elementor-widget-container\">\n\t\t\t\t\t\t\t\t\t\t\t\t\t\t\t<img loading=\"lazy\" decoding=\"async\" width=\"300\" height=\"300\" src=\"https:\/\/culturasconstructivas.org\/wp-content\/uploads\/2024\/04\/Fernando-Cerqueira-Barros-300x300.png\" class=\"attachment-medium size-medium wp-image-5728\" alt=\"\" srcset=\"https:\/\/culturasconstructivas.org\/wp-content\/uploads\/2024\/04\/Fernando-Cerqueira-Barros-300x300.png 300w, https:\/\/culturasconstructivas.org\/wp-content\/uploads\/2024\/04\/Fernando-Cerqueira-Barros-150x150.png 150w, https:\/\/culturasconstructivas.org\/wp-content\/uploads\/2024\/04\/Fernando-Cerqueira-Barros.png 405w\" sizes=\"(max-width: 300px) 100vw, 300px\" \/>\t\t\t\t\t\t\t\t\t\t\t\t\t\t\t<\/div>\n\t\t\t\t<\/div>\n\t\t\t\t<div class=\"elementor-element elementor-element-ca11cfa elementor-widget elementor-widget-heading\" data-id=\"ca11cfa\" data-element_type=\"widget\" data-e-type=\"widget\" data-widget_type=\"heading.default\">\n\t\t\t\t<div class=\"elementor-widget-container\">\n\t\t\t\t\t<h4 class=\"elementor-heading-title elementor-size-default\">Fernando Cerqueira Barros<\/h4>\t\t\t\t<\/div>\n\t\t\t\t<\/div>\n\t\t\t\t<div class=\"elementor-element elementor-element-2c102eb elementor-widget elementor-widget-text-editor\" data-id=\"2c102eb\" data-element_type=\"widget\" data-e-type=\"widget\" data-widget_type=\"text-editor.default\">\n\t\t\t\t<div class=\"elementor-widget-container\">\n\t\t\t\t\t\t\t\t\t<div class=\"et_pb_toggle et_pb_module et_pb_accordion_item et_pb_accordion_item_0 et_pb_toggle_open\">\n<div class=\"et_pb_toggle_content clearfix\">\n<p><span style=\"font-weight: 400;\">Centro de Estudos de Arquitectura e Urbanismo \/ Faculdade de Arquitectura da Universidade do Porto<\/span><\/p>\n<\/div>\n<\/div>\n\t\t\t\t\t\t\t\t<\/div>\n\t\t\t\t<\/div>\n\t\t\t\t<div class=\"elementor-element elementor-element-c5b08dc elementor-widget elementor-widget-toggle\" data-id=\"c5b08dc\" data-element_type=\"widget\" data-e-type=\"widget\" data-widget_type=\"toggle.default\">\n\t\t\t\t<div class=\"elementor-widget-container\">\n\t\t\t\t\t\t\t<div class=\"elementor-toggle\">\n\t\t\t\t\t\t\t<div class=\"elementor-toggle-item\">\n\t\t\t\t\t<div id=\"elementor-tab-title-2071\" class=\"elementor-tab-title\" data-tab=\"1\" role=\"button\" aria-controls=\"elementor-tab-content-2071\" aria-expanded=\"false\">\n\t\t\t\t\t\t\t\t\t\t\t\t<span class=\"elementor-toggle-icon elementor-toggle-icon-right\" aria-hidden=\"true\">\n\t\t\t\t\t\t\t\t\t\t\t\t\t\t\t<span class=\"elementor-toggle-icon-closed\"><i class=\"fas fa-caret-right\"><\/i><\/span>\n\t\t\t\t\t\t\t\t<span class=\"elementor-toggle-icon-opened\"><i class=\"elementor-toggle-icon-opened fas fa-caret-up\"><\/i><\/span>\n\t\t\t\t\t\t\t\t\t\t\t\t\t<\/span>\n\t\t\t\t\t\t\t\t\t\t\t\t<a class=\"elementor-toggle-title\" tabindex=\"0\">Faculty and coordination<\/a>\n\t\t\t\t\t<\/div>\n\n\t\t\t\t\t<div id=\"elementor-tab-content-2071\" class=\"elementor-tab-content elementor-clearfix\" data-tab=\"1\" role=\"region\" aria-labelledby=\"elementor-tab-title-2071\"><p><span style=\"font-weight: 400;\">Graduated in Architecture (2011) and Diploma in Advanced Studies of Architectural Heritage (2013) from the University of Porto School of Architecture (FAUP), where he is nowadays PhD researcher in Architecture, and collaborating researcher at CEAU (Centro de Estudos de Arquitectura e Urbanismo, FAUP) in the PACT Group (Patrim\u00f3nio da Arquitectura, da Cidade e do Territ\u00f3rio).<\/span><\/p>\n<p><span style=\"font-weight: 400;\">He focuses his study on traditional architecture in the North of Portugal and Galicia. He regularly lectures in international Seminars and Conferences such as the III International Congress of Traditional Construction, Architecture and Urbanism (Madrid, 2022) or the  <\/span><i><span style=\"font-weight: 400;\">Savoir-faire traditionnels de la construction dans le sud de la M\u00e9diterran\u00e9e<\/span><\/i><span style=\"font-weight: 400;\"> (Tunis, 2023). He is the author of the scientific contents of the Documentary \u201cDas Arquitecturas Tradicionais no Alto-Minho\u201d (AO Norte), and the contents about Popular Architecture of the Rota da Arquitectura Tradicional (Paredes de Coura) and the Soajo Ethnographic Center (Arcos de Valdevez). He received an Honorable Mention in the I Iberian Prize for Research on Traditional Architecture (2012) for his Thesis about the Territory and Popular Architecture in Serra da Peneda (Portugal). He is a founding member of the HORREA Network, an international association for the study and preservation of traditional granaries.   <\/span><\/p>\n<p><span style=\"font-weight: 400;\">As an architect, he develops his mainly rehabilitation works of traditional buildings and also of classified historical heritage, namely the intervention in the archaeological site of Salto do Boi\/Cardina integrated in the C\u00f4a Valley, and the rehabilitation of the S\u00e3o Jo\u00e3o de Cabanas Monastery in Afife, Viana do Castelo. <\/span><\/p>\n<\/div>\n\t\t\t\t<\/div>\n\t\t\t\t\t\t\t\t<\/div>\n\t\t\t\t\t\t<\/div>\n\t\t\t\t<\/div>\n\t\t\t\t<\/div>\n\t\t<div class=\"elementor-element elementor-element-dcd7e77 e-con-full e-flex e-con e-child\" data-id=\"dcd7e77\" data-element_type=\"container\" data-e-type=\"container\">\n\t\t\t\t<div class=\"elementor-element elementor-element-649180f elementor-widget elementor-widget-image\" data-id=\"649180f\" data-element_type=\"widget\" data-e-type=\"widget\" data-widget_type=\"image.default\">\n\t\t\t\t<div class=\"elementor-widget-container\">\n\t\t\t\t\t\t\t\t\t\t\t\t\t\t\t<img loading=\"lazy\" decoding=\"async\" width=\"300\" height=\"300\" src=\"https:\/\/culturasconstructivas.org\/wp-content\/uploads\/2024\/04\/Aritz-Diez.jpg\" class=\"attachment-medium size-medium wp-image-5731\" alt=\"\" srcset=\"https:\/\/culturasconstructivas.org\/wp-content\/uploads\/2024\/04\/Aritz-Diez.jpg 300w, https:\/\/culturasconstructivas.org\/wp-content\/uploads\/2024\/04\/Aritz-Diez-150x150.jpg 150w\" sizes=\"(max-width: 300px) 100vw, 300px\" \/>\t\t\t\t\t\t\t\t\t\t\t\t\t\t\t<\/div>\n\t\t\t\t<\/div>\n\t\t\t\t<div class=\"elementor-element elementor-element-52e821e elementor-widget elementor-widget-heading\" data-id=\"52e821e\" data-element_type=\"widget\" data-e-type=\"widget\" data-widget_type=\"heading.default\">\n\t\t\t\t<div class=\"elementor-widget-container\">\n\t\t\t\t\t<h4 class=\"elementor-heading-title elementor-size-default\">Aritz D\u00edez Oronoz<\/h4>\t\t\t\t<\/div>\n\t\t\t\t<\/div>\n\t\t\t\t<div class=\"elementor-element elementor-element-9d90e55 elementor-widget elementor-widget-text-editor\" data-id=\"9d90e55\" data-element_type=\"widget\" data-e-type=\"widget\" data-widget_type=\"text-editor.default\">\n\t\t\t\t<div class=\"elementor-widget-container\">\n\t\t\t\t\t\t\t\t\t<div class=\"et_pb_toggle et_pb_module et_pb_accordion_item et_pb_accordion_item_0 et_pb_toggle_open\">\n<div class=\"et_pb_toggle_content clearfix\">\n<p><span style=\"font-weight: 400;\">University of the Basque Country<\/span><\/p>\n<\/div>\n<\/div>\n\t\t\t\t\t\t\t\t<\/div>\n\t\t\t\t<\/div>\n\t\t\t\t<div class=\"elementor-element elementor-element-efae98a elementor-widget elementor-widget-toggle\" data-id=\"efae98a\" data-element_type=\"widget\" data-e-type=\"widget\" data-widget_type=\"toggle.default\">\n\t\t\t\t<div class=\"elementor-widget-container\">\n\t\t\t\t\t\t\t<div class=\"elementor-toggle\">\n\t\t\t\t\t\t\t<div class=\"elementor-toggle-item\">\n\t\t\t\t\t<div id=\"elementor-tab-title-2511\" class=\"elementor-tab-title\" data-tab=\"1\" role=\"button\" aria-controls=\"elementor-tab-content-2511\" aria-expanded=\"false\">\n\t\t\t\t\t\t\t\t\t\t\t\t<span class=\"elementor-toggle-icon elementor-toggle-icon-right\" aria-hidden=\"true\">\n\t\t\t\t\t\t\t\t\t\t\t\t\t\t\t<span class=\"elementor-toggle-icon-closed\"><i class=\"fas fa-caret-right\"><\/i><\/span>\n\t\t\t\t\t\t\t\t<span class=\"elementor-toggle-icon-opened\"><i class=\"elementor-toggle-icon-opened fas fa-caret-up\"><\/i><\/span>\n\t\t\t\t\t\t\t\t\t\t\t\t\t<\/span>\n\t\t\t\t\t\t\t\t\t\t\t\t<a class=\"elementor-toggle-title\" tabindex=\"0\">Faculty<\/a>\n\t\t\t\t\t<\/div>\n\n\t\t\t\t\t<div id=\"elementor-tab-content-2511\" class=\"elementor-tab-content elementor-clearfix\" data-tab=\"1\" role=\"region\" aria-labelledby=\"elementor-tab-title-2511\"><p><span style=\"font-weight: 400;\">Graduated in Architecture from the School of Architecture of Donostia-San Sebasti\u00e1n where he graduated with honours. He also holds an MSc on Conservation at the University of the Basque Country and a PhD from the same university \u00abUna bella sfida formale tra Quattrocento e Cinquecento\u00bb on the contributions made by the great architects of the First Italian Renaissance to the development of bastioned fortifications. Since 2012 he was teaching assistant of the Chair of Architectural Design of the School of Architecture of San Sebasti\u00e1n and has lectured on Urbanism. Currently he is lecturer on Architectural Design at the same university.   <\/span><\/p>\n<p><span style=\"font-weight: 400;\">Since 2010 he has worked with the architects Manuel I\u00f1iguez Alberto Ustarroz, with I\u00f1igo Pe\u00f1alba between 2012 and 2016, and since 2015 he works with Imanol Iparraguirre Barbero. Among his most notorious projects are the collaboration with I\u00f1iguez Ustarroz on the Restoration of the City Walls of Hondarribia and the project for the Imperial Fora of Rome. Together with Imanol Iparraguirre, he won the 1st Prize of the Richard H. Driehaus Architecture Competition in 2017 for the restoration of the Renaissance Palace of Grajal de Campos (Le\u00f3n) and again in 2018 with his project for the Medieval Walls and surroundings of the Convent of La Coria in Trujillo (C\u00e1ceres). In 2019 they received the Award for Emerging Excellence in the Classical Tradition given by the Institute of Classical Architecture Art (ICAA), the Prince\u2019s Foundation (PF), and the International Network for Traditional Building, Architecture Urbanism (INTBAU).   <\/span><\/p>\n<\/div>\n\t\t\t\t<\/div>\n\t\t\t\t\t\t\t\t<\/div>\n\t\t\t\t\t\t<\/div>\n\t\t\t\t<\/div>\n\t\t\t\t<\/div>\n\t\t\t\t<\/div>\n\t\t<div class=\"elementor-element elementor-element-5f72441 e-con-full e-flex e-con e-child\" data-id=\"5f72441\" data-element_type=\"container\" data-e-type=\"container\">\n\t\t\t\t<div class=\"elementor-element elementor-element-a3c9f66 elementor-widget elementor-widget-menu-anchor\" data-id=\"a3c9f66\" data-element_type=\"widget\" data-e-type=\"widget\" data-widget_type=\"menu-anchor.default\">\n\t\t\t\t<div class=\"elementor-widget-container\">\n\t\t\t\t\t\t\t<div class=\"elementor-menu-anchor\" id=\"faculty\"><\/div>\n\t\t\t\t\t\t<\/div>\n\t\t\t\t<\/div>\n\t\t\t\t<div class=\"elementor-element elementor-element-2297c7b elementor-widget elementor-widget-heading\" data-id=\"2297c7b\" data-element_type=\"widget\" data-e-type=\"widget\" data-widget_type=\"heading.default\">\n\t\t\t\t<div class=\"elementor-widget-container\">\n\t\t\t\t\t<h2 class=\"elementor-heading-title elementor-size-default\">Faculty and coordination<\/h2>\t\t\t\t<\/div>\n\t\t\t\t<\/div>\n\t\t\t\t<div class=\"elementor-element elementor-element-01da930 elementor-widget-divider--view-line elementor-widget elementor-widget-divider\" data-id=\"01da930\" data-element_type=\"widget\" data-e-type=\"widget\" data-widget_type=\"divider.default\">\n\t\t\t\t<div class=\"elementor-widget-container\">\n\t\t\t\t\t\t\t<div class=\"elementor-divider\">\n\t\t\t<span class=\"elementor-divider-separator\">\n\t\t\t\t\t\t<\/span>\n\t\t<\/div>\n\t\t\t\t\t\t<\/div>\n\t\t\t\t<\/div>\n\t\t\t\t<\/div>\n\t\t\t\t\t<\/div>\n\t\t\t\t<\/div>\n\t\t<div class=\"elementor-element elementor-element-e615a72 e-flex e-con-boxed e-con e-parent\" data-id=\"e615a72\" data-element_type=\"container\" data-e-type=\"container\">\n\t\t\t\t\t<div class=\"e-con-inner\">\n\t\t<div class=\"elementor-element elementor-element-17231a5 e-flex e-con-boxed e-con e-child\" data-id=\"17231a5\" data-element_type=\"container\" data-e-type=\"container\">\n\t\t\t\t\t<div class=\"e-con-inner\">\n\t\t\t\t<div class=\"elementor-element elementor-element-ca7a44c elementor-widget elementor-widget-heading\" data-id=\"ca7a44c\" data-element_type=\"widget\" data-e-type=\"widget\" data-widget_type=\"heading.default\">\n\t\t\t\t<div class=\"elementor-widget-container\">\n\t\t\t\t\t<h2 class=\"elementor-heading-title elementor-size-default\">Guest lecturers<\/h2>\t\t\t\t<\/div>\n\t\t\t\t<\/div>\n\t\t\t\t\t<\/div>\n\t\t\t\t<\/div>\n\t\t<div class=\"elementor-element elementor-element-624f9d4 e-flex e-con-boxed e-con e-child\" data-id=\"624f9d4\" data-element_type=\"container\" data-e-type=\"container\">\n\t\t\t\t\t<div class=\"e-con-inner\">\n\t\t<div class=\"elementor-element elementor-element-a829405 e-con-full e-flex e-con e-child\" data-id=\"a829405\" data-element_type=\"container\" data-e-type=\"container\">\n\t\t\t\t<div class=\"elementor-element elementor-element-a21c26d elementor-widget elementor-widget-image\" data-id=\"a21c26d\" data-element_type=\"widget\" data-e-type=\"widget\" data-widget_type=\"image.default\">\n\t\t\t\t<div class=\"elementor-widget-container\">\n\t\t\t\t\t\t\t\t\t\t\t\t\t\t\t<img loading=\"lazy\" decoding=\"async\" width=\"456\" height=\"456\" src=\"https:\/\/culturasconstructivas.org\/wp-content\/uploads\/2024\/04\/JOANA-ARAUJO-fcct.jpg\" class=\"attachment-medium_large size-medium_large wp-image-5760\" alt=\"\" srcset=\"https:\/\/culturasconstructivas.org\/wp-content\/uploads\/2024\/04\/JOANA-ARAUJO-fcct.jpg 456w, https:\/\/culturasconstructivas.org\/wp-content\/uploads\/2024\/04\/JOANA-ARAUJO-fcct-300x300.jpg 300w, https:\/\/culturasconstructivas.org\/wp-content\/uploads\/2024\/04\/JOANA-ARAUJO-fcct-150x150.jpg 150w\" sizes=\"(max-width: 456px) 100vw, 456px\" \/>\t\t\t\t\t\t\t\t\t\t\t\t\t\t\t<\/div>\n\t\t\t\t<\/div>\n\t\t\t\t<div class=\"elementor-element elementor-element-098718e elementor-widget elementor-widget-heading\" data-id=\"098718e\" data-element_type=\"widget\" data-e-type=\"widget\" data-widget_type=\"heading.default\">\n\t\t\t\t<div class=\"elementor-widget-container\">\n\t\t\t\t\t<h4 class=\"elementor-heading-title elementor-size-default\">Joana Ara\u00fajo<\/h4>\t\t\t\t<\/div>\n\t\t\t\t<\/div>\n\t\t\t\t<div class=\"elementor-element elementor-element-dd49a80 elementor-widget elementor-widget-text-editor\" data-id=\"dd49a80\" data-element_type=\"widget\" data-e-type=\"widget\" data-widget_type=\"text-editor.default\">\n\t\t\t\t<div class=\"elementor-widget-container\">\n\t\t\t\t\t\t\t\t\t<p>Lantana<\/p>\n\t\t\t\t\t\t\t\t<\/div>\n\t\t\t\t<\/div>\n\t\t\t\t<div class=\"elementor-element elementor-element-f11bc86 elementor-widget elementor-widget-toggle\" data-id=\"f11bc86\" data-element_type=\"widget\" data-e-type=\"widget\" data-widget_type=\"toggle.default\">\n\t\t\t\t<div class=\"elementor-widget-container\">\n\t\t\t\t\t\t\t<div class=\"elementor-toggle\">\n\t\t\t\t\t\t\t<div class=\"elementor-toggle-item\">\n\t\t\t\t\t<h4 id=\"elementor-tab-title-2521\" class=\"elementor-tab-title\" data-tab=\"1\" role=\"button\" aria-controls=\"elementor-tab-content-2521\" aria-expanded=\"false\">\n\t\t\t\t\t\t\t\t\t\t\t\t<span class=\"elementor-toggle-icon elementor-toggle-icon-right\" aria-hidden=\"true\">\n\t\t\t\t\t\t\t\t\t\t\t\t\t\t\t<span class=\"elementor-toggle-icon-closed\"><i class=\"fas fa-caret-right\"><\/i><\/span>\n\t\t\t\t\t\t\t\t<span class=\"elementor-toggle-icon-opened\"><i class=\"elementor-toggle-icon-opened fas fa-caret-up\"><\/i><\/span>\n\t\t\t\t\t\t\t\t\t\t\t\t\t<\/span>\n\t\t\t\t\t\t\t\t\t\t\t\t<a class=\"elementor-toggle-title\" tabindex=\"0\">Guest Lecturer<\/a>\n\t\t\t\t\t<\/h4>\n\n\t\t\t\t\t<div id=\"elementor-tab-content-2521\" class=\"elementor-tab-content elementor-clearfix\" data-tab=\"1\" role=\"region\" aria-labelledby=\"elementor-tab-title-2521\"><p><span style=\"font-weight: 400;\">Graduated with a Master\u2019s degree in Architecture from ESAP-Escola Superior Art\u00edstica do Porto. She has been working on cultural heritage rehabilitation, conservation and restoration projects since 2009. Since 2012 she has been managing partner of Lantana Lda, a company dedicated to cultural heritage management. She coordinates and is the author of several projects for the rehabilitation, valorization and restoration of cultural heritage, national monuments and buildings of public interest, such as: Church of the Monastery of Ermelo, Arcos de Valdevez (National Monument); Parish Church of Castro Laboreiro, Melga\u00e7o, (Property of Public Interest); Museum and Library Space of the Bom Jesus do Monte Memory Center (National Monument \/World Heritage Site); Church of Terceiros, Braga, (Property of Public Interest); Liturgical Furniture for the Cathedral of Lamego, (National Monument); Church and Cloister of the Convent of S. Gon\u00e7alo, Amarante, (National Monument); Parish Church of Paderne, Melga\u00e7o, (National Monument); Valorization Plan for the Sanctuary of Nossa Senhora da Peneda, Arcos de Valdevez, (National Monument), among others.   <\/span><\/p>\n<\/div>\n\t\t\t\t<\/div>\n\t\t\t\t\t\t\t\t<\/div>\n\t\t\t\t\t\t<\/div>\n\t\t\t\t<\/div>\n\t\t\t\t<\/div>\n\t\t<div class=\"elementor-element elementor-element-81a0d91 e-con-full e-flex e-con e-child\" data-id=\"81a0d91\" data-element_type=\"container\" data-e-type=\"container\">\n\t\t\t\t<div class=\"elementor-element elementor-element-2ed4c71 elementor-widget elementor-widget-image\" data-id=\"2ed4c71\" data-element_type=\"widget\" data-e-type=\"widget\" data-widget_type=\"image.default\">\n\t\t\t\t<div class=\"elementor-widget-container\">\n\t\t\t\t\t\t\t\t\t\t\t\t\t\t\t<img loading=\"lazy\" decoding=\"async\" width=\"300\" height=\"300\" src=\"https:\/\/culturasconstructivas.org\/wp-content\/uploads\/2024\/06\/AlvaroCampeloFCCT-300x300.png\" class=\"attachment-medium size-medium wp-image-9267\" alt=\"\" srcset=\"https:\/\/culturasconstructivas.org\/wp-content\/uploads\/2024\/06\/AlvaroCampeloFCCT-300x300.png 300w, https:\/\/culturasconstructivas.org\/wp-content\/uploads\/2024\/06\/AlvaroCampeloFCCT-150x150.png 150w, https:\/\/culturasconstructivas.org\/wp-content\/uploads\/2024\/06\/AlvaroCampeloFCCT-768x768.png 768w, https:\/\/culturasconstructivas.org\/wp-content\/uploads\/2024\/06\/AlvaroCampeloFCCT.png 780w\" sizes=\"(max-width: 300px) 100vw, 300px\" \/>\t\t\t\t\t\t\t\t\t\t\t\t\t\t\t<\/div>\n\t\t\t\t<\/div>\n\t\t\t\t<div class=\"elementor-element elementor-element-6469d85 elementor-widget elementor-widget-heading\" data-id=\"6469d85\" data-element_type=\"widget\" data-e-type=\"widget\" data-widget_type=\"heading.default\">\n\t\t\t\t<div class=\"elementor-widget-container\">\n\t\t\t\t\t<h4 class=\"elementor-heading-title elementor-size-default\">\u00c1lvaro Campelo<\/h4>\t\t\t\t<\/div>\n\t\t\t\t<\/div>\n\t\t\t\t<div class=\"elementor-element elementor-element-f9c9029 elementor-widget elementor-widget-text-editor\" data-id=\"f9c9029\" data-element_type=\"widget\" data-e-type=\"widget\" data-widget_type=\"text-editor.default\">\n\t\t\t\t<div class=\"elementor-widget-container\">\n\t\t\t\t\t\t\t\t\t<p><span style=\"font-weight: 400;\">Universidade Fernando Pessoa (UFP)<\/span><\/p>\n\t\t\t\t\t\t\t\t<\/div>\n\t\t\t\t<\/div>\n\t\t\t\t<div class=\"elementor-element elementor-element-ff86a25 elementor-widget elementor-widget-toggle\" data-id=\"ff86a25\" data-element_type=\"widget\" data-e-type=\"widget\" data-widget_type=\"toggle.default\">\n\t\t\t\t<div class=\"elementor-widget-container\">\n\t\t\t\t\t\t\t<div class=\"elementor-toggle\">\n\t\t\t\t\t\t\t<div class=\"elementor-toggle-item\">\n\t\t\t\t\t<h4 id=\"elementor-tab-title-2671\" class=\"elementor-tab-title\" data-tab=\"1\" role=\"button\" aria-controls=\"elementor-tab-content-2671\" aria-expanded=\"false\">\n\t\t\t\t\t\t\t\t\t\t\t\t<span class=\"elementor-toggle-icon elementor-toggle-icon-right\" aria-hidden=\"true\">\n\t\t\t\t\t\t\t\t\t\t\t\t\t\t\t<span class=\"elementor-toggle-icon-closed\"><i class=\"fas fa-caret-right\"><\/i><\/span>\n\t\t\t\t\t\t\t\t<span class=\"elementor-toggle-icon-opened\"><i class=\"elementor-toggle-icon-opened fas fa-caret-up\"><\/i><\/span>\n\t\t\t\t\t\t\t\t\t\t\t\t\t<\/span>\n\t\t\t\t\t\t\t\t\t\t\t\t<a class=\"elementor-toggle-title\" tabindex=\"0\">Guest Lecturer<\/a>\n\t\t\t\t\t<\/h4>\n\n\t\t\t\t\t<div id=\"elementor-tab-content-2671\" class=\"elementor-tab-content elementor-clearfix\" data-tab=\"1\" role=\"region\" aria-labelledby=\"elementor-tab-title-2671\"><p><span style=\"font-weight: 400;\">\u00c1lvaro is an Antropologist working as Associate Professor at the UFP. He is Integrated Member of the Anthropology Research Network Center (CRIA) and Vice-President of the Portuguese Society of Anthropology and Ethnology. He is the Director of   <\/span><span style=\"font-weight: 400;\"><i>Mealibra<\/i><\/span> <span style=\"font-weight: 400;\">Magazine; Member of the Scientific and Coordinating Council of the <\/span><span style=\"font-weight: 400;\"><i>Antropol\u00f3gicas <\/i><\/span><span style=\"font-weight: 400;\">e<\/span> <i><span style=\"font-weight: 400;\">Trabalhos de antropologia e Etnologia<\/span><\/i><span style=\"font-weight: 400;\">.<br \/>\nTrabaj\u00f3 como coordinador y director cient\u00edfico del Centro FCT: Centro de Estudios de Antropolog\u00eda Aplicada (1999-2010).<br \/>\nHa sido Coordinador de Proyectos e Investigador en las \u00e1reas de Desarrollo Local, Patrimonio Cultural Inmaterial y teor\u00eda antropol\u00f3gica.<br \/>\nHa publicado libros y art\u00edculos sobre antropolog\u00eda de la religi\u00f3n, teor\u00eda antropol\u00f3gica, antropolog\u00eda pol\u00edtica y cultural y antropolog\u00eda de la salud.   <\/span><\/p>\n<\/div>\n\t\t\t\t<\/div>\n\t\t\t\t\t\t\t\t<\/div>\n\t\t\t\t\t\t<\/div>\n\t\t\t\t<\/div>\n\t\t\t\t<\/div>\n\t\t<div class=\"elementor-element elementor-element-f38801c e-con-full e-flex e-con e-child\" data-id=\"f38801c\" data-element_type=\"container\" data-e-type=\"container\">\n\t\t\t\t<div class=\"elementor-element elementor-element-1930e44 elementor-widget elementor-widget-image\" data-id=\"1930e44\" data-element_type=\"widget\" data-e-type=\"widget\" data-widget_type=\"image.default\">\n\t\t\t\t<div class=\"elementor-widget-container\">\n\t\t\t\t\t\t\t\t\t\t\t\t\t\t\t<img loading=\"lazy\" decoding=\"async\" width=\"300\" height=\"300\" src=\"https:\/\/culturasconstructivas.org\/wp-content\/uploads\/2024\/04\/Alvaro-Domingues-escola-verao-300x300.jpg\" class=\"attachment-medium size-medium wp-image-5769\" alt=\"\" srcset=\"https:\/\/culturasconstructivas.org\/wp-content\/uploads\/2024\/04\/Alvaro-Domingues-escola-verao-300x300.jpg 300w, https:\/\/culturasconstructivas.org\/wp-content\/uploads\/2024\/04\/Alvaro-Domingues-escola-verao-150x150.jpg 150w, https:\/\/culturasconstructivas.org\/wp-content\/uploads\/2024\/04\/Alvaro-Domingues-escola-verao.jpg 500w\" sizes=\"(max-width: 300px) 100vw, 300px\" \/>\t\t\t\t\t\t\t\t\t\t\t\t\t\t\t<\/div>\n\t\t\t\t<\/div>\n\t\t\t\t<div class=\"elementor-element elementor-element-3efa066 elementor-widget elementor-widget-heading\" data-id=\"3efa066\" data-element_type=\"widget\" data-e-type=\"widget\" data-widget_type=\"heading.default\">\n\t\t\t\t<div class=\"elementor-widget-container\">\n\t\t\t\t\t<h4 class=\"elementor-heading-title elementor-size-default\">\u00c1lvaro Domingues <\/h4>\t\t\t\t<\/div>\n\t\t\t\t<\/div>\n\t\t\t\t<div class=\"elementor-element elementor-element-bb9be32 elementor-widget elementor-widget-text-editor\" data-id=\"bb9be32\" data-element_type=\"widget\" data-e-type=\"widget\" data-widget_type=\"text-editor.default\">\n\t\t\t\t<div class=\"elementor-widget-container\">\n\t\t\t\t\t\t\t\t\t<p><span style=\"font-weight: 400;\">Universidade do Porto (FAUP-CEAU)<\/span><\/p>\n\t\t\t\t\t\t\t\t<\/div>\n\t\t\t\t<\/div>\n\t\t\t\t<div class=\"elementor-element elementor-element-44e6b35 elementor-widget elementor-widget-toggle\" data-id=\"44e6b35\" data-element_type=\"widget\" data-e-type=\"widget\" data-widget_type=\"toggle.default\">\n\t\t\t\t<div class=\"elementor-widget-container\">\n\t\t\t\t\t\t\t<div class=\"elementor-toggle\">\n\t\t\t\t\t\t\t<div class=\"elementor-toggle-item\">\n\t\t\t\t\t<h4 id=\"elementor-tab-title-7221\" class=\"elementor-tab-title\" data-tab=\"1\" role=\"button\" aria-controls=\"elementor-tab-content-7221\" aria-expanded=\"false\">\n\t\t\t\t\t\t\t\t\t\t\t\t<span class=\"elementor-toggle-icon elementor-toggle-icon-right\" aria-hidden=\"true\">\n\t\t\t\t\t\t\t\t\t\t\t\t\t\t\t<span class=\"elementor-toggle-icon-closed\"><i class=\"fas fa-caret-right\"><\/i><\/span>\n\t\t\t\t\t\t\t\t<span class=\"elementor-toggle-icon-opened\"><i class=\"elementor-toggle-icon-opened fas fa-caret-up\"><\/i><\/span>\n\t\t\t\t\t\t\t\t\t\t\t\t\t<\/span>\n\t\t\t\t\t\t\t\t\t\t\t\t<a class=\"elementor-toggle-title\" tabindex=\"0\">Guest Lecturer<\/a>\n\t\t\t\t\t<\/h4>\n\n\t\t\t\t\t<div id=\"elementor-tab-content-7221\" class=\"elementor-tab-content elementor-clearfix\" data-tab=\"1\" role=\"region\" aria-labelledby=\"elementor-tab-title-7221\"><p><span style=\"font-weight: 400;\">\u00c1lvaro is a Geographer, with a PhD in Human Geography and Associate Professor in the Universidade do Porto (FAUP) School of Architecture , and researcher at the Center for Architecture and Urban Studies (CEAU-FAUP). Among other works, he is the author of:  <\/span><i><span style=\"font-weight: 400;\">Paisagem Portuguesa <\/span><\/i><span style=\"font-weight: 400;\">(FFMS, Lisbon, 2022, with Duarte Belo), <\/span><i><span style=\"font-weight: 400;\">Portugal Poss\u00edvel <\/span><\/i><span style=\"font-weight: 400;\">(Museu da Paisagem, Lisbon, 2023, with Duarte Belo and Rui Lage), <\/span><i><span style=\"font-weight: 400;\">Paisagens Transg\u00e9nicas <\/span><\/i><span style=\"font-weight: 400;\">(Museu da Paisagem 2021), <\/span><i><span style=\"font-weight: 400;\">Volta a Portugal <\/span><\/i><span style=\"font-weight: 400;\">(Contraponto, Lisbon, 2017), <\/span><i><span style=\"font-weight: 400;\">Territ\u00f3rio Casa Comum <\/span><\/i><span style=\"font-weight: 400;\">(with N. Travasso, FAUP, Porto, 2015), <\/span><i><span style=\"font-weight: 400;\">A Rua da Estrada (Dafne<\/span><\/i><span style=\"font-weight: 400;\">, Porto, 2010), <\/span><i><span style=\"font-weight: 400;\">Vida no Campo <\/span><\/i><span style=\"font-weight: 400;\">(Dafne, Porto, 2012) and <\/span><i><span style=\"font-weight: 400;\">Pol\u00edticas Urbanas I e II (<\/span><\/i><span style=\"font-weight: 400;\">with N. Portas and J. Cabral, Funda\u00e7\u00e3o Calouste Gulbenkian, Lisbon, 2003 and 2011), <\/span><i><span style=\"font-weight: 400;\">Cidade e Democracia <\/span><\/i><span style=\"font-weight: 400;\">(Argumentum, Lisbon, 2006). He is a corresponding member of the Lisbon Academy of Sciences. He writes in the   <\/span><span style=\"font-weight: 400;\"><i>P\u00fablico<\/i><\/span> <span style=\"font-weight: 400;\">newspaper.<\/span><\/p>\n<\/div>\n\t\t\t\t<\/div>\n\t\t\t\t\t\t\t\t<\/div>\n\t\t\t\t\t\t<\/div>\n\t\t\t\t<\/div>\n\t\t\t\t<\/div>\n\t\t<div class=\"elementor-element elementor-element-f2a3edb e-con-full e-flex e-con e-child\" data-id=\"f2a3edb\" data-element_type=\"container\" data-e-type=\"container\">\n\t\t\t\t<div class=\"elementor-element elementor-element-cc7b039 elementor-widget elementor-widget-image\" data-id=\"cc7b039\" data-element_type=\"widget\" data-e-type=\"widget\" data-widget_type=\"image.default\">\n\t\t\t\t<div class=\"elementor-widget-container\">\n\t\t\t\t\t\t\t\t\t\t\t\t\t\t\t<img loading=\"lazy\" decoding=\"async\" width=\"300\" height=\"300\" src=\"https:\/\/culturasconstructivas.org\/wp-content\/uploads\/2024\/04\/CarlosHFCoto-300x300.jpg\" class=\"attachment-medium size-medium wp-image-5766\" alt=\"\" srcset=\"https:\/\/culturasconstructivas.org\/wp-content\/uploads\/2024\/04\/CarlosHFCoto-300x300.jpg 300w, https:\/\/culturasconstructivas.org\/wp-content\/uploads\/2024\/04\/CarlosHFCoto-150x150.jpg 150w, https:\/\/culturasconstructivas.org\/wp-content\/uploads\/2024\/04\/CarlosHFCoto.jpg 540w\" sizes=\"(max-width: 300px) 100vw, 300px\" \/>\t\t\t\t\t\t\t\t\t\t\t\t\t\t\t<\/div>\n\t\t\t\t<\/div>\n\t\t\t\t<div class=\"elementor-element elementor-element-85ef235 elementor-widget elementor-widget-heading\" data-id=\"85ef235\" data-element_type=\"widget\" data-e-type=\"widget\" data-widget_type=\"heading.default\">\n\t\t\t\t<div class=\"elementor-widget-container\">\n\t\t\t\t\t<h4 class=\"elementor-heading-title elementor-size-default\">Carlos Henrique Fern\u00e1ndez Coto <\/h4>\t\t\t\t<\/div>\n\t\t\t\t<\/div>\n\t\t\t\t<div class=\"elementor-element elementor-element-4cf157c elementor-widget elementor-widget-text-editor\" data-id=\"4cf157c\" data-element_type=\"widget\" data-e-type=\"widget\" data-widget_type=\"text-editor.default\">\n\t\t\t\t<div class=\"elementor-widget-container\">\n\t\t\t\t\t\t\t\t\t<p><span style=\"font-weight: 400;\">Apatrigal, Horrea<\/span><\/p>\n\t\t\t\t\t\t\t\t<\/div>\n\t\t\t\t<\/div>\n\t\t\t\t<div class=\"elementor-element elementor-element-d830a30 elementor-widget elementor-widget-toggle\" data-id=\"d830a30\" data-element_type=\"widget\" data-e-type=\"widget\" data-widget_type=\"toggle.default\">\n\t\t\t\t<div class=\"elementor-widget-container\">\n\t\t\t\t\t\t\t<div class=\"elementor-toggle\">\n\t\t\t\t\t\t\t<div class=\"elementor-toggle-item\">\n\t\t\t\t\t<h4 id=\"elementor-tab-title-2261\" class=\"elementor-tab-title\" data-tab=\"1\" role=\"button\" aria-controls=\"elementor-tab-content-2261\" aria-expanded=\"false\">\n\t\t\t\t\t\t\t\t\t\t\t\t<span class=\"elementor-toggle-icon elementor-toggle-icon-right\" aria-hidden=\"true\">\n\t\t\t\t\t\t\t\t\t\t\t\t\t\t\t<span class=\"elementor-toggle-icon-closed\"><i class=\"fas fa-caret-right\"><\/i><\/span>\n\t\t\t\t\t\t\t\t<span class=\"elementor-toggle-icon-opened\"><i class=\"elementor-toggle-icon-opened fas fa-caret-up\"><\/i><\/span>\n\t\t\t\t\t\t\t\t\t\t\t\t\t<\/span>\n\t\t\t\t\t\t\t\t\t\t\t\t<a class=\"elementor-toggle-title\" tabindex=\"0\">Guest Lecturer<\/a>\n\t\t\t\t\t<\/h4>\n\n\t\t\t\t\t<div id=\"elementor-tab-content-2261\" class=\"elementor-tab-content elementor-clearfix\" data-tab=\"1\" role=\"region\" aria-labelledby=\"elementor-tab-title-2261\"><p><span style=\"font-weight: 400;\">Graduated in Architecture from the University of Santiago de Compostela, he holds and MSc Conservation at the University of La Coru\u00f1a and a PhD from the same university.<\/span><\/p>\n<p><span style=\"font-weight: 400;\">Since 1988 he has worked as an architect in his professional office and in ALFORO, an office which he is a co-founding partner and executive director of. He has designed and carried out works in Spain and Portugal. In addition, he has held positions in the public sector as architect of some municipalities and in the Official College of Architects of Galicia.  <\/span><\/p>\n<p><span style=\"font-weight: 400;\">Fern\u00e1ndez Coto promotes the dissemination and protection of the cultural, architectural, urban and intangible heritage of Galicia through different forums and activities. Thus, he is President of the Association for the Defense of Galician Cultural Heritage (apatrigal), President of the International Network of Traditional Elevated Barns (HORREA) and a member of the association for the defense of responsible tourism. In addition, he is a specialized columnist in the newspaper   <\/span><i><span style=\"font-weight: 400;\">La Voz de Galicia<\/span><\/i><span style=\"font-weight: 400;\">.<\/span><\/p>\n<\/div>\n\t\t\t\t<\/div>\n\t\t\t\t\t\t\t\t<\/div>\n\t\t\t\t\t\t<\/div>\n\t\t\t\t<\/div>\n\t\t\t\t<\/div>\n\t\t\t\t\t<\/div>\n\t\t\t\t<\/div>\n\t\t<div class=\"elementor-element elementor-element-4c736ae e-con-full e-flex e-con e-child\" data-id=\"4c736ae\" data-element_type=\"container\" data-e-type=\"container\">\n\t\t<div class=\"elementor-element elementor-element-9ecaa02 e-con-full e-flex e-con e-child\" data-id=\"9ecaa02\" data-element_type=\"container\" data-e-type=\"container\">\n\t\t\t\t<div class=\"elementor-element elementor-element-24cd2e2 elementor-widget elementor-widget-image\" data-id=\"24cd2e2\" data-element_type=\"widget\" data-e-type=\"widget\" data-widget_type=\"image.default\">\n\t\t\t\t<div class=\"elementor-widget-container\">\n\t\t\t\t\t\t\t\t\t\t\t\t\t\t\t<img loading=\"lazy\" decoding=\"async\" width=\"300\" height=\"300\" src=\"https:\/\/culturasconstructivas.org\/wp-content\/uploads\/2024\/04\/Rui-Florentino-INTBAU-Portugal-300x300.jpg\" class=\"attachment-medium size-medium wp-image-5763\" alt=\"\" srcset=\"https:\/\/culturasconstructivas.org\/wp-content\/uploads\/2024\/04\/Rui-Florentino-INTBAU-Portugal-300x300.jpg 300w, https:\/\/culturasconstructivas.org\/wp-content\/uploads\/2024\/04\/Rui-Florentino-INTBAU-Portugal-150x150.jpg 150w, https:\/\/culturasconstructivas.org\/wp-content\/uploads\/2024\/04\/Rui-Florentino-INTBAU-Portugal.jpg 346w\" sizes=\"(max-width: 300px) 100vw, 300px\" \/>\t\t\t\t\t\t\t\t\t\t\t\t\t\t\t<\/div>\n\t\t\t\t<\/div>\n\t\t\t\t<div class=\"elementor-element elementor-element-2ec4d2d elementor-widget elementor-widget-heading\" data-id=\"2ec4d2d\" data-element_type=\"widget\" data-e-type=\"widget\" data-widget_type=\"heading.default\">\n\t\t\t\t<div class=\"elementor-widget-container\">\n\t\t\t\t\t<h4 class=\"elementor-heading-title elementor-size-default\">Rui Florentino <\/h4>\t\t\t\t<\/div>\n\t\t\t\t<\/div>\n\t\t\t\t<div class=\"elementor-element elementor-element-843dd0a elementor-widget elementor-widget-text-editor\" data-id=\"843dd0a\" data-element_type=\"widget\" data-e-type=\"widget\" data-widget_type=\"text-editor.default\">\n\t\t\t\t<div class=\"elementor-widget-container\">\n\t\t\t\t\t\t\t\t\t<p><span style=\"font-weight: 400;\">Universidade Portucalense (UPT) | INTBAU Portugal<\/span><\/p>\n\t\t\t\t\t\t\t\t<\/div>\n\t\t\t\t<\/div>\n\t\t\t\t<div class=\"elementor-element elementor-element-2290f94 elementor-widget elementor-widget-toggle\" data-id=\"2290f94\" data-element_type=\"widget\" data-e-type=\"widget\" data-widget_type=\"toggle.default\">\n\t\t\t\t<div class=\"elementor-widget-container\">\n\t\t\t\t\t\t\t<div class=\"elementor-toggle\">\n\t\t\t\t\t\t\t<div class=\"elementor-toggle-item\">\n\t\t\t\t\t<h4 id=\"elementor-tab-title-3621\" class=\"elementor-tab-title\" data-tab=\"1\" role=\"button\" aria-controls=\"elementor-tab-content-3621\" aria-expanded=\"false\">\n\t\t\t\t\t\t\t\t\t\t\t\t<span class=\"elementor-toggle-icon elementor-toggle-icon-right\" aria-hidden=\"true\">\n\t\t\t\t\t\t\t\t\t\t\t\t\t\t\t<span class=\"elementor-toggle-icon-closed\"><i class=\"fas fa-caret-right\"><\/i><\/span>\n\t\t\t\t\t\t\t\t<span class=\"elementor-toggle-icon-opened\"><i class=\"elementor-toggle-icon-opened fas fa-caret-up\"><\/i><\/span>\n\t\t\t\t\t\t\t\t\t\t\t\t\t<\/span>\n\t\t\t\t\t\t\t\t\t\t\t\t<a class=\"elementor-toggle-title\" tabindex=\"0\">Guest Lecturer<\/a>\n\t\t\t\t\t<\/h4>\n\n\t\t\t\t\t<div id=\"elementor-tab-content-3621\" class=\"elementor-tab-content elementor-clearfix\" data-tab=\"1\" role=\"region\" aria-labelledby=\"elementor-tab-title-3621\"><p><span style=\"font-weight: 400;\">PhD in the program of Peripheries, Sustainability and Urban Vitality at the Polytechnic University of Madrid \u2013 UPM (2011), Master in Contemporary Architectural Culture and Construction of Modern Society by the Technical University of Lisbon (2002) and Degree in Architecture by the Faculty of Architecture, University of Porto \u2013 FAUP (1996). He is Assistant Professor at Universidade Portucalense (UPT), Department of Architecture and Multimedia Gallaecia (DAMG), and Researcher in Urbanism and Planning at CIAUD\/UL \u2013 UPT branch. He was elected for the Board in the Order of Architects (OA, 2023-\u2026), being responsible for several projects and initiatives. Author and editor of books and publications in international scientific journals, on architecture and urbanism. He is coordinator of Municipal Urban Plans and was awarded for the Urban Logic project, from the Smart Cities ideas contest by Cologistics, European program Interreg Portugal \u2013 Spain (2022).    <\/span><\/p>\n<\/div>\n\t\t\t\t<\/div>\n\t\t\t\t\t\t\t\t<\/div>\n\t\t\t\t\t\t<\/div>\n\t\t\t\t<\/div>\n\t\t\t\t<\/div>\n\t\t<div class=\"elementor-element elementor-element-fb11926 e-con-full e-flex e-con e-child\" data-id=\"fb11926\" data-element_type=\"container\" data-e-type=\"container\">\n\t\t\t\t<div class=\"elementor-element elementor-element-48e4d6f elementor-widget elementor-widget-image\" data-id=\"48e4d6f\" data-element_type=\"widget\" data-e-type=\"widget\" data-widget_type=\"image.default\">\n\t\t\t\t<div class=\"elementor-widget-container\">\n\t\t\t\t\t\t\t\t\t\t\t\t\t\t\t<img loading=\"lazy\" decoding=\"async\" width=\"300\" height=\"300\" src=\"https:\/\/culturasconstructivas.org\/wp-content\/uploads\/2024\/04\/Leopoldo-Gil.webp\" class=\"attachment-medium size-medium wp-image-3648\" alt=\"\" srcset=\"https:\/\/culturasconstructivas.org\/wp-content\/uploads\/2024\/04\/Leopoldo-Gil.webp 300w, https:\/\/culturasconstructivas.org\/wp-content\/uploads\/2024\/04\/Leopoldo-Gil-150x150.webp 150w\" sizes=\"(max-width: 300px) 100vw, 300px\" \/>\t\t\t\t\t\t\t\t\t\t\t\t\t\t\t<\/div>\n\t\t\t\t<\/div>\n\t\t\t\t<div class=\"elementor-element elementor-element-b65b3f5 elementor-widget elementor-widget-heading\" data-id=\"b65b3f5\" data-element_type=\"widget\" data-e-type=\"widget\" data-widget_type=\"heading.default\">\n\t\t\t\t<div class=\"elementor-widget-container\">\n\t\t\t\t\t<h4 class=\"elementor-heading-title elementor-size-default\">Leopoldo Gil Cornet <\/h4>\t\t\t\t<\/div>\n\t\t\t\t<\/div>\n\t\t\t\t<div class=\"elementor-element elementor-element-87424ef elementor-widget elementor-widget-text-editor\" data-id=\"87424ef\" data-element_type=\"widget\" data-e-type=\"widget\" data-widget_type=\"text-editor.default\">\n\t\t\t\t<div class=\"elementor-widget-container\">\n\t\t\t\t\t\t\t\t\t<p><span style=\"font-weight: 400;\">Traditional Building Cultures Foundation | INTBAU Spain<\/span><\/p>\n\t\t\t\t\t\t\t\t<\/div>\n\t\t\t\t<\/div>\n\t\t\t\t<div class=\"elementor-element elementor-element-34397cf elementor-widget elementor-widget-toggle\" data-id=\"34397cf\" data-element_type=\"widget\" data-e-type=\"widget\" data-widget_type=\"toggle.default\">\n\t\t\t\t<div class=\"elementor-widget-container\">\n\t\t\t\t\t\t\t<div class=\"elementor-toggle\">\n\t\t\t\t\t\t\t<div class=\"elementor-toggle-item\">\n\t\t\t\t\t<h4 id=\"elementor-tab-title-5471\" class=\"elementor-tab-title\" data-tab=\"1\" role=\"button\" aria-controls=\"elementor-tab-content-5471\" aria-expanded=\"false\">\n\t\t\t\t\t\t\t\t\t\t\t\t<span class=\"elementor-toggle-icon elementor-toggle-icon-right\" aria-hidden=\"true\">\n\t\t\t\t\t\t\t\t\t\t\t\t\t\t\t<span class=\"elementor-toggle-icon-closed\"><i class=\"fas fa-caret-right\"><\/i><\/span>\n\t\t\t\t\t\t\t\t<span class=\"elementor-toggle-icon-opened\"><i class=\"elementor-toggle-icon-opened fas fa-caret-up\"><\/i><\/span>\n\t\t\t\t\t\t\t\t\t\t\t\t\t<\/span>\n\t\t\t\t\t\t\t\t\t\t\t\t<a class=\"elementor-toggle-title\" tabindex=\"0\">Guest Lecturer<\/a>\n\t\t\t\t\t<\/h4>\n\n\t\t\t\t\t<div id=\"elementor-tab-content-5471\" class=\"elementor-tab-content elementor-clearfix\" data-tab=\"1\" role=\"region\" aria-labelledby=\"elementor-tab-title-5471\"><p><span style=\"font-weight: 400;\">A graduate in Architecture of the Navarra University School of Architecture, where he was later a lecturer and Coordinator of the Architectural Refurbishment and Restoration specialisation programme. He has served as an architect in the Historic Heritage Department of the Navarra Government\u2019s Directorate General for Culture\u2013Pr\u00edncipe de Viana Institute since 1986. During his time in this body his restoration work on various Navarran historic buildings and ensembles has been honoured with the National Prize for the Restoration and Conservation of Cultural Assets (1998), the Silver Medal of the Spanish Association of Friends of Castles (2000), the 2012 Europa Nostra EU Cultural Heritage Award, and the 2012 Rafael Manzano Prize for New Traditional Architecture, among other distinctions. He is a member of the Partal Academy and of the Catalan Sant Jordi Royal Academy of Fine Arts.<\/span><\/p>\n<\/div>\n\t\t\t\t<\/div>\n\t\t\t\t\t\t\t\t<\/div>\n\t\t\t\t\t\t<\/div>\n\t\t\t\t<\/div>\n\t\t\t\t<\/div>\n\t\t<div class=\"elementor-element elementor-element-f22c3ce e-con-full e-flex e-con e-child\" data-id=\"f22c3ce\" data-element_type=\"container\" data-e-type=\"container\">\n\t\t\t\t<div class=\"elementor-element elementor-element-016a28f elementor-widget elementor-widget-image\" data-id=\"016a28f\" data-element_type=\"widget\" data-e-type=\"widget\" data-widget_type=\"image.default\">\n\t\t\t\t<div class=\"elementor-widget-container\">\n\t\t\t\t\t\t\t\t\t\t\t\t\t\t\t<img loading=\"lazy\" decoding=\"async\" width=\"300\" height=\"300\" src=\"https:\/\/culturasconstructivas.org\/wp-content\/uploads\/2024\/04\/Padre-Cesar-Maciel-300x300.jpg\" class=\"attachment-medium size-medium wp-image-5775\" alt=\"\" srcset=\"https:\/\/culturasconstructivas.org\/wp-content\/uploads\/2024\/04\/Padre-Cesar-Maciel-300x300.jpg 300w, https:\/\/culturasconstructivas.org\/wp-content\/uploads\/2024\/04\/Padre-Cesar-Maciel-150x150.jpg 150w, https:\/\/culturasconstructivas.org\/wp-content\/uploads\/2024\/04\/Padre-Cesar-Maciel.jpg 400w\" sizes=\"(max-width: 300px) 100vw, 300px\" \/>\t\t\t\t\t\t\t\t\t\t\t\t\t\t\t<\/div>\n\t\t\t\t<\/div>\n\t\t\t\t<div class=\"elementor-element elementor-element-7a58f5b elementor-widget elementor-widget-heading\" data-id=\"7a58f5b\" data-element_type=\"widget\" data-e-type=\"widget\" data-widget_type=\"heading.default\">\n\t\t\t\t<div class=\"elementor-widget-container\">\n\t\t\t\t\t<h4 class=\"elementor-heading-title elementor-size-default\">C\u00e9sar Maciel <\/h4>\t\t\t\t<\/div>\n\t\t\t\t<\/div>\n\t\t\t\t<div class=\"elementor-element elementor-element-fe46a90 elementor-widget elementor-widget-text-editor\" data-id=\"fe46a90\" data-element_type=\"widget\" data-e-type=\"widget\" data-widget_type=\"text-editor.default\">\n\t\t\t\t<div class=\"elementor-widget-container\">\n\t\t\t\t\t\t\t\t\t<p><span style=\"font-weight: 400;\">Santuario de Nossa Senhora da Peneda<\/span><\/p>\n\t\t\t\t\t\t\t\t<\/div>\n\t\t\t\t<\/div>\n\t\t\t\t<div class=\"elementor-element elementor-element-541c3cc elementor-widget elementor-widget-toggle\" data-id=\"541c3cc\" data-element_type=\"widget\" data-e-type=\"widget\" data-widget_type=\"toggle.default\">\n\t\t\t\t<div class=\"elementor-widget-container\">\n\t\t\t\t\t\t\t<div class=\"elementor-toggle\">\n\t\t\t\t\t\t\t<div class=\"elementor-toggle-item\">\n\t\t\t\t\t<h4 id=\"elementor-tab-title-8811\" class=\"elementor-tab-title\" data-tab=\"1\" role=\"button\" aria-controls=\"elementor-tab-content-8811\" aria-expanded=\"false\">\n\t\t\t\t\t\t\t\t\t\t\t\t<span class=\"elementor-toggle-icon elementor-toggle-icon-right\" aria-hidden=\"true\">\n\t\t\t\t\t\t\t\t\t\t\t\t\t\t\t<span class=\"elementor-toggle-icon-closed\"><i class=\"fas fa-caret-right\"><\/i><\/span>\n\t\t\t\t\t\t\t\t<span class=\"elementor-toggle-icon-opened\"><i class=\"elementor-toggle-icon-opened fas fa-caret-up\"><\/i><\/span>\n\t\t\t\t\t\t\t\t\t\t\t\t\t<\/span>\n\t\t\t\t\t\t\t\t\t\t\t\t<a class=\"elementor-toggle-title\" tabindex=\"0\">Guest Lecturer<\/a>\n\t\t\t\t\t<\/h4>\n\n\t\t\t\t\t<div id=\"elementor-tab-content-8811\" class=\"elementor-tab-content elementor-clearfix\" data-tab=\"1\" role=\"region\" aria-labelledby=\"elementor-tab-title-8811\"><p><span style=\"font-weight: 400;\">Graduated in Theology, he is a priest in the Diocese of Viana do Castelo since 2008. Parish priest in several parishes in the Municipality of Melga\u00e7o and Gavieira in Arcos de Valdevez. He is the Rector of Diocesan Sanctuary of Nossa Senhora da Peneda and in this capacity accompanied the development of the Sanctuary\u2019s classification process as a National Monument.  <\/span><\/p>\n<\/div>\n\t\t\t\t<\/div>\n\t\t\t\t\t\t\t\t<\/div>\n\t\t\t\t\t\t<\/div>\n\t\t\t\t<\/div>\n\t\t\t\t<\/div>\n\t\t<div class=\"elementor-element elementor-element-7287aa0 e-con-full e-flex e-con e-child\" data-id=\"7287aa0\" data-element_type=\"container\" data-e-type=\"container\">\n\t\t<div class=\"elementor-element elementor-element-5ead3fa e-flex e-con-boxed e-con e-child\" data-id=\"5ead3fa\" data-element_type=\"container\" data-e-type=\"container\">\n\t\t\t\t\t<div class=\"e-con-inner\">\n\t\t\t\t<div class=\"elementor-element elementor-element-8a79f9f elementor-widget elementor-widget-image\" data-id=\"8a79f9f\" data-element_type=\"widget\" data-e-type=\"widget\" data-widget_type=\"image.default\">\n\t\t\t\t<div class=\"elementor-widget-container\">\n\t\t\t\t\t\t\t\t\t\t\t\t\t\t\t<img loading=\"lazy\" decoding=\"async\" width=\"300\" height=\"300\" src=\"https:\/\/culturasconstructivas.org\/wp-content\/uploads\/2024\/04\/Rafael-Manzano.webp\" class=\"attachment-medium size-medium wp-image-3660\" alt=\"\" srcset=\"https:\/\/culturasconstructivas.org\/wp-content\/uploads\/2024\/04\/Rafael-Manzano.webp 300w, https:\/\/culturasconstructivas.org\/wp-content\/uploads\/2024\/04\/Rafael-Manzano-150x150.webp 150w\" sizes=\"(max-width: 300px) 100vw, 300px\" \/>\t\t\t\t\t\t\t\t\t\t\t\t\t\t\t<\/div>\n\t\t\t\t<\/div>\n\t\t\t\t<div class=\"elementor-element elementor-element-bc0d07d elementor-widget elementor-widget-heading\" data-id=\"bc0d07d\" data-element_type=\"widget\" data-e-type=\"widget\" data-widget_type=\"heading.default\">\n\t\t\t\t<div class=\"elementor-widget-container\">\n\t\t\t\t\t<h4 class=\"elementor-heading-title elementor-size-default\">Rafael Manzano<\/h4>\t\t\t\t<\/div>\n\t\t\t\t<\/div>\n\t\t\t\t<div class=\"elementor-element elementor-element-859ef96 elementor-widget elementor-widget-text-editor\" data-id=\"859ef96\" data-element_type=\"widget\" data-e-type=\"widget\" data-widget_type=\"text-editor.default\">\n\t\t\t\t<div class=\"elementor-widget-container\">\n\t\t\t\t\t\t\t\t\t<p><span style=\"font-weight: 400;\">Traditional Building Cultures Foundation | INTBAU Spain<\/span><\/p>\n\t\t\t\t\t\t\t\t<\/div>\n\t\t\t\t<\/div>\n\t\t\t\t<div class=\"elementor-element elementor-element-ddb8615 elementor-widget elementor-widget-toggle\" data-id=\"ddb8615\" data-element_type=\"widget\" data-e-type=\"widget\" data-widget_type=\"toggle.default\">\n\t\t\t\t<div class=\"elementor-widget-container\">\n\t\t\t\t\t\t\t<div class=\"elementor-toggle\">\n\t\t\t\t\t\t\t<div class=\"elementor-toggle-item\">\n\t\t\t\t\t<h4 id=\"elementor-tab-title-2321\" class=\"elementor-tab-title\" data-tab=\"1\" role=\"button\" aria-controls=\"elementor-tab-content-2321\" aria-expanded=\"false\">\n\t\t\t\t\t\t\t\t\t\t\t\t<span class=\"elementor-toggle-icon elementor-toggle-icon-right\" aria-hidden=\"true\">\n\t\t\t\t\t\t\t\t\t\t\t\t\t\t\t<span class=\"elementor-toggle-icon-closed\"><i class=\"fas fa-caret-right\"><\/i><\/span>\n\t\t\t\t\t\t\t\t<span class=\"elementor-toggle-icon-opened\"><i class=\"elementor-toggle-icon-opened fas fa-caret-up\"><\/i><\/span>\n\t\t\t\t\t\t\t\t\t\t\t\t\t<\/span>\n\t\t\t\t\t\t\t\t\t\t\t\t<a class=\"elementor-toggle-title\" tabindex=\"0\">Guest Lecturer<\/a>\n\t\t\t\t\t<\/h4>\n\n\t\t\t\t\t<div id=\"elementor-tab-content-2321\" class=\"elementor-tab-content elementor-clearfix\" data-tab=\"1\" role=\"region\" aria-labelledby=\"elementor-tab-title-2321\"><p><span style=\"font-weight: 400;\">An graduate in Architecture of the Madrid Polytechnic University, and since 1966 professor of General Art History at the Seville University School of Architecture, where he is also Dean. He has devoted his life to the study of Classicism and in particular the Islamic world, and he has built new traditional buildings and restored numerous historic constructions in Spain, the US and the Middle East. He was Director-Conservator at the Reales Alc\u00e1zares palace in Seville and the caliphal town of Medina Azahara near C\u00f3rdoba, and chaired the works committee of the Royal Board of Trustees for the Alhambra and the Generalife. He is a member of many Spanish academic bodies, including the San Fernando Royal Academy of Fine Arts. His work has been distinguished with the Gold Medal for the Fine Arts, among other awards, and he is also Commander (with a plaque) of the Civil Order of Alfonso X the Wise. He also won the Richard H. Driehaus Prize for Classical Architecture in 2010, prompting Richard Driehaus to institute a prize in Spain bearing his name \u2013 the Rafael Manzano Prize \u2013 and thereby originating the initiatives run today by this Foundation and giving rise to all that we do.<\/span><\/p>\n<\/div>\n\t\t\t\t<\/div>\n\t\t\t\t\t\t\t\t<\/div>\n\t\t\t\t\t\t<\/div>\n\t\t\t\t<\/div>\n\t\t\t\t\t<\/div>\n\t\t\t\t<\/div>\n\t\t\t\t<\/div>\n\t\t\t\t<\/div>\n\t\t<div class=\"elementor-element elementor-element-852e5f5 e-con-full e-flex e-con e-child\" data-id=\"852e5f5\" data-element_type=\"container\" data-e-type=\"container\">\n\t\t<div class=\"elementor-element elementor-element-f19927b e-con-full e-flex e-con e-child\" data-id=\"f19927b\" data-element_type=\"container\" data-e-type=\"container\">\n\t\t<div class=\"elementor-element elementor-element-3266574 e-flex e-con-boxed e-con e-child\" data-id=\"3266574\" data-element_type=\"container\" data-e-type=\"container\">\n\t\t\t\t\t<div class=\"e-con-inner\">\n\t\t\t\t<div class=\"elementor-element elementor-element-68d3348 elementor-widget elementor-widget-image\" data-id=\"68d3348\" data-element_type=\"widget\" data-e-type=\"widget\" data-widget_type=\"image.default\">\n\t\t\t\t<div class=\"elementor-widget-container\">\n\t\t\t\t\t\t\t\t\t\t\t\t\t\t\t<img loading=\"lazy\" decoding=\"async\" width=\"300\" height=\"300\" src=\"https:\/\/culturasconstructivas.org\/wp-content\/uploads\/2024\/04\/Antonio-MEdeiros-FCCT-300x300.jpg\" class=\"attachment-medium size-medium wp-image-5787\" alt=\"\" srcset=\"https:\/\/culturasconstructivas.org\/wp-content\/uploads\/2024\/04\/Antonio-MEdeiros-FCCT-300x300.jpg 300w, https:\/\/culturasconstructivas.org\/wp-content\/uploads\/2024\/04\/Antonio-MEdeiros-FCCT-150x150.jpg 150w, https:\/\/culturasconstructivas.org\/wp-content\/uploads\/2024\/04\/Antonio-MEdeiros-FCCT.jpg 406w\" sizes=\"(max-width: 300px) 100vw, 300px\" \/>\t\t\t\t\t\t\t\t\t\t\t\t\t\t\t<\/div>\n\t\t\t\t<\/div>\n\t\t\t\t<div class=\"elementor-element elementor-element-e030cdd elementor-widget elementor-widget-heading\" data-id=\"e030cdd\" data-element_type=\"widget\" data-e-type=\"widget\" data-widget_type=\"heading.default\">\n\t\t\t\t<div class=\"elementor-widget-container\">\n\t\t\t\t\t<h4 class=\"elementor-heading-title elementor-size-default\">Ant\u00f3nio Fernando Medeiros<\/h4>\t\t\t\t<\/div>\n\t\t\t\t<\/div>\n\t\t\t\t<div class=\"elementor-element elementor-element-c7fa5ea elementor-widget elementor-widget-text-editor\" data-id=\"c7fa5ea\" data-element_type=\"widget\" data-e-type=\"widget\" data-widget_type=\"text-editor.default\">\n\t\t\t\t<div class=\"elementor-widget-container\">\n\t\t\t\t\t\t\t\t\t<p><span style=\"font-weight: 400;\">ISCTE-IUL<\/span><\/p>\n\t\t\t\t\t\t\t\t<\/div>\n\t\t\t\t<\/div>\n\t\t\t\t<div class=\"elementor-element elementor-element-284d99d elementor-widget elementor-widget-toggle\" data-id=\"284d99d\" data-element_type=\"widget\" data-e-type=\"widget\" data-widget_type=\"toggle.default\">\n\t\t\t\t<div class=\"elementor-widget-container\">\n\t\t\t\t\t\t\t<div class=\"elementor-toggle\">\n\t\t\t\t\t\t\t<div class=\"elementor-toggle-item\">\n\t\t\t\t\t<h4 id=\"elementor-tab-title-4221\" class=\"elementor-tab-title\" data-tab=\"1\" role=\"button\" aria-controls=\"elementor-tab-content-4221\" aria-expanded=\"false\">\n\t\t\t\t\t\t\t\t\t\t\t\t<span class=\"elementor-toggle-icon elementor-toggle-icon-right\" aria-hidden=\"true\">\n\t\t\t\t\t\t\t\t\t\t\t\t\t\t\t<span class=\"elementor-toggle-icon-closed\"><i class=\"fas fa-caret-right\"><\/i><\/span>\n\t\t\t\t\t\t\t\t<span class=\"elementor-toggle-icon-opened\"><i class=\"elementor-toggle-icon-opened fas fa-caret-up\"><\/i><\/span>\n\t\t\t\t\t\t\t\t\t\t\t\t\t<\/span>\n\t\t\t\t\t\t\t\t\t\t\t\t<a class=\"elementor-toggle-title\" tabindex=\"0\">Guest Lecturer<\/a>\n\t\t\t\t\t<\/h4>\n\n\t\t\t\t\t<div id=\"elementor-tab-content-4221\" class=\"elementor-tab-content elementor-clearfix\" data-tab=\"1\" role=\"region\" aria-labelledby=\"elementor-tab-title-4221\"><p><span style=\"font-weight: 400;\">Ant\u00f3nio is an anthropologist, professor at the Department of Anthropology at ISCTE-IUL and researcher at the Center for International Studies \u2013 IUL (Lisbon). Previously he lectured at FL at the University of Porto and at \u00c1rvore II (current Escola Superior Art\u00edstica \u2013 Porto). He carried out most of his research in the North of Portugal and Galicia, since the beginning of the 1990s. He is the author and editor of various books, articles and other editions, published both in Portugal and abroad.   <\/span><\/p>\n<\/div>\n\t\t\t\t<\/div>\n\t\t\t\t\t\t\t\t<\/div>\n\t\t\t\t\t\t<\/div>\n\t\t\t\t<\/div>\n\t\t\t\t\t<\/div>\n\t\t\t\t<\/div>\n\t\t\t\t<\/div>\n\t\t<div class=\"elementor-element elementor-element-fcbb233 e-con-full e-flex e-con e-child\" data-id=\"fcbb233\" data-element_type=\"container\" data-e-type=\"container\">\n\t\t\t\t<div class=\"elementor-element elementor-element-a415fec elementor-widget elementor-widget-image\" data-id=\"a415fec\" data-element_type=\"widget\" data-e-type=\"widget\" data-widget_type=\"image.default\">\n\t\t\t\t<div class=\"elementor-widget-container\">\n\t\t\t\t\t\t\t\t\t\t\t\t\t\t\t<img loading=\"lazy\" decoding=\"async\" width=\"300\" height=\"300\" src=\"https:\/\/culturasconstructivas.org\/wp-content\/uploads\/2024\/04\/Antonio-Meneres-peneda-300x300.jpg\" class=\"attachment-medium size-medium wp-image-5772\" alt=\"\" srcset=\"https:\/\/culturasconstructivas.org\/wp-content\/uploads\/2024\/04\/Antonio-Meneres-peneda-300x300.jpg 300w, https:\/\/culturasconstructivas.org\/wp-content\/uploads\/2024\/04\/Antonio-Meneres-peneda-150x150.jpg 150w, https:\/\/culturasconstructivas.org\/wp-content\/uploads\/2024\/04\/Antonio-Meneres-peneda.jpg 423w\" sizes=\"(max-width: 300px) 100vw, 300px\" \/>\t\t\t\t\t\t\t\t\t\t\t\t\t\t\t<\/div>\n\t\t\t\t<\/div>\n\t\t\t\t<div class=\"elementor-element elementor-element-3063024 elementor-widget elementor-widget-heading\" data-id=\"3063024\" data-element_type=\"widget\" data-e-type=\"widget\" data-widget_type=\"heading.default\">\n\t\t\t\t<div class=\"elementor-widget-container\">\n\t\t\t\t\t<h4 class=\"elementor-heading-title elementor-size-default\">Ant\u00f3nio Men\u00e9res<\/h4>\t\t\t\t<\/div>\n\t\t\t\t<\/div>\n\t\t\t\t<div class=\"elementor-element elementor-element-f306b62 elementor-widget elementor-widget-text-editor\" data-id=\"f306b62\" data-element_type=\"widget\" data-e-type=\"widget\" data-widget_type=\"text-editor.default\">\n\t\t\t\t<div class=\"elementor-widget-container\">\n\t\t\t\t\t\t\t\t\t<p><span style=\"font-weight: 400;\">Faculdade de Arquitectura da Universidade do Porto<\/span><\/p>\n\t\t\t\t\t\t\t\t<\/div>\n\t\t\t\t<\/div>\n\t\t\t\t<div class=\"elementor-element elementor-element-b952dd4 elementor-widget elementor-widget-toggle\" data-id=\"b952dd4\" data-element_type=\"widget\" data-e-type=\"widget\" data-widget_type=\"toggle.default\">\n\t\t\t\t<div class=\"elementor-widget-container\">\n\t\t\t\t\t\t\t<div class=\"elementor-toggle\">\n\t\t\t\t\t\t\t<div class=\"elementor-toggle-item\">\n\t\t\t\t\t<h4 id=\"elementor-tab-title-1941\" class=\"elementor-tab-title\" data-tab=\"1\" role=\"button\" aria-controls=\"elementor-tab-content-1941\" aria-expanded=\"false\">\n\t\t\t\t\t\t\t\t\t\t\t\t<span class=\"elementor-toggle-icon elementor-toggle-icon-right\" aria-hidden=\"true\">\n\t\t\t\t\t\t\t\t\t\t\t\t\t\t\t<span class=\"elementor-toggle-icon-closed\"><i class=\"fas fa-caret-right\"><\/i><\/span>\n\t\t\t\t\t\t\t\t<span class=\"elementor-toggle-icon-opened\"><i class=\"elementor-toggle-icon-opened fas fa-caret-up\"><\/i><\/span>\n\t\t\t\t\t\t\t\t\t\t\t\t\t<\/span>\n\t\t\t\t\t\t\t\t\t\t\t\t<a class=\"elementor-toggle-title\" tabindex=\"0\">Guest Lecturer<\/a>\n\t\t\t\t\t<\/h4>\n\n\t\t\t\t\t<div id=\"elementor-tab-content-1941\" class=\"elementor-tab-content elementor-clearfix\" data-tab=\"1\" role=\"region\" aria-labelledby=\"elementor-tab-title-1941\"><p><span style=\"font-weight: 400;\">Ant\u00f3nio was born in Matosinhos, in 1930. He graduated in Architecture from Escola Superior de Belas-Artes do Porto and interned with architects Fernando T\u00e1vora and Jo\u00e3o Andresen afterwards. He lectured in the Universidade de Porto School of Architecture until his retirement, and he worked in his own office as well, and regularly he made research works about architectural heritage. Ant\u00f3nio Meneres participated in the Survey of Portuguese Regional Architecture in 1955-60.   <\/span><\/p>\n<p><span style=\"font-weight: 400;\">He has also participated in Colloquiums and Congresses in the area of study and <\/span><span style=\"font-weight: 400;\">revitalization of architectural heritage in Portugal and the Azores, as well as in Brazil (the Schools of Architecture of S\u00e3o Paulo, Rio de Janeiro, Belo Horizonte, Bras\u00edlia, Campinas , Fortaleza, Florian\u00f3polis, Goi\u00e2nia, Salvador, S\u00e3o Lu\u00eds do Maranh\u00e3o and Vit\u00f3ria). In 2008 he was distinguished with the Grand Cross of the International Order of Merit of the Discoverer of Brazil Pedro \u00c1lvares Cabral. He is an Honorary Member no. 333 of Ordem dos Arquitectos (Portugal).   <\/span><\/p>\n<\/div>\n\t\t\t\t<\/div>\n\t\t\t\t\t\t\t\t<\/div>\n\t\t\t\t\t\t<\/div>\n\t\t\t\t<\/div>\n\t\t\t\t<\/div>\n\t\t<div class=\"elementor-element elementor-element-2966d98 e-con-full e-flex e-con e-child\" data-id=\"2966d98\" data-element_type=\"container\" data-e-type=\"container\">\n\t\t\t\t<div class=\"elementor-element elementor-element-1ba24a4 elementor-widget elementor-widget-image\" data-id=\"1ba24a4\" data-element_type=\"widget\" data-e-type=\"widget\" data-widget_type=\"image.default\">\n\t\t\t\t<div class=\"elementor-widget-container\">\n\t\t\t\t\t\t\t\t\t\t\t\t\t\t\t<img loading=\"lazy\" decoding=\"async\" width=\"300\" height=\"300\" src=\"https:\/\/culturasconstructivas.org\/wp-content\/uploads\/2024\/04\/Telma-foto-Premio-Rafael-Manzano.jpg\" class=\"attachment-medium size-medium wp-image-5784\" alt=\"\" srcset=\"https:\/\/culturasconstructivas.org\/wp-content\/uploads\/2024\/04\/Telma-foto-Premio-Rafael-Manzano.jpg 300w, https:\/\/culturasconstructivas.org\/wp-content\/uploads\/2024\/04\/Telma-foto-Premio-Rafael-Manzano-150x150.jpg 150w\" sizes=\"(max-width: 300px) 100vw, 300px\" \/>\t\t\t\t\t\t\t\t\t\t\t\t\t\t\t<\/div>\n\t\t\t\t<\/div>\n\t\t\t\t<div class=\"elementor-element elementor-element-bb79f0b elementor-widget elementor-widget-heading\" data-id=\"bb79f0b\" data-element_type=\"widget\" data-e-type=\"widget\" data-widget_type=\"heading.default\">\n\t\t\t\t<div class=\"elementor-widget-container\">\n\t\t\t\t\t<h4 class=\"elementor-heading-title elementor-size-default\">Telma Ribeiro<\/h4>\t\t\t\t<\/div>\n\t\t\t\t<\/div>\n\t\t\t\t<div class=\"elementor-element elementor-element-130a034 elementor-widget elementor-widget-text-editor\" data-id=\"130a034\" data-element_type=\"widget\" data-e-type=\"widget\" data-widget_type=\"text-editor.default\">\n\t\t\t\t<div class=\"elementor-widget-container\">\n\t\t\t\t\t\t\t\t\t<p><span style=\"font-weight: 400;\">Universidade Portucalense (UPT) | INTBAU Portugal<\/span><\/p>\n\t\t\t\t\t\t\t\t<\/div>\n\t\t\t\t<\/div>\n\t\t\t\t<div class=\"elementor-element elementor-element-e8a9a19 elementor-widget elementor-widget-toggle\" data-id=\"e8a9a19\" data-element_type=\"widget\" data-e-type=\"widget\" data-widget_type=\"toggle.default\">\n\t\t\t\t<div class=\"elementor-widget-container\">\n\t\t\t\t\t\t\t<div class=\"elementor-toggle\">\n\t\t\t\t\t\t\t<div class=\"elementor-toggle-item\">\n\t\t\t\t\t<h4 id=\"elementor-tab-title-2431\" class=\"elementor-tab-title\" data-tab=\"1\" role=\"button\" aria-controls=\"elementor-tab-content-2431\" aria-expanded=\"false\">\n\t\t\t\t\t\t\t\t\t\t\t\t<span class=\"elementor-toggle-icon elementor-toggle-icon-right\" aria-hidden=\"true\">\n\t\t\t\t\t\t\t\t\t\t\t\t\t\t\t<span class=\"elementor-toggle-icon-closed\"><i class=\"fas fa-caret-right\"><\/i><\/span>\n\t\t\t\t\t\t\t\t<span class=\"elementor-toggle-icon-opened\"><i class=\"elementor-toggle-icon-opened fas fa-caret-up\"><\/i><\/span>\n\t\t\t\t\t\t\t\t\t\t\t\t\t<\/span>\n\t\t\t\t\t\t\t\t\t\t\t\t<a class=\"elementor-toggle-title\" tabindex=\"0\">Guest Lecturer<\/a>\n\t\t\t\t\t<\/h4>\n\n\t\t\t\t\t<div id=\"elementor-tab-content-2431\" class=\"elementor-tab-content elementor-clearfix\" data-tab=\"1\" role=\"region\" aria-labelledby=\"elementor-tab-title-2431\"><p><span style=\"font-weight: 400;\">PhD and MA in Conservation Sciences from the Nova University of Lisbon, with a specialization in the conservation and restoration of stone and earthen materials. She is a Professor at the Portucalense University in Porto (Portugal).Besides academia, she also developed her professional career as a conservator-restorer of built heritage, having performed several works on different national monuments. She has published several papers in specialized journals and book chapters, participated in conferences and seminars as a speaker, and organized workshops. Additionally, she is a founding partner of the Portuguese chapter of the international association INTBAU (International Network for Traditional Building, Architecture, and Urbanism) which protects and promotes traditional architecture in Portugal.   <\/span><\/p>\n<\/div>\n\t\t\t\t<\/div>\n\t\t\t\t\t\t\t\t<\/div>\n\t\t\t\t\t\t<\/div>\n\t\t\t\t<\/div>\n\t\t\t\t<\/div>\n\t\t<div class=\"elementor-element elementor-element-3941936 e-con-full e-flex e-con e-child\" data-id=\"3941936\" data-element_type=\"container\" data-e-type=\"container\">\n\t\t\t\t<div class=\"elementor-element elementor-element-9a2f808 elementor-widget elementor-widget-image\" data-id=\"9a2f808\" data-element_type=\"widget\" data-e-type=\"widget\" data-widget_type=\"image.default\">\n\t\t\t\t<div class=\"elementor-widget-container\">\n\t\t\t\t\t\t\t\t\t\t\t\t\t\t\t<img loading=\"lazy\" decoding=\"async\" width=\"300\" height=\"300\" src=\"https:\/\/culturasconstructivas.org\/wp-content\/uploads\/2024\/04\/Goreti-Sousa_Portucalense-300x300.png\" class=\"attachment-medium size-medium wp-image-5781\" alt=\"\" srcset=\"https:\/\/culturasconstructivas.org\/wp-content\/uploads\/2024\/04\/Goreti-Sousa_Portucalense-300x300.png 300w, https:\/\/culturasconstructivas.org\/wp-content\/uploads\/2024\/04\/Goreti-Sousa_Portucalense-150x150.png 150w, https:\/\/culturasconstructivas.org\/wp-content\/uploads\/2024\/04\/Goreti-Sousa_Portucalense.png 407w\" sizes=\"(max-width: 300px) 100vw, 300px\" \/>\t\t\t\t\t\t\t\t\t\t\t\t\t\t\t<\/div>\n\t\t\t\t<\/div>\n\t\t\t\t<div class=\"elementor-element elementor-element-742e9a6 elementor-widget elementor-widget-heading\" data-id=\"742e9a6\" data-element_type=\"widget\" data-e-type=\"widget\" data-widget_type=\"heading.default\">\n\t\t\t\t<div class=\"elementor-widget-container\">\n\t\t\t\t\t<h4 class=\"elementor-heading-title elementor-size-default\">Goreti Sousa <\/h4>\t\t\t\t<\/div>\n\t\t\t\t<\/div>\n\t\t\t\t<div class=\"elementor-element elementor-element-1e767c7 elementor-widget elementor-widget-text-editor\" data-id=\"1e767c7\" data-element_type=\"widget\" data-e-type=\"widget\" data-widget_type=\"text-editor.default\">\n\t\t\t\t<div class=\"elementor-widget-container\">\n\t\t\t\t\t\t\t\t\t<p><span style=\"font-weight: 400;\">Universidade Portucalense (UPT)<\/span><\/p>\n\t\t\t\t\t\t\t\t<\/div>\n\t\t\t\t<\/div>\n\t\t\t\t<div class=\"elementor-element elementor-element-d40b647 elementor-widget elementor-widget-toggle\" data-id=\"d40b647\" data-element_type=\"widget\" data-e-type=\"widget\" data-widget_type=\"toggle.default\">\n\t\t\t\t<div class=\"elementor-widget-container\">\n\t\t\t\t\t\t\t<div class=\"elementor-toggle\">\n\t\t\t\t\t\t\t<div class=\"elementor-toggle-item\">\n\t\t\t\t\t<h4 id=\"elementor-tab-title-2221\" class=\"elementor-tab-title\" data-tab=\"1\" role=\"button\" aria-controls=\"elementor-tab-content-2221\" aria-expanded=\"false\">\n\t\t\t\t\t\t\t\t\t\t\t\t<span class=\"elementor-toggle-icon elementor-toggle-icon-right\" aria-hidden=\"true\">\n\t\t\t\t\t\t\t\t\t\t\t\t\t\t\t<span class=\"elementor-toggle-icon-closed\"><i class=\"fas fa-caret-right\"><\/i><\/span>\n\t\t\t\t\t\t\t\t<span class=\"elementor-toggle-icon-opened\"><i class=\"elementor-toggle-icon-opened fas fa-caret-up\"><\/i><\/span>\n\t\t\t\t\t\t\t\t\t\t\t\t\t<\/span>\n\t\t\t\t\t\t\t\t\t\t\t\t<a class=\"elementor-toggle-title\" tabindex=\"0\">Guest Lecturer<\/a>\n\t\t\t\t\t<\/h4>\n\n\t\t\t\t\t<div id=\"elementor-tab-content-2221\" class=\"elementor-tab-content elementor-clearfix\" data-tab=\"1\" role=\"region\" aria-labelledby=\"elementor-tab-title-2221\"><p><span style=\"font-weight: 400;\">PhD at the University of Santiago de Compostela in Prehistory (2013). Having previously completed the DEA in Archeology, Ancient History and Historiographical Sciences and Techniques, and in 1998, the Degree in History \u2013 Educational Branch, at the University of Porto. Presently is the Director of Admissions and Student Suport Services at Portucalense University (UPT). Assistant Professor at the Department of Architecture and Multimedia Gallaecia (DAMG-UPT), and Researcher at CIAUD\/UL \u2013 UPT branch. Between 2005 and 2018 she actively integrated the research team of 5 RD projects, four of which European projects and one national project (FCT). Since 2003 she is an external researcher in the Department of History group of the Santiago de Compostela University. She has published about archeological heritage, earthen architectura and vernacular architecture. As a second line of research, she has published about gender and architecture.      <\/span><\/p>\n<\/div>\n\t\t\t\t<\/div>\n\t\t\t\t\t\t\t\t<\/div>\n\t\t\t\t\t\t<\/div>\n\t\t\t\t<\/div>\n\t\t\t\t<\/div>\n\t\t\t\t<\/div>\n\t\t<div class=\"elementor-element elementor-element-d9ba457 e-con-full e-flex e-con e-child\" data-id=\"d9ba457\" data-element_type=\"container\" data-e-type=\"container\">\n\t\t<div class=\"elementor-element elementor-element-8df9db0 e-con-full e-flex e-con e-child\" data-id=\"8df9db0\" data-element_type=\"container\" data-e-type=\"container\">\n\t\t<div class=\"elementor-element elementor-element-46a3802 e-flex e-con-boxed e-con e-child\" data-id=\"46a3802\" data-element_type=\"container\" data-e-type=\"container\">\n\t\t\t\t\t<div class=\"e-con-inner\">\n\t\t\t\t<div class=\"elementor-element elementor-element-0ddf26c elementor-widget elementor-widget-image\" data-id=\"0ddf26c\" data-element_type=\"widget\" data-e-type=\"widget\" data-widget_type=\"image.default\">\n\t\t\t\t<div class=\"elementor-widget-container\">\n\t\t\t\t\t\t\t\t\t\t\t\t\t\t\t<img loading=\"lazy\" decoding=\"async\" width=\"300\" height=\"300\" src=\"https:\/\/culturasconstructivas.org\/wp-content\/uploads\/2024\/04\/ALDA-RODRIGUES-fcct-300x300.jpg\" class=\"attachment-medium size-medium wp-image-5778\" alt=\"\" srcset=\"https:\/\/culturasconstructivas.org\/wp-content\/uploads\/2024\/04\/ALDA-RODRIGUES-fcct-300x300.jpg 300w, https:\/\/culturasconstructivas.org\/wp-content\/uploads\/2024\/04\/ALDA-RODRIGUES-fcct-150x150.jpg 150w, https:\/\/culturasconstructivas.org\/wp-content\/uploads\/2024\/04\/ALDA-RODRIGUES-fcct.jpg 400w\" sizes=\"(max-width: 300px) 100vw, 300px\" \/>\t\t\t\t\t\t\t\t\t\t\t\t\t\t\t<\/div>\n\t\t\t\t<\/div>\n\t\t\t\t<div class=\"elementor-element elementor-element-a940ba7 elementor-widget elementor-widget-heading\" data-id=\"a940ba7\" data-element_type=\"widget\" data-e-type=\"widget\" data-widget_type=\"heading.default\">\n\t\t\t\t<div class=\"elementor-widget-container\">\n\t\t\t\t\t<h4 class=\"elementor-heading-title elementor-size-default\">Alda Rodrigues<\/h4>\t\t\t\t<\/div>\n\t\t\t\t<\/div>\n\t\t\t\t<div class=\"elementor-element elementor-element-872b126 elementor-widget elementor-widget-text-editor\" data-id=\"872b126\" data-element_type=\"widget\" data-e-type=\"widget\" data-widget_type=\"text-editor.default\">\n\t\t\t\t<div class=\"elementor-widget-container\">\n\t\t\t\t\t\t\t\t\t<p><span style=\"font-weight: 400;\">Lantana<\/span><\/p>\n\t\t\t\t\t\t\t\t<\/div>\n\t\t\t\t<\/div>\n\t\t\t\t<div class=\"elementor-element elementor-element-360bb0a elementor-widget elementor-widget-toggle\" data-id=\"360bb0a\" data-element_type=\"widget\" data-e-type=\"widget\" data-widget_type=\"toggle.default\">\n\t\t\t\t<div class=\"elementor-widget-container\">\n\t\t\t\t\t\t\t<div class=\"elementor-toggle\">\n\t\t\t\t\t\t\t<div class=\"elementor-toggle-item\">\n\t\t\t\t\t<h4 id=\"elementor-tab-title-5661\" class=\"elementor-tab-title\" data-tab=\"1\" role=\"button\" aria-controls=\"elementor-tab-content-5661\" aria-expanded=\"false\">\n\t\t\t\t\t\t\t\t\t\t\t\t<span class=\"elementor-toggle-icon elementor-toggle-icon-right\" aria-hidden=\"true\">\n\t\t\t\t\t\t\t\t\t\t\t\t\t\t\t<span class=\"elementor-toggle-icon-closed\"><i class=\"fas fa-caret-right\"><\/i><\/span>\n\t\t\t\t\t\t\t\t<span class=\"elementor-toggle-icon-opened\"><i class=\"elementor-toggle-icon-opened fas fa-caret-up\"><\/i><\/span>\n\t\t\t\t\t\t\t\t\t\t\t\t\t<\/span>\n\t\t\t\t\t\t\t\t\t\t\t\t<a class=\"elementor-toggle-title\" tabindex=\"0\">Guest Lecturer<\/a>\n\t\t\t\t\t<\/h4>\n\n\t\t\t\t\t<div id=\"elementor-tab-content-5661\" class=\"elementor-tab-content elementor-clearfix\" data-tab=\"1\" role=\"region\" aria-labelledby=\"elementor-tab-title-5661\"><p><span style=\"font-weight: 400;\">Graduated with a degree in History and Archaeology from the University of Minho and a master\u2019s degree in Cultural Heritage Management from the School of Arts of the Catholic University. Since 2002, she has developed projects in the field of archaeology and cultural heritage management, collaborating with entities such as Peneda-Ger\u00eas National Park, various town halls and some research projects funded by the Foundation for Science and Technology. Since 2012, she has been managing partner of Lantana Lda, where she coordinates various studies and surveys of architectural, artistic and archaeological heritage for classification as cultural heritage, such as the Sanctuary of Nossa Senhora da Peneda, Arcos de Valdevez, (National Monument), the Cultural Landscape of Sistelo, Arcos de Valdevez, (National Monument), the cultural practice \u201cVezeira de Vilar da Veiga\u201d, Terras de Bouro (inscribed on the National Inventory of Cultural Heritage).   <\/span><span style=\"font-weight: 400;\">She is also the coordinator of various investment projects for cultural heritage and other endogenous resources, co-financed by national and\/or EU support programs.<\/span><\/p>\n<\/div>\n\t\t\t\t<\/div>\n\t\t\t\t\t\t\t\t<\/div>\n\t\t\t\t\t\t<\/div>\n\t\t\t\t<\/div>\n\t\t\t\t\t<\/div>\n\t\t\t\t<\/div>\n\t\t\t\t<\/div>\n\t\t<div class=\"elementor-element elementor-element-5dc1d65 e-con-full e-flex e-con e-child\" data-id=\"5dc1d65\" data-element_type=\"container\" data-e-type=\"container\">\n\t\t\t\t<div class=\"elementor-element elementor-element-ace0981 elementor-widget elementor-widget-image\" data-id=\"ace0981\" data-element_type=\"widget\" data-e-type=\"widget\" data-widget_type=\"image.default\">\n\t\t\t\t<div class=\"elementor-widget-container\">\n\t\t\t\t\t\t\t\t\t\t\t\t\t\t\t<img loading=\"lazy\" decoding=\"async\" width=\"300\" height=\"300\" src=\"https:\/\/culturasconstructivas.org\/wp-content\/uploads\/2024\/06\/AlcindaTavares-480x480-1-300x300.jpg\" class=\"attachment-medium size-medium wp-image-9273\" alt=\"\" srcset=\"https:\/\/culturasconstructivas.org\/wp-content\/uploads\/2024\/06\/AlcindaTavares-480x480-1-300x300.jpg 300w, https:\/\/culturasconstructivas.org\/wp-content\/uploads\/2024\/06\/AlcindaTavares-480x480-1-150x150.jpg 150w, https:\/\/culturasconstructivas.org\/wp-content\/uploads\/2024\/06\/AlcindaTavares-480x480-1.jpg 480w\" sizes=\"(max-width: 300px) 100vw, 300px\" \/>\t\t\t\t\t\t\t\t\t\t\t\t\t\t\t<\/div>\n\t\t\t\t<\/div>\n\t\t\t\t<div class=\"elementor-element elementor-element-e3cced5 elementor-widget elementor-widget-heading\" data-id=\"e3cced5\" data-element_type=\"widget\" data-e-type=\"widget\" data-widget_type=\"heading.default\">\n\t\t\t\t<div class=\"elementor-widget-container\">\n\t\t\t\t\t<h4 class=\"elementor-heading-title elementor-size-default\">Alcinda Tavares<\/h4>\t\t\t\t<\/div>\n\t\t\t\t<\/div>\n\t\t\t\t<div class=\"elementor-element elementor-element-6c05e7d elementor-widget elementor-widget-text-editor\" data-id=\"6c05e7d\" data-element_type=\"widget\" data-e-type=\"widget\" data-widget_type=\"text-editor.default\">\n\t\t\t\t<div class=\"elementor-widget-container\">\n\t\t\t\t\t\t\t\t\t<p><span style=\"font-weight: 400;\">National Park of Peneda-Ger\u00eas<\/span><\/p>\n\t\t\t\t\t\t\t\t<\/div>\n\t\t\t\t<\/div>\n\t\t\t\t<div class=\"elementor-element elementor-element-2390a28 elementor-widget elementor-widget-toggle\" data-id=\"2390a28\" data-element_type=\"widget\" data-e-type=\"widget\" data-widget_type=\"toggle.default\">\n\t\t\t\t<div class=\"elementor-widget-container\">\n\t\t\t\t\t\t\t<div class=\"elementor-toggle\">\n\t\t\t\t\t\t\t<div class=\"elementor-toggle-item\">\n\t\t\t\t\t<h4 id=\"elementor-tab-title-3721\" class=\"elementor-tab-title\" data-tab=\"1\" role=\"button\" aria-controls=\"elementor-tab-content-3721\" aria-expanded=\"false\">\n\t\t\t\t\t\t\t\t\t\t\t\t<span class=\"elementor-toggle-icon elementor-toggle-icon-right\" aria-hidden=\"true\">\n\t\t\t\t\t\t\t\t\t\t\t\t\t\t\t<span class=\"elementor-toggle-icon-closed\"><i class=\"fas fa-caret-right\"><\/i><\/span>\n\t\t\t\t\t\t\t\t<span class=\"elementor-toggle-icon-opened\"><i class=\"elementor-toggle-icon-opened fas fa-caret-up\"><\/i><\/span>\n\t\t\t\t\t\t\t\t\t\t\t\t\t<\/span>\n\t\t\t\t\t\t\t\t\t\t\t\t<a class=\"elementor-toggle-title\" tabindex=\"0\">Guest Lecturer<\/a>\n\t\t\t\t\t<\/h4>\n\n\t\t\t\t\t<div id=\"elementor-tab-content-3721\" class=\"elementor-tab-content elementor-clearfix\" data-tab=\"1\" role=\"region\" aria-labelledby=\"elementor-tab-title-3721\"><p><span style=\"font-weight: 400;\">Graduated with a degree in Landscape Architecture from the Universidade do \u00c9vora. Her professional practice for almost four decades has been devoted to the planning and management of Protected Areas working on the implementation of urban planning, public space design, landscape integration of large infrastructures and biophysical recovery. Among other task, she has leaded the preparation of Landscape Analysis\/Diagnosis Studies and Management Support through the issuance of technical opinions within the scope of licensing, with EIA (environmental impact assessment), of quarries and mines, large infrastructures (hydroelectric plants, wind farms, network road, electrical network, etc.), she has prepared and coordinated thematic studies, as well as monitored Special and Municipal Territorial Planning Plans.  <\/span><\/p>\n<\/div>\n\t\t\t\t<\/div>\n\t\t\t\t\t\t\t\t<\/div>\n\t\t\t\t\t\t<\/div>\n\t\t\t\t<\/div>\n\t\t\t\t<\/div>\n\t\t<div class=\"elementor-element elementor-element-cc250af e-con-full e-flex e-con e-child\" data-id=\"cc250af\" data-element_type=\"container\" data-e-type=\"container\">\n\t\t\t\t<div class=\"elementor-element elementor-element-cb829b9 elementor-widget elementor-widget-image\" data-id=\"cb829b9\" data-element_type=\"widget\" data-e-type=\"widget\" data-widget_type=\"image.default\">\n\t\t\t\t<div class=\"elementor-widget-container\">\n\t\t\t\t\t\t\t\t\t\t\t\t\t\t\t<img loading=\"lazy\" decoding=\"async\" width=\"300\" height=\"300\" src=\"https:\/\/culturasconstructivas.org\/wp-content\/uploads\/2024\/06\/CARLOS-Viana-480x480-1-300x300.jpg\" class=\"attachment-medium size-medium wp-image-9270\" alt=\"\" srcset=\"https:\/\/culturasconstructivas.org\/wp-content\/uploads\/2024\/06\/CARLOS-Viana-480x480-1-300x300.jpg 300w, https:\/\/culturasconstructivas.org\/wp-content\/uploads\/2024\/06\/CARLOS-Viana-480x480-1-150x150.jpg 150w, https:\/\/culturasconstructivas.org\/wp-content\/uploads\/2024\/06\/CARLOS-Viana-480x480-1.jpg 480w\" sizes=\"(max-width: 300px) 100vw, 300px\" \/>\t\t\t\t\t\t\t\t\t\t\t\t\t\t\t<\/div>\n\t\t\t\t<\/div>\n\t\t\t\t<div class=\"elementor-element elementor-element-2232808 elementor-widget elementor-widget-heading\" data-id=\"2232808\" data-element_type=\"widget\" data-e-type=\"widget\" data-widget_type=\"heading.default\">\n\t\t\t\t<div class=\"elementor-widget-container\">\n\t\t\t\t\t<h4 class=\"elementor-heading-title elementor-size-default\">Carlos Eduardo Viana<\/h4>\t\t\t\t<\/div>\n\t\t\t\t<\/div>\n\t\t\t\t<div class=\"elementor-element elementor-element-a72dbb8 elementor-widget elementor-widget-text-editor\" data-id=\"a72dbb8\" data-element_type=\"widget\" data-e-type=\"widget\" data-widget_type=\"text-editor.default\">\n\t\t\t\t<div class=\"elementor-widget-container\">\n\t\t\t\t\t\t\t\t\t<p><span style=\"font-weight: 400;\">Associa\u00e7\u00e3o de Produ\u00e7\u00e3o e Anima\u00e7\u00e3o Audiovisual<\/span><\/p>\n\t\t\t\t\t\t\t\t<\/div>\n\t\t\t\t<\/div>\n\t\t\t\t<div class=\"elementor-element elementor-element-f1d814a elementor-widget elementor-widget-toggle\" data-id=\"f1d814a\" data-element_type=\"widget\" data-e-type=\"widget\" data-widget_type=\"toggle.default\">\n\t\t\t\t<div class=\"elementor-widget-container\">\n\t\t\t\t\t\t\t<div class=\"elementor-toggle\">\n\t\t\t\t\t\t\t<div class=\"elementor-toggle-item\">\n\t\t\t\t\t<h4 id=\"elementor-tab-title-2531\" class=\"elementor-tab-title\" data-tab=\"1\" role=\"button\" aria-controls=\"elementor-tab-content-2531\" aria-expanded=\"false\">\n\t\t\t\t\t\t\t\t\t\t\t\t<span class=\"elementor-toggle-icon elementor-toggle-icon-right\" aria-hidden=\"true\">\n\t\t\t\t\t\t\t\t\t\t\t\t\t\t\t<span class=\"elementor-toggle-icon-closed\"><i class=\"fas fa-caret-right\"><\/i><\/span>\n\t\t\t\t\t\t\t\t<span class=\"elementor-toggle-icon-opened\"><i class=\"elementor-toggle-icon-opened fas fa-caret-up\"><\/i><\/span>\n\t\t\t\t\t\t\t\t\t\t\t\t\t<\/span>\n\t\t\t\t\t\t\t\t\t\t\t\t<a class=\"elementor-toggle-title\" tabindex=\"0\">Guest Lecturer<\/a>\n\t\t\t\t\t<\/h4>\n\n\t\t\t\t\t<div id=\"elementor-tab-content-2531\" class=\"elementor-tab-content elementor-clearfix\" data-tab=\"1\" role=\"region\" aria-labelledby=\"elementor-tab-title-2531\"><p><span style=\"font-weight: 400;\">He graduated in Cinema and Video from the ESAP, Escola Superior Art\u00edstica do Porto. He also helds a degree in teaching (Portuguese Language and History and Geography of Portugal) and worked as a teacher till 2020. Thanks to a scholarship from the French government, he attended two internships on cinema at the VARAN Ateliers in Paris (initiation in 1982 and improvement in 1986). He was a founding member, in 1994, of AO NORTE \u2013 Associa\u00e7\u00e3o de Produ\u00e7\u00e3o e Anima\u00e7\u00e3o Audiovisual, an organization of which he is director. He has coordinated, since 2001, the Viana Cinema Meetings, and, since 2014, the MDOC-Melga\u00e7o International Documentary Festival.    <\/span><\/p>\n<\/div>\n\t\t\t\t<\/div>\n\t\t\t\t\t\t\t\t<\/div>\n\t\t\t\t\t\t<\/div>\n\t\t\t\t<\/div>\n\t\t\t\t<\/div>\n\t\t<div class=\"elementor-element elementor-element-a3517b5 e-con-full e-flex e-con e-child\" data-id=\"a3517b5\" data-element_type=\"container\" data-e-type=\"container\">\n\t\t\t\t<\/div>\n\t\t\t\t<\/div>\n\t\t\t\t\t<\/div>\n\t\t\t\t<\/div>\n\t\t<div class=\"elementor-element elementor-element-008a028 e-flex e-con-boxed e-con e-parent\" data-id=\"008a028\" data-element_type=\"container\" data-e-type=\"container\" data-settings=\"{&quot;background_background&quot;:&quot;classic&quot;}\">\n\t\t\t\t\t<div class=\"e-con-inner\">\n\t\t\t\t<div class=\"elementor-element elementor-element-6f8049d elementor-widget elementor-widget-menu-anchor\" data-id=\"6f8049d\" data-element_type=\"widget\" data-e-type=\"widget\" data-widget_type=\"menu-anchor.default\">\n\t\t\t\t<div class=\"elementor-widget-container\">\n\t\t\t\t\t\t\t<div class=\"elementor-menu-anchor\" id=\"programa\"><\/div>\n\t\t\t\t\t\t<\/div>\n\t\t\t\t<\/div>\n\t\t<div class=\"elementor-element elementor-element-f2ab57b e-con-full e-flex e-con e-child\" data-id=\"f2ab57b\" data-element_type=\"container\" data-e-type=\"container\">\n\t\t\t\t<div class=\"elementor-element elementor-element-9b0ca5e elementor-widget elementor-widget-heading\" data-id=\"9b0ca5e\" data-element_type=\"widget\" data-e-type=\"widget\" data-widget_type=\"heading.default\">\n\t\t\t\t<div class=\"elementor-widget-container\">\n\t\t\t\t\t<h2 class=\"elementor-heading-title elementor-size-default\">Program<\/h2>\t\t\t\t<\/div>\n\t\t\t\t<\/div>\n\t\t\t\t<div class=\"elementor-element elementor-element-7f51184 elementor-widget-divider--view-line elementor-widget elementor-widget-divider\" data-id=\"7f51184\" data-element_type=\"widget\" data-e-type=\"widget\" data-widget_type=\"divider.default\">\n\t\t\t\t<div class=\"elementor-widget-container\">\n\t\t\t\t\t\t\t<div class=\"elementor-divider\">\n\t\t\t<span class=\"elementor-divider-separator\">\n\t\t\t\t\t\t<\/span>\n\t\t<\/div>\n\t\t\t\t\t\t<\/div>\n\t\t\t\t<\/div>\n\t\t\t\t<\/div>\n\t\t<div class=\"elementor-element elementor-element-79c5aa2 e-flex e-con-boxed e-con e-child\" data-id=\"79c5aa2\" data-element_type=\"container\" data-e-type=\"container\">\n\t\t\t\t\t<div class=\"e-con-inner\">\n\t\t<div class=\"elementor-element elementor-element-860cfac e-con-full e-flex e-con e-child\" data-id=\"860cfac\" data-element_type=\"container\" data-e-type=\"container\">\n\t\t\t\t<div class=\"elementor-element elementor-element-bc28467 elementor-widget elementor-widget-text-editor\" data-id=\"bc28467\" data-element_type=\"widget\" data-e-type=\"widget\" data-widget_type=\"text-editor.default\">\n\t\t\t\t<div class=\"elementor-widget-container\">\n\t\t\t\t\t\t\t\t\t<h3>Monday 8<\/h3>\n<p><span style=\"font-weight: 400;\">Early in the morning, the group will depart from Porto towards Arcos de Valdevez, where the welcome ceremony by the Arcos de Valdevez City Hall and the introduction of all professors, participants, and hosts will take place. After lunch, the group will be taken to the Sanctuary of Nossa Senhora da Peneda, the site that will host the Summer School. Throughout the day, participants will have time to settle in, and a series of introductory talks will be organized.  <\/span><\/p>\n<h3>Tuesday 9<\/h3>\n<p><span style=\"font-weight: 400;\">A bus will take the group during the full day to visit and analyse diverse towns and places in Arcos de Valdevez such as Brandas de S\u00e3o Bento do Cando e Busgalinhas (Gavieira) and Soajo. Every stop will be long enough to study, photograph and draw local architecture and building details as well as to analyze the urban fabric. In the evening there will be brief lectures on local history and landscape. <\/span><\/p>\n<h3>Wednesday 10<\/h3>\n<p><span style=\"font-weight: 400;\">A bus will take the group throughout the day to visit and analyze various towns and locations in Arcos de Valdevez, including the town of Arcos de Valdevez itself, Vilarinho do Souto, and Ermelo. Each stop will be long enough to study, photograph, and draw the local architecture and building details, as well as to analyze the urban fabric. In the afternoon, there will be lectures on the vernacular architecture of the area.  <\/span><\/p>\n<h3>Thursday 11<\/h3>\n<p><span style=\"font-weight: 400;\">A bus will take the group throughout the day to visit and analyze various towns and locations in Arcos de Valdevez, including Sistelo, Padr\u00e3o, and Branda do Alhal. Each stop will be long enough to study, photograph, and draw the local architecture and building details, as well as analyze the urban fabric. In the afternoon, there will be brief lectures on the culture and current situation of the area.  <\/span><\/p>\n<h3>Friday 12<\/h3>\n<p><span style=\"font-weight: 400;\">The entire day will be dedicated to measuring, drawing, and studying Peneda, in order to produce the necessary foundation for the design work that will take place the following week. In the afternoon, there will be a roundtable discussion about Peneda and a debate. <\/span><\/p>\n\t\t\t\t\t\t\t\t<\/div>\n\t\t\t\t<\/div>\n\t\t\t\t<\/div>\n\t\t<div class=\"elementor-element elementor-element-b5e7b06 e-con-full e-flex e-con e-child\" data-id=\"b5e7b06\" data-element_type=\"container\" data-e-type=\"container\">\n\t\t\t\t<div class=\"elementor-element elementor-element-3a3670e elementor-widget elementor-widget-text-editor\" data-id=\"3a3670e\" data-element_type=\"widget\" data-e-type=\"widget\" data-widget_type=\"text-editor.default\">\n\t\t\t\t<div class=\"elementor-widget-container\">\n\t\t\t\t\t\t\t\t\t<h3>Saturday 13<\/h3>\n<p><span style=\"font-weight: 400;\">In the morning, there will be demonstrations of traditional construction techniques (stone masonry, lime mortar finishes, timber framing, and carpentry). In the afternoon, the group will gather, review, and complete the work already developed. The manual of traditional building and architectural patterns will also be finalized.  <\/span><\/p>\n<h3>Sunday 14<\/h3>\n<p><span style=\"font-weight: 400;\">Free day. In the afternoon, there will be a watercolor workshop and an introductory lecture on topics that will be relevant for the work of the second week. <\/span><\/p>\n<h3>Monday 15<\/h3>\n<p><span style=\"font-weight: 400;\">Various design case studies will be identified and assigned to different groups to develop several improvement proposals for the urban areas of the Peneda region. In the afternoon, there will be brief lectures on new traditional architecture and urban design. <\/span><\/p>\n<h3>Tuesday 16 &#8211; Friday 19<\/h3>\n<p><span style=\"font-weight: 400;\">Throughout the day, participants, divided into several groups, will use the work completed to design different improvement proposals for the studied areas. In the afternoon, a series of brief lectures will be organized. <\/span><\/p>\n<h3>Saturday 20<\/h3>\n<p><span style=\"font-weight: 400;\">In the morning, final edits of the design proposals and the patterns manual will be carried out. In the afternoon, a public presentation of the design proposals will be scheduled. In the evening, a final group dinner will be organized.  <\/span><\/p>\n<h3>Sunday 21<\/h3>\n<p><span style=\"font-weight: 400;\">A bus will take the main group to Porto.<\/span><\/p>\n\t\t\t\t\t\t\t\t<\/div>\n\t\t\t\t<\/div>\n\t\t\t\t<\/div>\n\t\t\t\t\t<\/div>\n\t\t\t\t<\/div>\n\t\t\t\t\t<\/div>\n\t\t\t\t<\/div>\n\t\t<div class=\"elementor-element elementor-element-9b424b9 e-flex e-con-boxed e-con e-parent\" data-id=\"9b424b9\" data-element_type=\"container\" data-e-type=\"container\">\n\t\t\t\t\t<div class=\"e-con-inner\">\n\t\t\t\t<div class=\"elementor-element elementor-element-c421331 elementor-widget elementor-widget-menu-anchor\" data-id=\"c421331\" data-element_type=\"widget\" data-e-type=\"widget\" data-widget_type=\"menu-anchor.default\">\n\t\t\t\t<div class=\"elementor-widget-container\">\n\t\t\t\t\t\t\t<div class=\"elementor-menu-anchor\" id=\"entidades\"><\/div>\n\t\t\t\t\t\t<\/div>\n\t\t\t\t<\/div>\n\t\t<div class=\"elementor-element elementor-element-a34cd6c e-con-full e-flex e-con e-child\" data-id=\"a34cd6c\" data-element_type=\"container\" data-e-type=\"container\">\n\t\t\t\t<div class=\"elementor-element elementor-element-40a7fed elementor-widget elementor-widget-heading\" data-id=\"40a7fed\" data-element_type=\"widget\" data-e-type=\"widget\" data-widget_type=\"heading.default\">\n\t\t\t\t<div class=\"elementor-widget-container\">\n\t\t\t\t\t<h2 class=\"elementor-heading-title elementor-size-default\">Institutions<\/h2>\t\t\t\t<\/div>\n\t\t\t\t<\/div>\n\t\t\t\t<div class=\"elementor-element elementor-element-c4f6671 elementor-widget-divider--view-line elementor-widget elementor-widget-divider\" data-id=\"c4f6671\" data-element_type=\"widget\" data-e-type=\"widget\" data-widget_type=\"divider.default\">\n\t\t\t\t<div class=\"elementor-widget-container\">\n\t\t\t\t\t\t\t<div class=\"elementor-divider\">\n\t\t\t<span class=\"elementor-divider-separator\">\n\t\t\t\t\t\t<\/span>\n\t\t<\/div>\n\t\t\t\t\t\t<\/div>\n\t\t\t\t<\/div>\n\t\t\t\t<\/div>\n\t\t\t\t<div class=\"elementor-element elementor-element-27cccff elementor-widget elementor-widget-heading\" data-id=\"27cccff\" data-element_type=\"widget\" data-e-type=\"widget\" data-widget_type=\"heading.default\">\n\t\t\t\t<div class=\"elementor-widget-container\">\n\t\t\t\t\t<h3 class=\"elementor-heading-title elementor-size-default\">The Summer School is organized by:<\/h3>\t\t\t\t<\/div>\n\t\t\t\t<\/div>\n\t\t<div class=\"elementor-element elementor-element-b779dda e-flex e-con-boxed e-con e-child\" data-id=\"b779dda\" data-element_type=\"container\" data-e-type=\"container\">\n\t\t\t\t\t<div class=\"e-con-inner\">\n\t\t<div class=\"elementor-element elementor-element-8d6d223 e-con-full e-flex e-con e-child\" data-id=\"8d6d223\" data-element_type=\"container\" data-e-type=\"container\">\n\t\t\t\t<div class=\"elementor-element elementor-element-84068d7 elementor-widget elementor-widget-image\" data-id=\"84068d7\" data-element_type=\"widget\" data-e-type=\"widget\" data-widget_type=\"image.default\">\n\t\t\t\t<div class=\"elementor-widget-container\">\n\t\t\t\t\t\t\t\t\t\t\t\t\t\t\t\t<a href=\"https:\/\/culturasconstructivas.org\/en\/\" target=\"_blank\">\n\t\t\t\t\t\t\t<img loading=\"lazy\" decoding=\"async\" width=\"538\" height=\"290\" src=\"https:\/\/culturasconstructivas.org\/wp-content\/uploads\/2024\/04\/FUNDACION-CULTURAS-CONSTRUCTIVAS-logo.webp\" class=\"attachment-large size-large wp-image-3421\" alt=\"\" srcset=\"https:\/\/culturasconstructivas.org\/wp-content\/uploads\/2024\/04\/FUNDACION-CULTURAS-CONSTRUCTIVAS-logo.webp 538w, https:\/\/culturasconstructivas.org\/wp-content\/uploads\/2024\/04\/FUNDACION-CULTURAS-CONSTRUCTIVAS-logo-300x162.webp 300w\" sizes=\"(max-width: 538px) 100vw, 538px\" \/>\t\t\t\t\t\t\t\t<\/a>\n\t\t\t\t\t\t\t\t\t\t\t\t\t\t\t<\/div>\n\t\t\t\t<\/div>\n\t\t\t\t<\/div>\n\t\t<div class=\"elementor-element elementor-element-b212997 e-con-full e-flex e-con e-child\" data-id=\"b212997\" data-element_type=\"container\" data-e-type=\"container\">\n\t\t\t\t<div class=\"elementor-element elementor-element-08744a7 elementor-widget elementor-widget-text-editor\" data-id=\"08744a7\" data-element_type=\"widget\" data-e-type=\"widget\" data-widget_type=\"text-editor.default\">\n\t\t\t\t<div class=\"elementor-widget-container\">\n\t\t\t\t\t\t\t\t\t<p>The <a style=\"color: #B0643E;\" href=\"https:\/\/culturasconstructivas.org\/en\/\" target=\"_blank\" rel=\"noopener\"><span style=\"color: #B0643E;\">Traditional Building Cultures Foundation<\/span><\/a> seeks to foster and promote the study, protection, teaching, dissemination and conservation of the traditional building, architecture and urbanism characteristic of the various regions of the world<\/p>\n\t\t\t\t\t\t\t\t<\/div>\n\t\t\t\t<\/div>\n\t\t\t\t<\/div>\n\t\t\t\t\t<\/div>\n\t\t\t\t<\/div>\n\t\t\t\t<div class=\"elementor-element elementor-element-9c7db1e elementor-widget elementor-widget-heading\" data-id=\"9c7db1e\" data-element_type=\"widget\" data-e-type=\"widget\" data-widget_type=\"heading.default\">\n\t\t\t\t<div class=\"elementor-widget-container\">\n\t\t\t\t\t<h3 class=\"elementor-heading-title elementor-size-default\">Thanks to the support of:<\/h3>\t\t\t\t<\/div>\n\t\t\t\t<\/div>\n\t\t<div class=\"elementor-element elementor-element-352e13e e-flex e-con-boxed e-con e-child\" data-id=\"352e13e\" data-element_type=\"container\" data-e-type=\"container\">\n\t\t\t\t\t<div class=\"e-con-inner\">\n\t\t<div class=\"elementor-element elementor-element-0b1b234 e-con-full e-flex e-con e-child\" data-id=\"0b1b234\" data-element_type=\"container\" data-e-type=\"container\">\n\t\t\t\t<div class=\"elementor-element elementor-element-aafc352 elementor-widget elementor-widget-image\" data-id=\"aafc352\" data-element_type=\"widget\" data-e-type=\"widget\" data-widget_type=\"image.default\">\n\t\t\t\t<div class=\"elementor-widget-container\">\n\t\t\t\t\t\t\t\t\t\t\t\t\t\t\t\t<a href=\"https:\/\/www.cmav.pt\/\" target=\"_blank\">\n\t\t\t\t\t\t\t<img loading=\"lazy\" decoding=\"async\" width=\"520\" height=\"212\" src=\"https:\/\/culturasconstructivas.org\/wp-content\/uploads\/2024\/04\/logo-vector-municipio-de-arcos-de-valdevez.png\" class=\"attachment-large size-large wp-image-5616\" alt=\"\" srcset=\"https:\/\/culturasconstructivas.org\/wp-content\/uploads\/2024\/04\/logo-vector-municipio-de-arcos-de-valdevez.png 520w, https:\/\/culturasconstructivas.org\/wp-content\/uploads\/2024\/04\/logo-vector-municipio-de-arcos-de-valdevez-300x122.png 300w\" sizes=\"(max-width: 520px) 100vw, 520px\" \/>\t\t\t\t\t\t\t\t<\/a>\n\t\t\t\t\t\t\t\t\t\t\t\t\t\t\t<\/div>\n\t\t\t\t<\/div>\n\t\t\t\t<\/div>\n\t\t<div class=\"elementor-element elementor-element-9699e26 e-flex e-con-boxed e-con e-child\" data-id=\"9699e26\" data-element_type=\"container\" data-e-type=\"container\">\n\t\t\t\t\t<div class=\"e-con-inner\">\n\t\t\t\t<div class=\"elementor-element elementor-element-9664df5 elementor-widget elementor-widget-text-editor\" data-id=\"9664df5\" data-element_type=\"widget\" data-e-type=\"widget\" data-widget_type=\"text-editor.default\">\n\t\t\t\t<div class=\"elementor-widget-container\">\n\t\t\t\t\t\t\t\t\t<div class=\"et_pb_row et_pb_row_17 et_pb_row_1-4_3-4\">\n<div class=\"et_pb_column et_pb_column_3_4 et_pb_column_29 et_pb_css_mix_blend_mode_passthrough et-last-child\">\n<div class=\"et_pb_module et_pb_text et_pb_text_24 et_pb_text_align_left et_pb_bg_layout_light\">\n<div class=\"et_pb_text_inner\">\n<p><span style=\"font-weight: 400;\">The<\/span><a href=\"https:\/\/www.cmav.pt\/\"><span style=\"font-weight: 400;\">Municipality of Arcos de Valdevez<\/span><\/a><span style=\"font-weight: 400;\"> seeks to create awareness concerning the rich architectural and cultural heritage of the numerous towns that make it up. It supports and actively participes on this course. <\/span><\/p>\n<\/div>\n<\/div>\n<\/div>\n<\/div>\n\t\t\t\t\t\t\t\t<\/div>\n\t\t\t\t<\/div>\n\t\t\t\t\t<\/div>\n\t\t\t\t<\/div>\n\t\t\t\t\t<\/div>\n\t\t\t\t<\/div>\n\t\t<div class=\"elementor-element elementor-element-97917e5 e-flex e-con-boxed e-con e-child\" data-id=\"97917e5\" data-element_type=\"container\" data-e-type=\"container\">\n\t\t\t\t\t<div class=\"e-con-inner\">\n\t\t<div class=\"elementor-element elementor-element-14b05d1 e-con-full e-flex e-con e-child\" data-id=\"14b05d1\" data-element_type=\"container\" data-e-type=\"container\">\n\t\t\t\t<div class=\"elementor-element elementor-element-661089c elementor-widget elementor-widget-image\" data-id=\"661089c\" data-element_type=\"widget\" data-e-type=\"widget\" data-widget_type=\"image.default\">\n\t\t\t\t<div class=\"elementor-widget-container\">\n\t\t\t\t\t\t\t\t\t\t\t\t\t\t\t\t<a href=\"https:\/\/intbauspain.com\/en\/\" target=\"_blank\">\n\t\t\t\t\t\t\t<img loading=\"lazy\" decoding=\"async\" width=\"800\" height=\"513\" src=\"https:\/\/culturasconstructivas.org\/wp-content\/uploads\/2024\/04\/INTBAU-Chapters-RGB-Spa-1024x657.webp\" class=\"attachment-large size-large wp-image-3409\" alt=\"\" srcset=\"https:\/\/culturasconstructivas.org\/wp-content\/uploads\/2024\/04\/INTBAU-Chapters-RGB-Spa-1024x657.webp 1024w, https:\/\/culturasconstructivas.org\/wp-content\/uploads\/2024\/04\/INTBAU-Chapters-RGB-Spa-300x192.webp 300w, https:\/\/culturasconstructivas.org\/wp-content\/uploads\/2024\/04\/INTBAU-Chapters-RGB-Spa-768x493.webp 768w, https:\/\/culturasconstructivas.org\/wp-content\/uploads\/2024\/04\/INTBAU-Chapters-RGB-Spa.webp 1417w\" sizes=\"(max-width: 800px) 100vw, 800px\" \/>\t\t\t\t\t\t\t\t<\/a>\n\t\t\t\t\t\t\t\t\t\t\t\t\t\t\t<\/div>\n\t\t\t\t<\/div>\n\t\t\t\t<\/div>\n\t\t<div class=\"elementor-element elementor-element-79c6d41 e-flex e-con-boxed e-con e-child\" data-id=\"79c6d41\" data-element_type=\"container\" data-e-type=\"container\">\n\t\t\t\t\t<div class=\"e-con-inner\">\n\t\t\t\t<div class=\"elementor-element elementor-element-3c07904 elementor-widget elementor-widget-text-editor\" data-id=\"3c07904\" data-element_type=\"widget\" data-e-type=\"widget\" data-widget_type=\"text-editor.default\">\n\t\t\t\t<div class=\"elementor-widget-container\">\n\t\t\t\t\t\t\t\t\t<p><a href=\"https:\/\/intbauspain.com\/en\/\">Traditional Building Cultures Foundation | INTBAU Spain<\/a><span style=\"font-weight: 400;\"> develops its initiatives to promote traditional building, architecture and urbanism and serves as a platform for collaboration and exchange of information, contributing to the promotion of other related initiatives organized by its members and other institutions linked to the network itself. <\/span><\/p>\n\t\t\t\t\t\t\t\t<\/div>\n\t\t\t\t<\/div>\n\t\t\t\t\t<\/div>\n\t\t\t\t<\/div>\n\t\t\t\t\t<\/div>\n\t\t\t\t<\/div>\n\t\t<div class=\"elementor-element elementor-element-33ad80e e-flex e-con-boxed e-con e-child\" data-id=\"33ad80e\" data-element_type=\"container\" data-e-type=\"container\">\n\t\t\t\t\t<div class=\"e-con-inner\">\n\t\t<div class=\"elementor-element elementor-element-f550dff e-con-full e-flex e-con e-child\" data-id=\"f550dff\" data-element_type=\"container\" data-e-type=\"container\">\n\t\t\t\t<div class=\"elementor-element elementor-element-22ac5fc elementor-widget elementor-widget-image\" data-id=\"22ac5fc\" data-element_type=\"widget\" data-e-type=\"widget\" data-widget_type=\"image.default\">\n\t\t\t\t<div class=\"elementor-widget-container\">\n\t\t\t\t\t\t\t\t\t\t\t\t\t\t\t\t<a href=\"http:\/\/www.intbau.org\/\" target=\"_blank\">\n\t\t\t\t\t\t\t<img loading=\"lazy\" decoding=\"async\" width=\"800\" height=\"513\" src=\"https:\/\/culturasconstructivas.org\/wp-content\/uploads\/2024\/04\/INTBAU-Chapters-RGB-Por-1024x657.webp\" class=\"attachment-large size-large wp-image-3412\" alt=\"\" srcset=\"https:\/\/culturasconstructivas.org\/wp-content\/uploads\/2024\/04\/INTBAU-Chapters-RGB-Por-1024x657.webp 1024w, https:\/\/culturasconstructivas.org\/wp-content\/uploads\/2024\/04\/INTBAU-Chapters-RGB-Por-300x192.webp 300w, https:\/\/culturasconstructivas.org\/wp-content\/uploads\/2024\/04\/INTBAU-Chapters-RGB-Por-768x493.webp 768w, https:\/\/culturasconstructivas.org\/wp-content\/uploads\/2024\/04\/INTBAU-Chapters-RGB-Por.webp 1417w\" sizes=\"(max-width: 800px) 100vw, 800px\" \/>\t\t\t\t\t\t\t\t<\/a>\n\t\t\t\t\t\t\t\t\t\t\t\t\t\t\t<\/div>\n\t\t\t\t<\/div>\n\t\t\t\t<\/div>\n\t\t<div class=\"elementor-element elementor-element-351379c e-flex e-con-boxed e-con e-child\" data-id=\"351379c\" data-element_type=\"container\" data-e-type=\"container\">\n\t\t\t\t\t<div class=\"e-con-inner\">\n\t\t\t\t<div class=\"elementor-element elementor-element-5fc6449 elementor-widget elementor-widget-text-editor\" data-id=\"5fc6449\" data-element_type=\"widget\" data-e-type=\"widget\" data-widget_type=\"text-editor.default\">\n\t\t\t\t<div class=\"elementor-widget-container\">\n\t\t\t\t\t\t\t\t\t<div class=\"et_pb_row et_pb_row_15 et_pb_row_1-4_3-4\">\n<div class=\"et_pb_column et_pb_column_3_4 et_pb_column_26 et_pb_css_mix_blend_mode_passthrough et-last-child\">\n<div class=\"et_pb_module et_pb_text et_pb_text_22 et_pb_text_align_left et_pb_bg_layout_light\">\n<div class=\"et_pb_text_inner\">\n<p>The Portuguese section of the<a href=\"http:\/\/www.intbau.org\/\"> International Network for Traditional Building, Architecture, and Urbanism (INTBAU)<\/a> is an active network of individuals and institutions dedicated to creating human and harmonious buildings and places that respect local traditions. It brings together those who design, build, maintain, study, or appreciate traditional construction, architecture, and places. <\/p>\n<\/div>\n<\/div>\n<\/div>\n<\/div>\n\t\t\t\t\t\t\t\t<\/div>\n\t\t\t\t<\/div>\n\t\t\t\t\t<\/div>\n\t\t\t\t<\/div>\n\t\t\t\t\t<\/div>\n\t\t\t\t<\/div>\n\t\t<div class=\"elementor-element elementor-element-4a47ccb e-flex e-con-boxed e-con e-child\" data-id=\"4a47ccb\" data-element_type=\"container\" data-e-type=\"container\">\n\t\t\t\t\t<div class=\"e-con-inner\">\n\t\t<div class=\"elementor-element elementor-element-a043a90 e-con-full e-flex e-con e-child\" data-id=\"a043a90\" data-element_type=\"container\" data-e-type=\"container\">\n\t\t\t\t<div class=\"elementor-element elementor-element-cefc424 elementor-widget elementor-widget-image\" data-id=\"cefc424\" data-element_type=\"widget\" data-e-type=\"widget\" data-widget_type=\"image.default\">\n\t\t\t\t<div class=\"elementor-widget-container\">\n\t\t\t\t\t\t\t\t\t\t\t\t\t\t\t\t<a href=\"https:\/\/www.fundacaoserrahenriques.org\/en\/\" target=\"_blank\">\n\t\t\t\t\t\t\t<img loading=\"lazy\" decoding=\"async\" width=\"180\" height=\"182\" src=\"https:\/\/culturasconstructivas.org\/wp-content\/uploads\/2024\/04\/Fundacao-Serra-Henriques.webp\" class=\"attachment-large size-large wp-image-3424\" alt=\"\" \/>\t\t\t\t\t\t\t\t<\/a>\n\t\t\t\t\t\t\t\t\t\t\t\t\t\t\t<\/div>\n\t\t\t\t<\/div>\n\t\t\t\t<\/div>\n\t\t<div class=\"elementor-element elementor-element-b0c937b e-flex e-con-boxed e-con e-child\" data-id=\"b0c937b\" data-element_type=\"container\" data-e-type=\"container\">\n\t\t\t\t\t<div class=\"e-con-inner\">\n\t\t\t\t<div class=\"elementor-element elementor-element-b4ff659 elementor-widget elementor-widget-text-editor\" data-id=\"b4ff659\" data-element_type=\"widget\" data-e-type=\"widget\" data-widget_type=\"text-editor.default\">\n\t\t\t\t<div class=\"elementor-widget-container\">\n\t\t\t\t\t\t\t\t\t<div class=\"et_pb_row et_pb_row_19 et_pb_row_1-4_3-4\">\n<div class=\"et_pb_column et_pb_column_3_4 et_pb_column_33 et_pb_css_mix_blend_mode_passthrough et-last-child\">\n<div class=\"et_pb_module et_pb_text et_pb_text_26 et_pb_text_align_left et_pb_bg_layout_light\">\n<div class=\"et_pb_text_inner\">\n<p><span style=\"font-weight: 400;\">The <\/span><a href=\"https:\/\/www.fundacaoserrahenriques.org\/en\/\"><span style=\"font-weight: 400;\">Funda\u00e7\u00e3o Serra Henriques<\/span><\/a><span style=\"font-weight: 400;\"> was established in Portugal in 1997 for the promotion of education, culture and science; paying special attention to the study of the national territory for local development and improvement of cultural heritage. <\/span><\/p>\n<\/div>\n<\/div>\n<\/div>\n<\/div>\n\t\t\t\t\t\t\t\t<\/div>\n\t\t\t\t<\/div>\n\t\t\t\t\t<\/div>\n\t\t\t\t<\/div>\n\t\t\t\t\t<\/div>\n\t\t\t\t<\/div>\n\t\t<div class=\"elementor-element elementor-element-153b8c2 e-flex e-con-boxed e-con e-child\" data-id=\"153b8c2\" data-element_type=\"container\" data-e-type=\"container\">\n\t\t\t\t\t<div class=\"e-con-inner\">\n\t\t<div class=\"elementor-element elementor-element-2576714 e-con-full e-flex e-con e-child\" data-id=\"2576714\" data-element_type=\"container\" data-e-type=\"container\">\n\t\t\t\t<div class=\"elementor-element elementor-element-e714eba elementor-widget elementor-widget-image\" data-id=\"e714eba\" data-element_type=\"widget\" data-e-type=\"widget\" data-widget_type=\"image.default\">\n\t\t\t\t<div class=\"elementor-widget-container\">\n\t\t\t\t\t\t\t\t\t\t\t\t\t\t\t\t<a href=\"https:\/\/kalam.es\/en\/\" target=\"_blank\">\n\t\t\t\t\t\t\t<img loading=\"lazy\" decoding=\"async\" width=\"800\" height=\"710\" src=\"https:\/\/culturasconstructivas.org\/wp-content\/uploads\/2024\/04\/Kalam.webp\" class=\"attachment-large size-large wp-image-3415\" alt=\"\" srcset=\"https:\/\/culturasconstructivas.org\/wp-content\/uploads\/2024\/04\/Kalam.webp 893w, https:\/\/culturasconstructivas.org\/wp-content\/uploads\/2024\/04\/Kalam-300x266.webp 300w, https:\/\/culturasconstructivas.org\/wp-content\/uploads\/2024\/04\/Kalam-768x682.webp 768w\" sizes=\"(max-width: 800px) 100vw, 800px\" \/>\t\t\t\t\t\t\t\t<\/a>\n\t\t\t\t\t\t\t\t\t\t\t\t\t\t\t<\/div>\n\t\t\t\t<\/div>\n\t\t\t\t<\/div>\n\t\t<div class=\"elementor-element elementor-element-794b317 e-flex e-con-boxed e-con e-child\" data-id=\"794b317\" data-element_type=\"container\" data-e-type=\"container\">\n\t\t\t\t\t<div class=\"e-con-inner\">\n\t\t\t\t<div class=\"elementor-element elementor-element-6fd4cde elementor-widget elementor-widget-text-editor\" data-id=\"6fd4cde\" data-element_type=\"widget\" data-e-type=\"widget\" data-widget_type=\"text-editor.default\">\n\t\t\t\t<div class=\"elementor-widget-container\">\n\t\t\t\t\t\t\t\t\t<div class=\"et_pb_row et_pb_row_18 et_pb_row_1-4_3-4\">\n<div class=\"et_pb_column et_pb_column_3_4 et_pb_column_31 et_pb_css_mix_blend_mode_passthrough et-last-child\">\n<div class=\"et_pb_module et_pb_text et_pb_text_25 et_pb_text_align_left et_pb_bg_layout_light\">\n<div class=\"et_pb_text_inner\">\n<p><a href=\"https:\/\/kalam.es\/en\/\"><span style=\"font-weight: 400;\">Kalam<\/span><\/a><span style=\"font-weight: 400;\"> is a leading international company specializing in the field of heritage restoration and the rehabilitation of historic buildings. In its commitment to the quality and rigor required in its work, it preserves the traditional trades through its own consolidated workforce and continuous training. <\/span><\/p>\n<\/div>\n<\/div>\n<\/div>\n<\/div>\n<div class=\"et_pb_row et_pb_row_19 et_pb_row_1-4_3-4\">\n<div class=\"et_pb_column et_pb_column_1_4 et_pb_column_32 et_pb_css_mix_blend_mode_passthrough\"> <\/div>\n<\/div>\n\t\t\t\t\t\t\t\t<\/div>\n\t\t\t\t<\/div>\n\t\t\t\t\t<\/div>\n\t\t\t\t<\/div>\n\t\t\t\t\t<\/div>\n\t\t\t\t<\/div>\n\t\t<div class=\"elementor-element elementor-element-dd6a7fb e-flex e-con-boxed e-con e-child\" data-id=\"dd6a7fb\" data-element_type=\"container\" data-e-type=\"container\">\n\t\t\t\t\t<div class=\"e-con-inner\">\n\t\t<div class=\"elementor-element elementor-element-de14176 e-con-full e-flex e-con e-child\" data-id=\"de14176\" data-element_type=\"container\" data-e-type=\"container\">\n\t\t\t\t<div class=\"elementor-element elementor-element-726128e elementor-widget elementor-widget-image\" data-id=\"726128e\" data-element_type=\"widget\" data-e-type=\"widget\" data-widget_type=\"image.default\">\n\t\t\t\t<div class=\"elementor-widget-container\">\n\t\t\t\t\t\t\t\t\t\t\t\t\t\t\t\t<a href=\"https:\/\/www.robertadamarchitect.com\/\" target=\"_blank\">\n\t\t\t\t\t\t\t<img loading=\"lazy\" decoding=\"async\" width=\"800\" height=\"800\" src=\"https:\/\/culturasconstructivas.org\/wp-content\/uploads\/2024\/04\/Robert-Adam-1024x1024.png\" class=\"attachment-large size-large wp-image-5619\" alt=\"\" srcset=\"https:\/\/culturasconstructivas.org\/wp-content\/uploads\/2024\/04\/Robert-Adam-1024x1024.png 1024w, https:\/\/culturasconstructivas.org\/wp-content\/uploads\/2024\/04\/Robert-Adam-300x300.png 300w, https:\/\/culturasconstructivas.org\/wp-content\/uploads\/2024\/04\/Robert-Adam-150x150.png 150w, https:\/\/culturasconstructivas.org\/wp-content\/uploads\/2024\/04\/Robert-Adam-768x768.png 768w, https:\/\/culturasconstructivas.org\/wp-content\/uploads\/2024\/04\/Robert-Adam.png 1182w\" sizes=\"(max-width: 800px) 100vw, 800px\" \/>\t\t\t\t\t\t\t\t<\/a>\n\t\t\t\t\t\t\t\t\t\t\t\t\t\t\t<\/div>\n\t\t\t\t<\/div>\n\t\t\t\t<\/div>\n\t\t<div class=\"elementor-element elementor-element-94b81e7 e-flex e-con-boxed e-con e-child\" data-id=\"94b81e7\" data-element_type=\"container\" data-e-type=\"container\">\n\t\t\t\t\t<div class=\"e-con-inner\">\n\t\t\t\t<div class=\"elementor-element elementor-element-9f1b86f elementor-widget elementor-widget-text-editor\" data-id=\"9f1b86f\" data-element_type=\"widget\" data-e-type=\"widget\" data-widget_type=\"text-editor.default\">\n\t\t\t\t<div class=\"elementor-widget-container\">\n\t\t\t\t\t\t\t\t\t<div class=\"et_pb_row et_pb_row_20 et_pb_row_1-4_3-4\">\n<div class=\"et_pb_column et_pb_column_3_4 et_pb_column_35 et_pb_css_mix_blend_mode_passthrough et-last-child\">\n<div class=\"et_pb_module et_pb_text et_pb_text_27 et_pb_text_align_left et_pb_bg_layout_light\">\n<div class=\"et_pb_text_inner\">\n<p><span style=\"font-weight: 400;\">Robert Adam, director of <\/span><a href=\"https:\/\/www.robertadamarchitect.com\/\"><span style=\"font-weight: 400;\">Robert Adam Architectural Consultancy<\/span><\/a><span style=\"font-weight: 400;\">, has been a leading figure in the advancement of traditional architecture and urbanism in the UK and worldwide. He was a founder of INTBAU and the UK Traditional Architecture Group. While continuing in practice and writing, he is also dedicated to the support and education of up-and-coming traditional designers.  <\/span><\/p>\n<\/div>\n<\/div>\n<\/div>\n<\/div>\n<div class=\"et_pb_row et_pb_row_21 et_pb_row_1-4_3-4\">\n<div class=\"et_pb_column et_pb_column_1_4 et_pb_column_36 et_pb_css_mix_blend_mode_passthrough\"> <\/div>\n<\/div>\n\t\t\t\t\t\t\t\t<\/div>\n\t\t\t\t<\/div>\n\t\t\t\t\t<\/div>\n\t\t\t\t<\/div>\n\t\t\t\t\t<\/div>\n\t\t\t\t<\/div>\n\t\t<div class=\"elementor-element elementor-element-25e5c45 e-flex e-con-boxed e-con e-child\" data-id=\"25e5c45\" data-element_type=\"container\" data-e-type=\"container\">\n\t\t\t\t\t<div class=\"e-con-inner\">\n\t\t<div class=\"elementor-element elementor-element-3ce74b0 e-con-full e-flex e-con e-child\" data-id=\"3ce74b0\" data-element_type=\"container\" data-e-type=\"container\">\n\t\t\t\t<div class=\"elementor-element elementor-element-608d10f elementor-widget elementor-widget-image\" data-id=\"608d10f\" data-element_type=\"widget\" data-e-type=\"widget\" data-widget_type=\"image.default\">\n\t\t\t\t<div class=\"elementor-widget-container\">\n\t\t\t\t\t\t\t\t\t\t\t\t\t\t\t\t<a href=\"https:\/\/fundacion.arquia.com\/convocatorias\/becas\/\" target=\"_blank\">\n\t\t\t\t\t\t\t<img loading=\"lazy\" decoding=\"async\" width=\"151\" height=\"46\" src=\"https:\/\/culturasconstructivas.org\/wp-content\/uploads\/2024\/04\/FArquia-beca.jpg\" class=\"attachment-large size-large wp-image-5622\" alt=\"\" \/>\t\t\t\t\t\t\t\t<\/a>\n\t\t\t\t\t\t\t\t\t\t\t\t\t\t\t<\/div>\n\t\t\t\t<\/div>\n\t\t\t\t<\/div>\n\t\t<div class=\"elementor-element elementor-element-008fe4b e-flex e-con-boxed e-con e-child\" data-id=\"008fe4b\" data-element_type=\"container\" data-e-type=\"container\">\n\t\t\t\t\t<div class=\"e-con-inner\">\n\t\t\t\t<div class=\"elementor-element elementor-element-5ffca87 elementor-widget elementor-widget-text-editor\" data-id=\"5ffca87\" data-element_type=\"widget\" data-e-type=\"widget\" data-widget_type=\"text-editor.default\">\n\t\t\t\t<div class=\"elementor-widget-container\">\n\t\t\t\t\t\t\t\t\t<div class=\"et_pb_row et_pb_row_21 et_pb_row_1-4_3-4\">\n<div class=\"et_pb_column et_pb_column_3_4 et_pb_column_37 et_pb_css_mix_blend_mode_passthrough et-last-child\">\n<div class=\"et_pb_module et_pb_text et_pb_text_28 et_pb_text_align_left et_pb_bg_layout_light\">\n<div class=\"et_pb_text_inner\">\n<p><span style=\"font-weight: 400;\">The <\/span><a href=\"https:\/\/fundacion.arquia.com\/convocatorias\/becas\/\"><span style=\"font-weight: 400;\">Fundaci\u00f3n Arquia<\/span><\/a> <span style=\"font-weight: 400;\">was created in 1990 and, since its inception, its objective has been to promote and disseminate projects of a cultural, social, welfare, professional and educational nature in the field of architecture, building, design and urban planning.<\/span><\/p>\n<\/div>\n<\/div>\n<\/div>\n<\/div>\n\t\t\t\t\t\t\t\t<\/div>\n\t\t\t\t<\/div>\n\t\t\t\t\t<\/div>\n\t\t\t\t<\/div>\n\t\t\t\t\t<\/div>\n\t\t\t\t<\/div>\n\t\t<div class=\"elementor-element elementor-element-cc57912 e-flex e-con-boxed e-con e-child\" data-id=\"cc57912\" data-element_type=\"container\" data-e-type=\"container\">\n\t\t\t\t\t<div class=\"e-con-inner\">\n\t\t<div class=\"elementor-element elementor-element-007fb32 e-con-full e-flex e-con e-child\" data-id=\"007fb32\" data-element_type=\"container\" data-e-type=\"container\">\n\t\t\t\t<div class=\"elementor-element elementor-element-a44c46d elementor-widget elementor-widget-image\" data-id=\"a44c46d\" data-element_type=\"widget\" data-e-type=\"widget\" data-widget_type=\"image.default\">\n\t\t\t\t<div class=\"elementor-widget-container\">\n\t\t\t\t\t\t\t\t\t\t\t\t\t\t\t\t<a href=\"https:\/\/www.princes-trust.org.au\/\" target=\"_blank\">\n\t\t\t\t\t\t\t<img loading=\"lazy\" decoding=\"async\" width=\"560\" height=\"310\" src=\"https:\/\/culturasconstructivas.org\/wp-content\/uploads\/2024\/04\/Prince-Trust.jpg\" class=\"attachment-large size-large wp-image-5625\" alt=\"\" srcset=\"https:\/\/culturasconstructivas.org\/wp-content\/uploads\/2024\/04\/Prince-Trust.jpg 560w, https:\/\/culturasconstructivas.org\/wp-content\/uploads\/2024\/04\/Prince-Trust-300x166.jpg 300w\" sizes=\"(max-width: 560px) 100vw, 560px\" \/>\t\t\t\t\t\t\t\t<\/a>\n\t\t\t\t\t\t\t\t\t\t\t\t\t\t\t<\/div>\n\t\t\t\t<\/div>\n\t\t\t\t<\/div>\n\t\t<div class=\"elementor-element elementor-element-7013dfa e-flex e-con-boxed e-con e-child\" data-id=\"7013dfa\" data-element_type=\"container\" data-e-type=\"container\">\n\t\t\t\t\t<div class=\"e-con-inner\">\n\t\t\t\t<div class=\"elementor-element elementor-element-b0afe0c elementor-widget elementor-widget-text-editor\" data-id=\"b0afe0c\" data-element_type=\"widget\" data-e-type=\"widget\" data-widget_type=\"text-editor.default\">\n\t\t\t\t<div class=\"elementor-widget-container\">\n\t\t\t\t\t\t\t\t\t<div class=\"et_pb_row et_pb_row_22 et_pb_row_1-4_3-4\">\n<div class=\"et_pb_column et_pb_column_3_4 et_pb_column_39 et_pb_css_mix_blend_mode_passthrough et-last-child\">\n<div class=\"et_pb_module et_pb_text et_pb_text_29 et_pb_text_align_left et_pb_bg_layout_light\">\n<div class=\"et_pb_text_inner\">\n<p><span style=\"font-weight: 400;\">The King&#8217;s Trust <\/span><a href=\"https:\/\/www.princes-trust.org.au\/\"><span style=\"font-weight: 400;\">Australia<\/span><\/a><span style=\"font-weight: 400;\"> is part of The Prince\u2019s Trust Group, a global network of charities transforming lives and building sustainable communities across the Commonwealth. This charity helps young people prepare for the rapidly changing world of work, inspires veterans and their families into entrepreneurship and self-employment, and champions resilient sustainable communities. <\/span><\/p>\n<\/div>\n<\/div>\n<\/div>\n<\/div>\n\t\t\t\t\t\t\t\t<\/div>\n\t\t\t\t<\/div>\n\t\t\t\t\t<\/div>\n\t\t\t\t<\/div>\n\t\t\t\t\t<\/div>\n\t\t\t\t<\/div>\n\t\t\t\t<div class=\"elementor-element elementor-element-c7decc0 elementor-widget elementor-widget-heading\" data-id=\"c7decc0\" data-element_type=\"widget\" data-e-type=\"widget\" data-widget_type=\"heading.default\">\n\t\t\t\t<div class=\"elementor-widget-container\">\n\t\t\t\t\t<h3 class=\"elementor-heading-title elementor-size-default\">With the collaboration of:<\/h3>\t\t\t\t<\/div>\n\t\t\t\t<\/div>\n\t\t<div class=\"elementor-element elementor-element-94695dc e-grid e-con-boxed e-con e-child\" data-id=\"94695dc\" data-element_type=\"container\" data-e-type=\"container\">\n\t\t\t\t\t<div class=\"e-con-inner\">\n\t\t\t\t<div class=\"elementor-element elementor-element-9836879 elementor-widget elementor-widget-image\" data-id=\"9836879\" data-element_type=\"widget\" data-e-type=\"widget\" data-widget_type=\"image.default\">\n\t\t\t\t<div class=\"elementor-widget-container\">\n\t\t\t\t\t\t\t\t\t\t\t\t\t\t\t\t<a href=\"https:\/\/www.nd.edu\/\" target=\"_blank\">\n\t\t\t\t\t\t\t<img loading=\"lazy\" decoding=\"async\" width=\"447\" height=\"125\" src=\"https:\/\/culturasconstructivas.org\/wp-content\/uploads\/2024\/04\/ND-Architecture-1.jpg\" class=\"attachment-large size-large wp-image-5628\" alt=\"\" srcset=\"https:\/\/culturasconstructivas.org\/wp-content\/uploads\/2024\/04\/ND-Architecture-1.jpg 447w, https:\/\/culturasconstructivas.org\/wp-content\/uploads\/2024\/04\/ND-Architecture-1-300x84.jpg 300w\" sizes=\"(max-width: 447px) 100vw, 447px\" \/>\t\t\t\t\t\t\t\t<\/a>\n\t\t\t\t\t\t\t\t\t\t\t\t\t\t\t<\/div>\n\t\t\t\t<\/div>\n\t\t\t\t<div class=\"elementor-element elementor-element-d7c7afb elementor-widget elementor-widget-image\" data-id=\"d7c7afb\" data-element_type=\"widget\" data-e-type=\"widget\" data-widget_type=\"image.default\">\n\t\t\t\t<div class=\"elementor-widget-container\">\n\t\t\t\t\t\t\t\t\t\t\t\t\t\t\t\t<a href=\"http:\/\/welcome.miami.edu\/\" target=\"_blank\">\n\t\t\t\t\t\t\t<img loading=\"lazy\" decoding=\"async\" width=\"247\" height=\"125\" src=\"https:\/\/culturasconstructivas.org\/wp-content\/uploads\/2024\/04\/University-miami-school-of-architecture.png\" class=\"attachment-large size-large wp-image-5631\" alt=\"\" \/>\t\t\t\t\t\t\t\t<\/a>\n\t\t\t\t\t\t\t\t\t\t\t\t\t\t\t<\/div>\n\t\t\t\t<\/div>\n\t\t\t\t<div class=\"elementor-element elementor-element-cdd8cd0 elementor-widget elementor-widget-image\" data-id=\"cdd8cd0\" data-element_type=\"widget\" data-e-type=\"widget\" data-widget_type=\"image.default\">\n\t\t\t\t<div class=\"elementor-widget-container\">\n\t\t\t\t\t\t\t\t\t\t\t\t\t\t\t\t<a href=\"http:\/\/www.upm.es\/\" target=\"_blank\">\n\t\t\t\t\t\t\t<img loading=\"lazy\" decoding=\"async\" width=\"143\" height=\"120\" src=\"https:\/\/culturasconstructivas.org\/wp-content\/uploads\/2024\/04\/logoUPMcompleto-e1520011955169.jpg\" class=\"attachment-large size-large wp-image-5637\" alt=\"\" \/>\t\t\t\t\t\t\t\t<\/a>\n\t\t\t\t\t\t\t\t\t\t\t\t\t\t\t<\/div>\n\t\t\t\t<\/div>\n\t\t\t\t<div class=\"elementor-element elementor-element-7aa2a4c elementor-widget elementor-widget-image\" data-id=\"7aa2a4c\" data-element_type=\"widget\" data-e-type=\"widget\" data-widget_type=\"image.default\">\n\t\t\t\t<div class=\"elementor-widget-container\">\n\t\t\t\t\t\t\t\t\t\t\t\t\t\t\t\t<a href=\"http:\/\/ciat.aq.upm.es\/\" target=\"_blank\">\n\t\t\t\t\t\t\t<img loading=\"lazy\" decoding=\"async\" width=\"342\" height=\"153\" src=\"https:\/\/culturasconstructivas.org\/wp-content\/uploads\/2024\/04\/LOGO-CIAT.jpg\" class=\"attachment-large size-large wp-image-5640\" alt=\"\" srcset=\"https:\/\/culturasconstructivas.org\/wp-content\/uploads\/2024\/04\/LOGO-CIAT.jpg 342w, https:\/\/culturasconstructivas.org\/wp-content\/uploads\/2024\/04\/LOGO-CIAT-300x134.jpg 300w\" sizes=\"(max-width: 342px) 100vw, 342px\" \/>\t\t\t\t\t\t\t\t<\/a>\n\t\t\t\t\t\t\t\t\t\t\t\t\t\t\t<\/div>\n\t\t\t\t<\/div>\n\t\t\t\t<div class=\"elementor-element elementor-element-c8f776f elementor-widget elementor-widget-image\" data-id=\"c8f776f\" data-element_type=\"widget\" data-e-type=\"widget\" data-widget_type=\"image.default\">\n\t\t\t\t<div class=\"elementor-widget-container\">\n\t\t\t\t\t\t\t\t\t\t\t\t\t\t\t\t<a href=\"https:\/\/www.upt.pt\/\" target=\"_blank\">\n\t\t\t\t\t\t\t<img loading=\"lazy\" decoding=\"async\" width=\"300\" height=\"284\" src=\"https:\/\/culturasconstructivas.org\/wp-content\/uploads\/2024\/04\/UPT-Escola-de-verao.jpg\" class=\"attachment-large size-large wp-image-5643\" alt=\"\" \/>\t\t\t\t\t\t\t\t<\/a>\n\t\t\t\t\t\t\t\t\t\t\t\t\t\t\t<\/div>\n\t\t\t\t<\/div>\n\t\t\t\t<div class=\"elementor-element elementor-element-766fa38 elementor-widget elementor-widget-image\" data-id=\"766fa38\" data-element_type=\"widget\" data-e-type=\"widget\" data-widget_type=\"image.default\">\n\t\t\t\t<div class=\"elementor-widget-container\">\n\t\t\t\t\t\t\t\t\t\t\t\t\t\t\t<img loading=\"lazy\" decoding=\"async\" width=\"281\" height=\"247\" src=\"https:\/\/culturasconstructivas.org\/wp-content\/uploads\/2024\/04\/308064874_155450300454982_1991190792245732357_n.png\" class=\"attachment-large size-large wp-image-5646\" alt=\"\" \/>\t\t\t\t\t\t\t\t\t\t\t\t\t\t\t<\/div>\n\t\t\t\t<\/div>\n\t\t\t\t<div class=\"elementor-element elementor-element-58f49bc elementor-widget elementor-widget-image\" data-id=\"58f49bc\" data-element_type=\"widget\" data-e-type=\"widget\" data-widget_type=\"image.default\">\n\t\t\t\t<div class=\"elementor-widget-container\">\n\t\t\t\t\t\t\t\t\t\t\t\t\t\t\t<img loading=\"lazy\" decoding=\"async\" width=\"380\" height=\"380\" src=\"https:\/\/culturasconstructivas.org\/wp-content\/uploads\/2024\/04\/HORREA-LOGOTIPO-PNG-web-380x380-1.png\" class=\"attachment-large size-large wp-image-5649\" alt=\"\" srcset=\"https:\/\/culturasconstructivas.org\/wp-content\/uploads\/2024\/04\/HORREA-LOGOTIPO-PNG-web-380x380-1.png 380w, https:\/\/culturasconstructivas.org\/wp-content\/uploads\/2024\/04\/HORREA-LOGOTIPO-PNG-web-380x380-1-300x300.png 300w, https:\/\/culturasconstructivas.org\/wp-content\/uploads\/2024\/04\/HORREA-LOGOTIPO-PNG-web-380x380-1-150x150.png 150w\" sizes=\"(max-width: 380px) 100vw, 380px\" \/>\t\t\t\t\t\t\t\t\t\t\t\t\t\t\t<\/div>\n\t\t\t\t<\/div>\n\t\t\t\t\t<\/div>\n\t\t\t\t<\/div>\n\t\t\t\t\t<\/div>\n\t\t\t\t<\/div>\n\t\t\t\t<\/div>\n\t\t","protected":false},"excerpt":{"rendered":"<p>2024 Summer School 8-21 July, 2024 (Students must be in Porto on the 7th evening) Arcos de Valdevez, Portugal 410\u20ac This program will take place in the Municipality of Arcos de Valdevez, Portugal. It revolves around design based on a knowledge and understanding of the local building, architectural and urban design tradition. During the last [&hellip;]<\/p>\n","protected":false},"author":4,"featured_media":0,"parent":11175,"menu_order":0,"comment_status":"closed","ping_status":"closed","template":"elementor_header_footer","meta":{"_acf_changed":false,"_piecal_is_event":false,"_piecal_start_date":"","_piecal_end_date":"","_piecal_is_allday":false,"footnotes":""},"class_list":["post-11260","page","type-page","status-publish","hentry"],"acf":[],"yoast_head":"<!-- This site is optimized with the Yoast SEO plugin v27.4 - https:\/\/yoast.com\/product\/yoast-seo-wordpress\/ -->\n<title>2024 Edition - Fundaci\u00f3n Culturas Constructivas Tradicionales<\/title>\n<meta name=\"robots\" content=\"index, follow, max-snippet:-1, max-image-preview:large, max-video-preview:-1\" \/>\n<link rel=\"canonical\" href=\"https:\/\/culturasconstructivas.org\/en\/initiatives\/training\/summer-school\/2024-edition\/\" \/>\n<meta property=\"og:locale\" content=\"en_US\" \/>\n<meta property=\"og:type\" content=\"article\" \/>\n<meta property=\"og:title\" content=\"2024 Edition - Fundaci\u00f3n Culturas Constructivas Tradicionales\" \/>\n<meta property=\"og:description\" content=\"2024 Summer School 8-21 July, 2024 (Students must be in Porto on the 7th evening) Arcos de Valdevez, Portugal 410\u20ac This program will take place in the Municipality of Arcos de Valdevez, Portugal. It revolves around design based on a knowledge and understanding of the local building, architectural and urban design tradition. During the last [&hellip;]\" \/>\n<meta property=\"og:url\" content=\"https:\/\/culturasconstructivas.org\/en\/initiatives\/training\/summer-school\/2024-edition\/\" \/>\n<meta property=\"og:site_name\" content=\"Fundaci\u00f3n Culturas Constructivas Tradicionales\" \/>\n<meta property=\"article:modified_time\" content=\"2025-01-23T16:30:50+00:00\" \/>\n<meta property=\"og:image\" content=\"https:\/\/culturasconstructivas.org\/wp-content\/uploads\/2024\/04\/Soajo-carmen-bueno.webp\" \/>\n\t<meta property=\"og:image:width\" content=\"1126\" \/>\n\t<meta property=\"og:image:height\" content=\"723\" \/>\n\t<meta property=\"og:image:type\" content=\"image\/webp\" \/>\n<meta name=\"twitter:card\" content=\"summary_large_image\" \/>\n<meta name=\"twitter:label1\" content=\"Est. reading time\" \/>\n\t<meta name=\"twitter:data1\" content=\"27 minutes\" \/>\n<script type=\"application\/ld+json\" class=\"yoast-schema-graph\">{\"@context\":\"https:\\\/\\\/schema.org\",\"@graph\":[{\"@type\":\"WebPage\",\"@id\":\"https:\\\/\\\/culturasconstructivas.org\\\/en\\\/initiatives\\\/training\\\/summer-school\\\/2024-edition\\\/\",\"url\":\"https:\\\/\\\/culturasconstructivas.org\\\/en\\\/initiatives\\\/training\\\/summer-school\\\/2024-edition\\\/\",\"name\":\"2024 Edition - Fundaci\u00f3n Culturas Constructivas Tradicionales\",\"isPartOf\":{\"@id\":\"https:\\\/\\\/culturasconstructivas.org\\\/en\\\/#website\"},\"primaryImageOfPage\":{\"@id\":\"https:\\\/\\\/culturasconstructivas.org\\\/en\\\/initiatives\\\/training\\\/summer-school\\\/2024-edition\\\/#primaryimage\"},\"image\":{\"@id\":\"https:\\\/\\\/culturasconstructivas.org\\\/en\\\/initiatives\\\/training\\\/summer-school\\\/2024-edition\\\/#primaryimage\"},\"thumbnailUrl\":\"https:\\\/\\\/culturasconstructivas.org\\\/wp-content\\\/uploads\\\/2024\\\/04\\\/Soajo-carmen-bueno-1024x658.webp\",\"datePublished\":\"2024-04-19T16:59:34+00:00\",\"dateModified\":\"2025-01-23T16:30:50+00:00\",\"breadcrumb\":{\"@id\":\"https:\\\/\\\/culturasconstructivas.org\\\/en\\\/initiatives\\\/training\\\/summer-school\\\/2024-edition\\\/#breadcrumb\"},\"inLanguage\":\"en-US\",\"potentialAction\":[{\"@type\":\"ReadAction\",\"target\":[\"https:\\\/\\\/culturasconstructivas.org\\\/en\\\/initiatives\\\/training\\\/summer-school\\\/2024-edition\\\/\"]}]},{\"@type\":\"ImageObject\",\"inLanguage\":\"en-US\",\"@id\":\"https:\\\/\\\/culturasconstructivas.org\\\/en\\\/initiatives\\\/training\\\/summer-school\\\/2024-edition\\\/#primaryimage\",\"url\":\"https:\\\/\\\/culturasconstructivas.org\\\/wp-content\\\/uploads\\\/2024\\\/04\\\/Soajo-carmen-bueno-1024x658.webp\",\"contentUrl\":\"https:\\\/\\\/culturasconstructivas.org\\\/wp-content\\\/uploads\\\/2024\\\/04\\\/Soajo-carmen-bueno-1024x658.webp\"},{\"@type\":\"BreadcrumbList\",\"@id\":\"https:\\\/\\\/culturasconstructivas.org\\\/en\\\/initiatives\\\/training\\\/summer-school\\\/2024-edition\\\/#breadcrumb\",\"itemListElement\":[{\"@type\":\"ListItem\",\"position\":1,\"name\":\"Portada\",\"item\":\"https:\\\/\\\/culturasconstructivas.org\\\/en\\\/traditional-constructive-cultures-foundation\\\/\"},{\"@type\":\"ListItem\",\"position\":2,\"name\":\"Initiatives\",\"item\":\"https:\\\/\\\/culturasconstructivas.org\\\/en\\\/initiatives\\\/\"},{\"@type\":\"ListItem\",\"position\":3,\"name\":\"Training\",\"item\":\"https:\\\/\\\/culturasconstructivas.org\\\/en\\\/initiatives\\\/training\\\/\"},{\"@type\":\"ListItem\",\"position\":4,\"name\":\"Summer School\",\"item\":\"https:\\\/\\\/culturasconstructivas.org\\\/en\\\/initiatives\\\/training\\\/summer-school\\\/\"},{\"@type\":\"ListItem\",\"position\":5,\"name\":\"2024 Edition\"}]},{\"@type\":\"WebSite\",\"@id\":\"https:\\\/\\\/culturasconstructivas.org\\\/en\\\/#website\",\"url\":\"https:\\\/\\\/culturasconstructivas.org\\\/en\\\/\",\"name\":\"Fundaci\u00f3n Culturas Constructivas Tradicionales\",\"description\":\"\",\"publisher\":{\"@id\":\"https:\\\/\\\/culturasconstructivas.org\\\/en\\\/#organization\"},\"potentialAction\":[{\"@type\":\"SearchAction\",\"target\":{\"@type\":\"EntryPoint\",\"urlTemplate\":\"https:\\\/\\\/culturasconstructivas.org\\\/en\\\/?s={search_term_string}\"},\"query-input\":{\"@type\":\"PropertyValueSpecification\",\"valueRequired\":true,\"valueName\":\"search_term_string\"}}],\"inLanguage\":\"en-US\"},{\"@type\":\"Organization\",\"@id\":\"https:\\\/\\\/culturasconstructivas.org\\\/en\\\/#organization\",\"name\":\"Fundaci\u00f3n Culturas Constructivas Tradicionales\",\"url\":\"https:\\\/\\\/culturasconstructivas.org\\\/en\\\/\",\"logo\":{\"@type\":\"ImageObject\",\"inLanguage\":\"en-US\",\"@id\":\"https:\\\/\\\/culturasconstructivas.org\\\/en\\\/#\\\/schema\\\/logo\\\/image\\\/\",\"url\":\"https:\\\/\\\/culturasconstructivas.org\\\/wp-content\\\/uploads\\\/2023\\\/10\\\/BUILDING-CULTURES-FOUNDATION-Logo.png\",\"contentUrl\":\"https:\\\/\\\/culturasconstructivas.org\\\/wp-content\\\/uploads\\\/2023\\\/10\\\/BUILDING-CULTURES-FOUNDATION-Logo.png\",\"width\":538,\"height\":290,\"caption\":\"Fundaci\u00f3n Culturas Constructivas Tradicionales\"},\"image\":{\"@id\":\"https:\\\/\\\/culturasconstructivas.org\\\/en\\\/#\\\/schema\\\/logo\\\/image\\\/\"}}]}<\/script>\n<!-- \/ Yoast SEO plugin. -->","yoast_head_json":{"title":"2024 Edition - Fundaci\u00f3n Culturas Constructivas Tradicionales","robots":{"index":"index","follow":"follow","max-snippet":"max-snippet:-1","max-image-preview":"max-image-preview:large","max-video-preview":"max-video-preview:-1"},"canonical":"https:\/\/culturasconstructivas.org\/en\/initiatives\/training\/summer-school\/2024-edition\/","og_locale":"en_US","og_type":"article","og_title":"2024 Edition - Fundaci\u00f3n Culturas Constructivas Tradicionales","og_description":"2024 Summer School 8-21 July, 2024 (Students must be in Porto on the 7th evening) Arcos de Valdevez, Portugal 410\u20ac This program will take place in the Municipality of Arcos de Valdevez, Portugal. It revolves around design based on a knowledge and understanding of the local building, architectural and urban design tradition. During the last [&hellip;]","og_url":"https:\/\/culturasconstructivas.org\/en\/initiatives\/training\/summer-school\/2024-edition\/","og_site_name":"Fundaci\u00f3n Culturas Constructivas Tradicionales","article_modified_time":"2025-01-23T16:30:50+00:00","og_image":[{"width":1126,"height":723,"url":"https:\/\/culturasconstructivas.org\/wp-content\/uploads\/2024\/04\/Soajo-carmen-bueno.webp","type":"image\/webp"}],"twitter_card":"summary_large_image","twitter_misc":{"Est. reading time":"27 minutes"},"schema":{"@context":"https:\/\/schema.org","@graph":[{"@type":"WebPage","@id":"https:\/\/culturasconstructivas.org\/en\/initiatives\/training\/summer-school\/2024-edition\/","url":"https:\/\/culturasconstructivas.org\/en\/initiatives\/training\/summer-school\/2024-edition\/","name":"2024 Edition - Fundaci\u00f3n Culturas Constructivas Tradicionales","isPartOf":{"@id":"https:\/\/culturasconstructivas.org\/en\/#website"},"primaryImageOfPage":{"@id":"https:\/\/culturasconstructivas.org\/en\/initiatives\/training\/summer-school\/2024-edition\/#primaryimage"},"image":{"@id":"https:\/\/culturasconstructivas.org\/en\/initiatives\/training\/summer-school\/2024-edition\/#primaryimage"},"thumbnailUrl":"https:\/\/culturasconstructivas.org\/wp-content\/uploads\/2024\/04\/Soajo-carmen-bueno-1024x658.webp","datePublished":"2024-04-19T16:59:34+00:00","dateModified":"2025-01-23T16:30:50+00:00","breadcrumb":{"@id":"https:\/\/culturasconstructivas.org\/en\/initiatives\/training\/summer-school\/2024-edition\/#breadcrumb"},"inLanguage":"en-US","potentialAction":[{"@type":"ReadAction","target":["https:\/\/culturasconstructivas.org\/en\/initiatives\/training\/summer-school\/2024-edition\/"]}]},{"@type":"ImageObject","inLanguage":"en-US","@id":"https:\/\/culturasconstructivas.org\/en\/initiatives\/training\/summer-school\/2024-edition\/#primaryimage","url":"https:\/\/culturasconstructivas.org\/wp-content\/uploads\/2024\/04\/Soajo-carmen-bueno-1024x658.webp","contentUrl":"https:\/\/culturasconstructivas.org\/wp-content\/uploads\/2024\/04\/Soajo-carmen-bueno-1024x658.webp"},{"@type":"BreadcrumbList","@id":"https:\/\/culturasconstructivas.org\/en\/initiatives\/training\/summer-school\/2024-edition\/#breadcrumb","itemListElement":[{"@type":"ListItem","position":1,"name":"Portada","item":"https:\/\/culturasconstructivas.org\/en\/traditional-constructive-cultures-foundation\/"},{"@type":"ListItem","position":2,"name":"Initiatives","item":"https:\/\/culturasconstructivas.org\/en\/initiatives\/"},{"@type":"ListItem","position":3,"name":"Training","item":"https:\/\/culturasconstructivas.org\/en\/initiatives\/training\/"},{"@type":"ListItem","position":4,"name":"Summer School","item":"https:\/\/culturasconstructivas.org\/en\/initiatives\/training\/summer-school\/"},{"@type":"ListItem","position":5,"name":"2024 Edition"}]},{"@type":"WebSite","@id":"https:\/\/culturasconstructivas.org\/en\/#website","url":"https:\/\/culturasconstructivas.org\/en\/","name":"Fundaci\u00f3n Culturas Constructivas Tradicionales","description":"","publisher":{"@id":"https:\/\/culturasconstructivas.org\/en\/#organization"},"potentialAction":[{"@type":"SearchAction","target":{"@type":"EntryPoint","urlTemplate":"https:\/\/culturasconstructivas.org\/en\/?s={search_term_string}"},"query-input":{"@type":"PropertyValueSpecification","valueRequired":true,"valueName":"search_term_string"}}],"inLanguage":"en-US"},{"@type":"Organization","@id":"https:\/\/culturasconstructivas.org\/en\/#organization","name":"Fundaci\u00f3n Culturas Constructivas Tradicionales","url":"https:\/\/culturasconstructivas.org\/en\/","logo":{"@type":"ImageObject","inLanguage":"en-US","@id":"https:\/\/culturasconstructivas.org\/en\/#\/schema\/logo\/image\/","url":"https:\/\/culturasconstructivas.org\/wp-content\/uploads\/2023\/10\/BUILDING-CULTURES-FOUNDATION-Logo.png","contentUrl":"https:\/\/culturasconstructivas.org\/wp-content\/uploads\/2023\/10\/BUILDING-CULTURES-FOUNDATION-Logo.png","width":538,"height":290,"caption":"Fundaci\u00f3n Culturas Constructivas Tradicionales"},"image":{"@id":"https:\/\/culturasconstructivas.org\/en\/#\/schema\/logo\/image\/"}}]}},"_links":{"self":[{"href":"https:\/\/culturasconstructivas.org\/en\/wp-json\/wp\/v2\/pages\/11260","targetHints":{"allow":["GET"]}}],"collection":[{"href":"https:\/\/culturasconstructivas.org\/en\/wp-json\/wp\/v2\/pages"}],"about":[{"href":"https:\/\/culturasconstructivas.org\/en\/wp-json\/wp\/v2\/types\/page"}],"author":[{"embeddable":true,"href":"https:\/\/culturasconstructivas.org\/en\/wp-json\/wp\/v2\/users\/4"}],"replies":[{"embeddable":true,"href":"https:\/\/culturasconstructivas.org\/en\/wp-json\/wp\/v2\/comments?post=11260"}],"version-history":[{"count":0,"href":"https:\/\/culturasconstructivas.org\/en\/wp-json\/wp\/v2\/pages\/11260\/revisions"}],"up":[{"embeddable":true,"href":"https:\/\/culturasconstructivas.org\/en\/wp-json\/wp\/v2\/pages\/11175"}],"wp:attachment":[{"href":"https:\/\/culturasconstructivas.org\/en\/wp-json\/wp\/v2\/media?parent=11260"}],"curies":[{"name":"wp","href":"https:\/\/api.w.org\/{rel}","templated":true}]}}